{"id":2335,"date":"2023-12-07T07:00:54","date_gmt":"2023-12-07T06:00:54","guid":{"rendered":"https:\/\/kunst-raub-rueckgabe.de\/?post_type=avada_portfolio&#038;p=2335"},"modified":"2026-03-26T14:20:40","modified_gmt":"2026-03-26T13:20:40","slug":"moss","status":"publish","type":"avada_portfolio","link":"https:\/\/kunst-raub-rueckgabe.de\/en\/biografie\/mosse\/","title":{"rendered":"The Press Baron Invites Visitors to his \u201cMosseum\u201d"},"content":{"rendered":"<p><div class=\"fusion-fullwidth fullwidth-box fusion-builder-row-1 fusion-flex-container has-pattern-background has-mask-background nonhundred-percent-fullwidth non-hundred-percent-height-scrolling\" style=\"--awb-border-radius-top-left:0px;--awb-border-radius-top-right:0px;--awb-border-radius-bottom-right:0px;--awb-border-radius-bottom-left:0px;--awb-padding-top:50px;--awb-padding-bottom:50px;--awb-padding-top-small:25px;--awb-padding-bottom-small:25px;--awb-margin-top:0px;--awb-margin-bottom:0px;--awb-flex-wrap:wrap;\" ><div class=\"fusion-builder-row fusion-row fusion-flex-align-items-flex-start fusion-flex-content-wrap\" style=\"max-width:1497.6px;margin-left: calc(-4% \/ 2 );margin-right: calc(-4% \/ 2 );\"><div class=\"fusion-layout-column fusion_builder_column fusion-builder-column-0 fusion_builder_column_1_2 1_2 fusion-flex-column\" style=\"--awb-padding-top:10px;--awb-bg-size:cover;--awb-width-large:50%;--awb-margin-top-large:0px;--awb-spacing-right-large:3.84%;--awb-margin-bottom-large:20px;--awb-spacing-left-large:3.84%;--awb-width-medium:50%;--awb-order-medium:0;--awb-spacing-right-medium:3.84%;--awb-spacing-left-medium:3.84%;--awb-width-small:100%;--awb-order-small:0;--awb-spacing-right-small:1.92%;--awb-margin-bottom-small:50px;--awb-spacing-left-small:1.92%;\"><div class=\"fusion-column-wrapper fusion-column-has-shadow fusion-flex-justify-content-flex-start fusion-content-layout-column\"><div class=\"fusion-image-element awb-imageframe-style awb-imageframe-style-below awb-imageframe-style-1\" style=\"--awb-caption-margin-top:10px;--awb-caption-margin-bottom:20px;--awb-caption-title-font-family:var(--body_typography-font-family);--awb-caption-title-font-weight:var(--body_typography-font-weight);--awb-caption-title-font-style:var(--body_typography-font-style);--awb-caption-title-size:var(--body_typography-font-size);--awb-caption-title-transform:var(--body_typography-text-transform);--awb-caption-title-line-height:var(--body_typography-line-height);--awb-caption-title-letter-spacing:var(--body_typography-letter-spacing);\"><span class=\" fusion-imageframe imageframe-none imageframe-1 hover-type-none\"><img decoding=\"async\" width=\"2560\" height=\"1711\" alt=\"Foto. Innenaufnahme im Museum. Ein L\u00f6we aus wei\u00dfem Stein.\" title=\"August-Gaul-Loewe-James-Simon-Galerie\" src=\"https:\/\/kunst-raub-rueckgabe.de\/wp-content\/uploads\/2023\/12\/August-Gaul-Loewe-James-Simon-Galerie-scaled.jpg\" class=\"img-responsive wp-image-3308\" srcset=\"https:\/\/kunst-raub-rueckgabe.de\/wp-content\/uploads\/2023\/12\/August-Gaul-Loewe-James-Simon-Galerie-200x134.jpg 200w, https:\/\/kunst-raub-rueckgabe.de\/wp-content\/uploads\/2023\/12\/August-Gaul-Loewe-James-Simon-Galerie-400x267.jpg 400w, https:\/\/kunst-raub-rueckgabe.de\/wp-content\/uploads\/2023\/12\/August-Gaul-Loewe-James-Simon-Galerie-600x401.jpg 600w, https:\/\/kunst-raub-rueckgabe.de\/wp-content\/uploads\/2023\/12\/August-Gaul-Loewe-James-Simon-Galerie-800x535.jpg 800w, https:\/\/kunst-raub-rueckgabe.de\/wp-content\/uploads\/2023\/12\/August-Gaul-Loewe-James-Simon-Galerie-1200x802.jpg 1200w, https:\/\/kunst-raub-rueckgabe.de\/wp-content\/uploads\/2023\/12\/August-Gaul-Loewe-James-Simon-Galerie-scaled.jpg 2560w\" sizes=\"(max-width: 640px) 100vw, 800px\" \/><\/span><div class=\"awb-imageframe-caption-container\"><div class=\"awb-imageframe-caption\"><div class=\"awb-imageframe-caption-title\">August Gaul: Liegender L\u00f6we, 1903. <\/div><p class=\"awb-imageframe-caption-text\">Staatliche Museen zu Berlin \/ David von Becker<\/p><\/div><\/div><\/div><div class=\"fusion-image-element awb-imageframe-style awb-imageframe-style-below awb-imageframe-style-2\" style=\"--awb-caption-title-font-family:var(--body_typography-font-family);--awb-caption-title-font-weight:var(--body_typography-font-weight);--awb-caption-title-font-style:var(--body_typography-font-style);--awb-caption-title-size:var(--body_typography-font-size);--awb-caption-title-transform:var(--body_typography-text-transform);--awb-caption-title-line-height:var(--body_typography-line-height);--awb-caption-title-letter-spacing:var(--body_typography-letter-spacing);\"><span class=\" fusion-imageframe imageframe-none imageframe-2 hover-type-none\"><img decoding=\"async\" width=\"800\" height=\"610\" alt=\"Zeichnung. Vogelschau des Leipziger Platzes.\" title=\"Leipziger Platz mit Mosse-Palais\" src=\"https:\/\/kunst-raub-rueckgabe.de\/wp-content\/uploads\/2023\/12\/Mosse-Palais-Berlin-Site-Plan-HDS-Architecture-e1701893818718.jpg\" class=\"img-responsive wp-image-3527\" srcset=\"https:\/\/kunst-raub-rueckgabe.de\/wp-content\/uploads\/2023\/12\/Mosse-Palais-Berlin-Site-Plan-HDS-Architecture-e1701893818718-200x153.jpg 200w, https:\/\/kunst-raub-rueckgabe.de\/wp-content\/uploads\/2023\/12\/Mosse-Palais-Berlin-Site-Plan-HDS-Architecture-e1701893818718-400x305.jpg 400w, https:\/\/kunst-raub-rueckgabe.de\/wp-content\/uploads\/2023\/12\/Mosse-Palais-Berlin-Site-Plan-HDS-Architecture-e1701893818718-600x458.jpg 600w, https:\/\/kunst-raub-rueckgabe.de\/wp-content\/uploads\/2023\/12\/Mosse-Palais-Berlin-Site-Plan-HDS-Architecture-e1701893818718.jpg 800w\" sizes=\"(max-width: 640px) 100vw, 800px\" \/><\/span><div class=\"awb-imageframe-caption-container\"><div class=\"awb-imageframe-caption\"><div class=\"awb-imageframe-caption-title\">Mosse-Palais zwischen Leipziger Platz und Vo\u00dfstra\u00dfe. <\/div><p class=\"awb-imageframe-caption-text\">HDS Architecture, Boston<\/p><\/div><\/div><\/div><\/div><\/div><div class=\"fusion-layout-column fusion_builder_column fusion-builder-column-1 awb-sticky awb-sticky-small awb-sticky-medium awb-sticky-large fusion_builder_column_1_2 1_2 fusion-flex-column\" style=\"--awb-bg-size:cover;--awb-width-large:50%;--awb-margin-top-large:0px;--awb-spacing-right-large:3.84%;--awb-margin-bottom-large:20px;--awb-spacing-left-large:3.84%;--awb-width-medium:50%;--awb-order-medium:0;--awb-spacing-right-medium:3.84%;--awb-spacing-left-medium:3.84%;--awb-width-small:100%;--awb-order-small:0;--awb-spacing-right-small:1.92%;--awb-spacing-left-small:1.92%;\" data-scroll-devices=\"small-visibility,medium-visibility,large-visibility\"><div class=\"fusion-column-wrapper fusion-column-has-shadow fusion-flex-justify-content-flex-start fusion-content-layout-column\"><div class=\"fusion-text fusion-text-1\"><p>Im oberen Foyer der James-Simon-Galerie in Berlin wird man von einem steinernen L\u00f6wen begr\u00fc\u00dft.<\/p>\n<p>Urspr\u00fcnglich befand sich dieser L\u00f6we nicht auf der Museumsinsel, sondern in einem Palais am Leipziger Platz.<\/p>\n<\/div><\/div><\/div><\/div><\/div><div class=\"fusion-fullwidth fullwidth-box fusion-builder-row-2 fusion-flex-container has-pattern-background has-mask-background nonhundred-percent-fullwidth non-hundred-percent-height-scrolling\" style=\"--awb-border-radius-top-left:0px;--awb-border-radius-top-right:0px;--awb-border-radius-bottom-right:0px;--awb-border-radius-bottom-left:0px;--awb-padding-top:50px;--awb-padding-bottom:50px;--awb-padding-top-small:25px;--awb-padding-bottom-small:25px;--awb-margin-top:0px;--awb-margin-bottom:0px;--awb-flex-wrap:wrap;\" ><div class=\"fusion-builder-row fusion-row fusion-flex-align-items-flex-start fusion-flex-content-wrap\" style=\"max-width:1497.6px;margin-left: calc(-4% \/ 2 );margin-right: calc(-4% \/ 2 );\"><div class=\"fusion-layout-column fusion_builder_column fusion-builder-column-2 fusion_builder_column_1_2 1_2 fusion-flex-column\" style=\"--awb-padding-top:10px;--awb-bg-size:cover;--awb-width-large:50%;--awb-margin-top-large:0px;--awb-spacing-right-large:3.84%;--awb-margin-bottom-large:20px;--awb-spacing-left-large:3.84%;--awb-width-medium:50%;--awb-order-medium:0;--awb-spacing-right-medium:3.84%;--awb-spacing-left-medium:3.84%;--awb-width-small:100%;--awb-order-small:0;--awb-spacing-right-small:1.92%;--awb-margin-bottom-small:50px;--awb-spacing-left-small:1.92%;\"><div class=\"fusion-column-wrapper fusion-column-has-shadow fusion-flex-justify-content-flex-start fusion-content-layout-column\"><div class=\"fusion-image-element awb-imageframe-style awb-imageframe-style-below awb-imageframe-style-3\" style=\"--awb-caption-margin-top:10px;--awb-caption-margin-bottom:20px;--awb-caption-title-font-family:var(--body_typography-font-family);--awb-caption-title-font-weight:var(--body_typography-font-weight);--awb-caption-title-font-style:var(--body_typography-font-style);--awb-caption-title-size:var(--body_typography-font-size);--awb-caption-title-transform:var(--body_typography-text-transform);--awb-caption-title-line-height:var(--body_typography-line-height);--awb-caption-title-letter-spacing:var(--body_typography-letter-spacing);\"><span class=\" fusion-imageframe imageframe-none imageframe-3 hover-type-none\"><img decoding=\"async\" width=\"2560\" height=\"1920\" alt=\"Foto, schwarz-wei\u00df. Ein dreist\u00f6ckiges, pr\u00e4chtiges Geb\u00e4ude.\" title=\"Akademie f\u00fcr Deutsches Recht, Vo\u00dfstra\u00dfe 22. Frontansicht zum Leipziger Platz 15 (ehm. Wohnhaus Rudolf Mosse)\" src=\"https:\/\/kunst-raub-rueckgabe.de\/wp-content\/uploads\/2023\/12\/Mosse-Palais-Ansicht-Leipziger-Platz-bpk40010660-scaled.jpg\" class=\"img-responsive wp-image-3306\" srcset=\"https:\/\/kunst-raub-rueckgabe.de\/wp-content\/uploads\/2023\/12\/Mosse-Palais-Ansicht-Leipziger-Platz-bpk40010660-200x150.jpg 200w, https:\/\/kunst-raub-rueckgabe.de\/wp-content\/uploads\/2023\/12\/Mosse-Palais-Ansicht-Leipziger-Platz-bpk40010660-400x300.jpg 400w, https:\/\/kunst-raub-rueckgabe.de\/wp-content\/uploads\/2023\/12\/Mosse-Palais-Ansicht-Leipziger-Platz-bpk40010660-600x450.jpg 600w, https:\/\/kunst-raub-rueckgabe.de\/wp-content\/uploads\/2023\/12\/Mosse-Palais-Ansicht-Leipziger-Platz-bpk40010660-800x600.jpg 800w, https:\/\/kunst-raub-rueckgabe.de\/wp-content\/uploads\/2023\/12\/Mosse-Palais-Ansicht-Leipziger-Platz-bpk40010660-1200x900.jpg 1200w, https:\/\/kunst-raub-rueckgabe.de\/wp-content\/uploads\/2023\/12\/Mosse-Palais-Ansicht-Leipziger-Platz-bpk40010660-scaled.jpg 2560w\" sizes=\"(max-width: 640px) 100vw, 800px\" \/><\/span><div class=\"awb-imageframe-caption-container\"><div class=\"awb-imageframe-caption\"><div class=\"awb-imageframe-caption-title\">Fassade des Mosse-Palais am Leipziger Platz, fotografiert 1935.<\/div><p class=\"awb-imageframe-caption-text\">bpk \/ Atelier Bieber\/Nather<\/p><\/div><\/div><\/div><div class=\"fusion-image-element awb-imageframe-style awb-imageframe-style-below awb-imageframe-style-4\" style=\"--awb-caption-margin-top:10px;--awb-caption-margin-bottom:20px;--awb-caption-title-font-family:var(--body_typography-font-family);--awb-caption-title-font-weight:var(--body_typography-font-weight);--awb-caption-title-font-style:var(--body_typography-font-style);--awb-caption-title-size:var(--body_typography-font-size);--awb-caption-title-transform:var(--body_typography-text-transform);--awb-caption-title-line-height:var(--body_typography-line-height);--awb-caption-title-letter-spacing:var(--body_typography-letter-spacing);\"><span class=\" fusion-imageframe imageframe-none imageframe-4 hover-type-none\"><img decoding=\"async\" width=\"2560\" height=\"1957\" alt=\"Foto, schwarz-wei\u00df. Prachtvolles Eingangstor.\" title=\"Wohnhaus Rudolf Mosse, Vo\u00dfstra\u00dfe 22 &#8211; Frontalansicht\" src=\"https:\/\/kunst-raub-rueckgabe.de\/wp-content\/uploads\/2023\/12\/Mosse-Palais-Ansicht-Vossstrasse-bpk40001368-scaled.jpg\" class=\"img-responsive wp-image-3304\" srcset=\"https:\/\/kunst-raub-rueckgabe.de\/wp-content\/uploads\/2023\/12\/Mosse-Palais-Ansicht-Vossstrasse-bpk40001368-200x153.jpg 200w, https:\/\/kunst-raub-rueckgabe.de\/wp-content\/uploads\/2023\/12\/Mosse-Palais-Ansicht-Vossstrasse-bpk40001368-400x306.jpg 400w, https:\/\/kunst-raub-rueckgabe.de\/wp-content\/uploads\/2023\/12\/Mosse-Palais-Ansicht-Vossstrasse-bpk40001368-600x459.jpg 600w, https:\/\/kunst-raub-rueckgabe.de\/wp-content\/uploads\/2023\/12\/Mosse-Palais-Ansicht-Vossstrasse-bpk40001368-800x612.jpg 800w, https:\/\/kunst-raub-rueckgabe.de\/wp-content\/uploads\/2023\/12\/Mosse-Palais-Ansicht-Vossstrasse-bpk40001368-1200x917.jpg 1200w, https:\/\/kunst-raub-rueckgabe.de\/wp-content\/uploads\/2023\/12\/Mosse-Palais-Ansicht-Vossstrasse-bpk40001368-scaled.jpg 2560w\" sizes=\"(max-width: 640px) 100vw, 800px\" \/><\/span><div class=\"awb-imageframe-caption-container\"><div class=\"awb-imageframe-caption\"><div class=\"awb-imageframe-caption-title\">Haupteingang des Mosse-Palais an der Vo\u00dfstra\u00dfe, fotografiert 1935.<\/div><p class=\"awb-imageframe-caption-text\">bpk \/ Atelier Bieber\/Nather<\/p><\/div><\/div><\/div><div class=\"fusion-image-element awb-imageframe-style awb-imageframe-style-below awb-imageframe-style-5\" style=\"--awb-caption-margin-top:10px;--awb-caption-margin-bottom:20px;--awb-caption-title-font-family:var(--body_typography-font-family);--awb-caption-title-font-weight:var(--body_typography-font-weight);--awb-caption-title-font-style:var(--body_typography-font-style);--awb-caption-title-size:var(--body_typography-font-size);--awb-caption-title-transform:var(--body_typography-text-transform);--awb-caption-title-line-height:var(--body_typography-line-height);--awb-caption-title-letter-spacing:var(--body_typography-letter-spacing);\"><span class=\" fusion-imageframe imageframe-none imageframe-5 hover-type-none\"><img decoding=\"async\" width=\"2560\" height=\"1935\" alt=\"Foto, schwarz-wei\u00df. Park\u00e4hnlicher Innenhof.\" title=\"Wohnhaus Rudolf Mosse, Vo\u00dfstra\u00dfe 22 &#8211; Seitenfl\u00fcgel und Hof zur Stra\u00dfe hin gesehen\" src=\"https:\/\/kunst-raub-rueckgabe.de\/wp-content\/uploads\/2023\/12\/Mosse-Palais-Innenhof-mit-Loewe-bpk40001366-scaled.jpg\" class=\"img-responsive wp-image-3303\" srcset=\"https:\/\/kunst-raub-rueckgabe.de\/wp-content\/uploads\/2023\/12\/Mosse-Palais-Innenhof-mit-Loewe-bpk40001366-200x151.jpg 200w, https:\/\/kunst-raub-rueckgabe.de\/wp-content\/uploads\/2023\/12\/Mosse-Palais-Innenhof-mit-Loewe-bpk40001366-400x302.jpg 400w, https:\/\/kunst-raub-rueckgabe.de\/wp-content\/uploads\/2023\/12\/Mosse-Palais-Innenhof-mit-Loewe-bpk40001366-600x454.jpg 600w, https:\/\/kunst-raub-rueckgabe.de\/wp-content\/uploads\/2023\/12\/Mosse-Palais-Innenhof-mit-Loewe-bpk40001366-800x605.jpg 800w, https:\/\/kunst-raub-rueckgabe.de\/wp-content\/uploads\/2023\/12\/Mosse-Palais-Innenhof-mit-Loewe-bpk40001366-1200x907.jpg 1200w, https:\/\/kunst-raub-rueckgabe.de\/wp-content\/uploads\/2023\/12\/Mosse-Palais-Innenhof-mit-Loewe-bpk40001366-scaled.jpg 2560w\" sizes=\"(max-width: 640px) 100vw, 800px\" \/><\/span><div class=\"awb-imageframe-caption-container\"><div class=\"awb-imageframe-caption\"><div class=\"awb-imageframe-caption-title\">Der Eingangsbereich an der Vo\u00dfstra\u00dfe mit dem L\u00f6wen, fotografiert 1935.<\/div><p class=\"awb-imageframe-caption-text\">bpk \/ Atelier Bieber\/Nather<\/p><\/div><\/div><\/div><\/div><\/div><div class=\"fusion-layout-column fusion_builder_column fusion-builder-column-3 awb-sticky awb-sticky-small awb-sticky-medium awb-sticky-large fusion_builder_column_1_2 1_2 fusion-flex-column\" style=\"--awb-bg-size:cover;--awb-width-large:50%;--awb-margin-top-large:0px;--awb-spacing-right-large:3.84%;--awb-margin-bottom-large:20px;--awb-spacing-left-large:3.84%;--awb-width-medium:50%;--awb-order-medium:0;--awb-spacing-right-medium:3.84%;--awb-spacing-left-medium:3.84%;--awb-width-small:100%;--awb-order-small:0;--awb-spacing-right-small:1.92%;--awb-spacing-left-small:1.92%;\" data-scroll-devices=\"small-visibility,medium-visibility,large-visibility\"><div class=\"fusion-column-wrapper fusion-column-has-shadow fusion-flex-justify-content-flex-start fusion-content-layout-column\"><div class=\"fusion-text fusion-text-2\"><p>Der Zeitungsverleger Rudolf Mosse und seine Frau Emilie lassen das pr\u00e4chtige Geb\u00e4ude in den 1880er Jahren erbauen \u2013 um darin zu wohnen, aber auch, um ihre st\u00e4ndig wachsende Kunstsammlung unterzubringen.<\/p>\n<p>Am Haupteingang in der Vo\u00dfstra\u00dfe werden Besucher:innen von dem steinernen L\u00f6wen empfangen. Die Mosses haben ihn 1902 bei dem Bildhauer August Gaul in Auftrag gegeben.<\/p>\n<\/div><\/div><\/div><\/div><\/div><div class=\"fusion-fullwidth fullwidth-box fusion-builder-row-3 fusion-flex-container has-pattern-background has-mask-background nonhundred-percent-fullwidth non-hundred-percent-height-scrolling nicht-inhalt\" style=\"--link_hover_color: var(--awb-color4);--link_color: var(--awb-color4);--awb-border-radius-top-left:0px;--awb-border-radius-top-right:0px;--awb-border-radius-bottom-right:0px;--awb-border-radius-bottom-left:0px;--awb-padding-top:50px;--awb-padding-bottom:50px;--awb-margin-top:0px;--awb-margin-bottom:0px;--awb-flex-wrap:wrap;\" ><div class=\"fusion-builder-row fusion-row fusion-flex-align-items-flex-start fusion-flex-justify-content-flex-end fusion-flex-content-wrap\" style=\"max-width:1497.6px;margin-left: calc(-4% \/ 2 );margin-right: calc(-4% \/ 2 );\"><div class=\"fusion-layout-column fusion_builder_column fusion-builder-column-4 fusion_builder_column_1_1 1_1 fusion-flex-column blaue-box\" style=\"--awb-padding-top:42px;--awb-padding-right:45px;--awb-padding-bottom:45px;--awb-padding-left:45px;--awb-padding-top-small:20px;--awb-padding-right-small:20px;--awb-padding-bottom-small:20px;--awb-padding-left-small:20px;--awb-bg-color:var(--awb-color2);--awb-bg-color-hover:var(--awb-color2);--awb-bg-size:cover;--awb-width-large:100%;--awb-margin-top-large:0px;--awb-spacing-right-large:1.92%;--awb-margin-bottom-large:0px;--awb-spacing-left-large:1.92%;--awb-width-medium:100%;--awb-order-medium:0;--awb-spacing-right-medium:1.92%;--awb-spacing-left-medium:1.92%;--awb-width-small:100%;--awb-order-small:0;--awb-margin-top-small:25px;--awb-spacing-right-small:1.92%;--awb-margin-bottom-small:25px;--awb-spacing-left-small:1.92%;\"><div class=\"fusion-column-wrapper fusion-column-has-shadow fusion-flex-justify-content-flex-start fusion-content-layout-column\"><div class=\"fusion-builder-row fusion-builder-row-inner fusion-row fusion-flex-align-items-flex-start fusion-flex-justify-content-flex-end fusion-flex-content-wrap\" style=\"--awb-flex-grow:0;--awb-flex-grow-medium:0;--awb-flex-grow-small:0;--awb-flex-shrink:0;--awb-flex-shrink-medium:0;--awb-flex-shrink-small:0;width:104% !important;max-width:104% !important;margin-left: calc(-4% \/ 2 );margin-right: calc(-4% \/ 2 );\"><div class=\"fusion-layout-column fusion_builder_column_inner fusion-builder-nested-column-0 fusion_builder_column_inner_1_2 1_2 fusion-flex-column\" style=\"--awb-bg-size:cover;--awb-width-large:50%;--awb-margin-top-large:9px;--awb-spacing-right-large:3.84%;--awb-margin-bottom-large:20px;--awb-spacing-left-large:3.84%;--awb-width-medium:50%;--awb-order-medium:0;--awb-spacing-right-medium:3.84%;--awb-spacing-left-medium:3.84%;--awb-width-small:100%;--awb-order-small:1;--awb-spacing-right-small:1.92%;--awb-spacing-left-small:1.92%;\"><div class=\"fusion-column-wrapper fusion-column-has-shadow fusion-flex-justify-content-flex-start fusion-content-layout-column\"><div class=\"fusion-image-element awb-imageframe-style awb-imageframe-style-below awb-imageframe-style-6\" style=\"--awb-caption-title-color:var(--awb-color1);--awb-caption-text-color:#ffffff;--awb-caption-margin-top:10px;--awb-caption-margin-bottom:20px;--awb-caption-title-font-family:var(--body_typography-font-family);--awb-caption-title-font-weight:var(--body_typography-font-weight);--awb-caption-title-font-style:var(--body_typography-font-style);--awb-caption-title-size:var(--body_typography-font-size);--awb-caption-title-transform:var(--body_typography-text-transform);--awb-caption-title-line-height:var(--body_typography-line-height);--awb-caption-title-letter-spacing:var(--body_typography-letter-spacing);\"><span class=\" fusion-imageframe imageframe-none imageframe-6 hover-type-none\"><img decoding=\"async\" width=\"985\" height=\"804\" alt=\"Gem\u00e4lde im Stil des Impressionismus. Einfach gekleidetes Paar auf einem Weg in l\u00e4ndlicher Umgebung, der Mann st\u00fctzt seine Frau.\" title=\"Fritz-von-Uhde-Gang-nach-Bethlehem-Museum-Wiesbaden\" src=\"https:\/\/kunst-raub-rueckgabe.de\/wp-content\/uploads\/2024\/01\/Fritz-von-Uhde-Gang-nach-Bethlehem-Museum-Wiesbaden.jpg\" class=\"img-responsive wp-image-3889\" srcset=\"https:\/\/kunst-raub-rueckgabe.de\/wp-content\/uploads\/2024\/01\/Fritz-von-Uhde-Gang-nach-Bethlehem-Museum-Wiesbaden-200x163.jpg 200w, https:\/\/kunst-raub-rueckgabe.de\/wp-content\/uploads\/2024\/01\/Fritz-von-Uhde-Gang-nach-Bethlehem-Museum-Wiesbaden-400x326.jpg 400w, https:\/\/kunst-raub-rueckgabe.de\/wp-content\/uploads\/2024\/01\/Fritz-von-Uhde-Gang-nach-Bethlehem-Museum-Wiesbaden-600x490.jpg 600w, https:\/\/kunst-raub-rueckgabe.de\/wp-content\/uploads\/2024\/01\/Fritz-von-Uhde-Gang-nach-Bethlehem-Museum-Wiesbaden-800x653.jpg 800w, https:\/\/kunst-raub-rueckgabe.de\/wp-content\/uploads\/2024\/01\/Fritz-von-Uhde-Gang-nach-Bethlehem-Museum-Wiesbaden.jpg 985w\" sizes=\"(max-width: 640px) 100vw, 800px\" \/><\/span><div class=\"awb-imageframe-caption-container\"><div class=\"awb-imageframe-caption\"><div class=\"awb-imageframe-caption-title\">Fritz von Uhde: Gang nach Bethlehem, 1890, aus der Sammlung Mosse. 2017 restituiert und f\u00fcr das Museum Wiesbaden zur\u00fcckgekauft.<\/div><p class=\"awb-imageframe-caption-text\">Museum Wiesbaden \/ Bernd Fickert<\/p><\/div><\/div><\/div><div class=\"fusion-image-element awb-imageframe-style awb-imageframe-style-below awb-imageframe-style-7\" style=\"--awb-caption-title-color:var(--awb-color1);--awb-caption-text-color:var(--awb-color1);--awb-caption-title-font-family:var(--body_typography-font-family);--awb-caption-title-font-weight:var(--body_typography-font-weight);--awb-caption-title-font-style:var(--body_typography-font-style);--awb-caption-title-size:var(--body_typography-font-size);--awb-caption-title-transform:var(--body_typography-text-transform);--awb-caption-title-line-height:var(--body_typography-line-height);--awb-caption-title-letter-spacing:var(--body_typography-letter-spacing);\"><span class=\" fusion-imageframe imageframe-none imageframe-7 hover-type-none\"><img decoding=\"async\" width=\"2500\" height=\"1803\" alt=\"Gem\u00e4lde in bunten Farben, das einen unbekleideten Mann zwischen zwei leichtbekleideten Frauen am Meeresufer zeigt.\" title=\"Fruehlingssturm_Gemaelde_Mathildenhoehe\" src=\"https:\/\/kunst-raub-rueckgabe.de\/wp-content\/uploads\/2023\/12\/Fruehlingssturm_Gemaelde_Mathildenhoehe.jpg\" class=\"img-responsive wp-image-3731\" srcset=\"https:\/\/kunst-raub-rueckgabe.de\/wp-content\/uploads\/2023\/12\/Fruehlingssturm_Gemaelde_Mathildenhoehe-200x144.jpg 200w, https:\/\/kunst-raub-rueckgabe.de\/wp-content\/uploads\/2023\/12\/Fruehlingssturm_Gemaelde_Mathildenhoehe-400x288.jpg 400w, https:\/\/kunst-raub-rueckgabe.de\/wp-content\/uploads\/2023\/12\/Fruehlingssturm_Gemaelde_Mathildenhoehe-600x433.jpg 600w, https:\/\/kunst-raub-rueckgabe.de\/wp-content\/uploads\/2023\/12\/Fruehlingssturm_Gemaelde_Mathildenhoehe-800x577.jpg 800w, https:\/\/kunst-raub-rueckgabe.de\/wp-content\/uploads\/2023\/12\/Fruehlingssturm_Gemaelde_Mathildenhoehe-1200x865.jpg 1200w, https:\/\/kunst-raub-rueckgabe.de\/wp-content\/uploads\/2023\/12\/Fruehlingssturm_Gemaelde_Mathildenhoehe.jpg 2500w\" sizes=\"(max-width: 640px) 100vw, 800px\" \/><\/span><div class=\"awb-imageframe-caption-container\"><div class=\"awb-imageframe-caption\"><div class=\"awb-imageframe-caption-title\">Ludwig von Hofmann: Fr\u00fchlingssturm, 1894\/95, aus der Sammlung Mosse. 2015 restituiert, heute als Dauerleihgabe aus einer Privatsammlung am Institut Mathildenh\u00f6he Darmstadt.<\/div><p class=\"awb-imageframe-caption-text\">Institut Mathildenh\u00f6he Darmstadt \/ Gregor Schuster<\/p><\/div><\/div><\/div><\/div><\/div><div class=\"fusion-layout-column fusion_builder_column_inner fusion-builder-nested-column-1 fusion_builder_column_inner_1_2 1_2 fusion-flex-column\" style=\"--awb-bg-size:cover;--awb-width-large:50%;--awb-margin-top-large:0px;--awb-spacing-right-large:3.84%;--awb-margin-bottom-large:20px;--awb-spacing-left-large:3.84%;--awb-width-medium:50%;--awb-order-medium:0;--awb-spacing-right-medium:3.84%;--awb-spacing-left-medium:3.84%;--awb-width-small:100%;--awb-order-small:0;--awb-spacing-right-small:1.92%;--awb-spacing-left-small:1.92%;\"><div class=\"fusion-column-wrapper fusion-column-has-shadow fusion-flex-justify-content-flex-start fusion-content-layout-column\"><div class=\"fusion-title title fusion-title-1 fusion-sep-none fusion-title-text fusion-title-size-three\" style=\"--awb-text-color:var(--awb-color1);--awb-margin-top-small:10px;--awb-margin-right-small:0px;--awb-margin-bottom-small:10px;--awb-margin-left-small:0px;\"><h3 class=\"fusion-title-heading title-heading-left fusion-responsive-typography-calculated\" style=\"margin:0;--fontSize:32;line-height:var(--awb-typography1-line-height);\">Die Sammlung Mosse<\/h3><\/div><div class=\"fusion-text fusion-text-3\" style=\"--awb-text-color:#ffffff;\"><p>Rudolf und Emilie Mosse sammeln breit, von Antiken, Alten Meistern, Kunsthandwerk bis hin zu Ostasiatika. Der Schwerpunkt der Sammlung liegt jedoch auf Gem\u00e4lden des deutschen Realismus \u2013 insbesondere aus der Zeit, in der Mosse Karriere machte. Das Paar besitzt Gem\u00e4lde von B\u00f6cklin, Leibl, Lenbach, Liebermann und Spitzweg.<\/p>\n<p>Sie m\u00f6chten, dass sich auch andere Menschen an ihrer Kunst erfreuen k\u00f6nnen. Das Privatmuseum, scherzhaft auch \u201eMosseum\u201c genannt, ist f\u00fcr die \u00d6ffentlichkeit zug\u00e4nglich.<\/p>\n<p>Au\u00dferdem haben sie eine umfangreiche Bibliothek, die Wissenschaftler:innen offen steht.<\/p>\n<\/div><\/div><\/div><\/div><\/div><\/div><\/div><\/div><div class=\"fusion-fullwidth fullwidth-box fusion-builder-row-4 fusion-flex-container has-pattern-background has-mask-background nonhundred-percent-fullwidth non-hundred-percent-height-scrolling\" style=\"--awb-border-radius-top-left:0px;--awb-border-radius-top-right:0px;--awb-border-radius-bottom-right:0px;--awb-border-radius-bottom-left:0px;--awb-padding-top:60px;--awb-flex-wrap:wrap;\" ><div class=\"fusion-builder-row fusion-row fusion-flex-align-items-flex-start fusion-flex-content-wrap\" style=\"max-width:1497.6px;margin-left: calc(-4% \/ 2 );margin-right: calc(-4% \/ 2 );\"><div class=\"fusion-layout-column fusion_builder_column fusion-builder-column-5 fusion_builder_column_1_1 1_1 fusion-flex-column\" style=\"--awb-bg-size:cover;--awb-width-large:100%;--awb-margin-top-large:0px;--awb-spacing-right-large:1.92%;--awb-margin-bottom-large:20px;--awb-spacing-left-large:1.92%;--awb-width-medium:100%;--awb-order-medium:0;--awb-spacing-right-medium:1.92%;--awb-spacing-left-medium:1.92%;--awb-width-small:100%;--awb-order-small:0;--awb-spacing-right-small:1.92%;--awb-spacing-left-small:1.92%;\"><div class=\"fusion-column-wrapper fusion-column-has-shadow fusion-flex-justify-content-flex-start fusion-content-layout-column\"><div class=\"fusion-title title fusion-title-2 fusion-sep-none fusion-title-center fusion-title-text fusion-title-size-two\" style=\"--awb-margin-top-small:10px;--awb-margin-right-small:0px;--awb-margin-bottom-small:10px;--awb-margin-left-small:0px;\"><h2 class=\"fusion-title-heading title-heading-center fusion-responsive-typography-calculated\" style=\"margin:0;--fontSize:40;line-height:var(--awb-typography1-line-height);\">Elternhaus<\/h2><\/div><\/div><\/div><\/div><\/div><div class=\"fusion-fullwidth fullwidth-box fusion-builder-row-5 fusion-flex-container has-pattern-background has-mask-background nonhundred-percent-fullwidth non-hundred-percent-height-scrolling\" style=\"--awb-border-radius-top-left:0px;--awb-border-radius-top-right:0px;--awb-border-radius-bottom-right:0px;--awb-border-radius-bottom-left:0px;--awb-padding-top:100px;--awb-padding-bottom:100px;--awb-padding-top-small:55px;--awb-padding-bottom-small:25px;--awb-flex-wrap:wrap;\" ><div class=\"fusion-builder-row fusion-row fusion-flex-align-items-flex-start fusion-flex-justify-content-flex-end fusion-flex-content-wrap\" style=\"max-width:1497.6px;margin-left: calc(-4% \/ 2 );margin-right: calc(-4% \/ 2 );\"><div class=\"fusion-layout-column fusion_builder_column fusion-builder-column-6 fusion_builder_column_1_4 1_4 fusion-flex-column\" style=\"--awb-bg-size:cover;--awb-width-large:25%;--awb-margin-top-large:11px;--awb-spacing-right-large:7.68%;--awb-margin-bottom-large:20px;--awb-spacing-left-large:7.68%;--awb-width-medium:25%;--awb-order-medium:0;--awb-spacing-right-medium:7.68%;--awb-spacing-left-medium:7.68%;--awb-width-small:100%;--awb-order-small:1;--awb-spacing-right-small:1.92%;--awb-margin-bottom-small:50px;--awb-spacing-left-small:1.92%;\"><div class=\"fusion-column-wrapper fusion-column-has-shadow fusion-flex-justify-content-flex-start fusion-content-layout-column\"><div class=\"fusion-image-element awb-imageframe-style awb-imageframe-style-below awb-imageframe-style-8\" style=\"--awb-caption-title-font-family:var(--body_typography-font-family);--awb-caption-title-font-weight:var(--body_typography-font-weight);--awb-caption-title-font-style:var(--body_typography-font-style);--awb-caption-title-size:var(--body_typography-font-size);--awb-caption-title-transform:var(--body_typography-text-transform);--awb-caption-title-line-height:var(--body_typography-line-height);--awb-caption-title-letter-spacing:var(--body_typography-letter-spacing);\"><span class=\" fusion-imageframe imageframe-none imageframe-8 hover-type-none\"><img decoding=\"async\" width=\"384\" height=\"594\" alt=\"Schwarzwei\u00dffotografie. Markus Mosse, auf einem Stuhl sitzend.\" title=\"Markus Mosse\" src=\"https:\/\/kunst-raub-rueckgabe.de\/wp-content\/uploads\/2023\/12\/Markus-Mosse.jpg\" class=\"img-responsive wp-image-3462\" srcset=\"https:\/\/kunst-raub-rueckgabe.de\/wp-content\/uploads\/2023\/12\/Markus-Mosse-200x309.jpg 200w, https:\/\/kunst-raub-rueckgabe.de\/wp-content\/uploads\/2023\/12\/Markus-Mosse.jpg 384w\" sizes=\"(max-width: 640px) 100vw, 384px\" \/><\/span><div class=\"awb-imageframe-caption-container\"><div class=\"awb-imageframe-caption\"><div class=\"awb-imageframe-caption-title\">Markus Mosse. <\/div><p class=\"awb-imageframe-caption-text\"> Leo Baeck Institute New York\/Berlin<\/p><\/div><\/div><\/div><\/div><\/div><div class=\"fusion-layout-column fusion_builder_column fusion-builder-column-7 awb-sticky awb-sticky-medium awb-sticky-large fusion_builder_column_1_2 1_2 fusion-flex-column\" style=\"--awb-bg-size:cover;--awb-width-large:50%;--awb-margin-top-large:0px;--awb-spacing-right-large:3.84%;--awb-margin-bottom-large:20px;--awb-spacing-left-large:3.84%;--awb-width-medium:50%;--awb-order-medium:0;--awb-spacing-right-medium:3.84%;--awb-spacing-left-medium:3.84%;--awb-width-small:100%;--awb-order-small:0;--awb-spacing-right-small:1.92%;--awb-spacing-left-small:1.92%;--awb-sticky-offset:100px;\"><div class=\"fusion-column-wrapper fusion-column-has-shadow fusion-flex-justify-content-flex-start fusion-content-layout-column\"><div class=\"fusion-text fusion-text-4\"><p>Der immense Reichtum ist Mosse nicht in die Wiege gelegt worden. Er wird 1843 in eine kinderreiche j\u00fcdische Familie geboren \u2013 Rudolf ist das sechste von insgesamt 14 Kindern des Arztes Markus Mosse und seiner Frau Ulrike aus dem Provinzst\u00e4dtchen Gr\u00e4tz bei Posen, dem heutigen Poznan.<\/p>\n<\/div><\/div><\/div><\/div><\/div><div class=\"fusion-fullwidth fullwidth-box fusion-builder-row-6 fusion-flex-container has-pattern-background has-mask-background nonhundred-percent-fullwidth non-hundred-percent-height-scrolling\" style=\"--awb-border-radius-top-left:0px;--awb-border-radius-top-right:0px;--awb-border-radius-bottom-right:0px;--awb-border-radius-bottom-left:0px;--awb-padding-top:50px;--awb-padding-bottom:50px;--awb-padding-top-small:25px;--awb-padding-bottom-small:25px;--awb-margin-top:0px;--awb-margin-bottom:0px;--awb-flex-wrap:wrap;\" ><div class=\"fusion-builder-row fusion-row fusion-flex-align-items-flex-start fusion-flex-justify-content-flex-end fusion-flex-content-wrap\" style=\"max-width:1497.6px;margin-left: calc(-4% \/ 2 );margin-right: calc(-4% \/ 2 );\"><div class=\"fusion-layout-column fusion_builder_column fusion-builder-column-8 fusion_builder_column_1_2 1_2 fusion-flex-column\" style=\"--awb-bg-size:cover;--awb-width-large:50%;--awb-margin-top-large:0px;--awb-spacing-right-large:3.84%;--awb-margin-bottom-large:20px;--awb-spacing-left-large:3.84%;--awb-width-medium:50%;--awb-order-medium:0;--awb-spacing-right-medium:3.84%;--awb-spacing-left-medium:3.84%;--awb-width-small:100%;--awb-order-small:1;--awb-spacing-right-small:1.92%;--awb-spacing-left-small:1.92%;\"><div class=\"fusion-column-wrapper fusion-column-has-shadow fusion-flex-justify-content-flex-start fusion-content-layout-column\"><div class=\"fusion-image-carousel fusion-image-carousel-auto fusion-image-carousel-1 fusion-carousel-border awb-image-carousel-top-below-caption\"><div class=\"awb-carousel awb-swiper awb-swiper-carousel awb-carousel--carousel awb-swiper-dots-position-bottom awb-imageframe-style awb-imageframe-style-below awb-imageframe-style-1\" data-layout=\"carousel\" data-autoplay=\"no\" data-autoplayspeed=\"2500\" data-autoplaypause=\"no\" data-loop=\"yes\" data-columns=\"1\" data-columnsmedium=\"1\" data-columnssmall=\"1\" data-itemmargin=\"13\" data-itemwidth=\"180\" data-touchscroll=\"no\" data-freemode=\"no\" data-imagesize=\"auto\" data-scrollitems=\"0\" data-centeredslides=\"no\" data-rotationangle=\"50\" data-depth=\"100\" data-speed=\"500\" data-shadow=\"no\" data-pagination=\"bullets\" style=\"--awb-columns:1;--awb-caption-title-color:var(--awb-color5);--awb-caption-text-color:var(--awb-color5);--awb-border-width:1px;--awb-border-color:#e9eaee;\"><div class=\"swiper-wrapper awb-image-carousel-wrapper fusion-flex-align-items-center\"><div class=\"swiper-slide\"><div class=\"fusion-carousel-item-wrapper\"><div class=\"fusion-image-wrapper hover-type-none\"><img decoding=\"async\" width=\"2560\" height=\"1894\" src=\"https:\/\/kunst-raub-rueckgabe.de\/wp-content\/uploads\/2023\/12\/Mosse-Brueder-bpk10009402-scaled.jpg\" class=\"attachment-full size-full\" alt=\"Schwarzwei\u00dffotografie. Albert, Salomon, Paul, Emil, Theodor, Rudolf, Max Mosse, elegant gekleidet. \" srcset=\"https:\/\/kunst-raub-rueckgabe.de\/wp-content\/uploads\/2023\/12\/Mosse-Brueder-bpk10009402-16x12.jpg 16w, https:\/\/kunst-raub-rueckgabe.de\/wp-content\/uploads\/2023\/12\/Mosse-Brueder-bpk10009402-200x148.jpg 200w, https:\/\/kunst-raub-rueckgabe.de\/wp-content\/uploads\/2023\/12\/Mosse-Brueder-bpk10009402-300x222.jpg 300w, https:\/\/kunst-raub-rueckgabe.de\/wp-content\/uploads\/2023\/12\/Mosse-Brueder-bpk10009402-400x296.jpg 400w, https:\/\/kunst-raub-rueckgabe.de\/wp-content\/uploads\/2023\/12\/Mosse-Brueder-bpk10009402-600x444.jpg 600w, https:\/\/kunst-raub-rueckgabe.de\/wp-content\/uploads\/2023\/12\/Mosse-Brueder-bpk10009402-768x568.jpg 768w, https:\/\/kunst-raub-rueckgabe.de\/wp-content\/uploads\/2023\/12\/Mosse-Brueder-bpk10009402-800x592.jpg 800w, https:\/\/kunst-raub-rueckgabe.de\/wp-content\/uploads\/2023\/12\/Mosse-Brueder-bpk10009402-1024x758.jpg 1024w, https:\/\/kunst-raub-rueckgabe.de\/wp-content\/uploads\/2023\/12\/Mosse-Brueder-bpk10009402-1200x888.jpg 1200w, https:\/\/kunst-raub-rueckgabe.de\/wp-content\/uploads\/2023\/12\/Mosse-Brueder-bpk10009402-1536x1137.jpg 1536w, https:\/\/kunst-raub-rueckgabe.de\/wp-content\/uploads\/2023\/12\/Mosse-Brueder-bpk10009402-scaled.jpg 2560w\" sizes=\"(max-width: 2560px) 100vw, 2560px\" \/><\/div><div class=\"awb-imageframe-caption-container\" style=\"text-align:left;\"><div class=\"awb-imageframe-caption\"><div class=\"awb-imageframe-caption-title\">Rudolf Mosse mit seinen Br\u00fcdern: Albert, Salomon, Paul, Emil, Theodor, Rudolf und Max (v.l.n.r.).<\/div><p class=\"awb-imageframe-caption-text\">bpk<\/p><\/div><\/div><\/div><\/div><div class=\"swiper-slide\"><div class=\"fusion-carousel-item-wrapper\"><div class=\"fusion-image-wrapper hover-type-none\"><img decoding=\"async\" width=\"2560\" height=\"1802\" src=\"https:\/\/kunst-raub-rueckgabe.de\/wp-content\/uploads\/2023\/12\/Mosse-Schwestern-bpk10009399-scaled.jpg\" class=\"attachment-full size-full\" alt=\"Schwarzwei\u00dffotografie. Die sechs Schwestern von Rudolf Mosse, in eleganten Kleidern. \" srcset=\"https:\/\/kunst-raub-rueckgabe.de\/wp-content\/uploads\/2023\/12\/Mosse-Schwestern-bpk10009399-18x12.jpg 18w, https:\/\/kunst-raub-rueckgabe.de\/wp-content\/uploads\/2023\/12\/Mosse-Schwestern-bpk10009399-200x141.jpg 200w, https:\/\/kunst-raub-rueckgabe.de\/wp-content\/uploads\/2023\/12\/Mosse-Schwestern-bpk10009399-300x211.jpg 300w, https:\/\/kunst-raub-rueckgabe.de\/wp-content\/uploads\/2023\/12\/Mosse-Schwestern-bpk10009399-400x282.jpg 400w, https:\/\/kunst-raub-rueckgabe.de\/wp-content\/uploads\/2023\/12\/Mosse-Schwestern-bpk10009399-600x422.jpg 600w, https:\/\/kunst-raub-rueckgabe.de\/wp-content\/uploads\/2023\/12\/Mosse-Schwestern-bpk10009399-768x541.jpg 768w, https:\/\/kunst-raub-rueckgabe.de\/wp-content\/uploads\/2023\/12\/Mosse-Schwestern-bpk10009399-800x563.jpg 800w, https:\/\/kunst-raub-rueckgabe.de\/wp-content\/uploads\/2023\/12\/Mosse-Schwestern-bpk10009399-1024x721.jpg 1024w, https:\/\/kunst-raub-rueckgabe.de\/wp-content\/uploads\/2023\/12\/Mosse-Schwestern-bpk10009399-1200x845.jpg 1200w, https:\/\/kunst-raub-rueckgabe.de\/wp-content\/uploads\/2023\/12\/Mosse-Schwestern-bpk10009399-1536x1081.jpg 1536w, https:\/\/kunst-raub-rueckgabe.de\/wp-content\/uploads\/2023\/12\/Mosse-Schwestern-bpk10009399-scaled.jpg 2560w\" sizes=\"(max-width: 2560px) 100vw, 2560px\" \/><\/div><div class=\"awb-imageframe-caption-container\" style=\"text-align:left;\"><div class=\"awb-imageframe-caption\"><div class=\"awb-imageframe-caption-title\">Rudolf Mosses Schwestern.<\/div><p class=\"awb-imageframe-caption-text\">bpk<\/p><\/div><\/div><\/div><\/div><\/div><div class=\"awb-swiper-button awb-swiper-button-prev\"><i class=\"awb-icon-angle-left\" aria-hidden=\"true\"><\/i><\/div><div class=\"awb-swiper-button awb-swiper-button-next\"><i class=\"awb-icon-angle-right\" aria-hidden=\"true\"><\/i><\/div><\/div><\/div><\/div><\/div><div class=\"fusion-layout-column fusion_builder_column fusion-builder-column-9 awb-sticky awb-sticky-medium awb-sticky-large fusion_builder_column_1_2 1_2 fusion-flex-column\" style=\"--awb-bg-size:cover;--awb-width-large:50%;--awb-margin-top-large:0px;--awb-spacing-right-large:3.84%;--awb-margin-bottom-large:20px;--awb-spacing-left-large:3.84%;--awb-width-medium:50%;--awb-order-medium:0;--awb-spacing-right-medium:3.84%;--awb-spacing-left-medium:3.84%;--awb-width-small:100%;--awb-order-small:0;--awb-spacing-right-small:1.92%;--awb-spacing-left-small:1.92%;\" data-scroll-devices=\"small-visibility,medium-visibility,large-visibility\"><div class=\"fusion-column-wrapper fusion-column-has-shadow fusion-flex-justify-content-flex-start fusion-content-layout-column\"><div class=\"fusion-text fusion-text-5\"><p>Den Nachwuchs zieht es in die Boomstadt Berlin. Hier gibt es Karrierechancen und Absatzm\u00e4rkte, aber auch Kultur und ein liberales religi\u00f6ses Umfeld.<\/p>\n<\/div><\/div><\/div><\/div><\/div><div class=\"fusion-fullwidth fullwidth-box fusion-builder-row-7 fusion-flex-container has-pattern-background has-mask-background nonhundred-percent-fullwidth non-hundred-percent-height-scrolling\" style=\"--awb-border-radius-top-left:0px;--awb-border-radius-top-right:0px;--awb-border-radius-bottom-right:0px;--awb-border-radius-bottom-left:0px;--awb-padding-top:60px;--awb-flex-wrap:wrap;\" ><div class=\"fusion-builder-row fusion-row fusion-flex-align-items-flex-start fusion-flex-content-wrap\" style=\"max-width:1497.6px;margin-left: calc(-4% \/ 2 );margin-right: calc(-4% \/ 2 );\"><div class=\"fusion-layout-column fusion_builder_column fusion-builder-column-10 fusion_builder_column_1_1 1_1 fusion-flex-column\" style=\"--awb-bg-size:cover;--awb-width-large:100%;--awb-margin-top-large:0px;--awb-spacing-right-large:1.92%;--awb-margin-bottom-large:20px;--awb-spacing-left-large:1.92%;--awb-width-medium:100%;--awb-order-medium:0;--awb-spacing-right-medium:1.92%;--awb-spacing-left-medium:1.92%;--awb-width-small:100%;--awb-order-small:0;--awb-spacing-right-small:1.92%;--awb-spacing-left-small:1.92%;\"><div class=\"fusion-column-wrapper fusion-column-has-shadow fusion-flex-justify-content-flex-start fusion-content-layout-column\"><div class=\"fusion-title title fusion-title-3 fusion-sep-none fusion-title-center fusion-title-text fusion-title-size-two\" style=\"--awb-margin-top-small:10px;--awb-margin-right-small:0px;--awb-margin-bottom-small:10px;--awb-margin-left-small:0px;\"><h2 class=\"fusion-title-heading title-heading-center fusion-responsive-typography-calculated\" style=\"margin:0;--fontSize:40;line-height:var(--awb-typography1-line-height);\">Steile Karriere<\/h2><\/div><\/div><\/div><\/div><\/div><div class=\"fusion-fullwidth fullwidth-box fusion-builder-row-8 fusion-flex-container has-pattern-background has-mask-background nonhundred-percent-fullwidth non-hundred-percent-height-scrolling\" style=\"--awb-border-radius-top-left:0px;--awb-border-radius-top-right:0px;--awb-border-radius-bottom-right:0px;--awb-border-radius-bottom-left:0px;--awb-padding-top:100px;--awb-padding-bottom:100px;--awb-padding-top-small:55px;--awb-padding-bottom-small:25px;--awb-flex-wrap:wrap;\" ><div class=\"fusion-builder-row fusion-row fusion-flex-align-items-flex-start fusion-flex-justify-content-flex-end fusion-flex-content-wrap\" style=\"max-width:1497.6px;margin-left: calc(-4% \/ 2 );margin-right: calc(-4% \/ 2 );\"><div class=\"fusion-layout-column fusion_builder_column fusion-builder-column-11 fusion_builder_column_1_4 1_4 fusion-flex-column\" style=\"--awb-bg-size:cover;--awb-width-large:25%;--awb-margin-top-large:11px;--awb-spacing-right-large:7.68%;--awb-margin-bottom-large:20px;--awb-spacing-left-large:7.68%;--awb-width-medium:25%;--awb-order-medium:0;--awb-spacing-right-medium:7.68%;--awb-spacing-left-medium:7.68%;--awb-width-small:100%;--awb-order-small:1;--awb-spacing-right-small:1.92%;--awb-margin-bottom-small:50px;--awb-spacing-left-small:1.92%;\"><div class=\"fusion-column-wrapper fusion-column-has-shadow fusion-flex-justify-content-flex-start fusion-content-layout-column\"><div class=\"fusion-image-element awb-imageframe-style awb-imageframe-style-below awb-imageframe-style-9\" style=\"--awb-caption-title-font-family:var(--body_typography-font-family);--awb-caption-title-font-weight:var(--body_typography-font-weight);--awb-caption-title-font-style:var(--body_typography-font-style);--awb-caption-title-size:var(--body_typography-font-size);--awb-caption-title-transform:var(--body_typography-text-transform);--awb-caption-title-line-height:var(--body_typography-line-height);--awb-caption-title-letter-spacing:var(--body_typography-letter-spacing);\"><span class=\" fusion-imageframe imageframe-none imageframe-9 hover-type-none\"><img decoding=\"async\" width=\"765\" height=\"1080\" alt=\"Titel einer Zeitschrift, das Menschen in geselligem Beieinander zeigt.\" title=\"Titelblatt-Gartenlaube-1866\" src=\"https:\/\/kunst-raub-rueckgabe.de\/wp-content\/uploads\/2023\/12\/Titelblatt-Gartenlaube-1866.jpg\" class=\"img-responsive wp-image-3342\" srcset=\"https:\/\/kunst-raub-rueckgabe.de\/wp-content\/uploads\/2023\/12\/Titelblatt-Gartenlaube-1866-200x282.jpg 200w, https:\/\/kunst-raub-rueckgabe.de\/wp-content\/uploads\/2023\/12\/Titelblatt-Gartenlaube-1866-400x565.jpg 400w, https:\/\/kunst-raub-rueckgabe.de\/wp-content\/uploads\/2023\/12\/Titelblatt-Gartenlaube-1866-600x847.jpg 600w, https:\/\/kunst-raub-rueckgabe.de\/wp-content\/uploads\/2023\/12\/Titelblatt-Gartenlaube-1866.jpg 765w\" sizes=\"(max-width: 640px) 100vw, 400px\" \/><\/span><div class=\"awb-imageframe-caption-container\"><div class=\"awb-imageframe-caption\"><div class=\"awb-imageframe-caption-title\">Titelblatt der \u201eGartenlaube\u201c, 1866.<\/div><p class=\"awb-imageframe-caption-text\">Wikimedia commons, gemeinfrei<\/p><\/div><\/div><\/div><\/div><\/div><div class=\"fusion-layout-column fusion_builder_column fusion-builder-column-12 awb-sticky awb-sticky-medium awb-sticky-large fusion_builder_column_1_2 1_2 fusion-flex-column\" style=\"--awb-bg-size:cover;--awb-width-large:50%;--awb-margin-top-large:0px;--awb-spacing-right-large:3.84%;--awb-margin-bottom-large:20px;--awb-spacing-left-large:3.84%;--awb-width-medium:50%;--awb-order-medium:0;--awb-spacing-right-medium:3.84%;--awb-spacing-left-medium:3.84%;--awb-width-small:100%;--awb-order-small:0;--awb-spacing-right-small:1.92%;--awb-spacing-left-small:1.92%;--awb-sticky-offset:100px;\"><div class=\"fusion-column-wrapper fusion-column-has-shadow fusion-flex-justify-content-flex-start fusion-content-layout-column\"><div class=\"fusion-text fusion-text-6\"><p>Rudolf Mosse macht eine Lehre zum Buchh\u00e4ndler. In Berlin f\u00e4ngt er erst einmal klein an \u2013 als Buchhandlungsgehilfe und Vertreter. Er verkauft Anzeigen f\u00fcr die beliebte Illustrierte \u201eDie Gartenlaube\u201c, reist daf\u00fcr quer durch Deutschland, \u00d6sterreich und die Schweiz.<\/p>\n<\/div><\/div><\/div><\/div><\/div><div class=\"fusion-fullwidth fullwidth-box fusion-builder-row-9 fusion-flex-container has-pattern-background has-mask-background nonhundred-percent-fullwidth non-hundred-percent-height-scrolling\" style=\"--awb-border-radius-top-left:0px;--awb-border-radius-top-right:0px;--awb-border-radius-bottom-right:0px;--awb-border-radius-bottom-left:0px;--awb-padding-top:100px;--awb-padding-bottom:100px;--awb-padding-top-small:55px;--awb-padding-bottom-small:25px;--awb-flex-wrap:wrap;\" ><div class=\"fusion-builder-row fusion-row fusion-flex-align-items-flex-start fusion-flex-justify-content-flex-end fusion-flex-content-wrap\" style=\"max-width:1497.6px;margin-left: calc(-4% \/ 2 );margin-right: calc(-4% \/ 2 );\"><div class=\"fusion-layout-column fusion_builder_column fusion-builder-column-13 fusion_builder_column_1_4 1_4 fusion-flex-column\" style=\"--awb-bg-size:cover;--awb-width-large:25%;--awb-margin-top-large:11px;--awb-spacing-right-large:7.68%;--awb-margin-bottom-large:20px;--awb-spacing-left-large:7.68%;--awb-width-medium:25%;--awb-order-medium:0;--awb-spacing-right-medium:7.68%;--awb-spacing-left-medium:7.68%;--awb-width-small:100%;--awb-order-small:1;--awb-spacing-right-small:1.92%;--awb-margin-bottom-small:50px;--awb-spacing-left-small:1.92%;\"><div class=\"fusion-column-wrapper fusion-column-has-shadow fusion-flex-justify-content-flex-start fusion-content-layout-column\"><div class=\"fusion-image-element awb-imageframe-style awb-imageframe-style-below awb-imageframe-style-10\" style=\"--awb-caption-title-font-family:var(--body_typography-font-family);--awb-caption-title-font-weight:var(--body_typography-font-weight);--awb-caption-title-font-style:var(--body_typography-font-style);--awb-caption-title-size:var(--body_typography-font-size);--awb-caption-title-transform:var(--body_typography-text-transform);--awb-caption-title-line-height:var(--body_typography-line-height);--awb-caption-title-letter-spacing:var(--body_typography-letter-spacing);\"><span class=\" fusion-imageframe imageframe-none imageframe-10 hover-type-none\"><img decoding=\"async\" width=\"1200\" height=\"1671\" alt=\"Titelseite eines Kataloges.\" title=\"Rudolf-Mosse-Annoncen-Expedition-SBB\" src=\"https:\/\/kunst-raub-rueckgabe.de\/wp-content\/uploads\/2023\/12\/Rudolf-Mosse-Annoncen-Expedition-SBB.jpg\" class=\"img-responsive wp-image-3535\" srcset=\"https:\/\/kunst-raub-rueckgabe.de\/wp-content\/uploads\/2023\/12\/Rudolf-Mosse-Annoncen-Expedition-SBB-200x279.jpg 200w, https:\/\/kunst-raub-rueckgabe.de\/wp-content\/uploads\/2023\/12\/Rudolf-Mosse-Annoncen-Expedition-SBB-400x557.jpg 400w, https:\/\/kunst-raub-rueckgabe.de\/wp-content\/uploads\/2023\/12\/Rudolf-Mosse-Annoncen-Expedition-SBB-600x836.jpg 600w, https:\/\/kunst-raub-rueckgabe.de\/wp-content\/uploads\/2023\/12\/Rudolf-Mosse-Annoncen-Expedition-SBB-800x1114.jpg 800w, https:\/\/kunst-raub-rueckgabe.de\/wp-content\/uploads\/2023\/12\/Rudolf-Mosse-Annoncen-Expedition-SBB.jpg 1200w\" sizes=\"(max-width: 640px) 100vw, 400px\" \/><\/span><div class=\"awb-imageframe-caption-container\"><div class=\"awb-imageframe-caption\"><div class=\"awb-imageframe-caption-title\">Katalog der Rudolf Mosse Annoncen-Expedition, 1901. <\/div><p class=\"awb-imageframe-caption-text\"> Staatsbibliothek zu Berlin. Public Domain Mark 1.0<\/p><\/div><\/div><\/div><\/div><\/div><div class=\"fusion-layout-column fusion_builder_column fusion-builder-column-14 awb-sticky awb-sticky-medium awb-sticky-large fusion_builder_column_1_2 1_2 fusion-flex-column\" style=\"--awb-bg-size:cover;--awb-width-large:50%;--awb-margin-top-large:0px;--awb-spacing-right-large:3.84%;--awb-margin-bottom-large:20px;--awb-spacing-left-large:3.84%;--awb-width-medium:50%;--awb-order-medium:0;--awb-spacing-right-medium:3.84%;--awb-spacing-left-medium:3.84%;--awb-width-small:100%;--awb-order-small:0;--awb-spacing-right-small:1.92%;--awb-spacing-left-small:1.92%;--awb-sticky-offset:100px;\"><div class=\"fusion-column-wrapper fusion-column-has-shadow fusion-flex-justify-content-flex-start fusion-content-layout-column\"><div class=\"fusion-text fusion-text-7\"><p>Diese T\u00e4tigkeit bringt ihn auf sein Gesch\u00e4ftsmodell: Er pachtet ganze Anzeigenseiten in Zeitungen weltweit. Diesen Anzeigenraum bietet er Werbekunden zum Verkauf an. Ein gewagter Schritt f\u00fcr einen 24j\u00e4hrigen. Doch er hat Erfolg: Schon 1872 hat sein Unternehmen 250 Zweigniederlassungen im In- und Ausland.<\/p>\n<\/div><\/div><\/div><\/div><\/div><div class=\"fusion-fullwidth fullwidth-box fusion-builder-row-10 fusion-flex-container has-pattern-background has-mask-background nonhundred-percent-fullwidth non-hundred-percent-height-scrolling\" style=\"--awb-border-radius-top-left:0px;--awb-border-radius-top-right:0px;--awb-border-radius-bottom-right:0px;--awb-border-radius-bottom-left:0px;--awb-padding-top:50px;--awb-padding-bottom:50px;--awb-padding-top-small:25px;--awb-padding-bottom-small:25px;--awb-margin-top:0px;--awb-margin-bottom:0px;--awb-flex-wrap:wrap;\" ><div class=\"fusion-builder-row fusion-row fusion-flex-align-items-flex-start fusion-flex-content-wrap\" style=\"max-width:1497.6px;margin-left: calc(-4% \/ 2 );margin-right: calc(-4% \/ 2 );\"><div class=\"fusion-layout-column fusion_builder_column fusion-builder-column-15 fusion_builder_column_1_2 1_2 fusion-flex-column\" style=\"--awb-padding-top:10px;--awb-bg-size:cover;--awb-width-large:50%;--awb-margin-top-large:0px;--awb-spacing-right-large:3.84%;--awb-margin-bottom-large:20px;--awb-spacing-left-large:3.84%;--awb-width-medium:50%;--awb-order-medium:0;--awb-spacing-right-medium:3.84%;--awb-spacing-left-medium:3.84%;--awb-width-small:100%;--awb-order-small:0;--awb-spacing-right-small:1.92%;--awb-margin-bottom-small:50px;--awb-spacing-left-small:1.92%;\"><div class=\"fusion-column-wrapper fusion-column-has-shadow fusion-flex-justify-content-flex-start fusion-content-layout-column\"><div class=\"fusion-image-element awb-imageframe-style awb-imageframe-style-below awb-imageframe-style-11\" style=\"--awb-caption-title-font-family:var(--body_typography-font-family);--awb-caption-title-font-weight:var(--body_typography-font-weight);--awb-caption-title-font-style:var(--body_typography-font-style);--awb-caption-title-size:var(--body_typography-font-size);--awb-caption-title-transform:var(--body_typography-text-transform);--awb-caption-title-line-height:var(--body_typography-line-height);--awb-caption-title-letter-spacing:var(--body_typography-letter-spacing);\"><span class=\" fusion-imageframe imageframe-none imageframe-11 hover-type-none\"><img decoding=\"async\" width=\"2560\" height=\"1859\" alt=\"Foto, schwarz-wei\u00df. Ein B\u00fcroraum, in dem circa 20 Menschen an Schreibtischen arbeiten.\" title=\"B\u00fcro in der Berliner Mosse-Verlagsanstalt\" src=\"https:\/\/kunst-raub-rueckgabe.de\/wp-content\/uploads\/2023\/12\/Verlagsanstalt-Mosse-bpk20005084-scaled.jpg\" class=\"img-responsive wp-image-3354\" srcset=\"https:\/\/kunst-raub-rueckgabe.de\/wp-content\/uploads\/2023\/12\/Verlagsanstalt-Mosse-bpk20005084-200x145.jpg 200w, https:\/\/kunst-raub-rueckgabe.de\/wp-content\/uploads\/2023\/12\/Verlagsanstalt-Mosse-bpk20005084-400x290.jpg 400w, https:\/\/kunst-raub-rueckgabe.de\/wp-content\/uploads\/2023\/12\/Verlagsanstalt-Mosse-bpk20005084-600x436.jpg 600w, https:\/\/kunst-raub-rueckgabe.de\/wp-content\/uploads\/2023\/12\/Verlagsanstalt-Mosse-bpk20005084-800x581.jpg 800w, https:\/\/kunst-raub-rueckgabe.de\/wp-content\/uploads\/2023\/12\/Verlagsanstalt-Mosse-bpk20005084-1200x871.jpg 1200w, https:\/\/kunst-raub-rueckgabe.de\/wp-content\/uploads\/2023\/12\/Verlagsanstalt-Mosse-bpk20005084-scaled.jpg 2560w\" sizes=\"(max-width: 640px) 100vw, 800px\" \/><\/span><div class=\"awb-imageframe-caption-container\"><div class=\"awb-imageframe-caption\"><div class=\"awb-imageframe-caption-title\">B\u00fcro in der Berliner Mosse-Verlagsanstalt, um 1920.<\/div><p class=\"awb-imageframe-caption-text\">bpk<\/p><\/div><\/div><\/div><\/div><\/div><div class=\"fusion-layout-column fusion_builder_column fusion-builder-column-16 awb-sticky awb-sticky-small awb-sticky-medium awb-sticky-large fusion_builder_column_1_2 1_2 fusion-flex-column\" style=\"--awb-bg-size:cover;--awb-width-large:50%;--awb-margin-top-large:0px;--awb-spacing-right-large:3.84%;--awb-margin-bottom-large:20px;--awb-spacing-left-large:3.84%;--awb-width-medium:50%;--awb-order-medium:0;--awb-spacing-right-medium:3.84%;--awb-spacing-left-medium:3.84%;--awb-width-small:100%;--awb-order-small:0;--awb-spacing-right-small:1.92%;--awb-spacing-left-small:1.92%;\" data-scroll-devices=\"small-visibility,medium-visibility,large-visibility\"><div class=\"fusion-column-wrapper fusion-column-has-shadow fusion-flex-justify-content-flex-start fusion-content-layout-column\"><div class=\"fusion-text fusion-text-8\"><p>Gleichzeitig baut er ein Verlagsimperium auf. Er gibt \u2013 gemeinsam mit seinem Schwager Emil Cohn \u2013 mehrere auflagenstarke Zeitungen heraus: Das \u201eBerliner Tageblatt\u201c, das sich bis 1933 zur gr\u00f6\u00dften liberalen Zeitung Deutschlands entwickelt, die \u201eBerliner Morgen-Zeitung\u201c, die \u201eBerliner Volkszeitung\u201c und das \u201eAbendblatt\u201c.<\/p>\n<\/div><\/div><\/div><\/div><\/div><div class=\"fusion-fullwidth fullwidth-box fusion-builder-row-11 fusion-flex-container has-pattern-background has-mask-background nonhundred-percent-fullwidth non-hundred-percent-height-scrolling\" style=\"--awb-border-radius-top-left:0px;--awb-border-radius-top-right:0px;--awb-border-radius-bottom-right:0px;--awb-border-radius-bottom-left:0px;--awb-padding-top:60px;--awb-flex-wrap:wrap;\" ><div class=\"fusion-builder-row fusion-row fusion-flex-align-items-flex-start fusion-flex-content-wrap\" style=\"max-width:1497.6px;margin-left: calc(-4% \/ 2 );margin-right: calc(-4% \/ 2 );\"><div class=\"fusion-layout-column fusion_builder_column fusion-builder-column-17 fusion_builder_column_1_1 1_1 fusion-flex-column\" style=\"--awb-bg-size:cover;--awb-width-large:100%;--awb-margin-top-large:0px;--awb-spacing-right-large:1.92%;--awb-margin-bottom-large:20px;--awb-spacing-left-large:1.92%;--awb-width-medium:100%;--awb-order-medium:0;--awb-spacing-right-medium:1.92%;--awb-spacing-left-medium:1.92%;--awb-width-small:100%;--awb-order-small:0;--awb-spacing-right-small:1.92%;--awb-spacing-left-small:1.92%;\"><div class=\"fusion-column-wrapper fusion-column-has-shadow fusion-flex-justify-content-flex-start fusion-content-layout-column\"><div class=\"fusion-title title fusion-title-4 fusion-sep-none fusion-title-center fusion-title-text fusion-title-size-two\" style=\"--awb-margin-top-small:10px;--awb-margin-right-small:0px;--awb-margin-bottom-small:10px;--awb-margin-left-small:0px;\"><h2 class=\"fusion-title-heading title-heading-center fusion-responsive-typography-calculated\" style=\"margin:0;--fontSize:40;line-height:var(--awb-typography1-line-height);\">Wohlt\u00e4tigkeit und M\u00e4zenatentum<\/h2><\/div><\/div><\/div><\/div><\/div><div class=\"fusion-fullwidth fullwidth-box fusion-builder-row-12 fusion-flex-container has-pattern-background has-mask-background nonhundred-percent-fullwidth non-hundred-percent-height-scrolling\" style=\"--awb-border-radius-top-left:0px;--awb-border-radius-top-right:0px;--awb-border-radius-bottom-right:0px;--awb-border-radius-bottom-left:0px;--awb-padding-top:50px;--awb-padding-bottom:50px;--awb-padding-top-small:25px;--awb-padding-bottom-small:25px;--awb-margin-top:0px;--awb-margin-bottom:0px;--awb-flex-wrap:wrap;\" ><div class=\"fusion-builder-row fusion-row fusion-flex-align-items-flex-start fusion-flex-content-wrap\" style=\"max-width:1497.6px;margin-left: calc(-4% \/ 2 );margin-right: calc(-4% \/ 2 );\"><div class=\"fusion-layout-column fusion_builder_column fusion-builder-column-18 fusion_builder_column_1_2 1_2 fusion-flex-column\" style=\"--awb-padding-top:10px;--awb-bg-size:cover;--awb-width-large:50%;--awb-margin-top-large:0px;--awb-spacing-right-large:3.84%;--awb-margin-bottom-large:20px;--awb-spacing-left-large:3.84%;--awb-width-medium:50%;--awb-order-medium:0;--awb-spacing-right-medium:3.84%;--awb-spacing-left-medium:3.84%;--awb-width-small:100%;--awb-order-small:0;--awb-spacing-right-small:1.92%;--awb-margin-bottom-small:50px;--awb-spacing-left-small:1.92%;\"><div class=\"fusion-column-wrapper fusion-column-has-shadow fusion-flex-justify-content-flex-start fusion-content-layout-column\"><div class=\"fusion-image-element awb-imageframe-style awb-imageframe-style-below awb-imageframe-style-12\" style=\"--awb-caption-title-font-family:var(--body_typography-font-family);--awb-caption-title-font-weight:var(--body_typography-font-weight);--awb-caption-title-font-style:var(--body_typography-font-style);--awb-caption-title-size:var(--body_typography-font-size);--awb-caption-title-transform:var(--body_typography-text-transform);--awb-caption-title-line-height:var(--body_typography-line-height);--awb-caption-title-letter-spacing:var(--body_typography-letter-spacing);\"><span class=\" fusion-imageframe imageframe-none imageframe-12 hover-type-none\"><img decoding=\"async\" width=\"640\" height=\"406\" alt=\"Historische Fotopostkarte, schwarz-wei\u00df. Ein gro\u00dfes palastartiges Geb\u00e4ude mit zwei Seitenfl\u00fcgeln.\" title=\"Mosse-Stift, Postkarte\" src=\"https:\/\/kunst-raub-rueckgabe.de\/wp-content\/uploads\/2023\/12\/Mosse-Stift-Postkarte.jpg\" class=\"img-responsive wp-image-3365\" srcset=\"https:\/\/kunst-raub-rueckgabe.de\/wp-content\/uploads\/2023\/12\/Mosse-Stift-Postkarte-200x127.jpg 200w, https:\/\/kunst-raub-rueckgabe.de\/wp-content\/uploads\/2023\/12\/Mosse-Stift-Postkarte-400x254.jpg 400w, https:\/\/kunst-raub-rueckgabe.de\/wp-content\/uploads\/2023\/12\/Mosse-Stift-Postkarte-600x381.jpg 600w, https:\/\/kunst-raub-rueckgabe.de\/wp-content\/uploads\/2023\/12\/Mosse-Stift-Postkarte.jpg 640w\" sizes=\"(max-width: 640px) 100vw, 640px\" \/><\/span><div class=\"awb-imageframe-caption-container\"><div class=\"awb-imageframe-caption\"><div class=\"awb-imageframe-caption-title\">Das Mosse-Stift in Berlin-Schmargendorf.<\/div><p class=\"awb-imageframe-caption-text\">Archiv der B\u00fcrgerinitiative Mosse erinnern!<\/p><\/div><\/div><\/div><\/div><\/div><div class=\"fusion-layout-column fusion_builder_column fusion-builder-column-19 awb-sticky awb-sticky-small awb-sticky-medium awb-sticky-large fusion_builder_column_1_2 1_2 fusion-flex-column\" style=\"--awb-bg-size:cover;--awb-width-large:50%;--awb-margin-top-large:0px;--awb-spacing-right-large:3.84%;--awb-margin-bottom-large:20px;--awb-spacing-left-large:3.84%;--awb-width-medium:50%;--awb-order-medium:0;--awb-spacing-right-medium:3.84%;--awb-spacing-left-medium:3.84%;--awb-width-small:100%;--awb-order-small:0;--awb-spacing-right-small:1.92%;--awb-spacing-left-small:1.92%;\" data-scroll-devices=\"small-visibility,medium-visibility,large-visibility\"><div class=\"fusion-column-wrapper fusion-column-has-shadow fusion-flex-justify-content-flex-start fusion-content-layout-column\"><div class=\"fusion-text fusion-text-9\"><p>So erwirbt Rudolf Mosse ein Verm\u00f6gen. Daran l\u00e4sst er auch andere teilhaben. Seine Frau und er engagieren sich f\u00fcr Kunst und Wissenschaft und f\u00fcr wohlt\u00e4tige Zwecke. Beispielsweise gr\u00fcnden sie die Emilie- und Rudolf-Mosse-Stiftung, die ein Erziehungsheim f\u00fcr bed\u00fcrftige Kinder betreibt.<\/p>\n<\/div><\/div><\/div><\/div><\/div><div class=\"fusion-fullwidth fullwidth-box fusion-builder-row-13 fusion-flex-container has-pattern-background has-mask-background nonhundred-percent-fullwidth non-hundred-percent-height-scrolling\" style=\"--awb-border-radius-top-left:0px;--awb-border-radius-top-right:0px;--awb-border-radius-bottom-right:0px;--awb-border-radius-bottom-left:0px;--awb-padding-top:100px;--awb-padding-bottom:100px;--awb-padding-top-small:55px;--awb-padding-bottom-small:25px;--awb-flex-wrap:wrap;\" ><div class=\"fusion-builder-row fusion-row fusion-flex-align-items-flex-start fusion-flex-justify-content-flex-end fusion-flex-content-wrap\" style=\"max-width:1497.6px;margin-left: calc(-4% \/ 2 );margin-right: calc(-4% \/ 2 );\"><div class=\"fusion-layout-column fusion_builder_column fusion-builder-column-20 fusion_builder_column_1_3 1_3 fusion-flex-column\" style=\"--awb-bg-size:cover;--awb-width-large:33.333333333333%;--awb-margin-top-large:11px;--awb-spacing-right-large:5.76%;--awb-margin-bottom-large:20px;--awb-spacing-left-large:5.76%;--awb-width-medium:33.333333333333%;--awb-order-medium:0;--awb-spacing-right-medium:5.76%;--awb-spacing-left-medium:5.76%;--awb-width-small:100%;--awb-order-small:1;--awb-spacing-right-small:1.92%;--awb-margin-bottom-small:50px;--awb-spacing-left-small:1.92%;\"><div class=\"fusion-column-wrapper fusion-column-has-shadow fusion-flex-justify-content-flex-start fusion-content-layout-column\"><div class=\"fusion-image-element awb-imageframe-style awb-imageframe-style-below awb-imageframe-style-13\" style=\"--awb-caption-title-font-family:var(--body_typography-font-family);--awb-caption-title-font-weight:var(--body_typography-font-weight);--awb-caption-title-font-style:var(--body_typography-font-style);--awb-caption-title-size:var(--body_typography-font-size);--awb-caption-title-transform:var(--body_typography-text-transform);--awb-caption-title-line-height:var(--body_typography-line-height);--awb-caption-title-letter-spacing:var(--body_typography-letter-spacing);\"><span class=\" fusion-imageframe imageframe-none imageframe-13 hover-type-none\"><img decoding=\"async\" width=\"816\" height=\"1225\" alt=\"Schwarzwei\u00dffotografie. Rudolf und Emilie Mosse, er in geflochtenem Lehnstuhl sitzend, sie hinter ihm stehend in hellem Kleid. \" title=\"Emilie-und-Rudolf-Mosse-Europeana-09312-862652\" src=\"https:\/\/kunst-raub-rueckgabe.de\/wp-content\/uploads\/2023\/12\/Emilie-und-Rudolf-Mosse-Europeana-09312-862652.jpeg\" class=\"img-responsive wp-image-3530\" srcset=\"https:\/\/kunst-raub-rueckgabe.de\/wp-content\/uploads\/2023\/12\/Emilie-und-Rudolf-Mosse-Europeana-09312-862652-200x300.jpeg 200w, https:\/\/kunst-raub-rueckgabe.de\/wp-content\/uploads\/2023\/12\/Emilie-und-Rudolf-Mosse-Europeana-09312-862652-400x600.jpeg 400w, https:\/\/kunst-raub-rueckgabe.de\/wp-content\/uploads\/2023\/12\/Emilie-und-Rudolf-Mosse-Europeana-09312-862652-600x901.jpeg 600w, https:\/\/kunst-raub-rueckgabe.de\/wp-content\/uploads\/2023\/12\/Emilie-und-Rudolf-Mosse-Europeana-09312-862652-800x1201.jpeg 800w, https:\/\/kunst-raub-rueckgabe.de\/wp-content\/uploads\/2023\/12\/Emilie-und-Rudolf-Mosse-Europeana-09312-862652.jpeg 816w\" sizes=\"(max-width: 640px) 100vw, 600px\" \/><\/span><div class=\"awb-imageframe-caption-container\"><div class=\"awb-imageframe-caption\"><div class=\"awb-imageframe-caption-title\">Rudolf und Emilie Mosse, um 1918. <\/div><p class=\"awb-imageframe-caption-text\"> Leo Baeck Institute. https:\/\/www.europeana.eu\/item\/09312\/862652<\/p><\/div><\/div><\/div><\/div><\/div><div class=\"fusion-layout-column fusion_builder_column fusion-builder-column-21 awb-sticky awb-sticky-medium awb-sticky-large fusion_builder_column_1_2 1_2 fusion-flex-column\" style=\"--awb-bg-size:cover;--awb-width-large:50%;--awb-margin-top-large:0px;--awb-spacing-right-large:3.84%;--awb-margin-bottom-large:20px;--awb-spacing-left-large:3.84%;--awb-width-medium:50%;--awb-order-medium:0;--awb-spacing-right-medium:3.84%;--awb-spacing-left-medium:3.84%;--awb-width-small:100%;--awb-order-small:0;--awb-spacing-right-small:1.92%;--awb-spacing-left-small:1.92%;--awb-sticky-offset:100px;\"><div class=\"fusion-column-wrapper fusion-column-has-shadow fusion-flex-justify-content-flex-start fusion-content-layout-column\"><div class=\"fusion-text fusion-text-10\"><p>Anl\u00e4sslich seines 70. Geburtstags im Jahre 1913 spendet Rudolf Mosse 1,58 Millionen f\u00fcr wohlt\u00e4tige Zwecke. Insgesamt 21 verschiedene soziale Einrichtungen bekommen einen Teil des Geldes, etwa die Berliner Altersversorgung, das Virchow-Krankenhaus und Hilfsorganisationen f\u00fcr Obdachlose.<\/p>\n<\/div><\/div><\/div><\/div><\/div><div class=\"fusion-fullwidth fullwidth-box fusion-builder-row-14 fusion-flex-container has-pattern-background has-mask-background nonhundred-percent-fullwidth non-hundred-percent-height-scrolling\" style=\"--awb-border-radius-top-left:0px;--awb-border-radius-top-right:0px;--awb-border-radius-bottom-right:0px;--awb-border-radius-bottom-left:0px;--awb-padding-top:50px;--awb-padding-bottom:50px;--awb-padding-top-small:25px;--awb-padding-bottom-small:25px;--awb-margin-top:0px;--awb-margin-bottom:0px;--awb-flex-wrap:wrap;\" ><div class=\"fusion-builder-row fusion-row fusion-flex-align-items-flex-start fusion-flex-justify-content-flex-end fusion-flex-content-wrap\" style=\"max-width:1497.6px;margin-left: calc(-4% \/ 2 );margin-right: calc(-4% \/ 2 );\"><div class=\"fusion-layout-column fusion_builder_column fusion-builder-column-22 fusion_builder_column_1_3 1_3 fusion-flex-column\" style=\"--awb-bg-size:cover;--awb-width-large:33.333333333333%;--awb-margin-top-large:0px;--awb-spacing-right-large:5.76%;--awb-margin-bottom-large:20px;--awb-spacing-left-large:5.76%;--awb-width-medium:33.333333333333%;--awb-order-medium:0;--awb-spacing-right-medium:5.76%;--awb-spacing-left-medium:5.76%;--awb-width-small:100%;--awb-order-small:1;--awb-spacing-right-small:1.92%;--awb-spacing-left-small:1.92%;\"><div class=\"fusion-column-wrapper fusion-column-has-shadow fusion-flex-justify-content-flex-start fusion-content-layout-column\"><div class=\"fusion-image-carousel fusion-image-carousel-auto fusion-image-carousel-2 fusion-carousel-border awb-image-carousel-top-below-caption\"><div class=\"awb-carousel awb-swiper awb-swiper-carousel awb-carousel--carousel awb-swiper-dots-position-bottom awb-imageframe-style awb-imageframe-style-below awb-imageframe-style-2\" data-layout=\"carousel\" data-autoplay=\"no\" data-autoplayspeed=\"2500\" data-autoplaypause=\"no\" data-loop=\"yes\" data-columns=\"1\" data-columnsmedium=\"1\" data-columnssmall=\"1\" data-itemmargin=\"13\" data-itemwidth=\"180\" data-touchscroll=\"no\" data-freemode=\"no\" data-imagesize=\"auto\" data-scrollitems=\"0\" data-centeredslides=\"no\" data-rotationangle=\"50\" data-depth=\"100\" data-speed=\"500\" data-shadow=\"no\" data-pagination=\"bullets\" style=\"--awb-columns:1;--awb-caption-title-color:var(--awb-color5);--awb-caption-text-color:var(--awb-color5);--awb-border-width:1px;--awb-border-color:#e9eaee;\"><div class=\"swiper-wrapper awb-image-carousel-wrapper fusion-flex-align-items-center\"><div class=\"swiper-slide\"><div class=\"fusion-carousel-item-wrapper\"><div class=\"fusion-image-wrapper hover-type-none\"><img decoding=\"async\" width=\"1445\" height=\"1163\" src=\"https:\/\/kunst-raub-rueckgabe.de\/wp-content\/uploads\/2023\/12\/Kopf-koenigliche-Standfigur-Amasis-SMB-e1702125259335.jpg\" class=\"attachment-full size-full\" alt=\"Kopf einer k\u00f6niglichen Standfigur - ein Bildnis des Amasis?\" srcset=\"https:\/\/kunst-raub-rueckgabe.de\/wp-content\/uploads\/2023\/12\/Kopf-koenigliche-Standfigur-Amasis-SMB-e1702125259335-15x12.jpg 15w, https:\/\/kunst-raub-rueckgabe.de\/wp-content\/uploads\/2023\/12\/Kopf-koenigliche-Standfigur-Amasis-SMB-e1702125259335-177x142.jpg 177w, https:\/\/kunst-raub-rueckgabe.de\/wp-content\/uploads\/2023\/12\/Kopf-koenigliche-Standfigur-Amasis-SMB-e1702125259335-200x161.jpg 200w, https:\/\/kunst-raub-rueckgabe.de\/wp-content\/uploads\/2023\/12\/Kopf-koenigliche-Standfigur-Amasis-SMB-e1702125259335-300x241.jpg 300w, https:\/\/kunst-raub-rueckgabe.de\/wp-content\/uploads\/2023\/12\/Kopf-koenigliche-Standfigur-Amasis-SMB-e1702125259335-400x322.jpg 400w, https:\/\/kunst-raub-rueckgabe.de\/wp-content\/uploads\/2023\/12\/Kopf-koenigliche-Standfigur-Amasis-SMB-e1702125259335-600x483.jpg 600w, https:\/\/kunst-raub-rueckgabe.de\/wp-content\/uploads\/2023\/12\/Kopf-koenigliche-Standfigur-Amasis-SMB-e1702125259335-768x618.jpg 768w, https:\/\/kunst-raub-rueckgabe.de\/wp-content\/uploads\/2023\/12\/Kopf-koenigliche-Standfigur-Amasis-SMB-e1702125259335-800x644.jpg 800w, https:\/\/kunst-raub-rueckgabe.de\/wp-content\/uploads\/2023\/12\/Kopf-koenigliche-Standfigur-Amasis-SMB-e1702125259335-1024x824.jpg 1024w, https:\/\/kunst-raub-rueckgabe.de\/wp-content\/uploads\/2023\/12\/Kopf-koenigliche-Standfigur-Amasis-SMB-e1702125259335-1200x966.jpg 1200w, https:\/\/kunst-raub-rueckgabe.de\/wp-content\/uploads\/2023\/12\/Kopf-koenigliche-Standfigur-Amasis-SMB-e1702125259335.jpg 1445w\" sizes=\"(max-width: 1445px) 100vw, 1445px\" \/><\/div><div class=\"awb-imageframe-caption-container\" style=\"text-align:left;\"><div class=\"awb-imageframe-caption\"><div class=\"awb-imageframe-caption-title\">Kopf des K\u00f6nigs Amasis, \u00c4gypten, ca. 600 v. Chr. Schenkung aus der Sammlung Mosse 1892.<\/div><p class=\"awb-imageframe-caption-text\">Staatliche Museen zu Berlin, \u00c4gyptisches Museum und Papyrussammlung \/ Sandra Stei\u00df. CC BY-SA 4.0<\/p><\/div><\/div><\/div><\/div><div class=\"swiper-slide\"><div class=\"fusion-carousel-item-wrapper\"><div class=\"fusion-image-wrapper hover-type-none\"><img decoding=\"async\" width=\"1640\" height=\"1158\" src=\"https:\/\/kunst-raub-rueckgabe.de\/wp-content\/uploads\/2023\/12\/Oberteil-Stele-SMB-e1702125185504.jpg\" class=\"attachment-full size-full\" alt=\"Foto eines \u00e4gyptischen Reliefs, das Menschen und Tiere zeigt.\" srcset=\"https:\/\/kunst-raub-rueckgabe.de\/wp-content\/uploads\/2023\/12\/Oberteil-Stele-SMB-e1702125185504-18x12.jpg 18w, https:\/\/kunst-raub-rueckgabe.de\/wp-content\/uploads\/2023\/12\/Oberteil-Stele-SMB-e1702125185504-200x141.jpg 200w, https:\/\/kunst-raub-rueckgabe.de\/wp-content\/uploads\/2023\/12\/Oberteil-Stele-SMB-e1702125185504-300x212.jpg 300w, https:\/\/kunst-raub-rueckgabe.de\/wp-content\/uploads\/2023\/12\/Oberteil-Stele-SMB-e1702125185504-400x282.jpg 400w, https:\/\/kunst-raub-rueckgabe.de\/wp-content\/uploads\/2023\/12\/Oberteil-Stele-SMB-e1702125185504-600x424.jpg 600w, https:\/\/kunst-raub-rueckgabe.de\/wp-content\/uploads\/2023\/12\/Oberteil-Stele-SMB-e1702125185504-768x542.jpg 768w, https:\/\/kunst-raub-rueckgabe.de\/wp-content\/uploads\/2023\/12\/Oberteil-Stele-SMB-e1702125185504-800x565.jpg 800w, https:\/\/kunst-raub-rueckgabe.de\/wp-content\/uploads\/2023\/12\/Oberteil-Stele-SMB-e1702125185504-1024x723.jpg 1024w, https:\/\/kunst-raub-rueckgabe.de\/wp-content\/uploads\/2023\/12\/Oberteil-Stele-SMB-e1702125185504-1200x847.jpg 1200w, https:\/\/kunst-raub-rueckgabe.de\/wp-content\/uploads\/2023\/12\/Oberteil-Stele-SMB-e1702125185504-1536x1085.jpg 1536w, https:\/\/kunst-raub-rueckgabe.de\/wp-content\/uploads\/2023\/12\/Oberteil-Stele-SMB-e1702125185504.jpg 1640w\" sizes=\"(max-width: 1640px) 100vw, 1640px\" \/><\/div><div class=\"awb-imageframe-caption-container\" style=\"text-align:left;\"><div class=\"awb-imageframe-caption\"><div class=\"awb-imageframe-caption-title\">Oberteil einer Stele, \u00c4gypten, ca. 100 v. Chr. Schenkung aus der Sammlung Mosse 1892\/93.<\/div><p class=\"awb-imageframe-caption-text\">Staatliche Museen zu Berlin, \u00c4gyptisches Museum und Papyrussammlung \/ Sandra Stei\u00df. CC BY-SA 4.0<\/p><\/div><\/div><\/div><\/div><div class=\"swiper-slide\"><div class=\"fusion-carousel-item-wrapper\"><div class=\"fusion-image-wrapper hover-type-none\"><img decoding=\"async\" width=\"1701\" height=\"2389\" src=\"https:\/\/kunst-raub-rueckgabe.de\/wp-content\/uploads\/2023\/12\/Papyrus-SMB-scaled-e1702125345944.jpg\" class=\"attachment-full size-full\" alt=\"Foto eines antiken Schriftst\u00fccks.\" srcset=\"https:\/\/kunst-raub-rueckgabe.de\/wp-content\/uploads\/2023\/12\/Papyrus-SMB-scaled-e1702125345944-9x12.jpg 9w, https:\/\/kunst-raub-rueckgabe.de\/wp-content\/uploads\/2023\/12\/Papyrus-SMB-scaled-e1702125345944-200x281.jpg 200w, https:\/\/kunst-raub-rueckgabe.de\/wp-content\/uploads\/2023\/12\/Papyrus-SMB-scaled-e1702125345944-214x300.jpg 214w, https:\/\/kunst-raub-rueckgabe.de\/wp-content\/uploads\/2023\/12\/Papyrus-SMB-scaled-e1702125345944-400x562.jpg 400w, https:\/\/kunst-raub-rueckgabe.de\/wp-content\/uploads\/2023\/12\/Papyrus-SMB-scaled-e1702125345944-600x843.jpg 600w, https:\/\/kunst-raub-rueckgabe.de\/wp-content\/uploads\/2023\/12\/Papyrus-SMB-scaled-e1702125345944-729x1024.jpg 729w, https:\/\/kunst-raub-rueckgabe.de\/wp-content\/uploads\/2023\/12\/Papyrus-SMB-scaled-e1702125345944-768x1079.jpg 768w, https:\/\/kunst-raub-rueckgabe.de\/wp-content\/uploads\/2023\/12\/Papyrus-SMB-scaled-e1702125345944-800x1124.jpg 800w, https:\/\/kunst-raub-rueckgabe.de\/wp-content\/uploads\/2023\/12\/Papyrus-SMB-scaled-e1702125345944-1094x1536.jpg 1094w, https:\/\/kunst-raub-rueckgabe.de\/wp-content\/uploads\/2023\/12\/Papyrus-SMB-scaled-e1702125345944-1200x1685.jpg 1200w, https:\/\/kunst-raub-rueckgabe.de\/wp-content\/uploads\/2023\/12\/Papyrus-SMB-scaled-e1702125345944-1458x2048.jpg 1458w, https:\/\/kunst-raub-rueckgabe.de\/wp-content\/uploads\/2023\/12\/Papyrus-SMB-scaled-e1702125345944.jpg 1701w\" sizes=\"(max-width: 1701px) 100vw, 1701px\" \/><\/div><div class=\"awb-imageframe-caption-container\" style=\"text-align:left;\"><div class=\"awb-imageframe-caption\"><div class=\"awb-imageframe-caption-title\">Brief eines Soldaten an seinen Vater, Papyrus, 2. Jh. n. Chr. Schenkung aus der Sammlung Mosse 1894. <\/div><p class=\"awb-imageframe-caption-text\">Staatliche Museen zu Berlin, \u00c4gyptisches Museum und Papyrussammlung \/ Sandra Stei\u00df. CC BY-SA 4.0<\/p><\/div><\/div><\/div><\/div><div class=\"swiper-slide\"><div class=\"fusion-carousel-item-wrapper\"><div class=\"fusion-image-wrapper hover-type-none\"><img decoding=\"async\" width=\"1181\" height=\"1576\" src=\"https:\/\/kunst-raub-rueckgabe.de\/wp-content\/uploads\/2023\/12\/Mumienmaske-Mysthas-SMB-e1702125118769.jpg\" class=\"attachment-full size-full\" alt=\"Foto einer goldenen Mumienmaske.\" srcset=\"https:\/\/kunst-raub-rueckgabe.de\/wp-content\/uploads\/2023\/12\/Mumienmaske-Mysthas-SMB-e1702125118769-9x12.jpg 9w, https:\/\/kunst-raub-rueckgabe.de\/wp-content\/uploads\/2023\/12\/Mumienmaske-Mysthas-SMB-e1702125118769-200x267.jpg 200w, https:\/\/kunst-raub-rueckgabe.de\/wp-content\/uploads\/2023\/12\/Mumienmaske-Mysthas-SMB-e1702125118769-225x300.jpg 225w, https:\/\/kunst-raub-rueckgabe.de\/wp-content\/uploads\/2023\/12\/Mumienmaske-Mysthas-SMB-e1702125118769-400x534.jpg 400w, https:\/\/kunst-raub-rueckgabe.de\/wp-content\/uploads\/2023\/12\/Mumienmaske-Mysthas-SMB-e1702125118769-600x801.jpg 600w, https:\/\/kunst-raub-rueckgabe.de\/wp-content\/uploads\/2023\/12\/Mumienmaske-Mysthas-SMB-e1702125118769-767x1024.jpg 767w, https:\/\/kunst-raub-rueckgabe.de\/wp-content\/uploads\/2023\/12\/Mumienmaske-Mysthas-SMB-e1702125118769-768x1025.jpg 768w, https:\/\/kunst-raub-rueckgabe.de\/wp-content\/uploads\/2023\/12\/Mumienmaske-Mysthas-SMB-e1702125118769-800x1068.jpg 800w, https:\/\/kunst-raub-rueckgabe.de\/wp-content\/uploads\/2023\/12\/Mumienmaske-Mysthas-SMB-e1702125118769-1151x1536.jpg 1151w, https:\/\/kunst-raub-rueckgabe.de\/wp-content\/uploads\/2023\/12\/Mumienmaske-Mysthas-SMB-e1702125118769.jpg 1181w\" sizes=\"(max-width: 1181px) 100vw, 1181px\" \/><\/div><div class=\"awb-imageframe-caption-container\" style=\"text-align:left;\"><div class=\"awb-imageframe-caption\"><div class=\"awb-imageframe-caption-title\">\u00c4gyptische Mumienmaske, ca. 75 v. Chr. \u2013 50 n. Chr. Schenkung aus der Sammlung Mosse 1894.<\/div><p class=\"awb-imageframe-caption-text\">Staatliche Museen zu Berlin, \u00c4gyptisches Museum und Papyrussammlung \/ Sandra Stei\u00df. CC BY-SA 4.0<\/p><\/div><\/div><\/div><\/div><div class=\"swiper-slide\"><div class=\"fusion-carousel-item-wrapper\"><div class=\"fusion-image-wrapper hover-type-none\"><img decoding=\"async\" width=\"1158\" height=\"1647\" src=\"https:\/\/kunst-raub-rueckgabe.de\/wp-content\/uploads\/2023\/12\/Heinrich-Brugsch-1892-SMB.jpg\" class=\"attachment-full size-full\" alt=\"Portr\u00e4tfoto, schwarz-wei\u00df, eines \u00e4lteren, glatzk\u00f6pfigen Herrn mit Schnauzbart.\" srcset=\"https:\/\/kunst-raub-rueckgabe.de\/wp-content\/uploads\/2023\/12\/Heinrich-Brugsch-1892-SMB-8x12.jpg 8w, https:\/\/kunst-raub-rueckgabe.de\/wp-content\/uploads\/2023\/12\/Heinrich-Brugsch-1892-SMB-200x284.jpg 200w, https:\/\/kunst-raub-rueckgabe.de\/wp-content\/uploads\/2023\/12\/Heinrich-Brugsch-1892-SMB-211x300.jpg 211w, https:\/\/kunst-raub-rueckgabe.de\/wp-content\/uploads\/2023\/12\/Heinrich-Brugsch-1892-SMB-400x569.jpg 400w, https:\/\/kunst-raub-rueckgabe.de\/wp-content\/uploads\/2023\/12\/Heinrich-Brugsch-1892-SMB-600x853.jpg 600w, https:\/\/kunst-raub-rueckgabe.de\/wp-content\/uploads\/2023\/12\/Heinrich-Brugsch-1892-SMB-720x1024.jpg 720w, https:\/\/kunst-raub-rueckgabe.de\/wp-content\/uploads\/2023\/12\/Heinrich-Brugsch-1892-SMB-768x1092.jpg 768w, https:\/\/kunst-raub-rueckgabe.de\/wp-content\/uploads\/2023\/12\/Heinrich-Brugsch-1892-SMB-800x1138.jpg 800w, https:\/\/kunst-raub-rueckgabe.de\/wp-content\/uploads\/2023\/12\/Heinrich-Brugsch-1892-SMB-1080x1536.jpg 1080w, https:\/\/kunst-raub-rueckgabe.de\/wp-content\/uploads\/2023\/12\/Heinrich-Brugsch-1892-SMB.jpg 1158w\" sizes=\"(max-width: 1158px) 100vw, 1158px\" \/><\/div><div class=\"awb-imageframe-caption-container\" style=\"text-align:left;\"><div class=\"awb-imageframe-caption\"><div class=\"awb-imageframe-caption-title\">Der \u00c4gyptologe Heinrich Brugsch (1827\u20131894), hier 1892.<\/div><p class=\"awb-imageframe-caption-text\">Staatliche Museen zu Berlin, Ethnologisches Museum. CC BY-NC-SA 4.0<\/p><\/div><\/div><\/div><\/div><\/div><div class=\"awb-swiper-button awb-swiper-button-prev\"><i class=\"awb-icon-angle-left\" aria-hidden=\"true\"><\/i><\/div><div class=\"awb-swiper-button awb-swiper-button-next\"><i class=\"awb-icon-angle-right\" aria-hidden=\"true\"><\/i><\/div><\/div><\/div><\/div><\/div><div class=\"fusion-layout-column fusion_builder_column fusion-builder-column-23 awb-sticky awb-sticky-medium awb-sticky-large fusion_builder_column_1_2 1_2 fusion-flex-column\" style=\"--awb-bg-size:cover;--awb-width-large:50%;--awb-margin-top-large:0px;--awb-spacing-right-large:3.84%;--awb-margin-bottom-large:20px;--awb-spacing-left-large:3.84%;--awb-width-medium:50%;--awb-order-medium:0;--awb-spacing-right-medium:3.84%;--awb-spacing-left-medium:3.84%;--awb-width-small:100%;--awb-order-small:0;--awb-spacing-right-small:1.92%;--awb-spacing-left-small:1.92%;\" data-scroll-devices=\"small-visibility,medium-visibility,large-visibility\"><div class=\"fusion-column-wrapper fusion-column-has-shadow fusion-flex-justify-content-flex-start fusion-content-layout-column\"><div class=\"fusion-text fusion-text-11\"><p>Mosse ist auch ein Freund der Berliner Museen und steht ihnen bei Ank\u00e4ufen hilfreich zur Seite.<\/p>\n<p>Er finanziert zum Beispiel eine Forschungs- und Ankaufreise von Heinrich Brugsch nach Unter\u00e4gypten und schenkt dem \u00c4gyptischen Museum in der Folge mehrere hundert, teils spektakul\u00e4re St\u00fccke.<\/p>\n<\/div><\/div><\/div><\/div><\/div><div class=\"fusion-fullwidth fullwidth-box fusion-builder-row-15 fusion-flex-container has-pattern-background has-mask-background nonhundred-percent-fullwidth non-hundred-percent-height-scrolling\" style=\"--awb-border-radius-top-left:0px;--awb-border-radius-top-right:0px;--awb-border-radius-bottom-right:0px;--awb-border-radius-bottom-left:0px;--awb-padding-top:100px;--awb-padding-bottom:100px;--awb-padding-top-small:55px;--awb-padding-bottom-small:25px;--awb-flex-wrap:wrap;\" ><div class=\"fusion-builder-row fusion-row fusion-flex-align-items-flex-start fusion-flex-justify-content-flex-end fusion-flex-content-wrap\" style=\"max-width:1497.6px;margin-left: calc(-4% \/ 2 );margin-right: calc(-4% \/ 2 );\"><div class=\"fusion-layout-column fusion_builder_column fusion-builder-column-24 fusion_builder_column_1_4 1_4 fusion-flex-column\" style=\"--awb-bg-size:cover;--awb-width-large:25%;--awb-margin-top-large:11px;--awb-spacing-right-large:7.68%;--awb-margin-bottom-large:20px;--awb-spacing-left-large:7.68%;--awb-width-medium:25%;--awb-order-medium:0;--awb-spacing-right-medium:7.68%;--awb-spacing-left-medium:7.68%;--awb-width-small:100%;--awb-order-small:1;--awb-spacing-right-small:1.92%;--awb-margin-bottom-small:50px;--awb-spacing-left-small:1.92%;\"><div class=\"fusion-column-wrapper fusion-column-has-shadow fusion-flex-justify-content-flex-start fusion-content-layout-column\"><div class=\"fusion-image-element awb-imageframe-style awb-imageframe-style-below awb-imageframe-style-14\" style=\"--awb-caption-title-font-family:var(--body_typography-font-family);--awb-caption-title-font-weight:var(--body_typography-font-weight);--awb-caption-title-font-style:var(--body_typography-font-style);--awb-caption-title-size:var(--body_typography-font-size);--awb-caption-title-transform:var(--body_typography-text-transform);--awb-caption-title-line-height:var(--body_typography-line-height);--awb-caption-title-letter-spacing:var(--body_typography-letter-spacing);\"><span class=\" fusion-imageframe imageframe-none imageframe-14 hover-type-none\"><img decoding=\"async\" width=\"1024\" height=\"1498\" alt=\"Wahlplakat, das einen Maurer und beschriftete Bausteine zeigt.\" title=\"Wahlplakat-DDP-1919-DHMpl007162\" src=\"https:\/\/kunst-raub-rueckgabe.de\/wp-content\/uploads\/2023\/12\/Wahlplakat-DDP-1919-DHMpl007162.jpg\" class=\"img-responsive wp-image-3374\" srcset=\"https:\/\/kunst-raub-rueckgabe.de\/wp-content\/uploads\/2023\/12\/Wahlplakat-DDP-1919-DHMpl007162-200x293.jpg 200w, https:\/\/kunst-raub-rueckgabe.de\/wp-content\/uploads\/2023\/12\/Wahlplakat-DDP-1919-DHMpl007162-400x585.jpg 400w, https:\/\/kunst-raub-rueckgabe.de\/wp-content\/uploads\/2023\/12\/Wahlplakat-DDP-1919-DHMpl007162-600x878.jpg 600w, https:\/\/kunst-raub-rueckgabe.de\/wp-content\/uploads\/2023\/12\/Wahlplakat-DDP-1919-DHMpl007162-800x1170.jpg 800w, https:\/\/kunst-raub-rueckgabe.de\/wp-content\/uploads\/2023\/12\/Wahlplakat-DDP-1919-DHMpl007162.jpg 1024w\" sizes=\"(max-width: 640px) 100vw, 400px\" \/><\/span><div class=\"awb-imageframe-caption-container\"><div class=\"awb-imageframe-caption\"><div class=\"awb-imageframe-caption-title\">Wahlplakat der DDP zur Nationalversammlung, 1919.<\/div><p class=\"awb-imageframe-caption-text\">bpk \/ Deutsches Historisches Museum \/ Sebastian Ahlers<\/p><\/div><\/div><\/div><\/div><\/div><div class=\"fusion-layout-column fusion_builder_column fusion-builder-column-25 awb-sticky awb-sticky-medium awb-sticky-large fusion_builder_column_1_2 1_2 fusion-flex-column\" style=\"--awb-bg-size:cover;--awb-width-large:50%;--awb-margin-top-large:0px;--awb-spacing-right-large:3.84%;--awb-margin-bottom-large:20px;--awb-spacing-left-large:3.84%;--awb-width-medium:50%;--awb-order-medium:0;--awb-spacing-right-medium:3.84%;--awb-spacing-left-medium:3.84%;--awb-width-small:100%;--awb-order-small:0;--awb-spacing-right-small:1.92%;--awb-spacing-left-small:1.92%;--awb-sticky-offset:100px;\"><div class=\"fusion-column-wrapper fusion-column-has-shadow fusion-flex-justify-content-flex-start fusion-content-layout-column\"><div class=\"fusion-text fusion-text-12\"><p>Auch politisch engagiert sich der Verleger. Nach dem Sturz der Monarchie im November 1918 beteiligt sich Rudolf Mosse an der Gr\u00fcndung der Deutschen Demokratischen Partei (DDP), die eine Liberalisierung der Gesellschaft nach b\u00fcrgerlichen Reformvorstellungen anstrebt.<\/p>\n<\/div><\/div><\/div><\/div><\/div><div class=\"fusion-fullwidth fullwidth-box fusion-builder-row-16 fusion-flex-container has-pattern-background has-mask-background nonhundred-percent-fullwidth non-hundred-percent-height-scrolling\" style=\"--awb-border-radius-top-left:0px;--awb-border-radius-top-right:0px;--awb-border-radius-bottom-right:0px;--awb-border-radius-bottom-left:0px;--awb-padding-top:60px;--awb-flex-wrap:wrap;\" ><div class=\"fusion-builder-row fusion-row fusion-flex-align-items-flex-start fusion-flex-content-wrap\" style=\"max-width:1497.6px;margin-left: calc(-4% \/ 2 );margin-right: calc(-4% \/ 2 );\"><div class=\"fusion-layout-column fusion_builder_column fusion-builder-column-26 fusion_builder_column_1_1 1_1 fusion-flex-column\" style=\"--awb-bg-size:cover;--awb-width-large:100%;--awb-margin-top-large:0px;--awb-spacing-right-large:1.92%;--awb-margin-bottom-large:20px;--awb-spacing-left-large:1.92%;--awb-width-medium:100%;--awb-order-medium:0;--awb-spacing-right-medium:1.92%;--awb-spacing-left-medium:1.92%;--awb-width-small:100%;--awb-order-small:0;--awb-spacing-right-small:1.92%;--awb-spacing-left-small:1.92%;\"><div class=\"fusion-column-wrapper fusion-column-has-shadow fusion-flex-justify-content-flex-start fusion-content-layout-column\"><div class=\"fusion-title title fusion-title-5 fusion-sep-none fusion-title-center fusion-title-text fusion-title-size-two\" style=\"--awb-margin-top-small:10px;--awb-margin-right-small:0px;--awb-margin-bottom-small:10px;--awb-margin-left-small:0px;\"><h2 class=\"fusion-title-heading title-heading-center fusion-responsive-typography-calculated\" style=\"margin:0;--fontSize:40;line-height:var(--awb-typography1-line-height);\">Das Mosse-Imperium wird weitergef\u00fchrt<\/h2><\/div><\/div><\/div><\/div><\/div><div class=\"fusion-fullwidth fullwidth-box fusion-builder-row-17 fusion-flex-container has-pattern-background has-mask-background nonhundred-percent-fullwidth non-hundred-percent-height-scrolling\" style=\"--awb-border-radius-top-left:0px;--awb-border-radius-top-right:0px;--awb-border-radius-bottom-right:0px;--awb-border-radius-bottom-left:0px;--awb-padding-top:100px;--awb-padding-bottom:100px;--awb-padding-top-small:55px;--awb-padding-bottom-small:25px;--awb-flex-wrap:wrap;\" ><div class=\"fusion-builder-row fusion-row fusion-flex-align-items-flex-start fusion-flex-justify-content-flex-end fusion-flex-content-wrap\" style=\"max-width:1497.6px;margin-left: calc(-4% \/ 2 );margin-right: calc(-4% \/ 2 );\"><div class=\"fusion-layout-column fusion_builder_column fusion-builder-column-27 fusion_builder_column_1_4 1_4 fusion-flex-column\" style=\"--awb-bg-size:cover;--awb-width-large:25%;--awb-margin-top-large:11px;--awb-spacing-right-large:7.68%;--awb-margin-bottom-large:20px;--awb-spacing-left-large:7.68%;--awb-width-medium:25%;--awb-order-medium:0;--awb-spacing-right-medium:7.68%;--awb-spacing-left-medium:7.68%;--awb-width-small:100%;--awb-order-small:1;--awb-spacing-right-small:1.92%;--awb-margin-bottom-small:50px;--awb-spacing-left-small:1.92%;\"><div class=\"fusion-column-wrapper fusion-column-has-shadow fusion-flex-justify-content-flex-start fusion-content-layout-column\"><div class=\"fusion-image-element awb-imageframe-style awb-imageframe-style-below awb-imageframe-style-15\" style=\"--awb-caption-margin-top:10px;--awb-caption-margin-bottom:20px;--awb-caption-title-font-family:var(--body_typography-font-family);--awb-caption-title-font-weight:var(--body_typography-font-weight);--awb-caption-title-font-style:var(--body_typography-font-style);--awb-caption-title-size:var(--body_typography-font-size);--awb-caption-title-transform:var(--body_typography-text-transform);--awb-caption-title-line-height:var(--body_typography-line-height);--awb-caption-title-letter-spacing:var(--body_typography-letter-spacing);\"><span class=\" fusion-imageframe imageframe-none imageframe-15 hover-type-none\"><img decoding=\"async\" width=\"645\" height=\"949\" alt=\"Schwarzwei\u00dffotografie. Hans und Felicia Lachmann-Mosse, er in elegantem Anzug sitzend, sie an seiner Seite stehend in langem wei\u00dfen Kleid. \" title=\"Ehepaar-Lachmann-Mosse-1909\" src=\"https:\/\/kunst-raub-rueckgabe.de\/wp-content\/uploads\/2023\/12\/Ehepaar-Lachmann-Mosse-1909.jpg\" class=\"img-responsive wp-image-3463\" srcset=\"https:\/\/kunst-raub-rueckgabe.de\/wp-content\/uploads\/2023\/12\/Ehepaar-Lachmann-Mosse-1909-200x294.jpg 200w, https:\/\/kunst-raub-rueckgabe.de\/wp-content\/uploads\/2023\/12\/Ehepaar-Lachmann-Mosse-1909-400x589.jpg 400w, https:\/\/kunst-raub-rueckgabe.de\/wp-content\/uploads\/2023\/12\/Ehepaar-Lachmann-Mosse-1909-600x883.jpg 600w, https:\/\/kunst-raub-rueckgabe.de\/wp-content\/uploads\/2023\/12\/Ehepaar-Lachmann-Mosse-1909.jpg 645w\" sizes=\"(max-width: 640px) 100vw, 400px\" \/><\/span><div class=\"awb-imageframe-caption-container\"><div class=\"awb-imageframe-caption\"><div class=\"awb-imageframe-caption-title\">Hans und Felicia Lachmann-Mosse, Berlin, 1909.<\/div><p class=\"awb-imageframe-caption-text\"> Leo Baeck Institute New York\/Berlin<\/p><\/div><\/div><\/div><div class=\"fusion-image-element awb-imageframe-style awb-imageframe-style-below awb-imageframe-style-16\" style=\"--awb-caption-margin-top:10px;--awb-caption-margin-bottom:20px;--awb-caption-title-font-family:var(--body_typography-font-family);--awb-caption-title-font-weight:var(--body_typography-font-weight);--awb-caption-title-font-style:var(--body_typography-font-style);--awb-caption-title-size:var(--body_typography-font-size);--awb-caption-title-transform:var(--body_typography-text-transform);--awb-caption-title-line-height:var(--body_typography-line-height);--awb-caption-title-letter-spacing:var(--body_typography-letter-spacing);\"><span class=\" fusion-imageframe imageframe-none imageframe-16 hover-type-none\"><img decoding=\"async\" width=\"571\" height=\"384\" alt=\"Schwarzwei\u00dffotografie. In der Mitte sitzend Felicia Lachmann-Mosse mit den Kindern Rudolf, Gerhard und Hilde. \" title=\"Felicia-Lacmann-Mosse-mit-Kindern-um1920\" src=\"https:\/\/kunst-raub-rueckgabe.de\/wp-content\/uploads\/2023\/12\/Felicia-Lacmann-Mosse-mit-Kindern-um1920.jpg\" class=\"img-responsive wp-image-3461\" srcset=\"https:\/\/kunst-raub-rueckgabe.de\/wp-content\/uploads\/2023\/12\/Felicia-Lacmann-Mosse-mit-Kindern-um1920-200x135.jpg 200w, https:\/\/kunst-raub-rueckgabe.de\/wp-content\/uploads\/2023\/12\/Felicia-Lacmann-Mosse-mit-Kindern-um1920-400x269.jpg 400w, https:\/\/kunst-raub-rueckgabe.de\/wp-content\/uploads\/2023\/12\/Felicia-Lacmann-Mosse-mit-Kindern-um1920.jpg 571w\" sizes=\"(max-width: 640px) 100vw, 400px\" \/><\/span><div class=\"awb-imageframe-caption-container\"><div class=\"awb-imageframe-caption\"><div class=\"awb-imageframe-caption-title\">Felicia Lachmann-Mosse und ihre Kinder, um 1920.<\/div><p class=\"awb-imageframe-caption-text\">Leo Baeck Institute New York\/Berlin<\/p><\/div><\/div><\/div><\/div><\/div><div class=\"fusion-layout-column fusion_builder_column fusion-builder-column-28 awb-sticky awb-sticky-medium awb-sticky-large fusion_builder_column_1_2 1_2 fusion-flex-column\" style=\"--awb-bg-size:cover;--awb-width-large:50%;--awb-margin-top-large:0px;--awb-spacing-right-large:3.84%;--awb-margin-bottom-large:20px;--awb-spacing-left-large:3.84%;--awb-width-medium:50%;--awb-order-medium:0;--awb-spacing-right-medium:3.84%;--awb-spacing-left-medium:3.84%;--awb-width-small:100%;--awb-order-small:0;--awb-spacing-right-small:1.92%;--awb-spacing-left-small:1.92%;--awb-sticky-offset:100px;\"><div class=\"fusion-column-wrapper fusion-column-has-shadow fusion-flex-justify-content-flex-start fusion-content-layout-column\"><div class=\"fusion-text fusion-text-13\"><p>Rudolf Mosse stirbt 1920, seine Frau Emilie 1924. Beide finden ihre letzte Ruhest\u00e4tte auf dem J\u00fcdischen Friedhof Berlin-Wei\u00dfensee.<\/p>\n<p>Das Mosse-Imperium erben nun die Tochter Felicia und ihr Ehemann Hans Lachmann-Mosse.<\/p>\n<p>Die beiden haben drei Kinder, Rudolf, Gerhard und Hilde.<\/p>\n<\/div><\/div><\/div><\/div><\/div><div class=\"fusion-fullwidth fullwidth-box fusion-builder-row-18 fusion-flex-container has-pattern-background has-mask-background nonhundred-percent-fullwidth non-hundred-percent-height-scrolling fusion-custom-z-index\" style=\"--awb-border-radius-top-left:0px;--awb-border-radius-top-right:0px;--awb-border-radius-bottom-right:0px;--awb-border-radius-bottom-left:0px;--awb-z-index:1000;--awb-padding-top:50px;--awb-padding-bottom:50px;--awb-margin-top:0px;--awb-margin-bottom:0px;--awb-flex-wrap:wrap;\" ><div class=\"fusion-builder-row fusion-row fusion-flex-align-items-flex-start fusion-flex-justify-content-center fusion-flex-content-wrap\" style=\"max-width:1497.6px;margin-left: calc(-4% \/ 2 );margin-right: calc(-4% \/ 2 );\"><div class=\"fusion-layout-column fusion_builder_column fusion-builder-column-29 fusion_builder_column_1_2 1_2 fusion-flex-column\" style=\"--awb-bg-size:cover;--awb-width-large:50%;--awb-margin-top-large:0px;--awb-spacing-right-large:3.84%;--awb-margin-bottom-large:0px;--awb-spacing-left-large:3.84%;--awb-width-medium:50%;--awb-order-medium:0;--awb-spacing-right-medium:3.84%;--awb-spacing-left-medium:3.84%;--awb-width-small:100%;--awb-order-small:0;--awb-spacing-right-small:1.92%;--awb-spacing-left-small:1.92%;\"><div class=\"fusion-column-wrapper fusion-column-has-shadow fusion-flex-justify-content-flex-start fusion-content-layout-column\"><div class=\"fusion-video fusion-youtube\" style=\"--awb-max-width:1920px;--awb-max-height:1080px;\"><div class=\"video-shortcode\"><div class=\"fluid-width-video-wrapper\" style=\"padding-top:56.25%;\" ><iframe class=\"lazyload\" title=\"YouTube video player 1\" src=\"data:image\/svg+xml,%3Csvg%20xmlns%3D%27http%3A%2F%2Fwww.w3.org%2F2000%2Fsvg%27%20width%3D%271920%27%20height%3D%271080%27%20viewBox%3D%270%200%201920%201080%27%3E%3Crect%20width%3D%271920%27%20height%3D%271080%27%20fill-opacity%3D%220%22%2F%3E%3C%2Fsvg%3E\" data-orig-src=\"https:\/\/www.youtube.com\/embed\/X5ZMD6dvXew?wmode=transparent&autoplay=0&amp;showinfo=0\" width=\"1920\" height=\"1080\" allowfullscreen allow=\"autoplay; clipboard-write; encrypted-media; gyroscope; picture-in-picture;\"><\/iframe><\/div><\/div><\/div><div class=\"fusion-text fusion-text-14\" style=\"--awb-font-size:14px;--awb-margin-top:10px;\"><p>Erkl\u00e4rvideo zur Weltwirtschaftskrise.<\/p>\n<\/div><\/div><\/div><div class=\"fusion-layout-column fusion_builder_column fusion-builder-column-30 awb-sticky awb-sticky-medium awb-sticky-large fusion_builder_column_1_2 1_2 fusion-flex-column\" style=\"--awb-bg-size:cover;--awb-width-large:50%;--awb-margin-top-large:0px;--awb-spacing-right-large:3.84%;--awb-margin-bottom-large:100px;--awb-spacing-left-large:3.84%;--awb-width-medium:50%;--awb-order-medium:0;--awb-spacing-right-medium:3.84%;--awb-spacing-left-medium:3.84%;--awb-width-small:100%;--awb-order-small:0;--awb-spacing-right-small:1.92%;--awb-spacing-left-small:1.92%;--awb-sticky-offset:100px;\"><div class=\"fusion-column-wrapper fusion-column-has-shadow fusion-flex-justify-content-flex-start fusion-content-layout-column\"><div class=\"fusion-text fusion-text-15\"><p>Doch die Zeiten sind schwierig. Die Weltwirtschaftskrise 1929 und die Konkurrenz, die den Zeitungen durch Rundfunk und Film erwachsen, bringen das Verlagsimperium an den Rand des Konkurses.<\/p>\n<p>Gleichzeitig sind die Nationalsozialisten politisch so stark geworden, dass eine Rettung des Verlags nicht m\u00f6glich ist.<\/p>\n<\/div><\/div><\/div><\/div><\/div><div class=\"fusion-fullwidth fullwidth-box fusion-builder-row-19 fusion-flex-container has-pattern-background has-mask-background nonhundred-percent-fullwidth non-hundred-percent-height-scrolling Anthrazit\" style=\"--awb-border-radius-top-left:0px;--awb-border-radius-top-right:0px;--awb-border-radius-bottom-right:0px;--awb-border-radius-bottom-left:0px;--awb-padding-top:100px;--awb-padding-bottom:100px;--awb-padding-top-small:55px;--awb-padding-bottom-small:25px;--awb-flex-wrap:wrap;\" ><div class=\"fusion-builder-row fusion-row fusion-flex-align-items-flex-start fusion-flex-justify-content-flex-end fusion-flex-content-wrap\" style=\"max-width:1497.6px;margin-left: calc(-4% \/ 2 );margin-right: calc(-4% \/ 2 );\"><div class=\"fusion-layout-column fusion_builder_column fusion-builder-column-31 awb-sticky awb-sticky-medium awb-sticky-large fusion_builder_column_2_3 2_3 fusion-flex-column\" style=\"--awb-bg-size:cover;--awb-width-large:66.666666666667%;--awb-margin-top-large:0px;--awb-spacing-right-large:2.88%;--awb-margin-bottom-large:20px;--awb-spacing-left-large:2.88%;--awb-width-medium:66.666666666667%;--awb-order-medium:0;--awb-spacing-right-medium:2.88%;--awb-spacing-left-medium:2.88%;--awb-width-small:100%;--awb-order-small:0;--awb-spacing-right-small:1.92%;--awb-spacing-left-small:1.92%;--awb-sticky-offset:100px;\"><div class=\"fusion-column-wrapper fusion-column-has-shadow fusion-flex-justify-content-flex-start fusion-content-layout-column\"><div class=\"fusion-title title fusion-title-6 fusion-sep-none fusion-title-text fusion-title-size-two\" style=\"--awb-margin-bottom:80px;--awb-margin-top-small:10px;--awb-margin-right-small:0px;--awb-margin-bottom-small:10px;--awb-margin-left-small:0px;\"><h2 class=\"fusion-title-heading title-heading-left fusion-responsive-typography-calculated\" style=\"margin:0;--fontSize:40;line-height:var(--awb-typography1-line-height);\">Hetze und Arisierung<\/h2><\/div><div class=\"fusion-text fusion-text-16\"><p>Schon vor 1933 geh\u00f6rt der Mosse-Verlag zu Hitlers erkl\u00e4rten Feinden. Als die Nationalsozialisten an die Macht gekommen sind, halten sie mit ihrer Abscheu nicht mehr hinter dem Berg. Der \u201eV\u00f6lkische Beobachter\u201c, ein Nazi-Blatt, beschimpft Lachmann-Mosse als \u201evolkssch\u00e4digenden Pressejuden\u201c. Im Hetzblatt \u201eDer St\u00fcrmer\u201c erscheint ein Artikel, der Rudolf Mosse verleumdet.<\/p>\n<\/div><\/div><\/div><\/div><\/div><div class=\"fusion-fullwidth fullwidth-box fusion-builder-row-20 fusion-flex-container has-pattern-background has-mask-background nonhundred-percent-fullwidth non-hundred-percent-height-scrolling Anthrazit fusion-custom-z-index\" style=\"--link_hover_color: var(--awb-color1);--link_color: var(--awb-color4);--awb-border-radius-top-left:0px;--awb-border-radius-top-right:0px;--awb-border-radius-bottom-right:0px;--awb-border-radius-bottom-left:0px;--awb-z-index:100;--awb-padding-top:50px;--awb-padding-bottom:50px;--awb-padding-top-small:25px;--awb-padding-bottom-small:25px;--awb-margin-top:0px;--awb-margin-bottom:0px;--awb-background-color:var(--awb-color5);--awb-flex-wrap:wrap;\" ><div class=\"fusion-builder-row fusion-row fusion-flex-align-items-flex-start fusion-flex-justify-content-flex-end fusion-flex-content-wrap\" style=\"max-width:1497.6px;margin-left: calc(-4% \/ 2 );margin-right: calc(-4% \/ 2 );\"><div class=\"fusion-layout-column fusion_builder_column fusion-builder-column-32 fusion_builder_column_1_2 1_2 fusion-flex-column\" style=\"--awb-bg-size:cover;--awb-width-large:50%;--awb-margin-top-large:0px;--awb-spacing-right-large:3.84%;--awb-margin-bottom-large:20px;--awb-spacing-left-large:3.84%;--awb-width-medium:50%;--awb-order-medium:0;--awb-spacing-right-medium:3.84%;--awb-spacing-left-medium:3.84%;--awb-width-small:100%;--awb-order-small:1;--awb-spacing-right-small:1.92%;--awb-spacing-left-small:1.92%;\"><div class=\"fusion-column-wrapper fusion-column-has-shadow fusion-flex-justify-content-flex-start fusion-content-layout-column\"><div class=\"fusion-image-element awb-imageframe-style awb-imageframe-style-below awb-imageframe-style-17\" style=\"--awb-caption-title-font-family:var(--body_typography-font-family);--awb-caption-title-font-weight:var(--body_typography-font-weight);--awb-caption-title-font-style:var(--body_typography-font-style);--awb-caption-title-size:14px;--awb-caption-title-transform:var(--body_typography-text-transform);--awb-caption-title-line-height:var(--body_typography-line-height);--awb-caption-title-letter-spacing:var(--body_typography-letter-spacing);\"><span class=\" fusion-imageframe imageframe-none imageframe-17 hover-type-none\"><img decoding=\"async\" src=\"https:\/\/kunst-raub-rueckgabe.de\/wp-content\/uploads\/2023\/03\/B-323-Bild-0311-022_layout-ERR-Warenlager_vergroessert-scaled.jpg\" alt class=\"img-responsive\"\/><\/span><div class=\"awb-imageframe-caption-container\"><div class=\"awb-imageframe-caption\"><\/div><\/div><\/div><\/div><\/div><div class=\"fusion-layout-column fusion_builder_column fusion-builder-column-33 awb-sticky awb-sticky-medium awb-sticky-large fusion_builder_column_2_3 2_3 fusion-flex-column\" style=\"--awb-bg-size:cover;--awb-width-large:66.666666666667%;--awb-margin-top-large:0px;--awb-spacing-right-large:2.88%;--awb-margin-bottom-large:0px;--awb-spacing-left-large:2.88%;--awb-width-medium:66.666666666667%;--awb-order-medium:0;--awb-spacing-right-medium:2.88%;--awb-spacing-left-medium:2.88%;--awb-width-small:100%;--awb-order-small:0;--awb-spacing-right-small:1.92%;--awb-spacing-left-small:1.92%;--awb-sticky-offset:20px;\"><div class=\"fusion-column-wrapper fusion-column-has-shadow fusion-flex-justify-content-flex-start fusion-content-layout-column\"><div class=\"fusion-text fusion-text-17\"><h3>Enteignung und Emigration<\/h3>\n<p>Hans und Felicia Lachmann-Mosse werden massiv unter Druck gesetzt. Die Nazis erpressen ihre Unterschriften, um den Mosse-Verlag in die Rudolf-Mosse-Stiftung GmbH umzuwandeln \u2013 der erste Schritt der \u201aArisierung\u2018 des j\u00fcdischen Gro\u00dfkonzerns. Im Gegenzug darf das Ehepaar mit den drei Kindern im Fr\u00fchjahr 1933 in die Schweiz ausreisen. Sie emigrieren von dort \u00fcber Frankreich in die USA.<\/p>\n<\/div><div class=\"fusion-builder-row fusion-builder-row-inner fusion-row fusion-flex-align-items-flex-start fusion-flex-justify-content-flex-end fusion-flex-content-wrap\" style=\"--awb-flex-grow:0;--awb-flex-grow-medium:0;--awb-flex-grow-small:0;--awb-flex-shrink:0;--awb-flex-shrink-medium:0;--awb-flex-shrink-small:0;width:104% !important;max-width:104% !important;margin-left: calc(-4% \/ 2 );margin-right: calc(-4% \/ 2 );\"><div class=\"fusion-layout-column fusion_builder_column_inner fusion-builder-nested-column-2 fusion_builder_column_inner_1_1 1_1 fusion-flex-column\" style=\"--awb-bg-size:cover;--awb-width-large:100%;--awb-margin-top-large:0px;--awb-spacing-right-large:1.92%;--awb-margin-bottom-large:20px;--awb-spacing-left-large:1.92%;--awb-width-medium:100%;--awb-order-medium:0;--awb-spacing-right-medium:1.92%;--awb-spacing-left-medium:1.92%;--awb-width-small:100%;--awb-order-small:0;--awb-spacing-right-small:1.92%;--awb-spacing-left-small:1.92%;\"><div class=\"fusion-column-wrapper fusion-column-has-shadow fusion-flex-justify-content-flex-start fusion-content-layout-column\"><div class=\"fusion-text fusion-text-18 fusion-text-no-margin\" style=\"--awb-font-size:16px;--awb-margin-top:0px;--awb-margin-right:0px;--awb-margin-bottom:0px;--awb-margin-left:0px;--awb-text-font-family:&quot;Inter&quot;;--awb-text-font-style:normal;--awb-text-font-weight:600;\"><p>Hintergrund<\/p>\n<\/div><div class=\"fusion-separator\" style=\"align-self: flex-start;margin-right:auto;margin-bottom:20px;width:100%;max-width:250px;\"><div class=\"fusion-separator-border sep-single sep-solid\" style=\"--awb-height:20px;--awb-amount:20px;--awb-sep-color:var(--awb-color1);border-color:var(--awb-color1);border-top-width:1px;\"><\/div><\/div><div ><a class=\"fusion-button button-flat button-small button-custom fusion-button-default button-1 fusion-button-default-span fusion-button-default-type\" style=\"--awb-margin-top:0px;--awb-margin-right:0px;--awb-margin-bottom:0px;--awb-margin-left:0px;--button_accent_color:var(--awb-color4);--button_border_color:var(--awb-color7);--button_accent_hover_color:var(--awb-color1);--button_border_hover_color:var(--awb-color1);--button_border_width-top:0;--button_border_width-right:0;--button_border_width-bottom:0;--button_border_width-left:0;--button-border-radius-top-left:0;--button-border-radius-top-right:0;--button-border-radius-bottom-right:0;--button-border-radius-bottom-left:0;--button_gradient_top_color:rgba(255,255,255,0);--button_gradient_bottom_color:rgba(255,255,255,0);--button_gradient_top_color_hover:rgba(255,255,255,0);--button_gradient_bottom_color_hover:rgba(255,255,255,0);\" target=\"lightbox\" rel=\"iLightbox\" href=\"https:\/\/kunst-raub-rueckgabe.de\/glossar\/arisierung\/\"><i class=\"icon-KRR1Pfeil awb-button__icon awb-button__icon--default button-icon-left\" aria-hidden=\"true\"><\/i><span class=\"fusion-button-text awb-button__text awb-button__text--default\">Arisierung<\/span><\/a><\/div><\/div><\/div><\/div><\/div><\/div><\/div><\/div><div class=\"fusion-fullwidth fullwidth-box fusion-builder-row-21 fusion-flex-container has-pattern-background has-mask-background nonhundred-percent-fullwidth non-hundred-percent-height-scrolling Anthrazit\" style=\"--awb-border-radius-top-left:0px;--awb-border-radius-top-right:0px;--awb-border-radius-bottom-right:0px;--awb-border-radius-bottom-left:0px;--awb-padding-top:50px;--awb-padding-bottom:50px;--awb-padding-top-small:25px;--awb-padding-bottom-small:25px;--awb-margin-top:0px;--awb-margin-bottom:0px;--awb-flex-wrap:wrap;\" ><div class=\"fusion-builder-row fusion-row fusion-flex-align-items-flex-start fusion-flex-content-wrap\" style=\"max-width:1497.6px;margin-left: calc(-4% \/ 2 );margin-right: calc(-4% \/ 2 );\"><div class=\"fusion-layout-column fusion_builder_column fusion-builder-column-34 fusion_builder_column_1_2 1_2 fusion-flex-column\" style=\"--awb-bg-size:cover;--awb-width-large:50%;--awb-margin-top-large:0px;--awb-spacing-right-large:3.84%;--awb-margin-bottom-large:20px;--awb-spacing-left-large:3.84%;--awb-width-medium:50%;--awb-order-medium:0;--awb-spacing-right-medium:3.84%;--awb-spacing-left-medium:3.84%;--awb-width-small:100%;--awb-order-small:1;--awb-spacing-right-small:1.92%;--awb-spacing-left-small:1.92%;\"><div class=\"fusion-column-wrapper fusion-column-has-shadow fusion-flex-justify-content-flex-start fusion-content-layout-column\"><div class=\"fusion-image-element awb-imageframe-style awb-imageframe-style-below awb-imageframe-style-18\" style=\"--awb-caption-title-font-family:var(--body_typography-font-family);--awb-caption-title-font-weight:var(--body_typography-font-weight);--awb-caption-title-font-style:var(--body_typography-font-style);--awb-caption-title-size:var(--body_typography-font-size);--awb-caption-title-transform:var(--body_typography-text-transform);--awb-caption-title-line-height:var(--body_typography-line-height);--awb-caption-title-letter-spacing:var(--body_typography-letter-spacing);\"><span class=\" fusion-imageframe imageframe-none imageframe-18 hover-type-none\"><img decoding=\"async\" width=\"1738\" height=\"2560\" alt=\"Brief in Schreibmaschinenschrift.\" title=\"Pochwadt_I_NG_935_Bl_345\" src=\"https:\/\/kunst-raub-rueckgabe.de\/wp-content\/uploads\/2023\/12\/Pochwadt_I_NG_935_Bl_345-scaled.jpg\" class=\"img-responsive wp-image-3474\" srcset=\"https:\/\/kunst-raub-rueckgabe.de\/wp-content\/uploads\/2023\/12\/Pochwadt_I_NG_935_Bl_345-200x295.jpg 200w, https:\/\/kunst-raub-rueckgabe.de\/wp-content\/uploads\/2023\/12\/Pochwadt_I_NG_935_Bl_345-400x589.jpg 400w, https:\/\/kunst-raub-rueckgabe.de\/wp-content\/uploads\/2023\/12\/Pochwadt_I_NG_935_Bl_345-600x884.jpg 600w, https:\/\/kunst-raub-rueckgabe.de\/wp-content\/uploads\/2023\/12\/Pochwadt_I_NG_935_Bl_345-800x1179.jpg 800w, https:\/\/kunst-raub-rueckgabe.de\/wp-content\/uploads\/2023\/12\/Pochwadt_I_NG_935_Bl_345-1200x1768.jpg 1200w, https:\/\/kunst-raub-rueckgabe.de\/wp-content\/uploads\/2023\/12\/Pochwadt_I_NG_935_Bl_345-scaled.jpg 1738w\" sizes=\"(max-width: 640px) 100vw, 800px\" \/><\/span><div class=\"awb-imageframe-caption-container\"><div class=\"awb-imageframe-caption\"><div class=\"awb-imageframe-caption-title\">Adolf Pochwadt, Bevollm\u00e4chtigter der Rudolf-Mosse-Stiftung, an Kultusminister Rust, 13. Juni 1933.<\/div><p class=\"awb-imageframe-caption-text\">Staatliche Museen zu Berlin, Zentralarchiv, I\/NG 935, Bl. 345<\/p><\/div><\/div><\/div><\/div><\/div><div class=\"fusion-layout-column fusion_builder_column fusion-builder-column-35 awb-sticky awb-sticky-large fusion_builder_column_1_2 1_2 fusion-flex-column\" style=\"--awb-bg-size:cover;--awb-width-large:50%;--awb-margin-top-large:0px;--awb-spacing-right-large:3.84%;--awb-margin-bottom-large:20px;--awb-spacing-left-large:3.84%;--awb-width-medium:50%;--awb-order-medium:0;--awb-spacing-right-medium:3.84%;--awb-spacing-left-medium:3.84%;--awb-width-small:100%;--awb-order-small:0;--awb-spacing-right-small:1.92%;--awb-spacing-left-small:1.92%;\" data-scroll-devices=\"small-visibility,medium-visibility,large-visibility\"><div class=\"fusion-column-wrapper fusion-column-has-shadow fusion-flex-justify-content-flex-start fusion-content-layout-column\"><div class=\"fusion-title title fusion-title-7 fusion-sep-none fusion-title-text fusion-title-size-div\" style=\"--awb-margin-top:0px;--awb-margin-bottom:0px;--awb-margin-top-small:10px;--awb-margin-right-small:0px;--awb-margin-bottom-small:10px;--awb-margin-left-small:0px;--awb-font-size:var(--awb-typography2-font-size);\"><div class=\"fusion-title-heading title-heading-left title-heading-tag fusion-responsive-typography-calculated\" style=\"font-family:var(--awb-typography2-font-family);font-weight:var(--awb-typography2-font-weight);font-style:var(--awb-typography2-font-style);margin:0;letter-spacing:var(--awb-typography2-letter-spacing);text-transform:var(--awb-typography2-text-transform);font-size:1em;--fontSize:24;--minFontSize:24;line-height:var(--awb-typography2-line-height);\"><blockquote>\n<p><strong><em>\u201eDie gesamten in Deutschland befindlichen Verm\u00f6gensobjekte des fr\u00fcheren Alleinbesitzers Lachmann-Mosse sind somit in den Besitz der Rudolf-Mosse-Stiftung G.m.b.H. \u00fcbergegangen. [\u2026] die Rudolf-Mosse-Stiftung beabsichtigt, sich dieser und anderer Verm\u00f6gensobjekte zu entledigen.\u201c <\/em><\/strong><\/p>\n<\/blockquote><\/div><\/div><\/div><\/div><\/div><\/div><div class=\"fusion-fullwidth fullwidth-box fusion-builder-row-22 fusion-flex-container has-pattern-background has-mask-background nonhundred-percent-fullwidth non-hundred-percent-height-scrolling Anthrazit\" style=\"--awb-border-radius-top-left:0px;--awb-border-radius-top-right:0px;--awb-border-radius-bottom-right:0px;--awb-border-radius-bottom-left:0px;--awb-padding-top:50px;--awb-padding-bottom:50px;--awb-padding-top-small:25px;--awb-padding-bottom-small:25px;--awb-margin-top:0px;--awb-margin-bottom:0px;--awb-flex-wrap:wrap;\" ><div class=\"fusion-builder-row fusion-row fusion-flex-align-items-flex-start fusion-flex-content-wrap\" style=\"max-width:1497.6px;margin-left: calc(-4% \/ 2 );margin-right: calc(-4% \/ 2 );\"><div class=\"fusion-layout-column fusion_builder_column fusion-builder-column-36 fusion_builder_column_1_2 1_2 fusion-flex-column\" style=\"--awb-padding-top:10px;--awb-bg-size:cover;--awb-width-large:50%;--awb-margin-top-large:0px;--awb-spacing-right-large:3.84%;--awb-margin-bottom-large:20px;--awb-spacing-left-large:3.84%;--awb-width-medium:50%;--awb-order-medium:0;--awb-spacing-right-medium:3.84%;--awb-spacing-left-medium:3.84%;--awb-width-small:100%;--awb-order-small:0;--awb-spacing-right-small:1.92%;--awb-margin-bottom-small:50px;--awb-spacing-left-small:1.92%;\"><div class=\"fusion-column-wrapper fusion-column-has-shadow fusion-flex-justify-content-flex-start fusion-content-layout-column\"><\/div><\/div><div class=\"fusion-layout-column fusion_builder_column fusion-builder-column-37 awb-sticky awb-sticky-small awb-sticky-medium awb-sticky-large fusion_builder_column_1_2 1_2 fusion-flex-column\" style=\"--awb-bg-size:cover;--awb-width-large:50%;--awb-margin-top-large:0px;--awb-spacing-right-large:3.84%;--awb-margin-bottom-large:20px;--awb-spacing-left-large:3.84%;--awb-width-medium:50%;--awb-order-medium:0;--awb-spacing-right-medium:3.84%;--awb-spacing-left-medium:3.84%;--awb-width-small:100%;--awb-order-small:0;--awb-spacing-right-small:1.92%;--awb-spacing-left-small:1.92%;\" data-scroll-devices=\"small-visibility,medium-visibility,large-visibility\"><div class=\"fusion-column-wrapper fusion-column-has-shadow fusion-flex-justify-content-flex-start fusion-content-layout-column\"><div class=\"fusion-text fusion-text-19\"><h3>Die geraubte Kunstsammlung<\/h3>\n<p>Zum geraubten Verm\u00f6gen z\u00e4hlt auch die Kunstsammlung Rudolf Mosses. Die neuen Machthaber bieten der Nationalgalerie an, die Sammlung zu kaufen. Doch dazu kommt es nicht. Alois Schardt, 1933 kommissarischer Leiter des Museums, lehnt ab und zeigt nur Interesse an einzelnen St\u00fccken.<\/p>\n<\/div><\/div><\/div><\/div><\/div><div class=\"fusion-fullwidth fullwidth-box fusion-builder-row-23 fusion-flex-container has-pattern-background has-mask-background nonhundred-percent-fullwidth non-hundred-percent-height-scrolling Anthrazit\" style=\"--awb-border-radius-top-left:0px;--awb-border-radius-top-right:0px;--awb-border-radius-bottom-right:0px;--awb-border-radius-bottom-left:0px;--awb-padding-top:50px;--awb-padding-bottom:50px;--awb-padding-top-small:25px;--awb-padding-bottom-small:25px;--awb-margin-top:0px;--awb-margin-bottom:0px;--awb-flex-wrap:wrap;\" ><div class=\"fusion-builder-row fusion-row fusion-flex-align-items-flex-start fusion-flex-content-wrap\" style=\"max-width:1497.6px;margin-left: calc(-4% \/ 2 );margin-right: calc(-4% \/ 2 );\"><div class=\"fusion-layout-column fusion_builder_column fusion-builder-column-38 fusion_builder_column_1_2 1_2 fusion-flex-column\" style=\"--awb-padding-top:10px;--awb-bg-size:cover;--awb-width-large:50%;--awb-margin-top-large:0px;--awb-spacing-right-large:3.84%;--awb-margin-bottom-large:20px;--awb-spacing-left-large:3.84%;--awb-width-medium:50%;--awb-order-medium:0;--awb-spacing-right-medium:3.84%;--awb-spacing-left-medium:3.84%;--awb-width-small:100%;--awb-order-small:0;--awb-spacing-right-small:1.92%;--awb-margin-bottom-small:50px;--awb-spacing-left-small:1.92%;\"><div class=\"fusion-column-wrapper fusion-column-has-shadow fusion-flex-justify-content-flex-start fusion-content-layout-column\"><div class=\"fusion-image-element awb-imageframe-style awb-imageframe-style-below awb-imageframe-style-19\" style=\"--awb-caption-title-font-family:var(--body_typography-font-family);--awb-caption-title-font-weight:var(--body_typography-font-weight);--awb-caption-title-font-style:var(--body_typography-font-style);--awb-caption-title-size:var(--body_typography-font-size);--awb-caption-title-transform:var(--body_typography-text-transform);--awb-caption-title-line-height:var(--body_typography-line-height);--awb-caption-title-letter-spacing:var(--body_typography-letter-spacing);\"><span class=\" fusion-imageframe imageframe-none imageframe-19 hover-type-none\"><img decoding=\"async\" width=\"692\" height=\"501\" alt=\"Zeitungsannonce\" title=\"Auktion-Kunstsammlung-Mosse-Anzeige-Weltkunst\" src=\"https:\/\/kunst-raub-rueckgabe.de\/wp-content\/uploads\/2023\/12\/Auktion-Kunstsammlung-Mosse-Anzeige-Weltkunst.jpg\" class=\"img-responsive wp-image-3391\" srcset=\"https:\/\/kunst-raub-rueckgabe.de\/wp-content\/uploads\/2023\/12\/Auktion-Kunstsammlung-Mosse-Anzeige-Weltkunst-200x145.jpg 200w, https:\/\/kunst-raub-rueckgabe.de\/wp-content\/uploads\/2023\/12\/Auktion-Kunstsammlung-Mosse-Anzeige-Weltkunst-400x290.jpg 400w, https:\/\/kunst-raub-rueckgabe.de\/wp-content\/uploads\/2023\/12\/Auktion-Kunstsammlung-Mosse-Anzeige-Weltkunst-600x434.jpg 600w, https:\/\/kunst-raub-rueckgabe.de\/wp-content\/uploads\/2023\/12\/Auktion-Kunstsammlung-Mosse-Anzeige-Weltkunst.jpg 692w\" sizes=\"(max-width: 640px) 100vw, 692px\" \/><\/span><div class=\"awb-imageframe-caption-container\"><div class=\"awb-imageframe-caption\"><div class=\"awb-imageframe-caption-title\">Anzeige zur Mosse-Auktion am 29. und 30. Mai 1934, in: Weltkunst, 20. Mai 1934, S. 3.<\/div><p class=\"awb-imageframe-caption-text\"> <\/p><\/div><\/div><\/div><\/div><\/div><div class=\"fusion-layout-column fusion_builder_column fusion-builder-column-39 awb-sticky awb-sticky-small awb-sticky-medium awb-sticky-large fusion_builder_column_1_2 1_2 fusion-flex-column\" style=\"--awb-bg-size:cover;--awb-width-large:50%;--awb-margin-top-large:0px;--awb-spacing-right-large:3.84%;--awb-margin-bottom-large:20px;--awb-spacing-left-large:3.84%;--awb-width-medium:50%;--awb-order-medium:0;--awb-spacing-right-medium:3.84%;--awb-spacing-left-medium:3.84%;--awb-width-small:100%;--awb-order-small:0;--awb-spacing-right-small:1.92%;--awb-spacing-left-small:1.92%;\" data-scroll-devices=\"small-visibility,medium-visibility,large-visibility\"><div class=\"fusion-column-wrapper fusion-column-has-shadow fusion-flex-justify-content-flex-start fusion-content-layout-column\"><div class=\"fusion-text fusion-text-20\"><h3>Zwangsversteigerung<\/h3>\n<p>Die Kunstsammlung und die gesamte Einrichtung des Mosse-Palais werden schlie\u00dflich 1934 in zwei Auktionen in Berlin versteigert. Die Auktionsergebnisse \u00fcbertreffen alle Erwartungen und bringen den Nationalsozialisten Millionen ein.<\/p>\n<\/div><\/div><\/div><\/div><\/div><div class=\"fusion-fullwidth fullwidth-box fusion-builder-row-24 fusion-flex-container has-pattern-background has-mask-background nonhundred-percent-fullwidth non-hundred-percent-height-scrolling Anthrazit\" style=\"--awb-border-radius-top-left:0px;--awb-border-radius-top-right:0px;--awb-border-radius-bottom-right:0px;--awb-border-radius-bottom-left:0px;--awb-padding-top:50px;--awb-padding-bottom:50px;--awb-padding-top-small:25px;--awb-padding-bottom-small:25px;--awb-margin-top:0px;--awb-margin-bottom:0px;--awb-flex-wrap:wrap;\" ><div class=\"fusion-builder-row fusion-row fusion-flex-align-items-flex-start fusion-flex-content-wrap\" style=\"max-width:1497.6px;margin-left: calc(-4% \/ 2 );margin-right: calc(-4% \/ 2 );\"><div class=\"fusion-layout-column fusion_builder_column fusion-builder-column-40 fusion_builder_column_1_2 1_2 fusion-flex-column\" style=\"--awb-padding-top:10px;--awb-bg-size:cover;--awb-width-large:50%;--awb-margin-top-large:0px;--awb-spacing-right-large:3.84%;--awb-margin-bottom-large:20px;--awb-spacing-left-large:3.84%;--awb-width-medium:50%;--awb-order-medium:0;--awb-spacing-right-medium:3.84%;--awb-spacing-left-medium:3.84%;--awb-width-small:100%;--awb-order-small:0;--awb-spacing-right-small:1.92%;--awb-margin-bottom-small:50px;--awb-spacing-left-small:1.92%;\"><div class=\"fusion-column-wrapper fusion-column-has-shadow fusion-flex-justify-content-flex-start fusion-content-layout-column\"><div class=\"fusion-image-element awb-imageframe-style awb-imageframe-style-below awb-imageframe-style-20\" style=\"--awb-caption-margin-top:10px;--awb-caption-margin-bottom:20px;--awb-caption-title-font-family:var(--body_typography-font-family);--awb-caption-title-font-weight:var(--body_typography-font-weight);--awb-caption-title-font-style:var(--body_typography-font-style);--awb-caption-title-size:var(--body_typography-font-size);--awb-caption-title-transform:var(--body_typography-text-transform);--awb-caption-title-line-height:var(--body_typography-line-height);--awb-caption-title-letter-spacing:var(--body_typography-letter-spacing);\"><span class=\" fusion-imageframe imageframe-none imageframe-20 hover-type-none\"><img decoding=\"async\" width=\"2560\" height=\"1850\" alt=\"Foto, schwarz-wei\u00df. Steinerner L\u00f6we inmitten einer Tr\u00fcmmerlandschaft.\" title=\"Soldatengrab im Hof des Palais von Rudolf Mosse in der Vo\u00dfstra\u00dfe\" src=\"https:\/\/kunst-raub-rueckgabe.de\/wp-content\/uploads\/2023\/12\/Mosse-Palais-Innenhof-Nachkriegsfoto-bpk70130694-scaled.jpg\" class=\"img-responsive wp-image-3302\" srcset=\"https:\/\/kunst-raub-rueckgabe.de\/wp-content\/uploads\/2023\/12\/Mosse-Palais-Innenhof-Nachkriegsfoto-bpk70130694-200x145.jpg 200w, https:\/\/kunst-raub-rueckgabe.de\/wp-content\/uploads\/2023\/12\/Mosse-Palais-Innenhof-Nachkriegsfoto-bpk70130694-400x289.jpg 400w, https:\/\/kunst-raub-rueckgabe.de\/wp-content\/uploads\/2023\/12\/Mosse-Palais-Innenhof-Nachkriegsfoto-bpk70130694-600x434.jpg 600w, https:\/\/kunst-raub-rueckgabe.de\/wp-content\/uploads\/2023\/12\/Mosse-Palais-Innenhof-Nachkriegsfoto-bpk70130694-800x578.jpg 800w, https:\/\/kunst-raub-rueckgabe.de\/wp-content\/uploads\/2023\/12\/Mosse-Palais-Innenhof-Nachkriegsfoto-bpk70130694-1200x867.jpg 1200w, https:\/\/kunst-raub-rueckgabe.de\/wp-content\/uploads\/2023\/12\/Mosse-Palais-Innenhof-Nachkriegsfoto-bpk70130694-scaled.jpg 2560w\" sizes=\"(max-width: 640px) 100vw, 800px\" \/><\/span><div class=\"awb-imageframe-caption-container\"><div class=\"awb-imageframe-caption\"><div class=\"awb-imageframe-caption-title\">Inmitten der Tr\u00fcmmer thront der L\u00f6we, August 1945.<\/div><p class=\"awb-imageframe-caption-text\">bpk \/ Kunstbibliothek, SMB, Photothek Willy R\u00f6mer \/ Willy R\u00f6mer<\/p><\/div><\/div><\/div><div class=\"fusion-image-element awb-imageframe-style awb-imageframe-style-below awb-imageframe-style-21\" style=\"--awb-caption-margin-top:10px;--awb-caption-margin-bottom:20px;--awb-caption-title-font-family:var(--body_typography-font-family);--awb-caption-title-font-weight:var(--body_typography-font-weight);--awb-caption-title-font-style:var(--body_typography-font-style);--awb-caption-title-size:var(--body_typography-font-size);--awb-caption-title-transform:var(--body_typography-text-transform);--awb-caption-title-line-height:var(--body_typography-line-height);--awb-caption-title-letter-spacing:var(--body_typography-letter-spacing);\"><span class=\" fusion-imageframe imageframe-none imageframe-21 hover-type-none\"><img decoding=\"async\" width=\"2560\" height=\"1627\" alt=\"Foto, schwarz-wei\u00df. Drei uniformierte Soldaten an der L\u00f6wenskulptur.\" title=\"&#8222;L\u00f6we von &#8218;Gaul&#8216; in Palais Mosse&#8220;\" src=\"https:\/\/kunst-raub-rueckgabe.de\/wp-content\/uploads\/2023\/12\/Soldaten-mit-Loewe-von-August-Gaul-bpk30012303-scaled.jpg\" class=\"img-responsive wp-image-3300\" srcset=\"https:\/\/kunst-raub-rueckgabe.de\/wp-content\/uploads\/2023\/12\/Soldaten-mit-Loewe-von-August-Gaul-bpk30012303-200x127.jpg 200w, https:\/\/kunst-raub-rueckgabe.de\/wp-content\/uploads\/2023\/12\/Soldaten-mit-Loewe-von-August-Gaul-bpk30012303-400x254.jpg 400w, https:\/\/kunst-raub-rueckgabe.de\/wp-content\/uploads\/2023\/12\/Soldaten-mit-Loewe-von-August-Gaul-bpk30012303-600x381.jpg 600w, https:\/\/kunst-raub-rueckgabe.de\/wp-content\/uploads\/2023\/12\/Soldaten-mit-Loewe-von-August-Gaul-bpk30012303-800x509.jpg 800w, https:\/\/kunst-raub-rueckgabe.de\/wp-content\/uploads\/2023\/12\/Soldaten-mit-Loewe-von-August-Gaul-bpk30012303-1200x763.jpg 1200w, https:\/\/kunst-raub-rueckgabe.de\/wp-content\/uploads\/2023\/12\/Soldaten-mit-Loewe-von-August-Gaul-bpk30012303-scaled.jpg 2560w\" sizes=\"(max-width: 640px) 100vw, 800px\" \/><\/span><div class=\"awb-imageframe-caption-container\"><div class=\"awb-imageframe-caption\"><div class=\"awb-imageframe-caption-title\">Sowjetische Soldaten lassen sich 1945 mit dem Kunstwerk fotografieren. <\/div><p class=\"awb-imageframe-caption-text\">bpk \/ Friedrich Seidenst\u00fccker<\/p><\/div><\/div><\/div><\/div><\/div><div class=\"fusion-layout-column fusion_builder_column fusion-builder-column-41 awb-sticky awb-sticky-small awb-sticky-medium awb-sticky-large fusion_builder_column_1_2 1_2 fusion-flex-column\" style=\"--awb-bg-size:cover;--awb-width-large:50%;--awb-margin-top-large:0px;--awb-spacing-right-large:3.84%;--awb-margin-bottom-large:20px;--awb-spacing-left-large:3.84%;--awb-width-medium:50%;--awb-order-medium:0;--awb-spacing-right-medium:3.84%;--awb-spacing-left-medium:3.84%;--awb-width-small:100%;--awb-order-small:0;--awb-spacing-right-small:1.92%;--awb-spacing-left-small:1.92%;\" data-scroll-devices=\"small-visibility,medium-visibility,large-visibility\"><div class=\"fusion-column-wrapper fusion-column-has-shadow fusion-flex-justify-content-flex-start fusion-content-layout-column\"><div class=\"fusion-text fusion-text-21 fusion-text-no-margin\" style=\"--awb-margin-bottom:40px;\"><h3>Kriegszerst\u00f6rungen<\/h3>\n<p>Am Ende des Krieges liegt das Mosse-Palais in Tr\u00fcmmern. Aber zwischen den zerborstenen W\u00e4nden liegt immer noch der L\u00f6we. Er wird geborgen und zur Museumsinsel gebracht, wo er viele Jahre in der Alten Nationalgalerie steht.<\/p>\n<\/div>\n\n<audio controls=\"controls\">\n<source src=\"https:\/\/kunst-raub-rueckgabe.de\/wp-content\/uploads\/2023\/12\/ENG58_A-large-reclining-panther-from-a-garden-in-Vossstrasse.mp3\" type=\"audio\/mpeg\" \/>\nYour browser does not support the audio element.\n<\/audio>\n\n<div class=\"fusion-text fusion-text-22 fusion-text-no-margin\" style=\"--awb-font-size:16px;--awb-margin-top:0px;--awb-margin-bottom:0px;\"><p>\u201eGro\u00dfer liegender Panther [\u2026] aus einem Garten in der Vo\u00dfstra\u00dfe\u201c. Aus der \u201eProvenienzspur\u201c in der App der Alten Nationalgalerie, Berlin.<\/p>\n<\/div><div class=\"fusion-text fusion-text-23\" style=\"--awb-font-size:16px;\"><p>\u00a9 Staatliche Museen zu Berlin \u2013 Preu\u00dfischer Kulturbesitz<\/p>\n<\/div><\/div><\/div><\/div><\/div><div class=\"fusion-fullwidth fullwidth-box fusion-builder-row-25 fusion-flex-container has-pattern-background has-mask-background nonhundred-percent-fullwidth non-hundred-percent-height-scrolling Restitution\" style=\"--awb-border-radius-top-left:0px;--awb-border-radius-top-right:0px;--awb-border-radius-bottom-right:0px;--awb-border-radius-bottom-left:0px;--awb-padding-top:50px;--awb-padding-bottom:50px;--awb-padding-top-small:25px;--awb-padding-bottom-small:25px;--awb-margin-top:0px;--awb-margin-bottom:0px;--awb-background-color:#ededed;--awb-flex-wrap:wrap;\" ><div class=\"fusion-builder-row fusion-row fusion-flex-align-items-flex-start fusion-flex-content-wrap\" style=\"max-width:1497.6px;margin-left: calc(-4% \/ 2 );margin-right: calc(-4% \/ 2 );\"><div class=\"fusion-layout-column fusion_builder_column fusion-builder-column-42 fusion_builder_column_1_1 1_1 fusion-flex-column\" style=\"--awb-bg-size:cover;--awb-width-large:100%;--awb-margin-top-large:100px;--awb-spacing-right-large:1.92%;--awb-margin-bottom-large:140px;--awb-spacing-left-large:1.92%;--awb-width-medium:100%;--awb-order-medium:0;--awb-spacing-right-medium:1.92%;--awb-spacing-left-medium:1.92%;--awb-width-small:100%;--awb-order-small:0;--awb-spacing-right-small:1.92%;--awb-spacing-left-small:1.92%;\"><div class=\"fusion-column-wrapper fusion-column-has-shadow fusion-flex-justify-content-flex-start fusion-content-layout-column\"><div class=\"fusion-title title fusion-title-8 fusion-sep-none fusion-title-center fusion-title-text fusion-title-size-two\" style=\"--awb-margin-top:0px;--awb-margin-bottom:0px;--awb-margin-top-small:10px;--awb-margin-right-small:0px;--awb-margin-bottom-small:10px;--awb-margin-left-small:0px;\"><h2 class=\"fusion-title-heading title-heading-center sm-text-align-left fusion-responsive-typography-calculated\" style=\"margin:0;--fontSize:40;line-height:var(--awb-typography1-line-height);\">Restitution<\/h2><\/div><\/div><\/div><div class=\"fusion-layout-column fusion_builder_column fusion-builder-column-43 fusion_builder_column_1_2 1_2 fusion-flex-column\" style=\"--awb-bg-size:cover;--awb-width-large:50%;--awb-margin-top-large:0px;--awb-spacing-right-large:3.84%;--awb-margin-bottom-large:20px;--awb-spacing-left-large:3.84%;--awb-width-medium:50%;--awb-order-medium:0;--awb-spacing-right-medium:3.84%;--awb-spacing-left-medium:3.84%;--awb-width-small:100%;--awb-order-small:0;--awb-spacing-right-small:1.92%;--awb-spacing-left-small:1.92%;\"><div class=\"fusion-column-wrapper fusion-column-has-shadow fusion-flex-justify-content-flex-end fusion-content-layout-row fusion-flex-align-items-center\"><div class=\"fusion-image-element awb-imageframe-style awb-imageframe-style-below awb-imageframe-style-22\" style=\"--awb-caption-margin-top:10px;--awb-caption-margin-bottom:20px;--awb-caption-title-font-family:var(--body_typography-font-family);--awb-caption-title-font-weight:var(--body_typography-font-weight);--awb-caption-title-font-style:var(--body_typography-font-style);--awb-caption-title-size:var(--body_typography-font-size);--awb-caption-title-transform:var(--body_typography-text-transform);--awb-caption-title-line-height:var(--body_typography-line-height);--awb-caption-title-letter-spacing:var(--body_typography-letter-spacing);\"><span class=\" fusion-imageframe imageframe-none imageframe-22 hover-type-none\"><img decoding=\"async\" width=\"584\" height=\"374\" alt=\"Foto. Relief aus wei\u00dfem Stein.\" title=\"R\u00f6mischer-Kindersarkophag-SMB\" src=\"https:\/\/kunst-raub-rueckgabe.de\/wp-content\/uploads\/2023\/12\/Roemischer-Kindersarkophag-SMB-e1701696344119.jpg\" class=\"img-responsive wp-image-3299\" srcset=\"https:\/\/kunst-raub-rueckgabe.de\/wp-content\/uploads\/2023\/12\/Roemischer-Kindersarkophag-SMB-e1701696344119-200x128.jpg 200w, https:\/\/kunst-raub-rueckgabe.de\/wp-content\/uploads\/2023\/12\/Roemischer-Kindersarkophag-SMB-e1701696344119-400x256.jpg 400w, https:\/\/kunst-raub-rueckgabe.de\/wp-content\/uploads\/2023\/12\/Roemischer-Kindersarkophag-SMB-e1701696344119.jpg 584w\" sizes=\"(max-width: 640px) 100vw, 584px\" \/><\/span><div class=\"awb-imageframe-caption-container\"><div class=\"awb-imageframe-caption\"><div class=\"awb-imageframe-caption-title\">R\u00f6mischer Kindersarkophag, Marmor, 2. Jahrhundert n. Chr. Restituiert 2015, zur\u00fcckgekauft 2016.<\/div><p class=\"awb-imageframe-caption-text\">Staatliche Museen zu Berlin, Antikensammlung \/ Johannes Laurentius. CC BY-SA 4.0<\/p><\/div><\/div><\/div><div class=\"fusion-image-element awb-imageframe-style awb-imageframe-style-below awb-imageframe-style-23\" style=\"text-align:right;--awb-caption-text-size:14px;--awb-caption-margin-top:10px;--awb-caption-margin-bottom:20px;--awb-caption-title-font-family:var(--body_typography-font-family);--awb-caption-title-font-weight:var(--body_typography-font-weight);--awb-caption-title-font-style:var(--body_typography-font-style);--awb-caption-title-size:14px;--awb-caption-title-transform:var(--body_typography-text-transform);--awb-caption-title-line-height:var(--body_typography-line-height);--awb-caption-title-letter-spacing:var(--body_typography-letter-spacing);\"><span class=\" fusion-imageframe imageframe-none imageframe-23 hover-type-none\"><img decoding=\"async\" width=\"2560\" height=\"1921\" alt=\"Foto. Skulptur eines L\u00f6wen aus wei\u00dfem Stein.\" title=\"Ansicht von links\" src=\"https:\/\/kunst-raub-rueckgabe.de\/wp-content\/uploads\/2023\/08\/August-Gaul-Loewe-James-Simon-Galerie-Seitenansicht-scaled.jpg\" class=\"img-responsive wp-image-3403\" srcset=\"https:\/\/kunst-raub-rueckgabe.de\/wp-content\/uploads\/2023\/08\/August-Gaul-Loewe-James-Simon-Galerie-Seitenansicht-200x150.jpg 200w, https:\/\/kunst-raub-rueckgabe.de\/wp-content\/uploads\/2023\/08\/August-Gaul-Loewe-James-Simon-Galerie-Seitenansicht-400x300.jpg 400w, https:\/\/kunst-raub-rueckgabe.de\/wp-content\/uploads\/2023\/08\/August-Gaul-Loewe-James-Simon-Galerie-Seitenansicht-600x450.jpg 600w, https:\/\/kunst-raub-rueckgabe.de\/wp-content\/uploads\/2023\/08\/August-Gaul-Loewe-James-Simon-Galerie-Seitenansicht-800x600.jpg 800w, https:\/\/kunst-raub-rueckgabe.de\/wp-content\/uploads\/2023\/08\/August-Gaul-Loewe-James-Simon-Galerie-Seitenansicht-1200x901.jpg 1200w, https:\/\/kunst-raub-rueckgabe.de\/wp-content\/uploads\/2023\/08\/August-Gaul-Loewe-James-Simon-Galerie-Seitenansicht-scaled.jpg 2560w\" sizes=\"(max-width: 640px) 100vw, 800px\" \/><\/span><div class=\"awb-imageframe-caption-container\" style=\"text-align:left;\"><div class=\"awb-imageframe-caption\"><div class=\"awb-imageframe-caption-title\">August Gaul: Liegender L\u00f6we, Kalkstein, 1903. Restituiert 2015, zur\u00fcckgekauft 2016.<\/div><p class=\"awb-imageframe-caption-text\">Staatliche Museen zu Berlin, Nationalgalerie \/ Andres Kilger. CC BY-SA 4.0<\/p><\/div><\/div><\/div><div class=\"fusion-image-element awb-imageframe-style awb-imageframe-style-below awb-imageframe-style-24\" style=\"--awb-caption-margin-top:10px;--awb-caption-margin-bottom:20px;--awb-caption-title-font-family:var(--body_typography-font-family);--awb-caption-title-font-weight:var(--body_typography-font-weight);--awb-caption-title-font-style:var(--body_typography-font-style);--awb-caption-title-size:var(--body_typography-font-size);--awb-caption-title-transform:var(--body_typography-text-transform);--awb-caption-title-line-height:var(--body_typography-line-height);--awb-caption-title-letter-spacing:var(--body_typography-letter-spacing);\"><span class=\" fusion-imageframe imageframe-none imageframe-24 hover-type-none\"><img decoding=\"async\" width=\"1951\" height=\"2560\" alt=\"Foto. Skulptur einer unbekleideten sitzenden Frau aus wei\u00dfem Stein.\" title=\"Reinhold Begas: Susanna\" src=\"https:\/\/kunst-raub-rueckgabe.de\/wp-content\/uploads\/2023\/09\/Reinhold-Begas-Susanna-SMB-scaled.jpg\" class=\"img-responsive wp-image-2579\" srcset=\"https:\/\/kunst-raub-rueckgabe.de\/wp-content\/uploads\/2023\/09\/Reinhold-Begas-Susanna-SMB-200x262.jpg 200w, https:\/\/kunst-raub-rueckgabe.de\/wp-content\/uploads\/2023\/09\/Reinhold-Begas-Susanna-SMB-400x525.jpg 400w, https:\/\/kunst-raub-rueckgabe.de\/wp-content\/uploads\/2023\/09\/Reinhold-Begas-Susanna-SMB-600x787.jpg 600w, https:\/\/kunst-raub-rueckgabe.de\/wp-content\/uploads\/2023\/09\/Reinhold-Begas-Susanna-SMB-800x1050.jpg 800w, https:\/\/kunst-raub-rueckgabe.de\/wp-content\/uploads\/2023\/09\/Reinhold-Begas-Susanna-SMB-1200x1575.jpg 1200w, https:\/\/kunst-raub-rueckgabe.de\/wp-content\/uploads\/2023\/09\/Reinhold-Begas-Susanna-SMB-scaled.jpg 1951w\" sizes=\"(max-width: 640px) 100vw, 800px\" \/><\/span><div class=\"awb-imageframe-caption-container\"><div class=\"awb-imageframe-caption\"><div class=\"awb-imageframe-caption-title\">Reinhold Begas: Susanna, Marmor, 1869\/70. Restituiert 2016, zur\u00fcckgekauft 2017.<\/div><p class=\"awb-imageframe-caption-text\">Staatliche Museen zu Berlin, Nationalgalerie \/ Andres Kilger. Public Domain Mark 1.0<\/p><\/div><\/div><\/div><\/div><\/div><div class=\"fusion-layout-column fusion_builder_column fusion-builder-column-44 awb-sticky awb-sticky-large fusion_builder_column_1_2 1_2 fusion-flex-column\" style=\"--awb-bg-size:cover;--awb-width-large:50%;--awb-margin-top-large:0px;--awb-spacing-right-large:3.84%;--awb-margin-bottom-large:0px;--awb-spacing-left-large:3.84%;--awb-width-medium:50%;--awb-order-medium:0;--awb-spacing-right-medium:3.84%;--awb-spacing-left-medium:3.84%;--awb-width-small:100%;--awb-order-small:0;--awb-spacing-right-small:1.92%;--awb-spacing-left-small:1.92%;--awb-sticky-offset:20px;\" data-scroll-devices=\"small-visibility,medium-visibility,large-visibility\"><div class=\"fusion-column-wrapper fusion-column-has-shadow fusion-flex-justify-content-flex-start fusion-content-layout-column\"><div class=\"fusion-text fusion-text-24\"><p>Im Zuge ihrer Provenienzforschung werden die Staatlichen Museen zu Berlin auf mehrere Kunstwerke aufmerksam, die aus der Sammlung von Rudolf und Emilie Mosse stammen. 2015 und 2016 werden sie an die Erben der Familie restituiert.<\/p>\n<p>Drei Werke k\u00f6nnen zur\u00fcckgekauft werden und befinden sich noch heute auf der Museumsinsel. Darunter auch der L\u00f6we, der einst im Hof des Mosse-Palais die Besucher:innen begr\u00fc\u00dfte.<\/p>\n<\/div><\/div><\/div><div class=\"fusion-layout-column fusion_builder_column fusion-builder-column-45 awb-sticky awb-sticky-small awb-sticky-medium awb-sticky-large fusion_builder_column_1_2 1_2 fusion-flex-column\" style=\"--awb-bg-size:cover;--awb-width-large:50%;--awb-margin-top-large:0px;--awb-spacing-right-large:3.84%;--awb-margin-bottom-large:0px;--awb-spacing-left-large:3.84%;--awb-width-medium:50%;--awb-order-medium:0;--awb-spacing-right-medium:3.84%;--awb-spacing-left-medium:3.84%;--awb-width-small:100%;--awb-order-small:0;--awb-spacing-right-small:1.92%;--awb-spacing-left-small:1.92%;--awb-sticky-offset:20px;\"><div class=\"fusion-column-wrapper fusion-column-has-shadow fusion-flex-justify-content-flex-start fusion-content-layout-column\">\n\n<audio controls=\"controls\">\n<source src=\"https:\/\/kunst-raub-rueckgabe.de\/wp-content\/uploads\/2023\/12\/ENG53_A-Ton-of-Marble.mp3\" type=\"audio\/mpeg\" \/>\nYour browser does not support the audio element.\n<\/audio>\n\n<div class=\"fusion-text fusion-text-25\" style=\"--awb-font-size:14px;--awb-margin-top:10px;\"><p>Eine Tonne Marmor \u2013 Translokation einer Plastik durch sechs politische Systeme. Aus der \u201eProvenienzspur\u201c in der App der Alten Nationalgalerie, Berlin.\u00a0\u00a9 Staatliche Museen zu Berlin \u2013 Preu\u00dfischer Kulturbesitz<\/p>\n<\/div><\/div><\/div><\/div><\/div><div class=\"fusion-fullwidth fullwidth-box fusion-builder-row-26 fusion-flex-container has-pattern-background has-mask-background nonhundred-percent-fullwidth non-hundred-percent-height-scrolling Restitution\" style=\"--awb-border-radius-top-left:0px;--awb-border-radius-top-right:0px;--awb-border-radius-bottom-right:0px;--awb-border-radius-bottom-left:0px;--awb-padding-top:50px;--awb-padding-bottom:50px;--awb-padding-top-small:25px;--awb-padding-bottom-small:25px;--awb-margin-top:0px;--awb-margin-bottom:0px;--awb-background-color:var(--awb-color3);--awb-flex-wrap:wrap;\" ><div class=\"fusion-builder-row fusion-row fusion-flex-align-items-flex-start fusion-flex-content-wrap\" style=\"max-width:1497.6px;margin-left: calc(-4% \/ 2 );margin-right: calc(-4% \/ 2 );\"><div class=\"fusion-layout-column fusion_builder_column fusion-builder-column-46 fusion_builder_column_1_2 1_2 fusion-flex-column\" style=\"--awb-bg-size:cover;--awb-width-large:50%;--awb-margin-top-large:0px;--awb-spacing-right-large:3.84%;--awb-margin-bottom-large:20px;--awb-spacing-left-large:3.84%;--awb-width-medium:50%;--awb-order-medium:0;--awb-spacing-right-medium:3.84%;--awb-spacing-left-medium:3.84%;--awb-width-small:100%;--awb-order-small:0;--awb-spacing-right-small:1.92%;--awb-spacing-left-small:1.92%;\"><div class=\"fusion-column-wrapper fusion-column-has-shadow fusion-flex-justify-content-center fusion-content-layout-row fusion-flex-align-items-center\"><div class=\"fusion-image-element awb-imageframe-style awb-imageframe-style-below awb-imageframe-style-25\" style=\"text-align:right;--awb-margin-bottom:50px;--awb-caption-text-size:14px;--awb-caption-title-font-family:var(--body_typography-font-family);--awb-caption-title-font-weight:var(--body_typography-font-weight);--awb-caption-title-font-style:var(--body_typography-font-style);--awb-caption-title-size:14px;--awb-caption-title-transform:var(--body_typography-text-transform);--awb-caption-title-line-height:var(--body_typography-line-height);--awb-caption-title-letter-spacing:var(--body_typography-letter-spacing);\"><span class=\" fusion-imageframe imageframe-none imageframe-25 hover-type-none zoooom\"><img decoding=\"async\" src=\"https:\/\/kunst-raub-rueckgabe.de\/wp-content\/uploads\/2023\/01\/2008-1711_HST122-2-1200x1811.jpg\" alt class=\"img-responsive\"\/><\/span><div class=\"awb-imageframe-caption-container\" style=\"text-align:left;\"><div class=\"awb-imageframe-caption\"><\/div><\/div><\/div><\/div><\/div><div class=\"fusion-layout-column fusion_builder_column fusion-builder-column-47 awb-sticky awb-sticky-small awb-sticky-medium awb-sticky-large fusion_builder_column_1_2 1_2 fusion-flex-column\" style=\"--awb-bg-size:cover;--awb-width-large:50%;--awb-margin-top-large:0px;--awb-spacing-right-large:3.84%;--awb-margin-bottom-large:0px;--awb-spacing-left-large:3.84%;--awb-width-medium:50%;--awb-order-medium:0;--awb-spacing-right-medium:3.84%;--awb-spacing-left-medium:3.84%;--awb-width-small:100%;--awb-order-small:0;--awb-spacing-right-small:1.92%;--awb-spacing-left-small:1.92%;--awb-sticky-offset:20px;\"><div class=\"fusion-column-wrapper fusion-column-has-shadow fusion-flex-justify-content-flex-start fusion-content-layout-column\"><div class=\"fusion-text fusion-text-26\"><p>Auch die Staatsbibliothek zu Berlin kann in ihrem Bestand Werke identifizieren, die aus dem Besitz der Mosses stammen. Sie gibt 45 B\u00fccher und das \u201eAlbum Amicorum\u201c zur\u00fcck.<\/p>\n<p>Dieses Album enth\u00e4lt die pers\u00f6nlichen Gl\u00fcckw\u00fcnsche von Freund:innen und Wegbegleiter:innen zu Rudolf Mosses 70. Geburtstag. Es ist ein besonderes Zeugnis seines Netzwerks und zeigt die Bedeutung, die Mosse im Berliner Wirtschafts- und Geistesleben seiner Zeit hatte.<\/p>\n<\/div><\/div><\/div><\/div><\/div><div class=\"fusion-fullwidth fullwidth-box fusion-builder-row-27 fusion-flex-container has-pattern-background has-mask-background nonhundred-percent-fullwidth non-hundred-percent-height-scrolling fusion-custom-z-index\" style=\"--awb-border-radius-top-left:0px;--awb-border-radius-top-right:0px;--awb-border-radius-bottom-right:0px;--awb-border-radius-bottom-left:0px;--awb-z-index:1000;--awb-padding-top:50px;--awb-padding-bottom:50px;--awb-margin-top:0px;--awb-margin-bottom:0px;--awb-background-color:var(--awb-color3);--awb-flex-wrap:wrap;\" ><div class=\"fusion-builder-row fusion-row fusion-flex-align-items-flex-start fusion-flex-justify-content-center fusion-flex-content-wrap\" style=\"max-width:1497.6px;margin-left: calc(-4% \/ 2 );margin-right: calc(-4% \/ 2 );\"><div class=\"fusion-layout-column fusion_builder_column fusion-builder-column-48 fusion_builder_column_1_1 1_1 fusion-flex-column\" style=\"--awb-bg-size:cover;--awb-width-large:100%;--awb-margin-top-large:0px;--awb-spacing-right-large:1.92%;--awb-margin-bottom-large:100px;--awb-spacing-left-large:1.92%;--awb-width-medium:100%;--awb-order-medium:0;--awb-spacing-right-medium:1.92%;--awb-spacing-left-medium:1.92%;--awb-width-small:100%;--awb-order-small:0;--awb-spacing-right-small:1.92%;--awb-spacing-left-small:1.92%;\"><div class=\"fusion-column-wrapper fusion-column-has-shadow fusion-flex-justify-content-flex-start fusion-content-layout-column\"><div class=\"fusion-text fusion-text-27\"><h3 style=\"text-align: center;\">Beitrag des Rundfunks Berlin-Brandenburg \u00fcber Rudolf Mosse<\/h3>\n<\/div><\/div><\/div><div class=\"fusion-layout-column fusion_builder_column fusion-builder-column-49 fusion_builder_column_1_1 1_1 fusion-flex-column\" style=\"--awb-bg-size:cover;--awb-width-large:100%;--awb-margin-top-large:0px;--awb-spacing-right-large:1.92%;--awb-margin-bottom-large:0px;--awb-spacing-left-large:1.92%;--awb-width-medium:100%;--awb-order-medium:0;--awb-spacing-right-medium:1.92%;--awb-spacing-left-medium:1.92%;--awb-width-small:100%;--awb-order-small:0;--awb-spacing-right-small:1.92%;--awb-spacing-left-small:1.92%;\"><div class=\"fusion-column-wrapper fusion-column-has-shadow fusion-flex-justify-content-flex-start fusion-content-layout-column\"><div class=\"fusion-video fusion-vimeo\" style=\"--awb-max-width:1280px;--awb-max-height:720px;--awb-margin-top:0px;--awb-margin-bottom:0px;\"><div class=\"video-shortcode\"><div class=\"fluid-width-video-wrapper\" style=\"padding-top:56.25%;\" ><iframe data-privacy-type=\"vimeo\" src=\"\" class=\"fusion-hidden lazyload\" title=\"Vimeo video player 1\" data-privacy-src=\"https:\/\/player.vimeo.com\/video\/860860807?autoplay=0&amp;rel=0&amp;byline=0&amp;portrait=0&amp;autopause=0\" data-orig-src=\"https:\/\/player.vimeo.com\/video\/860860807?autoplay=0&amp;rel=0&amp;byline=0&amp;portrait=0&amp;autopause=0\" width=\"1280\" height=\"720\" allowfullscreen allow=\"autoplay; fullscreen\"><\/iframe><div class=\"fusion-privacy-placeholder\" style=\"width:1280px; height:720px;\" data-privacy-type=\"vimeo\"><div class=\"fusion-privacy-placeholder-content\"><div class=\"fusion-privacy-label\">For privacy reasons Vimeo needs your permission to be loaded.<\/div><button data-privacy-type=\"vimeo\" class=\"fusion-button button-default fusion-button-default-size button fusion-privacy-consent\">I Accept<\/button><\/div><\/div><\/div><\/div><\/div><\/div><\/div><\/div><\/div><div class=\"fusion-fullwidth fullwidth-box fusion-builder-row-28 fusion-flex-container has-pattern-background has-mask-background nonhundred-percent-fullwidth non-hundred-percent-height-scrolling fusion-custom-z-index\" style=\"--link_hover_color: var(--awb-color5);--awb-border-radius-top-left:0px;--awb-border-radius-top-right:0px;--awb-border-radius-bottom-right:0px;--awb-border-radius-bottom-left:0px;--awb-z-index:100;--awb-padding-top:50px;--awb-padding-bottom:50px;--awb-margin-top:0px;--awb-margin-bottom:0px;--awb-background-color:var(--awb-color1);--awb-flex-wrap:wrap;\" ><div class=\"fusion-builder-row fusion-row fusion-flex-align-items-flex-start fusion-flex-content-wrap\" style=\"max-width:1497.6px;margin-left: calc(-4% \/ 2 );margin-right: calc(-4% \/ 2 );\"><div class=\"fusion-layout-column fusion_builder_column fusion-builder-column-50 awb-sticky awb-sticky-medium awb-sticky-large fusion_builder_column_2_3 2_3 fusion-flex-column\" style=\"--awb-bg-size:cover;--awb-width-large:66.666666666667%;--awb-margin-top-large:0px;--awb-spacing-right-large:2.88%;--awb-margin-bottom-large:0px;--awb-spacing-left-large:2.88%;--awb-width-medium:66.666666666667%;--awb-order-medium:0;--awb-spacing-right-medium:2.88%;--awb-spacing-left-medium:2.88%;--awb-width-small:100%;--awb-order-small:0;--awb-spacing-right-small:1.92%;--awb-spacing-left-small:1.92%;--awb-sticky-offset:20px;\"><div class=\"fusion-column-wrapper fusion-column-has-shadow fusion-flex-justify-content-flex-start fusion-content-layout-column\"><div class=\"fusion-title title fusion-title-9 fusion-sep-none fusion-title-text fusion-title-size-two kein-inhalt\" style=\"--awb-margin-top-small:10px;--awb-margin-right-small:0px;--awb-margin-bottom-small:10px;--awb-margin-left-small:0px;\"><h2 class=\"fusion-title-heading title-heading-left fusion-responsive-typography-calculated\" style=\"margin:0;--fontSize:40;line-height:var(--awb-typography1-line-height);\"><h2 class=\"fusion-responsive-typography-calculated\" data-fontsize=\"40\" data-lineheight=\"48px\">Weitere Links<\/h2><\/h2><\/div><div class=\"fusion-text fusion-text-28\"><p><a href=\"https:\/\/www.proveana.de\/de\/sammlung\/sammlung-mosse\" target=\"_blank\" rel=\"noopener\">Eintrag auf Proveana: Sammlung Mosse \u2192<\/a><\/p>\n<p><a href=\"https:\/\/www.mari-portal.de\/\" target=\"_blank\" rel=\"noopener\">Mosse Art Research Initiative \u2192<\/a><\/p>\n<p><a href=\"https:\/\/www.preussischer-kulturbesitz.de\/pressemitteilung\/artikel\/2015\/02\/12\/stiftung-preussischer-kulturbesitz-restituiert-kunstwerke-aus-der-sammlung-des-grossen-berliner-verlegers-rudolf-mosse.html\" target=\"_blank\" rel=\"noopener\">Pressemitteilung der Stiftung Preu\u00dfischer Kulturbesitz, 12. Februar 2015 \u2192<\/a><\/p>\n<p><a href=\"https:\/\/www.preussischer-kulturbesitz.de\/pressemitteilung\/artikel\/2016\/12\/01\/einigung-der-stiftung-preussischer-kulturbesitz-mit-den-erben-der-familie-mosse-zu-verfolgungsbedingt-entzogener-skulptur.html\" target=\"_blank\" rel=\"noopener\">Pressemitteilung der Stiftung Preu\u00dfischer Kulturbesitz, 1. Dezember 2016 \u2192<\/a><\/p>\n<p><a href=\"https:\/\/www.preussischer-kulturbesitz.de\/newsroom\/mediathek\/dokumente\/dokument-detail\/artikel\/2016\/04\/25\/reklamegeschaeft-und-sammellust-der-verleger-rudolf-mosse-jahrbuchbeitrag-von-michael-bienert-und-elke-linda-buchholz.html\" target=\"_blank\" rel=\"noopener\">Michael Bienert und Elke Linda Buchholz: Reklamegesch\u00e4ft und Sammellust: Der Verleger Rudolf Mosse \u2192<\/a><\/p>\n<p><a href=\"https:\/\/www.spkmagazin.de\/der-loewe-des-koenigs\" target=\"_blank\" rel=\"noopener\">Sven Felix Kellerhoff: Der L\u00f6we des K\u00f6nigs \u2192<\/a><\/p>\n<p><a href=\"https:\/\/www.spkmagazin.de\/susanna-begas-mosse-die-geschichte-hinter-dem-objekt\" target=\"_blank\" rel=\"noopener\">\u201eSusanna\u201c, Begas, Mosse \u2013 Die Geschichte hinter dem Objekt \u2192<\/a><\/p>\n<p><a href=\"https:\/\/blog.smb.museum\/susannas-lange-reise-auf-den-spuren-der-sammlung-mosse\/\" target=\"_blank\" rel=\"noopener\">Yvette Deseyve und Emily Oberk\u00f6nig: Susannas lange Reise: Auf den Spuren der Sammlung Mosse\u00a0\u2192<\/a><\/p>\n<p><a href=\"https:\/\/ausstellungen.deutsche-digitale-bibliothek.de\/spotlight-objekte-spk\/#s12\" target=\"_blank\" rel=\"noopener\">Petra Winter: Palais Mosse &#8211; Leipziger Platz 15 \/ Vo\u00dfstra\u00dfe 22 \u2192<\/a><\/p>\n<\/div><\/div><\/div><\/div><\/div><\/p>\n","protected":false},"excerpt":{"rendered":"","protected":false},"author":6,"featured_media":2586,"menu_order":0,"comment_status":"closed","ping_status":"closed","template":"","format":"standard","meta":{"_acf_changed":false,"inline_featured_image":false,"footnotes":""},"portfolio_category":[],"portfolio_skills":[],"portfolio_tags":[],"class_list":["post-2335","avada_portfolio","type-avada_portfolio","status-publish","format-standard","has-post-thumbnail","hentry"],"acf":[],"_links":{"self":[{"href":"https:\/\/kunst-raub-rueckgabe.de\/en\/wp-json\/wp\/v2\/avada_portfolio\/2335","targetHints":{"allow":["GET"]}}],"collection":[{"href":"https:\/\/kunst-raub-rueckgabe.de\/en\/wp-json\/wp\/v2\/avada_portfolio"}],"about":[{"href":"https:\/\/kunst-raub-rueckgabe.de\/en\/wp-json\/wp\/v2\/types\/avada_portfolio"}],"author":[{"embeddable":true,"href":"https:\/\/kunst-raub-rueckgabe.de\/en\/wp-json\/wp\/v2\/users\/6"}],"replies":[{"embeddable":true,"href":"https:\/\/kunst-raub-rueckgabe.de\/en\/wp-json\/wp\/v2\/comments?post=2335"}],"version-history":[{"count":236,"href":"https:\/\/kunst-raub-rueckgabe.de\/en\/wp-json\/wp\/v2\/avada_portfolio\/2335\/revisions"}],"predecessor-version":[{"id":5962,"href":"https:\/\/kunst-raub-rueckgabe.de\/en\/wp-json\/wp\/v2\/avada_portfolio\/2335\/revisions\/5962"}],"wp:featuredmedia":[{"embeddable":true,"href":"https:\/\/kunst-raub-rueckgabe.de\/en\/wp-json\/wp\/v2\/media\/2586"}],"wp:attachment":[{"href":"https:\/\/kunst-raub-rueckgabe.de\/en\/wp-json\/wp\/v2\/media?parent=2335"}],"wp:term":[{"taxonomy":"portfolio_category","embeddable":true,"href":"https:\/\/kunst-raub-rueckgabe.de\/en\/wp-json\/wp\/v2\/portfolio_category?post=2335"},{"taxonomy":"portfolio_skills","embeddable":true,"href":"https:\/\/kunst-raub-rueckgabe.de\/en\/wp-json\/wp\/v2\/portfolio_skills?post=2335"},{"taxonomy":"portfolio_tags","embeddable":true,"href":"https:\/\/kunst-raub-rueckgabe.de\/en\/wp-json\/wp\/v2\/portfolio_tags?post=2335"}],"curies":[{"name":"wp","href":"https:\/\/api.w.org\/{rel}","templated":true}]}}