{"id":2336,"date":"2023-12-04T13:59:58","date_gmt":"2023-12-04T12:59:58","guid":{"rendered":"https:\/\/kunst-raub-rueckgabe.de\/?post_type=avada_portfolio&#038;p=2336"},"modified":"2026-03-26T14:20:57","modified_gmt":"2026-03-26T13:20:57","slug":"berolzheimer","status":"publish","type":"avada_portfolio","link":"https:\/\/kunst-raub-rueckgabe.de\/en\/biografie\/berolzheimer\/","title":{"rendered":"In the salon of Untergrainau"},"content":{"rendered":"<p><div class=\"fusion-fullwidth fullwidth-box fusion-builder-row-1 fusion-flex-container has-pattern-background has-mask-background nonhundred-percent-fullwidth non-hundred-percent-height-scrolling\" style=\"--awb-border-radius-top-left:0px;--awb-border-radius-top-right:0px;--awb-border-radius-bottom-right:0px;--awb-border-radius-bottom-left:0px;--awb-padding-top:150px;--awb-padding-bottom:150px;--awb-padding-top-small:50px;--awb-padding-bottom-small:50px;--awb-margin-top:0px;--awb-margin-bottom:0px;--awb-flex-wrap:wrap;\" ><div class=\"fusion-builder-row fusion-row fusion-flex-align-items-flex-start fusion-flex-justify-content-center fusion-flex-content-wrap\" style=\"max-width:1497.6px;margin-left: calc(-4% \/ 2 );margin-right: calc(-4% \/ 2 );\"><div class=\"fusion-layout-column fusion_builder_column fusion-builder-column-0 fusion_builder_column_3_4 3_4 fusion-flex-column\" style=\"--awb-bg-size:cover;--awb-width-large:75%;--awb-margin-top-large:0px;--awb-spacing-right-large:2.56%;--awb-margin-bottom-large:0px;--awb-spacing-left-large:2.56%;--awb-width-medium:75%;--awb-order-medium:0;--awb-spacing-right-medium:2.56%;--awb-spacing-left-medium:2.56%;--awb-width-small:100%;--awb-order-small:0;--awb-spacing-right-small:1.92%;--awb-spacing-left-small:1.92%;\"><div class=\"fusion-column-wrapper fusion-column-has-shadow fusion-flex-justify-content-flex-start fusion-content-layout-column\"><div class=\"fusion-title title fusion-title-1 fusion-sep-none fusion-title-center fusion-title-text fusion-title-size-div zitat\" style=\"--awb-margin-top-small:10px;--awb-margin-right-small:0px;--awb-margin-bottom-small:10px;--awb-margin-left-small:0px;--awb-font-size:var(--awb-custom_typography_1-font-size);\"><div class=\"fusion-title-heading title-heading-center title-heading-tag sm-text-align-left fusion-responsive-typography-calculated\" style=\"font-family:var(--awb-custom_typography_1-font-family);font-weight:var(--awb-custom_typography_1-font-weight);font-style:var(--awb-custom_typography_1-font-style);margin:0;letter-spacing:var(--awb-custom_typography_1-letter-spacing);text-transform:var(--awb-custom_typography_1-text-transform);font-size:1em;--fontSize:40;line-height:var(--awb-custom_typography_1-line-height);\">Dr Michael Berolzheimer is a lawyer by profession but his real passions are art and genealogy. He is from an old-established family from Franconia in southern Germany.<\/div><\/div><\/div><\/div><\/div><\/div><div class=\"fusion-fullwidth fullwidth-box fusion-builder-row-2 fusion-flex-container has-pattern-background has-mask-background nonhundred-percent-fullwidth non-hundred-percent-height-scrolling\" style=\"--awb-border-radius-top-left:0px;--awb-border-radius-top-right:0px;--awb-border-radius-bottom-right:0px;--awb-border-radius-bottom-left:0px;--awb-padding-top:60px;--awb-flex-wrap:wrap;\" ><div class=\"fusion-builder-row fusion-row fusion-flex-align-items-flex-start fusion-flex-content-wrap\" style=\"max-width:1497.6px;margin-left: calc(-4% \/ 2 );margin-right: calc(-4% \/ 2 );\"><div class=\"fusion-layout-column fusion_builder_column fusion-builder-column-1 fusion_builder_column_1_1 1_1 fusion-flex-column\" style=\"--awb-bg-size:cover;--awb-width-large:100%;--awb-margin-top-large:0px;--awb-spacing-right-large:1.92%;--awb-margin-bottom-large:20px;--awb-spacing-left-large:1.92%;--awb-width-medium:100%;--awb-order-medium:0;--awb-spacing-right-medium:1.92%;--awb-spacing-left-medium:1.92%;--awb-width-small:100%;--awb-order-small:0;--awb-spacing-right-small:1.92%;--awb-spacing-left-small:1.92%;\"><div class=\"fusion-column-wrapper fusion-column-has-shadow fusion-flex-justify-content-flex-start fusion-content-layout-column\"><div class=\"fusion-title title fusion-title-2 fusion-sep-none fusion-title-center fusion-title-text fusion-title-size-two\" style=\"--awb-margin-top-small:10px;--awb-margin-right-small:0px;--awb-margin-bottom-small:10px;--awb-margin-left-small:0px;\"><h2 class=\"fusion-title-heading title-heading-center fusion-responsive-typography-calculated\" style=\"margin:0;--fontSize:40;line-height:var(--awb-typography1-line-height);\">The Berolzheimers: entrepreneurs and philanthropists<\/h2><\/div><\/div><\/div><\/div><\/div><div class=\"fusion-fullwidth fullwidth-box fusion-builder-row-3 fusion-flex-container has-pattern-background has-mask-background nonhundred-percent-fullwidth non-hundred-percent-height-scrolling\" style=\"--awb-border-radius-top-left:0px;--awb-border-radius-top-right:0px;--awb-border-radius-bottom-right:0px;--awb-border-radius-bottom-left:0px;--awb-padding-top:50px;--awb-padding-bottom:50px;--awb-padding-top-small:25px;--awb-padding-bottom-small:25px;--awb-margin-top:0px;--awb-margin-bottom:0px;--awb-flex-wrap:wrap;\" ><div class=\"fusion-builder-row fusion-row fusion-flex-align-items-flex-start fusion-flex-content-wrap\" style=\"max-width:1497.6px;margin-left: calc(-4% \/ 2 );margin-right: calc(-4% \/ 2 );\"><div class=\"fusion-layout-column fusion_builder_column fusion-builder-column-2 fusion_builder_column_1_2 1_2 fusion-flex-column\" style=\"--awb-bg-size:cover;--awb-width-large:50%;--awb-margin-top-large:0px;--awb-spacing-right-large:3.84%;--awb-margin-bottom-large:20px;--awb-spacing-left-large:3.84%;--awb-width-medium:50%;--awb-order-medium:0;--awb-spacing-right-medium:3.84%;--awb-spacing-left-medium:3.84%;--awb-width-small:100%;--awb-order-small:1;--awb-spacing-right-small:1.92%;--awb-spacing-left-small:1.92%;\"><div class=\"fusion-column-wrapper fusion-column-has-shadow fusion-flex-justify-content-flex-start fusion-content-layout-column\"><div class=\"fusion-image-carousel fusion-image-carousel-auto fusion-image-carousel-1 fusion-carousel-border awb-image-carousel-top-below-caption\"><div class=\"awb-carousel awb-swiper awb-swiper-carousel awb-carousel--carousel awb-swiper-dots-position-bottom awb-imageframe-style awb-imageframe-style-below awb-imageframe-style-1\" data-layout=\"carousel\" data-autoplay=\"no\" data-autoplayspeed=\"2500\" data-autoplaypause=\"no\" data-loop=\"yes\" data-columns=\"1\" data-columnsmedium=\"1\" data-columnssmall=\"1\" data-itemmargin=\"13\" data-itemwidth=\"180\" data-touchscroll=\"no\" data-freemode=\"no\" data-imagesize=\"auto\" data-scrollitems=\"0\" data-centeredslides=\"no\" data-rotationangle=\"50\" data-depth=\"100\" data-speed=\"500\" data-shadow=\"no\" data-pagination=\"bullets\" style=\"--awb-columns:1;--awb-caption-title-color:var(--awb-color5);--awb-caption-text-color:var(--awb-color5);--awb-border-width:1px;--awb-border-color:#e9eaee;\"><div class=\"swiper-wrapper awb-image-carousel-wrapper fusion-flex-align-items-center\"><div class=\"swiper-slide\"><div class=\"fusion-carousel-item-wrapper\"><div class=\"fusion-image-wrapper hover-type-none\"><img decoding=\"async\" width=\"2560\" height=\"1707\" src=\"https:\/\/kunst-raub-rueckgabe.de\/wp-content\/uploads\/2023\/10\/Berolzheimerianum-heute-scaled.jpg\" class=\"attachment-full size-full\" alt=\"Large five-storey building in Art Nouveau style\" srcset=\"https:\/\/kunst-raub-rueckgabe.de\/wp-content\/uploads\/2023\/10\/Berolzheimerianum-heute-18x12.jpg 18w, https:\/\/kunst-raub-rueckgabe.de\/wp-content\/uploads\/2023\/10\/Berolzheimerianum-heute-200x133.jpg 200w, https:\/\/kunst-raub-rueckgabe.de\/wp-content\/uploads\/2023\/10\/Berolzheimerianum-heute-300x200.jpg 300w, https:\/\/kunst-raub-rueckgabe.de\/wp-content\/uploads\/2023\/10\/Berolzheimerianum-heute-400x267.jpg 400w, https:\/\/kunst-raub-rueckgabe.de\/wp-content\/uploads\/2023\/10\/Berolzheimerianum-heute-600x400.jpg 600w, https:\/\/kunst-raub-rueckgabe.de\/wp-content\/uploads\/2023\/10\/Berolzheimerianum-heute-768x512.jpg 768w, https:\/\/kunst-raub-rueckgabe.de\/wp-content\/uploads\/2023\/10\/Berolzheimerianum-heute-800x533.jpg 800w, https:\/\/kunst-raub-rueckgabe.de\/wp-content\/uploads\/2023\/10\/Berolzheimerianum-heute-1024x683.jpg 1024w, https:\/\/kunst-raub-rueckgabe.de\/wp-content\/uploads\/2023\/10\/Berolzheimerianum-heute-1200x800.jpg 1200w, https:\/\/kunst-raub-rueckgabe.de\/wp-content\/uploads\/2023\/10\/Berolzheimerianum-heute-1536x1024.jpg 1536w, https:\/\/kunst-raub-rueckgabe.de\/wp-content\/uploads\/2023\/10\/Berolzheimerianum-heute-scaled.jpg 2560w\" sizes=\"(max-width: 2560px) 100vw, 2560px\" \/><\/div><div class=\"awb-imageframe-caption-container\" style=\"text-align:left;\"><div class=\"awb-imageframe-caption\"><div class=\"awb-imageframe-caption-title\">The Berolzheimerianum in F\u00fcrth, today the home of the Com\u00f6die F\u00fcrth theater.<\/div><p class=\"awb-imageframe-caption-text\">City of F\u00fcrth \/ Norbert Mittelsdorf<\/p><\/div><\/div><\/div><\/div><div class=\"swiper-slide\"><div class=\"fusion-carousel-item-wrapper\"><div class=\"fusion-image-wrapper hover-type-none\"><img decoding=\"async\" width=\"1195\" height=\"899\" src=\"https:\/\/kunst-raub-rueckgabe.de\/wp-content\/uploads\/2023\/10\/Berolzheimerianum-1907.jpg\" class=\"attachment-full size-full\" alt=\"Historic photo in black and white: Large five-storey Art Nouveau building\" srcset=\"https:\/\/kunst-raub-rueckgabe.de\/wp-content\/uploads\/2023\/10\/Berolzheimerianum-1907-16x12.jpg 16w, https:\/\/kunst-raub-rueckgabe.de\/wp-content\/uploads\/2023\/10\/Berolzheimerianum-1907-200x150.jpg 200w, https:\/\/kunst-raub-rueckgabe.de\/wp-content\/uploads\/2023\/10\/Berolzheimerianum-1907-300x226.jpg 300w, https:\/\/kunst-raub-rueckgabe.de\/wp-content\/uploads\/2023\/10\/Berolzheimerianum-1907-400x301.jpg 400w, https:\/\/kunst-raub-rueckgabe.de\/wp-content\/uploads\/2023\/10\/Berolzheimerianum-1907-600x451.jpg 600w, https:\/\/kunst-raub-rueckgabe.de\/wp-content\/uploads\/2023\/10\/Berolzheimerianum-1907-768x578.jpg 768w, https:\/\/kunst-raub-rueckgabe.de\/wp-content\/uploads\/2023\/10\/Berolzheimerianum-1907-800x602.jpg 800w, https:\/\/kunst-raub-rueckgabe.de\/wp-content\/uploads\/2023\/10\/Berolzheimerianum-1907-1024x770.jpg 1024w, https:\/\/kunst-raub-rueckgabe.de\/wp-content\/uploads\/2023\/10\/Berolzheimerianum-1907.jpg 1195w\" sizes=\"(max-width: 1195px) 100vw, 1195px\" \/><\/div><div class=\"awb-imageframe-caption-container\" style=\"text-align:left;\"><div class=\"awb-imageframe-caption\"><div class=\"awb-imageframe-caption-title\">It was originally an educational center.<\/div><p class=\"awb-imageframe-caption-text\">Archive F\u00fcrthWiki. cc-by-sa-3.0<\/p><\/div><\/div><\/div><\/div><\/div><div class=\"awb-swiper-button awb-swiper-button-prev\"><i class=\"awb-icon-angle-left\" aria-hidden=\"true\"><\/i><\/div><div class=\"awb-swiper-button awb-swiper-button-next\"><i class=\"awb-icon-angle-right\" aria-hidden=\"true\"><\/i><\/div><\/div><\/div><\/div><\/div><div class=\"fusion-layout-column fusion_builder_column fusion-builder-column-3 awb-sticky awb-sticky-medium awb-sticky-large fusion_builder_column_1_2 1_2 fusion-flex-column\" style=\"--awb-bg-size:cover;--awb-width-large:50%;--awb-margin-top-large:0px;--awb-spacing-right-large:3.84%;--awb-margin-bottom-large:20px;--awb-spacing-left-large:3.84%;--awb-width-medium:50%;--awb-order-medium:0;--awb-spacing-right-medium:3.84%;--awb-spacing-left-medium:3.84%;--awb-width-small:100%;--awb-order-small:0;--awb-spacing-right-small:1.92%;--awb-spacing-left-small:1.92%;\" data-scroll-devices=\"small-visibility,medium-visibility,large-visibility\"><div class=\"fusion-column-wrapper fusion-column-has-shadow fusion-flex-justify-content-flex-start fusion-content-layout-column\"><div class=\"fusion-text fusion-text-1\"><p><span class=\"fusion-dropcap dropcap\">I<\/span>n the historic city center of F\u00fcrth is a magnificent Jugendstil building known as the Berolzheimerianum. The Berolzheimers, a Jewish manufacturing family, founded the building in 1904. It contained a library, a reading room, concert auditoria, and exhibition space. With the building the Berolzheimers wanted to give workers free access to books, entertainment, and education.<\/p>\n<\/div><\/div><\/div><\/div><\/div><div class=\"fusion-fullwidth fullwidth-box fusion-builder-row-4 fusion-flex-container has-pattern-background has-mask-background nonhundred-percent-fullwidth non-hundred-percent-height-scrolling\" style=\"--awb-border-radius-top-left:0px;--awb-border-radius-top-right:0px;--awb-border-radius-bottom-right:0px;--awb-border-radius-bottom-left:0px;--awb-padding-top:100px;--awb-padding-bottom:100px;--awb-padding-top-small:55px;--awb-padding-bottom-small:25px;--awb-flex-wrap:wrap;\" ><div class=\"fusion-builder-row fusion-row fusion-flex-align-items-flex-start fusion-flex-justify-content-flex-end fusion-flex-content-wrap\" style=\"max-width:1497.6px;margin-left: calc(-4% \/ 2 );margin-right: calc(-4% \/ 2 );\"><div class=\"fusion-layout-column fusion_builder_column fusion-builder-column-4 fusion_builder_column_1_4 1_4 fusion-flex-column\" style=\"--awb-bg-size:cover;--awb-width-large:25%;--awb-margin-top-large:11px;--awb-spacing-right-large:7.68%;--awb-margin-bottom-large:20px;--awb-spacing-left-large:7.68%;--awb-width-medium:25%;--awb-order-medium:0;--awb-spacing-right-medium:7.68%;--awb-spacing-left-medium:7.68%;--awb-width-small:100%;--awb-order-small:1;--awb-spacing-right-small:1.92%;--awb-margin-bottom-small:50px;--awb-spacing-left-small:1.92%;\"><div class=\"fusion-column-wrapper fusion-column-has-shadow fusion-flex-justify-content-flex-start fusion-content-layout-column\"><div class=\"fusion-image-element awb-imageframe-style awb-imageframe-style-below awb-imageframe-style-1\" style=\"--awb-caption-title-font-family:var(--body_typography-font-family);--awb-caption-title-font-weight:var(--body_typography-font-weight);--awb-caption-title-font-style:var(--body_typography-font-style);--awb-caption-title-size:var(--body_typography-font-size);--awb-caption-title-transform:var(--body_typography-text-transform);--awb-caption-title-line-height:var(--body_typography-line-height);--awb-caption-title-letter-spacing:var(--body_typography-letter-spacing);\"><span class=\"fusion-imageframe imageframe-none imageframe-1 hover-type-none\"><img decoding=\"async\" width=\"552\" height=\"709\" alt=\"Oil painting. Portrait of Heinrich Berolzheimer, elderly gentleman with moustache\" title=\"Heinrich Berolzheimer\" src=\"https:\/\/kunst-raub-rueckgabe.de\/wp-content\/uploads\/2023\/11\/Heinrich-Berolzheimer-Portraet-Samberger-1906.jpg\" class=\"img-responsive wp-image-2699\" srcset=\"https:\/\/kunst-raub-rueckgabe.de\/wp-content\/uploads\/2023\/11\/Heinrich-Berolzheimer-Portraet-Samberger-1906-200x257.jpg 200w, https:\/\/kunst-raub-rueckgabe.de\/wp-content\/uploads\/2023\/11\/Heinrich-Berolzheimer-Portraet-Samberger-1906-400x514.jpg 400w, https:\/\/kunst-raub-rueckgabe.de\/wp-content\/uploads\/2023\/11\/Heinrich-Berolzheimer-Portraet-Samberger-1906.jpg 552w\" sizes=\"(max-width: 640px) 100vw, 400px\" \/><\/span><div class=\"awb-imageframe-caption-container\"><div class=\"awb-imageframe-caption\"><div class=\"awb-imageframe-caption-title\">Heinrich Berolzheimer (1836\u22121906) was made an honorary citizen of F\u00fcrth and Nuremberg in recognition of his generous donations.<\/div><p class=\"awb-imageframe-caption-text\"> Jewish history in F\u00fcrth (Bavaria), http:\/\/www.alemannia-judaica.de\/fuerth_synagoge.htm. cc-by-sa-3.0<\/p><\/div><\/div><\/div><\/div><\/div><div class=\"fusion-layout-column fusion_builder_column fusion-builder-column-5 awb-sticky awb-sticky-medium awb-sticky-large fusion_builder_column_1_2 1_2 fusion-flex-column\" style=\"--awb-bg-size:cover;--awb-width-large:50%;--awb-margin-top-large:0px;--awb-spacing-right-large:3.84%;--awb-margin-bottom-large:20px;--awb-spacing-left-large:3.84%;--awb-width-medium:50%;--awb-order-medium:0;--awb-spacing-right-medium:3.84%;--awb-spacing-left-medium:3.84%;--awb-width-small:100%;--awb-order-small:0;--awb-spacing-right-small:1.92%;--awb-spacing-left-small:1.92%;--awb-sticky-offset:100px;\"><div class=\"fusion-column-wrapper fusion-column-has-shadow fusion-flex-justify-content-flex-start fusion-content-layout-column\"><div class=\"fusion-text fusion-text-2\"><h3>From Franconia to the USA<\/h3>\n<p>The Berolzheimers are pencil manufacturers. Michael Berolzheimer\u2019s father Heinrich had the courage and vision to expand his business from Franconia to the USA as early as 1868. Two of his sons, Emil und Philipp, emigrate to the USA, where they continue to run the company. Michael, who is born in 1866, is not tempted to move that far away. Instead he chooses to settle in Munich, where he studies law.<\/p>\n<\/div><\/div><\/div><\/div><\/div><div class=\"fusion-fullwidth fullwidth-box fusion-builder-row-5 fusion-flex-container has-pattern-background has-mask-background nonhundred-percent-fullwidth non-hundred-percent-height-scrolling\" style=\"--awb-border-radius-top-left:0px;--awb-border-radius-top-right:0px;--awb-border-radius-bottom-right:0px;--awb-border-radius-bottom-left:0px;--awb-padding-top:60px;--awb-flex-wrap:wrap;\" ><div class=\"fusion-builder-row fusion-row fusion-flex-align-items-flex-start fusion-flex-content-wrap\" style=\"max-width:1497.6px;margin-left: calc(-4% \/ 2 );margin-right: calc(-4% \/ 2 );\"><div class=\"fusion-layout-column fusion_builder_column fusion-builder-column-6 fusion_builder_column_1_1 1_1 fusion-flex-column\" style=\"--awb-bg-size:cover;--awb-width-large:100%;--awb-margin-top-large:0px;--awb-spacing-right-large:1.92%;--awb-margin-bottom-large:20px;--awb-spacing-left-large:1.92%;--awb-width-medium:100%;--awb-order-medium:0;--awb-spacing-right-medium:1.92%;--awb-spacing-left-medium:1.92%;--awb-width-small:100%;--awb-order-small:0;--awb-spacing-right-small:1.92%;--awb-spacing-left-small:1.92%;\"><div class=\"fusion-column-wrapper fusion-column-has-shadow fusion-flex-justify-content-flex-start fusion-content-layout-column\"><div class=\"fusion-title title fusion-title-3 fusion-sep-none fusion-title-center fusion-title-text fusion-title-size-two\" style=\"--awb-margin-top-small:10px;--awb-margin-right-small:0px;--awb-margin-bottom-small:10px;--awb-margin-left-small:0px;\"><h2 class=\"fusion-title-heading title-heading-center fusion-responsive-typography-calculated\" style=\"margin:0;--fontSize:40;line-height:var(--awb-typography1-line-height);\">Lawyer in Munich<\/h2><\/div><\/div><\/div><\/div><\/div><div class=\"fusion-fullwidth fullwidth-box fusion-builder-row-6 fusion-flex-container has-pattern-background has-mask-background nonhundred-percent-fullwidth non-hundred-percent-height-scrolling\" style=\"--awb-border-radius-top-left:0px;--awb-border-radius-top-right:0px;--awb-border-radius-bottom-right:0px;--awb-border-radius-bottom-left:0px;--awb-padding-top:50px;--awb-padding-bottom:50px;--awb-padding-top-small:25px;--awb-padding-bottom-small:25px;--awb-margin-top:0px;--awb-margin-bottom:0px;--awb-flex-wrap:wrap;\" ><div class=\"fusion-builder-row fusion-row fusion-flex-align-items-flex-start fusion-flex-content-wrap\" style=\"max-width:1497.6px;margin-left: calc(-4% \/ 2 );margin-right: calc(-4% \/ 2 );\"><div class=\"fusion-layout-column fusion_builder_column fusion-builder-column-7 fusion_builder_column_1_2 1_2 fusion-flex-column\" style=\"--awb-padding-top:10px;--awb-bg-size:cover;--awb-width-large:50%;--awb-margin-top-large:0px;--awb-spacing-right-large:3.84%;--awb-margin-bottom-large:20px;--awb-spacing-left-large:3.84%;--awb-width-medium:50%;--awb-order-medium:0;--awb-spacing-right-medium:3.84%;--awb-spacing-left-medium:3.84%;--awb-width-small:100%;--awb-order-small:0;--awb-spacing-right-small:1.92%;--awb-margin-bottom-small:50px;--awb-spacing-left-small:1.92%;\"><div class=\"fusion-column-wrapper fusion-column-has-shadow fusion-flex-justify-content-flex-start fusion-content-layout-column\"><div class=\"fusion-image-element awb-imageframe-style awb-imageframe-style-below awb-imageframe-style-2\" style=\"--awb-caption-title-font-family:var(--body_typography-font-family);--awb-caption-title-font-weight:var(--body_typography-font-weight);--awb-caption-title-font-style:var(--body_typography-font-style);--awb-caption-title-size:var(--body_typography-font-size);--awb-caption-title-transform:var(--body_typography-text-transform);--awb-caption-title-line-height:var(--body_typography-line-height);--awb-caption-title-letter-spacing:var(--body_typography-letter-spacing);\"><span class=\"fusion-imageframe imageframe-none imageframe-2 hover-type-none\"><img decoding=\"async\" width=\"1000\" height=\"634\" alt=\"Historical photo in black and white. Stately multi-storey building at a crossroads, a caf\u00e9 on the ground floor.\" title=\"Munich-Herzogspitalstra\u00dfe-around-1910\" src=\"https:\/\/kunst-raub-rueckgabe.de\/wp-content\/uploads\/2023\/11\/Muenchen-Herzogspitalstrasse-um-1910.jpg\" class=\"img-responsive wp-image-2704\" srcset=\"https:\/\/kunst-raub-rueckgabe.de\/wp-content\/uploads\/2023\/11\/Muenchen-Herzogspitalstrasse-um-1910-200x127.jpg 200w, https:\/\/kunst-raub-rueckgabe.de\/wp-content\/uploads\/2023\/11\/Muenchen-Herzogspitalstrasse-um-1910-400x254.jpg 400w, https:\/\/kunst-raub-rueckgabe.de\/wp-content\/uploads\/2023\/11\/Muenchen-Herzogspitalstrasse-um-1910-600x380.jpg 600w, https:\/\/kunst-raub-rueckgabe.de\/wp-content\/uploads\/2023\/11\/Muenchen-Herzogspitalstrasse-um-1910-800x507.jpg 800w, https:\/\/kunst-raub-rueckgabe.de\/wp-content\/uploads\/2023\/11\/Muenchen-Herzogspitalstrasse-um-1910.jpg 1000w\" sizes=\"(max-width: 640px) 100vw, 800px\" \/><\/span><div class=\"awb-imageframe-caption-container\"><div class=\"awb-imageframe-caption\"><div class=\"awb-imageframe-caption-title\">While a student in Munich, Michael Berolzheimer lives at a number of addresses including Herzogspitalstra\u00dfe. <\/div><p class=\"awb-imageframe-caption-text\">Munich City Archive<\/p><\/div><\/div><\/div><\/div><\/div><div class=\"fusion-layout-column fusion_builder_column fusion-builder-column-8 awb-sticky awb-sticky-small awb-sticky-medium awb-sticky-large fusion_builder_column_1_2 1_2 fusion-flex-column\" style=\"--awb-bg-size:cover;--awb-width-large:50%;--awb-margin-top-large:0px;--awb-spacing-right-large:3.84%;--awb-margin-bottom-large:20px;--awb-spacing-left-large:3.84%;--awb-width-medium:50%;--awb-order-medium:0;--awb-spacing-right-medium:3.84%;--awb-spacing-left-medium:3.84%;--awb-width-small:100%;--awb-order-small:0;--awb-spacing-right-small:1.92%;--awb-spacing-left-small:1.92%;\" data-scroll-devices=\"small-visibility,medium-visibility,large-visibility\"><div class=\"fusion-column-wrapper fusion-column-has-shadow fusion-flex-justify-content-flex-start fusion-content-layout-column\"><div class=\"fusion-text fusion-text-3\"><p>In 1891 Michael Berolzheimer completed his law degree. The following year, at the age of 26, he was awarded a doctorate. He established his own legal practice in the center of Munich. In 1913 the honorary title Hofrat was conferred on him by the Prince Regent of Bavaria, later King Ludwig III.<\/p>\n<\/div><\/div><\/div><\/div><\/div><div class=\"fusion-fullwidth fullwidth-box fusion-builder-row-7 fusion-flex-container has-pattern-background has-mask-background nonhundred-percent-fullwidth non-hundred-percent-height-scrolling\" style=\"--awb-border-radius-top-left:0px;--awb-border-radius-top-right:0px;--awb-border-radius-bottom-right:0px;--awb-border-radius-bottom-left:0px;--awb-padding-top:60px;--awb-flex-wrap:wrap;\" ><div class=\"fusion-builder-row fusion-row fusion-flex-align-items-flex-start fusion-flex-content-wrap\" style=\"max-width:1497.6px;margin-left: calc(-4% \/ 2 );margin-right: calc(-4% \/ 2 );\"><div class=\"fusion-layout-column fusion_builder_column fusion-builder-column-9 fusion_builder_column_1_1 1_1 fusion-flex-column\" style=\"--awb-bg-size:cover;--awb-width-large:100%;--awb-margin-top-large:0px;--awb-spacing-right-large:1.92%;--awb-margin-bottom-large:20px;--awb-spacing-left-large:1.92%;--awb-width-medium:100%;--awb-order-medium:0;--awb-spacing-right-medium:1.92%;--awb-spacing-left-medium:1.92%;--awb-width-small:100%;--awb-order-small:0;--awb-spacing-right-small:1.92%;--awb-spacing-left-small:1.92%;\"><div class=\"fusion-column-wrapper fusion-column-has-shadow fusion-flex-justify-content-flex-start fusion-content-layout-column\"><div class=\"fusion-title title fusion-title-4 fusion-sep-none fusion-title-center fusion-title-text fusion-title-size-two\" style=\"--awb-margin-top-small:10px;--awb-margin-right-small:0px;--awb-margin-bottom-small:10px;--awb-margin-left-small:0px;\"><h2 class=\"fusion-title-heading title-heading-center fusion-responsive-typography-calculated\" style=\"margin:0;--fontSize:40;line-height:var(--awb-typography1-line-height);\">Belated marital bliss<\/h2><\/div><\/div><\/div><\/div><\/div><div class=\"fusion-fullwidth fullwidth-box fusion-builder-row-8 fusion-flex-container has-pattern-background has-mask-background nonhundred-percent-fullwidth non-hundred-percent-height-scrolling\" style=\"--awb-border-radius-top-left:0px;--awb-border-radius-top-right:0px;--awb-border-radius-bottom-right:0px;--awb-border-radius-bottom-left:0px;--awb-padding-top:100px;--awb-padding-bottom:100px;--awb-padding-top-small:55px;--awb-padding-bottom-small:25px;--awb-flex-wrap:wrap;\" ><div class=\"fusion-builder-row fusion-row fusion-flex-align-items-flex-start fusion-flex-justify-content-flex-end fusion-flex-content-wrap\" style=\"max-width:1497.6px;margin-left: calc(-4% \/ 2 );margin-right: calc(-4% \/ 2 );\"><div class=\"fusion-layout-column fusion_builder_column fusion-builder-column-10 fusion_builder_column_1_4 1_4 fusion-flex-column\" style=\"--awb-bg-size:cover;--awb-width-large:25%;--awb-margin-top-large:11px;--awb-spacing-right-large:7.68%;--awb-margin-bottom-large:20px;--awb-spacing-left-large:7.68%;--awb-width-medium:25%;--awb-order-medium:0;--awb-spacing-right-medium:7.68%;--awb-spacing-left-medium:7.68%;--awb-width-small:100%;--awb-order-small:1;--awb-spacing-right-small:1.92%;--awb-margin-bottom-small:50px;--awb-spacing-left-small:1.92%;\"><div class=\"fusion-column-wrapper fusion-column-has-shadow fusion-flex-justify-content-flex-start fusion-content-layout-column\"><div class=\"fusion-image-element awb-imageframe-style awb-imageframe-style-below awb-imageframe-style-3\" style=\"--awb-caption-title-font-family:var(--body_typography-font-family);--awb-caption-title-font-weight:var(--body_typography-font-weight);--awb-caption-title-font-style:var(--body_typography-font-style);--awb-caption-title-size:var(--body_typography-font-size);--awb-caption-title-transform:var(--body_typography-text-transform);--awb-caption-title-line-height:var(--body_typography-line-height);--awb-caption-title-letter-spacing:var(--body_typography-letter-spacing);\"><span class=\"fusion-imageframe imageframe-none imageframe-3 hover-type-none\"><img decoding=\"async\" width=\"1724\" height=\"2165\" alt=\"Black and white photograph. Melitta Schweisheimer, young woman in an elegant dress\" title=\"Melitta-Schweisheimer-1900\" src=\"https:\/\/kunst-raub-rueckgabe.de\/wp-content\/uploads\/2023\/11\/Melitta-Schweisheimer-1900.jpg\" class=\"img-responsive wp-image-2737\" srcset=\"https:\/\/kunst-raub-rueckgabe.de\/wp-content\/uploads\/2023\/11\/Melitta-Schweisheimer-1900-200x251.jpg 200w, https:\/\/kunst-raub-rueckgabe.de\/wp-content\/uploads\/2023\/11\/Melitta-Schweisheimer-1900-400x502.jpg 400w, https:\/\/kunst-raub-rueckgabe.de\/wp-content\/uploads\/2023\/11\/Melitta-Schweisheimer-1900-600x753.jpg 600w, https:\/\/kunst-raub-rueckgabe.de\/wp-content\/uploads\/2023\/11\/Melitta-Schweisheimer-1900-800x1005.jpg 800w, https:\/\/kunst-raub-rueckgabe.de\/wp-content\/uploads\/2023\/11\/Melitta-Schweisheimer-1900-1200x1507.jpg 1200w, https:\/\/kunst-raub-rueckgabe.de\/wp-content\/uploads\/2023\/11\/Melitta-Schweisheimer-1900.jpg 1724w\" sizes=\"(max-width: 640px) 100vw, 400px\" \/><\/span><div class=\"awb-imageframe-caption-container\"><div class=\"awb-imageframe-caption\"><div class=\"awb-imageframe-caption-title\">Melitta Schweisheimer, around 1900. When she met Michael Berolzheimer, she was still married to Eugen Schweisheimer, a Munich banker.<\/div><p class=\"awb-imageframe-caption-text\">Family collection<\/p><\/div><\/div><\/div><\/div><\/div><div class=\"fusion-layout-column fusion_builder_column fusion-builder-column-11 awb-sticky awb-sticky-medium awb-sticky-large fusion_builder_column_1_2 1_2 fusion-flex-column\" style=\"--awb-bg-size:cover;--awb-width-large:50%;--awb-margin-top-large:0px;--awb-spacing-right-large:3.84%;--awb-margin-bottom-large:20px;--awb-spacing-left-large:3.84%;--awb-width-medium:50%;--awb-order-medium:0;--awb-spacing-right-medium:3.84%;--awb-spacing-left-medium:3.84%;--awb-width-small:100%;--awb-order-small:0;--awb-spacing-right-small:1.92%;--awb-spacing-left-small:1.92%;--awb-sticky-offset:100px;\"><div class=\"fusion-column-wrapper fusion-column-has-shadow fusion-flex-justify-content-flex-start fusion-content-layout-column\"><div class=\"fusion-text fusion-text-4\"><h3>Melitta<\/h3>\n<p>In the 1890s Michael Berolzheimer meets Melitta Schweisheimer, who is a year younger than him. She has three children and so it would not have been an easy decision for her to separate from her first husband, above all because this would mean losing custody of her children. Yet she goes ahead and divorces her husband in 1903.<\/p>\n<p>Melitta and Michael marry the same year in London. They have their wedding abroad because their union had not met with approval. As a divorcee, Melitta is initially not welcome in the Berolzheimer family. However, with time they let go their grudge against her and accept Melitta as a sister-in-law.<\/p>\n<\/div><\/div><\/div><\/div><\/div><div class=\"fusion-fullwidth fullwidth-box fusion-builder-row-9 fusion-flex-container has-pattern-background has-mask-background nonhundred-percent-fullwidth non-hundred-percent-height-scrolling\" style=\"--awb-border-radius-top-left:0px;--awb-border-radius-top-right:0px;--awb-border-radius-bottom-right:0px;--awb-border-radius-bottom-left:0px;--awb-padding-top:50px;--awb-padding-bottom:50px;--awb-padding-top-small:25px;--awb-padding-bottom-small:25px;--awb-margin-top:0px;--awb-margin-bottom:0px;--awb-flex-wrap:wrap;\" ><div class=\"fusion-builder-row fusion-row fusion-flex-align-items-flex-start fusion-flex-content-wrap\" style=\"max-width:1497.6px;margin-left: calc(-4% \/ 2 );margin-right: calc(-4% \/ 2 );\"><div class=\"fusion-layout-column fusion_builder_column fusion-builder-column-12 fusion_builder_column_1_2 1_2 fusion-flex-column\" style=\"--awb-padding-top:10px;--awb-bg-size:cover;--awb-width-large:50%;--awb-margin-top-large:0px;--awb-spacing-right-large:3.84%;--awb-margin-bottom-large:20px;--awb-spacing-left-large:3.84%;--awb-width-medium:50%;--awb-order-medium:0;--awb-spacing-right-medium:3.84%;--awb-spacing-left-medium:3.84%;--awb-width-small:100%;--awb-order-small:0;--awb-spacing-right-small:1.92%;--awb-margin-bottom-small:50px;--awb-spacing-left-small:1.92%;\"><div class=\"fusion-column-wrapper fusion-column-has-shadow fusion-flex-justify-content-flex-start fusion-content-layout-column\"><div class=\"fusion-image-element awb-imageframe-style awb-imageframe-style-below awb-imageframe-style-4\" style=\"--awb-caption-title-font-family:var(--body_typography-font-family);--awb-caption-title-font-weight:var(--body_typography-font-weight);--awb-caption-title-font-style:var(--body_typography-font-style);--awb-caption-title-size:var(--body_typography-font-size);--awb-caption-title-transform:var(--body_typography-text-transform);--awb-caption-title-line-height:var(--body_typography-line-height);--awb-caption-title-letter-spacing:var(--body_typography-letter-spacing);\"><span class=\"fusion-imageframe imageframe-none imageframe-4 hover-type-none\"><img decoding=\"async\" width=\"1910\" height=\"1351\" alt=\"Black and white photograph. Melitta and Michael Berolzheimer with grandchildren Elsieliese and Peter, elegantly dressed\" title=\"Melitta-Michael-Berolzheimer-with-grandchildren\" src=\"https:\/\/kunst-raub-rueckgabe.de\/wp-content\/uploads\/2023\/11\/Melitta-Michael-Berolzheimer-mit-Enkelkindern.jpg\" class=\"img-responsive wp-image-2736\" srcset=\"https:\/\/kunst-raub-rueckgabe.de\/wp-content\/uploads\/2023\/11\/Melitta-Michael-Berolzheimer-mit-Enkelkindern-200x141.jpg 200w, https:\/\/kunst-raub-rueckgabe.de\/wp-content\/uploads\/2023\/11\/Melitta-Michael-Berolzheimer-mit-Enkelkindern-400x283.jpg 400w, https:\/\/kunst-raub-rueckgabe.de\/wp-content\/uploads\/2023\/11\/Melitta-Michael-Berolzheimer-mit-Enkelkindern-600x424.jpg 600w, https:\/\/kunst-raub-rueckgabe.de\/wp-content\/uploads\/2023\/11\/Melitta-Michael-Berolzheimer-mit-Enkelkindern-800x566.jpg 800w, https:\/\/kunst-raub-rueckgabe.de\/wp-content\/uploads\/2023\/11\/Melitta-Michael-Berolzheimer-mit-Enkelkindern-1200x849.jpg 1200w, https:\/\/kunst-raub-rueckgabe.de\/wp-content\/uploads\/2023\/11\/Melitta-Michael-Berolzheimer-mit-Enkelkindern.jpg 1910w\" sizes=\"(max-width: 640px) 100vw, 800px\" \/><\/span><div class=\"awb-imageframe-caption-container\"><div class=\"awb-imageframe-caption\"><div class=\"awb-imageframe-caption-title\">Melitta and Michael Berolzheimer with the grandchildren Elsieliese and Peter, 1928.<\/div><p class=\"awb-imageframe-caption-text\">Family collection<\/p><\/div><\/div><\/div><\/div><\/div><div class=\"fusion-layout-column fusion_builder_column fusion-builder-column-13 awb-sticky awb-sticky-small awb-sticky-medium awb-sticky-large fusion_builder_column_1_2 1_2 fusion-flex-column\" style=\"--awb-bg-size:cover;--awb-width-large:50%;--awb-margin-top-large:0px;--awb-spacing-right-large:3.84%;--awb-margin-bottom-large:20px;--awb-spacing-left-large:3.84%;--awb-width-medium:50%;--awb-order-medium:0;--awb-spacing-right-medium:3.84%;--awb-spacing-left-medium:3.84%;--awb-width-small:100%;--awb-order-small:0;--awb-spacing-right-small:1.92%;--awb-spacing-left-small:1.92%;\" data-scroll-devices=\"small-visibility,medium-visibility,large-visibility\"><div class=\"fusion-column-wrapper fusion-column-has-shadow fusion-flex-justify-content-flex-start fusion-content-layout-column\"><div class=\"fusion-text fusion-text-5\"><p><span class=\"fusion-dropcap dropcap\">M<\/span>elitta and Michael have a happy marriage, travel extensively, and pursue common interests. They do not have any children together, but Michael takes care of Melitta\u2019s children from her first marriage \u2013 Waldemar, Nelly and Robert \u2013 and the grandchildren.<\/p>\n<\/div><\/div><\/div><\/div><\/div><div class=\"fusion-fullwidth fullwidth-box fusion-builder-row-10 fusion-flex-container has-pattern-background has-mask-background nonhundred-percent-fullwidth non-hundred-percent-height-scrolling\" style=\"--awb-border-radius-top-left:0px;--awb-border-radius-top-right:0px;--awb-border-radius-bottom-right:0px;--awb-border-radius-bottom-left:0px;--awb-padding-top:60px;--awb-flex-wrap:wrap;\" ><div class=\"fusion-builder-row fusion-row fusion-flex-align-items-flex-start fusion-flex-content-wrap\" style=\"max-width:1497.6px;margin-left: calc(-4% \/ 2 );margin-right: calc(-4% \/ 2 );\"><div class=\"fusion-layout-column fusion_builder_column fusion-builder-column-14 fusion_builder_column_1_1 1_1 fusion-flex-column\" style=\"--awb-bg-size:cover;--awb-width-large:100%;--awb-margin-top-large:0px;--awb-spacing-right-large:1.92%;--awb-margin-bottom-large:20px;--awb-spacing-left-large:1.92%;--awb-width-medium:100%;--awb-order-medium:0;--awb-spacing-right-medium:1.92%;--awb-spacing-left-medium:1.92%;--awb-width-small:100%;--awb-order-small:0;--awb-spacing-right-small:1.92%;--awb-spacing-left-small:1.92%;\"><div class=\"fusion-column-wrapper fusion-column-has-shadow fusion-flex-justify-content-flex-start fusion-content-layout-column\"><div class=\"fusion-title title fusion-title-5 fusion-sep-none fusion-title-center fusion-title-text fusion-title-size-two\" style=\"--awb-margin-top-small:10px;--awb-margin-right-small:0px;--awb-margin-bottom-small:10px;--awb-margin-left-small:0px;\"><h2 class=\"fusion-title-heading title-heading-center fusion-responsive-typography-calculated\" style=\"margin:0;--fontSize:40;line-height:var(--awb-typography1-line-height);\">A retreat in Untergrainau<\/h2><\/div><\/div><\/div><\/div><\/div><div class=\"fusion-fullwidth fullwidth-box fusion-builder-row-11 fusion-flex-container has-pattern-background has-mask-background nonhundred-percent-fullwidth non-hundred-percent-height-scrolling\" style=\"--awb-border-radius-top-left:0px;--awb-border-radius-top-right:0px;--awb-border-radius-bottom-right:0px;--awb-border-radius-bottom-left:0px;--awb-padding-top:50px;--awb-padding-bottom:50px;--awb-padding-top-small:25px;--awb-padding-bottom-small:25px;--awb-margin-top:0px;--awb-margin-bottom:0px;--awb-flex-wrap:wrap;\" ><div class=\"fusion-builder-row fusion-row fusion-flex-align-items-flex-start fusion-flex-content-wrap\" style=\"max-width:1497.6px;margin-left: calc(-4% \/ 2 );margin-right: calc(-4% \/ 2 );\"><div class=\"fusion-layout-column fusion_builder_column fusion-builder-column-15 fusion_builder_column_1_2 1_2 fusion-flex-column\" style=\"--awb-bg-size:cover;--awb-width-large:50%;--awb-margin-top-large:0px;--awb-spacing-right-large:3.84%;--awb-margin-bottom-large:20px;--awb-spacing-left-large:3.84%;--awb-width-medium:50%;--awb-order-medium:0;--awb-spacing-right-medium:3.84%;--awb-spacing-left-medium:3.84%;--awb-width-small:100%;--awb-order-small:1;--awb-spacing-right-small:1.92%;--awb-spacing-left-small:1.92%;\"><div class=\"fusion-column-wrapper fusion-column-has-shadow fusion-flex-justify-content-flex-start fusion-content-layout-column\"><div class=\"fusion-image-carousel fusion-image-carousel-auto fusion-image-carousel-2 fusion-carousel-border awb-image-carousel-top-below-caption\"><div class=\"awb-carousel awb-swiper awb-swiper-carousel awb-carousel--carousel awb-swiper-dots-position-bottom awb-imageframe-style awb-imageframe-style-below awb-imageframe-style-2\" data-layout=\"carousel\" data-autoplay=\"no\" data-autoplayspeed=\"2500\" data-autoplaypause=\"no\" data-loop=\"yes\" data-columns=\"1\" data-columnsmedium=\"1\" data-columnssmall=\"1\" data-itemmargin=\"13\" data-itemwidth=\"180\" data-touchscroll=\"no\" data-freemode=\"no\" data-imagesize=\"auto\" data-scrollitems=\"0\" data-centeredslides=\"no\" data-rotationangle=\"50\" data-depth=\"100\" data-speed=\"500\" data-shadow=\"no\" data-pagination=\"bullets\" style=\"--awb-columns:1;--awb-caption-title-color:var(--awb-color5);--awb-caption-text-color:var(--awb-color5);--awb-border-width:1px;--awb-border-color:#e9eaee;\"><div class=\"swiper-wrapper awb-image-carousel-wrapper fusion-flex-align-items-center\"><div class=\"swiper-slide\"><div class=\"fusion-carousel-item-wrapper\"><div class=\"fusion-image-wrapper hover-type-none\"><img decoding=\"async\" width=\"2560\" height=\"1682\" src=\"https:\/\/kunst-raub-rueckgabe.de\/wp-content\/uploads\/2023\/11\/Landhaus-Berolzheimer-Huegel-am-Weg-scaled.jpg\" class=\"attachment-full size-full\" alt=\"Black and white photography. An alpine-style house on a hill, with a spruce forest and mountains in the background.\" srcset=\"https:\/\/kunst-raub-rueckgabe.de\/wp-content\/uploads\/2023\/11\/Landhaus-Berolzheimer-Huegel-am-Weg-18x12.jpg 18w, https:\/\/kunst-raub-rueckgabe.de\/wp-content\/uploads\/2023\/11\/Landhaus-Berolzheimer-Huegel-am-Weg-200x131.jpg 200w, https:\/\/kunst-raub-rueckgabe.de\/wp-content\/uploads\/2023\/11\/Landhaus-Berolzheimer-Huegel-am-Weg-300x197.jpg 300w, https:\/\/kunst-raub-rueckgabe.de\/wp-content\/uploads\/2023\/11\/Landhaus-Berolzheimer-Huegel-am-Weg-400x263.jpg 400w, https:\/\/kunst-raub-rueckgabe.de\/wp-content\/uploads\/2023\/11\/Landhaus-Berolzheimer-Huegel-am-Weg-600x394.jpg 600w, https:\/\/kunst-raub-rueckgabe.de\/wp-content\/uploads\/2023\/11\/Landhaus-Berolzheimer-Huegel-am-Weg-768x505.jpg 768w, https:\/\/kunst-raub-rueckgabe.de\/wp-content\/uploads\/2023\/11\/Landhaus-Berolzheimer-Huegel-am-Weg-800x526.jpg 800w, https:\/\/kunst-raub-rueckgabe.de\/wp-content\/uploads\/2023\/11\/Landhaus-Berolzheimer-Huegel-am-Weg-1024x673.jpg 1024w, https:\/\/kunst-raub-rueckgabe.de\/wp-content\/uploads\/2023\/11\/Landhaus-Berolzheimer-Huegel-am-Weg-1200x789.jpg 1200w, https:\/\/kunst-raub-rueckgabe.de\/wp-content\/uploads\/2023\/11\/Landhaus-Berolzheimer-Huegel-am-Weg-1536x1009.jpg 1536w, https:\/\/kunst-raub-rueckgabe.de\/wp-content\/uploads\/2023\/11\/Landhaus-Berolzheimer-Huegel-am-Weg-scaled.jpg 2560w\" sizes=\"(max-width: 2560px) 100vw, 2560px\" \/><\/div><div class=\"awb-imageframe-caption-container\" style=\"text-align:left;\"><div class=\"awb-imageframe-caption\"><div class=\"awb-imageframe-caption-title\">The house \"H\u00fcgel am Weg\" in Untergrainau.<\/div><p class=\"awb-imageframe-caption-text\">Archive Peter Schwarz, Grainau<\/p><\/div><\/div><\/div><\/div><div class=\"swiper-slide\"><div class=\"fusion-carousel-item-wrapper\"><div class=\"fusion-image-wrapper hover-type-none\"><img decoding=\"async\" width=\"2560\" height=\"1707\" src=\"https:\/\/kunst-raub-rueckgabe.de\/wp-content\/uploads\/2023\/11\/Berolzheimer-Haus-Untergrainau-Ansicht-Ost-scaled.jpg\" class=\"attachment-full size-full\" alt=\"Colour photo. A house in alpine style.\" srcset=\"https:\/\/kunst-raub-rueckgabe.de\/wp-content\/uploads\/2023\/11\/Berolzheimer-Haus-Untergrainau-Ansicht-Ost-18x12.jpg 18w, https:\/\/kunst-raub-rueckgabe.de\/wp-content\/uploads\/2023\/11\/Berolzheimer-Haus-Untergrainau-Ansicht-Ost-200x133.jpg 200w, https:\/\/kunst-raub-rueckgabe.de\/wp-content\/uploads\/2023\/11\/Berolzheimer-Haus-Untergrainau-Ansicht-Ost-300x200.jpg 300w, https:\/\/kunst-raub-rueckgabe.de\/wp-content\/uploads\/2023\/11\/Berolzheimer-Haus-Untergrainau-Ansicht-Ost-400x267.jpg 400w, https:\/\/kunst-raub-rueckgabe.de\/wp-content\/uploads\/2023\/11\/Berolzheimer-Haus-Untergrainau-Ansicht-Ost-600x400.jpg 600w, https:\/\/kunst-raub-rueckgabe.de\/wp-content\/uploads\/2023\/11\/Berolzheimer-Haus-Untergrainau-Ansicht-Ost-768x512.jpg 768w, https:\/\/kunst-raub-rueckgabe.de\/wp-content\/uploads\/2023\/11\/Berolzheimer-Haus-Untergrainau-Ansicht-Ost-800x533.jpg 800w, https:\/\/kunst-raub-rueckgabe.de\/wp-content\/uploads\/2023\/11\/Berolzheimer-Haus-Untergrainau-Ansicht-Ost-1024x683.jpg 1024w, https:\/\/kunst-raub-rueckgabe.de\/wp-content\/uploads\/2023\/11\/Berolzheimer-Haus-Untergrainau-Ansicht-Ost-1200x800.jpg 1200w, https:\/\/kunst-raub-rueckgabe.de\/wp-content\/uploads\/2023\/11\/Berolzheimer-Haus-Untergrainau-Ansicht-Ost-1536x1024.jpg 1536w, https:\/\/kunst-raub-rueckgabe.de\/wp-content\/uploads\/2023\/11\/Berolzheimer-Haus-Untergrainau-Ansicht-Ost-scaled.jpg 2560w\" sizes=\"(max-width: 2560px) 100vw, 2560px\" \/><\/div><div class=\"awb-imageframe-caption-container\" style=\"text-align:left;\"><div class=\"awb-imageframe-caption\"><div class=\"awb-imageframe-caption-title\">Today the property is a guest house. <\/div><p class=\"awb-imageframe-caption-text\">Photo: Peter Schwarz, Grainau<\/p><\/div><\/div><\/div><\/div><div class=\"swiper-slide\"><div class=\"fusion-carousel-item-wrapper\"><div class=\"fusion-image-wrapper hover-type-none\"><img decoding=\"async\" width=\"2560\" height=\"1706\" src=\"https:\/\/kunst-raub-rueckgabe.de\/wp-content\/uploads\/2023\/11\/Berolzheimer-Untergrainau-Arbeitszimmer-heute-scaled.jpg\" class=\"attachment-full size-full\" alt=\"Colour photo. A wood-panelled room with a bookshelf.\" srcset=\"https:\/\/kunst-raub-rueckgabe.de\/wp-content\/uploads\/2023\/11\/Berolzheimer-Untergrainau-Arbeitszimmer-heute-18x12.jpg 18w, https:\/\/kunst-raub-rueckgabe.de\/wp-content\/uploads\/2023\/11\/Berolzheimer-Untergrainau-Arbeitszimmer-heute-200x133.jpg 200w, https:\/\/kunst-raub-rueckgabe.de\/wp-content\/uploads\/2023\/11\/Berolzheimer-Untergrainau-Arbeitszimmer-heute-300x200.jpg 300w, https:\/\/kunst-raub-rueckgabe.de\/wp-content\/uploads\/2023\/11\/Berolzheimer-Untergrainau-Arbeitszimmer-heute-400x267.jpg 400w, https:\/\/kunst-raub-rueckgabe.de\/wp-content\/uploads\/2023\/11\/Berolzheimer-Untergrainau-Arbeitszimmer-heute-600x400.jpg 600w, https:\/\/kunst-raub-rueckgabe.de\/wp-content\/uploads\/2023\/11\/Berolzheimer-Untergrainau-Arbeitszimmer-heute-768x512.jpg 768w, https:\/\/kunst-raub-rueckgabe.de\/wp-content\/uploads\/2023\/11\/Berolzheimer-Untergrainau-Arbeitszimmer-heute-800x533.jpg 800w, https:\/\/kunst-raub-rueckgabe.de\/wp-content\/uploads\/2023\/11\/Berolzheimer-Untergrainau-Arbeitszimmer-heute-1024x683.jpg 1024w, https:\/\/kunst-raub-rueckgabe.de\/wp-content\/uploads\/2023\/11\/Berolzheimer-Untergrainau-Arbeitszimmer-heute-1200x800.jpg 1200w, https:\/\/kunst-raub-rueckgabe.de\/wp-content\/uploads\/2023\/11\/Berolzheimer-Untergrainau-Arbeitszimmer-heute-1536x1024.jpg 1536w, https:\/\/kunst-raub-rueckgabe.de\/wp-content\/uploads\/2023\/11\/Berolzheimer-Untergrainau-Arbeitszimmer-heute-scaled.jpg 2560w\" sizes=\"(max-width: 2560px) 100vw, 2560px\" \/><\/div><div class=\"awb-imageframe-caption-container\" style=\"text-align:left;\"><div class=\"awb-imageframe-caption\"><div class=\"awb-imageframe-caption-title\">Some of the historic furnishings have been preserved.<\/div><p class=\"awb-imageframe-caption-text\">Photo: Peter Schwarz, Grainau<\/p><\/div><\/div><\/div><\/div><\/div><div class=\"awb-swiper-button awb-swiper-button-prev\"><i class=\"awb-icon-angle-left\" aria-hidden=\"true\"><\/i><\/div><div class=\"awb-swiper-button awb-swiper-button-next\"><i class=\"awb-icon-angle-right\" aria-hidden=\"true\"><\/i><\/div><\/div><\/div><\/div><\/div><div class=\"fusion-layout-column fusion_builder_column fusion-builder-column-16 awb-sticky awb-sticky-medium awb-sticky-large fusion_builder_column_1_2 1_2 fusion-flex-column\" style=\"--awb-bg-size:cover;--awb-width-large:50%;--awb-margin-top-large:0px;--awb-spacing-right-large:3.84%;--awb-margin-bottom-large:20px;--awb-spacing-left-large:3.84%;--awb-width-medium:50%;--awb-order-medium:0;--awb-spacing-right-medium:3.84%;--awb-spacing-left-medium:3.84%;--awb-width-small:100%;--awb-order-small:0;--awb-spacing-right-small:1.92%;--awb-spacing-left-small:1.92%;\" data-scroll-devices=\"small-visibility,medium-visibility,large-visibility\"><div class=\"fusion-column-wrapper fusion-column-has-shadow fusion-flex-justify-content-flex-start fusion-content-layout-column\"><div class=\"fusion-text fusion-text-6\"><h3>Rural idyll at the foot of the Alps<\/h3>\n<p>In 1908 the Berolzheimers spent their first summer in their country house \u201cH\u00fcgel am Weg\u201d (Hill by the Wayside) in Untergrainau, which had just been completed. The house is located on a hill around 100 kilometers south of Munich in the Werdenfelser Land region, between the station and the Eibsee lake.<\/p>\n<\/div><\/div><\/div><\/div><\/div><div class=\"fusion-fullwidth fullwidth-box fusion-builder-row-12 fusion-flex-container nonhundred-percent-fullwidth non-hundred-percent-height-scrolling\" style=\"--link_hover_color: #ef3c1a;--link_color: #ef3c1a;--awb-border-sizes-top:0px;--awb-border-sizes-bottom:0px;--awb-border-sizes-left:0px;--awb-border-sizes-right:0px;--awb-border-color:#d1d1d1;--awb-border-radius-top-left:0px;--awb-border-radius-top-right:0px;--awb-border-radius-bottom-right:0px;--awb-border-radius-bottom-left:0px;--awb-padding-top:10vh;--awb-padding-bottom:0px;--awb-padding-top-medium:90px;--awb-padding-right-medium:90px;--awb-padding-bottom-medium:90px;--awb-padding-left-medium:90px;--awb-padding-top-small:30px;--awb-padding-right-small:30px;--awb-padding-bottom-small:30px;--awb-padding-left-small:30px;--awb-margin-top:0px;--awb-margin-bottom:0px;--awb-flex-wrap:wrap;\" ><div class=\"fusion-builder-row fusion-row fusion-flex-align-items-center fusion-flex-align-content-center fusion-flex-justify-content-center fusion-flex-content-wrap\" style=\"max-width:1497.6px;margin-left: calc(-4% \/ 2 );margin-right: calc(-4% \/ 2 );\"><div class=\"fusion-layout-column fusion_builder_column fusion-builder-column-17 fusion_builder_column_3_4 3_4 fusion-flex-column fusion-animated\" style=\"--awb-padding-bottom-small:0px;--awb-padding-left-small:0px;--awb-bg-size:cover;--awb-border-color:var(--awb-color7);--awb-border-style:solid;--awb-width-large:75%;--awb-margin-top-large:0px;--awb-spacing-right-large:2.56%;--awb-margin-bottom-large:100px;--awb-spacing-left-large:2.56%;--awb-width-medium:100%;--awb-order-medium:0;--awb-spacing-right-medium:1.92%;--awb-spacing-left-medium:1.92%;--awb-width-small:100%;--awb-order-small:0;--awb-spacing-right-small:1.92%;--awb-spacing-left-small:1.92%;\" data-animationtype=\"fadeInUp\" data-animationduration=\"1.3\" data-animationoffset=\"top-into-view\"><div class=\"fusion-column-wrapper fusion-column-has-shadow fusion-flex-justify-content-flex-start fusion-content-layout-column\"><div class=\"fusion-title title fusion-title-6 fusion-sep-none fusion-title-center fusion-title-text fusion-title-size-div\" style=\"--awb-margin-bottom:20px;--awb-margin-top-small:10px;--awb-margin-right-small:0px;--awb-margin-bottom-small:10px;--awb-margin-left-small:0px;--awb-font-size:var(--awb-custom_typography_1-font-size);\"><div class=\"fusion-title-heading title-heading-center title-heading-tag fusion-responsive-typography-calculated\" style=\"font-family:var(--awb-custom_typography_1-font-family);font-weight:var(--awb-custom_typography_1-font-weight);font-style:var(--awb-custom_typography_1-font-style);margin:0;letter-spacing:var(--awb-custom_typography_1-letter-spacing);text-transform:var(--awb-custom_typography_1-text-transform);font-size:1em;--fontSize:40;line-height:var(--awb-custom_typography_1-line-height);\"><blockquote><p>\u201cWe really feel at home here; the fresh air is wonderful, the countryside splendid, and our little house is delightful.\u201d<\/p><\/blockquote><\/div><\/div><div class=\"fusion-text fusion-text-7\" style=\"--awb-content-alignment:center;\"><p>Michael to his brother Philip and sister-in-law Clara, August 3, 1908<\/p>\n<\/div><\/div><\/div><\/div><\/div><div class=\"fusion-fullwidth fullwidth-box fusion-builder-row-13 fusion-flex-container has-pattern-background has-mask-background nonhundred-percent-fullwidth non-hundred-percent-height-scrolling\" style=\"--awb-border-radius-top-left:0px;--awb-border-radius-top-right:0px;--awb-border-radius-bottom-right:0px;--awb-border-radius-bottom-left:0px;--awb-padding-top:50px;--awb-padding-bottom:50px;--awb-padding-top-small:25px;--awb-padding-bottom-small:25px;--awb-margin-top:0px;--awb-margin-bottom:0px;--awb-flex-wrap:wrap;\" ><div class=\"fusion-builder-row fusion-row fusion-flex-align-items-flex-start fusion-flex-content-wrap\" style=\"max-width:1497.6px;margin-left: calc(-4% \/ 2 );margin-right: calc(-4% \/ 2 );\"><div class=\"fusion-layout-column fusion_builder_column fusion-builder-column-18 fusion_builder_column_1_2 1_2 fusion-flex-column\" style=\"--awb-bg-size:cover;--awb-width-large:50%;--awb-margin-top-large:0px;--awb-spacing-right-large:3.84%;--awb-margin-bottom-large:20px;--awb-spacing-left-large:3.84%;--awb-width-medium:50%;--awb-order-medium:0;--awb-spacing-right-medium:3.84%;--awb-spacing-left-medium:3.84%;--awb-width-small:100%;--awb-order-small:1;--awb-spacing-right-small:1.92%;--awb-spacing-left-small:1.92%;\"><div class=\"fusion-column-wrapper fusion-column-has-shadow fusion-flex-justify-content-flex-start fusion-content-layout-column\"><div class=\"fusion-image-carousel fusion-image-carousel-auto fusion-image-carousel-3 fusion-carousel-border awb-image-carousel-top-below-caption\"><div class=\"awb-carousel awb-swiper awb-swiper-carousel awb-carousel--carousel awb-swiper-dots-position-bottom awb-imageframe-style awb-imageframe-style-below awb-imageframe-style-3\" data-layout=\"carousel\" data-autoplay=\"no\" data-autoplayspeed=\"2500\" data-autoplaypause=\"no\" data-loop=\"yes\" data-columns=\"1\" data-columnsmedium=\"1\" data-columnssmall=\"1\" data-itemmargin=\"13\" data-itemwidth=\"180\" data-touchscroll=\"no\" data-freemode=\"no\" data-imagesize=\"auto\" data-scrollitems=\"0\" data-centeredslides=\"no\" data-rotationangle=\"50\" data-depth=\"100\" data-speed=\"500\" data-shadow=\"no\" data-pagination=\"bullets\" style=\"--awb-columns:1;--awb-caption-title-color:var(--awb-color5);--awb-caption-text-color:var(--awb-color5);--awb-border-width:1px;--awb-border-color:#e9eaee;\"><div class=\"swiper-wrapper awb-image-carousel-wrapper fusion-flex-align-items-center\"><div class=\"swiper-slide\"><div class=\"fusion-carousel-item-wrapper\"><div class=\"fusion-image-wrapper hover-type-none\"><img decoding=\"async\" width=\"2358\" height=\"1790\" src=\"https:\/\/kunst-raub-rueckgabe.de\/wp-content\/uploads\/2023\/11\/Delftzimmer-Untergrainau.jpg\" class=\"attachment-full size-full\" alt=\"Black and white photo. Wood-panelled room with heavy furniture, one wall is tiled with Dutch tiles.\" srcset=\"https:\/\/kunst-raub-rueckgabe.de\/wp-content\/uploads\/2023\/11\/Delftzimmer-Untergrainau-16x12.jpg 16w, https:\/\/kunst-raub-rueckgabe.de\/wp-content\/uploads\/2023\/11\/Delftzimmer-Untergrainau-200x152.jpg 200w, https:\/\/kunst-raub-rueckgabe.de\/wp-content\/uploads\/2023\/11\/Delftzimmer-Untergrainau-300x228.jpg 300w, https:\/\/kunst-raub-rueckgabe.de\/wp-content\/uploads\/2023\/11\/Delftzimmer-Untergrainau-400x304.jpg 400w, https:\/\/kunst-raub-rueckgabe.de\/wp-content\/uploads\/2023\/11\/Delftzimmer-Untergrainau-600x455.jpg 600w, https:\/\/kunst-raub-rueckgabe.de\/wp-content\/uploads\/2023\/11\/Delftzimmer-Untergrainau-768x583.jpg 768w, https:\/\/kunst-raub-rueckgabe.de\/wp-content\/uploads\/2023\/11\/Delftzimmer-Untergrainau-800x607.jpg 800w, https:\/\/kunst-raub-rueckgabe.de\/wp-content\/uploads\/2023\/11\/Delftzimmer-Untergrainau-1024x777.jpg 1024w, https:\/\/kunst-raub-rueckgabe.de\/wp-content\/uploads\/2023\/11\/Delftzimmer-Untergrainau-1200x911.jpg 1200w, https:\/\/kunst-raub-rueckgabe.de\/wp-content\/uploads\/2023\/11\/Delftzimmer-Untergrainau-1536x1166.jpg 1536w, https:\/\/kunst-raub-rueckgabe.de\/wp-content\/uploads\/2023\/11\/Delftzimmer-Untergrainau.jpg 2358w\" sizes=\"(max-width: 2358px) 100vw, 2358px\" \/><\/div><div class=\"awb-imageframe-caption-container\" style=\"text-align:left;\"><div class=\"awb-imageframe-caption\"><div class=\"awb-imageframe-caption-title\">The Berolzheimers\u2019 living room at their home \u201cH\u00fcgel am Weg\u201d.<\/div><p class=\"awb-imageframe-caption-text\">Family collection<\/p><\/div><\/div><\/div><\/div><div class=\"swiper-slide\"><div class=\"fusion-carousel-item-wrapper\"><div class=\"fusion-image-wrapper hover-type-none\"><img decoding=\"async\" width=\"2560\" height=\"1707\" src=\"https:\/\/kunst-raub-rueckgabe.de\/wp-content\/uploads\/2023\/11\/Untergrainau-Delfter-Zimmer-Peter-Schwarz-scaled.jpg\" class=\"attachment-full size-full\" alt=\"Colour photo. View into a room with wood panelling and blue and white Dutch tiles.\" srcset=\"https:\/\/kunst-raub-rueckgabe.de\/wp-content\/uploads\/2023\/11\/Untergrainau-Delfter-Zimmer-Peter-Schwarz-18x12.jpg 18w, https:\/\/kunst-raub-rueckgabe.de\/wp-content\/uploads\/2023\/11\/Untergrainau-Delfter-Zimmer-Peter-Schwarz-200x133.jpg 200w, https:\/\/kunst-raub-rueckgabe.de\/wp-content\/uploads\/2023\/11\/Untergrainau-Delfter-Zimmer-Peter-Schwarz-300x200.jpg 300w, https:\/\/kunst-raub-rueckgabe.de\/wp-content\/uploads\/2023\/11\/Untergrainau-Delfter-Zimmer-Peter-Schwarz-400x267.jpg 400w, https:\/\/kunst-raub-rueckgabe.de\/wp-content\/uploads\/2023\/11\/Untergrainau-Delfter-Zimmer-Peter-Schwarz-600x400.jpg 600w, https:\/\/kunst-raub-rueckgabe.de\/wp-content\/uploads\/2023\/11\/Untergrainau-Delfter-Zimmer-Peter-Schwarz-768x512.jpg 768w, https:\/\/kunst-raub-rueckgabe.de\/wp-content\/uploads\/2023\/11\/Untergrainau-Delfter-Zimmer-Peter-Schwarz-800x533.jpg 800w, https:\/\/kunst-raub-rueckgabe.de\/wp-content\/uploads\/2023\/11\/Untergrainau-Delfter-Zimmer-Peter-Schwarz-1024x683.jpg 1024w, https:\/\/kunst-raub-rueckgabe.de\/wp-content\/uploads\/2023\/11\/Untergrainau-Delfter-Zimmer-Peter-Schwarz-1200x800.jpg 1200w, https:\/\/kunst-raub-rueckgabe.de\/wp-content\/uploads\/2023\/11\/Untergrainau-Delfter-Zimmer-Peter-Schwarz-1536x1024.jpg 1536w, https:\/\/kunst-raub-rueckgabe.de\/wp-content\/uploads\/2023\/11\/Untergrainau-Delfter-Zimmer-Peter-Schwarz-scaled.jpg 2560w\" sizes=\"(max-width: 2560px) 100vw, 2560px\" \/><\/div><div class=\"awb-imageframe-caption-container\" style=\"text-align:left;\"><div class=\"awb-imageframe-caption\"><div class=\"awb-imageframe-caption-title\">View of the living room today with the Delft tiles on the wall. <\/div><p class=\"awb-imageframe-caption-text\">Photo: Peter Schwarz, Grainau<\/p><\/div><\/div><\/div><\/div><\/div><div class=\"awb-swiper-button awb-swiper-button-prev\"><i class=\"awb-icon-angle-left\" aria-hidden=\"true\"><\/i><\/div><div class=\"awb-swiper-button awb-swiper-button-next\"><i class=\"awb-icon-angle-right\" aria-hidden=\"true\"><\/i><\/div><\/div><\/div><\/div><\/div><div class=\"fusion-layout-column fusion_builder_column fusion-builder-column-19 awb-sticky awb-sticky-medium awb-sticky-large fusion_builder_column_1_2 1_2 fusion-flex-column\" style=\"--awb-bg-size:cover;--awb-width-large:50%;--awb-margin-top-large:0px;--awb-spacing-right-large:3.84%;--awb-margin-bottom-large:20px;--awb-spacing-left-large:3.84%;--awb-width-medium:50%;--awb-order-medium:0;--awb-spacing-right-medium:3.84%;--awb-spacing-left-medium:3.84%;--awb-width-small:100%;--awb-order-small:0;--awb-spacing-right-small:1.92%;--awb-spacing-left-small:1.92%;\" data-scroll-devices=\"small-visibility,medium-visibility,large-visibility\"><div class=\"fusion-column-wrapper fusion-column-has-shadow fusion-flex-justify-content-flex-start fusion-content-layout-column\"><div class=\"fusion-text fusion-text-8\"><h3>The summer retreat becomes home<\/h3>\n<p>At the time, the foothills of the Alps are a magnet not only for daytrippers and tourists, but also for well-to-do city-dwellers, who have vacation homes built here.<\/p>\n<p>Yet for the Berolzheimers, Untergrainau is more than just somewhere to spend a summer vacation. Their family life centers around the country house. They welcome guests there including musicians, painters, writers, and theologians. In 1909 they therefore decide to make Untergrainau their main residence.<\/p>\n<\/div><\/div><\/div><\/div><\/div><div class=\"fusion-fullwidth fullwidth-box fusion-builder-row-14 fusion-flex-container has-pattern-background has-mask-background nonhundred-percent-fullwidth non-hundred-percent-height-scrolling\" style=\"--awb-border-radius-top-left:0px;--awb-border-radius-top-right:0px;--awb-border-radius-bottom-right:0px;--awb-border-radius-bottom-left:0px;--awb-padding-top:100px;--awb-padding-bottom:100px;--awb-padding-top-small:55px;--awb-padding-bottom-small:25px;--awb-flex-wrap:wrap;\" ><div class=\"fusion-builder-row fusion-row fusion-flex-align-items-flex-start fusion-flex-justify-content-flex-end fusion-flex-content-wrap\" style=\"max-width:1497.6px;margin-left: calc(-4% \/ 2 );margin-right: calc(-4% \/ 2 );\"><div class=\"fusion-layout-column fusion_builder_column fusion-builder-column-20 fusion_builder_column_1_4 1_4 fusion-flex-column\" style=\"--awb-bg-size:cover;--awb-width-large:25%;--awb-margin-top-large:11px;--awb-spacing-right-large:7.68%;--awb-margin-bottom-large:20px;--awb-spacing-left-large:7.68%;--awb-width-medium:25%;--awb-order-medium:0;--awb-spacing-right-medium:7.68%;--awb-spacing-left-medium:7.68%;--awb-width-small:100%;--awb-order-small:1;--awb-spacing-right-small:1.92%;--awb-margin-bottom-small:50px;--awb-spacing-left-small:1.92%;\"><div class=\"fusion-column-wrapper fusion-column-has-shadow fusion-flex-justify-content-flex-start fusion-content-layout-column\"><div class=\"fusion-image-element awb-imageframe-style awb-imageframe-style-below awb-imageframe-style-5\" style=\"--awb-caption-title-font-family:var(--body_typography-font-family);--awb-caption-title-font-weight:var(--body_typography-font-weight);--awb-caption-title-font-style:var(--body_typography-font-style);--awb-caption-title-size:var(--body_typography-font-size);--awb-caption-title-transform:var(--body_typography-text-transform);--awb-caption-title-line-height:var(--body_typography-line-height);--awb-caption-title-letter-spacing:var(--body_typography-letter-spacing);\"><span class=\"fusion-imageframe imageframe-none imageframe-5 hover-type-none\"><img decoding=\"async\" width=\"943\" height=\"1298\" alt=\"Black and white photograph. Michael Berolzheimer, elderly gentleman sitting at a table in front of a window\" title=\"Michael-Berolzheimer-in-the-study-new\" src=\"https:\/\/kunst-raub-rueckgabe.de\/wp-content\/uploads\/2023\/11\/Michael-Berolzheimer-im-Arbeitszimmer-neu.jpg\" class=\"img-responsive wp-image-2813\" srcset=\"https:\/\/kunst-raub-rueckgabe.de\/wp-content\/uploads\/2023\/11\/Michael-Berolzheimer-im-Arbeitszimmer-neu-200x275.jpg 200w, https:\/\/kunst-raub-rueckgabe.de\/wp-content\/uploads\/2023\/11\/Michael-Berolzheimer-im-Arbeitszimmer-neu-400x551.jpg 400w, https:\/\/kunst-raub-rueckgabe.de\/wp-content\/uploads\/2023\/11\/Michael-Berolzheimer-im-Arbeitszimmer-neu-600x826.jpg 600w, https:\/\/kunst-raub-rueckgabe.de\/wp-content\/uploads\/2023\/11\/Michael-Berolzheimer-im-Arbeitszimmer-neu-800x1101.jpg 800w, https:\/\/kunst-raub-rueckgabe.de\/wp-content\/uploads\/2023\/11\/Michael-Berolzheimer-im-Arbeitszimmer-neu.jpg 943w\" sizes=\"(max-width: 640px) 100vw, 400px\" \/><\/span><div class=\"awb-imageframe-caption-container\"><div class=\"awb-imageframe-caption\"><div class=\"awb-imageframe-caption-title\">Michael Berolzheimer in his study in Untergrainau, around 1935.<\/div><p class=\"awb-imageframe-caption-text\"> Family collection<\/p><\/div><\/div><\/div><\/div><\/div><div class=\"fusion-layout-column fusion_builder_column fusion-builder-column-21 awb-sticky awb-sticky-medium awb-sticky-large fusion_builder_column_1_2 1_2 fusion-flex-column\" style=\"--awb-bg-size:cover;--awb-width-large:50%;--awb-margin-top-large:0px;--awb-spacing-right-large:3.84%;--awb-margin-bottom-large:20px;--awb-spacing-left-large:3.84%;--awb-width-medium:50%;--awb-order-medium:0;--awb-spacing-right-medium:3.84%;--awb-spacing-left-medium:3.84%;--awb-width-small:100%;--awb-order-small:0;--awb-spacing-right-small:1.92%;--awb-spacing-left-small:1.92%;--awb-sticky-offset:100px;\"><div class=\"fusion-column-wrapper fusion-column-has-shadow fusion-flex-justify-content-flex-start fusion-content-layout-column\"><div class=\"fusion-text fusion-text-9\"><h3>The reclusive scholar<\/h3>\n<p>From this point, Michael Berolzheimer devotes himself to studying the genealogy of Jewish families in Bavaria. He finds important sources through his own archival research and through extensive correspondence with genealogists and scholars. Today his documents are a key resource for research into Franconian-Jewish genealogy.<\/p>\n<\/div><\/div><\/div><\/div><\/div><div class=\"fusion-fullwidth fullwidth-box fusion-builder-row-15 fusion-flex-container has-pattern-background has-mask-background nonhundred-percent-fullwidth non-hundred-percent-height-scrolling\" style=\"--awb-border-radius-top-left:0px;--awb-border-radius-top-right:0px;--awb-border-radius-bottom-right:0px;--awb-border-radius-bottom-left:0px;--awb-padding-top:50px;--awb-padding-bottom:50px;--awb-padding-top-small:25px;--awb-padding-bottom-small:25px;--awb-margin-top:0px;--awb-margin-bottom:0px;--awb-flex-wrap:wrap;\" ><div class=\"fusion-builder-row fusion-row fusion-flex-align-items-flex-start fusion-flex-justify-content-flex-end fusion-flex-content-wrap\" style=\"max-width:1497.6px;margin-left: calc(-4% \/ 2 );margin-right: calc(-4% \/ 2 );\"><div class=\"fusion-layout-column fusion_builder_column fusion-builder-column-22 fusion_builder_column_1_3 1_3 fusion-flex-column\" style=\"--awb-bg-size:cover;--awb-width-large:33.333333333333%;--awb-margin-top-large:0px;--awb-spacing-right-large:5.76%;--awb-margin-bottom-large:20px;--awb-spacing-left-large:5.76%;--awb-width-medium:33.333333333333%;--awb-order-medium:0;--awb-spacing-right-medium:5.76%;--awb-spacing-left-medium:5.76%;--awb-width-small:100%;--awb-order-small:1;--awb-spacing-right-small:1.92%;--awb-spacing-left-small:1.92%;\"><div class=\"fusion-column-wrapper fusion-column-has-shadow fusion-flex-justify-content-flex-start fusion-content-layout-column\"><div class=\"fusion-image-carousel fusion-image-carousel-auto fusion-image-carousel-4 fusion-carousel-border awb-image-carousel-top-below-caption\"><div class=\"awb-carousel awb-swiper awb-swiper-carousel awb-carousel--carousel awb-swiper-dots-position-bottom awb-imageframe-style awb-imageframe-style-below awb-imageframe-style-4\" data-layout=\"carousel\" data-autoplay=\"no\" data-autoplayspeed=\"2500\" data-autoplaypause=\"no\" data-loop=\"yes\" data-columns=\"1\" data-columnsmedium=\"1\" data-columnssmall=\"1\" data-itemmargin=\"13\" data-itemwidth=\"180\" data-touchscroll=\"no\" data-freemode=\"no\" data-imagesize=\"auto\" data-scrollitems=\"0\" data-centeredslides=\"no\" data-rotationangle=\"50\" data-depth=\"100\" data-speed=\"500\" data-shadow=\"no\" data-pagination=\"bullets\" style=\"--awb-columns:1;--awb-caption-title-color:var(--awb-color5);--awb-caption-text-color:var(--awb-color5);--awb-border-width:1px;--awb-border-color:#e9eaee;\"><div class=\"swiper-wrapper awb-image-carousel-wrapper fusion-flex-align-items-center\"><div class=\"swiper-slide\"><div class=\"fusion-carousel-item-wrapper\"><div class=\"fusion-image-wrapper hover-type-none\"><img decoding=\"async\" width=\"1048\" height=\"1612\" src=\"https:\/\/kunst-raub-rueckgabe.de\/wp-content\/uploads\/2023\/11\/Kriegerdenkmal-Entwurf-Sattler.jpg\" class=\"attachment-full size-full\" alt=\"Black and white photo of a design for a monument. On a plinth, a grieving woman with a lifeless young man on her lap.\" srcset=\"https:\/\/kunst-raub-rueckgabe.de\/wp-content\/uploads\/2023\/11\/Kriegerdenkmal-Entwurf-Sattler-8x12.jpg 8w, https:\/\/kunst-raub-rueckgabe.de\/wp-content\/uploads\/2023\/11\/Kriegerdenkmal-Entwurf-Sattler-195x300.jpg 195w, https:\/\/kunst-raub-rueckgabe.de\/wp-content\/uploads\/2023\/11\/Kriegerdenkmal-Entwurf-Sattler-200x308.jpg 200w, https:\/\/kunst-raub-rueckgabe.de\/wp-content\/uploads\/2023\/11\/Kriegerdenkmal-Entwurf-Sattler-400x615.jpg 400w, https:\/\/kunst-raub-rueckgabe.de\/wp-content\/uploads\/2023\/11\/Kriegerdenkmal-Entwurf-Sattler-600x923.jpg 600w, https:\/\/kunst-raub-rueckgabe.de\/wp-content\/uploads\/2023\/11\/Kriegerdenkmal-Entwurf-Sattler-666x1024.jpg 666w, https:\/\/kunst-raub-rueckgabe.de\/wp-content\/uploads\/2023\/11\/Kriegerdenkmal-Entwurf-Sattler-768x1181.jpg 768w, https:\/\/kunst-raub-rueckgabe.de\/wp-content\/uploads\/2023\/11\/Kriegerdenkmal-Entwurf-Sattler-800x1231.jpg 800w, https:\/\/kunst-raub-rueckgabe.de\/wp-content\/uploads\/2023\/11\/Kriegerdenkmal-Entwurf-Sattler-999x1536.jpg 999w, https:\/\/kunst-raub-rueckgabe.de\/wp-content\/uploads\/2023\/11\/Kriegerdenkmal-Entwurf-Sattler.jpg 1048w\" sizes=\"(max-width: 1048px) 100vw, 1048px\" \/><\/div><div class=\"awb-imageframe-caption-container\" style=\"text-align:left;\"><div class=\"awb-imageframe-caption\"><div class=\"awb-imageframe-caption-title\">Design for the Grainau war memorial on a contemporary postcard.<\/div><p class=\"awb-imageframe-caption-text\">Archive Peter Schwarz, Grainau<\/p><\/div><\/div><\/div><\/div><div class=\"swiper-slide\"><div class=\"fusion-carousel-item-wrapper\"><div class=\"fusion-image-wrapper hover-type-none\"><img decoding=\"async\" width=\"1245\" height=\"1847\" src=\"https:\/\/kunst-raub-rueckgabe.de\/wp-content\/uploads\/2023\/11\/Kriegerdenkmal-Pfarrkirche-Grainau-scaled-e1699863583472.jpg\" class=\"attachment-full size-full\" alt=\"Colour photo. A monument. On a pedestal a grieving woman with a lifeless young man on her lap. A plaque underneath.\" srcset=\"https:\/\/kunst-raub-rueckgabe.de\/wp-content\/uploads\/2023\/11\/Kriegerdenkmal-Pfarrkirche-Grainau-scaled-e1699863583472-8x12.jpg 8w, https:\/\/kunst-raub-rueckgabe.de\/wp-content\/uploads\/2023\/11\/Kriegerdenkmal-Pfarrkirche-Grainau-scaled-e1699863583472-200x297.jpg 200w, https:\/\/kunst-raub-rueckgabe.de\/wp-content\/uploads\/2023\/11\/Kriegerdenkmal-Pfarrkirche-Grainau-scaled-e1699863583472-202x300.jpg 202w, https:\/\/kunst-raub-rueckgabe.de\/wp-content\/uploads\/2023\/11\/Kriegerdenkmal-Pfarrkirche-Grainau-scaled-e1699863583472-400x593.jpg 400w, https:\/\/kunst-raub-rueckgabe.de\/wp-content\/uploads\/2023\/11\/Kriegerdenkmal-Pfarrkirche-Grainau-scaled-e1699863583472-600x890.jpg 600w, https:\/\/kunst-raub-rueckgabe.de\/wp-content\/uploads\/2023\/11\/Kriegerdenkmal-Pfarrkirche-Grainau-scaled-e1699863583472-690x1024.jpg 690w, https:\/\/kunst-raub-rueckgabe.de\/wp-content\/uploads\/2023\/11\/Kriegerdenkmal-Pfarrkirche-Grainau-scaled-e1699863583472-768x1139.jpg 768w, https:\/\/kunst-raub-rueckgabe.de\/wp-content\/uploads\/2023\/11\/Kriegerdenkmal-Pfarrkirche-Grainau-scaled-e1699863583472-800x1187.jpg 800w, https:\/\/kunst-raub-rueckgabe.de\/wp-content\/uploads\/2023\/11\/Kriegerdenkmal-Pfarrkirche-Grainau-scaled-e1699863583472-1035x1536.jpg 1035w, https:\/\/kunst-raub-rueckgabe.de\/wp-content\/uploads\/2023\/11\/Kriegerdenkmal-Pfarrkirche-Grainau-scaled-e1699863583472-1200x1780.jpg 1200w, https:\/\/kunst-raub-rueckgabe.de\/wp-content\/uploads\/2023\/11\/Kriegerdenkmal-Pfarrkirche-Grainau-scaled-e1699863583472.jpg 1245w\" sizes=\"(max-width: 1245px) 100vw, 1245px\" \/><\/div><div class=\"awb-imageframe-caption-container\" style=\"text-align:left;\"><div class=\"awb-imageframe-caption\"><div class=\"awb-imageframe-caption-title\">The memorial is still on the outside wall of the Catholic parish church in Obergrainau. The names of the soldiers who died in the Second World War were later added to it.<\/div><p class=\"awb-imageframe-caption-text\">Photo: Peter Schwarz, Grainau<\/p><\/div><\/div><\/div><\/div><\/div><div class=\"awb-swiper-button awb-swiper-button-prev\"><i class=\"awb-icon-angle-left\" aria-hidden=\"true\"><\/i><\/div><div class=\"awb-swiper-button awb-swiper-button-next\"><i class=\"awb-icon-angle-right\" aria-hidden=\"true\"><\/i><\/div><\/div><\/div><\/div><\/div><div class=\"fusion-layout-column fusion_builder_column fusion-builder-column-23 awb-sticky awb-sticky-medium awb-sticky-large fusion_builder_column_1_2 1_2 fusion-flex-column\" style=\"--awb-bg-size:cover;--awb-width-large:50%;--awb-margin-top-large:0px;--awb-spacing-right-large:3.84%;--awb-margin-bottom-large:20px;--awb-spacing-left-large:3.84%;--awb-width-medium:50%;--awb-order-medium:0;--awb-spacing-right-medium:3.84%;--awb-spacing-left-medium:3.84%;--awb-width-small:100%;--awb-order-small:0;--awb-spacing-right-small:1.92%;--awb-spacing-left-small:1.92%;\" data-scroll-devices=\"small-visibility,medium-visibility,large-visibility\"><div class=\"fusion-column-wrapper fusion-column-has-shadow fusion-flex-justify-content-flex-start fusion-content-layout-column\"><div class=\"fusion-title title fusion-title-7 fusion-sep-none fusion-title-text fusion-title-size-three\" style=\"--awb-margin-top-small:10px;--awb-margin-right-small:0px;--awb-margin-bottom-small:10px;--awb-margin-left-small:0px;\"><h3 class=\"fusion-title-heading title-heading-left fusion-responsive-typography-calculated\" style=\"margin:0;--fontSize:32;line-height:var(--awb-typography1-line-height);\">World War One<\/h3><\/div><div class=\"fusion-text fusion-text-10\"><p>World War One leaves its mark on Untergrainau too. These are anxious times: Melitta\u2019s two sons, Robert and Waldemar, serve at the front and are wounded.<\/p>\n<p>Melitta sets up a depot in the family\u2019s country residence for letters and parcels to be sent out to the soldiers and makes rooms available for a field hospital. The Berolzheimers provide people in need with food and clothing. Michael provides legal assistance to Grainau residents, often free of charge.<\/p>\n<p>After the war, Michael Berolzheimer and the village\u2019s Catholic priest provide the impetus for a memorial dedicated to the 20 fallen soldiers from the local community.<\/p>\n<\/div><\/div><\/div><\/div><\/div><div class=\"fusion-fullwidth fullwidth-box fusion-builder-row-16 fusion-flex-container has-pattern-background has-mask-background nonhundred-percent-fullwidth non-hundred-percent-height-scrolling\" style=\"--awb-border-radius-top-left:0px;--awb-border-radius-top-right:0px;--awb-border-radius-bottom-right:0px;--awb-border-radius-bottom-left:0px;--awb-padding-top:60px;--awb-flex-wrap:wrap;\" ><div class=\"fusion-builder-row fusion-row fusion-flex-align-items-flex-start fusion-flex-content-wrap\" style=\"max-width:1497.6px;margin-left: calc(-4% \/ 2 );margin-right: calc(-4% \/ 2 );\"><div class=\"fusion-layout-column fusion_builder_column fusion-builder-column-24 fusion_builder_column_1_1 1_1 fusion-flex-column\" style=\"--awb-bg-size:cover;--awb-width-large:100%;--awb-margin-top-large:0px;--awb-spacing-right-large:1.92%;--awb-margin-bottom-large:20px;--awb-spacing-left-large:1.92%;--awb-width-medium:100%;--awb-order-medium:0;--awb-spacing-right-medium:1.92%;--awb-spacing-left-medium:1.92%;--awb-width-small:100%;--awb-order-small:0;--awb-spacing-right-small:1.92%;--awb-spacing-left-small:1.92%;\"><div class=\"fusion-column-wrapper fusion-column-has-shadow fusion-flex-justify-content-flex-start fusion-content-layout-column\"><div class=\"fusion-title title fusion-title-8 fusion-sep-none fusion-title-center fusion-title-text fusion-title-size-two\" style=\"--awb-margin-top-small:10px;--awb-margin-right-small:0px;--awb-margin-bottom-small:10px;--awb-margin-left-small:0px;\"><h2 class=\"fusion-title-heading title-heading-center fusion-responsive-typography-calculated\" style=\"margin:0;--fontSize:40;line-height:var(--awb-typography1-line-height);\">Art collector and expert<\/h2><\/div><\/div><\/div><\/div><\/div><div class=\"fusion-fullwidth fullwidth-box fusion-builder-row-17 fusion-flex-container has-pattern-background has-mask-background nonhundred-percent-fullwidth non-hundred-percent-height-scrolling\" style=\"--awb-border-radius-top-left:0px;--awb-border-radius-top-right:0px;--awb-border-radius-bottom-right:0px;--awb-border-radius-bottom-left:0px;--awb-padding-top:100px;--awb-padding-bottom:100px;--awb-padding-top-small:25px;--awb-padding-bottom-small:25px;--awb-flex-wrap:wrap;\" ><div class=\"fusion-builder-row fusion-row fusion-flex-align-items-flex-start fusion-flex-content-wrap\" style=\"max-width:1497.6px;margin-left: calc(-4% \/ 2 );margin-right: calc(-4% \/ 2 );\"><div class=\"fusion-layout-column fusion_builder_column fusion-builder-column-25 fusion_builder_column_1_2 1_2 fusion-flex-column\" style=\"--awb-bg-size:cover;--awb-width-large:50%;--awb-margin-top-large:0px;--awb-spacing-right-large:3.84%;--awb-margin-bottom-large:20px;--awb-spacing-left-large:3.84%;--awb-width-medium:50%;--awb-order-medium:0;--awb-spacing-right-medium:3.84%;--awb-spacing-left-medium:3.84%;--awb-width-small:100%;--awb-order-small:1;--awb-spacing-right-small:1.92%;--awb-spacing-left-small:1.92%;\"><div class=\"fusion-column-wrapper fusion-column-has-shadow fusion-flex-justify-content-flex-start fusion-content-layout-column\"><div class=\"fusion-image-element awb-imageframe-style awb-imageframe-style-below awb-imageframe-style-6\" style=\"--awb-caption-text-size:var(--awb-typography5-font-size);--awb-caption-text-transform:var(--awb-typography5-text-transform);--awb-caption-text-line-height:var(--awb-typography5-line-height);--awb-caption-text-letter-spacing:var(--awb-typography5-letter-spacing);--awb-caption-margin-top:10px;--awb-caption-title-font-family:var(--awb-typography5-font-family);--awb-caption-title-font-weight:var(--awb-typography5-font-weight);--awb-caption-title-font-style:var(--awb-typography5-font-style);--awb-caption-title-size:var(--awb-typography5-font-size);--awb-caption-title-transform:var(--awb-typography5-text-transform);--awb-caption-title-line-height:var(--awb-typography5-line-height);--awb-caption-title-letter-spacing:var(--awb-typography5-letter-spacing);--awb-caption-text-font-family:var(--awb-typography5-font-family);--awb-caption-text-font-weight:var(--awb-typography5-font-weight);--awb-caption-text-font-style:var(--awb-typography5-font-style);\"><span class=\"fusion-imageframe imageframe-none imageframe-6 hover-type-none zoooom\"><a class=\"fusion-no-lightbox\" href=\"\/en\/Galerie Arnoldi-Livie, M\u00fcnchen\/\" target=\"_self\" aria-label=\"Carl Hummel: Waterfall in a forest landscape\"><img decoding=\"async\" width=\"2560\" height=\"1831\" alt=\"Carl Hummel: Waterfall in a forest landscape (Kochelfall), sepia sketch.\" src=\"https:\/\/kunst-raub-rueckgabe.de\/wp-content\/uploads\/2023\/10\/Carl-Hummel-Wasserfall-scaled.jpg\" class=\"img-responsive wp-image-2686\" srcset=\"https:\/\/kunst-raub-rueckgabe.de\/wp-content\/uploads\/2023\/10\/Carl-Hummel-Wasserfall-200x143.jpg 200w, https:\/\/kunst-raub-rueckgabe.de\/wp-content\/uploads\/2023\/10\/Carl-Hummel-Wasserfall-400x286.jpg 400w, https:\/\/kunst-raub-rueckgabe.de\/wp-content\/uploads\/2023\/10\/Carl-Hummel-Wasserfall-600x429.jpg 600w, https:\/\/kunst-raub-rueckgabe.de\/wp-content\/uploads\/2023\/10\/Carl-Hummel-Wasserfall-800x572.jpg 800w, https:\/\/kunst-raub-rueckgabe.de\/wp-content\/uploads\/2023\/10\/Carl-Hummel-Wasserfall-1200x858.jpg 1200w, https:\/\/kunst-raub-rueckgabe.de\/wp-content\/uploads\/2023\/10\/Carl-Hummel-Wasserfall-scaled.jpg 2560w\" sizes=\"(max-width: 640px) 100vw, 800px\" \/><\/a><\/span><div class=\"awb-imageframe-caption-container\"><div class=\"awb-imageframe-caption\"><div class=\"awb-imageframe-caption-title\">Carl Hummel: Waterfall in the Giant Mountains (Kochelfall). Restituted in 2011. \ud83d\udd0d Move the mouse over the picture to enlarge it<\/div><p class=\"awb-imageframe-caption-text\">Photo: Galerie Arnoldi-Livie \ud83d\udd0d Hover over the image to enlarge <\/p><\/div><\/div><\/div><\/div><\/div><div class=\"fusion-layout-column fusion_builder_column fusion-builder-column-26 awb-sticky awb-sticky-medium awb-sticky-large fusion_builder_column_1_2 1_2 fusion-flex-column\" style=\"--awb-bg-size:cover;--awb-width-large:50%;--awb-margin-top-large:0px;--awb-spacing-right-large:3.84%;--awb-margin-bottom-large:20px;--awb-spacing-left-large:3.84%;--awb-width-medium:50%;--awb-order-medium:0;--awb-spacing-right-medium:3.84%;--awb-spacing-left-medium:3.84%;--awb-width-small:100%;--awb-order-small:0;--awb-spacing-right-small:1.92%;--awb-spacing-left-small:1.92%;--awb-sticky-offset:20px;\"><div class=\"fusion-column-wrapper fusion-column-has-shadow fusion-flex-justify-content-flex-start fusion-content-layout-column\"><div class=\"fusion-text fusion-text-11\"><h3>The art collection<\/h3>\n<p>Michael Berolzheimer is an avid art collector. He mainly collects drawings, watercolors, and prints. He also owns a number of 19th century paintings and sculptures.<\/p>\n<p>Berolzheimer\u2019s expertise is held in high esteem in the Munich art scene. He works in an honorary capacity for the acquisitions committee at the city\u2019s Alte Pinakothek gallery and for the Graphische Sammlungen (State Collection of Prints and Drawings).<\/p>\n<\/div><\/div><\/div><\/div><\/div><div class=\"fusion-fullwidth fullwidth-box fusion-builder-row-18 fusion-flex-container has-pattern-background has-mask-background nonhundred-percent-fullwidth non-hundred-percent-height-scrolling\" style=\"--awb-border-radius-top-left:0px;--awb-border-radius-top-right:0px;--awb-border-radius-bottom-right:0px;--awb-border-radius-bottom-left:0px;--awb-padding-top:50px;--awb-padding-bottom:50px;--awb-padding-top-small:25px;--awb-padding-bottom-small:25px;--awb-margin-top:0px;--awb-margin-bottom:0px;--awb-flex-wrap:wrap;\" ><div class=\"fusion-builder-row fusion-row fusion-flex-align-items-flex-start fusion-flex-justify-content-flex-end fusion-flex-content-wrap\" style=\"max-width:1497.6px;margin-left: calc(-4% \/ 2 );margin-right: calc(-4% \/ 2 );\"><div class=\"fusion-layout-column fusion_builder_column fusion-builder-column-27 fusion_builder_column_1_3 1_3 fusion-flex-column\" style=\"--awb-bg-size:cover;--awb-width-large:33.333333333333%;--awb-margin-top-large:0px;--awb-spacing-right-large:5.76%;--awb-margin-bottom-large:20px;--awb-spacing-left-large:5.76%;--awb-width-medium:33.333333333333%;--awb-order-medium:0;--awb-spacing-right-medium:5.76%;--awb-spacing-left-medium:5.76%;--awb-width-small:100%;--awb-order-small:1;--awb-spacing-right-small:1.92%;--awb-spacing-left-small:1.92%;\"><div class=\"fusion-column-wrapper fusion-column-has-shadow fusion-flex-justify-content-flex-start fusion-content-layout-column\"><div class=\"fusion-image-carousel fusion-image-carousel-auto fusion-image-carousel-5 fusion-carousel-border awb-image-carousel-top-below-caption\"><div class=\"awb-carousel awb-swiper awb-swiper-carousel awb-carousel--carousel awb-swiper-dots-position-bottom awb-imageframe-style awb-imageframe-style-below awb-imageframe-style-5\" data-layout=\"carousel\" data-autoplay=\"no\" data-autoplayspeed=\"2500\" data-autoplaypause=\"no\" data-loop=\"yes\" data-columns=\"1\" data-columnsmedium=\"1\" data-columnssmall=\"1\" data-itemmargin=\"13\" data-itemwidth=\"180\" data-touchscroll=\"no\" data-freemode=\"no\" data-imagesize=\"auto\" data-scrollitems=\"0\" data-centeredslides=\"no\" data-rotationangle=\"50\" data-depth=\"100\" data-speed=\"500\" data-shadow=\"no\" data-pagination=\"bullets\" style=\"--awb-columns:1;--awb-caption-title-color:var(--awb-color5);--awb-caption-text-color:var(--awb-color5);--awb-border-width:1px;--awb-border-color:#e9eaee;\"><div class=\"swiper-wrapper awb-image-carousel-wrapper fusion-flex-align-items-center\"><div class=\"swiper-slide\"><div class=\"fusion-carousel-item-wrapper\"><div class=\"fusion-image-wrapper hover-type-none\"><img decoding=\"async\" width=\"1795\" height=\"2560\" src=\"https:\/\/kunst-raub-rueckgabe.de\/wp-content\/uploads\/2023\/11\/Rodin-Skulptur-im-Garten-Untergrainau-scaled.jpg\" class=\"attachment-full size-full\" alt=\"Black and white photo. On a pedestal in a garden, the statue of a naked striding man with a beard and long hair, his right hand raised.\" srcset=\"https:\/\/kunst-raub-rueckgabe.de\/wp-content\/uploads\/2023\/11\/Rodin-Skulptur-im-Garten-Untergrainau-8x12.jpg 8w, https:\/\/kunst-raub-rueckgabe.de\/wp-content\/uploads\/2023\/11\/Rodin-Skulptur-im-Garten-Untergrainau-200x285.jpg 200w, https:\/\/kunst-raub-rueckgabe.de\/wp-content\/uploads\/2023\/11\/Rodin-Skulptur-im-Garten-Untergrainau-210x300.jpg 210w, https:\/\/kunst-raub-rueckgabe.de\/wp-content\/uploads\/2023\/11\/Rodin-Skulptur-im-Garten-Untergrainau-400x571.jpg 400w, https:\/\/kunst-raub-rueckgabe.de\/wp-content\/uploads\/2023\/11\/Rodin-Skulptur-im-Garten-Untergrainau-600x856.jpg 600w, https:\/\/kunst-raub-rueckgabe.de\/wp-content\/uploads\/2023\/11\/Rodin-Skulptur-im-Garten-Untergrainau-718x1024.jpg 718w, https:\/\/kunst-raub-rueckgabe.de\/wp-content\/uploads\/2023\/11\/Rodin-Skulptur-im-Garten-Untergrainau-768x1096.jpg 768w, https:\/\/kunst-raub-rueckgabe.de\/wp-content\/uploads\/2023\/11\/Rodin-Skulptur-im-Garten-Untergrainau-800x1141.jpg 800w, https:\/\/kunst-raub-rueckgabe.de\/wp-content\/uploads\/2023\/11\/Rodin-Skulptur-im-Garten-Untergrainau-1077x1536.jpg 1077w, https:\/\/kunst-raub-rueckgabe.de\/wp-content\/uploads\/2023\/11\/Rodin-Skulptur-im-Garten-Untergrainau-1200x1712.jpg 1200w, https:\/\/kunst-raub-rueckgabe.de\/wp-content\/uploads\/2023\/11\/Rodin-Skulptur-im-Garten-Untergrainau-1436x2048.jpg 1436w, https:\/\/kunst-raub-rueckgabe.de\/wp-content\/uploads\/2023\/11\/Rodin-Skulptur-im-Garten-Untergrainau-scaled.jpg 1795w\" sizes=\"(max-width: 1795px) 100vw, 1795px\" \/><\/div><div class=\"awb-imageframe-caption-container\" style=\"text-align:left;\"><div class=\"awb-imageframe-caption\"><div class=\"awb-imageframe-caption-title\">Auguste Rodin: St John the Baptist, 1878, here in the garden of the country house in Untergrainau. <\/div><p class=\"awb-imageframe-caption-text\">Family collection<\/p><\/div><\/div><\/div><\/div><div class=\"swiper-slide\"><div class=\"fusion-carousel-item-wrapper\"><div class=\"fusion-image-wrapper hover-type-none\"><img decoding=\"async\" width=\"1737\" height=\"2560\" src=\"https:\/\/kunst-raub-rueckgabe.de\/wp-content\/uploads\/2023\/11\/Rodin-Johannes-der-Taeufer-Saint-Louis-Art-Museum-scaled.jpg\" class=\"attachment-full size-full\" alt=\"Colour photo. On a pedestal, the statue of a naked striding man with a beard and long hair, his right hand raised.\" srcset=\"https:\/\/kunst-raub-rueckgabe.de\/wp-content\/uploads\/2023\/11\/Rodin-Johannes-der-Taeufer-Saint-Louis-Art-Museum-8x12.jpg 8w, https:\/\/kunst-raub-rueckgabe.de\/wp-content\/uploads\/2023\/11\/Rodin-Johannes-der-Taeufer-Saint-Louis-Art-Museum-200x295.jpg 200w, https:\/\/kunst-raub-rueckgabe.de\/wp-content\/uploads\/2023\/11\/Rodin-Johannes-der-Taeufer-Saint-Louis-Art-Museum-204x300.jpg 204w, https:\/\/kunst-raub-rueckgabe.de\/wp-content\/uploads\/2023\/11\/Rodin-Johannes-der-Taeufer-Saint-Louis-Art-Museum-400x589.jpg 400w, https:\/\/kunst-raub-rueckgabe.de\/wp-content\/uploads\/2023\/11\/Rodin-Johannes-der-Taeufer-Saint-Louis-Art-Museum-600x884.jpg 600w, https:\/\/kunst-raub-rueckgabe.de\/wp-content\/uploads\/2023\/11\/Rodin-Johannes-der-Taeufer-Saint-Louis-Art-Museum-695x1024.jpg 695w, https:\/\/kunst-raub-rueckgabe.de\/wp-content\/uploads\/2023\/11\/Rodin-Johannes-der-Taeufer-Saint-Louis-Art-Museum-768x1132.jpg 768w, https:\/\/kunst-raub-rueckgabe.de\/wp-content\/uploads\/2023\/11\/Rodin-Johannes-der-Taeufer-Saint-Louis-Art-Museum-800x1179.jpg 800w, https:\/\/kunst-raub-rueckgabe.de\/wp-content\/uploads\/2023\/11\/Rodin-Johannes-der-Taeufer-Saint-Louis-Art-Museum-1042x1536.jpg 1042w, https:\/\/kunst-raub-rueckgabe.de\/wp-content\/uploads\/2023\/11\/Rodin-Johannes-der-Taeufer-Saint-Louis-Art-Museum-1200x1768.jpg 1200w, https:\/\/kunst-raub-rueckgabe.de\/wp-content\/uploads\/2023\/11\/Rodin-Johannes-der-Taeufer-Saint-Louis-Art-Museum-1390x2048.jpg 1390w, https:\/\/kunst-raub-rueckgabe.de\/wp-content\/uploads\/2023\/11\/Rodin-Johannes-der-Taeufer-Saint-Louis-Art-Museum-scaled.jpg 1737w\" sizes=\"(max-width: 1737px) 100vw, 1737px\" \/><\/div><div class=\"awb-imageframe-caption-container\" style=\"text-align:left;\"><div class=\"awb-imageframe-caption\"><div class=\"awb-imageframe-caption-title\">The bronze sculpture is one of the works of art that the Berolzheimers were able to take with them to the USA. Today it is in the Saint Louis Art Museum.<\/div><p class=\"awb-imageframe-caption-text\">Saint Louis Art Museum, Museum Purchase 2:1946<\/p><\/div><\/div><\/div><\/div><div class=\"swiper-slide\"><div class=\"fusion-carousel-item-wrapper\"><div class=\"fusion-image-wrapper hover-type-none\"><img decoding=\"async\" width=\"1607\" height=\"2560\" src=\"https:\/\/kunst-raub-rueckgabe.de\/wp-content\/uploads\/2023\/11\/Rodin-homme-au-nez-casse-1-scaled.jpg\" class=\"attachment-full size-full\" alt=\"On a pedestal is a bronze head showing a man with a beard and broken nose.\" srcset=\"https:\/\/kunst-raub-rueckgabe.de\/wp-content\/uploads\/2023\/11\/Rodin-homme-au-nez-casse-1-8x12.jpg 8w, https:\/\/kunst-raub-rueckgabe.de\/wp-content\/uploads\/2023\/11\/Rodin-homme-au-nez-casse-1-188x300.jpg 188w, https:\/\/kunst-raub-rueckgabe.de\/wp-content\/uploads\/2023\/11\/Rodin-homme-au-nez-casse-1-200x319.jpg 200w, https:\/\/kunst-raub-rueckgabe.de\/wp-content\/uploads\/2023\/11\/Rodin-homme-au-nez-casse-1-400x637.jpg 400w, https:\/\/kunst-raub-rueckgabe.de\/wp-content\/uploads\/2023\/11\/Rodin-homme-au-nez-casse-1-600x956.jpg 600w, https:\/\/kunst-raub-rueckgabe.de\/wp-content\/uploads\/2023\/11\/Rodin-homme-au-nez-casse-1-643x1024.jpg 643w, https:\/\/kunst-raub-rueckgabe.de\/wp-content\/uploads\/2023\/11\/Rodin-homme-au-nez-casse-1-768x1223.jpg 768w, https:\/\/kunst-raub-rueckgabe.de\/wp-content\/uploads\/2023\/11\/Rodin-homme-au-nez-casse-1-800x1274.jpg 800w, https:\/\/kunst-raub-rueckgabe.de\/wp-content\/uploads\/2023\/11\/Rodin-homme-au-nez-casse-1-964x1536.jpg 964w, https:\/\/kunst-raub-rueckgabe.de\/wp-content\/uploads\/2023\/11\/Rodin-homme-au-nez-casse-1-1200x1911.jpg 1200w, https:\/\/kunst-raub-rueckgabe.de\/wp-content\/uploads\/2023\/11\/Rodin-homme-au-nez-casse-1-1286x2048.jpg 1286w, https:\/\/kunst-raub-rueckgabe.de\/wp-content\/uploads\/2023\/11\/Rodin-homme-au-nez-casse-1-scaled.jpg 1607w\" sizes=\"(max-width: 1607px) 100vw, 1607px\" \/><\/div><div class=\"awb-imageframe-caption-container\" style=\"text-align:left;\"><div class=\"awb-imageframe-caption\"><div class=\"awb-imageframe-caption-title\">Auguste Rodin: The Man with the Broken Nose.<\/div><p class=\"awb-imageframe-caption-text\">Family collection<\/p><\/div><\/div><\/div><\/div><\/div><div class=\"awb-swiper-button awb-swiper-button-prev\"><i class=\"awb-icon-angle-left\" aria-hidden=\"true\"><\/i><\/div><div class=\"awb-swiper-button awb-swiper-button-next\"><i class=\"awb-icon-angle-right\" aria-hidden=\"true\"><\/i><\/div><\/div><\/div><\/div><\/div><div class=\"fusion-layout-column fusion_builder_column fusion-builder-column-28 awb-sticky awb-sticky-medium awb-sticky-large fusion_builder_column_1_2 1_2 fusion-flex-column\" style=\"--awb-bg-size:cover;--awb-width-large:50%;--awb-margin-top-large:0px;--awb-spacing-right-large:3.84%;--awb-margin-bottom-large:20px;--awb-spacing-left-large:3.84%;--awb-width-medium:50%;--awb-order-medium:0;--awb-spacing-right-medium:3.84%;--awb-spacing-left-medium:3.84%;--awb-width-small:100%;--awb-order-small:0;--awb-spacing-right-small:1.92%;--awb-spacing-left-small:1.92%;\" data-scroll-devices=\"small-visibility,medium-visibility,large-visibility\"><div class=\"fusion-column-wrapper fusion-column-has-shadow fusion-flex-justify-content-flex-start fusion-content-layout-column\"><div class=\"fusion-title title fusion-title-9 fusion-sep-none fusion-title-text fusion-title-size-three\" style=\"--awb-margin-top-small:10px;--awb-margin-right-small:0px;--awb-margin-bottom-small:10px;--awb-margin-left-small:0px;\"><h3 class=\"fusion-title-heading title-heading-left fusion-responsive-typography-calculated\" style=\"margin:0;--fontSize:32;line-height:var(--awb-typography1-line-height);\"><h3>Two Rodins for Untergrainau<\/h3><\/h3><\/div><div class=\"fusion-text fusion-text-12\"><p>In 1912 Michael and Melitta Berolzheimer visit the renowned sculptor Auguste Rodin in France and buy two bronzes. The larger-than-life-size figure Saint Jean-Baptiste (John the Baptist) henceforth graces the garden at their Untergrainau residence. The second bronze, L'homme au nez cass\u00e9 (The Man with the Broken Nose), is kept on Michael Berolzheimer\u2019s desk.<\/p>\n<\/div><\/div><\/div><\/div><\/div><div class=\"fusion-fullwidth fullwidth-box fusion-builder-row-19 fusion-flex-container has-pattern-background has-mask-background nonhundred-percent-fullwidth non-hundred-percent-height-scrolling Anthrazit\" style=\"--awb-border-radius-top-left:0px;--awb-border-radius-top-right:0px;--awb-border-radius-bottom-right:0px;--awb-border-radius-bottom-left:0px;--awb-padding-top:60px;--awb-flex-wrap:wrap;\" ><div class=\"fusion-builder-row fusion-row fusion-flex-align-items-flex-start fusion-flex-content-wrap\" style=\"max-width:1497.6px;margin-left: calc(-4% \/ 2 );margin-right: calc(-4% \/ 2 );\"><div class=\"fusion-layout-column fusion_builder_column fusion-builder-column-29 fusion_builder_column_1_1 1_1 fusion-flex-column\" style=\"--awb-bg-size:cover;--awb-width-large:100%;--awb-margin-top-large:0px;--awb-spacing-right-large:1.92%;--awb-margin-bottom-large:20px;--awb-spacing-left-large:1.92%;--awb-width-medium:100%;--awb-order-medium:0;--awb-spacing-right-medium:1.92%;--awb-spacing-left-medium:1.92%;--awb-width-small:100%;--awb-order-small:0;--awb-spacing-right-small:1.92%;--awb-spacing-left-small:1.92%;\"><div class=\"fusion-column-wrapper fusion-column-has-shadow fusion-flex-justify-content-flex-start fusion-content-layout-column\"><div class=\"fusion-title title fusion-title-10 fusion-sep-none fusion-title-center fusion-title-text fusion-title-size-two\" style=\"--awb-margin-top-small:10px;--awb-margin-right-small:0px;--awb-margin-bottom-small:10px;--awb-margin-left-small:0px;\"><h2 class=\"fusion-title-heading title-heading-center fusion-responsive-typography-calculated\" style=\"margin:0;--fontSize:40;line-height:var(--awb-typography1-line-height);\">Expulsion<\/h2><\/div><\/div><\/div><\/div><\/div><div class=\"fusion-fullwidth fullwidth-box fusion-builder-row-20 fusion-flex-container has-pattern-background has-mask-background nonhundred-percent-fullwidth non-hundred-percent-height-scrolling Anthrazit\" style=\"--awb-border-radius-top-left:0px;--awb-border-radius-top-right:0px;--awb-border-radius-bottom-right:0px;--awb-border-radius-bottom-left:0px;--awb-padding-top:100px;--awb-padding-bottom:100px;--awb-padding-top-small:55px;--awb-padding-bottom-small:25px;--awb-flex-wrap:wrap;\" ><div class=\"fusion-builder-row fusion-row fusion-flex-align-items-flex-start fusion-flex-justify-content-flex-end fusion-flex-content-wrap\" style=\"max-width:1497.6px;margin-left: calc(-4% \/ 2 );margin-right: calc(-4% \/ 2 );\"><div class=\"fusion-layout-column fusion_builder_column fusion-builder-column-30 fusion_builder_column_1_3 1_3 fusion-flex-column\" style=\"--awb-bg-size:cover;--awb-width-large:33.333333333333%;--awb-margin-top-large:11px;--awb-spacing-right-large:5.76%;--awb-margin-bottom-large:20px;--awb-spacing-left-large:5.76%;--awb-width-medium:33.333333333333%;--awb-order-medium:0;--awb-spacing-right-medium:5.76%;--awb-spacing-left-medium:5.76%;--awb-width-small:100%;--awb-order-small:1;--awb-spacing-right-small:1.92%;--awb-margin-bottom-small:50px;--awb-spacing-left-small:1.92%;\"><div class=\"fusion-column-wrapper fusion-column-has-shadow fusion-flex-justify-content-flex-start fusion-content-layout-column\"><div class=\"fusion-image-element awb-imageframe-style awb-imageframe-style-below awb-imageframe-style-7\" style=\"--awb-caption-margin-top:10px;--awb-caption-margin-bottom:20px;--awb-caption-title-font-family:var(--body_typography-font-family);--awb-caption-title-font-weight:var(--body_typography-font-weight);--awb-caption-title-font-style:var(--body_typography-font-style);--awb-caption-title-size:var(--body_typography-font-size);--awb-caption-title-transform:var(--body_typography-text-transform);--awb-caption-title-line-height:var(--body_typography-line-height);--awb-caption-title-letter-spacing:var(--body_typography-letter-spacing);\"><span class=\"fusion-imageframe imageframe-none imageframe-7 hover-type-none\"><img decoding=\"async\" width=\"2092\" height=\"1315\" alt=\"Black and white photo. Two large hotel buildings, in front of them a flagpole with a flag bearing a swastika, in the background steep mountains.\" title=\"Postcard-Hotel-H\u00f6llentalklamm-Hammersbach-1935\" src=\"https:\/\/kunst-raub-rueckgabe.de\/wp-content\/uploads\/2023\/11\/Postkarte-Hotel-Hoellentalklamm-Hammersbach-1935.jpg\" class=\"img-responsive wp-image-2913\" srcset=\"https:\/\/kunst-raub-rueckgabe.de\/wp-content\/uploads\/2023\/11\/Postkarte-Hotel-Hoellentalklamm-Hammersbach-1935-200x126.jpg 200w, https:\/\/kunst-raub-rueckgabe.de\/wp-content\/uploads\/2023\/11\/Postkarte-Hotel-Hoellentalklamm-Hammersbach-1935-400x251.jpg 400w, https:\/\/kunst-raub-rueckgabe.de\/wp-content\/uploads\/2023\/11\/Postkarte-Hotel-Hoellentalklamm-Hammersbach-1935-600x377.jpg 600w, https:\/\/kunst-raub-rueckgabe.de\/wp-content\/uploads\/2023\/11\/Postkarte-Hotel-Hoellentalklamm-Hammersbach-1935-800x503.jpg 800w, https:\/\/kunst-raub-rueckgabe.de\/wp-content\/uploads\/2023\/11\/Postkarte-Hotel-Hoellentalklamm-Hammersbach-1935-1200x754.jpg 1200w, https:\/\/kunst-raub-rueckgabe.de\/wp-content\/uploads\/2023\/11\/Postkarte-Hotel-Hoellentalklamm-Hammersbach-1935.jpg 2092w\" sizes=\"(max-width: 640px) 100vw, 600px\" \/><\/span><div class=\"awb-imageframe-caption-container\"><div class=\"awb-imageframe-caption\"><div class=\"awb-imageframe-caption-title\">Swastikas also became a dominant feature of Grainau, here on display at a hotel in the neighbouring village of Hammersbach, 1935.<\/div><p class=\"awb-imageframe-caption-text\">Archive Peter Schwarz, Grainau<\/p><\/div><\/div><\/div><div class=\"fusion-image-element awb-imageframe-style awb-imageframe-style-below awb-imageframe-style-8\" style=\"--awb-caption-title-font-family:var(--body_typography-font-family);--awb-caption-title-font-weight:var(--body_typography-font-weight);--awb-caption-title-font-style:var(--body_typography-font-style);--awb-caption-title-size:var(--body_typography-font-size);--awb-caption-title-transform:var(--body_typography-text-transform);--awb-caption-title-line-height:var(--body_typography-line-height);--awb-caption-title-letter-spacing:var(--body_typography-letter-spacing);\"><span class=\"fusion-imageframe imageframe-none imageframe-8 hover-type-none\"><img decoding=\"async\" width=\"543\" height=\"332\" alt=\"Red note with anti-Jewish text\" title=\"1937-Brochure supplement-Jews-unwanted\" src=\"https:\/\/kunst-raub-rueckgabe.de\/wp-content\/uploads\/2023\/11\/1937-Prospektbeilage-Juden-unerwuenscht.jpg\" class=\"img-responsive wp-image-2797\" srcset=\"https:\/\/kunst-raub-rueckgabe.de\/wp-content\/uploads\/2023\/11\/1937-Prospektbeilage-Juden-unerwuenscht-200x122.jpg 200w, https:\/\/kunst-raub-rueckgabe.de\/wp-content\/uploads\/2023\/11\/1937-Prospektbeilage-Juden-unerwuenscht-400x245.jpg 400w, https:\/\/kunst-raub-rueckgabe.de\/wp-content\/uploads\/2023\/11\/1937-Prospektbeilage-Juden-unerwuenscht.jpg 543w\" sizes=\"(max-width: 640px) 100vw, 543px\" \/><\/span><div class=\"awb-imageframe-caption-container\"><div class=\"awb-imageframe-caption\"><div class=\"awb-imageframe-caption-title\">Since 1938 this and other similar slogans are included in the brochures and information sent out in response to inquiries from aspiring holidaymakers. In Garmisch-Partenkirchen there is not a single shop without a sign prohibiting entry to Jews.<\/div><p class=\"awb-imageframe-caption-text\"> Garmisch-Partenkirchen market archive, file index 131<\/p><\/div><\/div><\/div><\/div><\/div><div class=\"fusion-layout-column fusion_builder_column fusion-builder-column-31 awb-sticky awb-sticky-medium awb-sticky-large fusion_builder_column_1_2 1_2 fusion-flex-column\" style=\"--awb-bg-size:cover;--awb-width-large:50%;--awb-margin-top-large:0px;--awb-spacing-right-large:3.84%;--awb-margin-bottom-large:20px;--awb-spacing-left-large:3.84%;--awb-width-medium:50%;--awb-order-medium:0;--awb-spacing-right-medium:3.84%;--awb-spacing-left-medium:3.84%;--awb-width-small:100%;--awb-order-small:0;--awb-spacing-right-small:1.92%;--awb-spacing-left-small:1.92%;--awb-sticky-offset:100px;\"><div class=\"fusion-column-wrapper fusion-column-has-shadow fusion-flex-justify-content-flex-start fusion-content-layout-column\"><div class=\"fusion-text fusion-text-13\"><h3>The idyll is shattered<\/h3>\n<p>When the National Socialists assume power in 1933, life changes in Untergrainau too. Jews are increasingly excluded from public life. Although Berolzheimer is held in high regard on account of his charity work and his commitment to social causes, in 1937 his name is removed from the address book of his home town. Even his efforts to establish the memorial to the fallen soldiers are brought into disrepute as antisemitic sentiment takes hold.<\/p>\n<\/div><div class=\"fusion-builder-row fusion-builder-row-inner fusion-row fusion-flex-align-items-flex-start fusion-flex-justify-content-flex-end fusion-flex-content-wrap\" style=\"--awb-flex-grow:0;--awb-flex-grow-medium:0;--awb-flex-grow-small:0;--awb-flex-shrink:0;--awb-flex-shrink-medium:0;--awb-flex-shrink-small:0;width:104% !important;max-width:104% !important;margin-left: calc(-4% \/ 2 );margin-right: calc(-4% \/ 2 );\"><div class=\"fusion-layout-column fusion_builder_column_inner fusion-builder-nested-column-0 fusion_builder_column_inner_1_1 1_1 fusion-flex-column\" style=\"--awb-bg-size:cover;--awb-width-large:100%;--awb-margin-top-large:0px;--awb-spacing-right-large:1.92%;--awb-margin-bottom-large:20px;--awb-spacing-left-large:1.92%;--awb-width-medium:100%;--awb-order-medium:0;--awb-spacing-right-medium:1.92%;--awb-spacing-left-medium:1.92%;--awb-width-small:100%;--awb-order-small:0;--awb-spacing-right-small:1.92%;--awb-spacing-left-small:1.92%;\"><div class=\"fusion-column-wrapper fusion-column-has-shadow fusion-flex-justify-content-flex-start fusion-content-layout-column\"><div class=\"fusion-text fusion-text-14 fusion-text-no-margin\" style=\"--awb-font-size:16px;--awb-margin-top:0px;--awb-margin-right:0px;--awb-margin-bottom:0px;--awb-margin-left:0px;--awb-text-font-family:&quot;Inter&quot;;--awb-text-font-style:normal;--awb-text-font-weight:600;\"><p>Context<\/p>\n<\/div><div class=\"fusion-separator\" style=\"align-self: flex-start;margin-right:auto;margin-bottom:20px;width:100%;max-width:250px;\"><div class=\"fusion-separator-border sep-single sep-solid\" style=\"--awb-height:20px;--awb-amount:20px;--awb-sep-color:var(--awb-color1);border-color:var(--awb-color1);border-top-width:1px;\"><\/div><\/div><div ><a class=\"fusion-button button-flat button-small button-custom fusion-button-default button-1 fusion-button-default-span fusion-button-default-type\" style=\"--awb-margin-top:0px;--awb-margin-right:0px;--awb-margin-bottom:0px;--awb-margin-left:0px;--button_accent_color:var(--awb-color4);--button_border_color:var(--awb-color7);--button_accent_hover_color:var(--awb-color1);--button_border_hover_color:var(--awb-color1);--button_border_width-top:0;--button_border_width-right:0;--button_border_width-bottom:0;--button_border_width-left:0;--button-border-radius-top-left:0;--button-border-radius-top-right:0;--button-border-radius-bottom-right:0;--button-border-radius-bottom-left:0;--button_gradient_top_color:rgba(255,255,255,0);--button_gradient_bottom_color:rgba(255,255,255,0);--button_gradient_top_color_hover:rgba(255,255,255,0);--button_gradient_bottom_color_hover:rgba(255,255,255,0);\" target=\"lightbox\" rel=\"iLightbox\" href=\"https:\/\/kunst-raub-rueckgabe.de\/en\/faq-items\/assumption-of-power\/\"><i class=\"icon-KRR1Pfeil awb-button__icon awb-button__icon--default button-icon-left\" aria-hidden=\"true\"><\/i><span class=\"fusion-button-text awb-button__text awb-button__text--default\">Takeover of power<\/span><\/a><\/div><\/div><\/div><\/div><\/div><\/div><\/div><\/div><div class=\"fusion-fullwidth fullwidth-box fusion-builder-row-21 fusion-flex-container has-pattern-background has-mask-background nonhundred-percent-fullwidth non-hundred-percent-height-scrolling Anthrazit\" style=\"--awb-border-radius-top-left:0px;--awb-border-radius-top-right:0px;--awb-border-radius-bottom-right:0px;--awb-border-radius-bottom-left:0px;--awb-padding-top:50px;--awb-padding-bottom:50px;--awb-padding-top-small:25px;--awb-padding-bottom-small:25px;--awb-margin-top:0px;--awb-margin-bottom:0px;--awb-flex-wrap:wrap;\" ><div class=\"fusion-builder-row fusion-row fusion-flex-align-items-flex-start fusion-flex-content-wrap\" style=\"max-width:1497.6px;margin-left: calc(-4% \/ 2 );margin-right: calc(-4% \/ 2 );\"><div class=\"fusion-layout-column fusion_builder_column fusion-builder-column-32 fusion_builder_column_1_2 1_2 fusion-flex-column\" style=\"--awb-padding-top:10px;--awb-bg-size:cover;--awb-width-large:50%;--awb-margin-top-large:0px;--awb-spacing-right-large:3.84%;--awb-margin-bottom-large:20px;--awb-spacing-left-large:3.84%;--awb-width-medium:50%;--awb-order-medium:0;--awb-spacing-right-medium:3.84%;--awb-spacing-left-medium:3.84%;--awb-width-small:100%;--awb-order-small:0;--awb-spacing-right-small:1.92%;--awb-margin-bottom-small:50px;--awb-spacing-left-small:1.92%;\"><div class=\"fusion-column-wrapper fusion-column-has-shadow fusion-flex-justify-content-flex-start fusion-content-layout-column\"><div class=\"fusion-image-element awb-imageframe-style awb-imageframe-style-below awb-imageframe-style-9\" style=\"--awb-caption-title-font-family:var(--body_typography-font-family);--awb-caption-title-font-weight:var(--body_typography-font-weight);--awb-caption-title-font-style:var(--body_typography-font-style);--awb-caption-title-size:var(--body_typography-font-size);--awb-caption-title-transform:var(--body_typography-text-transform);--awb-caption-title-line-height:var(--body_typography-line-height);--awb-caption-title-letter-spacing:var(--body_typography-letter-spacing);\"><span class=\"fusion-imageframe imageframe-none imageframe-9 hover-type-none\"><img decoding=\"async\" width=\"1031\" height=\"604\" alt=\"Black and white photograph. Six people, including Michael and Melitta Berolzheimer, carefully dressed\" title=\"Family photo-Berolzheimer-Schweisheimer-March-1937\" src=\"https:\/\/kunst-raub-rueckgabe.de\/wp-content\/uploads\/2023\/11\/Familienfoto-Berolzheimer-Schweisheimer-Maerz-1937.jpg\" class=\"img-responsive wp-image-2848\" srcset=\"https:\/\/kunst-raub-rueckgabe.de\/wp-content\/uploads\/2023\/11\/Familienfoto-Berolzheimer-Schweisheimer-Maerz-1937-200x117.jpg 200w, https:\/\/kunst-raub-rueckgabe.de\/wp-content\/uploads\/2023\/11\/Familienfoto-Berolzheimer-Schweisheimer-Maerz-1937-400x234.jpg 400w, https:\/\/kunst-raub-rueckgabe.de\/wp-content\/uploads\/2023\/11\/Familienfoto-Berolzheimer-Schweisheimer-Maerz-1937-600x352.jpg 600w, https:\/\/kunst-raub-rueckgabe.de\/wp-content\/uploads\/2023\/11\/Familienfoto-Berolzheimer-Schweisheimer-Maerz-1937-800x469.jpg 800w, https:\/\/kunst-raub-rueckgabe.de\/wp-content\/uploads\/2023\/11\/Familienfoto-Berolzheimer-Schweisheimer-Maerz-1937.jpg 1031w\" sizes=\"(max-width: 640px) 100vw, 800px\" \/><\/span><div class=\"awb-imageframe-caption-container\"><div class=\"awb-imageframe-caption\"><div class=\"awb-imageframe-caption-title\">Melitta\u2019s son Waldemar had already emigrated to the USA in 1936 with his wife and their two children, Elsieliese and Peter. Michael and Melitta Berolzheimer saw them in New York in 1937, a year before their own emigration. <\/div><p class=\"awb-imageframe-caption-text\">Family collection<\/p><\/div><\/div><\/div><\/div><\/div><div class=\"fusion-layout-column fusion_builder_column fusion-builder-column-33 awb-sticky awb-sticky-small awb-sticky-medium awb-sticky-large fusion_builder_column_1_2 1_2 fusion-flex-column\" style=\"--awb-bg-size:cover;--awb-width-large:50%;--awb-margin-top-large:0px;--awb-spacing-right-large:3.84%;--awb-margin-bottom-large:20px;--awb-spacing-left-large:3.84%;--awb-width-medium:50%;--awb-order-medium:0;--awb-spacing-right-medium:3.84%;--awb-spacing-left-medium:3.84%;--awb-width-small:100%;--awb-order-small:0;--awb-spacing-right-small:1.92%;--awb-spacing-left-small:1.92%;\" data-scroll-devices=\"small-visibility,medium-visibility,large-visibility\"><div class=\"fusion-column-wrapper fusion-column-has-shadow fusion-flex-justify-content-flex-start fusion-content-layout-column\"><div class=\"fusion-text fusion-text-15\"><h3>Refuge with American relatives<\/h3>\n<p>On 25 July 1938 Melitta und Michael Berolzheimer leave Untergrainau just in time and emigrate to the USA. Just two days later the Landratsamt (District Administration) orders the confiscation of their passports, which would have prevented them from leaving the country. The Berolzheimers are able to take their household goods, books, and papers with them, along with part of their art collection. In New York they are received and supported by Michael\u2019s brother Philip and his wife Clare.<\/p>\n<\/div><\/div><\/div><\/div><\/div><div class=\"fusion-fullwidth fullwidth-box fusion-builder-row-22 fusion-flex-container has-pattern-background has-mask-background nonhundred-percent-fullwidth non-hundred-percent-height-scrolling Anthrazit\" style=\"--awb-border-radius-top-left:0px;--awb-border-radius-top-right:0px;--awb-border-radius-bottom-right:0px;--awb-border-radius-bottom-left:0px;--awb-padding-top:50px;--awb-padding-bottom:50px;--awb-padding-top-small:25px;--awb-padding-bottom-small:25px;--awb-margin-top:0px;--awb-margin-bottom:0px;--awb-flex-wrap:wrap;\" ><div class=\"fusion-builder-row fusion-row fusion-flex-align-items-flex-start fusion-flex-justify-content-flex-end fusion-flex-content-wrap\" style=\"max-width:1497.6px;margin-left: calc(-4% \/ 2 );margin-right: calc(-4% \/ 2 );\"><div class=\"fusion-layout-column fusion_builder_column fusion-builder-column-34 fusion_builder_column_1_2 1_2 fusion-flex-column\" style=\"--awb-padding-top:10px;--awb-bg-size:cover;--awb-width-large:50%;--awb-margin-top-large:0px;--awb-spacing-right-large:3.84%;--awb-margin-bottom-large:20px;--awb-spacing-left-large:3.84%;--awb-width-medium:50%;--awb-order-medium:0;--awb-spacing-right-medium:3.84%;--awb-spacing-left-medium:3.84%;--awb-width-small:100%;--awb-order-small:1;--awb-spacing-right-small:1.92%;--awb-spacing-left-small:1.92%;\"><div class=\"fusion-column-wrapper fusion-column-has-shadow fusion-flex-justify-content-flex-start fusion-content-layout-column\"><div class=\"fusion-audio fusion-audio-1\" style=\"--awb-progress-color:var(--awb-color8);--awb-border-color:rgba(255,255,255,0.05);--awb-background-color:var(--awb-color2);--awb-max-width:1000px;--awb-border-size:0;--awb-border-top-left-radius:20px;--awb-border-top-right-radius:20px;--awb-border-bottom-right-radius:20px;--awb-border-bottom-left-radius:20px;\"><audio class=\"wp-audio-shortcode\" id=\"audio-2336-1\" preload=\"none\" style=\"width: 100%;\" controls=\"controls\"><source type=\"audio\/mpeg\" src=\"https:\/\/kunst-raub-rueckgabe.de\/wp-content\/uploads\/2023\/12\/Melitta-an-Fanny-27-07-1938.mp3?_=1\" \/><a href=\"https:\/\/kunst-raub-rueckgabe.de\/wp-content\/uploads\/2023\/12\/Melitta-an-Fanny-27-07-1938.mp3\">https:\/\/kunst-raub-rueckgabe.de\/wp-content\/uploads\/2023\/12\/Melitta-an-Fanny-27-07-1938.mp3<\/a><\/audio><\/div><div class=\"fusion-text fusion-text-16\" style=\"--awb-font-size:14px;--awb-margin-top:10px;\"><p>Excerpt from Melitta\u2019s letter to Frances Greenhood, dated July 27, 1938 (family archive).<\/p>\n<\/div><\/div><\/div><div class=\"fusion-layout-column fusion_builder_column fusion-builder-column-35 fusion_builder_column_1_2 1_2 fusion-flex-column\" style=\"--awb-bg-size:cover;--awb-width-large:50%;--awb-margin-top-large:0px;--awb-spacing-right-large:3.84%;--awb-margin-bottom-large:20px;--awb-spacing-left-large:3.84%;--awb-width-medium:50%;--awb-order-medium:0;--awb-spacing-right-medium:3.84%;--awb-spacing-left-medium:3.84%;--awb-width-small:100%;--awb-order-small:0;--awb-spacing-right-small:1.92%;--awb-spacing-left-small:1.92%;\"><div class=\"fusion-column-wrapper fusion-column-has-shadow fusion-flex-justify-content-flex-start fusion-content-layout-column\"><div class=\"fusion-title title fusion-title-11 fusion-sep-none fusion-title-text fusion-title-size-three\" style=\"--awb-margin-top-small:10px;--awb-margin-right-small:0px;--awb-margin-bottom-small:10px;--awb-margin-left-small:0px;\"><h3 class=\"fusion-title-heading title-heading-left fusion-responsive-typography-calculated\" style=\"margin:0;--fontSize:32;line-height:var(--awb-typography1-line-height);\">\u201cAnd so here was where we said farewell...\u201d,<\/h3><\/div><div class=\"fusion-text fusion-text-17\"><p>wrote Melitta in Zurich, shortly after the couple\u2019s departure from Germany.<\/p>\n<\/div><\/div><\/div><\/div><\/div><div class=\"fusion-fullwidth fullwidth-box fusion-builder-row-23 fusion-flex-container has-pattern-background has-mask-background nonhundred-percent-fullwidth non-hundred-percent-height-scrolling Anthrazit\" style=\"--awb-border-radius-top-left:0px;--awb-border-radius-top-right:0px;--awb-border-radius-bottom-right:0px;--awb-border-radius-bottom-left:0px;--awb-padding-top:150px;--awb-padding-bottom:150px;--awb-padding-top-small:50px;--awb-padding-bottom-small:50px;--awb-margin-top:0px;--awb-margin-bottom:0px;--awb-flex-wrap:wrap;\" ><div class=\"fusion-builder-row fusion-row fusion-flex-align-items-flex-start fusion-flex-justify-content-center fusion-flex-content-wrap\" style=\"max-width:1497.6px;margin-left: calc(-4% \/ 2 );margin-right: calc(-4% \/ 2 );\"><div class=\"fusion-layout-column fusion_builder_column fusion-builder-column-36 fusion_builder_column_3_4 3_4 fusion-flex-column\" style=\"--awb-bg-size:cover;--awb-width-large:75%;--awb-margin-top-large:0px;--awb-spacing-right-large:2.56%;--awb-margin-bottom-large:0px;--awb-spacing-left-large:2.56%;--awb-width-medium:75%;--awb-order-medium:0;--awb-spacing-right-medium:2.56%;--awb-spacing-left-medium:2.56%;--awb-width-small:100%;--awb-order-small:0;--awb-spacing-right-small:1.92%;--awb-spacing-left-small:1.92%;\"><div class=\"fusion-column-wrapper fusion-column-has-shadow fusion-flex-justify-content-flex-start fusion-content-layout-column\"><div class=\"fusion-title title fusion-title-12 fusion-sep-none fusion-title-center fusion-title-text fusion-title-size-div zitat\" style=\"--awb-margin-top-small:10px;--awb-margin-right-small:0px;--awb-margin-bottom-small:10px;--awb-margin-left-small:0px;--awb-font-size:var(--awb-custom_typography_1-font-size);\"><div class=\"fusion-title-heading title-heading-center title-heading-tag sm-text-align-left fusion-responsive-typography-calculated\" style=\"font-family:var(--awb-custom_typography_1-font-family);font-weight:var(--awb-custom_typography_1-font-weight);font-style:var(--awb-custom_typography_1-font-style);margin:0;letter-spacing:var(--awb-custom_typography_1-letter-spacing);text-transform:var(--awb-custom_typography_1-text-transform);font-size:1em;--fontSize:40;line-height:var(--awb-custom_typography_1-line-height);\">The Berolzheimers\u2019 remaining assets in Germany is liquidated in the meantime as part of the \u201cde-Jewification (Entjudung) of land ownership\u201d and to enforce payment of the \u201catonement fine\u201d (S\u00fchneleistung) imposed on German Jews following the orchestrated campaign of anti-Jewish violence on November 9, 1938.<\/div><\/div><\/div><\/div><\/div><\/div><div class=\"fusion-fullwidth fullwidth-box fusion-builder-row-24 fusion-flex-container has-pattern-background has-mask-background nonhundred-percent-fullwidth non-hundred-percent-height-scrolling Anthrazit\" style=\"--awb-border-radius-top-left:0px;--awb-border-radius-top-right:0px;--awb-border-radius-bottom-right:0px;--awb-border-radius-bottom-left:0px;--awb-padding-top:100px;--awb-padding-bottom:100px;--awb-padding-top-small:55px;--awb-padding-bottom-small:25px;--awb-flex-wrap:wrap;\" ><div class=\"fusion-builder-row fusion-row fusion-flex-align-items-flex-start fusion-flex-justify-content-flex-end fusion-flex-content-wrap\" style=\"max-width:1497.6px;margin-left: calc(-4% \/ 2 );margin-right: calc(-4% \/ 2 );\"><div class=\"fusion-layout-column fusion_builder_column fusion-builder-column-37 fusion_builder_column_1_3 1_3 fusion-flex-column\" style=\"--awb-bg-size:cover;--awb-width-large:33.333333333333%;--awb-margin-top-large:11px;--awb-spacing-right-large:5.76%;--awb-margin-bottom-large:20px;--awb-spacing-left-large:5.76%;--awb-width-medium:33.333333333333%;--awb-order-medium:0;--awb-spacing-right-medium:5.76%;--awb-spacing-left-medium:5.76%;--awb-width-small:100%;--awb-order-small:1;--awb-spacing-right-small:1.92%;--awb-margin-bottom-small:50px;--awb-spacing-left-small:1.92%;\" data-scroll-devices=\"small-visibility,medium-visibility,large-visibility\"><div class=\"fusion-column-wrapper fusion-column-has-shadow fusion-flex-justify-content-flex-start fusion-content-layout-column\"><div class=\"fusion-image-element awb-imageframe-style awb-imageframe-style-below awb-imageframe-style-10\" style=\"--awb-caption-title-font-family:var(--body_typography-font-family);--awb-caption-title-font-weight:var(--body_typography-font-weight);--awb-caption-title-font-style:var(--body_typography-font-style);--awb-caption-title-size:var(--body_typography-font-size);--awb-caption-title-transform:var(--body_typography-text-transform);--awb-caption-title-line-height:var(--body_typography-line-height);--awb-caption-title-letter-spacing:var(--body_typography-letter-spacing);\"><span class=\"fusion-imageframe imageframe-none imageframe-10 hover-type-none\"><img decoding=\"async\" width=\"449\" height=\"639\" alt=\"Title page of a catalogue\" title=\"Auction-Weinm\u00fcller-March-1939-Title page\" src=\"https:\/\/kunst-raub-rueckgabe.de\/wp-content\/uploads\/2023\/11\/Auktion-Weinmueller-Maerz-1939-Titelblatt-e1699026543689.png\" class=\"img-responsive wp-image-2791\" srcset=\"https:\/\/kunst-raub-rueckgabe.de\/wp-content\/uploads\/2023\/11\/Auktion-Weinmueller-Maerz-1939-Titelblatt-e1699026543689-200x285.png 200w, https:\/\/kunst-raub-rueckgabe.de\/wp-content\/uploads\/2023\/11\/Auktion-Weinmueller-Maerz-1939-Titelblatt-e1699026543689-400x569.png 400w, https:\/\/kunst-raub-rueckgabe.de\/wp-content\/uploads\/2023\/11\/Auktion-Weinmueller-Maerz-1939-Titelblatt-e1699026543689.png 449w\" sizes=\"(max-width: 640px) 100vw, 449px\" \/><\/span><div class=\"awb-imageframe-caption-container\"><div class=\"awb-imageframe-caption\"><div class=\"awb-imageframe-caption-title\">Front cover of the catalogue of the Weinm\u00fcller auction house, Munich, March 9\u201310, 1939.<\/div><p class=\"awb-imageframe-caption-text\">Heidelberg University Library, https:\/\/doi.org\/10.11588\/diglit.5336#0005<\/p><\/div><\/div><\/div><\/div><\/div><div class=\"fusion-layout-column fusion_builder_column fusion-builder-column-38 awb-sticky awb-sticky-medium awb-sticky-large fusion_builder_column_1_2 1_2 fusion-flex-column\" style=\"--awb-bg-size:cover;--awb-width-large:50%;--awb-margin-top-large:0px;--awb-spacing-right-large:3.84%;--awb-margin-bottom-large:20px;--awb-spacing-left-large:3.84%;--awb-width-medium:50%;--awb-order-medium:0;--awb-spacing-right-medium:3.84%;--awb-spacing-left-medium:3.84%;--awb-width-small:100%;--awb-order-small:0;--awb-spacing-right-small:1.92%;--awb-spacing-left-small:1.92%;--awb-sticky-offset:100px;\"><div class=\"fusion-column-wrapper fusion-column-has-shadow fusion-flex-justify-content-flex-start fusion-content-layout-column\"><div class=\"fusion-text fusion-text-18\"><h3>Auction<\/h3>\n<p>The drawings and prints left behind in Untergrainau after the Berolzheimers\u2019 departure are auctioned off in March 1939 by the Munich auction house Adolf Weinm\u00fcller. The state retains the proceeds of the auction and uses them to finance the \u2018levy on Jewish assets\u2019 (Judenverm\u00f6gensabgabe).<\/p>\n<p>Among the bidders are curators from major German and Austrian institutions such as the Nationalgalerie in Berlin, the Kunsthalle Bremen, the St\u00e4del in Frankfurt and the Albertina in Vienna. The listings in the auction catalogue does not give the owner\u2019s name, but a star indicates that the items were originally in Jewish ownership.<\/p>\n<\/div><div class=\"fusion-builder-row fusion-builder-row-inner fusion-row fusion-flex-align-items-flex-start fusion-flex-justify-content-flex-end fusion-flex-content-wrap\" style=\"--awb-flex-grow:0;--awb-flex-grow-medium:0;--awb-flex-grow-small:0;--awb-flex-shrink:0;--awb-flex-shrink-medium:0;--awb-flex-shrink-small:0;width:104% !important;max-width:104% !important;margin-left: calc(-4% \/ 2 );margin-right: calc(-4% \/ 2 );\"><div class=\"fusion-layout-column fusion_builder_column_inner fusion-builder-nested-column-1 fusion_builder_column_inner_1_1 1_1 fusion-flex-column\" style=\"--awb-bg-size:cover;--awb-width-large:100%;--awb-margin-top-large:0px;--awb-spacing-right-large:1.92%;--awb-margin-bottom-large:20px;--awb-spacing-left-large:1.92%;--awb-width-medium:100%;--awb-order-medium:0;--awb-spacing-right-medium:1.92%;--awb-spacing-left-medium:1.92%;--awb-width-small:100%;--awb-order-small:0;--awb-spacing-right-small:1.92%;--awb-spacing-left-small:1.92%;\"><div class=\"fusion-column-wrapper fusion-column-has-shadow fusion-flex-justify-content-flex-start fusion-content-layout-column\"><div class=\"fusion-text fusion-text-19 fusion-text-no-margin\" style=\"--awb-font-size:16px;--awb-margin-top:0px;--awb-margin-right:0px;--awb-margin-bottom:0px;--awb-margin-left:0px;--awb-text-font-family:&quot;Inter&quot;;--awb-text-font-style:normal;--awb-text-font-weight:600;\"><p>Context<\/p>\n<\/div><div class=\"fusion-separator\" style=\"align-self: flex-start;margin-right:auto;margin-bottom:20px;width:100%;max-width:250px;\"><div class=\"fusion-separator-border sep-single sep-solid\" style=\"--awb-height:20px;--awb-amount:20px;--awb-sep-color:var(--awb-color1);border-color:var(--awb-color1);border-top-width:1px;\"><\/div><\/div><div ><a class=\"fusion-button button-flat button-small button-custom fusion-button-default button-2 fusion-button-default-span fusion-button-default-type\" style=\"--awb-margin-top:0px;--awb-margin-right:0px;--awb-margin-bottom:0px;--awb-margin-left:0px;--button_accent_color:var(--awb-color4);--button_border_color:var(--awb-color7);--button_accent_hover_color:var(--awb-color1);--button_border_hover_color:var(--awb-color1);--button_border_width-top:0;--button_border_width-right:0;--button_border_width-bottom:0;--button_border_width-left:0;--button-border-radius-top-left:0;--button-border-radius-top-right:0;--button-border-radius-bottom-right:0;--button-border-radius-bottom-left:0;--button_gradient_top_color:rgba(255,255,255,0);--button_gradient_bottom_color:rgba(255,255,255,0);--button_gradient_top_color_hover:rgba(255,255,255,0);--button_gradient_bottom_color_hover:rgba(255,255,255,0);\" target=\"lightbox\" rel=\"iLightbox\" href=\"https:\/\/kunst-raub-rueckgabe.de\/en\/faq-items\/jewish-property-tax\/\"><i class=\"icon-KRR1Pfeil awb-button__icon awb-button__icon--default button-icon-left\" aria-hidden=\"true\"><\/i><span class=\"fusion-button-text awb-button__text awb-button__text--default\">Levy on Jewish assets (Judenverm\u00f6gensabgabe)<\/span><\/a><\/div><\/div><\/div><\/div><\/div><\/div><\/div><\/div><div class=\"fusion-fullwidth fullwidth-box fusion-builder-row-25 fusion-flex-container has-pattern-background has-mask-background nonhundred-percent-fullwidth non-hundred-percent-height-scrolling Anthrazit\" style=\"--awb-border-radius-top-left:0px;--awb-border-radius-top-right:0px;--awb-border-radius-bottom-right:0px;--awb-border-radius-bottom-left:0px;--awb-padding-top:50px;--awb-padding-bottom:50px;--awb-padding-top-small:25px;--awb-padding-bottom-small:25px;--awb-margin-top:0px;--awb-margin-bottom:0px;--awb-flex-wrap:wrap;\" ><div class=\"fusion-builder-row fusion-row fusion-flex-align-items-flex-start fusion-flex-content-wrap\" style=\"max-width:1497.6px;margin-left: calc(-4% \/ 2 );margin-right: calc(-4% \/ 2 );\"><div class=\"fusion-layout-column fusion_builder_column fusion-builder-column-39 fusion_builder_column_1_2 1_2 fusion-flex-column\" style=\"--awb-padding-top:10px;--awb-bg-size:cover;--awb-width-large:50%;--awb-margin-top-large:0px;--awb-spacing-right-large:3.84%;--awb-margin-bottom-large:20px;--awb-spacing-left-large:3.84%;--awb-width-medium:50%;--awb-order-medium:0;--awb-spacing-right-medium:3.84%;--awb-spacing-left-medium:3.84%;--awb-width-small:100%;--awb-order-small:0;--awb-spacing-right-small:1.92%;--awb-margin-bottom-small:50px;--awb-spacing-left-small:1.92%;\"><div class=\"fusion-column-wrapper fusion-column-has-shadow fusion-flex-justify-content-flex-start fusion-content-layout-column\"><div class=\"fusion-image-element awb-imageframe-style awb-imageframe-style-below awb-imageframe-style-11\" style=\"--awb-caption-title-font-family:var(--body_typography-font-family);--awb-caption-title-font-weight:var(--body_typography-font-weight);--awb-caption-title-font-style:var(--body_typography-font-style);--awb-caption-title-size:var(--body_typography-font-size);--awb-caption-title-transform:var(--body_typography-text-transform);--awb-caption-title-line-height:var(--body_typography-line-height);--awb-caption-title-letter-spacing:var(--body_typography-letter-spacing);\"><span class=\"fusion-imageframe imageframe-none imageframe-11 hover-type-none\"><img decoding=\"async\" width=\"2560\" height=\"1585\" alt=\"Black and white photography. Michael Berolzheimer, sportily dressed\" title=\"Michael-Berolzheimer-Hemingway\" src=\"https:\/\/kunst-raub-rueckgabe.de\/wp-content\/uploads\/2023\/11\/Michael-Berolzheimer-Hemingway-scaled.jpg\" class=\"img-responsive wp-image-2739\" srcset=\"https:\/\/kunst-raub-rueckgabe.de\/wp-content\/uploads\/2023\/11\/Michael-Berolzheimer-Hemingway-200x124.jpg 200w, https:\/\/kunst-raub-rueckgabe.de\/wp-content\/uploads\/2023\/11\/Michael-Berolzheimer-Hemingway-400x248.jpg 400w, https:\/\/kunst-raub-rueckgabe.de\/wp-content\/uploads\/2023\/11\/Michael-Berolzheimer-Hemingway-600x372.jpg 600w, https:\/\/kunst-raub-rueckgabe.de\/wp-content\/uploads\/2023\/11\/Michael-Berolzheimer-Hemingway-800x495.jpg 800w, https:\/\/kunst-raub-rueckgabe.de\/wp-content\/uploads\/2023\/11\/Michael-Berolzheimer-Hemingway-1200x743.jpg 1200w, https:\/\/kunst-raub-rueckgabe.de\/wp-content\/uploads\/2023\/11\/Michael-Berolzheimer-Hemingway-scaled.jpg 2560w\" sizes=\"(max-width: 640px) 100vw, 800px\" \/><\/span><div class=\"awb-imageframe-caption-container\"><div class=\"awb-imageframe-caption\"><div class=\"awb-imageframe-caption-title\">Michael Berolzheimer in the USA, around 1939.<\/div><p class=\"awb-imageframe-caption-text\">Family collection<\/p><\/div><\/div><\/div><\/div><\/div><div class=\"fusion-layout-column fusion_builder_column fusion-builder-column-40 awb-sticky awb-sticky-small awb-sticky-medium awb-sticky-large fusion_builder_column_1_2 1_2 fusion-flex-column\" style=\"--awb-bg-size:cover;--awb-width-large:50%;--awb-margin-top-large:0px;--awb-spacing-right-large:3.84%;--awb-margin-bottom-large:20px;--awb-spacing-left-large:3.84%;--awb-width-medium:50%;--awb-order-medium:0;--awb-spacing-right-medium:3.84%;--awb-spacing-left-medium:3.84%;--awb-width-small:100%;--awb-order-small:0;--awb-spacing-right-small:1.92%;--awb-spacing-left-small:1.92%;\" data-scroll-devices=\"small-visibility,medium-visibility,large-visibility\"><div class=\"fusion-column-wrapper fusion-column-has-shadow fusion-flex-justify-content-flex-start fusion-content-layout-column\"><div class=\"fusion-text fusion-text-20\"><h3>Final years in the USA<\/h3>\n<p>Melitta and Michael Berolzheimer are in their early seventies when they flee Germany. The financial distress the National Socialists had caused them, compulsory levies, and the loss of the property they had left behind all take a heavy toll. They repeatedly hear news of the deportation and murder of relatives and friends.<\/p>\n<p>In addition, they have health issues. Michael, who had suffered from heart problems for some time, dies of heart failure on June 5, 1942. Melitta is too weak to attend the funeral. She passes away just fifteen days after her husband. Her granddaughter Elsieliese thinks it likely that \u201cshe died of a broken heart.\u201d<\/p>\n<\/div><\/div><\/div><\/div><\/div><div class=\"fusion-fullwidth fullwidth-box fusion-builder-row-26 fusion-flex-container has-pattern-background has-mask-background nonhundred-percent-fullwidth non-hundred-percent-height-scrolling\" style=\"--awb-border-radius-top-left:0px;--awb-border-radius-top-right:0px;--awb-border-radius-bottom-right:0px;--awb-border-radius-bottom-left:0px;--awb-padding-top:60px;--awb-flex-wrap:wrap;\" ><div class=\"fusion-builder-row fusion-row fusion-flex-align-items-flex-start fusion-flex-content-wrap\" style=\"max-width:1497.6px;margin-left: calc(-4% \/ 2 );margin-right: calc(-4% \/ 2 );\"><div class=\"fusion-layout-column fusion_builder_column fusion-builder-column-41 fusion_builder_column_1_1 1_1 fusion-flex-column\" style=\"--awb-bg-size:cover;--awb-width-large:100%;--awb-margin-top-large:0px;--awb-spacing-right-large:1.92%;--awb-margin-bottom-large:20px;--awb-spacing-left-large:1.92%;--awb-width-medium:100%;--awb-order-medium:0;--awb-spacing-right-medium:1.92%;--awb-spacing-left-medium:1.92%;--awb-width-small:100%;--awb-order-small:0;--awb-spacing-right-small:1.92%;--awb-spacing-left-small:1.92%;\"><div class=\"fusion-column-wrapper fusion-column-has-shadow fusion-flex-justify-content-flex-start fusion-content-layout-column\"><div class=\"fusion-title title fusion-title-13 fusion-sep-none fusion-title-center fusion-title-text fusion-title-size-two\" style=\"--awb-margin-top-small:10px;--awb-margin-right-small:0px;--awb-margin-bottom-small:10px;--awb-margin-left-small:0px;\"><h2 class=\"fusion-title-heading title-heading-center fusion-responsive-typography-calculated\" style=\"margin:0;--fontSize:40;line-height:var(--awb-typography1-line-height);\">Restitution<\/h2><\/div><\/div><\/div><\/div><\/div><div class=\"fusion-fullwidth fullwidth-box fusion-builder-row-27 fusion-flex-container has-pattern-background has-mask-background nonhundred-percent-fullwidth non-hundred-percent-height-scrolling\" style=\"--awb-border-radius-top-left:0px;--awb-border-radius-top-right:0px;--awb-border-radius-bottom-right:0px;--awb-border-radius-bottom-left:0px;--awb-padding-top:50px;--awb-padding-bottom:50px;--awb-padding-top-small:25px;--awb-padding-bottom-small:25px;--awb-margin-top:0px;--awb-margin-bottom:0px;--awb-flex-wrap:wrap;\" ><div class=\"fusion-builder-row fusion-row fusion-flex-align-items-flex-start fusion-flex-content-wrap\" style=\"max-width:1497.6px;margin-left: calc(-4% \/ 2 );margin-right: calc(-4% \/ 2 );\"><div class=\"fusion-layout-column fusion_builder_column fusion-builder-column-42 fusion_builder_column_1_2 1_2 fusion-flex-column\" style=\"--awb-padding-top:10px;--awb-bg-size:cover;--awb-width-large:50%;--awb-margin-top-large:0px;--awb-spacing-right-large:3.84%;--awb-margin-bottom-large:20px;--awb-spacing-left-large:3.84%;--awb-width-medium:50%;--awb-order-medium:0;--awb-spacing-right-medium:3.84%;--awb-spacing-left-medium:3.84%;--awb-width-small:100%;--awb-order-small:0;--awb-spacing-right-small:1.92%;--awb-margin-bottom-small:50px;--awb-spacing-left-small:1.92%;\"><div class=\"fusion-column-wrapper fusion-column-has-shadow fusion-flex-justify-content-flex-start fusion-content-layout-column\"><div class=\"fusion-image-element awb-imageframe-style awb-imageframe-style-below awb-imageframe-style-12\" style=\"--awb-caption-title-font-family:var(--body_typography-font-family);--awb-caption-title-font-weight:var(--body_typography-font-weight);--awb-caption-title-font-style:var(--body_typography-font-style);--awb-caption-title-size:var(--body_typography-font-size);--awb-caption-title-transform:var(--body_typography-text-transform);--awb-caption-title-line-height:var(--body_typography-line-height);--awb-caption-title-letter-spacing:var(--body_typography-letter-spacing);\"><span class=\"fusion-imageframe imageframe-none imageframe-12 hover-type-none\"><img decoding=\"async\" width=\"2560\" height=\"1747\" alt=\"Colour photograph. Hands in white gloves, the left holding a sheet of paper with a stamp, the right a magnifying glass.\" title=\"Provenance research in the Kupferstichkabinett\" src=\"https:\/\/kunst-raub-rueckgabe.de\/wp-content\/uploads\/2023\/11\/Stempel-Nationalgalerie-ab-1935-scaled.jpg\" class=\"img-responsive wp-image-2802\" srcset=\"https:\/\/kunst-raub-rueckgabe.de\/wp-content\/uploads\/2023\/11\/Stempel-Nationalgalerie-ab-1935-200x136.jpg 200w, https:\/\/kunst-raub-rueckgabe.de\/wp-content\/uploads\/2023\/11\/Stempel-Nationalgalerie-ab-1935-400x273.jpg 400w, https:\/\/kunst-raub-rueckgabe.de\/wp-content\/uploads\/2023\/11\/Stempel-Nationalgalerie-ab-1935-600x409.jpg 600w, https:\/\/kunst-raub-rueckgabe.de\/wp-content\/uploads\/2023\/11\/Stempel-Nationalgalerie-ab-1935-800x546.jpg 800w, https:\/\/kunst-raub-rueckgabe.de\/wp-content\/uploads\/2023\/11\/Stempel-Nationalgalerie-ab-1935-1200x819.jpg 1200w, https:\/\/kunst-raub-rueckgabe.de\/wp-content\/uploads\/2023\/11\/Stempel-Nationalgalerie-ab-1935-scaled.jpg 2560w\" sizes=\"(max-width: 640px) 100vw, 800px\" \/><\/span><div class=\"awb-imageframe-caption-container\"><div class=\"awb-imageframe-caption\"><div class=\"awb-imageframe-caption-title\">The stamp used by the Nationalgalerie from 1935 for the back of newly acquired works .<\/div><p class=\"awb-imageframe-caption-text\"> SPK\/photothek.net\/Thomas K\u00f6hler<\/p><\/div><\/div><\/div><\/div><\/div><div class=\"fusion-layout-column fusion_builder_column fusion-builder-column-43 awb-sticky awb-sticky-small awb-sticky-medium awb-sticky-large fusion_builder_column_1_2 1_2 fusion-flex-column\" style=\"--awb-bg-size:cover;--awb-width-large:50%;--awb-margin-top-large:0px;--awb-spacing-right-large:3.84%;--awb-margin-bottom-large:20px;--awb-spacing-left-large:3.84%;--awb-width-medium:50%;--awb-order-medium:0;--awb-spacing-right-medium:3.84%;--awb-spacing-left-medium:3.84%;--awb-width-small:100%;--awb-order-small:0;--awb-spacing-right-small:1.92%;--awb-spacing-left-small:1.92%;\" data-scroll-devices=\"small-visibility,medium-visibility,large-visibility\"><div class=\"fusion-column-wrapper fusion-column-has-shadow fusion-flex-justify-content-flex-start fusion-content-layout-column\"><div class=\"fusion-text fusion-text-21\"><h3>The whereabouts of the drawings in Berlin<\/h3>\n<p>In March 1939 Paul Ortwin Rave, director of the Nationalgalerie in Berlin, buys 30 drawings from the Berolzheimer collection at the Weinm\u00fcller auction house. Most of them are by 19th century German artists. A few months later, World War Two breaks out. The drawings in Berlin are put into storage in various locations. The majority of those formerly owned by Berolzheimer are seized by the Soviets in 1945 and it is not until 1958 that they are returned to what was then East Germany.<\/p>\n<\/div><\/div><\/div><\/div><\/div><div class=\"fusion-fullwidth fullwidth-box fusion-builder-row-28 fusion-flex-container has-pattern-background has-mask-background nonhundred-percent-fullwidth non-hundred-percent-height-scrolling\" style=\"--awb-border-radius-top-left:0px;--awb-border-radius-top-right:0px;--awb-border-radius-bottom-right:0px;--awb-border-radius-bottom-left:0px;--awb-padding-top:100px;--awb-padding-bottom:100px;--awb-padding-top-small:25px;--awb-padding-bottom-small:25px;--awb-flex-wrap:wrap;\" ><div class=\"fusion-builder-row fusion-row fusion-flex-align-items-flex-start fusion-flex-content-wrap\" style=\"max-width:1497.6px;margin-left: calc(-4% \/ 2 );margin-right: calc(-4% \/ 2 );\"><div class=\"fusion-layout-column fusion_builder_column fusion-builder-column-44 fusion_builder_column_1_2 1_2 fusion-flex-column\" style=\"--awb-bg-size:cover;--awb-width-large:50%;--awb-margin-top-large:0px;--awb-spacing-right-large:3.84%;--awb-margin-bottom-large:20px;--awb-spacing-left-large:3.84%;--awb-width-medium:50%;--awb-order-medium:0;--awb-spacing-right-medium:3.84%;--awb-spacing-left-medium:3.84%;--awb-width-small:100%;--awb-order-small:1;--awb-spacing-right-small:1.92%;--awb-spacing-left-small:1.92%;\"><div class=\"fusion-column-wrapper fusion-column-has-shadow fusion-flex-justify-content-flex-start fusion-content-layout-column\"><div class=\"fusion-image-element awb-imageframe-style awb-imageframe-style-below awb-imageframe-style-13\" style=\"--awb-caption-margin-top:10px;--awb-caption-margin-bottom:20px;--awb-caption-title-font-family:var(--body_typography-font-family);--awb-caption-title-font-weight:var(--body_typography-font-weight);--awb-caption-title-font-style:var(--body_typography-font-style);--awb-caption-title-size:var(--body_typography-font-size);--awb-caption-title-transform:var(--body_typography-text-transform);--awb-caption-title-line-height:var(--body_typography-line-height);--awb-caption-title-letter-spacing:var(--body_typography-letter-spacing);\"><span class=\"fusion-imageframe imageframe-none imageframe-13 hover-type-none zoooom\"><img decoding=\"async\" width=\"1300\" height=\"914\" alt=\"Pencil drawing showing a group of people with horses trying to protect themselves from a storm.\" title=\"Johann Hermann Kretschmer sandstorm\" src=\"https:\/\/kunst-raub-rueckgabe.de\/wp-content\/uploads\/2023\/11\/Johann-Hermann-Kretschmer-Sandsturm.jpg\" class=\"img-responsive wp-image-2702\" srcset=\"https:\/\/kunst-raub-rueckgabe.de\/wp-content\/uploads\/2023\/11\/Johann-Hermann-Kretschmer-Sandsturm-200x141.jpg 200w, https:\/\/kunst-raub-rueckgabe.de\/wp-content\/uploads\/2023\/11\/Johann-Hermann-Kretschmer-Sandsturm-400x281.jpg 400w, https:\/\/kunst-raub-rueckgabe.de\/wp-content\/uploads\/2023\/11\/Johann-Hermann-Kretschmer-Sandsturm-600x422.jpg 600w, https:\/\/kunst-raub-rueckgabe.de\/wp-content\/uploads\/2023\/11\/Johann-Hermann-Kretschmer-Sandsturm-800x562.jpg 800w, https:\/\/kunst-raub-rueckgabe.de\/wp-content\/uploads\/2023\/11\/Johann-Hermann-Kretschmer-Sandsturm-1200x844.jpg 1200w, https:\/\/kunst-raub-rueckgabe.de\/wp-content\/uploads\/2023\/11\/Johann-Hermann-Kretschmer-Sandsturm.jpg 1300w\" sizes=\"(max-width: 640px) 100vw, 800px\" \/><\/span><div class=\"awb-imageframe-caption-container\"><div class=\"awb-imageframe-caption\"><div class=\"awb-imageframe-caption-title\">Johann Hermann Kretzschmer: Karawane in Sandsturm (Caravan in a Sandstorm), 1842. Restituted in 2011.<\/div><p class=\"awb-imageframe-caption-text\">Photo: Galerie Arnoldi-Livie \ud83d\udd0d Hover over the image to enlarge <\/p><\/div><\/div><\/div><div class=\"fusion-image-element awb-imageframe-style awb-imageframe-style-below awb-imageframe-style-14\" style=\"--awb-caption-text-size:var(--awb-typography5-font-size);--awb-caption-text-transform:var(--awb-typography5-text-transform);--awb-caption-text-line-height:var(--awb-typography5-line-height);--awb-caption-text-letter-spacing:var(--awb-typography5-letter-spacing);--awb-caption-margin-top:10px;--awb-caption-margin-bottom:20px;--awb-caption-title-font-family:var(--awb-typography5-font-family);--awb-caption-title-font-weight:var(--awb-typography5-font-weight);--awb-caption-title-font-style:var(--awb-typography5-font-style);--awb-caption-title-size:var(--awb-typography5-font-size);--awb-caption-title-transform:var(--awb-typography5-text-transform);--awb-caption-title-line-height:var(--awb-typography5-line-height);--awb-caption-title-letter-spacing:var(--awb-typography5-letter-spacing);--awb-caption-text-font-family:var(--awb-typography5-font-family);--awb-caption-text-font-weight:var(--awb-typography5-font-weight);--awb-caption-text-font-style:var(--awb-typography5-font-style);\"><span class=\"fusion-imageframe imageframe-none imageframe-14 hover-type-none zoooom\"><img decoding=\"async\" width=\"1600\" height=\"1035\" alt=\"Bartolom\u00e9 Esteban Murillo, Eater of Grapes and Melons, c. 1645, Bayerische Staatsgem\u00e4ldesammlungen - Alte Pinakothek Munich \" title=\"Thormeyer-view-from-Dessau\" src=\"https:\/\/kunst-raub-rueckgabe.de\/wp-content\/uploads\/2023\/11\/Thormeyer-Ansicht-aus-Dessau.jpeg\" class=\"img-responsive wp-image-2708\" srcset=\"https:\/\/kunst-raub-rueckgabe.de\/wp-content\/uploads\/2023\/11\/Thormeyer-Ansicht-aus-Dessau-200x129.jpeg 200w, https:\/\/kunst-raub-rueckgabe.de\/wp-content\/uploads\/2023\/11\/Thormeyer-Ansicht-aus-Dessau-400x259.jpeg 400w, https:\/\/kunst-raub-rueckgabe.de\/wp-content\/uploads\/2023\/11\/Thormeyer-Ansicht-aus-Dessau-600x388.jpeg 600w, https:\/\/kunst-raub-rueckgabe.de\/wp-content\/uploads\/2023\/11\/Thormeyer-Ansicht-aus-Dessau-800x518.jpeg 800w, https:\/\/kunst-raub-rueckgabe.de\/wp-content\/uploads\/2023\/11\/Thormeyer-Ansicht-aus-Dessau-1200x776.jpeg 1200w, https:\/\/kunst-raub-rueckgabe.de\/wp-content\/uploads\/2023\/11\/Thormeyer-Ansicht-aus-Dessau.jpeg 1600w\" sizes=\"(max-width: 640px) 100vw, 800px\" \/><\/span><div class=\"awb-imageframe-caption-container\"><div class=\"awb-imageframe-caption\"><div class=\"awb-imageframe-caption-title\">Gottlob Friedrich Thormeyer: Das Schloss in Dessau (Dessau Palace), c. 1799. Restituted in 2011.<\/div><p class=\"awb-imageframe-caption-text\">Photo: Galerie Arnoldi-Livie \ud83d\udd0d Hover over the image to enlarge <\/p><\/div><\/div><\/div><div class=\"fusion-image-element awb-imageframe-style awb-imageframe-style-below awb-imageframe-style-15\" style=\"--awb-caption-margin-top:10px;--awb-caption-margin-bottom:20px;--awb-caption-title-font-family:var(--body_typography-font-family);--awb-caption-title-font-weight:var(--body_typography-font-weight);--awb-caption-title-font-style:var(--body_typography-font-style);--awb-caption-title-size:var(--body_typography-font-size);--awb-caption-title-transform:var(--body_typography-text-transform);--awb-caption-title-line-height:var(--body_typography-line-height);--awb-caption-title-letter-spacing:var(--body_typography-letter-spacing);\"><span class=\"fusion-imageframe imageframe-none imageframe-15 hover-type-none zoooom\"><img decoding=\"async\" width=\"1500\" height=\"945\" alt=\"Pencil drawing. A group of people in long robes, including two angels. In the background a high city wall with a city gate.\" title=\"Carl Gottlieb Peschel extract lots\" src=\"https:\/\/kunst-raub-rueckgabe.de\/wp-content\/uploads\/2023\/11\/Carl-Gottlieb-Peschel-Auszug-Lots.jpeg\" class=\"img-responsive wp-image-2709\" srcset=\"https:\/\/kunst-raub-rueckgabe.de\/wp-content\/uploads\/2023\/11\/Carl-Gottlieb-Peschel-Auszug-Lots-200x126.jpeg 200w, https:\/\/kunst-raub-rueckgabe.de\/wp-content\/uploads\/2023\/11\/Carl-Gottlieb-Peschel-Auszug-Lots-400x252.jpeg 400w, https:\/\/kunst-raub-rueckgabe.de\/wp-content\/uploads\/2023\/11\/Carl-Gottlieb-Peschel-Auszug-Lots-600x378.jpeg 600w, https:\/\/kunst-raub-rueckgabe.de\/wp-content\/uploads\/2023\/11\/Carl-Gottlieb-Peschel-Auszug-Lots-800x504.jpeg 800w, https:\/\/kunst-raub-rueckgabe.de\/wp-content\/uploads\/2023\/11\/Carl-Gottlieb-Peschel-Auszug-Lots-1200x756.jpeg 1200w, https:\/\/kunst-raub-rueckgabe.de\/wp-content\/uploads\/2023\/11\/Carl-Gottlieb-Peschel-Auszug-Lots.jpeg 1500w\" sizes=\"(max-width: 640px) 100vw, 800px\" \/><\/span><div class=\"awb-imageframe-caption-container\"><div class=\"awb-imageframe-caption\"><div class=\"awb-imageframe-caption-title\">Carl Gottlieb Peschel: Der Auszug Lots (The Departure of Lot). Restituted in 2011.<\/div><p class=\"awb-imageframe-caption-text\">Photo: Galerie Arnoldi-Livie \ud83d\udd0d Hover over the image to enlarge <\/p><\/div><\/div><\/div><div class=\"fusion-image-element awb-imageframe-style awb-imageframe-style-below awb-imageframe-style-16\" style=\"--awb-caption-margin-top:10px;--awb-caption-margin-bottom:20px;--awb-caption-title-font-family:var(--body_typography-font-family);--awb-caption-title-font-weight:var(--body_typography-font-weight);--awb-caption-title-font-style:var(--body_typography-font-style);--awb-caption-title-size:var(--body_typography-font-size);--awb-caption-title-transform:var(--body_typography-text-transform);--awb-caption-title-line-height:var(--body_typography-line-height);--awb-caption-title-letter-spacing:var(--body_typography-letter-spacing);\"><span class=\"fusion-imageframe imageframe-none imageframe-16 hover-type-none zoooom\"><img decoding=\"async\" width=\"2560\" height=\"1747\" alt=\"Drawing. Hilly land with trees and bushes, a lake in the background.\" title=\"Hans-Gude lakeshore\" src=\"https:\/\/kunst-raub-rueckgabe.de\/wp-content\/uploads\/2023\/11\/Hans-Gude-Seeufer-scaled.jpg\" class=\"img-responsive wp-image-2701\" srcset=\"https:\/\/kunst-raub-rueckgabe.de\/wp-content\/uploads\/2023\/11\/Hans-Gude-Seeufer-200x136.jpg 200w, https:\/\/kunst-raub-rueckgabe.de\/wp-content\/uploads\/2023\/11\/Hans-Gude-Seeufer-400x273.jpg 400w, https:\/\/kunst-raub-rueckgabe.de\/wp-content\/uploads\/2023\/11\/Hans-Gude-Seeufer-600x409.jpg 600w, https:\/\/kunst-raub-rueckgabe.de\/wp-content\/uploads\/2023\/11\/Hans-Gude-Seeufer-800x546.jpg 800w, https:\/\/kunst-raub-rueckgabe.de\/wp-content\/uploads\/2023\/11\/Hans-Gude-Seeufer-1200x819.jpg 1200w, https:\/\/kunst-raub-rueckgabe.de\/wp-content\/uploads\/2023\/11\/Hans-Gude-Seeufer-scaled.jpg 2560w\" sizes=\"(max-width: 640px) 100vw, 800px\" \/><\/span><div class=\"awb-imageframe-caption-container\"><div class=\"awb-imageframe-caption\"><div class=\"awb-imageframe-caption-title\">Hans Gude: Seeufer bei Regenstimmung (Lakeshore in a rainy mood). Restituted in 2011.<\/div><p class=\"awb-imageframe-caption-text\">Photo: Galerie Arnoldi-Livie \ud83d\udd0d Hover over the image to enlarge <\/p><\/div><\/div><\/div><\/div><\/div><div class=\"fusion-layout-column fusion_builder_column fusion-builder-column-45 awb-sticky awb-sticky-medium awb-sticky-large fusion_builder_column_1_2 1_2 fusion-flex-column\" style=\"--awb-bg-size:cover;--awb-width-large:50%;--awb-margin-top-large:0px;--awb-spacing-right-large:3.84%;--awb-margin-bottom-large:20px;--awb-spacing-left-large:3.84%;--awb-width-medium:50%;--awb-order-medium:0;--awb-spacing-right-medium:3.84%;--awb-spacing-left-medium:3.84%;--awb-width-small:100%;--awb-order-small:0;--awb-spacing-right-small:1.92%;--awb-spacing-left-small:1.92%;--awb-sticky-offset:20px;\" data-scroll-devices=\"small-visibility,medium-visibility,large-visibility\"><div class=\"fusion-column-wrapper fusion-column-has-shadow fusion-flex-justify-content-flex-start fusion-content-layout-column\"><div class=\"fusion-text fusion-text-22\"><h3>Restitution<\/h3>\n<p>After the war Michael Berolzheimer\u2019s art collection is scattered across many locations. His stepsons attempt to obtain initial compensation but the whereabouts of many of the works are unknown. The drawings acquired by the Nationalgalerie are still in the Soviet Union at the time. The compensation case was closed.<\/p>\n<p>It is not until decades later that progress is made. In 2011 the Stiftung Preu\u00dfischer Kulturbesitz (Prussian Cultural Heritage Foundation) returns the drawings from its collections to the family. Many other public collections also returns artworks from the Berolzheimer collection to the heirs.<\/p>\n<\/div><\/div><\/div><\/div><\/div><div class=\"fusion-fullwidth fullwidth-box fusion-builder-row-29 fusion-flex-container has-pattern-background has-mask-background nonhundred-percent-fullwidth non-hundred-percent-height-scrolling nicht-inhalt\" style=\"--link_hover_color: var(--awb-color4);--link_color: var(--awb-color4);--awb-border-radius-top-left:0px;--awb-border-radius-top-right:0px;--awb-border-radius-bottom-right:0px;--awb-border-radius-bottom-left:0px;--awb-padding-top:50px;--awb-padding-bottom:50px;--awb-margin-top:0px;--awb-margin-bottom:0px;--awb-flex-wrap:wrap;\" ><div class=\"fusion-builder-row fusion-row fusion-flex-align-items-flex-start fusion-flex-justify-content-flex-end fusion-flex-content-wrap\" style=\"max-width:1497.6px;margin-left: calc(-4% \/ 2 );margin-right: calc(-4% \/ 2 );\"><div class=\"fusion-layout-column fusion_builder_column fusion-builder-column-46 fusion_builder_column_1_1 1_1 fusion-flex-column blaue-box\" style=\"--awb-padding-top:42px;--awb-padding-right:45px;--awb-padding-bottom:45px;--awb-padding-left:45px;--awb-padding-top-small:20px;--awb-padding-right-small:20px;--awb-padding-bottom-small:20px;--awb-padding-left-small:20px;--awb-bg-color:var(--awb-color2);--awb-bg-color-hover:var(--awb-color2);--awb-bg-size:cover;--awb-width-large:100%;--awb-margin-top-large:0px;--awb-spacing-right-large:1.92%;--awb-margin-bottom-large:0px;--awb-spacing-left-large:1.92%;--awb-width-medium:100%;--awb-order-medium:0;--awb-spacing-right-medium:1.92%;--awb-spacing-left-medium:1.92%;--awb-width-small:100%;--awb-order-small:0;--awb-margin-top-small:25px;--awb-spacing-right-small:1.92%;--awb-margin-bottom-small:25px;--awb-spacing-left-small:1.92%;\"><div class=\"fusion-column-wrapper fusion-column-has-shadow fusion-flex-justify-content-flex-start fusion-content-layout-column\"><div class=\"fusion-builder-row fusion-builder-row-inner fusion-row fusion-flex-align-items-flex-start fusion-flex-justify-content-flex-end fusion-flex-content-wrap\" style=\"--awb-flex-grow:0;--awb-flex-grow-medium:0;--awb-flex-grow-small:0;--awb-flex-shrink:0;--awb-flex-shrink-medium:0;--awb-flex-shrink-small:0;width:104% !important;max-width:104% !important;margin-left: calc(-4% \/ 2 );margin-right: calc(-4% \/ 2 );\"><div class=\"fusion-layout-column fusion_builder_column_inner fusion-builder-nested-column-2 fusion_builder_column_inner_1_2 1_2 fusion-flex-column\" style=\"--awb-bg-size:cover;--awb-width-large:50%;--awb-margin-top-large:9px;--awb-spacing-right-large:3.84%;--awb-margin-bottom-large:20px;--awb-spacing-left-large:3.84%;--awb-width-medium:50%;--awb-order-medium:0;--awb-spacing-right-medium:3.84%;--awb-spacing-left-medium:3.84%;--awb-width-small:100%;--awb-order-small:1;--awb-spacing-right-small:1.92%;--awb-spacing-left-small:1.92%;\"><div class=\"fusion-column-wrapper fusion-column-has-shadow fusion-flex-justify-content-flex-start fusion-content-layout-column\"><div class=\"fusion-image-element awb-imageframe-style awb-imageframe-style-below awb-imageframe-style-17\" style=\"--awb-caption-title-color:var(--awb-color1);--awb-caption-text-color:var(--awb-color1);--awb-caption-title-font-family:var(--body_typography-font-family);--awb-caption-title-font-weight:var(--body_typography-font-weight);--awb-caption-title-font-style:var(--body_typography-font-style);--awb-caption-title-size:var(--body_typography-font-size);--awb-caption-title-transform:var(--body_typography-text-transform);--awb-caption-title-line-height:var(--body_typography-line-height);--awb-caption-title-letter-spacing:var(--body_typography-letter-spacing);\"><span class=\"fusion-imageframe imageframe-none imageframe-17 hover-type-none\"><img decoding=\"async\" width=\"1000\" height=\"1337\" alt=\"Pastel drawing. Portrait of a middle-aged gentleman wearing an elaborately knotted blue scarf. In his right hand a quill pen.\" title=\"Birds-of-Vogelstein-Portrait-Ungern-Sternberg\" src=\"https:\/\/kunst-raub-rueckgabe.de\/wp-content\/uploads\/2023\/11\/Vogel-von-Vogelstein-Portraet-Ungern-Sternberg.jpeg\" class=\"img-responsive wp-image-2707\" srcset=\"https:\/\/kunst-raub-rueckgabe.de\/wp-content\/uploads\/2023\/11\/Vogel-von-Vogelstein-Portraet-Ungern-Sternberg-200x267.jpeg 200w, https:\/\/kunst-raub-rueckgabe.de\/wp-content\/uploads\/2023\/11\/Vogel-von-Vogelstein-Portraet-Ungern-Sternberg-400x535.jpeg 400w, https:\/\/kunst-raub-rueckgabe.de\/wp-content\/uploads\/2023\/11\/Vogel-von-Vogelstein-Portraet-Ungern-Sternberg-600x802.jpeg 600w, https:\/\/kunst-raub-rueckgabe.de\/wp-content\/uploads\/2023\/11\/Vogel-von-Vogelstein-Portraet-Ungern-Sternberg-800x1070.jpeg 800w, https:\/\/kunst-raub-rueckgabe.de\/wp-content\/uploads\/2023\/11\/Vogel-von-Vogelstein-Portraet-Ungern-Sternberg.jpeg 1000w\" sizes=\"(max-width: 640px) 100vw, 800px\" \/><\/span><div class=\"awb-imageframe-caption-container\"><div class=\"awb-imageframe-caption\"><div class=\"awb-imageframe-caption-title\">Carl Christian Vogel von Vogelstein: Portr\u00e4t des Schriftstellers Freiherr Alexander von Ungern-Sternberg (Portrait of the Writer Baron Alexander von Ungern-Sternberg), chalk drawing, c. 1840\/50.<\/div><p class=\"awb-imageframe-caption-text\">Kupferstichkabinett - Staatliche Museen zu Berlin \/ Photo: Galerie Arnoldi-Livie, Munich<\/p><\/div><\/div><\/div><\/div><\/div><div class=\"fusion-layout-column fusion_builder_column_inner fusion-builder-nested-column-3 awb-sticky awb-sticky-medium awb-sticky-large fusion_builder_column_inner_1_2 1_2 fusion-flex-column\" style=\"--awb-bg-size:cover;--awb-width-large:50%;--awb-margin-top-large:0px;--awb-spacing-right-large:3.84%;--awb-margin-bottom-large:20px;--awb-spacing-left-large:3.84%;--awb-width-medium:50%;--awb-order-medium:0;--awb-spacing-right-medium:3.84%;--awb-spacing-left-medium:3.84%;--awb-width-small:100%;--awb-order-small:0;--awb-spacing-right-small:1.92%;--awb-spacing-left-small:1.92%;\" data-scroll-devices=\"small-visibility,medium-visibility,large-visibility\"><div class=\"fusion-column-wrapper fusion-column-has-shadow fusion-flex-justify-content-flex-start fusion-content-layout-column\"><div class=\"fusion-title title fusion-title-14 fusion-sep-none fusion-title-text fusion-title-size-div\" style=\"--awb-text-color:var(--awb-color1);--awb-margin-top-small:10px;--awb-margin-right-small:0px;--awb-margin-bottom-small:10px;--awb-margin-left-small:0px;--awb-font-size:40px;\"><div class=\"fusion-title-heading title-heading-left title-heading-tag fusion-responsive-typography-calculated\" style=\"font-family:var(--awb-typography1-font-family);font-weight:var(--awb-typography1-font-weight);font-style:var(--awb-typography1-font-style);margin:0;letter-spacing:var(--awb-typography1-letter-spacing);text-transform:var(--awb-typography1-text-transform);font-size:1em;--fontSize:40;line-height:var(--awb-typography1-line-height);\">Donation<\/div><\/div><div class=\"fusion-text fusion-text-23\" style=\"--awb-text-color:var(--awb-color1);\"><p>After their return from Berlin the drawings go to the Arnoldi-Livie Gallery in Munich, which trades them on the art market. This portrait of the writer Alexander von Ungern-Sternberg returns to Berlin for a second time as a \u201cdonation from the Arnoldi-Livie Gallery in memory of Michael Berolzheimer\u201d and becomes part of the collection at the Kupferstichkabinett (Museum of Prints and Drawings).<\/p>\n<\/div><\/div><\/div><\/div><\/div><\/div><\/div><\/div><div class=\"fusion-fullwidth fullwidth-box fusion-builder-row-30 fusion-flex-container has-pattern-background has-mask-background nonhundred-percent-fullwidth non-hundred-percent-height-scrolling fusion-custom-z-index\" style=\"--awb-border-radius-top-left:0px;--awb-border-radius-top-right:0px;--awb-border-radius-bottom-right:0px;--awb-border-radius-bottom-left:0px;--awb-z-index:1000;--awb-padding-top:50px;--awb-padding-bottom:50px;--awb-margin-top:0px;--awb-margin-bottom:0px;--awb-background-color:var(--awb-color1);--awb-flex-wrap:wrap;\" ><div class=\"fusion-builder-row fusion-row fusion-flex-align-items-flex-start fusion-flex-justify-content-center fusion-flex-content-wrap\" style=\"max-width:1497.6px;margin-left: calc(-4% \/ 2 );margin-right: calc(-4% \/ 2 );\"><div class=\"fusion-layout-column fusion_builder_column fusion-builder-column-47 fusion_builder_column_1_1 1_1 fusion-flex-column\" style=\"--awb-bg-size:cover;--awb-width-large:100%;--awb-margin-top-large:0px;--awb-spacing-right-large:1.92%;--awb-margin-bottom-large:0px;--awb-spacing-left-large:1.92%;--awb-width-medium:100%;--awb-order-medium:0;--awb-spacing-right-medium:1.92%;--awb-spacing-left-medium:1.92%;--awb-width-small:100%;--awb-order-small:0;--awb-spacing-right-small:1.92%;--awb-spacing-left-small:1.92%;\"><div class=\"fusion-column-wrapper fusion-column-has-shadow fusion-flex-justify-content-flex-start fusion-content-layout-column\"><div class=\"fusion-text fusion-text-24\"><h3 style=\"text-align: center;\">Film by Bayerischer Rundfunk on Michael Berolzheimer<\/h3>\n<\/div><div class=\"fusion-video fusion-vimeo\" style=\"--awb-max-width:px;--awb-max-height:px;--awb-margin-top:0px;--awb-margin-bottom:0px;\"><div class=\"video-shortcode\"><iframe class=\"fusion-hidden\" data-privacy-type=\"vimeo\" src=\"\" title=\"Vimeo video player 1\" data-privacy-src=\"https:\/\/player.vimeo.com\/video\/861690551?autoplay=0&amp;rel=0&amp;byline=0&amp;portrait=0&amp;autopause=0\" width=\"\" height=\"\" allowfullscreen allow=\"autoplay; fullscreen\"><\/iframe><div class=\"fusion-privacy-placeholder\"  data-privacy-type=\"vimeo\"><div class=\"fusion-privacy-placeholder-content\"><div class=\"fusion-privacy-label\">For privacy reasons Vimeo needs your permission to be loaded.<\/div><button data-privacy-type=\"vimeo\" class=\"fusion-button button-default fusion-button-default-size button fusion-privacy-consent\">I Accept<\/button><\/div><\/div><\/div><\/div><\/div><\/div><\/div><\/div><div class=\"fusion-fullwidth fullwidth-box fusion-builder-row-31 fusion-flex-container has-pattern-background has-mask-background nonhundred-percent-fullwidth non-hundred-percent-height-scrolling fusion-custom-z-index\" style=\"--link_hover_color: var(--awb-color5);--awb-border-radius-top-left:0px;--awb-border-radius-top-right:0px;--awb-border-radius-bottom-right:0px;--awb-border-radius-bottom-left:0px;--awb-z-index:100;--awb-padding-top:50px;--awb-padding-bottom:50px;--awb-margin-top:0px;--awb-margin-bottom:0px;--awb-background-color:var(--awb-color1);--awb-flex-wrap:wrap;\" ><div class=\"fusion-builder-row fusion-row fusion-flex-align-items-flex-start fusion-flex-content-wrap\" style=\"max-width:1497.6px;margin-left: calc(-4% \/ 2 );margin-right: calc(-4% \/ 2 );\"><div class=\"fusion-layout-column fusion_builder_column fusion-builder-column-48 awb-sticky awb-sticky-medium awb-sticky-large fusion_builder_column_1_2 1_2 fusion-flex-column\" style=\"--awb-bg-size:cover;--awb-width-large:50%;--awb-margin-top-large:0px;--awb-spacing-right-large:3.84%;--awb-margin-bottom-large:0px;--awb-spacing-left-large:3.84%;--awb-width-medium:50%;--awb-order-medium:0;--awb-spacing-right-medium:3.84%;--awb-spacing-left-medium:3.84%;--awb-width-small:100%;--awb-order-small:0;--awb-spacing-right-small:1.92%;--awb-spacing-left-small:1.92%;--awb-sticky-offset:20px;\"><div class=\"fusion-column-wrapper fusion-column-has-shadow fusion-flex-justify-content-flex-start fusion-content-layout-column\"><div class=\"fusion-title title fusion-title-15 fusion-sep-none fusion-title-text fusion-title-size-two kein-inhalt\" style=\"--awb-margin-top-small:10px;--awb-margin-right-small:0px;--awb-margin-bottom-small:10px;--awb-margin-left-small:0px;\"><h2 class=\"fusion-title-heading title-heading-left fusion-responsive-typography-calculated\" style=\"margin:0;--fontSize:40;line-height:var(--awb-typography1-line-height);\"><h2 class=\"fusion-responsive-typography-calculated\" data-fontsize=\"40\" data-lineheight=\"48px\">Related links<\/h2><\/h2><\/div><div class=\"fusion-text fusion-text-25\"><p><a href=\"https:\/\/www.proveana.de\/en\/person\/berolzheimer-michael\" target=\"_blank\" rel=\"noopener\">Entry in the Proveana research database \u2192<\/a><\/p>\n<\/div><\/div><\/div><\/div><\/div><\/p>","protected":false},"excerpt":{"rendered":"","protected":false},"author":6,"featured_media":2606,"menu_order":0,"comment_status":"closed","ping_status":"closed","template":"","format":"standard","meta":{"_acf_changed":false,"inline_featured_image":false,"footnotes":""},"portfolio_category":[],"portfolio_skills":[],"portfolio_tags":[],"class_list":["post-2336","avada_portfolio","type-avada_portfolio","status-publish","format-standard","has-post-thumbnail","hentry"],"acf":[],"_links":{"self":[{"href":"https:\/\/kunst-raub-rueckgabe.de\/en\/wp-json\/wp\/v2\/avada_portfolio\/2336","targetHints":{"allow":["GET"]}}],"collection":[{"href":"https:\/\/kunst-raub-rueckgabe.de\/en\/wp-json\/wp\/v2\/avada_portfolio"}],"about":[{"href":"https:\/\/kunst-raub-rueckgabe.de\/en\/wp-json\/wp\/v2\/types\/avada_portfolio"}],"author":[{"embeddable":true,"href":"https:\/\/kunst-raub-rueckgabe.de\/en\/wp-json\/wp\/v2\/users\/6"}],"replies":[{"embeddable":true,"href":"https:\/\/kunst-raub-rueckgabe.de\/en\/wp-json\/wp\/v2\/comments?post=2336"}],"version-history":[{"count":210,"href":"https:\/\/kunst-raub-rueckgabe.de\/en\/wp-json\/wp\/v2\/avada_portfolio\/2336\/revisions"}],"predecessor-version":[{"id":7352,"href":"https:\/\/kunst-raub-rueckgabe.de\/en\/wp-json\/wp\/v2\/avada_portfolio\/2336\/revisions\/7352"}],"wp:featuredmedia":[{"embeddable":true,"href":"https:\/\/kunst-raub-rueckgabe.de\/en\/wp-json\/wp\/v2\/media\/2606"}],"wp:attachment":[{"href":"https:\/\/kunst-raub-rueckgabe.de\/en\/wp-json\/wp\/v2\/media?parent=2336"}],"wp:term":[{"taxonomy":"portfolio_category","embeddable":true,"href":"https:\/\/kunst-raub-rueckgabe.de\/en\/wp-json\/wp\/v2\/portfolio_category?post=2336"},{"taxonomy":"portfolio_skills","embeddable":true,"href":"https:\/\/kunst-raub-rueckgabe.de\/en\/wp-json\/wp\/v2\/portfolio_skills?post=2336"},{"taxonomy":"portfolio_tags","embeddable":true,"href":"https:\/\/kunst-raub-rueckgabe.de\/en\/wp-json\/wp\/v2\/portfolio_tags?post=2336"}],"curies":[{"name":"wp","href":"https:\/\/api.w.org\/{rel}","templated":true}]}}