{"id":2446,"date":"2023-12-07T13:04:31","date_gmt":"2023-12-07T12:04:31","guid":{"rendered":"https:\/\/kunst-raub-rueckgabe.de\/?post_type=avada_portfolio&#038;p=2446"},"modified":"2026-03-26T14:20:33","modified_gmt":"2026-03-26T13:20:33","slug":"friedrich-guttsmann","status":"publish","type":"avada_portfolio","link":"https:\/\/kunst-raub-rueckgabe.de\/en\/biografie\/friedrich-guttsmann\/","title":{"rendered":"The worry-free manufacturer"},"content":{"rendered":"<p><div class=\"fusion-fullwidth fullwidth-box fusion-builder-row-1 fusion-flex-container has-pattern-background has-mask-background nonhundred-percent-fullwidth non-hundred-percent-height-scrolling\" style=\"--awb-border-radius-top-left:0px;--awb-border-radius-top-right:0px;--awb-border-radius-bottom-right:0px;--awb-border-radius-bottom-left:0px;--awb-padding-top:50px;--awb-padding-bottom:50px;--awb-padding-top-small:25px;--awb-padding-bottom-small:25px;--awb-margin-top:0px;--awb-margin-bottom:0px;--awb-flex-wrap:wrap;\" ><div class=\"fusion-builder-row fusion-row fusion-flex-align-items-flex-start fusion-flex-justify-content-flex-end fusion-flex-content-wrap\" style=\"max-width:1497.6px;margin-left: calc(-4% \/ 2 );margin-right: calc(-4% \/ 2 );\"><div class=\"fusion-layout-column fusion_builder_column fusion-builder-column-0 fusion_builder_column_1_2 1_2 fusion-flex-column\" style=\"--awb-bg-size:cover;--awb-width-large:50%;--awb-margin-top-large:0px;--awb-spacing-right-large:3.84%;--awb-margin-bottom-large:20px;--awb-spacing-left-large:3.84%;--awb-width-medium:50%;--awb-order-medium:0;--awb-spacing-right-medium:3.84%;--awb-spacing-left-medium:3.84%;--awb-width-small:100%;--awb-order-small:1;--awb-spacing-right-small:1.92%;--awb-spacing-left-small:1.92%;\"><div class=\"fusion-column-wrapper fusion-column-has-shadow fusion-flex-justify-content-flex-start fusion-content-layout-column\"><div class=\"fusion-image-carousel fusion-image-carousel-auto fusion-image-carousel-1 fusion-carousel-border awb-image-carousel-top-below-caption\"><div class=\"awb-carousel awb-swiper awb-swiper-carousel awb-carousel--carousel awb-swiper-dots-position-bottom awb-imageframe-style awb-imageframe-style-below awb-imageframe-style-1\" data-layout=\"carousel\" data-autoplay=\"no\" data-autoplayspeed=\"2500\" data-autoplaypause=\"no\" data-loop=\"yes\" data-columns=\"1\" data-columnsmedium=\"1\" data-columnssmall=\"1\" data-itemmargin=\"13\" data-itemwidth=\"180\" data-touchscroll=\"no\" data-freemode=\"no\" data-imagesize=\"auto\" data-scrollitems=\"0\" data-centeredslides=\"no\" data-rotationangle=\"50\" data-depth=\"100\" data-speed=\"500\" data-shadow=\"no\" data-pagination=\"bullets\" style=\"--awb-columns:1;--awb-caption-title-color:var(--awb-color5);--awb-caption-text-color:var(--awb-color5);--awb-border-width:1px;--awb-border-color:#e9eaee;\"><div class=\"swiper-wrapper awb-image-carousel-wrapper fusion-flex-align-items-center\"><div class=\"swiper-slide\"><div class=\"fusion-carousel-item-wrapper\"><div class=\"fusion-image-wrapper hover-type-none\"><img decoding=\"async\" width=\"1920\" height=\"1080\" src=\"https:\/\/kunst-raub-rueckgabe.de\/wp-content\/uploads\/2023\/09\/1_AKKU_Friedrich-Guttsmann-Projekt-cf_71962653__10-01-01-13-Kopie.jpg\" class=\"attachment-full size-full\" alt=\"Farbfotografie. Stempel auf kr\u00e4ftigem Papier.\" srcset=\"https:\/\/kunst-raub-rueckgabe.de\/wp-content\/uploads\/2023\/09\/1_AKKU_Friedrich-Guttsmann-Projekt-cf_71962653__10-01-01-13-Kopie-18x10.jpg 18w, https:\/\/kunst-raub-rueckgabe.de\/wp-content\/uploads\/2023\/09\/1_AKKU_Friedrich-Guttsmann-Projekt-cf_71962653__10-01-01-13-Kopie-200x113.jpg 200w, https:\/\/kunst-raub-rueckgabe.de\/wp-content\/uploads\/2023\/09\/1_AKKU_Friedrich-Guttsmann-Projekt-cf_71962653__10-01-01-13-Kopie-300x169.jpg 300w, https:\/\/kunst-raub-rueckgabe.de\/wp-content\/uploads\/2023\/09\/1_AKKU_Friedrich-Guttsmann-Projekt-cf_71962653__10-01-01-13-Kopie-400x225.jpg 400w, https:\/\/kunst-raub-rueckgabe.de\/wp-content\/uploads\/2023\/09\/1_AKKU_Friedrich-Guttsmann-Projekt-cf_71962653__10-01-01-13-Kopie-600x338.jpg 600w, https:\/\/kunst-raub-rueckgabe.de\/wp-content\/uploads\/2023\/09\/1_AKKU_Friedrich-Guttsmann-Projekt-cf_71962653__10-01-01-13-Kopie-768x432.jpg 768w, https:\/\/kunst-raub-rueckgabe.de\/wp-content\/uploads\/2023\/09\/1_AKKU_Friedrich-Guttsmann-Projekt-cf_71962653__10-01-01-13-Kopie-800x450.jpg 800w, https:\/\/kunst-raub-rueckgabe.de\/wp-content\/uploads\/2023\/09\/1_AKKU_Friedrich-Guttsmann-Projekt-cf_71962653__10-01-01-13-Kopie-1024x576.jpg 1024w, https:\/\/kunst-raub-rueckgabe.de\/wp-content\/uploads\/2023\/09\/1_AKKU_Friedrich-Guttsmann-Projekt-cf_71962653__10-01-01-13-Kopie-1200x675.jpg 1200w, https:\/\/kunst-raub-rueckgabe.de\/wp-content\/uploads\/2023\/09\/1_AKKU_Friedrich-Guttsmann-Projekt-cf_71962653__10-01-01-13-Kopie-1536x864.jpg 1536w, https:\/\/kunst-raub-rueckgabe.de\/wp-content\/uploads\/2023\/09\/1_AKKU_Friedrich-Guttsmann-Projekt-cf_71962653__10-01-01-13-Kopie.jpg 1920w\" sizes=\"(max-width: 1920px) 100vw, 1920px\" \/><\/div><div class=\"awb-imageframe-caption-container\" style=\"text-align:left;\"><div class=\"awb-imageframe-caption\"><div class=\"awb-imageframe-caption-title\">R\u00fcckseite der Tuschpinselzeichnung von Jakob Philipp Hackert.<\/div><p class=\"awb-imageframe-caption-text\">Foto: rbb<\/p><\/div><\/div><\/div><\/div><div class=\"swiper-slide\"><div class=\"fusion-carousel-item-wrapper\"><div class=\"fusion-image-wrapper hover-type-none\"><img decoding=\"async\" width=\"2560\" height=\"1773\" src=\"https:\/\/kunst-raub-rueckgabe.de\/wp-content\/uploads\/2023\/09\/Hackert-Zeichnung-Hiddensee-SMB-scaled.jpg\" class=\"attachment-full size-full\" alt=\"Zeichnung. Meer mit hohen Wellen, darauf ein Segelschiff, rechts hohe Felsen, davor am Strand drei M\u00e4nner.\" srcset=\"https:\/\/kunst-raub-rueckgabe.de\/wp-content\/uploads\/2023\/09\/Hackert-Zeichnung-Hiddensee-SMB-18x12.jpg 18w, https:\/\/kunst-raub-rueckgabe.de\/wp-content\/uploads\/2023\/09\/Hackert-Zeichnung-Hiddensee-SMB-200x139.jpg 200w, https:\/\/kunst-raub-rueckgabe.de\/wp-content\/uploads\/2023\/09\/Hackert-Zeichnung-Hiddensee-SMB-300x208.jpg 300w, https:\/\/kunst-raub-rueckgabe.de\/wp-content\/uploads\/2023\/09\/Hackert-Zeichnung-Hiddensee-SMB-400x277.jpg 400w, https:\/\/kunst-raub-rueckgabe.de\/wp-content\/uploads\/2023\/09\/Hackert-Zeichnung-Hiddensee-SMB-600x416.jpg 600w, https:\/\/kunst-raub-rueckgabe.de\/wp-content\/uploads\/2023\/09\/Hackert-Zeichnung-Hiddensee-SMB-768x532.jpg 768w, https:\/\/kunst-raub-rueckgabe.de\/wp-content\/uploads\/2023\/09\/Hackert-Zeichnung-Hiddensee-SMB-800x554.jpg 800w, https:\/\/kunst-raub-rueckgabe.de\/wp-content\/uploads\/2023\/09\/Hackert-Zeichnung-Hiddensee-SMB-1024x709.jpg 1024w, https:\/\/kunst-raub-rueckgabe.de\/wp-content\/uploads\/2023\/09\/Hackert-Zeichnung-Hiddensee-SMB-1200x831.jpg 1200w, https:\/\/kunst-raub-rueckgabe.de\/wp-content\/uploads\/2023\/09\/Hackert-Zeichnung-Hiddensee-SMB-1536x1064.jpg 1536w, https:\/\/kunst-raub-rueckgabe.de\/wp-content\/uploads\/2023\/09\/Hackert-Zeichnung-Hiddensee-SMB-scaled.jpg 2560w\" sizes=\"(max-width: 2560px) 100vw, 2560px\" \/><\/div><div class=\"awb-imageframe-caption-container\" style=\"text-align:left;\"><div class=\"awb-imageframe-caption\"><div class=\"awb-imageframe-caption-title\">Jakob Philipp Hackert: Auf Hiddensee, Tuschpinselzeichnung, 1764.<\/div><p class=\"awb-imageframe-caption-text\">Staatliche Museen zu Berlin, Kupferstichkabinett \/ J\u00f6rg P. Anders <\/p><\/div><\/div><\/div><\/div><\/div><div class=\"awb-swiper-button awb-swiper-button-prev\"><i class=\"awb-icon-angle-left\" aria-hidden=\"true\"><\/i><\/div><div class=\"awb-swiper-button awb-swiper-button-next\"><i class=\"awb-icon-angle-right\" aria-hidden=\"true\"><\/i><\/div><\/div><\/div><\/div><\/div><div class=\"fusion-layout-column fusion_builder_column fusion-builder-column-1 awb-sticky awb-sticky-medium awb-sticky-large fusion_builder_column_1_2 1_2 fusion-flex-column\" style=\"--awb-bg-size:cover;--awb-width-large:50%;--awb-margin-top-large:0px;--awb-spacing-right-large:3.84%;--awb-margin-bottom-large:20px;--awb-spacing-left-large:3.84%;--awb-width-medium:50%;--awb-order-medium:0;--awb-spacing-right-medium:3.84%;--awb-spacing-left-medium:3.84%;--awb-width-small:100%;--awb-order-small:0;--awb-spacing-right-small:1.92%;--awb-spacing-left-small:1.92%;\" data-scroll-devices=\"small-visibility,medium-visibility,large-visibility\"><div class=\"fusion-column-wrapper fusion-column-has-shadow fusion-flex-justify-content-flex-start fusion-content-layout-column\"><div class=\"fusion-text fusion-text-1\"><p><span class=\"fusion-dropcap dropcap\">D<\/span>er Reichsadler mit ausgebreiteten Schwingen. Er steht auf einem Eichenkranz, darin ist das Hakenkreuz zu erkennen. Das Hoheitszeichen des \u201aDritten Reiches\u2018, gestempelt auf die R\u00fcckseite einer Zeichnung von Jakob Philipp Hackert. Sie h\u00e4ngt heute in einer Privatwohnung in Stockholm, im Wohnzimmer von Ann-Charlott M\u00f6rner.<\/p>\n<\/div><\/div><\/div><\/div><\/div><div class=\"fusion-fullwidth fullwidth-box fusion-builder-row-2 fusion-flex-container has-pattern-background has-mask-background nonhundred-percent-fullwidth non-hundred-percent-height-scrolling\" style=\"--awb-border-radius-top-left:0px;--awb-border-radius-top-right:0px;--awb-border-radius-bottom-right:0px;--awb-border-radius-bottom-left:0px;--awb-padding-top:50px;--awb-padding-bottom:50px;--awb-padding-top-small:25px;--awb-padding-bottom-small:25px;--awb-margin-top:0px;--awb-margin-bottom:0px;--awb-flex-wrap:wrap;\" ><div class=\"fusion-builder-row fusion-row fusion-flex-align-items-flex-start fusion-flex-content-wrap\" style=\"max-width:1497.6px;margin-left: calc(-4% \/ 2 );margin-right: calc(-4% \/ 2 );\"><div class=\"fusion-layout-column fusion_builder_column fusion-builder-column-2 fusion_builder_column_1_2 1_2 fusion-flex-column\" style=\"--awb-padding-top:10px;--awb-bg-size:cover;--awb-width-large:50%;--awb-margin-top-large:0px;--awb-spacing-right-large:3.84%;--awb-margin-bottom-large:20px;--awb-spacing-left-large:3.84%;--awb-width-medium:50%;--awb-order-medium:0;--awb-spacing-right-medium:3.84%;--awb-spacing-left-medium:3.84%;--awb-width-small:100%;--awb-order-small:0;--awb-spacing-right-small:1.92%;--awb-margin-bottom-small:50px;--awb-spacing-left-small:1.92%;\"><div class=\"fusion-column-wrapper fusion-column-has-shadow fusion-flex-justify-content-flex-start fusion-content-layout-column\"><div class=\"fusion-image-element awb-imageframe-style awb-imageframe-style-below awb-imageframe-style-1\" style=\"--awb-caption-title-font-family:var(--body_typography-font-family);--awb-caption-title-font-weight:var(--body_typography-font-weight);--awb-caption-title-font-style:var(--body_typography-font-style);--awb-caption-title-size:var(--body_typography-font-size);--awb-caption-title-transform:var(--body_typography-text-transform);--awb-caption-title-line-height:var(--body_typography-line-height);--awb-caption-title-letter-spacing:var(--body_typography-letter-spacing);\"><span class=\" fusion-imageframe imageframe-none imageframe-1 hover-type-none\"><img decoding=\"async\" width=\"1288\" height=\"834\" alt=\"Farbfotografie. Ann-Charlott M\u00f6rner weist auf einen Stempel auf der R\u00fcckseite eines gerahmten Bildes. \" title=\"3_Filmstill Kopie\" src=\"https:\/\/kunst-raub-rueckgabe.de\/wp-content\/uploads\/2023\/09\/3_Filmstill-Kopie.jpg\" class=\"img-responsive wp-image-2432\" srcset=\"https:\/\/kunst-raub-rueckgabe.de\/wp-content\/uploads\/2023\/09\/3_Filmstill-Kopie-200x130.jpg 200w, https:\/\/kunst-raub-rueckgabe.de\/wp-content\/uploads\/2023\/09\/3_Filmstill-Kopie-400x259.jpg 400w, https:\/\/kunst-raub-rueckgabe.de\/wp-content\/uploads\/2023\/09\/3_Filmstill-Kopie-600x389.jpg 600w, https:\/\/kunst-raub-rueckgabe.de\/wp-content\/uploads\/2023\/09\/3_Filmstill-Kopie-800x518.jpg 800w, https:\/\/kunst-raub-rueckgabe.de\/wp-content\/uploads\/2023\/09\/3_Filmstill-Kopie-1200x777.jpg 1200w, https:\/\/kunst-raub-rueckgabe.de\/wp-content\/uploads\/2023\/09\/3_Filmstill-Kopie.jpg 1288w\" sizes=\"(max-width: 640px) 100vw, 800px\" \/><\/span><div class=\"awb-imageframe-caption-container\"><div class=\"awb-imageframe-caption\"><div class=\"awb-imageframe-caption-title\"> Ann-Charlott M\u00f6rner.<\/div><p class=\"awb-imageframe-caption-text\">Foto: rbb <\/p><\/div><\/div><\/div><\/div><\/div><div class=\"fusion-layout-column fusion_builder_column fusion-builder-column-3 awb-sticky awb-sticky-small awb-sticky-medium awb-sticky-large fusion_builder_column_1_2 1_2 fusion-flex-column\" style=\"--awb-bg-size:cover;--awb-width-large:50%;--awb-margin-top-large:0px;--awb-spacing-right-large:3.84%;--awb-margin-bottom-large:20px;--awb-spacing-left-large:3.84%;--awb-width-medium:50%;--awb-order-medium:0;--awb-spacing-right-medium:3.84%;--awb-spacing-left-medium:3.84%;--awb-width-small:100%;--awb-order-small:0;--awb-spacing-right-small:1.92%;--awb-spacing-left-small:1.92%;\" data-scroll-devices=\"small-visibility,medium-visibility,large-visibility\"><div class=\"fusion-column-wrapper fusion-column-has-shadow fusion-flex-justify-content-flex-start fusion-content-layout-column\"><div class=\"fusion-text fusion-text-2\"><h4>\u201eIch wollte diese Stelle offenlassen, weil sie Geschichte zeigt\u201c,<\/h4>\n<p>sagt sie. Es ist auch die Geschichte ihres Gro\u00dfvaters Friedrich Guttsmann, dem das Bild einst geh\u00f6rte.<\/p>\n<\/div><\/div><\/div><\/div><\/div><div class=\"fusion-fullwidth fullwidth-box fusion-builder-row-3 fusion-flex-container has-pattern-background has-mask-background nonhundred-percent-fullwidth non-hundred-percent-height-scrolling\" style=\"--awb-border-radius-top-left:0px;--awb-border-radius-top-right:0px;--awb-border-radius-bottom-right:0px;--awb-border-radius-bottom-left:0px;--awb-padding-top:21px;--awb-flex-wrap:wrap;\" ><div class=\"fusion-builder-row fusion-row fusion-flex-align-items-flex-start fusion-flex-content-wrap\" style=\"max-width:1497.6px;margin-left: calc(-4% \/ 2 );margin-right: calc(-4% \/ 2 );\"><div class=\"fusion-layout-column fusion_builder_column fusion-builder-column-4 fusion_builder_column_1_1 1_1 fusion-flex-column\" style=\"--awb-bg-size:cover;--awb-width-large:100%;--awb-margin-top-large:0px;--awb-spacing-right-large:1.92%;--awb-margin-bottom-large:20px;--awb-spacing-left-large:1.92%;--awb-width-medium:100%;--awb-order-medium:0;--awb-spacing-right-medium:1.92%;--awb-spacing-left-medium:1.92%;--awb-width-small:100%;--awb-order-small:0;--awb-spacing-right-small:1.92%;--awb-spacing-left-small:1.92%;\"><div class=\"fusion-column-wrapper fusion-column-has-shadow fusion-flex-justify-content-flex-start fusion-content-layout-column\"><div class=\"fusion-title title fusion-title-1 fusion-sep-none fusion-title-center fusion-title-text fusion-title-size-two\" style=\"--awb-margin-top-small:10px;--awb-margin-right-small:0px;--awb-margin-bottom-small:10px;--awb-margin-left-small:0px;\"><h2 class=\"fusion-title-heading title-heading-center fusion-responsive-typography-calculated\" style=\"margin:0;--fontSize:40;line-height:var(--awb-typography1-line-height);\">Sorgenfreie Jahre in Breslau und Berlin<\/h2><\/div><\/div><\/div><\/div><\/div><div class=\"fusion-fullwidth fullwidth-box fusion-builder-row-4 fusion-flex-container has-pattern-background has-mask-background nonhundred-percent-fullwidth non-hundred-percent-height-scrolling\" style=\"--awb-border-radius-top-left:0px;--awb-border-radius-top-right:0px;--awb-border-radius-bottom-right:0px;--awb-border-radius-bottom-left:0px;--awb-padding-top:50px;--awb-padding-bottom:50px;--awb-padding-top-small:25px;--awb-padding-bottom-small:25px;--awb-margin-top:0px;--awb-margin-bottom:0px;--awb-flex-wrap:wrap;\" ><div class=\"fusion-builder-row fusion-row fusion-flex-align-items-flex-start fusion-flex-content-wrap\" style=\"max-width:1497.6px;margin-left: calc(-4% \/ 2 );margin-right: calc(-4% \/ 2 );\"><div class=\"fusion-layout-column fusion_builder_column fusion-builder-column-5 fusion_builder_column_1_2 1_2 fusion-flex-column\" style=\"--awb-padding-top:10px;--awb-bg-size:cover;--awb-width-large:50%;--awb-margin-top-large:0px;--awb-spacing-right-large:3.84%;--awb-margin-bottom-large:20px;--awb-spacing-left-large:3.84%;--awb-width-medium:50%;--awb-order-medium:0;--awb-spacing-right-medium:3.84%;--awb-spacing-left-medium:3.84%;--awb-width-small:100%;--awb-order-small:0;--awb-spacing-right-small:1.92%;--awb-margin-bottom-small:50px;--awb-spacing-left-small:1.92%;\"><div class=\"fusion-column-wrapper fusion-column-has-shadow fusion-flex-justify-content-flex-start fusion-content-layout-column\"><div class=\"fusion-image-element awb-imageframe-style awb-imageframe-style-below awb-imageframe-style-2\" style=\"--awb-caption-title-font-family:var(--body_typography-font-family);--awb-caption-title-font-weight:var(--body_typography-font-weight);--awb-caption-title-font-style:var(--body_typography-font-style);--awb-caption-title-size:var(--body_typography-font-size);--awb-caption-title-transform:var(--body_typography-text-transform);--awb-caption-title-line-height:var(--body_typography-line-height);--awb-caption-title-letter-spacing:var(--body_typography-letter-spacing);\"><span class=\" fusion-imageframe imageframe-none imageframe-2 hover-type-none\"><img decoding=\"async\" width=\"799\" height=\"533\" alt=\"Farbfotografie. Eine gerahmte \u00e4ltere Fotografie einer Villa, davor ein Automobil.\" title=\"Filmstill-Sommerhaus-Breslau\" src=\"https:\/\/kunst-raub-rueckgabe.de\/wp-content\/uploads\/2023\/09\/Filmstill-Sommerhaus-Breslau.png\" class=\"img-responsive wp-image-2487\" srcset=\"https:\/\/kunst-raub-rueckgabe.de\/wp-content\/uploads\/2023\/09\/Filmstill-Sommerhaus-Breslau-200x133.png 200w, https:\/\/kunst-raub-rueckgabe.de\/wp-content\/uploads\/2023\/09\/Filmstill-Sommerhaus-Breslau-400x267.png 400w, https:\/\/kunst-raub-rueckgabe.de\/wp-content\/uploads\/2023\/09\/Filmstill-Sommerhaus-Breslau-600x400.png 600w, https:\/\/kunst-raub-rueckgabe.de\/wp-content\/uploads\/2023\/09\/Filmstill-Sommerhaus-Breslau.png 799w\" sizes=\"(max-width: 640px) 100vw, 799px\" \/><\/span><div class=\"awb-imageframe-caption-container\"><div class=\"awb-imageframe-caption\"><div class=\"awb-imageframe-caption-title\">Sommerhaus der Familie Guttsmann in Breslau.<\/div><p class=\"awb-imageframe-caption-text\">Foto: rbb<\/p><\/div><\/div><\/div><\/div><\/div><div class=\"fusion-layout-column fusion_builder_column fusion-builder-column-6 awb-sticky awb-sticky-medium awb-sticky-large fusion_builder_column_1_2 1_2 fusion-flex-column\" style=\"--awb-bg-size:cover;--awb-width-large:50%;--awb-margin-top-large:0px;--awb-spacing-right-large:3.84%;--awb-margin-bottom-large:20px;--awb-spacing-left-large:3.84%;--awb-width-medium:50%;--awb-order-medium:0;--awb-spacing-right-medium:3.84%;--awb-spacing-left-medium:3.84%;--awb-width-small:100%;--awb-order-small:0;--awb-spacing-right-small:1.92%;--awb-spacing-left-small:1.92%;\" data-scroll-devices=\"small-visibility,medium-visibility,large-visibility\"><div class=\"fusion-column-wrapper fusion-column-has-shadow fusion-flex-justify-content-flex-start fusion-content-layout-column\"><div class=\"fusion-text fusion-text-3\"><p><span class=\"fusion-dropcap dropcap Initiale\">F<\/span>riedrich Guttsmann wird 1888 in eine j\u00fcdische Familie in Breslau geboren. Sein Vater ist dort Inhaber einer gro\u00dfen Maschinenfabrik.<\/p>\n<\/div><\/div><\/div><\/div><\/div><div class=\"fusion-fullwidth fullwidth-box fusion-builder-row-5 fusion-flex-container has-pattern-background has-mask-background nonhundred-percent-fullwidth non-hundred-percent-height-scrolling\" style=\"--awb-border-radius-top-left:0px;--awb-border-radius-top-right:0px;--awb-border-radius-bottom-right:0px;--awb-border-radius-bottom-left:0px;--awb-padding-top:50px;--awb-padding-bottom:50px;--awb-padding-top-small:25px;--awb-padding-bottom-small:25px;--awb-margin-top:0px;--awb-margin-bottom:0px;--awb-flex-wrap:wrap;\" ><div class=\"fusion-builder-row fusion-row fusion-flex-align-items-flex-start fusion-flex-content-wrap\" style=\"max-width:1497.6px;margin-left: calc(-4% \/ 2 );margin-right: calc(-4% \/ 2 );\"><div class=\"fusion-layout-column fusion_builder_column fusion-builder-column-7 fusion_builder_column_1_3 1_3 fusion-flex-column\" style=\"--awb-padding-top:10px;--awb-bg-size:cover;--awb-width-large:33.333333333333%;--awb-margin-top-large:0px;--awb-spacing-right-large:5.76%;--awb-margin-bottom-large:20px;--awb-spacing-left-large:5.76%;--awb-width-medium:33.333333333333%;--awb-order-medium:0;--awb-spacing-right-medium:5.76%;--awb-spacing-left-medium:5.76%;--awb-width-small:100%;--awb-order-small:0;--awb-spacing-right-small:1.92%;--awb-margin-bottom-small:50px;--awb-spacing-left-small:1.92%;\"><div class=\"fusion-column-wrapper fusion-column-has-shadow fusion-flex-justify-content-flex-start fusion-content-layout-column\"><\/div><\/div><div class=\"fusion-layout-column fusion_builder_column fusion-builder-column-8 fusion_builder_column_2_3 2_3 fusion-flex-column\" style=\"--awb-bg-size:cover;--awb-width-large:66.666666666667%;--awb-margin-top-large:0px;--awb-spacing-right-large:2.88%;--awb-margin-bottom-large:20px;--awb-spacing-left-large:2.88%;--awb-width-medium:66.666666666667%;--awb-order-medium:0;--awb-spacing-right-medium:2.88%;--awb-spacing-left-medium:2.88%;--awb-width-small:100%;--awb-order-small:0;--awb-spacing-right-small:1.92%;--awb-spacing-left-small:1.92%;\"><div class=\"fusion-column-wrapper fusion-column-has-shadow fusion-flex-justify-content-flex-start fusion-content-layout-column\"><div class=\"fusion-text fusion-text-4\"><h3 class=\"fusion-responsive-typography-calculated\" style=\"--fontsize: 32; line-height: 1.2;\" data-fontsize=\"32\" data-lineheight=\"38.4px\">Karriere in der Industrie<\/h3>\n<p>Friedrich Guttsmann macht eine Lehre zum Kaufmann. Im Ersten Weltkrieg k\u00e4mpft er an der Front. 1919 zieht er nach Berlin und steigt dort in die Firma seines \u00e4lteren Bruders ein, das Metallh\u00fcttenwerk Kurt Guttsmann. 1927 wird er Inhaber einer eigenen Firma, der Berliner Kranzbandfabrik. Diese geht 1932 in der Krefelder Seidenweberei Krahnen &amp; Gobbers auf, die Besitzer \u00fcbernehmen Guttsmann in einer gehobenen F\u00fchrungsposition auf Lebenszeit.<\/p>\n<\/div><\/div><\/div><\/div><\/div><div class=\"fusion-fullwidth fullwidth-box fusion-builder-row-6 fusion-flex-container has-pattern-background has-mask-background nonhundred-percent-fullwidth non-hundred-percent-height-scrolling\" style=\"--awb-border-radius-top-left:0px;--awb-border-radius-top-right:0px;--awb-border-radius-bottom-right:0px;--awb-border-radius-bottom-left:0px;--awb-padding-top:100px;--awb-padding-bottom:100px;--awb-padding-top-small:55px;--awb-padding-bottom-small:25px;--awb-flex-wrap:wrap;\" ><div class=\"fusion-builder-row fusion-row fusion-flex-align-items-flex-start fusion-flex-justify-content-flex-end fusion-flex-content-wrap\" style=\"max-width:1497.6px;margin-left: calc(-4% \/ 2 );margin-right: calc(-4% \/ 2 );\"><div class=\"fusion-layout-column fusion_builder_column fusion-builder-column-9 fusion_builder_column_1_3 1_3 fusion-flex-column\" style=\"--awb-bg-size:cover;--awb-width-large:33.333333333333%;--awb-margin-top-large:11px;--awb-spacing-right-large:5.76%;--awb-margin-bottom-large:20px;--awb-spacing-left-large:5.76%;--awb-width-medium:33.333333333333%;--awb-order-medium:0;--awb-spacing-right-medium:5.76%;--awb-spacing-left-medium:5.76%;--awb-width-small:100%;--awb-order-small:1;--awb-spacing-right-small:1.92%;--awb-margin-bottom-small:50px;--awb-spacing-left-small:1.92%;\"><div class=\"fusion-column-wrapper fusion-column-has-shadow fusion-flex-justify-content-flex-start fusion-content-layout-column\"><div class=\"fusion-image-element awb-imageframe-style awb-imageframe-style-below awb-imageframe-style-3\" style=\"--awb-caption-title-font-family:var(--body_typography-font-family);--awb-caption-title-font-weight:var(--body_typography-font-weight);--awb-caption-title-font-style:var(--body_typography-font-style);--awb-caption-title-size:var(--body_typography-font-size);--awb-caption-title-transform:var(--body_typography-text-transform);--awb-caption-title-line-height:var(--body_typography-line-height);--awb-caption-title-letter-spacing:var(--body_typography-letter-spacing);\"><span class=\" fusion-imageframe imageframe-none imageframe-3 hover-type-none\"><img decoding=\"async\" width=\"1638\" height=\"1608\" alt=\"Schwarzwei\u00dffotografie. Friedrich Guttsmann im Anzug, seine S\u00f6hne haben sich bei ihm untergehakt. \" title=\"Friedrich Guttsmann mit seinen S\u00f6hnen.\" src=\"https:\/\/kunst-raub-rueckgabe.de\/wp-content\/uploads\/2023\/09\/6_Scan-12-May-2019-17-00-Kopie.jpg\" class=\"img-responsive wp-image-2434\" srcset=\"https:\/\/kunst-raub-rueckgabe.de\/wp-content\/uploads\/2023\/09\/6_Scan-12-May-2019-17-00-Kopie-200x196.jpg 200w, https:\/\/kunst-raub-rueckgabe.de\/wp-content\/uploads\/2023\/09\/6_Scan-12-May-2019-17-00-Kopie-400x393.jpg 400w, https:\/\/kunst-raub-rueckgabe.de\/wp-content\/uploads\/2023\/09\/6_Scan-12-May-2019-17-00-Kopie-600x589.jpg 600w, https:\/\/kunst-raub-rueckgabe.de\/wp-content\/uploads\/2023\/09\/6_Scan-12-May-2019-17-00-Kopie-800x785.jpg 800w, https:\/\/kunst-raub-rueckgabe.de\/wp-content\/uploads\/2023\/09\/6_Scan-12-May-2019-17-00-Kopie-1200x1178.jpg 1200w, https:\/\/kunst-raub-rueckgabe.de\/wp-content\/uploads\/2023\/09\/6_Scan-12-May-2019-17-00-Kopie.jpg 1638w\" sizes=\"(max-width: 640px) 100vw, 600px\" \/><\/span><div class=\"awb-imageframe-caption-container\"><div class=\"awb-imageframe-caption\"><div class=\"awb-imageframe-caption-title\">Friedrich Guttsmann mit seinen beiden S\u00f6hnen.<\/div><p class=\"awb-imageframe-caption-text\">Familienarchiv<\/p><\/div><\/div><\/div><\/div><\/div><div class=\"fusion-layout-column fusion_builder_column fusion-builder-column-10 awb-sticky awb-sticky-medium awb-sticky-large fusion_builder_column_1_2 1_2 fusion-flex-column\" style=\"--awb-bg-size:cover;--awb-width-large:50%;--awb-margin-top-large:0px;--awb-spacing-right-large:3.84%;--awb-margin-bottom-large:20px;--awb-spacing-left-large:3.84%;--awb-width-medium:50%;--awb-order-medium:0;--awb-spacing-right-medium:3.84%;--awb-spacing-left-medium:3.84%;--awb-width-small:100%;--awb-order-small:0;--awb-spacing-right-small:1.92%;--awb-spacing-left-small:1.92%;--awb-sticky-offset:100px;\" data-scroll-devices=\"small-visibility,medium-visibility,large-visibility\"><div class=\"fusion-column-wrapper fusion-column-has-shadow fusion-flex-justify-content-flex-start fusion-content-layout-column\"><div class=\"fusion-text fusion-text-5\"><h4>\u201eIch verdiente sehr gut und lebte sorgenlos mit meiner Familie\u201c,<\/h4>\n<p>res\u00fcmiert Guttsmann r\u00fcckblickend auf diese Zeit. 1920 heiratet er die Berlinerin Henriette Hosemann. Sie bekommen zwei S\u00f6hne, Heinz-J\u00fcrgen (geboren 1922) und Wolfgang (geboren 1925).<\/p>\n<\/div><\/div><\/div><\/div><\/div><div class=\"fusion-fullwidth fullwidth-box fusion-builder-row-7 fusion-flex-container has-pattern-background has-mask-background nonhundred-percent-fullwidth non-hundred-percent-height-scrolling Anthrazit\" style=\"--awb-border-radius-top-left:0px;--awb-border-radius-top-right:0px;--awb-border-radius-bottom-right:0px;--awb-border-radius-bottom-left:0px;--awb-padding-top:71px;--awb-flex-wrap:wrap;\" ><div class=\"fusion-builder-row fusion-row fusion-flex-align-items-flex-start fusion-flex-content-wrap\" style=\"max-width:1497.6px;margin-left: calc(-4% \/ 2 );margin-right: calc(-4% \/ 2 );\"><div class=\"fusion-layout-column fusion_builder_column fusion-builder-column-11 fusion_builder_column_1_1 1_1 fusion-flex-column\" style=\"--awb-bg-size:cover;--awb-width-large:100%;--awb-margin-top-large:0px;--awb-spacing-right-large:1.92%;--awb-margin-bottom-large:20px;--awb-spacing-left-large:1.92%;--awb-width-medium:100%;--awb-order-medium:0;--awb-spacing-right-medium:1.92%;--awb-spacing-left-medium:1.92%;--awb-width-small:100%;--awb-order-small:0;--awb-spacing-right-small:1.92%;--awb-spacing-left-small:1.92%;\"><div class=\"fusion-column-wrapper fusion-column-has-shadow fusion-flex-justify-content-flex-start fusion-content-layout-column\"><div class=\"fusion-title title fusion-title-2 fusion-sep-none fusion-title-center fusion-title-text fusion-title-size-two\" style=\"--awb-margin-top-small:10px;--awb-margin-right-small:0px;--awb-margin-bottom-small:10px;--awb-margin-left-small:0px;\"><h2 class=\"fusion-title-heading title-heading-center fusion-responsive-typography-calculated\" style=\"margin:0;--fontSize:40;line-height:var(--awb-typography1-line-height);\">Unter dem Druck der NS-Gesetze<\/h2><\/div><\/div><\/div><\/div><\/div><div class=\"fusion-fullwidth fullwidth-box fusion-builder-row-8 fusion-flex-container has-pattern-background has-mask-background nonhundred-percent-fullwidth non-hundred-percent-height-scrolling Anthrazit\" style=\"--link_hover_color: var(--awb-color1);--link_color: var(--awb-color4);--awb-border-radius-top-left:0px;--awb-border-radius-top-right:0px;--awb-border-radius-bottom-right:0px;--awb-border-radius-bottom-left:0px;--awb-padding-top:100px;--awb-padding-bottom:100px;--awb-padding-top-small:25px;--awb-padding-bottom-small:25px;--awb-background-color:var(--awb-color5);--awb-flex-wrap:wrap;\" ><div class=\"fusion-builder-row fusion-row fusion-flex-align-items-flex-start fusion-flex-content-wrap\" style=\"max-width:1497.6px;margin-left: calc(-4% \/ 2 );margin-right: calc(-4% \/ 2 );\"><div class=\"fusion-layout-column fusion_builder_column fusion-builder-column-12 fusion_builder_column_1_2 1_2 fusion-flex-column\" style=\"--awb-bg-size:cover;--awb-width-large:50%;--awb-margin-top-large:0px;--awb-spacing-right-large:3.84%;--awb-margin-bottom-large:20px;--awb-spacing-left-large:3.84%;--awb-width-medium:50%;--awb-order-medium:0;--awb-spacing-right-medium:3.84%;--awb-spacing-left-medium:3.84%;--awb-width-small:100%;--awb-order-small:1;--awb-spacing-right-small:1.92%;--awb-spacing-left-small:1.92%;\"><div class=\"fusion-column-wrapper fusion-column-has-shadow fusion-flex-justify-content-flex-start fusion-content-layout-column\"><div class=\"fusion-image-element awb-imageframe-style awb-imageframe-style-below awb-imageframe-style-4\" style=\"--awb-caption-text-size:var(--awb-typography5-font-size);--awb-caption-text-transform:var(--awb-typography5-text-transform);--awb-caption-text-line-height:var(--awb-typography5-line-height);--awb-caption-text-letter-spacing:var(--awb-typography5-letter-spacing);--awb-caption-margin-top:10px;--awb-caption-title-font-family:var(--awb-typography5-font-family);--awb-caption-title-font-weight:var(--awb-typography5-font-weight);--awb-caption-title-font-style:var(--awb-typography5-font-style);--awb-caption-title-size:var(--awb-typography5-font-size);--awb-caption-title-transform:var(--awb-typography5-text-transform);--awb-caption-title-line-height:var(--awb-typography5-line-height);--awb-caption-title-letter-spacing:var(--awb-typography5-letter-spacing);--awb-caption-text-font-family:var(--awb-typography5-font-family);--awb-caption-text-font-weight:var(--awb-typography5-font-weight);--awb-caption-text-font-style:var(--awb-typography5-font-style);\"><span class=\" fusion-imageframe imageframe-none imageframe-4 hover-type-none zoooom\"><img decoding=\"async\" width=\"2560\" height=\"1794\" alt=\"Schaubild auf vergilbtem Papier, geschrieben in Frakturschrift.\" title=\"Tafel zum \u201aBlutschutzgesetz\u2018 1935.\" src=\"https:\/\/kunst-raub-rueckgabe.de\/wp-content\/uploads\/2023\/09\/7_Nuremberg_laws_Racial_Chart-scaled.jpg\" class=\"img-responsive wp-image-2435\" srcset=\"https:\/\/kunst-raub-rueckgabe.de\/wp-content\/uploads\/2023\/09\/7_Nuremberg_laws_Racial_Chart-200x140.jpg 200w, https:\/\/kunst-raub-rueckgabe.de\/wp-content\/uploads\/2023\/09\/7_Nuremberg_laws_Racial_Chart-400x280.jpg 400w, https:\/\/kunst-raub-rueckgabe.de\/wp-content\/uploads\/2023\/09\/7_Nuremberg_laws_Racial_Chart-600x421.jpg 600w, https:\/\/kunst-raub-rueckgabe.de\/wp-content\/uploads\/2023\/09\/7_Nuremberg_laws_Racial_Chart-800x561.jpg 800w, https:\/\/kunst-raub-rueckgabe.de\/wp-content\/uploads\/2023\/09\/7_Nuremberg_laws_Racial_Chart-1200x841.jpg 1200w, https:\/\/kunst-raub-rueckgabe.de\/wp-content\/uploads\/2023\/09\/7_Nuremberg_laws_Racial_Chart-scaled.jpg 2560w\" sizes=\"(max-width: 640px) 100vw, 800px\" \/><\/span><div class=\"awb-imageframe-caption-container\"><div class=\"awb-imageframe-caption\"><div class=\"awb-imageframe-caption-title\">Tafel zum \u201aBlutschutzgesetz\u2018, 1935.<\/div><p class=\"awb-imageframe-caption-text\">Gemeinfrei \ud83d\udd0d \u00dcber das Bild mit der Maus fahren, um zu vergr\u00f6\u00dfern <\/p><\/div><\/div><\/div><\/div><\/div><div class=\"fusion-layout-column fusion_builder_column fusion-builder-column-13 awb-sticky awb-sticky-medium awb-sticky-large fusion_builder_column_1_2 1_2 fusion-flex-column\" style=\"--awb-bg-size:cover;--awb-width-large:50%;--awb-margin-top-large:0px;--awb-spacing-right-large:3.84%;--awb-margin-bottom-large:20px;--awb-spacing-left-large:3.84%;--awb-width-medium:50%;--awb-order-medium:0;--awb-spacing-right-medium:3.84%;--awb-spacing-left-medium:3.84%;--awb-width-small:100%;--awb-order-small:0;--awb-spacing-right-small:1.92%;--awb-spacing-left-small:1.92%;--awb-sticky-offset:20px;\"><div class=\"fusion-column-wrapper fusion-column-has-shadow fusion-flex-justify-content-flex-start fusion-content-layout-column\"><div class=\"fusion-text fusion-text-6\"><h3>Eingestuft als \u201aVolljude\u2018<\/h3>\n<p>Das sorgenlose Familienleben endet mit der Macht\u00fcbernahme der Nationalsozialisten. Schrittweise werden Menschen, die als j\u00fcdisch definiert werden, entrechtet. Auch Friedrich Guttsmann gilt nach den N\u00fcrnberger Gesetzen von 1935 aufgrund seiner \u201aj\u00fcdischen Abstammung\u2018 als \u201aVolljude\u2018, obwohl er 1911 zum evangelischen Glauben \u00fcbergetreten ist.<\/p>\n<p>Seine Ehe mit der nicht-j\u00fcdischen Henriette wird als \u201aprivilegierte Mischehe\u2018 eingestuft, ein Status, der zun\u00e4chst etwas Schutz vor Verfolgung bietet.<\/p>\n<\/div><div class=\"fusion-builder-row fusion-builder-row-inner fusion-row fusion-flex-align-items-flex-start fusion-flex-content-wrap\" style=\"--awb-flex-grow:0;--awb-flex-grow-medium:0;--awb-flex-grow-small:0;--awb-flex-shrink:0;--awb-flex-shrink-medium:0;--awb-flex-shrink-small:0;width:104% !important;max-width:104% !important;margin-left: calc(-4% \/ 2 );margin-right: calc(-4% \/ 2 );\"><div class=\"fusion-layout-column fusion_builder_column_inner fusion-builder-nested-column-0 fusion_builder_column_inner_1_1 1_1 fusion-flex-column\" style=\"--awb-bg-size:cover;--awb-width-large:100%;--awb-margin-top-large:0px;--awb-spacing-right-large:1.92%;--awb-margin-bottom-large:20px;--awb-spacing-left-large:1.92%;--awb-width-medium:100%;--awb-order-medium:0;--awb-spacing-right-medium:1.92%;--awb-spacing-left-medium:1.92%;--awb-width-small:100%;--awb-order-small:0;--awb-spacing-right-small:1.92%;--awb-spacing-left-small:1.92%;\"><div class=\"fusion-column-wrapper fusion-column-has-shadow fusion-flex-justify-content-flex-start fusion-content-layout-column\"><div class=\"fusion-text fusion-text-7 fusion-text-no-margin\" style=\"--awb-font-size:16px;--awb-margin-top:0px;--awb-margin-right:0px;--awb-margin-bottom:0px;--awb-margin-left:0px;--awb-text-font-family:&quot;Inter&quot;;--awb-text-font-style:normal;--awb-text-font-weight:600;\"><p>Hintergrund<\/p>\n<\/div><div class=\"fusion-separator\" style=\"align-self: flex-start;margin-right:auto;margin-bottom:20px;width:100%;max-width:250px;\"><div class=\"fusion-separator-border sep-single sep-solid\" style=\"--awb-height:20px;--awb-amount:20px;--awb-sep-color:var(--awb-color1);border-color:var(--awb-color1);border-top-width:1px;\"><\/div><\/div><div ><a class=\"fusion-button button-flat button-medium button-custom fusion-button-default button-1 fusion-button-default-span fusion-button-default-type\" style=\"--awb-margin-top:0px;--awb-margin-right:0px;--awb-margin-bottom:0px;--awb-margin-left:0px;--button_accent_color:var(--awb-color4);--button_border_color:var(--awb-color7);--button_accent_hover_color:var(--awb-color1);--button_border_hover_color:var(--awb-color1);--button_border_width-top:0;--button_border_width-right:0;--button_border_width-bottom:0;--button_border_width-left:0;--button-border-radius-top-left:0;--button-border-radius-top-right:0;--button-border-radius-bottom-right:0;--button-border-radius-bottom-left:0;--button_gradient_top_color:rgba(255,255,255,0);--button_gradient_bottom_color:rgba(255,255,255,0);--button_gradient_top_color_hover:rgba(255,255,255,0);--button_gradient_bottom_color_hover:rgba(255,255,255,0);\" target=\"lightbox\" rel=\"iLightbox\" href=\"https:\/\/kunst-raub-rueckgabe.de\/faq-items\/nuernberger-gesetze\/\"><i class=\"icon-KRR1Pfeil awb-button__icon awb-button__icon--default button-icon-left\" aria-hidden=\"true\"><\/i><span class=\"fusion-button-text awb-button__text awb-button__text--default\">N\u00fcrnberger Gesetze<\/span><\/a><\/div><div ><a class=\"fusion-button button-flat button-medium button-custom fusion-button-default button-2 fusion-button-default-span fusion-button-default-type\" style=\"--awb-margin-top:0px;--awb-margin-right:0px;--awb-margin-bottom:0px;--awb-margin-left:0px;--button_accent_color:var(--awb-color4);--button_border_color:var(--awb-color7);--button_accent_hover_color:var(--awb-color1);--button_border_hover_color:var(--awb-color1);--button_border_width-top:0;--button_border_width-right:0;--button_border_width-bottom:0;--button_border_width-left:0;--button-border-radius-top-left:0;--button-border-radius-top-right:0;--button-border-radius-bottom-right:0;--button-border-radius-bottom-left:0;--button_gradient_top_color:rgba(255,255,255,0);--button_gradient_bottom_color:rgba(255,255,255,0);--button_gradient_top_color_hover:rgba(255,255,255,0);--button_gradient_bottom_color_hover:rgba(255,255,255,0);\" target=\"lightbox\" rel=\"iLightbox\" href=\"https:\/\/kunst-raub-rueckgabe.de\/faq-items\/privilegierte-mischehe\/\"><i class=\"icon-KRR1Pfeil awb-button__icon awb-button__icon--default button-icon-left\" aria-hidden=\"true\"><\/i><span class=\"fusion-button-text awb-button__text awb-button__text--default\">Privilegierte Mischehe<\/span><\/a><\/div><\/div><\/div><\/div><\/div><\/div><\/div><\/div><div class=\"fusion-fullwidth fullwidth-box fusion-builder-row-9 fusion-flex-container has-pattern-background has-mask-background nonhundred-percent-fullwidth non-hundred-percent-height-scrolling Anthrazit\" style=\"--awb-border-radius-top-left:0px;--awb-border-radius-top-right:0px;--awb-border-radius-bottom-right:0px;--awb-border-radius-bottom-left:0px;--awb-padding-top:50px;--awb-padding-bottom:50px;--awb-padding-top-small:25px;--awb-padding-bottom-small:25px;--awb-margin-top:0px;--awb-margin-bottom:0px;--awb-flex-wrap:wrap;\" ><div class=\"fusion-builder-row fusion-row fusion-flex-align-items-flex-start fusion-flex-content-wrap\" style=\"max-width:1497.6px;margin-left: calc(-4% \/ 2 );margin-right: calc(-4% \/ 2 );\"><div class=\"fusion-layout-column fusion_builder_column fusion-builder-column-14 fusion_builder_column_1_2 1_2 fusion-flex-column\" style=\"--awb-padding-top:10px;--awb-bg-size:cover;--awb-width-large:50%;--awb-margin-top-large:0px;--awb-spacing-right-large:3.84%;--awb-margin-bottom-large:20px;--awb-spacing-left-large:3.84%;--awb-width-medium:50%;--awb-order-medium:0;--awb-spacing-right-medium:3.84%;--awb-spacing-left-medium:3.84%;--awb-width-small:100%;--awb-order-small:0;--awb-spacing-right-small:1.92%;--awb-margin-bottom-small:50px;--awb-spacing-left-small:1.92%;\"><div class=\"fusion-column-wrapper fusion-column-has-shadow fusion-flex-justify-content-flex-start fusion-content-layout-column\"><div class=\"fusion-image-element awb-imageframe-style awb-imageframe-style-below awb-imageframe-style-5\" style=\"--awb-caption-title-font-family:var(--body_typography-font-family);--awb-caption-title-font-weight:var(--body_typography-font-weight);--awb-caption-title-font-style:var(--body_typography-font-style);--awb-caption-title-size:var(--body_typography-font-size);--awb-caption-title-transform:var(--body_typography-text-transform);--awb-caption-title-line-height:var(--body_typography-line-height);--awb-caption-title-letter-spacing:var(--body_typography-letter-spacing);\"><span class=\" fusion-imageframe imageframe-none imageframe-5 hover-type-none zoooom\"><img decoding=\"async\" width=\"1223\" height=\"1705\" alt=\"Mit Schreibmaschine geschriebene Liste.\" title=\"Verfolgungsbedingt-verkaufte-Wertsachen-1951-LABO-Berlin\" src=\"https:\/\/kunst-raub-rueckgabe.de\/wp-content\/uploads\/2024\/01\/Verfolgungsbedingt-verkaufte-Wertsachen-1951-LABO-Berlin-e1705077539551.jpg\" class=\"img-responsive wp-image-3908\" srcset=\"https:\/\/kunst-raub-rueckgabe.de\/wp-content\/uploads\/2024\/01\/Verfolgungsbedingt-verkaufte-Wertsachen-1951-LABO-Berlin-e1705077539551-200x279.jpg 200w, https:\/\/kunst-raub-rueckgabe.de\/wp-content\/uploads\/2024\/01\/Verfolgungsbedingt-verkaufte-Wertsachen-1951-LABO-Berlin-e1705077539551-400x558.jpg 400w, https:\/\/kunst-raub-rueckgabe.de\/wp-content\/uploads\/2024\/01\/Verfolgungsbedingt-verkaufte-Wertsachen-1951-LABO-Berlin-e1705077539551-600x836.jpg 600w, https:\/\/kunst-raub-rueckgabe.de\/wp-content\/uploads\/2024\/01\/Verfolgungsbedingt-verkaufte-Wertsachen-1951-LABO-Berlin-e1705077539551-800x1115.jpg 800w, https:\/\/kunst-raub-rueckgabe.de\/wp-content\/uploads\/2024\/01\/Verfolgungsbedingt-verkaufte-Wertsachen-1951-LABO-Berlin-e1705077539551-1200x1673.jpg 1200w, https:\/\/kunst-raub-rueckgabe.de\/wp-content\/uploads\/2024\/01\/Verfolgungsbedingt-verkaufte-Wertsachen-1951-LABO-Berlin-e1705077539551.jpg 1223w\" sizes=\"(max-width: 640px) 100vw, 800px\" \/><\/span><div class=\"awb-imageframe-caption-container\"><div class=\"awb-imageframe-caption\"><div class=\"awb-imageframe-caption-title\">Aufstellung der verfolgungsbedingt verkauften Wertsachen der Familie, erstellt 1951 von Henriette Guttsmann. Die Hackert-Zeichnung ist hier nicht erw\u00e4hnt.<\/div><p class=\"awb-imageframe-caption-text\">Berlin, Landesamt f\u00fcr B\u00fcrger- und Ordnungsangelegenheiten, Entsch\u00e4digungsamt, Reg. 50.917, Bl. D3v \ud83d\udd0d \u00dcber das Bild mit der Maus fahren, um zu vergr\u00f6\u00dfern<\/p><\/div><\/div><\/div><\/div><\/div><div class=\"fusion-layout-column fusion_builder_column fusion-builder-column-15 awb-sticky awb-sticky-small awb-sticky-medium awb-sticky-large fusion_builder_column_1_2 1_2 fusion-flex-column\" style=\"--awb-bg-size:cover;--awb-width-large:50%;--awb-margin-top-large:0px;--awb-spacing-right-large:3.84%;--awb-margin-bottom-large:20px;--awb-spacing-left-large:3.84%;--awb-width-medium:50%;--awb-order-medium:0;--awb-spacing-right-medium:3.84%;--awb-spacing-left-medium:3.84%;--awb-width-small:100%;--awb-order-small:0;--awb-spacing-right-small:1.92%;--awb-spacing-left-small:1.92%;\"><div class=\"fusion-column-wrapper fusion-column-has-shadow fusion-flex-justify-content-flex-start fusion-content-layout-column\"><div class=\"fusion-text fusion-text-8\"><h3>Ohne Einkommen<\/h3>\n<p>Doch 1936 verliert er seine hochrangige Position in der Seidenweberei, weil er aus Sicht der Nationalsozialisten ein Jude ist. Zwei Jahre lang ist Guttsmann arbeitslos. In dieser Notlage muss sich die Familie von Wertsachen und M\u00f6beln trennen. Immerhin findet Guttsmann 1938 wieder einen Job: Die Korbfabrik Rappehecht-Woelm stellt ihn als einfachen Arbeiter ein.<\/p>\n<\/div><\/div><\/div><\/div><\/div><div class=\"fusion-fullwidth fullwidth-box fusion-builder-row-10 fusion-flex-container has-pattern-background has-mask-background nonhundred-percent-fullwidth non-hundred-percent-height-scrolling Anthrazit\" style=\"--awb-border-radius-top-left:0px;--awb-border-radius-top-right:0px;--awb-border-radius-bottom-right:0px;--awb-border-radius-bottom-left:0px;--awb-padding-top:150px;--awb-padding-bottom:150px;--awb-padding-top-small:50px;--awb-padding-bottom-small:50px;--awb-margin-top:0px;--awb-margin-bottom:0px;--awb-flex-wrap:wrap;\" ><div class=\"fusion-builder-row fusion-row fusion-flex-align-items-flex-start fusion-flex-justify-content-center fusion-flex-content-wrap\" style=\"max-width:1497.6px;margin-left: calc(-4% \/ 2 );margin-right: calc(-4% \/ 2 );\"><div class=\"fusion-layout-column fusion_builder_column fusion-builder-column-16 fusion_builder_column_3_4 3_4 fusion-flex-column\" style=\"--awb-bg-size:cover;--awb-width-large:75%;--awb-margin-top-large:0px;--awb-spacing-right-large:2.56%;--awb-margin-bottom-large:0px;--awb-spacing-left-large:2.56%;--awb-width-medium:75%;--awb-order-medium:0;--awb-spacing-right-medium:2.56%;--awb-spacing-left-medium:2.56%;--awb-width-small:100%;--awb-order-small:0;--awb-spacing-right-small:1.92%;--awb-spacing-left-small:1.92%;\"><div class=\"fusion-column-wrapper fusion-column-has-shadow fusion-flex-justify-content-flex-start fusion-content-layout-column\"><div class=\"fusion-title title fusion-title-3 fusion-sep-none fusion-title-center fusion-title-text fusion-title-size-div zitat\" style=\"--awb-margin-top-small:10px;--awb-margin-right-small:0px;--awb-margin-bottom-small:10px;--awb-margin-left-small:0px;--awb-font-size:var(--awb-custom_typography_1-font-size);\"><div class=\"fusion-title-heading title-heading-center title-heading-tag sm-text-align-left fusion-responsive-typography-calculated\" style=\"font-family:var(--awb-custom_typography_1-font-family);font-weight:var(--awb-custom_typography_1-font-weight);font-style:var(--awb-custom_typography_1-font-style);margin:0;letter-spacing:var(--awb-custom_typography_1-letter-spacing);text-transform:var(--awb-custom_typography_1-text-transform);font-size:1em;--fontSize:40;line-height:var(--awb-custom_typography_1-line-height);\"><blockquote><p>\u201eDa ich kein Verm\u00f6gen besass, geriet ich mit meiner Familie sehr bald in [&#8230;] richtige Not, da wir am Hungern waren.\u201c<\/p><\/blockquote><\/div><\/div><\/div><\/div><\/div><\/div><div class=\"fusion-fullwidth fullwidth-box fusion-builder-row-11 fusion-flex-container has-pattern-background has-mask-background nonhundred-percent-fullwidth non-hundred-percent-height-scrolling Anthrazit\" style=\"--awb-border-radius-top-left:0px;--awb-border-radius-top-right:0px;--awb-border-radius-bottom-right:0px;--awb-border-radius-bottom-left:0px;--awb-padding-top:50px;--awb-padding-bottom:50px;--awb-padding-top-small:25px;--awb-padding-bottom-small:25px;--awb-margin-top:0px;--awb-margin-bottom:0px;--awb-flex-wrap:wrap;\" ><div class=\"fusion-builder-row fusion-row fusion-flex-align-items-flex-start fusion-flex-content-wrap\" style=\"max-width:1497.6px;margin-left: calc(-4% \/ 2 );margin-right: calc(-4% \/ 2 );\"><div class=\"fusion-layout-column fusion_builder_column fusion-builder-column-17 fusion_builder_column_1_2 1_2 fusion-flex-column\" style=\"--awb-padding-top:10px;--awb-bg-size:cover;--awb-width-large:50%;--awb-margin-top-large:0px;--awb-spacing-right-large:3.84%;--awb-margin-bottom-large:20px;--awb-spacing-left-large:3.84%;--awb-width-medium:50%;--awb-order-medium:0;--awb-spacing-right-medium:3.84%;--awb-spacing-left-medium:3.84%;--awb-width-small:100%;--awb-order-small:0;--awb-spacing-right-small:1.92%;--awb-margin-bottom-small:50px;--awb-spacing-left-small:1.92%;\"><div class=\"fusion-column-wrapper fusion-column-has-shadow fusion-flex-justify-content-flex-start fusion-content-layout-column\"><div class=\"fusion-image-element awb-imageframe-style awb-imageframe-style-below awb-imageframe-style-6\" style=\"--awb-caption-title-font-family:var(--body_typography-font-family);--awb-caption-title-font-weight:var(--body_typography-font-weight);--awb-caption-title-font-style:var(--body_typography-font-style);--awb-caption-title-size:var(--body_typography-font-size);--awb-caption-title-transform:var(--body_typography-text-transform);--awb-caption-title-line-height:var(--body_typography-line-height);--awb-caption-title-letter-spacing:var(--body_typography-letter-spacing);\"><span class=\" fusion-imageframe imageframe-none imageframe-6 hover-type-none\"><img decoding=\"async\" width=\"1314\" height=\"606\" alt=\"Grafik. Ein \u00e4lterer Herr mit Brille nimmt ein Bild von der Wand.\" title=\"Illustration-BR-Guttsmann-Hackert-Zeichnung\" src=\"https:\/\/kunst-raub-rueckgabe.de\/wp-content\/uploads\/2023\/09\/Illustration-BR-Guttsmann-Hackert-Zeichnung.jpg\" class=\"img-responsive wp-image-2493\" srcset=\"https:\/\/kunst-raub-rueckgabe.de\/wp-content\/uploads\/2023\/09\/Illustration-BR-Guttsmann-Hackert-Zeichnung-200x92.jpg 200w, https:\/\/kunst-raub-rueckgabe.de\/wp-content\/uploads\/2023\/09\/Illustration-BR-Guttsmann-Hackert-Zeichnung-400x184.jpg 400w, https:\/\/kunst-raub-rueckgabe.de\/wp-content\/uploads\/2023\/09\/Illustration-BR-Guttsmann-Hackert-Zeichnung-600x277.jpg 600w, https:\/\/kunst-raub-rueckgabe.de\/wp-content\/uploads\/2023\/09\/Illustration-BR-Guttsmann-Hackert-Zeichnung-800x369.jpg 800w, https:\/\/kunst-raub-rueckgabe.de\/wp-content\/uploads\/2023\/09\/Illustration-BR-Guttsmann-Hackert-Zeichnung-1200x553.jpg 1200w, https:\/\/kunst-raub-rueckgabe.de\/wp-content\/uploads\/2023\/09\/Illustration-BR-Guttsmann-Hackert-Zeichnung.jpg 1314w\" sizes=\"(max-width: 640px) 100vw, 800px\" \/><\/span><div class=\"awb-imageframe-caption-container\"><div class=\"awb-imageframe-caption\"><div class=\"awb-imageframe-caption-title\"> <\/div><p class=\"awb-imageframe-caption-text\">BR \/ Ulrich Knorr<\/p><\/div><\/div><\/div><\/div><\/div><div class=\"fusion-layout-column fusion_builder_column fusion-builder-column-18 awb-sticky awb-sticky-small awb-sticky-medium awb-sticky-large fusion_builder_column_1_2 1_2 fusion-flex-column\" style=\"--awb-bg-size:cover;--awb-width-large:50%;--awb-margin-top-large:0px;--awb-spacing-right-large:3.84%;--awb-margin-bottom-large:20px;--awb-spacing-left-large:3.84%;--awb-width-medium:50%;--awb-order-medium:0;--awb-spacing-right-medium:3.84%;--awb-spacing-left-medium:3.84%;--awb-width-small:100%;--awb-order-small:0;--awb-spacing-right-small:1.92%;--awb-spacing-left-small:1.92%;\" data-scroll-devices=\"small-visibility,medium-visibility,large-visibility\"><div class=\"fusion-column-wrapper fusion-column-has-shadow fusion-flex-justify-content-flex-start fusion-content-layout-column\"><div class=\"fusion-text fusion-text-9\"><h3>Verkauf an die Nationalgalerie<\/h3>\n<p>Doch als Arbeiter verdient Friedrich Guttsmann nicht genug, um die Familie zu ern\u00e4hren. Deshalb trennt er sich im Mai 1939 auch von dem Kunstwerk \u201eAuf Hiddensee\u201c, das Jakob Philipp Hackert 1764 gezeichnet hatte. Die Nationalgalerie in Berlin erwirbt das Werk und setzt nach dem Kauf ihren Stempel auf die R\u00fcckseite: die Initialen N.G. f\u00fcr Nationalgalerie, dar\u00fcber der Reichsadler und das Hakenkreuz.<\/p>\n<\/div><\/div><\/div><\/div><\/div><div class=\"fusion-fullwidth fullwidth-box fusion-builder-row-12 fusion-flex-container has-pattern-background has-mask-background nonhundred-percent-fullwidth non-hundred-percent-height-scrolling Anthrazit\" style=\"--awb-border-radius-top-left:0px;--awb-border-radius-top-right:0px;--awb-border-radius-bottom-right:0px;--awb-border-radius-bottom-left:0px;--awb-padding-top:100px;--awb-padding-bottom:100px;--awb-padding-top-small:55px;--awb-padding-bottom-small:25px;--awb-flex-wrap:wrap;\" ><div class=\"fusion-builder-row fusion-row fusion-flex-align-items-flex-start fusion-flex-justify-content-flex-end fusion-flex-content-wrap\" style=\"max-width:1497.6px;margin-left: calc(-4% \/ 2 );margin-right: calc(-4% \/ 2 );\"><div class=\"fusion-layout-column fusion_builder_column fusion-builder-column-19 fusion_builder_column_1_4 1_4 fusion-flex-column\" style=\"--awb-bg-size:cover;--awb-width-large:25%;--awb-margin-top-large:11px;--awb-spacing-right-large:7.68%;--awb-margin-bottom-large:20px;--awb-spacing-left-large:7.68%;--awb-width-medium:25%;--awb-order-medium:0;--awb-spacing-right-medium:7.68%;--awb-spacing-left-medium:7.68%;--awb-width-small:100%;--awb-order-small:1;--awb-spacing-right-small:1.92%;--awb-margin-bottom-small:50px;--awb-spacing-left-small:1.92%;\"><div class=\"fusion-column-wrapper fusion-column-has-shadow fusion-flex-justify-content-flex-start fusion-content-layout-column\"><div class=\"fusion-image-element awb-imageframe-style awb-imageframe-style-below awb-imageframe-style-7\" style=\"--awb-caption-title-font-family:var(--body_typography-font-family);--awb-caption-title-font-weight:var(--body_typography-font-weight);--awb-caption-title-font-style:var(--body_typography-font-style);--awb-caption-title-size:var(--body_typography-font-size);--awb-caption-title-transform:var(--body_typography-text-transform);--awb-caption-title-line-height:var(--body_typography-line-height);--awb-caption-title-letter-spacing:var(--body_typography-letter-spacing);\"><span class=\" fusion-imageframe imageframe-none imageframe-7 hover-type-none\"><img decoding=\"async\" width=\"1738\" height=\"2560\" alt=\"Schwarzwei\u00dffotografie. Vierst\u00f6ckiges Mehrfamilienhaus.\" title=\"Schildhornstr. 66, Berlin-Steglitz\" src=\"https:\/\/kunst-raub-rueckgabe.de\/wp-content\/uploads\/2023\/09\/11_Scan-12-May-2019-16-46-Kopie-scaled.jpg\" class=\"img-responsive wp-image-2437\" srcset=\"https:\/\/kunst-raub-rueckgabe.de\/wp-content\/uploads\/2023\/09\/11_Scan-12-May-2019-16-46-Kopie-200x295.jpg 200w, https:\/\/kunst-raub-rueckgabe.de\/wp-content\/uploads\/2023\/09\/11_Scan-12-May-2019-16-46-Kopie-400x589.jpg 400w, https:\/\/kunst-raub-rueckgabe.de\/wp-content\/uploads\/2023\/09\/11_Scan-12-May-2019-16-46-Kopie-600x884.jpg 600w, https:\/\/kunst-raub-rueckgabe.de\/wp-content\/uploads\/2023\/09\/11_Scan-12-May-2019-16-46-Kopie-800x1178.jpg 800w, https:\/\/kunst-raub-rueckgabe.de\/wp-content\/uploads\/2023\/09\/11_Scan-12-May-2019-16-46-Kopie-1200x1767.jpg 1200w, https:\/\/kunst-raub-rueckgabe.de\/wp-content\/uploads\/2023\/09\/11_Scan-12-May-2019-16-46-Kopie-scaled.jpg 1738w\" sizes=\"(max-width: 640px) 100vw, 400px\" \/><\/span><div class=\"awb-imageframe-caption-container\"><div class=\"awb-imageframe-caption\"><div class=\"awb-imageframe-caption-title\">In diesem Haus in Berlin-Steglitz kommt Familie Guttsmann bei Henriettes Mutter unter, nachdem sie ihre eigene Wohnung verlassen musste. <\/div><p class=\"awb-imageframe-caption-text\"> Familienarchiv<\/p><\/div><\/div><\/div><\/div><\/div><div class=\"fusion-layout-column fusion_builder_column fusion-builder-column-20 awb-sticky awb-sticky-medium awb-sticky-large fusion_builder_column_1_2 1_2 fusion-flex-column\" style=\"--awb-bg-size:cover;--awb-width-large:50%;--awb-margin-top-large:0px;--awb-spacing-right-large:3.84%;--awb-margin-bottom-large:20px;--awb-spacing-left-large:3.84%;--awb-width-medium:50%;--awb-order-medium:0;--awb-spacing-right-medium:3.84%;--awb-spacing-left-medium:3.84%;--awb-width-small:100%;--awb-order-small:0;--awb-spacing-right-small:1.92%;--awb-spacing-left-small:1.92%;--awb-sticky-offset:100px;\"><div class=\"fusion-column-wrapper fusion-column-has-shadow fusion-flex-justify-content-flex-start fusion-content-layout-column\"><div class=\"fusion-text fusion-text-10\"><h3>Aus der Wohnung geworfen<\/h3>\n<p>Weil Friedrich Guttsmann als Jude nicht mehr geduldet wird, k\u00fcndigt man der Familie ihre Mietwohnung am S\u00fcdwestkorso. Die vier ziehen 1936 in die Wohnung von Henriette Guttsmanns Mutter in der Schildhornstra\u00dfe 66. Bei ihr leben sie zur Untermiete.<\/p>\n<\/div><\/div><\/div><\/div><\/div><div class=\"fusion-fullwidth fullwidth-box fusion-builder-row-13 fusion-flex-container has-pattern-background has-mask-background nonhundred-percent-fullwidth non-hundred-percent-height-scrolling Anthrazit\" style=\"--awb-border-radius-top-left:0px;--awb-border-radius-top-right:0px;--awb-border-radius-bottom-right:0px;--awb-border-radius-bottom-left:0px;--awb-padding-top:21px;--awb-flex-wrap:wrap;\" ><div class=\"fusion-builder-row fusion-row fusion-flex-align-items-flex-start fusion-flex-content-wrap\" style=\"max-width:1497.6px;margin-left: calc(-4% \/ 2 );margin-right: calc(-4% \/ 2 );\"><div class=\"fusion-layout-column fusion_builder_column fusion-builder-column-21 fusion_builder_column_1_1 1_1 fusion-flex-column\" style=\"--awb-bg-size:cover;--awb-width-large:100%;--awb-margin-top-large:0px;--awb-spacing-right-large:1.92%;--awb-margin-bottom-large:20px;--awb-spacing-left-large:1.92%;--awb-width-medium:100%;--awb-order-medium:0;--awb-spacing-right-medium:1.92%;--awb-spacing-left-medium:1.92%;--awb-width-small:100%;--awb-order-small:0;--awb-spacing-right-small:1.92%;--awb-spacing-left-small:1.92%;\"><div class=\"fusion-column-wrapper fusion-column-has-shadow fusion-flex-justify-content-flex-start fusion-content-layout-column\"><div class=\"fusion-title title fusion-title-4 fusion-sep-none fusion-title-center fusion-title-text fusion-title-size-two\" style=\"--awb-margin-top-small:10px;--awb-margin-right-small:0px;--awb-margin-bottom-small:10px;--awb-margin-left-small:0px;\"><h2 class=\"fusion-title-heading title-heading-center fusion-responsive-typography-calculated\" style=\"margin:0;--fontSize:40;line-height:var(--awb-typography1-line-height);\">Hilfe durch die Kirche<\/h2><\/div><\/div><\/div><\/div><\/div><div class=\"fusion-fullwidth fullwidth-box fusion-builder-row-14 fusion-flex-container has-pattern-background has-mask-background nonhundred-percent-fullwidth non-hundred-percent-height-scrolling Anthrazit\" style=\"--awb-border-radius-top-left:0px;--awb-border-radius-top-right:0px;--awb-border-radius-bottom-right:0px;--awb-border-radius-bottom-left:0px;--awb-padding-top:50px;--awb-padding-bottom:50px;--awb-padding-top-small:25px;--awb-padding-bottom-small:25px;--awb-margin-top:0px;--awb-margin-bottom:0px;--awb-flex-wrap:wrap;\" ><div class=\"fusion-builder-row fusion-row fusion-flex-align-items-flex-start fusion-flex-content-wrap\" style=\"max-width:1497.6px;margin-left: calc(-4% \/ 2 );margin-right: calc(-4% \/ 2 );\"><div class=\"fusion-layout-column fusion_builder_column fusion-builder-column-22 fusion_builder_column_1_2 1_2 fusion-flex-column\" style=\"--awb-padding-top:10px;--awb-bg-size:cover;--awb-width-large:50%;--awb-margin-top-large:0px;--awb-spacing-right-large:3.84%;--awb-margin-bottom-large:20px;--awb-spacing-left-large:3.84%;--awb-width-medium:50%;--awb-order-medium:0;--awb-spacing-right-medium:3.84%;--awb-spacing-left-medium:3.84%;--awb-width-small:100%;--awb-order-small:0;--awb-spacing-right-small:1.92%;--awb-margin-bottom-small:50px;--awb-spacing-left-small:1.92%;\"><div class=\"fusion-column-wrapper fusion-column-has-shadow fusion-flex-justify-content-flex-start fusion-content-layout-column\"><div class=\"fusion-image-element awb-imageframe-style awb-imageframe-style-below awb-imageframe-style-8\" style=\"--awb-caption-title-font-family:var(--body_typography-font-family);--awb-caption-title-font-weight:var(--body_typography-font-weight);--awb-caption-title-font-style:var(--body_typography-font-style);--awb-caption-title-size:var(--body_typography-font-size);--awb-caption-title-transform:var(--body_typography-text-transform);--awb-caption-title-line-height:var(--body_typography-line-height);--awb-caption-title-letter-spacing:var(--body_typography-letter-spacing);\"><span class=\" fusion-imageframe imageframe-none imageframe-8 hover-type-none\"><img decoding=\"async\" width=\"1276\" height=\"1786\" alt=\"Abdruck eines handschriftlichen Briefes.\" title=\"Friedrich Guttsmann: Brief an Pfarrer Gollwitzer, 19. Januar 1939.\" src=\"https:\/\/kunst-raub-rueckgabe.de\/wp-content\/uploads\/2023\/09\/12_Brief_EvZA.png\" class=\"img-responsive wp-image-2438\" srcset=\"https:\/\/kunst-raub-rueckgabe.de\/wp-content\/uploads\/2023\/09\/12_Brief_EvZA-200x280.png 200w, https:\/\/kunst-raub-rueckgabe.de\/wp-content\/uploads\/2023\/09\/12_Brief_EvZA-400x560.png 400w, https:\/\/kunst-raub-rueckgabe.de\/wp-content\/uploads\/2023\/09\/12_Brief_EvZA-600x840.png 600w, https:\/\/kunst-raub-rueckgabe.de\/wp-content\/uploads\/2023\/09\/12_Brief_EvZA-800x1120.png 800w, https:\/\/kunst-raub-rueckgabe.de\/wp-content\/uploads\/2023\/09\/12_Brief_EvZA-1200x1680.png 1200w, https:\/\/kunst-raub-rueckgabe.de\/wp-content\/uploads\/2023\/09\/12_Brief_EvZA.png 1276w\" sizes=\"(max-width: 640px) 100vw, 800px\" \/><\/span><div class=\"awb-imageframe-caption-container\"><div class=\"awb-imageframe-caption\"><div class=\"awb-imageframe-caption-title\">Friedrich Guttsmann: Brief an Pfarrer Gollwitzer, 19. Januar 1939.<\/div><p class=\"awb-imageframe-caption-text\">Evangelisches Zentralarchiv in Berlin, EZA 686 \/ 987<\/p><\/div><\/div><\/div><div class=\"fusion-audio fusion-audio-1\" style=\"--awb-progress-color:var(--awb-color8);--awb-border-color:rgba(255,255,255,0.05);--awb-background-color:var(--awb-color2);--awb-max-width:1000px;--awb-margin-top:20px;--awb-border-size:0;--awb-border-top-left-radius:20px;--awb-border-top-right-radius:20px;--awb-border-bottom-right-radius:20px;--awb-border-bottom-left-radius:20px;\"><audio class=\"wp-audio-shortcode\" id=\"audio-2446-1\" preload=\"none\" style=\"width: 100%;\" controls=\"controls\"><source type=\"audio\/mpeg\" src=\"https:\/\/kunst-raub-rueckgabe.de\/wp-content\/uploads\/2023\/11\/Brief-Friedrich-Guttsmann-Buchheim.mp3?_=1\" \/><a href=\"https:\/\/kunst-raub-rueckgabe.de\/wp-content\/uploads\/2023\/11\/Brief-Friedrich-Guttsmann-Buchheim.mp3\">https:\/\/kunst-raub-rueckgabe.de\/wp-content\/uploads\/2023\/11\/Brief-Friedrich-Guttsmann-Buchheim.mp3<\/a><\/audio><\/div><div class=\"fusion-text fusion-text-11\" style=\"--awb-font-size:14px;--awb-margin-top:10px;\"><p>Der Text des Briefes zum Nachh\u00f6ren.<\/p>\n<\/div><\/div><\/div><div class=\"fusion-layout-column fusion_builder_column fusion-builder-column-23 awb-sticky awb-sticky-small awb-sticky-medium awb-sticky-large fusion_builder_column_1_2 1_2 fusion-flex-column\" style=\"--awb-bg-size:cover;--awb-width-large:50%;--awb-margin-top-large:0px;--awb-spacing-right-large:3.84%;--awb-margin-bottom-large:20px;--awb-spacing-left-large:3.84%;--awb-width-medium:50%;--awb-order-medium:0;--awb-spacing-right-medium:3.84%;--awb-spacing-left-medium:3.84%;--awb-width-small:100%;--awb-order-small:0;--awb-spacing-right-small:1.92%;--awb-spacing-left-small:1.92%;--awb-sticky-offset:20px;\"><div class=\"fusion-column-wrapper fusion-column-has-shadow fusion-flex-justify-content-flex-start fusion-content-layout-column\"><div class=\"fusion-text fusion-text-12\"><h3>Als Jude unerw\u00fcnscht<\/h3>\n<p>Auch in der Schildhornstra\u00dfe sind die Nachbarn nicht damit einverstanden, dass nun ein Jude mit im Haus lebt. Ein Mieter beschwert sich und die Hausverwaltung droht, die ganze Familie auf die Stra\u00dfe zu setzen, wenn Friedrich Guttsmann nicht freiwillig verschwinde. In seiner Not wendet sich Guttsmann an die evangelische Kirche.<\/p>\n<\/div><\/div><\/div><\/div><\/div><div class=\"fusion-fullwidth fullwidth-box fusion-builder-row-15 fusion-flex-container has-pattern-background has-mask-background nonhundred-percent-fullwidth non-hundred-percent-height-scrolling Anthrazit\" style=\"--awb-border-radius-top-left:0px;--awb-border-radius-top-right:0px;--awb-border-radius-bottom-right:0px;--awb-border-radius-bottom-left:0px;--awb-padding-top:100px;--awb-padding-bottom:100px;--awb-padding-top-small:55px;--awb-padding-bottom-small:25px;--awb-flex-wrap:wrap;\" ><div class=\"fusion-builder-row fusion-row fusion-flex-align-items-flex-start fusion-flex-justify-content-flex-end fusion-flex-content-wrap\" style=\"max-width:1497.6px;margin-left: calc(-4% \/ 2 );margin-right: calc(-4% \/ 2 );\"><div class=\"fusion-layout-column fusion_builder_column fusion-builder-column-24 fusion_builder_column_1_3 1_3 fusion-flex-column\" style=\"--awb-bg-size:cover;--awb-width-large:33.333333333333%;--awb-margin-top-large:11px;--awb-spacing-right-large:5.76%;--awb-margin-bottom-large:20px;--awb-spacing-left-large:5.76%;--awb-width-medium:33.333333333333%;--awb-order-medium:0;--awb-spacing-right-medium:5.76%;--awb-spacing-left-medium:5.76%;--awb-width-small:100%;--awb-order-small:1;--awb-spacing-right-small:1.92%;--awb-margin-bottom-small:50px;--awb-spacing-left-small:1.92%;\"><div class=\"fusion-column-wrapper fusion-column-has-shadow fusion-flex-justify-content-flex-start fusion-content-layout-column\"><div class=\"fusion-image-element awb-imageframe-style awb-imageframe-style-below awb-imageframe-style-9\" style=\"--awb-caption-margin-top:10px;--awb-caption-margin-bottom:20px;--awb-caption-title-font-family:var(--body_typography-font-family);--awb-caption-title-font-weight:var(--body_typography-font-weight);--awb-caption-title-font-style:var(--body_typography-font-style);--awb-caption-title-size:var(--body_typography-font-size);--awb-caption-title-transform:var(--body_typography-text-transform);--awb-caption-title-line-height:var(--body_typography-line-height);--awb-caption-title-letter-spacing:var(--body_typography-letter-spacing);\"><span class=\" fusion-imageframe imageframe-none imageframe-9 hover-type-none\"><img decoding=\"async\" width=\"1731\" height=\"2350\" alt=\"Schwarzwei\u00dffotografie. Portr\u00e4t Paul-Gerhard Braune, Herr mit Anzug und Krawatte. \" title=\"Pfarrer Paul-Gerhard Braune (1887\u20131954), um 1935.\" src=\"https:\/\/kunst-raub-rueckgabe.de\/wp-content\/uploads\/2023\/09\/Pfarrer-Braune-um-1935-HoffnungstalerStiftungLobetal-e1700497851436.jpg\" class=\"img-responsive wp-image-2680\" srcset=\"https:\/\/kunst-raub-rueckgabe.de\/wp-content\/uploads\/2023\/09\/Pfarrer-Braune-um-1935-HoffnungstalerStiftungLobetal-e1700497851436-200x272.jpg 200w, https:\/\/kunst-raub-rueckgabe.de\/wp-content\/uploads\/2023\/09\/Pfarrer-Braune-um-1935-HoffnungstalerStiftungLobetal-e1700497851436-400x543.jpg 400w, https:\/\/kunst-raub-rueckgabe.de\/wp-content\/uploads\/2023\/09\/Pfarrer-Braune-um-1935-HoffnungstalerStiftungLobetal-e1700497851436-600x815.jpg 600w, https:\/\/kunst-raub-rueckgabe.de\/wp-content\/uploads\/2023\/09\/Pfarrer-Braune-um-1935-HoffnungstalerStiftungLobetal-e1700497851436-800x1086.jpg 800w, https:\/\/kunst-raub-rueckgabe.de\/wp-content\/uploads\/2023\/09\/Pfarrer-Braune-um-1935-HoffnungstalerStiftungLobetal-e1700497851436-1200x1629.jpg 1200w, https:\/\/kunst-raub-rueckgabe.de\/wp-content\/uploads\/2023\/09\/Pfarrer-Braune-um-1935-HoffnungstalerStiftungLobetal-e1700497851436.jpg 1731w\" sizes=\"(max-width: 640px) 100vw, 600px\" \/><\/span><div class=\"awb-imageframe-caption-container\"><div class=\"awb-imageframe-caption\"><div class=\"awb-imageframe-caption-title\">Pfarrer Paul-Gerhard Braune (1887\u20131954), hier um 1935. <\/div><p class=\"awb-imageframe-caption-text\"> Archiv der Hoffnungstaler Stiftung Lobetal<\/p><\/div><\/div><\/div><div class=\"fusion-image-element awb-imageframe-style awb-imageframe-style-below awb-imageframe-style-10\" style=\"--awb-caption-margin-top:10px;--awb-caption-margin-bottom:20px;--awb-caption-title-font-family:var(--body_typography-font-family);--awb-caption-title-font-weight:var(--body_typography-font-weight);--awb-caption-title-font-style:var(--body_typography-font-style);--awb-caption-title-size:var(--body_typography-font-size);--awb-caption-title-transform:var(--body_typography-text-transform);--awb-caption-title-line-height:var(--body_typography-line-height);--awb-caption-title-letter-spacing:var(--body_typography-letter-spacing);\"><span class=\" fusion-imageframe imageframe-none imageframe-10 hover-type-none\"><img decoding=\"async\" width=\"2325\" height=\"1613\" alt=\"Schwarzwei\u00dfotografie. Einst\u00f6ckige Geb\u00e4ude um einen park\u00e4hnlichen Innenhof, im Hintergrund eine Kirche.\" title=\"Die Hoffnungstaler Anstalten Lobetal, um 1915.\" src=\"https:\/\/kunst-raub-rueckgabe.de\/wp-content\/uploads\/2023\/09\/Lobetal-um-1915-HoffnungstalerStiftungLobetal.jpg\" class=\"img-responsive wp-image-2679\" srcset=\"https:\/\/kunst-raub-rueckgabe.de\/wp-content\/uploads\/2023\/09\/Lobetal-um-1915-HoffnungstalerStiftungLobetal-200x139.jpg 200w, https:\/\/kunst-raub-rueckgabe.de\/wp-content\/uploads\/2023\/09\/Lobetal-um-1915-HoffnungstalerStiftungLobetal-400x278.jpg 400w, https:\/\/kunst-raub-rueckgabe.de\/wp-content\/uploads\/2023\/09\/Lobetal-um-1915-HoffnungstalerStiftungLobetal-600x416.jpg 600w, https:\/\/kunst-raub-rueckgabe.de\/wp-content\/uploads\/2023\/09\/Lobetal-um-1915-HoffnungstalerStiftungLobetal-800x555.jpg 800w, https:\/\/kunst-raub-rueckgabe.de\/wp-content\/uploads\/2023\/09\/Lobetal-um-1915-HoffnungstalerStiftungLobetal-1200x833.jpg 1200w, https:\/\/kunst-raub-rueckgabe.de\/wp-content\/uploads\/2023\/09\/Lobetal-um-1915-HoffnungstalerStiftungLobetal.jpg 2325w\" sizes=\"(max-width: 640px) 100vw, 600px\" \/><\/span><div class=\"awb-imageframe-caption-container\"><div class=\"awb-imageframe-caption\"><div class=\"awb-imageframe-caption-title\">Die Hoffnungstaler Anstalten Lobetal, um 1915.<\/div><p class=\"awb-imageframe-caption-text\">Archiv der Hoffnungstaler Stiftung Lobetal<\/p><\/div><\/div><\/div><\/div><\/div><div class=\"fusion-layout-column fusion_builder_column fusion-builder-column-25 awb-sticky awb-sticky-medium awb-sticky-large fusion_builder_column_1_2 1_2 fusion-flex-column\" style=\"--awb-bg-size:cover;--awb-width-large:50%;--awb-margin-top-large:0px;--awb-spacing-right-large:3.84%;--awb-margin-bottom-large:20px;--awb-spacing-left-large:3.84%;--awb-width-medium:50%;--awb-order-medium:0;--awb-spacing-right-medium:3.84%;--awb-spacing-left-medium:3.84%;--awb-width-small:100%;--awb-order-small:0;--awb-spacing-right-small:1.92%;--awb-spacing-left-small:1.92%;--awb-sticky-offset:100px;\"><div class=\"fusion-column-wrapper fusion-column-has-shadow fusion-flex-justify-content-flex-start fusion-content-layout-column\"><div class=\"fusion-text fusion-text-13\"><h3>Ein Angebot aus Lobetal<\/h3>\n<p>Friedrich Guttsmann erh\u00e4lt das Angebot, bei Pfarrer Braune im brandenburgischen Lobetal unterzuschl\u00fcpfen.<\/p>\n<p>Pfarrer Braune leitet die Hoffnungstaler Anstalten Lobetal, ein Heim f\u00fcr bed\u00fcrftige und beeintr\u00e4chtigte Menschen n\u00f6rdlich von Berlin. In der Zeit des Nationalsozialismus nimmt er dort Juden und politisch Verfolgte unter falschem Namen auf und rettete so viele vor dem Zugriff der Nazis.<\/p>\n<p>Guttsmann lehnt jedoch nach kurzem Aufenthalt ab, weil er f\u00fcrchtet, es dort nicht auszuhalten. Zum Gl\u00fcck entspannt sich seine Lage wieder ein wenig, denn seine Frau hat die angedrohte K\u00fcndigung abwenden k\u00f6nnen. Friedrich Guttsmann darf bleiben.<\/p>\n<\/div><\/div><\/div><\/div><\/div><div class=\"fusion-fullwidth fullwidth-box fusion-builder-row-16 fusion-flex-container has-pattern-background has-mask-background nonhundred-percent-fullwidth non-hundred-percent-height-scrolling Anthrazit\" style=\"--awb-border-radius-top-left:0px;--awb-border-radius-top-right:0px;--awb-border-radius-bottom-right:0px;--awb-border-radius-bottom-left:0px;--awb-padding-top:50px;--awb-padding-bottom:50px;--awb-padding-top-small:25px;--awb-padding-bottom-small:25px;--awb-margin-top:0px;--awb-margin-bottom:0px;--awb-flex-wrap:wrap;\" ><div class=\"fusion-builder-row fusion-row fusion-flex-align-items-flex-start fusion-flex-justify-content-flex-end fusion-flex-content-wrap\" style=\"max-width:1497.6px;margin-left: calc(-4% \/ 2 );margin-right: calc(-4% \/ 2 );\"><div class=\"fusion-layout-column fusion_builder_column fusion-builder-column-26 fusion_builder_column_2_3 2_3 fusion-flex-column\" style=\"--awb-bg-size:cover;--awb-width-large:66.666666666667%;--awb-margin-top-large:0px;--awb-spacing-right-large:2.88%;--awb-margin-bottom-large:20px;--awb-spacing-left-large:2.88%;--awb-width-medium:66.666666666667%;--awb-order-medium:0;--awb-spacing-right-medium:2.88%;--awb-spacing-left-medium:2.88%;--awb-width-small:100%;--awb-order-small:0;--awb-spacing-right-small:1.92%;--awb-spacing-left-small:1.92%;\"><div class=\"fusion-column-wrapper fusion-column-has-shadow fusion-flex-justify-content-flex-start fusion-content-layout-column\"><div class=\"fusion-text fusion-text-14\"><h2>Kinder in der Fremde<\/h2>\n<p>F\u00fcr Guttsmanns S\u00f6hne wird es als sogenannte \u201aMischlinge 1. Grades\u2018 in Deutschland immer gef\u00e4hrlicher. Mit Hilfe der Schwedischen Kirche in Berlin, namentlich Birger Forell, bringt Friedrich Guttsmann im April 1939 Heinz-J\u00fcrgen und Wolfgang nach Schweden. Sie sind zu dieser Zeit 17 und 13 Jahre alt.<\/p>\n<\/div><div class=\"fusion-builder-row fusion-builder-row-inner fusion-row fusion-flex-align-items-flex-start fusion-flex-justify-content-flex-end fusion-flex-content-wrap\" style=\"--awb-flex-grow:0;--awb-flex-grow-medium:0;--awb-flex-grow-small:0;--awb-flex-shrink:0;--awb-flex-shrink-medium:0;--awb-flex-shrink-small:0;width:104% !important;max-width:104% !important;margin-left: calc(-4% \/ 2 );margin-right: calc(-4% \/ 2 );\"><div class=\"fusion-layout-column fusion_builder_column_inner fusion-builder-nested-column-1 fusion_builder_column_inner_1_1 1_1 fusion-flex-column\" style=\"--awb-bg-size:cover;--awb-width-large:100%;--awb-margin-top-large:0px;--awb-spacing-right-large:1.92%;--awb-margin-bottom-large:20px;--awb-spacing-left-large:1.92%;--awb-width-medium:100%;--awb-order-medium:0;--awb-spacing-right-medium:1.92%;--awb-spacing-left-medium:1.92%;--awb-width-small:100%;--awb-order-small:0;--awb-spacing-right-small:1.92%;--awb-spacing-left-small:1.92%;\"><div class=\"fusion-column-wrapper fusion-column-has-shadow fusion-flex-justify-content-flex-start fusion-content-layout-column\"><div class=\"fusion-text fusion-text-15 fusion-text-no-margin\" style=\"--awb-font-size:16px;--awb-margin-top:0px;--awb-margin-right:0px;--awb-margin-bottom:0px;--awb-margin-left:0px;--awb-text-font-family:&quot;Inter&quot;;--awb-text-font-style:normal;--awb-text-font-weight:600;\"><p>Hintergrund<\/p>\n<\/div><div class=\"fusion-separator\" style=\"align-self: flex-start;margin-right:auto;margin-bottom:20px;width:100%;max-width:250px;\"><div class=\"fusion-separator-border sep-single sep-solid\" style=\"--awb-height:20px;--awb-amount:20px;--awb-sep-color:var(--awb-color1);border-color:var(--awb-color1);border-top-width:1px;\"><\/div><\/div><div ><a class=\"fusion-button button-flat button-small button-custom fusion-button-default button-3 fusion-button-default-span fusion-button-default-type\" style=\"--awb-margin-top:0px;--awb-margin-right:0px;--awb-margin-bottom:0px;--awb-margin-left:0px;--button_accent_color:var(--awb-color4);--button_border_color:var(--awb-color7);--button_accent_hover_color:var(--awb-color1);--button_border_hover_color:var(--awb-color1);--button_border_width-top:0;--button_border_width-right:0;--button_border_width-bottom:0;--button_border_width-left:0;--button-border-radius-top-left:0;--button-border-radius-top-right:0;--button-border-radius-bottom-right:0;--button-border-radius-bottom-left:0;--button_gradient_top_color:rgba(255,255,255,0);--button_gradient_bottom_color:rgba(255,255,255,0);--button_gradient_top_color_hover:rgba(255,255,255,0);--button_gradient_bottom_color_hover:rgba(255,255,255,0);\" target=\"lightbox\" rel=\"iLightbox\" href=\"https:\/\/kunst-raub-rueckgabe.de\/faq-items\/mischling\/\"><i class=\"icon-KRR1Pfeil awb-button__icon awb-button__icon--default button-icon-left\" aria-hidden=\"true\"><\/i><span class=\"fusion-button-text awb-button__text awb-button__text--default\">Mischling<\/span><\/a><\/div><\/div><\/div><\/div><\/div><\/div><\/div><\/div><div class=\"fusion-fullwidth fullwidth-box fusion-builder-row-17 fusion-flex-container has-pattern-background has-mask-background nonhundred-percent-fullwidth non-hundred-percent-height-scrolling Anthrazit\" style=\"--awb-border-radius-top-left:0px;--awb-border-radius-top-right:0px;--awb-border-radius-bottom-right:0px;--awb-border-radius-bottom-left:0px;--awb-padding-top:0px;--awb-padding-bottom:150px;--awb-padding-top-small:50px;--awb-padding-bottom-small:50px;--awb-margin-top:0px;--awb-margin-bottom:0px;--awb-flex-wrap:wrap;\" ><div class=\"fusion-builder-row fusion-row fusion-flex-align-items-flex-start fusion-flex-justify-content-center fusion-flex-content-wrap\" style=\"max-width:1497.6px;margin-left: calc(-4% \/ 2 );margin-right: calc(-4% \/ 2 );\"><div class=\"fusion-layout-column fusion_builder_column fusion-builder-column-27 fusion_builder_column_3_4 3_4 fusion-flex-column\" style=\"--awb-bg-size:cover;--awb-width-large:75%;--awb-margin-top-large:0px;--awb-spacing-right-large:2.56%;--awb-margin-bottom-large:0px;--awb-spacing-left-large:2.56%;--awb-width-medium:75%;--awb-order-medium:0;--awb-spacing-right-medium:2.56%;--awb-spacing-left-medium:2.56%;--awb-width-small:100%;--awb-order-small:0;--awb-spacing-right-small:1.92%;--awb-spacing-left-small:1.92%;\"><div class=\"fusion-column-wrapper fusion-column-has-shadow fusion-flex-justify-content-flex-start fusion-content-layout-column\"><div class=\"fusion-title title fusion-title-5 fusion-sep-none fusion-title-center fusion-title-text fusion-title-size-div zitat\" style=\"--awb-margin-top-small:10px;--awb-margin-right-small:0px;--awb-margin-bottom-small:10px;--awb-margin-left-small:0px;--awb-font-size:var(--awb-custom_typography_1-font-size);\"><div class=\"fusion-title-heading title-heading-center title-heading-tag sm-text-align-left fusion-responsive-typography-calculated\" style=\"font-family:var(--awb-custom_typography_1-font-family);font-weight:var(--awb-custom_typography_1-font-weight);font-style:var(--awb-custom_typography_1-font-style);margin:0;letter-spacing:var(--awb-custom_typography_1-letter-spacing);text-transform:var(--awb-custom_typography_1-text-transform);font-size:1em;--fontSize:40;line-height:var(--awb-custom_typography_1-line-height);\"><blockquote><p>\u201eWas es f\u00fcr Eltern bedeutet, Kinder in diesem Alter in die Fremde zu schicken, ohne zu wissen, was aus ihnen wird, ist leicht nachf\u00fchlen\u201c<\/p><\/blockquote><\/div><\/div><\/div><\/div><\/div><\/div><div class=\"fusion-fullwidth fullwidth-box fusion-builder-row-18 fusion-flex-container has-pattern-background has-mask-background nonhundred-percent-fullwidth non-hundred-percent-height-scrolling nicht-inhalt\" style=\"--awb-border-radius-top-left:0px;--awb-border-radius-top-right:0px;--awb-border-radius-bottom-right:0px;--awb-border-radius-bottom-left:0px;--awb-padding-top:50px;--awb-padding-bottom:50px;--awb-padding-top-small:25px;--awb-padding-bottom-small:25px;--awb-margin-top:0px;--awb-margin-bottom:0px;--awb-background-color:var(--awb-color5);--awb-flex-wrap:wrap;\" ><div class=\"fusion-builder-row fusion-row fusion-flex-align-items-flex-start fusion-flex-justify-content-flex-end fusion-flex-content-wrap\" style=\"max-width:1497.6px;margin-left: calc(-4% \/ 2 );margin-right: calc(-4% \/ 2 );\"><div class=\"fusion-layout-column fusion_builder_column fusion-builder-column-28 fusion_builder_column_1_1 1_1 fusion-flex-column\" style=\"--awb-padding-top:42px;--awb-padding-right:45px;--awb-padding-bottom:45px;--awb-padding-left:20px;--awb-padding-top-small:20px;--awb-padding-right-small:20px;--awb-padding-bottom-small:20px;--awb-padding-left-small:20px;--awb-bg-color:var(--awb-custom_color_2);--awb-bg-color-hover:var(--awb-custom_color_2);--awb-bg-size:cover;--awb-width-large:100%;--awb-margin-top-large:0px;--awb-spacing-right-large:1.92%;--awb-margin-bottom-large:0px;--awb-spacing-left-large:1.92%;--awb-width-medium:100%;--awb-order-medium:0;--awb-spacing-right-medium:1.92%;--awb-spacing-left-medium:1.92%;--awb-width-small:100%;--awb-order-small:0;--awb-spacing-right-small:1.92%;--awb-spacing-left-small:1.92%;\"><div class=\"fusion-column-wrapper fusion-column-has-shadow fusion-flex-justify-content-flex-start fusion-content-layout-column\"><div class=\"fusion-builder-row fusion-builder-row-inner fusion-row fusion-flex-align-items-flex-start fusion-flex-justify-content-flex-end fusion-flex-content-wrap\" style=\"--awb-flex-grow:0;--awb-flex-grow-medium:0;--awb-flex-grow-small:0;--awb-flex-shrink:0;--awb-flex-shrink-medium:0;--awb-flex-shrink-small:0;width:104% !important;max-width:104% !important;margin-left: calc(-4% \/ 2 );margin-right: calc(-4% \/ 2 );\"><div class=\"fusion-layout-column fusion_builder_column_inner fusion-builder-nested-column-2 fusion_builder_column_inner_1_4 1_4 fusion-flex-column\" style=\"--awb-bg-size:cover;--awb-width-large:25%;--awb-margin-top-large:19px;--awb-spacing-right-large:7.68%;--awb-margin-bottom-large:20px;--awb-spacing-left-large:7.68%;--awb-width-medium:25%;--awb-order-medium:0;--awb-spacing-right-medium:7.68%;--awb-spacing-left-medium:7.68%;--awb-width-small:100%;--awb-order-small:1;--awb-spacing-right-small:1.92%;--awb-spacing-left-small:1.92%;\"><div class=\"fusion-column-wrapper fusion-column-has-shadow fusion-flex-justify-content-flex-start fusion-content-layout-column\"><div class=\"fusion-image-element awb-imageframe-style awb-imageframe-style-below awb-imageframe-style-11\" style=\"text-align:right;--awb-caption-title-font-family:var(--body_typography-font-family);--awb-caption-title-font-weight:var(--body_typography-font-weight);--awb-caption-title-font-style:var(--body_typography-font-style);--awb-caption-title-size:var(--body_typography-font-size);--awb-caption-title-transform:var(--body_typography-text-transform);--awb-caption-title-line-height:var(--body_typography-line-height);--awb-caption-title-letter-spacing:var(--body_typography-letter-spacing);\"><span class=\" fusion-imageframe imageframe-none imageframe-11 hover-type-none\"><img decoding=\"async\" width=\"1318\" height=\"2106\" alt=\"Schwarzwei\u00dffotografie. Portr\u00e4t Birger Forell, junger Mann mit sorgf\u00e4ltig zur\u00fcckgek\u00e4mmtem Haar, Anzug und Krawatte.\" title=\"Birger Forell\" src=\"https:\/\/kunst-raub-rueckgabe.de\/wp-content\/uploads\/2023\/09\/Birger-Forell-GDW.jpg\" class=\"img-responsive wp-image-2640\" srcset=\"https:\/\/kunst-raub-rueckgabe.de\/wp-content\/uploads\/2023\/09\/Birger-Forell-GDW-200x320.jpg 200w, https:\/\/kunst-raub-rueckgabe.de\/wp-content\/uploads\/2023\/09\/Birger-Forell-GDW-400x639.jpg 400w, https:\/\/kunst-raub-rueckgabe.de\/wp-content\/uploads\/2023\/09\/Birger-Forell-GDW-600x959.jpg 600w, https:\/\/kunst-raub-rueckgabe.de\/wp-content\/uploads\/2023\/09\/Birger-Forell-GDW-800x1278.jpg 800w, https:\/\/kunst-raub-rueckgabe.de\/wp-content\/uploads\/2023\/09\/Birger-Forell-GDW-1200x1917.jpg 1200w, https:\/\/kunst-raub-rueckgabe.de\/wp-content\/uploads\/2023\/09\/Birger-Forell-GDW.jpg 1318w\" sizes=\"(max-width: 640px) 100vw, 400px\" \/><\/span><div class=\"awb-imageframe-caption-container\"><div class=\"awb-imageframe-caption\"><div class=\"awb-imageframe-caption-title\">Birger Forell (1893\u20131958)<\/div><p class=\"awb-imageframe-caption-text\">Gedenkst\u00e4tte Deutscher Widerstand<\/p><\/div><\/div><\/div><\/div><\/div><div class=\"fusion-layout-column fusion_builder_column_inner fusion-builder-nested-column-3 fusion_builder_column_inner_1_2 1_2 fusion-flex-column\" style=\"--awb-bg-size:cover;--awb-width-large:50%;--awb-margin-top-large:0px;--awb-spacing-right-large:3.84%;--awb-margin-bottom-large:20px;--awb-spacing-left-large:3.84%;--awb-width-medium:50%;--awb-order-medium:0;--awb-spacing-right-medium:3.84%;--awb-spacing-left-medium:3.84%;--awb-width-small:100%;--awb-order-small:0;--awb-spacing-right-small:1.92%;--awb-spacing-left-small:1.92%;\"><div class=\"fusion-column-wrapper fusion-column-has-shadow fusion-flex-justify-content-flex-start fusion-content-layout-column\"><div class=\"fusion-title title fusion-title-6 fusion-sep-none fusion-title-text fusion-title-size-div\" style=\"--awb-text-color:var(--awb-color5);--awb-margin-top-small:10px;--awb-margin-right-small:0px;--awb-margin-bottom-small:10px;--awb-margin-left-small:0px;--awb-font-size:40px;\"><div class=\"fusion-title-heading title-heading-left title-heading-tag fusion-responsive-typography-calculated\" style=\"font-family:var(--awb-typography1-font-family);font-weight:var(--awb-typography1-font-weight);font-style:var(--awb-typography1-font-style);margin:0;letter-spacing:var(--awb-typography1-letter-spacing);text-transform:var(--awb-typography1-text-transform);font-size:1em;--fontSize:40;line-height:var(--awb-typography1-line-height);\">Birger Forell<\/div><\/div><div class=\"fusion-text fusion-text-16\" style=\"--awb-font-size:18px;\"><h3 class=\"fusion-responsive-typography-calculated\" style=\"--fontsize: 36; line-height: 1.2;\" data-fontsize=\"36\" data-lineheight=\"43.2px\"><\/h3>\n<p>Der schwedische Widerstandsk\u00e4mpfer Birger Forell war ab 1929 Pfarrer in der Schwedischen Kirche in Berlin. Er gew\u00e4hrte Menschen, die von den Nationalsozialisten verfolgt wurden, Unterschlupf im Dachgeschoss des Gemeindehauses und versorgte sie mit Lebensmitteln und Papieren zur Ausreise. 1942 wurde er von der Gestapo aus Nazi-Deutschland ausgewiesen.<\/p>\n<\/div><div class=\"fusion-audio fusion-audio-2\" style=\"--awb-progress-color:var(--awb-color8);--awb-border-color:rgba(255,255,255,0.05);--awb-background-color:var(--awb-color2);--awb-max-width:1000px;--awb-border-size:0;--awb-border-top-left-radius:20px;--awb-border-top-right-radius:20px;--awb-border-bottom-right-radius:20px;--awb-border-bottom-left-radius:20px;\"><audio class=\"wp-audio-shortcode\" id=\"audio-2446-2\" preload=\"none\" style=\"width: 100%;\" controls=\"controls\"><source type=\"audio\/mpeg\" src=\"https:\/\/kunst-raub-rueckgabe.de\/wp-content\/uploads\/2023\/11\/BirgerForellunddieschwedischeGemeinde-lang.mp3?_=2\" \/><a href=\"https:\/\/kunst-raub-rueckgabe.de\/wp-content\/uploads\/2023\/11\/BirgerForellunddieschwedischeGemeinde-lang.mp3\">https:\/\/kunst-raub-rueckgabe.de\/wp-content\/uploads\/2023\/11\/BirgerForellunddieschwedischeGemeinde-lang.mp3<\/a><\/audio><\/div><div class=\"fusion-text fusion-text-17\" style=\"--awb-font-size:14px;--awb-margin-top:10px;\"><p>Amanda Gasser von der Schwedischen Victoriagemeinde Berlin \u00fcber Birger Forell und sein Wirken.<\/p>\n<\/div><\/div><\/div><\/div><\/div><\/div><\/div><\/div><div class=\"fusion-fullwidth fullwidth-box fusion-builder-row-19 fusion-flex-container has-pattern-background has-mask-background nonhundred-percent-fullwidth non-hundred-percent-height-scrolling Anthrazit\" style=\"--awb-border-radius-top-left:0px;--awb-border-radius-top-right:0px;--awb-border-radius-bottom-right:0px;--awb-border-radius-bottom-left:0px;--awb-padding-top:50px;--awb-padding-bottom:50px;--awb-padding-top-small:25px;--awb-padding-bottom-small:25px;--awb-margin-top:0px;--awb-margin-bottom:0px;--awb-flex-wrap:wrap;\" ><div class=\"fusion-builder-row fusion-row fusion-flex-align-items-flex-start fusion-flex-justify-content-flex-end fusion-flex-content-wrap\" style=\"max-width:1497.6px;margin-left: calc(-4% \/ 2 );margin-right: calc(-4% \/ 2 );\"><div class=\"fusion-layout-column fusion_builder_column fusion-builder-column-29 fusion_builder_column_1_4 1_4 fusion-flex-column\" style=\"--awb-padding-top:10px;--awb-bg-size:cover;--awb-width-large:25%;--awb-margin-top-large:0px;--awb-spacing-right-large:7.68%;--awb-margin-bottom-large:20px;--awb-spacing-left-large:7.68%;--awb-width-medium:25%;--awb-order-medium:0;--awb-spacing-right-medium:7.68%;--awb-spacing-left-medium:7.68%;--awb-width-small:100%;--awb-order-small:1;--awb-spacing-right-small:1.92%;--awb-spacing-left-small:1.92%;\"><div class=\"fusion-column-wrapper fusion-column-has-shadow fusion-flex-justify-content-flex-start fusion-content-layout-column\"><div class=\"fusion-audio fusion-audio-3\" style=\"--awb-progress-color:var(--awb-color8);--awb-border-color:rgba(255,255,255,0.05);--awb-background-color:var(--awb-color2);--awb-max-width:1000px;--awb-border-size:0;--awb-border-top-left-radius:20px;--awb-border-top-right-radius:20px;--awb-border-bottom-right-radius:20px;--awb-border-bottom-left-radius:20px;\"><audio class=\"wp-audio-shortcode\" id=\"audio-2446-3\" preload=\"none\" style=\"width: 100%;\" controls=\"controls\"><source type=\"audio\/mpeg\" src=\"https:\/\/kunst-raub-rueckgabe.de\/wp-content\/uploads\/2023\/11\/Lebenslauf-Wolfgang-Guttsmann-Buchheim.mp3?_=3\" \/><a href=\"https:\/\/kunst-raub-rueckgabe.de\/wp-content\/uploads\/2023\/11\/Lebenslauf-Wolfgang-Guttsmann-Buchheim.mp3\">https:\/\/kunst-raub-rueckgabe.de\/wp-content\/uploads\/2023\/11\/Lebenslauf-Wolfgang-Guttsmann-Buchheim.mp3<\/a><\/audio><\/div><div class=\"fusion-text fusion-text-18\" style=\"--awb-font-size:14px;--awb-margin-top:10px;\"><p>Lebenslauf Wolfgang Guttsmanns, den er 1951 beim Berliner Entsch\u00e4digungsamt einreichte, zum Nachh\u00f6ren (Landesamt f\u00fcr B\u00fcrger- und Ordnungsangelegenheiten, Entsch\u00e4digungsamt, Reg. 51.058, Bl. M6).<\/p>\n<\/div><\/div><\/div><div class=\"fusion-layout-column fusion_builder_column fusion-builder-column-30 awb-sticky awb-sticky-medium awb-sticky-large fusion_builder_column_1_2 1_2 fusion-flex-column\" style=\"--awb-bg-size:cover;--awb-width-large:50%;--awb-margin-top-large:0px;--awb-spacing-right-large:3.84%;--awb-margin-bottom-large:20px;--awb-spacing-left-large:3.84%;--awb-width-medium:50%;--awb-order-medium:0;--awb-spacing-right-medium:3.84%;--awb-spacing-left-medium:3.84%;--awb-width-small:100%;--awb-order-small:0;--awb-spacing-right-small:1.92%;--awb-spacing-left-small:1.92%;\" data-scroll-devices=\"small-visibility,medium-visibility,large-visibility\"><div class=\"fusion-column-wrapper fusion-column-has-shadow fusion-flex-justify-content-flex-start fusion-content-layout-column\"><div class=\"fusion-title title fusion-title-7 fusion-sep-none fusion-title-text fusion-title-size-three\" style=\"--awb-margin-top-small:10px;--awb-margin-right-small:0px;--awb-margin-bottom-small:10px;--awb-margin-left-small:0px;\"><h3 class=\"fusion-title-heading title-heading-left fusion-responsive-typography-calculated\" style=\"margin:0;--fontSize:32;line-height:var(--awb-typography1-line-height);\">Gestapo-Verh\u00f6r und Zwangsarbeit<\/h3><\/div><div class=\"fusion-text fusion-text-19\"><p><span style=\"color: var(--awb-text-color); font-family: var(--awb-text-font-family); font-size: var(--awb-font-size); font-style: var(--awb-text-font-style); font-weight: var(--awb-text-font-weight); letter-spacing: var(--awb-letter-spacing); text-align: var(--awb-content-alignment); text-transform: var(--awb-text-transform); background-color: var(--awb-bg-color-medium-hover);\">1942 verh\u00f6rt die Gestapo Friedrich Guttsmann und zwingt ihn, unter Androhung der Deportation, seinen j\u00fcngeren Sohn nach Deutschland zur\u00fcckzuholen. Wolfgang Guttsmann wird 1944 in ein Zwangsarbeitslager der Organisation Todt verbracht. 1945 kann er fliehen, wird aber auf der Flucht von der sowjetischen Armee verhaftet und in ein Kriegsgefangenenlager gebracht. Bei seiner Entlassung ist er halb verhungert und schwer krank. <\/span><\/p>\n<\/div><\/div><\/div><\/div><\/div><div class=\"fusion-fullwidth fullwidth-box fusion-builder-row-20 fusion-flex-container has-pattern-background has-mask-background nonhundred-percent-fullwidth non-hundred-percent-height-scrolling Anthrazit\" style=\"--awb-border-radius-top-left:0px;--awb-border-radius-top-right:0px;--awb-border-radius-bottom-right:0px;--awb-border-radius-bottom-left:0px;--awb-padding-top:50px;--awb-padding-bottom:50px;--awb-padding-top-small:25px;--awb-padding-bottom-small:25px;--awb-margin-top:0px;--awb-margin-bottom:0px;--awb-flex-wrap:wrap;\" ><div class=\"fusion-builder-row fusion-row fusion-flex-align-items-flex-start fusion-flex-justify-content-flex-end fusion-flex-content-wrap\" style=\"max-width:1497.6px;margin-left: calc(-4% \/ 2 );margin-right: calc(-4% \/ 2 );\"><div class=\"fusion-layout-column fusion_builder_column fusion-builder-column-31 awb-sticky awb-sticky-small awb-sticky-medium awb-sticky-large fusion_builder_column_1_2 1_2 fusion-flex-column\" style=\"--awb-bg-size:cover;--awb-width-large:50%;--awb-margin-top-large:0px;--awb-spacing-right-large:3.84%;--awb-margin-bottom-large:20px;--awb-spacing-left-large:3.84%;--awb-width-medium:50%;--awb-order-medium:0;--awb-spacing-right-medium:3.84%;--awb-spacing-left-medium:3.84%;--awb-width-small:100%;--awb-order-small:0;--awb-spacing-right-small:1.92%;--awb-spacing-left-small:1.92%;\" data-scroll-devices=\"small-visibility,medium-visibility,large-visibility\"><div class=\"fusion-column-wrapper fusion-column-has-shadow fusion-flex-justify-content-flex-start fusion-content-layout-column\"><div class=\"fusion-text fusion-text-20\"><h3>Emigration nach Schweden<\/h3>\n<p>1947 zieht Wolfgang zu seinem \u00e4lteren Bruder Heinz-J\u00fcrgen ins s\u00fcdschwedische \u00c4ngelholm. Die Eltern folgen 1948. In Deutschland h\u00e4lt sie nichts mehr: Die beiden Br\u00fcder von Friedrich Guttsmann wurden in Konzentrationslagern ermordet, seine Mutter starb 1941 im j\u00fcdischen Krankenhaus in Berlin-Wedding, das von den Nazis als Sammellager missbraucht wurde.<\/p>\n<\/div><\/div><\/div><\/div><\/div><div class=\"fusion-fullwidth fullwidth-box fusion-builder-row-21 fusion-flex-container has-pattern-background has-mask-background nonhundred-percent-fullwidth non-hundred-percent-height-scrolling\" style=\"--awb-border-radius-top-left:0px;--awb-border-radius-top-right:0px;--awb-border-radius-bottom-right:0px;--awb-border-radius-bottom-left:0px;--awb-padding-top:60px;--awb-flex-wrap:wrap;\" ><div class=\"fusion-builder-row fusion-row fusion-flex-align-items-flex-start fusion-flex-content-wrap\" style=\"max-width:1497.6px;margin-left: calc(-4% \/ 2 );margin-right: calc(-4% \/ 2 );\"><div class=\"fusion-layout-column fusion_builder_column fusion-builder-column-32 fusion_builder_column_1_1 1_1 fusion-flex-column\" style=\"--awb-bg-size:cover;--awb-width-large:100%;--awb-margin-top-large:0px;--awb-spacing-right-large:1.92%;--awb-margin-bottom-large:20px;--awb-spacing-left-large:1.92%;--awb-width-medium:100%;--awb-order-medium:0;--awb-spacing-right-medium:1.92%;--awb-spacing-left-medium:1.92%;--awb-width-small:100%;--awb-order-small:0;--awb-spacing-right-small:1.92%;--awb-spacing-left-small:1.92%;\"><div class=\"fusion-column-wrapper fusion-column-has-shadow fusion-flex-justify-content-flex-start fusion-content-layout-column\"><div class=\"fusion-title title fusion-title-8 fusion-sep-none fusion-title-center fusion-title-text fusion-title-size-two\" style=\"--awb-margin-top-small:10px;--awb-margin-right-small:0px;--awb-margin-bottom-small:10px;--awb-margin-left-small:0px;\"><h2 class=\"fusion-title-heading title-heading-center fusion-responsive-typography-calculated\" style=\"margin:0;--fontSize:40;line-height:var(--awb-typography1-line-height);\">Nach dem Krieg: Im Exil vereint<\/h2><\/div><\/div><\/div><\/div><\/div><div class=\"fusion-fullwidth fullwidth-box fusion-builder-row-22 fusion-flex-container has-pattern-background has-mask-background nonhundred-percent-fullwidth non-hundred-percent-height-scrolling\" style=\"--awb-border-radius-top-left:0px;--awb-border-radius-top-right:0px;--awb-border-radius-bottom-right:0px;--awb-border-radius-bottom-left:0px;--awb-padding-top:10px;--awb-padding-bottom:0px;--awb-padding-top-small:50px;--awb-padding-bottom-small:50px;--awb-margin-top:0px;--awb-margin-bottom:0px;--awb-flex-wrap:wrap;\" ><div class=\"fusion-builder-row fusion-row fusion-flex-align-items-flex-start fusion-flex-justify-content-center fusion-flex-content-wrap\" style=\"max-width:1497.6px;margin-left: calc(-4% \/ 2 );margin-right: calc(-4% \/ 2 );\"><div class=\"fusion-layout-column fusion_builder_column fusion-builder-column-33 fusion_builder_column_3_4 3_4 fusion-flex-column\" style=\"--awb-bg-size:cover;--awb-width-large:75%;--awb-margin-top-large:0px;--awb-spacing-right-large:2.56%;--awb-margin-bottom-large:0px;--awb-spacing-left-large:2.56%;--awb-width-medium:75%;--awb-order-medium:0;--awb-spacing-right-medium:2.56%;--awb-spacing-left-medium:2.56%;--awb-width-small:100%;--awb-order-small:0;--awb-spacing-right-small:1.92%;--awb-spacing-left-small:1.92%;\"><div class=\"fusion-column-wrapper fusion-column-has-shadow fusion-flex-justify-content-flex-start fusion-content-layout-column\"><div class=\"fusion-title title fusion-title-9 fusion-sep-none fusion-title-center fusion-title-text fusion-title-size-div zitat\" style=\"--awb-margin-top-small:10px;--awb-margin-right-small:0px;--awb-margin-bottom-small:10px;--awb-margin-left-small:0px;--awb-font-size:30px;\"><div class=\"fusion-title-heading title-heading-center title-heading-tag sm-text-align-left fusion-responsive-typography-calculated\" style=\"font-family:var(--awb-custom_typography_1-font-family);font-weight:var(--awb-custom_typography_1-font-weight);font-style:var(--awb-custom_typography_1-font-style);margin:0;letter-spacing:var(--awb-custom_typography_1-letter-spacing);text-transform:var(--awb-custom_typography_1-text-transform);font-size:1em;--fontSize:30;line-height:var(--awb-custom_typography_1-line-height);\"><blockquote><p>\u201eNoch heute nach acht Jahren fahren wir vom Stuhl hoch, wenn es an der Entr\u00e9e-T\u00fcr klingelt. Es ist nicht verwunderlich, dass ich durch diese Erlebnisse und den ewigen Druck, in dem wir lebten, herzkrank geworden bin.\u201c<\/p><\/blockquote><\/div><\/div><\/div><\/div><\/div><\/div><div class=\"fusion-fullwidth fullwidth-box fusion-builder-row-23 fusion-flex-container has-pattern-background has-mask-background nonhundred-percent-fullwidth non-hundred-percent-height-scrolling\" style=\"--awb-border-radius-top-left:0px;--awb-border-radius-top-right:0px;--awb-border-radius-bottom-right:0px;--awb-border-radius-bottom-left:0px;--awb-padding-top:100px;--awb-padding-bottom:100px;--awb-padding-top-small:55px;--awb-padding-bottom-small:25px;--awb-flex-wrap:wrap;\" ><div class=\"fusion-builder-row fusion-row fusion-flex-align-items-flex-start fusion-flex-justify-content-flex-end fusion-flex-content-wrap\" style=\"max-width:1497.6px;margin-left: calc(-4% \/ 2 );margin-right: calc(-4% \/ 2 );\"><div class=\"fusion-layout-column fusion_builder_column fusion-builder-column-34 fusion_builder_column_1_4 1_4 fusion-flex-column\" style=\"--awb-bg-size:cover;--awb-width-large:25%;--awb-margin-top-large:11px;--awb-spacing-right-large:7.68%;--awb-margin-bottom-large:20px;--awb-spacing-left-large:7.68%;--awb-width-medium:25%;--awb-order-medium:0;--awb-spacing-right-medium:7.68%;--awb-spacing-left-medium:7.68%;--awb-width-small:100%;--awb-order-small:1;--awb-spacing-right-small:1.92%;--awb-margin-bottom-small:50px;--awb-spacing-left-small:1.92%;\"><div class=\"fusion-column-wrapper fusion-column-has-shadow fusion-flex-justify-content-flex-start fusion-content-layout-column\"><div class=\"fusion-image-element awb-imageframe-style awb-imageframe-style-below awb-imageframe-style-12\" style=\"--awb-caption-title-font-family:var(--body_typography-font-family);--awb-caption-title-font-weight:var(--body_typography-font-weight);--awb-caption-title-font-style:var(--body_typography-font-style);--awb-caption-title-size:var(--body_typography-font-size);--awb-caption-title-transform:var(--body_typography-text-transform);--awb-caption-title-line-height:var(--body_typography-line-height);--awb-caption-title-letter-spacing:var(--body_typography-letter-spacing);\"><span class=\" fusion-imageframe imageframe-none imageframe-12 hover-type-none\"><img decoding=\"async\" width=\"208\" height=\"208\" alt=\"Farbfotografie, die sechs Erwachsene und zwei kleine Kinder zeigt.\" title=\"Familienfoto-\u00c4ngelholm-1958\" src=\"https:\/\/kunst-raub-rueckgabe.de\/wp-content\/uploads\/2023\/11\/Familienfoto-Aengelholm-1958-e1701337171758.jpg\" class=\"img-responsive wp-image-3059\" srcset=\"https:\/\/kunst-raub-rueckgabe.de\/wp-content\/uploads\/2023\/11\/Familienfoto-Aengelholm-1958-e1701337171758-200x200.jpg 200w, https:\/\/kunst-raub-rueckgabe.de\/wp-content\/uploads\/2023\/11\/Familienfoto-Aengelholm-1958-e1701337171758.jpg 208w\" sizes=\"(max-width: 640px) 100vw, 208px\" \/><\/span><div class=\"awb-imageframe-caption-container\"><div class=\"awb-imageframe-caption\"><div class=\"awb-imageframe-caption-title\">Die Familie Guttsmann im Jahr 1958: Friedrich und Henriette mit ihren S\u00f6hnen, Schwiegert\u00f6chtern und ersten Enkelkindern.<\/div><p class=\"awb-imageframe-caption-text\"> Familienarchiv<\/p><\/div><\/div><\/div><\/div><\/div><div class=\"fusion-layout-column fusion_builder_column fusion-builder-column-35 awb-sticky awb-sticky-medium awb-sticky-large fusion_builder_column_1_2 1_2 fusion-flex-column\" style=\"--awb-bg-size:cover;--awb-width-large:50%;--awb-margin-top-large:0px;--awb-spacing-right-large:3.84%;--awb-margin-bottom-large:20px;--awb-spacing-left-large:3.84%;--awb-width-medium:50%;--awb-order-medium:0;--awb-spacing-right-medium:3.84%;--awb-spacing-left-medium:3.84%;--awb-width-small:100%;--awb-order-small:0;--awb-spacing-right-small:1.92%;--awb-spacing-left-small:1.92%;--awb-sticky-offset:100px;\"><div class=\"fusion-column-wrapper fusion-column-has-shadow fusion-flex-justify-content-flex-start fusion-content-layout-column\"><div class=\"fusion-text fusion-text-21\"><p><span class=\"fusion-dropcap dropcap Initiale\">Z<\/span>um Zeitpunkt seiner Emigration ist Friedrich Guttsmann 61 Jahre alt, und die Repressionen und Schikanen des NS-Regimes haben ihre Spuren hinterlassen. Auf dem Arbeitsmarkt kann er nicht mehr Fu\u00df fassen, und 1954 ist er wegen seiner Herzkrankheit berufsunf\u00e4hig. Er stirbt 1959.<\/p>\n<\/div><\/div><\/div><\/div><\/div><div class=\"fusion-fullwidth fullwidth-box fusion-builder-row-24 fusion-flex-container has-pattern-background has-mask-background nonhundred-percent-fullwidth non-hundred-percent-height-scrolling\" style=\"--awb-border-radius-top-left:0px;--awb-border-radius-top-right:0px;--awb-border-radius-bottom-right:0px;--awb-border-radius-bottom-left:0px;--awb-padding-top:21px;--awb-flex-wrap:wrap;\" ><div class=\"fusion-builder-row fusion-row fusion-flex-align-items-flex-start fusion-flex-content-wrap\" style=\"max-width:1497.6px;margin-left: calc(-4% \/ 2 );margin-right: calc(-4% \/ 2 );\"><div class=\"fusion-layout-column fusion_builder_column fusion-builder-column-36 fusion_builder_column_1_1 1_1 fusion-flex-column\" style=\"--awb-bg-size:cover;--awb-width-large:100%;--awb-margin-top-large:0px;--awb-spacing-right-large:1.92%;--awb-margin-bottom-large:20px;--awb-spacing-left-large:1.92%;--awb-width-medium:100%;--awb-order-medium:0;--awb-spacing-right-medium:1.92%;--awb-spacing-left-medium:1.92%;--awb-width-small:100%;--awb-order-small:0;--awb-spacing-right-small:1.92%;--awb-spacing-left-small:1.92%;\"><div class=\"fusion-column-wrapper fusion-column-has-shadow fusion-flex-justify-content-flex-start fusion-content-layout-column\"><div class=\"fusion-title title fusion-title-10 fusion-sep-none fusion-title-center fusion-title-text fusion-title-size-two\" style=\"--awb-margin-top-small:10px;--awb-margin-right-small:0px;--awb-margin-bottom-small:10px;--awb-margin-left-small:0px;\"><h2 class=\"fusion-title-heading title-heading-center fusion-responsive-typography-calculated\" style=\"margin:0;--fontSize:40;line-height:var(--awb-typography1-line-height);\">Restitution<\/h2><\/div><\/div><\/div><\/div><\/div><div class=\"fusion-fullwidth fullwidth-box fusion-builder-row-25 fusion-flex-container has-pattern-background has-mask-background nonhundred-percent-fullwidth non-hundred-percent-height-scrolling\" style=\"--awb-border-radius-top-left:0px;--awb-border-radius-top-right:0px;--awb-border-radius-bottom-right:0px;--awb-border-radius-bottom-left:0px;--awb-padding-top:50px;--awb-padding-bottom:50px;--awb-padding-top-small:25px;--awb-padding-bottom-small:25px;--awb-margin-top:0px;--awb-margin-bottom:0px;--awb-flex-wrap:wrap;\" ><div class=\"fusion-builder-row fusion-row fusion-flex-align-items-flex-start fusion-flex-content-wrap\" style=\"max-width:1497.6px;margin-left: calc(-4% \/ 2 );margin-right: calc(-4% \/ 2 );\"><div class=\"fusion-layout-column fusion_builder_column fusion-builder-column-37 fusion_builder_column_1_2 1_2 fusion-flex-column\" style=\"--awb-padding-top:10px;--awb-bg-size:cover;--awb-width-large:50%;--awb-margin-top-large:0px;--awb-spacing-right-large:3.84%;--awb-margin-bottom-large:20px;--awb-spacing-left-large:3.84%;--awb-width-medium:50%;--awb-order-medium:0;--awb-spacing-right-medium:3.84%;--awb-spacing-left-medium:3.84%;--awb-width-small:100%;--awb-order-small:0;--awb-spacing-right-small:1.92%;--awb-margin-bottom-small:50px;--awb-spacing-left-small:1.92%;\"><div class=\"fusion-column-wrapper fusion-column-has-shadow fusion-flex-justify-content-flex-start fusion-content-layout-column\"><div class=\"fusion-image-element awb-imageframe-style awb-imageframe-style-below awb-imageframe-style-13\" style=\"text-align:right;--awb-margin-top:20px;--awb-caption-title-font-family:var(--body_typography-font-family);--awb-caption-title-font-weight:var(--body_typography-font-weight);--awb-caption-title-font-style:var(--body_typography-font-style);--awb-caption-title-size:var(--body_typography-font-size);--awb-caption-title-transform:var(--body_typography-text-transform);--awb-caption-title-line-height:var(--body_typography-line-height);--awb-caption-title-letter-spacing:var(--body_typography-letter-spacing);\"><span class=\" fusion-imageframe imageframe-none imageframe-13 hover-type-none\"><img decoding=\"async\" width=\"1042\" height=\"600\" alt=\"Abbildung einer Visitenkarte, auf der handschriftliche Korrekturen zu lesen sind.\" title=\"Visitenkarte-Friedrich-Guttsmann-1939-SMB-ZA\" src=\"https:\/\/kunst-raub-rueckgabe.de\/wp-content\/uploads\/2023\/11\/Visitenkarte-Friedrich-Guttsmann-1939-SMB-ZA.jpg\" class=\"img-responsive wp-image-3109\" srcset=\"https:\/\/kunst-raub-rueckgabe.de\/wp-content\/uploads\/2023\/11\/Visitenkarte-Friedrich-Guttsmann-1939-SMB-ZA-200x115.jpg 200w, https:\/\/kunst-raub-rueckgabe.de\/wp-content\/uploads\/2023\/11\/Visitenkarte-Friedrich-Guttsmann-1939-SMB-ZA-400x230.jpg 400w, https:\/\/kunst-raub-rueckgabe.de\/wp-content\/uploads\/2023\/11\/Visitenkarte-Friedrich-Guttsmann-1939-SMB-ZA-600x345.jpg 600w, https:\/\/kunst-raub-rueckgabe.de\/wp-content\/uploads\/2023\/11\/Visitenkarte-Friedrich-Guttsmann-1939-SMB-ZA-800x461.jpg 800w, https:\/\/kunst-raub-rueckgabe.de\/wp-content\/uploads\/2023\/11\/Visitenkarte-Friedrich-Guttsmann-1939-SMB-ZA.jpg 1042w\" sizes=\"(max-width: 640px) 100vw, 800px\" \/><\/span><div class=\"awb-imageframe-caption-container\"><div class=\"awb-imageframe-caption\"><div class=\"awb-imageframe-caption-title\">Visitenkarte in den Erwerbungsakten der Nationalgalerie. Der Name ist nicht selten, aber dank der Adresse kann Friedrich Guttsmann identifiziert werden. <\/div><p class=\"awb-imageframe-caption-text\">Staatliche Museen zu Berlin, Zentralarchiv, I\/NG 874, Bl. 216<\/p><\/div><\/div><\/div><\/div><\/div><div class=\"fusion-layout-column fusion_builder_column fusion-builder-column-38 awb-sticky awb-sticky-small awb-sticky-medium awb-sticky-large fusion_builder_column_1_2 1_2 fusion-flex-column\" style=\"--awb-bg-size:cover;--awb-width-large:50%;--awb-margin-top-large:0px;--awb-spacing-right-large:3.84%;--awb-margin-bottom-large:20px;--awb-spacing-left-large:3.84%;--awb-width-medium:50%;--awb-order-medium:0;--awb-spacing-right-medium:3.84%;--awb-spacing-left-medium:3.84%;--awb-width-small:100%;--awb-order-small:0;--awb-spacing-right-small:1.92%;--awb-spacing-left-small:1.92%;--awb-sticky-offset:20px;\"><div class=\"fusion-column-wrapper fusion-column-has-shadow fusion-flex-justify-content-flex-start fusion-content-layout-column\"><div class=\"fusion-text fusion-text-22\"><p><span class=\"translation-block\"><span context=\"dropcap-2\"><span class=\"fusion-dropcap dropcap Initiale\">F<\/span><\/span><\/span>ast 60 Jahre sp\u00e4ter untersucht Hanna Strzoda, Provenienzforscherin am Zentralarchiv der Staatlichen Museen zu Berlin, die \u201eSammlung der Zeichnungen\u201c. In den Erwerbungsunterlagen der Zeichnung von Jakob Philipp Hackert st\u00f6\u00dft sie auf die Visitenkarte von Friedrich Guttsmann. Sie findet heraus, dass der Vorbesitzer des Bildes j\u00fcdisch war, und verfolgt die Spur weiter ins Entsch\u00e4digungsamt. Hier erh\u00e4rtet sich der Verdacht auf einen NS-verfolgungsbedingten Verkauf.<\/p>\n<p>Die Stiftung Preu\u00dfischer Kulturbesitz sucht daher die Nachkommen von Friedrich Guttsmann und gibt die Zeichnung zur\u00fcck.<\/p>\n<\/div><\/div><\/div><\/div><\/div><div class=\"fusion-fullwidth fullwidth-box fusion-builder-row-26 fusion-flex-container has-pattern-background has-mask-background nonhundred-percent-fullwidth non-hundred-percent-height-scrolling fusion-custom-z-index\" style=\"--awb-border-radius-top-left:0px;--awb-border-radius-top-right:0px;--awb-border-radius-bottom-right:0px;--awb-border-radius-bottom-left:0px;--awb-z-index:1000;--awb-padding-top:50px;--awb-padding-bottom:50px;--awb-padding-top-small:25px;--awb-padding-bottom-small:25px;--awb-margin-top:0px;--awb-margin-bottom:0px;--awb-flex-wrap:wrap;\" ><div class=\"fusion-builder-row fusion-row fusion-flex-align-items-flex-start fusion-flex-justify-content-flex-end fusion-flex-content-wrap\" style=\"max-width:1497.6px;margin-left: calc(-4% \/ 2 );margin-right: calc(-4% \/ 2 );\"><div class=\"fusion-layout-column fusion_builder_column fusion-builder-column-39 fusion_builder_column_1_1 1_1 fusion-flex-column\" style=\"--awb-bg-size:cover;--awb-width-large:100%;--awb-margin-top-large:0px;--awb-spacing-right-large:1.92%;--awb-margin-bottom-large:20px;--awb-spacing-left-large:1.92%;--awb-width-medium:100%;--awb-order-medium:0;--awb-spacing-right-medium:1.92%;--awb-spacing-left-medium:1.92%;--awb-width-small:100%;--awb-order-small:0;--awb-spacing-right-small:1.92%;--awb-spacing-left-small:1.92%;\"><div class=\"fusion-column-wrapper fusion-column-has-shadow fusion-flex-justify-content-flex-start fusion-content-layout-column\"><div class=\"fusion-image-element awb-imageframe-style awb-imageframe-style-below awb-imageframe-style-14\" style=\"--awb-margin-top:0px;--awb-margin-right:0px;--awb-margin-bottom:0px;--awb-margin-left:0px;--awb-caption-title-font-family:var(--body_typography-font-family);--awb-caption-title-font-weight:var(--body_typography-font-weight);--awb-caption-title-font-style:var(--body_typography-font-style);--awb-caption-title-size:var(--body_typography-font-size);--awb-caption-title-transform:var(--body_typography-text-transform);--awb-caption-title-line-height:var(--body_typography-line-height);--awb-caption-title-letter-spacing:var(--body_typography-letter-spacing);\"><span class=\" fusion-imageframe imageframe-none imageframe-14 hover-type-none\"><img decoding=\"async\" width=\"2560\" height=\"1773\" alt=\"Zeichnung. Meer mit hohen Wellen, darauf ein Segelschiff, rechts hohe Felsen, davor am Strand drei M\u00e4nner.\" title=\"Jakob Philipp Hackert: Auf Hiddensee, Tuschpinselzeichnung, 1764\" src=\"https:\/\/kunst-raub-rueckgabe.de\/wp-content\/uploads\/2023\/09\/Hackert-Zeichnung-Hiddensee-SMB-scaled.jpg\" class=\"img-responsive wp-image-2496\" srcset=\"https:\/\/kunst-raub-rueckgabe.de\/wp-content\/uploads\/2023\/09\/Hackert-Zeichnung-Hiddensee-SMB-200x139.jpg 200w, https:\/\/kunst-raub-rueckgabe.de\/wp-content\/uploads\/2023\/09\/Hackert-Zeichnung-Hiddensee-SMB-400x277.jpg 400w, https:\/\/kunst-raub-rueckgabe.de\/wp-content\/uploads\/2023\/09\/Hackert-Zeichnung-Hiddensee-SMB-600x416.jpg 600w, https:\/\/kunst-raub-rueckgabe.de\/wp-content\/uploads\/2023\/09\/Hackert-Zeichnung-Hiddensee-SMB-800x554.jpg 800w, https:\/\/kunst-raub-rueckgabe.de\/wp-content\/uploads\/2023\/09\/Hackert-Zeichnung-Hiddensee-SMB-1200x831.jpg 1200w, https:\/\/kunst-raub-rueckgabe.de\/wp-content\/uploads\/2023\/09\/Hackert-Zeichnung-Hiddensee-SMB-scaled.jpg 2560w\" sizes=\"(max-width: 640px) 100vw, 2560px\" \/><\/span><div class=\"awb-imageframe-caption-container\"><div class=\"awb-imageframe-caption\"><div class=\"awb-imageframe-caption-title\">Jakob Philipp Hackert: Auf Hiddensee, Tuschpinselzeichnung, 1764. 2019 restituiert.<\/div><p class=\"awb-imageframe-caption-text\">Staatliche Museen zu Berlin, Kupferstichkabinett \/ J\u00f6rg P. Anders <\/p><\/div><\/div><\/div><\/div><\/div><\/div><\/div><div class=\"fusion-fullwidth fullwidth-box fusion-builder-row-27 fusion-flex-container has-pattern-background has-mask-background nonhundred-percent-fullwidth non-hundred-percent-height-scrolling\" style=\"--awb-border-radius-top-left:0px;--awb-border-radius-top-right:0px;--awb-border-radius-bottom-right:0px;--awb-border-radius-bottom-left:0px;--awb-padding-top:50px;--awb-padding-bottom:50px;--awb-padding-top-small:25px;--awb-padding-bottom-small:25px;--awb-margin-top:0px;--awb-margin-bottom:0px;--awb-flex-wrap:wrap;\" ><div class=\"fusion-builder-row fusion-row fusion-flex-align-items-flex-start fusion-flex-content-wrap\" style=\"max-width:1497.6px;margin-left: calc(-4% \/ 2 );margin-right: calc(-4% \/ 2 );\"><div class=\"fusion-layout-column fusion_builder_column fusion-builder-column-40 fusion_builder_column_1_2 1_2 fusion-flex-column\" style=\"--awb-padding-top:10px;--awb-bg-size:cover;--awb-width-large:50%;--awb-margin-top-large:0px;--awb-spacing-right-large:3.84%;--awb-margin-bottom-large:20px;--awb-spacing-left-large:3.84%;--awb-width-medium:50%;--awb-order-medium:0;--awb-spacing-right-medium:3.84%;--awb-spacing-left-medium:3.84%;--awb-width-small:100%;--awb-order-small:0;--awb-spacing-right-small:1.92%;--awb-margin-bottom-small:50px;--awb-spacing-left-small:1.92%;\"><div class=\"fusion-column-wrapper fusion-column-has-shadow fusion-flex-justify-content-flex-start fusion-content-layout-column\"><div class=\"fusion-image-element awb-imageframe-style awb-imageframe-style-below awb-imageframe-style-15\" style=\"--awb-caption-title-font-family:var(--body_typography-font-family);--awb-caption-title-font-weight:var(--body_typography-font-weight);--awb-caption-title-font-style:var(--body_typography-font-style);--awb-caption-title-size:var(--body_typography-font-size);--awb-caption-title-transform:var(--body_typography-text-transform);--awb-caption-title-line-height:var(--body_typography-line-height);--awb-caption-title-letter-spacing:var(--body_typography-letter-spacing);\"><span class=\" fusion-imageframe imageframe-none imageframe-15 hover-type-none\"><img decoding=\"async\" width=\"1920\" height=\"1080\" alt=\"Farbfotografie. Eine Frau h\u00e4lt ein gro\u00dfes Bild, die Bildr\u00fcckseite zeigt zum Betrachter.\" title=\"23_AKKU_Friedrich Guttsmann Projekt cf_71962653__10-06-34-10 Kopie\" src=\"https:\/\/kunst-raub-rueckgabe.de\/wp-content\/uploads\/2023\/09\/23_AKKU_Friedrich-Guttsmann-Projekt-cf_71962653__10-06-34-10-Kopie.jpg\" class=\"img-responsive wp-image-2443\" srcset=\"https:\/\/kunst-raub-rueckgabe.de\/wp-content\/uploads\/2023\/09\/23_AKKU_Friedrich-Guttsmann-Projekt-cf_71962653__10-06-34-10-Kopie-200x113.jpg 200w, https:\/\/kunst-raub-rueckgabe.de\/wp-content\/uploads\/2023\/09\/23_AKKU_Friedrich-Guttsmann-Projekt-cf_71962653__10-06-34-10-Kopie-400x225.jpg 400w, https:\/\/kunst-raub-rueckgabe.de\/wp-content\/uploads\/2023\/09\/23_AKKU_Friedrich-Guttsmann-Projekt-cf_71962653__10-06-34-10-Kopie-600x338.jpg 600w, https:\/\/kunst-raub-rueckgabe.de\/wp-content\/uploads\/2023\/09\/23_AKKU_Friedrich-Guttsmann-Projekt-cf_71962653__10-06-34-10-Kopie-800x450.jpg 800w, https:\/\/kunst-raub-rueckgabe.de\/wp-content\/uploads\/2023\/09\/23_AKKU_Friedrich-Guttsmann-Projekt-cf_71962653__10-06-34-10-Kopie-1200x675.jpg 1200w, https:\/\/kunst-raub-rueckgabe.de\/wp-content\/uploads\/2023\/09\/23_AKKU_Friedrich-Guttsmann-Projekt-cf_71962653__10-06-34-10-Kopie.jpg 1920w\" sizes=\"(max-width: 640px) 100vw, 800px\" \/><\/span><div class=\"awb-imageframe-caption-container\"><div class=\"awb-imageframe-caption\"><div class=\"awb-imageframe-caption-title\">Ann-Charlott M\u00f6rner mit der offenen R\u00fcckseite der Hackert-Zeichnung. <\/div><p class=\"awb-imageframe-caption-text\">Foto: rbb<\/p><\/div><\/div><\/div><\/div><\/div><div class=\"fusion-layout-column fusion_builder_column fusion-builder-column-41 awb-sticky awb-sticky-small awb-sticky-medium awb-sticky-large fusion_builder_column_1_2 1_2 fusion-flex-column\" style=\"--awb-bg-size:cover;--awb-width-large:50%;--awb-margin-top-large:0px;--awb-spacing-right-large:3.84%;--awb-margin-bottom-large:20px;--awb-spacing-left-large:3.84%;--awb-width-medium:50%;--awb-order-medium:0;--awb-spacing-right-medium:3.84%;--awb-spacing-left-medium:3.84%;--awb-width-small:100%;--awb-order-small:0;--awb-spacing-right-small:1.92%;--awb-spacing-left-small:1.92%;\" data-scroll-devices=\"small-visibility,medium-visibility,large-visibility\"><div class=\"fusion-column-wrapper fusion-column-has-shadow fusion-flex-justify-content-flex-start fusion-content-layout-column\"><div class=\"fusion-text fusion-text-23\"><p><span class=\"fusion-dropcap dropcap Initiale\">A<\/span>nn-Charlott M\u00f6rner, die Tochter von Friedrichs j\u00fcngerem Sohn Wolfgang, hat ihren Gro\u00dfvater nicht mehr kennengelernt, denn er starb vor ihrer Geburt. Aber auch die anderen Familienmitglieder sprachen nicht von der Vergangenheit, den schrecklichen Jahren, in denen die Familie zerrissen war und unter \u00e4u\u00dferster Bedrohung lebte.<\/p>\n<p>Die Restitution der Hackert-Zeichnung im Jahr 2019 war Ansto\u00df, sich mit der Familiengeschichte zu besch\u00e4ftigen, die sich seitdem wie ein Puzzle zusammensetzt. Ann-Charlott M\u00f6rner ist es wichtig, \u00fcber diese Geschichte zu sprechen:<\/p>\n<h4 class=\"fusion-responsive-typography-calculated\" style=\"--fontsize: 24; line-height: 1.2;\" data-fontsize=\"24\" data-lineheight=\"28.8px\">\u201eDamit wir nicht vergessen.\u201c<\/h4>\n<\/div><\/div><\/div><\/div><\/div><div class=\"fusion-fullwidth fullwidth-box fusion-builder-row-28 fusion-flex-container has-pattern-background has-mask-background nonhundred-percent-fullwidth non-hundred-percent-height-scrolling\" style=\"--awb-border-radius-top-left:0px;--awb-border-radius-top-right:0px;--awb-border-radius-bottom-right:0px;--awb-border-radius-bottom-left:0px;--awb-padding-top:21px;--awb-flex-wrap:wrap;\" ><div class=\"fusion-builder-row fusion-row fusion-flex-align-items-flex-start fusion-flex-content-wrap\" style=\"max-width:1497.6px;margin-left: calc(-4% \/ 2 );margin-right: calc(-4% \/ 2 );\"><div class=\"fusion-layout-column fusion_builder_column fusion-builder-column-42 fusion_builder_column_1_1 1_1 fusion-flex-column\" style=\"--awb-bg-size:cover;--awb-width-large:100%;--awb-margin-top-large:0px;--awb-spacing-right-large:1.92%;--awb-margin-bottom-large:20px;--awb-spacing-left-large:1.92%;--awb-width-medium:100%;--awb-order-medium:0;--awb-spacing-right-medium:1.92%;--awb-spacing-left-medium:1.92%;--awb-width-small:100%;--awb-order-small:0;--awb-spacing-right-small:1.92%;--awb-spacing-left-small:1.92%;\"><div class=\"fusion-column-wrapper fusion-column-has-shadow fusion-flex-justify-content-flex-start fusion-content-layout-column\"><div class=\"fusion-title title fusion-title-11 fusion-sep-none fusion-title-center fusion-title-text fusion-title-size-four\" style=\"--awb-margin-top-small:10px;--awb-margin-right-small:0px;--awb-margin-bottom-small:10px;--awb-margin-left-small:0px;\"><h4 class=\"fusion-title-heading title-heading-center fusion-responsive-typography-calculated\" style=\"margin:0;--fontSize:24;--minFontSize:24;line-height:var(--awb-typography1-line-height);\">1951 stellte Friedrich Guttsmann einen Antrag auf Entsch\u00e4digung. Alle oben genannten Zitate von ihm sind aus seinen Lebensl\u00e4ufen, die er dem Antrag hinzuf\u00fcgte (Berlin, Landesamt f\u00fcr B\u00fcrger- und Ordnungsangelegenheiten, Entsch\u00e4digungsamt, Reg. 50.917).<\/h4><\/div><\/div><\/div><\/div><\/div><div class=\"fusion-fullwidth fullwidth-box fusion-builder-row-29 fusion-flex-container has-pattern-background has-mask-background nonhundred-percent-fullwidth non-hundred-percent-height-scrolling fusion-custom-z-index\" style=\"--awb-border-radius-top-left:0px;--awb-border-radius-top-right:0px;--awb-border-radius-bottom-right:0px;--awb-border-radius-bottom-left:0px;--awb-z-index:1000;--awb-padding-top:50px;--awb-padding-bottom:50px;--awb-padding-top-small:25px;--awb-padding-bottom-small:25px;--awb-margin-top:0px;--awb-margin-bottom:0px;--awb-flex-wrap:wrap;\" ><div class=\"fusion-builder-row fusion-row fusion-flex-align-items-flex-start fusion-flex-justify-content-center fusion-flex-content-wrap\" style=\"max-width:1497.6px;margin-left: calc(-4% \/ 2 );margin-right: calc(-4% \/ 2 );\"><div class=\"fusion-layout-column fusion_builder_column fusion-builder-column-43 fusion_builder_column_1_1 1_1 fusion-flex-column\" style=\"--awb-bg-size:cover;--awb-width-large:100%;--awb-margin-top-large:0px;--awb-spacing-right-large:1.92%;--awb-margin-bottom-large:0px;--awb-spacing-left-large:1.92%;--awb-width-medium:100%;--awb-order-medium:0;--awb-spacing-right-medium:1.92%;--awb-spacing-left-medium:1.92%;--awb-width-small:100%;--awb-order-small:0;--awb-spacing-right-small:1.92%;--awb-spacing-left-small:1.92%;\"><div class=\"fusion-column-wrapper fusion-column-has-shadow fusion-flex-justify-content-flex-start fusion-content-layout-column\"><div class=\"fusion-text fusion-text-24\"><h3 style=\"text-align: center;\">Beitrag des Rundfunks Berlin-Brandenburg \u00fcber Friedrich Guttsmann<\/h3>\n<\/div><div class=\"fusion-video fusion-vimeo\" style=\"--awb-max-width:1920px;--awb-max-height:1080px;--awb-margin-top:0px;--awb-margin-bottom:0px;\"><div class=\"video-shortcode\"><div class=\"fluid-width-video-wrapper\" style=\"padding-top:56.25%;\" ><iframe data-privacy-type=\"vimeo\" src=\"\" class=\"fusion-hidden lazyload\" title=\"Vimeo video player 1\" data-privacy-src=\"https:\/\/player.vimeo.com\/video\/850116459?autoplay=0&amp;rel=0&amp;byline=0&amp;portrait=0&amp;autopause=0\" data-orig-src=\"https:\/\/player.vimeo.com\/video\/850116459?autoplay=0&amp;rel=0&amp;byline=0&amp;portrait=0&amp;autopause=0\" width=\"1920\" height=\"1080\" allowfullscreen allow=\"autoplay; fullscreen\"><\/iframe><div class=\"fusion-privacy-placeholder\" style=\"width:1920px; height:1080px;\" data-privacy-type=\"vimeo\"><div class=\"fusion-privacy-placeholder-content\"><div class=\"fusion-privacy-label\">For privacy reasons Vimeo needs your permission to be loaded.<\/div><button data-privacy-type=\"vimeo\" class=\"fusion-button button-default fusion-button-default-size button fusion-privacy-consent\">I Accept<\/button><\/div><\/div><\/div><\/div><\/div><\/div><\/div><\/div><\/div><div class=\"fusion-fullwidth fullwidth-box fusion-builder-row-30 fusion-flex-container has-pattern-background has-mask-background nonhundred-percent-fullwidth non-hundred-percent-height-scrolling fusion-custom-z-index\" style=\"--link_hover_color: var(--awb-color5);--awb-border-radius-top-left:0px;--awb-border-radius-top-right:0px;--awb-border-radius-bottom-right:0px;--awb-border-radius-bottom-left:0px;--awb-z-index:100;--awb-padding-top:50px;--awb-padding-bottom:50px;--awb-margin-top:0px;--awb-margin-bottom:0px;--awb-flex-wrap:wrap;\" ><div class=\"fusion-builder-row fusion-row fusion-flex-align-items-flex-start fusion-flex-content-wrap\" style=\"max-width:1497.6px;margin-left: calc(-4% \/ 2 );margin-right: calc(-4% \/ 2 );\"><div class=\"fusion-layout-column fusion_builder_column fusion-builder-column-44 awb-sticky awb-sticky-medium awb-sticky-large fusion_builder_column_1_2 1_2 fusion-flex-column\" style=\"--awb-bg-size:cover;--awb-width-large:50%;--awb-margin-top-large:0px;--awb-spacing-right-large:3.84%;--awb-margin-bottom-large:0px;--awb-spacing-left-large:3.84%;--awb-width-medium:50%;--awb-order-medium:0;--awb-spacing-right-medium:3.84%;--awb-spacing-left-medium:3.84%;--awb-width-small:100%;--awb-order-small:0;--awb-spacing-right-small:1.92%;--awb-spacing-left-small:1.92%;--awb-sticky-offset:20px;\"><div class=\"fusion-column-wrapper fusion-column-has-shadow fusion-flex-justify-content-flex-start fusion-content-layout-column\"><div class=\"fusion-title title fusion-title-12 fusion-sep-none fusion-title-text fusion-title-size-two kein-inhalt\" style=\"--awb-margin-top-small:10px;--awb-margin-right-small:0px;--awb-margin-bottom-small:10px;--awb-margin-left-small:0px;\"><h2 class=\"fusion-title-heading title-heading-left fusion-responsive-typography-calculated\" style=\"margin:0;--fontSize:40;line-height:var(--awb-typography1-line-height);\"><h2 class=\"fusion-responsive-typography-calculated\" data-fontsize=\"40\" data-lineheight=\"48px\">Weitere Links<\/h2><\/h2><\/div><div class=\"fusion-text fusion-text-25\"><p><a href=\"https:\/\/www.proveana.de\/de\/person\/guttsmann-friedrich\" target=\"_blank\" rel=\"noopener\">Eintrag auf Proveana \u2192<\/a><\/p>\n<p><a href=\"https:\/\/www.preussischer-kulturbesitz.de\/pressemitteilung\/artikel\/2019\/04\/30\/zeichnung-von-jakob-philipp-hackert-aus-dem-kupferstichkabinett-restituiert.html\" target=\"_blank\" rel=\"noopener\">Pressemitteilung der Stiftung Preu\u00dfischer Kulturbesitz, 30. April 2019 \u2192<\/a><\/p>\n<p><a href=\"https:\/\/youtu.be\/YJKneQ-kcb4\" target=\"_blank\" rel=\"noopener\">Ann-Charlott M\u00f6rner im Gespr\u00e4ch mit Shelly Kupferberg, 23. Februar 2023 (ab Min. 1:07:45) \u2192 <\/a><\/p>\n<\/div><\/div><\/div><\/div><\/div><\/p>\n","protected":false},"excerpt":{"rendered":"","protected":false},"author":6,"featured_media":2551,"menu_order":0,"comment_status":"closed","ping_status":"closed","template":"","format":"standard","meta":{"_acf_changed":false,"inline_featured_image":false,"footnotes":""},"portfolio_category":[],"portfolio_skills":[],"portfolio_tags":[],"class_list":["post-2446","avada_portfolio","type-avada_portfolio","status-publish","format-standard","has-post-thumbnail","hentry"],"acf":[],"_links":{"self":[{"href":"https:\/\/kunst-raub-rueckgabe.de\/en\/wp-json\/wp\/v2\/avada_portfolio\/2446","targetHints":{"allow":["GET"]}}],"collection":[{"href":"https:\/\/kunst-raub-rueckgabe.de\/en\/wp-json\/wp\/v2\/avada_portfolio"}],"about":[{"href":"https:\/\/kunst-raub-rueckgabe.de\/en\/wp-json\/wp\/v2\/types\/avada_portfolio"}],"author":[{"embeddable":true,"href":"https:\/\/kunst-raub-rueckgabe.de\/en\/wp-json\/wp\/v2\/users\/6"}],"replies":[{"embeddable":true,"href":"https:\/\/kunst-raub-rueckgabe.de\/en\/wp-json\/wp\/v2\/comments?post=2446"}],"version-history":[{"count":217,"href":"https:\/\/kunst-raub-rueckgabe.de\/en\/wp-json\/wp\/v2\/avada_portfolio\/2446\/revisions"}],"predecessor-version":[{"id":5712,"href":"https:\/\/kunst-raub-rueckgabe.de\/en\/wp-json\/wp\/v2\/avada_portfolio\/2446\/revisions\/5712"}],"wp:featuredmedia":[{"embeddable":true,"href":"https:\/\/kunst-raub-rueckgabe.de\/en\/wp-json\/wp\/v2\/media\/2551"}],"wp:attachment":[{"href":"https:\/\/kunst-raub-rueckgabe.de\/en\/wp-json\/wp\/v2\/media?parent=2446"}],"wp:term":[{"taxonomy":"portfolio_category","embeddable":true,"href":"https:\/\/kunst-raub-rueckgabe.de\/en\/wp-json\/wp\/v2\/portfolio_category?post=2446"},{"taxonomy":"portfolio_skills","embeddable":true,"href":"https:\/\/kunst-raub-rueckgabe.de\/en\/wp-json\/wp\/v2\/portfolio_skills?post=2446"},{"taxonomy":"portfolio_tags","embeddable":true,"href":"https:\/\/kunst-raub-rueckgabe.de\/en\/wp-json\/wp\/v2\/portfolio_tags?post=2446"}],"curies":[{"name":"wp","href":"https:\/\/api.w.org\/{rel}","templated":true}]}}