{"id":2517,"date":"2023-09-18T10:13:00","date_gmt":"2023-09-18T08:13:00","guid":{"rendered":"https:\/\/kunst-raub-rueckgabe.de\/?post_type=avada_portfolio&#038;p=2517"},"modified":"2024-12-19T10:43:57","modified_gmt":"2024-12-19T09:43:57","slug":"flersheim-family","status":"publish","type":"avada_portfolio","link":"https:\/\/kunst-raub-rueckgabe.de\/en\/biografie\/familie-flersheim\/","title":{"rendered":"Now sit still, Jakob Nussbaum is coming!"},"content":{"rendered":"<p><div class=\"fusion-fullwidth fullwidth-box fusion-builder-row-1 fusion-flex-container has-pattern-background has-mask-background nonhundred-percent-fullwidth non-hundred-percent-height-scrolling\" style=\"--awb-border-radius-top-left:0px;--awb-border-radius-top-right:0px;--awb-border-radius-bottom-right:0px;--awb-border-radius-bottom-left:0px;--awb-padding-top:100px;--awb-padding-bottom:100px;--awb-padding-top-small:25px;--awb-padding-bottom-small:25px;--awb-flex-wrap:wrap;\" ><div class=\"fusion-builder-row fusion-row fusion-flex-align-items-flex-start fusion-flex-content-wrap\" style=\"max-width:1497.6px;margin-left: calc(-4% \/ 2 );margin-right: calc(-4% \/ 2 );\"><div class=\"fusion-layout-column fusion_builder_column fusion-builder-column-0 fusion_builder_column_1_2 1_2 fusion-flex-column\" style=\"--awb-bg-size:cover;--awb-width-large:50%;--awb-margin-top-large:0px;--awb-spacing-right-large:3.84%;--awb-margin-bottom-large:20px;--awb-spacing-left-large:3.84%;--awb-width-medium:50%;--awb-order-medium:0;--awb-spacing-right-medium:3.84%;--awb-spacing-left-medium:3.84%;--awb-width-small:100%;--awb-order-small:1;--awb-spacing-right-small:1.92%;--awb-spacing-left-small:1.92%;\"><div class=\"fusion-column-wrapper fusion-column-has-shadow fusion-flex-justify-content-flex-start fusion-content-layout-block\"><div class=\"fusion-image-element awb-imageframe-style awb-imageframe-style-below awb-imageframe-style-1 in-legacy-container\" style=\"--awb-caption-text-size:var(--awb-typography5-font-size);--awb-caption-text-transform:var(--awb-typography5-text-transform);--awb-caption-text-line-height:var(--awb-typography5-line-height);--awb-caption-text-letter-spacing:var(--awb-typography5-letter-spacing);--awb-caption-margin-top:10px;--awb-caption-title-font-family:var(--awb-typography5-font-family);--awb-caption-title-font-weight:var(--awb-typography5-font-weight);--awb-caption-title-font-style:var(--awb-typography5-font-style);--awb-caption-title-size:var(--awb-typography5-font-size);--awb-caption-title-transform:var(--awb-typography5-text-transform);--awb-caption-title-line-height:var(--awb-typography5-line-height);--awb-caption-title-letter-spacing:var(--awb-typography5-letter-spacing);--awb-caption-text-font-family:var(--awb-typography5-font-family);--awb-caption-text-font-weight:var(--awb-typography5-font-weight);--awb-caption-text-font-style:var(--awb-typography5-font-style);\"><span class=\" fusion-imageframe imageframe-none imageframe-1 hover-type-none zoooom\"><img decoding=\"async\" width=\"1920\" height=\"2560\" alt=\"Gem\u00e4lde im Stil des Impressionismus, das eine Familie - Martin, Florence und die S\u00f6hne Herbert und Fritz zeigt.\" title=\"Nussbaum_Flersheim_Familie\" src=\"https:\/\/kunst-raub-rueckgabe.de\/wp-content\/uploads\/2023\/09\/Nussbaum_Flersheim_Familie-scaled.jpg\" class=\"img-responsive wp-image-2539\" srcset=\"https:\/\/kunst-raub-rueckgabe.de\/wp-content\/uploads\/2023\/09\/Nussbaum_Flersheim_Familie-200x267.jpg 200w, https:\/\/kunst-raub-rueckgabe.de\/wp-content\/uploads\/2023\/09\/Nussbaum_Flersheim_Familie-400x533.jpg 400w, https:\/\/kunst-raub-rueckgabe.de\/wp-content\/uploads\/2023\/09\/Nussbaum_Flersheim_Familie-600x800.jpg 600w, https:\/\/kunst-raub-rueckgabe.de\/wp-content\/uploads\/2023\/09\/Nussbaum_Flersheim_Familie-800x1067.jpg 800w, https:\/\/kunst-raub-rueckgabe.de\/wp-content\/uploads\/2023\/09\/Nussbaum_Flersheim_Familie-1200x1600.jpg 1200w, https:\/\/kunst-raub-rueckgabe.de\/wp-content\/uploads\/2023\/09\/Nussbaum_Flersheim_Familie-scaled.jpg 1920w\" sizes=\"(max-width: 640px) 100vw, 800px\" \/><\/span><div class=\"awb-imageframe-caption-container\"><div class=\"awb-imageframe-caption\"><div class=\"awb-imageframe-caption-title\">Jakob Nussbaum: Familie Flersheim, 1904. <\/div><p class=\"awb-imageframe-caption-text\">Historisches Museum Frankfurt am Main \/ Horst Ziegenfusz<\/p><\/div><\/div><\/div><\/div><\/div><div class=\"fusion-layout-column fusion_builder_column fusion-builder-column-1 awb-sticky awb-sticky-medium awb-sticky-large fusion_builder_column_1_2 1_2 fusion-flex-column\" style=\"--awb-bg-size:cover;--awb-width-large:50%;--awb-margin-top-large:0px;--awb-spacing-right-large:3.84%;--awb-margin-bottom-large:20px;--awb-spacing-left-large:3.84%;--awb-width-medium:50%;--awb-order-medium:0;--awb-spacing-right-medium:3.84%;--awb-spacing-left-medium:3.84%;--awb-width-small:100%;--awb-order-small:0;--awb-spacing-right-small:1.92%;--awb-spacing-left-small:1.92%;--awb-sticky-offset:20px;\"><div class=\"fusion-column-wrapper fusion-column-has-shadow fusion-flex-justify-content-flex-start fusion-content-layout-column\"><div class=\"fusion-text fusion-text-1\"><h3>Gl\u00fcckliche Tage<\/h3>\n<p>Eine Familie im Garten. Die Mutter im Mittelpunkt, in einem hellen Sommerkleid, die Haare hoch frisiert. Der Vater steht entspannt daneben. Stundenlang still sitzen, um gemalt zu werden &#8211; die beiden S\u00f6hne scheinen nicht so recht zu wissen, was sie davon halten sollen. Die Sonne schimmert im gr\u00fcnen Laub &#8211; ein sch\u00f6ner Sommertag in Frankfurt am Main im Jahr 1904.<\/p>\n<\/div><\/div><\/div><\/div><\/div><div class=\"fusion-fullwidth fullwidth-box fusion-builder-row-2 fusion-flex-container has-pattern-background has-mask-background nonhundred-percent-fullwidth non-hundred-percent-height-scrolling\" style=\"--awb-border-radius-top-left:0px;--awb-border-radius-top-right:0px;--awb-border-radius-bottom-right:0px;--awb-border-radius-bottom-left:0px;--awb-padding-top:50px;--awb-padding-bottom:50px;--awb-padding-top-small:25px;--awb-padding-bottom-small:25px;--awb-margin-top:0px;--awb-margin-bottom:0px;--awb-flex-wrap:wrap;\" ><div class=\"fusion-builder-row fusion-row fusion-flex-align-items-flex-start fusion-flex-content-wrap\" style=\"max-width:1497.6px;margin-left: calc(-4% \/ 2 );margin-right: calc(-4% \/ 2 );\"><div class=\"fusion-layout-column fusion_builder_column fusion-builder-column-2 fusion_builder_column_1_2 1_2 fusion-flex-column\" style=\"--awb-padding-top:10px;--awb-bg-size:cover;--awb-width-large:50%;--awb-margin-top-large:0px;--awb-spacing-right-large:3.84%;--awb-margin-bottom-large:20px;--awb-spacing-left-large:3.84%;--awb-width-medium:50%;--awb-order-medium:0;--awb-spacing-right-medium:3.84%;--awb-spacing-left-medium:3.84%;--awb-width-small:100%;--awb-order-small:0;--awb-spacing-right-small:1.92%;--awb-margin-bottom-small:50px;--awb-spacing-left-small:1.92%;\"><div class=\"fusion-column-wrapper fusion-column-has-shadow fusion-flex-justify-content-flex-start fusion-content-layout-column\"><div class=\"fusion-image-element awb-imageframe-style awb-imageframe-style-below awb-imageframe-style-2\" style=\"--awb-caption-title-font-family:var(--body_typography-font-family);--awb-caption-title-font-weight:var(--body_typography-font-weight);--awb-caption-title-font-style:var(--body_typography-font-style);--awb-caption-title-size:var(--body_typography-font-size);--awb-caption-title-transform:var(--body_typography-text-transform);--awb-caption-title-line-height:var(--body_typography-line-height);--awb-caption-title-letter-spacing:var(--body_typography-letter-spacing);\"><span class=\" fusion-imageframe imageframe-none imageframe-2 hover-type-none zoooom\"><img decoding=\"async\" width=\"1911\" height=\"2560\" alt=\"Gem\u00e4lde im Stil des Impressionismus, das den Maler Jakob Nussbaum zeigt, gekleidet in einen hellen Anzug mit Krawatte und einen Malerkittel. Er h\u00e4lt in der linken Hand eine Palette, in der rechten Hand einen Pinsel.\" title=\"Mit Flersheims befreundet: Der Maler Jakob Nussbaum, hier gemalt von Ottilie Roederstein (1909)\" src=\"https:\/\/kunst-raub-rueckgabe.de\/wp-content\/uploads\/2023\/09\/1909_Roederstein_Portrait_Jakob_Nussbaum-1-scaled.jpg\" class=\"img-responsive wp-image-2525\" srcset=\"https:\/\/kunst-raub-rueckgabe.de\/wp-content\/uploads\/2023\/09\/1909_Roederstein_Portrait_Jakob_Nussbaum-1-200x268.jpg 200w, https:\/\/kunst-raub-rueckgabe.de\/wp-content\/uploads\/2023\/09\/1909_Roederstein_Portrait_Jakob_Nussbaum-1-400x536.jpg 400w, https:\/\/kunst-raub-rueckgabe.de\/wp-content\/uploads\/2023\/09\/1909_Roederstein_Portrait_Jakob_Nussbaum-1-600x804.jpg 600w, https:\/\/kunst-raub-rueckgabe.de\/wp-content\/uploads\/2023\/09\/1909_Roederstein_Portrait_Jakob_Nussbaum-1-800x1071.jpg 800w, https:\/\/kunst-raub-rueckgabe.de\/wp-content\/uploads\/2023\/09\/1909_Roederstein_Portrait_Jakob_Nussbaum-1-1200x1607.jpg 1200w, https:\/\/kunst-raub-rueckgabe.de\/wp-content\/uploads\/2023\/09\/1909_Roederstein_Portrait_Jakob_Nussbaum-1-scaled.jpg 1911w\" sizes=\"(max-width: 640px) 100vw, 800px\" \/><\/span><div class=\"awb-imageframe-caption-container\"><div class=\"awb-imageframe-caption\"><div class=\"awb-imageframe-caption-title\">Ottilie Roederstein: Bildnis des Malers Jakob Nussbaum, 1909.<\/div><p class=\"awb-imageframe-caption-text\">Public domain, \u00fcber Wikimedia Commons \ud83d\udd0d \u00dcber das Bild mit der Maus fahren, um zu vergr\u00f6\u00dfern <\/p><\/div><\/div><\/div><\/div><\/div><div class=\"fusion-layout-column fusion_builder_column fusion-builder-column-3 awb-sticky awb-sticky-small awb-sticky-medium awb-sticky-large fusion_builder_column_1_2 1_2 fusion-flex-column\" style=\"--awb-bg-size:cover;--awb-width-large:50%;--awb-margin-top-large:0px;--awb-spacing-right-large:3.84%;--awb-margin-bottom-large:20px;--awb-spacing-left-large:3.84%;--awb-width-medium:50%;--awb-order-medium:0;--awb-spacing-right-medium:3.84%;--awb-spacing-left-medium:3.84%;--awb-width-small:100%;--awb-order-small:0;--awb-spacing-right-small:1.92%;--awb-spacing-left-small:1.92%;--awb-sticky-offset:20px;\"><div class=\"fusion-column-wrapper fusion-column-has-shadow fusion-flex-justify-content-flex-start fusion-content-layout-column\"><div class=\"fusion-text fusion-text-2\"><h2>Ein Treffpunkt f\u00fcr Kunstfreunde<\/h2>\n<p>Die Frau im hellen Kleid ist Florence Mary Flersheim, geborene Livingstone, eine Amerikanerin aus San Francisco. Sie ist mit dem Frankfurter Unternehmer Martin Flersheim verheiratet und sie haben zwei S\u00f6hne, Herbert und Fritz. Der j\u00fcdische K\u00fcnstler Jakob Nussbaum, der das Familienportr\u00e4t malt, ist ein Freund der Familie. So erinnert sich der Direktor der Frankfurter St\u00e4dtischen Galerie, Alfred Wolters: \u201eIch habe Nussbaum, solange er noch in Frankfurt war, sehr viel gesehen, beispielsweise an den Sonntag-Abenden im Hause Martin Flersheim, des leidenschaftlichen Kunstfreundes, Kunstsammlers, M\u00e4zens, in dessen sch\u00f6nem Haus mit dem pomp\u00f6sen Galerie-Anbau sich alle Frankfurter trafen, f\u00fcr die der Umgang mit Kunst ernsthafte Bedeutung hatte.\u201c<\/p>\n<\/div><\/div><\/div><\/div><\/div><div class=\"fusion-fullwidth fullwidth-box fusion-builder-row-3 fusion-flex-container has-pattern-background has-mask-background nonhundred-percent-fullwidth non-hundred-percent-height-scrolling\" style=\"--awb-border-radius-top-left:0px;--awb-border-radius-top-right:0px;--awb-border-radius-bottom-right:0px;--awb-border-radius-bottom-left:0px;--awb-padding-top:60px;--awb-flex-wrap:wrap;\" ><div class=\"fusion-builder-row fusion-row fusion-flex-align-items-flex-start fusion-flex-content-wrap\" style=\"max-width:1497.6px;margin-left: calc(-4% \/ 2 );margin-right: calc(-4% \/ 2 );\"><div class=\"fusion-layout-column fusion_builder_column fusion-builder-column-4 fusion_builder_column_1_1 1_1 fusion-flex-column\" style=\"--awb-bg-size:cover;--awb-width-large:100%;--awb-margin-top-large:0px;--awb-spacing-right-large:1.92%;--awb-margin-bottom-large:20px;--awb-spacing-left-large:1.92%;--awb-width-medium:100%;--awb-order-medium:0;--awb-spacing-right-medium:1.92%;--awb-spacing-left-medium:1.92%;--awb-width-small:100%;--awb-order-small:0;--awb-spacing-right-small:1.92%;--awb-spacing-left-small:1.92%;\"><div class=\"fusion-column-wrapper fusion-column-has-shadow fusion-flex-justify-content-flex-start fusion-content-layout-column\"><div class=\"fusion-title title fusion-title-1 fusion-sep-none fusion-title-center fusion-title-text fusion-title-size-two\" style=\"--awb-margin-top-small:10px;--awb-margin-right-small:0px;--awb-margin-bottom-small:10px;--awb-margin-left-small:0px;\"><h2 class=\"fusion-title-heading title-heading-center fusion-responsive-typography-calculated\" style=\"margin:0;--fontSize:40;line-height:var(--awb-typography1-line-height);\">Frankfurt &#8211; Stadt der Kunst<\/h2><\/div><\/div><\/div><\/div><\/div><div class=\"fusion-fullwidth fullwidth-box fusion-builder-row-4 fusion-flex-container has-pattern-background has-mask-background nonhundred-percent-fullwidth non-hundred-percent-height-scrolling\" style=\"--awb-border-radius-top-left:0px;--awb-border-radius-top-right:0px;--awb-border-radius-bottom-right:0px;--awb-border-radius-bottom-left:0px;--awb-padding-top:50px;--awb-padding-bottom:50px;--awb-padding-top-small:25px;--awb-padding-bottom-small:25px;--awb-margin-top:0px;--awb-margin-bottom:0px;--awb-flex-wrap:wrap;\" ><div class=\"fusion-builder-row fusion-row fusion-flex-align-items-flex-start fusion-flex-content-wrap\" style=\"max-width:1497.6px;margin-left: calc(-4% \/ 2 );margin-right: calc(-4% \/ 2 );\"><div class=\"fusion-layout-column fusion_builder_column fusion-builder-column-5 fusion_builder_column_1_2 1_2 fusion-flex-column\" style=\"--awb-padding-top:10px;--awb-bg-size:cover;--awb-width-large:50%;--awb-margin-top-large:0px;--awb-spacing-right-large:3.84%;--awb-margin-bottom-large:20px;--awb-spacing-left-large:3.84%;--awb-width-medium:50%;--awb-order-medium:0;--awb-spacing-right-medium:3.84%;--awb-spacing-left-medium:3.84%;--awb-width-small:100%;--awb-order-small:0;--awb-spacing-right-small:1.92%;--awb-margin-bottom-small:50px;--awb-spacing-left-small:1.92%;\"><div class=\"fusion-column-wrapper fusion-column-has-shadow fusion-flex-justify-content-flex-start fusion-content-layout-column\"><div class=\"fusion-image-element awb-imageframe-style awb-imageframe-style-below awb-imageframe-style-3\" style=\"--awb-caption-title-font-family:var(--body_typography-font-family);--awb-caption-title-font-weight:var(--body_typography-font-weight);--awb-caption-title-font-style:var(--body_typography-font-style);--awb-caption-title-size:var(--body_typography-font-size);--awb-caption-title-transform:var(--body_typography-text-transform);--awb-caption-title-line-height:var(--body_typography-line-height);--awb-caption-title-letter-spacing:var(--body_typography-letter-spacing);\"><span class=\" fusion-imageframe imageframe-none imageframe-3 hover-type-none\"><img decoding=\"async\" width=\"796\" height=\"497\" alt=\" Historische schwarz-wei\u00df-Fotografie einer gro\u00dfen Stra\u00dfenkreuzung mit einem Springbrunnen.\" title=\"Frankfurt, Kaiserplatz\" src=\"https:\/\/kunst-raub-rueckgabe.de\/wp-content\/uploads\/2023\/09\/Bild-146-2009-0145-1-e1701441809855.jpg\" class=\"img-responsive wp-image-2557\" srcset=\"https:\/\/kunst-raub-rueckgabe.de\/wp-content\/uploads\/2023\/09\/Bild-146-2009-0145-1-e1701441809855-200x125.jpg 200w, https:\/\/kunst-raub-rueckgabe.de\/wp-content\/uploads\/2023\/09\/Bild-146-2009-0145-1-e1701441809855-400x250.jpg 400w, https:\/\/kunst-raub-rueckgabe.de\/wp-content\/uploads\/2023\/09\/Bild-146-2009-0145-1-e1701441809855-600x375.jpg 600w, https:\/\/kunst-raub-rueckgabe.de\/wp-content\/uploads\/2023\/09\/Bild-146-2009-0145-1-e1701441809855.jpg 796w\" sizes=\"(max-width: 640px) 100vw, 796px\" \/><\/span><div class=\"awb-imageframe-caption-container\"><div class=\"awb-imageframe-caption\"><div class=\"awb-imageframe-caption-title\">Der Frankfurter Kaiserplatz in den 1920er Jahren.<\/div><p class=\"awb-imageframe-caption-text\">Bundesarchiv, Bild 146-2009-0145<\/p><\/div><\/div><\/div><\/div><\/div><div class=\"fusion-layout-column fusion_builder_column fusion-builder-column-6 fusion_builder_column_1_2 1_2 fusion-flex-column\" style=\"--awb-bg-size:cover;--awb-width-large:50%;--awb-margin-top-large:0px;--awb-spacing-right-large:3.84%;--awb-margin-bottom-large:20px;--awb-spacing-left-large:3.84%;--awb-width-medium:50%;--awb-order-medium:0;--awb-spacing-right-medium:3.84%;--awb-spacing-left-medium:3.84%;--awb-width-small:100%;--awb-order-small:0;--awb-spacing-right-small:1.92%;--awb-spacing-left-small:1.92%;\"><div class=\"fusion-column-wrapper fusion-column-has-shadow fusion-flex-justify-content-flex-start fusion-content-layout-row\"><div class=\"fusion-text fusion-text-3\"><p><span style=\"color: var(--awb-text-color); font-family: var(--awb-text-font-family); font-size: var(--awb-font-size); font-style: var(--awb-text-font-style); font-weight: var(--awb-text-font-weight); letter-spacing: var(--awb-letter-spacing); text-align: var(--awb-content-alignment); text-transform: var(--awb-text-transform); background-color: var(--awb-bg-color-hover);\"><span class=\"fusion-dropcap dropcap\">F<\/span>rankfurt, als b\u00fcrgerliche Stadtrepublik, ist gepr\u00e4gt von einem gro\u00dfen Gemeinsinn. Hier sind es nicht die F\u00fcrsten, die die Museen bauen. Stattdessen f\u00f6rdert das freie B\u00fcrgertum, darunter viele j\u00fcdische B\u00fcrger:innen, die Kunst- und Kulturszene.<\/span><\/p>\n<\/div><\/div><\/div><\/div><\/div><div class=\"fusion-fullwidth fullwidth-box fusion-builder-row-5 fusion-flex-container has-pattern-background has-mask-background nonhundred-percent-fullwidth non-hundred-percent-height-scrolling\" style=\"--awb-border-radius-top-left:0px;--awb-border-radius-top-right:0px;--awb-border-radius-bottom-right:0px;--awb-border-radius-bottom-left:0px;--awb-padding-top:50px;--awb-padding-bottom:50px;--awb-padding-top-small:25px;--awb-padding-bottom-small:25px;--awb-margin-top:0px;--awb-margin-bottom:0px;--awb-flex-wrap:wrap;\" ><div class=\"fusion-builder-row fusion-row fusion-flex-align-items-flex-start fusion-flex-content-wrap\" style=\"max-width:1497.6px;margin-left: calc(-4% \/ 2 );margin-right: calc(-4% \/ 2 );\"><div class=\"fusion-layout-column fusion_builder_column fusion-builder-column-7 fusion_builder_column_1_2 1_2 fusion-flex-column\" style=\"--awb-padding-top:10px;--awb-bg-size:cover;--awb-width-large:50%;--awb-margin-top-large:0px;--awb-spacing-right-large:3.84%;--awb-margin-bottom-large:20px;--awb-spacing-left-large:3.84%;--awb-width-medium:50%;--awb-order-medium:0;--awb-spacing-right-medium:3.84%;--awb-spacing-left-medium:3.84%;--awb-width-small:100%;--awb-order-small:0;--awb-spacing-right-small:1.92%;--awb-margin-bottom-small:50px;--awb-spacing-left-small:1.92%;\"><div class=\"fusion-column-wrapper fusion-column-has-shadow fusion-flex-justify-content-flex-start fusion-content-layout-column\"><div class=\"fusion-image-element awb-imageframe-style awb-imageframe-style-below awb-imageframe-style-4\" style=\"--awb-caption-title-font-family:var(--body_typography-font-family);--awb-caption-title-font-weight:var(--body_typography-font-weight);--awb-caption-title-font-style:var(--body_typography-font-style);--awb-caption-title-size:var(--body_typography-font-size);--awb-caption-title-transform:var(--body_typography-text-transform);--awb-caption-title-line-height:var(--body_typography-line-height);--awb-caption-title-letter-spacing:var(--body_typography-letter-spacing);\"><span class=\" fusion-imageframe imageframe-none imageframe-4 hover-type-none zoooom\"><img decoding=\"async\" width=\"2560\" height=\"2289\" alt=\"\u00d6lgem\u00e4lde. Ein \u00e4lterer Mann sitzt an der Au\u00dfenwand einer Hausruine im Wald und liest. Vor ihm sitzen zwei Kaninchen. \" title=\"Martin Flersheim schenkt dem St\u00e4del das Bild \u201cDer Einsiedler vor der Klause\u201d von Carl Spitzweg (1875).\" src=\"https:\/\/kunst-raub-rueckgabe.de\/wp-content\/uploads\/2023\/09\/1354-carl_spitzweg-der_einsiedler_vor_seiner_klause-1844-1.png\" class=\"img-responsive wp-image-2572\" srcset=\"https:\/\/kunst-raub-rueckgabe.de\/wp-content\/uploads\/2023\/09\/1354-carl_spitzweg-der_einsiedler_vor_seiner_klause-1844-1-200x179.png 200w, https:\/\/kunst-raub-rueckgabe.de\/wp-content\/uploads\/2023\/09\/1354-carl_spitzweg-der_einsiedler_vor_seiner_klause-1844-1-400x358.png 400w, https:\/\/kunst-raub-rueckgabe.de\/wp-content\/uploads\/2023\/09\/1354-carl_spitzweg-der_einsiedler_vor_seiner_klause-1844-1-600x536.png 600w, https:\/\/kunst-raub-rueckgabe.de\/wp-content\/uploads\/2023\/09\/1354-carl_spitzweg-der_einsiedler_vor_seiner_klause-1844-1-800x715.png 800w, https:\/\/kunst-raub-rueckgabe.de\/wp-content\/uploads\/2023\/09\/1354-carl_spitzweg-der_einsiedler_vor_seiner_klause-1844-1-1200x1073.png 1200w, https:\/\/kunst-raub-rueckgabe.de\/wp-content\/uploads\/2023\/09\/1354-carl_spitzweg-der_einsiedler_vor_seiner_klause-1844-1.png 2560w\" sizes=\"(max-width: 640px) 100vw, 800px\" \/><\/span><div class=\"awb-imageframe-caption-container\"><div class=\"awb-imageframe-caption\"><div class=\"awb-imageframe-caption-title\">Carl Spitzweg: Der Einsiedler vor der Klause, 1875, ein Geschenk Martin Flersheims.<\/div><p class=\"awb-imageframe-caption-text\">St\u00e4del Museum, Frankfurt am Main \ud83d\udd0d \u00dcber das Bild mit der Maus fahren, um zu vergr\u00f6\u00dfern <\/p><\/div><\/div><\/div><\/div><\/div><div class=\"fusion-layout-column fusion_builder_column fusion-builder-column-8 fusion_builder_column_1_2 1_2 fusion-flex-column\" style=\"--awb-bg-size:cover;--awb-width-large:50%;--awb-margin-top-large:0px;--awb-spacing-right-large:3.84%;--awb-margin-bottom-large:20px;--awb-spacing-left-large:3.84%;--awb-width-medium:50%;--awb-order-medium:0;--awb-spacing-right-medium:3.84%;--awb-spacing-left-medium:3.84%;--awb-width-small:100%;--awb-order-small:0;--awb-spacing-right-small:1.92%;--awb-spacing-left-small:1.92%;\"><div class=\"fusion-column-wrapper fusion-column-has-shadow fusion-flex-justify-content-flex-start fusion-content-layout-column\"><div class=\"fusion-text fusion-text-4\"><p><span class=\"fusion-dropcap dropcap\">A<\/span>uch Martin Flersheim engagiert sich, unterst\u00fctzt Kunstschaffende, Kulturinstitute und Museen. So h\u00e4ngen im Kunstmuseum der Stadt Frankfurt, dem St\u00e4del, noch heute mehrere Gem\u00e4lde aus einer Schenkung von Flersheim.<\/p>\n<\/div><\/div><\/div><\/div><\/div><div class=\"fusion-fullwidth fullwidth-box fusion-builder-row-6 fusion-flex-container has-pattern-background has-mask-background nonhundred-percent-fullwidth non-hundred-percent-height-scrolling\" style=\"--awb-border-radius-top-left:0px;--awb-border-radius-top-right:0px;--awb-border-radius-bottom-right:0px;--awb-border-radius-bottom-left:0px;--awb-padding-top:60px;--awb-flex-wrap:wrap;\" ><div class=\"fusion-builder-row fusion-row fusion-flex-align-items-flex-start fusion-flex-content-wrap\" style=\"max-width:1497.6px;margin-left: calc(-4% \/ 2 );margin-right: calc(-4% \/ 2 );\"><div class=\"fusion-layout-column fusion_builder_column fusion-builder-column-9 fusion_builder_column_1_1 1_1 fusion-flex-column\" style=\"--awb-bg-size:cover;--awb-width-large:100%;--awb-margin-top-large:0px;--awb-spacing-right-large:1.92%;--awb-margin-bottom-large:20px;--awb-spacing-left-large:1.92%;--awb-width-medium:100%;--awb-order-medium:0;--awb-spacing-right-medium:1.92%;--awb-spacing-left-medium:1.92%;--awb-width-small:100%;--awb-order-small:0;--awb-spacing-right-small:1.92%;--awb-spacing-left-small:1.92%;\"><div class=\"fusion-column-wrapper fusion-column-has-shadow fusion-flex-justify-content-flex-start fusion-content-layout-column\"><div class=\"fusion-title title fusion-title-2 fusion-sep-none fusion-title-center fusion-title-text fusion-title-size-two\" style=\"--awb-margin-top-small:10px;--awb-margin-right-small:0px;--awb-margin-bottom-small:10px;--awb-margin-left-small:0px;\"><h2 class=\"fusion-title-heading title-heading-center fusion-responsive-typography-calculated\" style=\"margin:0;--fontSize:40;line-height:var(--awb-typography1-line-height);\">Die Frankfurter Unternehmerfamilie Flersheim<\/h2><\/div><\/div><\/div><\/div><\/div><div class=\"fusion-fullwidth fullwidth-box fusion-builder-row-7 fusion-flex-container has-pattern-background has-mask-background hundred-percent-fullwidth non-hundred-percent-height-scrolling\" style=\"--awb-border-radius-top-left:0px;--awb-border-radius-top-right:0px;--awb-border-radius-bottom-right:0px;--awb-border-radius-bottom-left:0px;--awb-padding-top:50px;--awb-padding-bottom:50px;--awb-padding-top-small:25px;--awb-padding-bottom-small:25px;--awb-margin-top:0px;--awb-margin-bottom:0px;--awb-flex-wrap:wrap;\" ><div class=\"fusion-builder-row fusion-row fusion-flex-align-items-flex-start fusion-flex-justify-content-flex-end fusion-flex-content-wrap\" style=\"width:104% !important;max-width:104% !important;margin-left: calc(-4% \/ 2 );margin-right: calc(-4% \/ 2 );\"><div class=\"fusion-layout-column fusion_builder_column fusion-builder-column-10 fusion_builder_column_1_2 1_2 fusion-flex-column\" style=\"--awb-bg-size:cover;--awb-width-large:50%;--awb-margin-top-large:0px;--awb-spacing-right-large:3.84%;--awb-margin-bottom-large:20px;--awb-spacing-left-large:0%;--awb-width-medium:50%;--awb-order-medium:0;--awb-spacing-right-medium:3.84%;--awb-spacing-left-medium:0%;--awb-width-small:100%;--awb-order-small:0;--awb-spacing-right-small:1.92%;--awb-spacing-left-small:1.92%;\"><div class=\"fusion-column-wrapper fusion-column-has-shadow fusion-flex-justify-content-flex-start fusion-content-layout-column\"><div class=\"fusion-text fusion-text-5\"><p><span style=\"color: var(--awb-text-color); font-family: var(--awb-text-font-family); font-size: var(--awb-font-size); font-style: var(--awb-text-font-style); font-weight: var(--awb-text-font-weight); letter-spacing: var(--awb-letter-spacing); text-align: var(--awb-content-alignment); text-transform: var(--awb-text-transform); background-color: var(--awb-bg-color-hover);\">Die Br\u00fcder Martin und <\/span><span style=\"color: var(--awb-text-color); font-family: var(--awb-text-font-family); font-size: var(--awb-font-size); font-style: var(--awb-text-font-style); font-weight: var(--awb-text-font-weight); letter-spacing: var(--awb-letter-spacing); text-align: var(--awb-content-alignment); text-transform: var(--awb-text-transform); background-color: var(--awb-bg-color-hover);\">Ernst Flersheim f\u00fchren ein erfolgreiches Importunternehmen. Gemeinsam mit ihren Ehefrauen bauen sie gro\u00dfe und bedeutende Kunstsammlungen auf, beteiligen sich rege am kulturellen Leben der Stadt Frankfurt, pflegen Freundschaften zu K\u00fcnstler:innen.<\/span><\/p>\n<p><span style=\"color: var(--awb-text-color); font-family: var(--awb-text-font-family); font-size: var(--awb-font-size); font-style: var(--awb-text-font-style); font-weight: var(--awb-text-font-weight); letter-spacing: var(--awb-letter-spacing); text-align: var(--awb-content-alignment); text-transform: var(--awb-text-transform); background-color: var(--awb-bg-color);\">Ernst Flersheim erinnert sich: \u201eKurz nach unserer Verheiratung haben wir angefangen, Bilder zu sammeln <\/span><span style=\"color: var(--awb-text-color); font-family: var(--awb-text-font-family); font-size: var(--awb-font-size); font-style: var(--awb-text-font-style); font-weight: var(--awb-text-font-weight); letter-spacing: var(--awb-letter-spacing); text-align: var(--awb-content-alignment); text-transform: var(--awb-text-transform); background-color: var(--awb-bg-color-hover);\">[&#8230;]. <\/span><span style=\"background-color: var(--awb-bg-color); color: var(--awb-text-color); font-family: var(--awb-text-font-family); font-size: var(--awb-font-size); font-style: var(--awb-text-font-style); font-weight: var(--awb-text-font-weight); letter-spacing: var(--awb-letter-spacing); text-align: var(--awb-content-alignment); text-transform: var(--awb-text-transform);\">Unsere Neigung galt haupts\u00e4chlich zeitgen\u00f6ssischen deutschen Malern, von denen wir einige, wie Steinhausen und Tr\u00fcbner pers\u00f6nlich kannten. Mit dem Frankfurter Maler Jakob Nussbaum waren wir besonders befreundet. Auch bei meinem Bruder Martin, der eine bedeutende Bildersammlung besa\u00df, und der ein sehr gastliches Haus hatte, hatten wir h\u00e4ufig Gelegenheit, K\u00fcnstler kennenzulernen.\u201c<\/span><\/p>\n<\/div><\/div><\/div><\/div><\/div><div class=\"fusion-fullwidth fullwidth-box fusion-builder-row-8 fusion-flex-container has-pattern-background has-mask-background nonhundred-percent-fullwidth non-hundred-percent-height-scrolling\" style=\"--awb-border-radius-top-left:0px;--awb-border-radius-top-right:0px;--awb-border-radius-bottom-right:0px;--awb-border-radius-bottom-left:0px;--awb-padding-top:50px;--awb-padding-bottom:50px;--awb-padding-top-small:25px;--awb-padding-bottom-small:25px;--awb-margin-top:0px;--awb-margin-bottom:0px;--awb-flex-wrap:wrap;\" ><div class=\"fusion-builder-row fusion-row fusion-flex-align-items-flex-start fusion-flex-justify-content-flex-end fusion-flex-content-wrap\" style=\"max-width:1497.6px;margin-left: calc(-4% \/ 2 );margin-right: calc(-4% \/ 2 );\"><div class=\"fusion-layout-column fusion_builder_column fusion-builder-column-11 fusion_builder_column_1_2 1_2 fusion-flex-column\" style=\"--awb-padding-top:10px;--awb-bg-size:cover;--awb-width-large:50%;--awb-margin-top-large:0px;--awb-spacing-right-large:3.84%;--awb-margin-bottom-large:0px;--awb-spacing-left-large:3.84%;--awb-width-medium:50%;--awb-order-medium:0;--awb-spacing-right-medium:3.84%;--awb-spacing-left-medium:3.84%;--awb-width-small:100%;--awb-order-small:1;--awb-spacing-right-small:1.92%;--awb-spacing-left-small:1.92%;\"><div class=\"fusion-column-wrapper fusion-column-has-shadow fusion-flex-justify-content-flex-start fusion-content-layout-column\"><div class=\"fusion-audio fusion-audio-1\" style=\"--awb-progress-color:var(--awb-color8);--awb-border-color:rgba(255,255,255,0.05);--awb-background-color:var(--awb-color2);--awb-max-width:1000px;--awb-border-size:0;--awb-border-top-left-radius:20px;--awb-border-top-right-radius:20px;--awb-border-bottom-right-radius:20px;--awb-border-bottom-left-radius:20px;\"><audio class=\"wp-audio-shortcode\" id=\"audio-2517-1\" preload=\"none\" style=\"width: 100%;\" controls=\"controls\"><source type=\"audio\/mpeg\" src=\"https:\/\/kunst-raub-rueckgabe.de\/wp-content\/uploads\/2023\/11\/Flersheim-Begegnung-Rodin-Buchheim.mp3?_=1\" \/><a href=\"https:\/\/kunst-raub-rueckgabe.de\/wp-content\/uploads\/2023\/11\/Flersheim-Begegnung-Rodin-Buchheim.mp3\">https:\/\/kunst-raub-rueckgabe.de\/wp-content\/uploads\/2023\/11\/Flersheim-Begegnung-Rodin-Buchheim.mp3<\/a><\/audio><\/div><div class=\"fusion-text fusion-text-6\" style=\"--awb-font-size:14px;--awb-margin-top:10px;\"><p>Ernst Flersheim erinnert sich an den Besuch bei Rodin. <span style=\"color: var(--awb-text-color); font-family: var(--awb-text-font-family); font-size: var(--awb-font-size); font-style: var(--awb-text-font-style); font-weight: var(--awb-text-font-weight); letter-spacing: var(--awb-letter-spacing); text-align: var(--awb-content-alignment); text-transform: var(--awb-text-transform); background-color: var(--awb-bg-color);\">Ernst Flersheim: Lebenserinnerungen, S. 20. Leo Baeck Institute Archives, New York.<\/span><\/p>\n<\/div><\/div><\/div><div class=\"fusion-layout-column fusion_builder_column fusion-builder-column-12 fusion_builder_column_1_2 1_2 fusion-flex-column\" style=\"--awb-bg-size:cover;--awb-width-large:50%;--awb-margin-top-large:0px;--awb-spacing-right-large:3.84%;--awb-margin-bottom-large:20px;--awb-spacing-left-large:3.84%;--awb-width-medium:50%;--awb-order-medium:0;--awb-spacing-right-medium:3.84%;--awb-spacing-left-medium:3.84%;--awb-width-small:100%;--awb-order-small:0;--awb-spacing-right-small:1.92%;--awb-spacing-left-small:1.92%;\"><div class=\"fusion-column-wrapper fusion-column-has-shadow fusion-flex-justify-content-flex-start fusion-content-layout-column\"><div class=\"fusion-title title fusion-title-3 fusion-sep-none fusion-title-text fusion-title-size-three\" style=\"--awb-margin-top-small:10px;--awb-margin-right-small:0px;--awb-margin-bottom-small:10px;--awb-margin-left-small:0px;\"><h3 class=\"fusion-title-heading title-heading-left fusion-responsive-typography-calculated\" style=\"margin:0;--fontSize:32;line-height:var(--awb-typography1-line-height);\">In der internationalen Kunstszene<\/h3><\/div><div class=\"fusion-text fusion-text-7\"><p>Nicht nur in Frankfurt bewegen sich die Flersheim in der Kunstszene. Sie sind auch mit dem spanischen Maler Ignacio Zuloaga befreundet und besuchen w\u00e4hrend einer Reise nach Paris den Bildhauer Auguste Rodin.<\/p>\n<\/div><\/div><\/div><\/div><\/div><div class=\"fusion-fullwidth fullwidth-box fusion-builder-row-9 fusion-flex-container has-pattern-background has-mask-background nonhundred-percent-fullwidth non-hundred-percent-height-scrolling\" style=\"--awb-border-radius-top-left:0px;--awb-border-radius-top-right:0px;--awb-border-radius-bottom-right:0px;--awb-border-radius-bottom-left:0px;--awb-padding-top:60px;--awb-flex-wrap:wrap;\" ><div class=\"fusion-builder-row fusion-row fusion-flex-align-items-flex-start fusion-flex-content-wrap\" style=\"max-width:1497.6px;margin-left: calc(-4% \/ 2 );margin-right: calc(-4% \/ 2 );\"><div class=\"fusion-layout-column fusion_builder_column fusion-builder-column-13 fusion_builder_column_1_1 1_1 fusion-flex-column\" style=\"--awb-bg-size:cover;--awb-width-large:100%;--awb-margin-top-large:0px;--awb-spacing-right-large:1.92%;--awb-margin-bottom-large:20px;--awb-spacing-left-large:1.92%;--awb-width-medium:100%;--awb-order-medium:0;--awb-spacing-right-medium:1.92%;--awb-spacing-left-medium:1.92%;--awb-width-small:100%;--awb-order-small:0;--awb-spacing-right-small:1.92%;--awb-spacing-left-small:1.92%;\"><div class=\"fusion-column-wrapper fusion-column-has-shadow fusion-flex-justify-content-flex-start fusion-content-layout-column\"><div class=\"fusion-title title fusion-title-4 fusion-sep-none fusion-title-center fusion-title-text fusion-title-size-two\" style=\"--awb-margin-top-small:10px;--awb-margin-right-small:0px;--awb-margin-bottom-small:10px;--awb-margin-left-small:0px;\"><h2 class=\"fusion-title-heading title-heading-center fusion-responsive-typography-calculated\" style=\"margin:0;--fontSize:40;line-height:var(--awb-typography1-line-height);\">Freundschaft mit dem K\u00fcnstler Jan Toorop<\/h2><\/div><\/div><\/div><\/div><\/div><div class=\"fusion-fullwidth fullwidth-box fusion-builder-row-10 fusion-flex-container has-pattern-background has-mask-background nonhundred-percent-fullwidth non-hundred-percent-height-scrolling\" style=\"--awb-border-radius-top-left:0px;--awb-border-radius-top-right:0px;--awb-border-radius-bottom-right:0px;--awb-border-radius-bottom-left:0px;--awb-padding-top:50px;--awb-padding-bottom:50px;--awb-padding-top-small:25px;--awb-padding-bottom-small:25px;--awb-margin-top:0px;--awb-margin-bottom:0px;--awb-flex-wrap:wrap;\" ><div class=\"fusion-builder-row fusion-row fusion-flex-align-items-flex-start fusion-flex-content-wrap\" style=\"max-width:1497.6px;margin-left: calc(-4% \/ 2 );margin-right: calc(-4% \/ 2 );\"><div class=\"fusion-layout-column fusion_builder_column fusion-builder-column-14 fusion_builder_column_1_2 1_2 fusion-flex-column\" style=\"--awb-padding-top:10px;--awb-bg-size:cover;--awb-width-large:50%;--awb-margin-top-large:0px;--awb-spacing-right-large:3.84%;--awb-margin-bottom-large:20px;--awb-spacing-left-large:3.84%;--awb-width-medium:50%;--awb-order-medium:0;--awb-spacing-right-medium:3.84%;--awb-spacing-left-medium:3.84%;--awb-width-small:100%;--awb-order-small:0;--awb-spacing-right-small:1.92%;--awb-margin-bottom-small:50px;--awb-spacing-left-small:1.92%;\"><div class=\"fusion-column-wrapper fusion-column-has-shadow fusion-flex-justify-content-flex-end fusion-content-layout-row\"><div class=\"fusion-image-element awb-imageframe-style awb-imageframe-style-below awb-imageframe-style-5\" style=\"--awb-margin-top:0px;--awb-margin-right:0px;--awb-margin-bottom:0px;--awb-margin-left:0px;--awb-caption-title-font-family:var(--body_typography-font-family);--awb-caption-title-font-weight:var(--body_typography-font-weight);--awb-caption-title-font-style:var(--body_typography-font-style);--awb-caption-title-size:var(--body_typography-font-size);--awb-caption-title-transform:var(--body_typography-text-transform);--awb-caption-title-line-height:var(--body_typography-line-height);--awb-caption-title-letter-spacing:var(--body_typography-letter-spacing);\"><span class=\" fusion-imageframe imageframe-none imageframe-5 hover-type-none\"><img decoding=\"async\" width=\"626\" height=\"476\" alt=\"Schwarzwei\u00dffotografie. Jan Toorop, Gertrud Flersheim, Ernst Flersheim und Jakob Nussbaum auf Korbst\u00fchlen unter einem Sonnensegel.\" title=\"Jan Toorop, Gertrud Flersheim, Ernst Flersheim und Jakob Nussbaum in Domburg, 1908.\" src=\"https:\/\/kunst-raub-rueckgabe.de\/wp-content\/uploads\/2023\/09\/Jan-Toorop-und-Flersheims.jpg_clipdrop-enhance.webp\" class=\"img-responsive wp-image-2543\" srcset=\"https:\/\/kunst-raub-rueckgabe.de\/wp-content\/uploads\/2023\/09\/Jan-Toorop-und-Flersheims.jpg_clipdrop-enhance-200x152.webp 200w, https:\/\/kunst-raub-rueckgabe.de\/wp-content\/uploads\/2023\/09\/Jan-Toorop-und-Flersheims.jpg_clipdrop-enhance-400x304.webp 400w, https:\/\/kunst-raub-rueckgabe.de\/wp-content\/uploads\/2023\/09\/Jan-Toorop-und-Flersheims.jpg_clipdrop-enhance-600x456.webp 600w, https:\/\/kunst-raub-rueckgabe.de\/wp-content\/uploads\/2023\/09\/Jan-Toorop-und-Flersheims.jpg_clipdrop-enhance.webp 626w\" sizes=\"(max-width: 640px) 100vw, 626px\" \/><\/span><div class=\"awb-imageframe-caption-container\"><div class=\"awb-imageframe-caption\"><div class=\"awb-imageframe-caption-title\">Jan Toorop, Gertrud Flersheim, Ernst Flersheim und Jakob Nussbaum in Domburg, 1908.<\/div><p class=\"awb-imageframe-caption-text\">Toorop Collection, Koninklijke Bibliotheek, The Hague<\/p><\/div><\/div><\/div><\/div><\/div><div class=\"fusion-layout-column fusion_builder_column fusion-builder-column-15 fusion_builder_column_1_2 1_2 fusion-flex-column\" style=\"--awb-bg-size:cover;--awb-width-large:50%;--awb-margin-top-large:0px;--awb-spacing-right-large:3.84%;--awb-margin-bottom-large:20px;--awb-spacing-left-large:3.84%;--awb-width-medium:50%;--awb-order-medium:0;--awb-spacing-right-medium:3.84%;--awb-spacing-left-medium:3.84%;--awb-width-small:100%;--awb-order-small:0;--awb-spacing-right-small:1.92%;--awb-spacing-left-small:1.92%;\"><div class=\"fusion-column-wrapper fusion-column-has-shadow fusion-flex-justify-content-flex-start fusion-content-layout-column\"><div class=\"fusion-text fusion-text-8\"><p><span class=\"translation-block\"><span class=\"fusion-dropcap dropcap\">Z<\/span><\/span>um Freundeskreis von Ernst und Gertrud Flersheim geh\u00f6rt auch der Maler Jan Toorop. Wahrscheinlich freunden sie sich 1905 an, als Toorop eine Ausstellung in Frankfurt hat. Mehrmals besuchen die Flersheims den K\u00fcnstler im niederl\u00e4ndischen Badeort Domburg. In seinen Erinnerungen beschreibt Ernst Flersheim den Maler: \u201eEr war ein ausserordentlich g\u00fctiger, tief religi\u00f6ser Mensch, sehr musikalisch, improvisierte er h\u00e4ufig selbst am Klavier. Unvergesslich sind mir die Spazierg\u00e4nge, die wir h\u00e4ufig abends zusammen machten, in denen er \u00fcber seine Weltanschauung sprach und uns auf die Sch\u00f6nheiten der Natur aufmerksam machte.\u201c<\/p>\n<\/div><\/div><\/div><\/div><\/div><div class=\"fusion-fullwidth fullwidth-box fusion-builder-row-11 fusion-flex-container has-pattern-background has-mask-background nonhundred-percent-fullwidth non-hundred-percent-height-scrolling\" style=\"--awb-border-radius-top-left:0px;--awb-border-radius-top-right:0px;--awb-border-radius-bottom-right:0px;--awb-border-radius-bottom-left:0px;--awb-padding-top:50px;--awb-padding-bottom:50px;--awb-padding-top-small:25px;--awb-padding-bottom-small:25px;--awb-margin-top:0px;--awb-margin-bottom:0px;--awb-flex-wrap:wrap;\" ><div class=\"fusion-builder-row fusion-row fusion-flex-align-items-flex-start fusion-flex-content-wrap\" style=\"max-width:1497.6px;margin-left: calc(-4% \/ 2 );margin-right: calc(-4% \/ 2 );\"><div class=\"fusion-layout-column fusion_builder_column fusion-builder-column-16 fusion_builder_column_1_2 1_2 fusion-flex-column\" style=\"--awb-padding-top:10px;--awb-bg-size:cover;--awb-width-large:50%;--awb-margin-top-large:0px;--awb-spacing-right-large:3.84%;--awb-margin-bottom-large:20px;--awb-spacing-left-large:3.84%;--awb-width-medium:50%;--awb-order-medium:0;--awb-spacing-right-medium:3.84%;--awb-spacing-left-medium:3.84%;--awb-width-small:100%;--awb-order-small:0;--awb-spacing-right-small:1.92%;--awb-margin-bottom-small:50px;--awb-spacing-left-small:1.92%;\"><div class=\"fusion-column-wrapper fusion-column-has-shadow fusion-flex-justify-content-flex-end fusion-content-layout-row\"><div class=\"fusion-image-element awb-imageframe-style awb-imageframe-style-below awb-imageframe-style-6\" style=\"--awb-caption-title-font-family:var(--body_typography-font-family);--awb-caption-title-font-weight:var(--body_typography-font-weight);--awb-caption-title-font-style:var(--body_typography-font-style);--awb-caption-title-size:var(--body_typography-font-size);--awb-caption-title-transform:var(--body_typography-text-transform);--awb-caption-title-line-height:var(--body_typography-line-height);--awb-caption-title-letter-spacing:var(--body_typography-letter-spacing);\"><span class=\" fusion-imageframe imageframe-none imageframe-6 hover-type-none -zoooom\"><img decoding=\"async\" width=\"503\" height=\"696\" alt=\"Grafik. Ein \u00e4lterer Mann steht vor einem halb ge\u00f6ffneten Fenster. Im Hintergrund ist ein gro\u00dfer Kirchturm. \" title=\"Die Grafik &#8222;Gottvertrauen&#8220; von Jan Toorop\" src=\"https:\/\/kunst-raub-rueckgabe.de\/wp-content\/uploads\/2023\/09\/TooropGottvertrauen-Uni-Heidelberg-e1701442618908.jpg\" class=\"img-responsive wp-image-2541\" srcset=\"https:\/\/kunst-raub-rueckgabe.de\/wp-content\/uploads\/2023\/09\/TooropGottvertrauen-Uni-Heidelberg-e1701442618908-200x277.jpg 200w, https:\/\/kunst-raub-rueckgabe.de\/wp-content\/uploads\/2023\/09\/TooropGottvertrauen-Uni-Heidelberg-e1701442618908-400x553.jpg 400w, https:\/\/kunst-raub-rueckgabe.de\/wp-content\/uploads\/2023\/09\/TooropGottvertrauen-Uni-Heidelberg-e1701442618908.jpg 503w\" sizes=\"(max-width: 640px) 100vw, 503px\" \/><\/span><div class=\"awb-imageframe-caption-container\"><div class=\"awb-imageframe-caption\"><div class=\"awb-imageframe-caption-title\">Jan Toorop: Gottvertrauen, 1907.<\/div><p class=\"awb-imageframe-caption-text\">UB Heidelberg, https:\/\/doi.org\/10.11588\/diglit.7005#0344<\/p><\/div><\/div><\/div><\/div><\/div><div class=\"fusion-layout-column fusion_builder_column fusion-builder-column-17 awb-sticky awb-sticky-small awb-sticky-medium awb-sticky-large fusion_builder_column_1_2 1_2 fusion-flex-column\" style=\"--awb-bg-size:cover;--awb-width-large:50%;--awb-margin-top-large:0px;--awb-spacing-right-large:3.84%;--awb-margin-bottom-large:20px;--awb-spacing-left-large:3.84%;--awb-width-medium:50%;--awb-order-medium:0;--awb-spacing-right-medium:3.84%;--awb-spacing-left-medium:3.84%;--awb-width-small:100%;--awb-order-small:0;--awb-spacing-right-small:1.92%;--awb-spacing-left-small:1.92%;--awb-sticky-offset:20px;\"><div class=\"fusion-column-wrapper fusion-column-has-shadow fusion-flex-justify-content-flex-start fusion-content-layout-column\"><div class=\"fusion-text fusion-text-9\"><p><span class=\"translation-block\"><span class=\"fusion-dropcap dropcap\">D<\/span><\/span>ie Flersheims erwerben mehrere Bilder von Toorop, darunter die Grafik \u201eGottvertrauen\u201c aus dem Jahr 1907.<\/p>\n<\/div><\/div><\/div><\/div><\/div><div class=\"fusion-fullwidth fullwidth-box fusion-builder-row-12 fusion-flex-container has-pattern-background has-mask-background nonhundred-percent-fullwidth non-hundred-percent-height-scrolling Anthrazit\" style=\"--awb-border-radius-top-left:0px;--awb-border-radius-top-right:0px;--awb-border-radius-bottom-right:0px;--awb-border-radius-bottom-left:0px;--awb-padding-top:60px;--awb-flex-wrap:wrap;\" ><div class=\"fusion-builder-row fusion-row fusion-flex-align-items-flex-start fusion-flex-content-wrap\" style=\"max-width:1497.6px;margin-left: calc(-4% \/ 2 );margin-right: calc(-4% \/ 2 );\"><div class=\"fusion-layout-column fusion_builder_column fusion-builder-column-18 fusion_builder_column_1_1 1_1 fusion-flex-column\" style=\"--awb-bg-size:cover;--awb-width-large:100%;--awb-margin-top-large:0px;--awb-spacing-right-large:1.92%;--awb-margin-bottom-large:20px;--awb-spacing-left-large:1.92%;--awb-width-medium:100%;--awb-order-medium:0;--awb-spacing-right-medium:1.92%;--awb-spacing-left-medium:1.92%;--awb-width-small:100%;--awb-order-small:0;--awb-spacing-right-small:1.92%;--awb-spacing-left-small:1.92%;\"><div class=\"fusion-column-wrapper fusion-column-has-shadow fusion-flex-justify-content-flex-start fusion-content-layout-column\"><div class=\"fusion-title title fusion-title-5 fusion-sep-none fusion-title-center fusion-title-text fusion-title-size-two\" style=\"--awb-margin-top-small:10px;--awb-margin-right-small:0px;--awb-margin-bottom-small:10px;--awb-margin-left-small:0px;\"><h2 class=\"fusion-title-heading title-heading-center fusion-responsive-typography-calculated\" style=\"margin:0;--fontSize:40;line-height:var(--awb-typography1-line-height);\">Tod in Bergen-Belsen<\/h2><\/div><\/div><\/div><\/div><\/div><div class=\"fusion-fullwidth fullwidth-box fusion-builder-row-13 fusion-flex-container has-pattern-background has-mask-background nonhundred-percent-fullwidth non-hundred-percent-height-scrolling Anthrazit\" style=\"--awb-border-radius-top-left:0px;--awb-border-radius-top-right:0px;--awb-border-radius-bottom-right:0px;--awb-border-radius-bottom-left:0px;--awb-padding-top:50px;--awb-padding-bottom:50px;--awb-padding-top-small:25px;--awb-padding-bottom-small:25px;--awb-margin-top:0px;--awb-margin-bottom:0px;--awb-flex-wrap:wrap;\" ><div class=\"fusion-builder-row fusion-row fusion-flex-align-items-flex-start fusion-flex-justify-content-flex-end fusion-flex-content-wrap\" style=\"max-width:1497.6px;margin-left: calc(-4% \/ 2 );margin-right: calc(-4% \/ 2 );\"><div class=\"fusion-layout-column fusion_builder_column fusion-builder-column-19 fusion_builder_column_1_2 1_2 fusion-flex-column\" style=\"--awb-bg-size:cover;--awb-width-large:50%;--awb-margin-top-large:0px;--awb-spacing-right-large:3.84%;--awb-margin-bottom-large:20px;--awb-spacing-left-large:3.84%;--awb-width-medium:50%;--awb-order-medium:0;--awb-spacing-right-medium:3.84%;--awb-spacing-left-medium:3.84%;--awb-width-small:100%;--awb-order-small:0;--awb-spacing-right-small:1.92%;--awb-spacing-left-small:1.92%;\"><div class=\"fusion-column-wrapper fusion-column-has-shadow fusion-flex-justify-content-flex-start fusion-content-layout-column\"><div class=\"fusion-text fusion-text-10\"><p>\u201eIm Januar 1933 kam Hitler zur Macht, was das f\u00fcr jeden Juden in Deutschland bedeutet, brauche ich nicht zu sagen\u201c, schreibt Ernst Flersheim in seinen Erinnerungen 1939. Er flieht mit seiner Frau 1937 nach Amsterdam. Doch das sicher geglaubte Holland wird 1940 von der deutschen Wehrmacht besetzt. Die Flersheims werden im Februar 1944 in das KZ Bergen-Belsen deportiert und dort ermordet.<\/p>\n<\/div><\/div><\/div><\/div><\/div><div class=\"fusion-fullwidth fullwidth-box fusion-builder-row-14 fusion-flex-container has-pattern-background has-mask-background nonhundred-percent-fullwidth non-hundred-percent-height-scrolling Anthrazit\" style=\"--awb-border-radius-top-left:0px;--awb-border-radius-top-right:0px;--awb-border-radius-bottom-right:0px;--awb-border-radius-bottom-left:0px;--awb-padding-top:50px;--awb-padding-bottom:0px;--awb-padding-top-small:25px;--awb-padding-bottom-small:25px;--awb-margin-top:0px;--awb-margin-bottom:0px;--awb-flex-wrap:wrap;\" ><div class=\"fusion-builder-row fusion-row fusion-flex-align-items-flex-start fusion-flex-content-wrap\" style=\"max-width:1497.6px;margin-left: calc(-4% \/ 2 );margin-right: calc(-4% \/ 2 );\"><div class=\"fusion-layout-column fusion_builder_column fusion-builder-column-20 fusion_builder_column_1_2 1_2 fusion-flex-column\" style=\"--awb-bg-size:cover;--awb-width-large:50%;--awb-margin-top-large:0px;--awb-spacing-right-large:0%;--awb-margin-bottom-large:378.9922px;--awb-spacing-left-large:0%;--awb-width-medium:50%;--awb-order-medium:0;--awb-spacing-right-medium:0%;--awb-spacing-left-medium:0%;--awb-width-small:100%;--awb-order-small:0;--awb-spacing-right-small:1.92%;--awb-margin-bottom-small:50px;--awb-spacing-left-small:1.92%;\"><div class=\"fusion-column-wrapper fusion-column-has-shadow fusion-flex-justify-content-flex-start fusion-content-layout-column\"><div class=\"fusion-image-element \" style=\"--awb-caption-title-font-family:var(--body_typography-font-family);--awb-caption-title-font-weight:var(--body_typography-font-weight);--awb-caption-title-font-style:var(--body_typography-font-style);--awb-caption-title-size:var(--body_typography-font-size);--awb-caption-title-transform:var(--body_typography-text-transform);--awb-caption-title-line-height:var(--body_typography-line-height);--awb-caption-title-letter-spacing:var(--body_typography-letter-spacing);\"><span class=\" fusion-imageframe imageframe-none imageframe-7 hover-type-none\"><img decoding=\"async\" width=\"1065\" height=\"706\" alt=\"Karteikarte, auf der handschriftlich die Lebensdaten von Ernst Flersheim notiert sind.\" title=\"Sterbekarten von Ernst und Gertrud Flersheim Arolsen\" src=\"https:\/\/kunst-raub-rueckgabe.de\/wp-content\/uploads\/2023\/09\/Sterbekarte-Ernst-Flersheim-Arolsen.jpg\" class=\"img-responsive wp-image-2540\" srcset=\"https:\/\/kunst-raub-rueckgabe.de\/wp-content\/uploads\/2023\/09\/Sterbekarte-Ernst-Flersheim-Arolsen-200x133.jpg 200w, https:\/\/kunst-raub-rueckgabe.de\/wp-content\/uploads\/2023\/09\/Sterbekarte-Ernst-Flersheim-Arolsen-400x265.jpg 400w, https:\/\/kunst-raub-rueckgabe.de\/wp-content\/uploads\/2023\/09\/Sterbekarte-Ernst-Flersheim-Arolsen-600x398.jpg 600w, https:\/\/kunst-raub-rueckgabe.de\/wp-content\/uploads\/2023\/09\/Sterbekarte-Ernst-Flersheim-Arolsen-800x530.jpg 800w, https:\/\/kunst-raub-rueckgabe.de\/wp-content\/uploads\/2023\/09\/Sterbekarte-Ernst-Flersheim-Arolsen.jpg 1065w\" sizes=\"(max-width: 640px) 100vw, 800px\" \/><\/span><\/div><\/div><\/div><div class=\"fusion-layout-column fusion_builder_column fusion-builder-column-21 fusion_builder_column_1_2 1_2 fusion-flex-column\" style=\"--awb-padding-bottom:86.9965px;--awb-bg-size:cover;--awb-width-large:50%;--awb-margin-top-large:0px;--awb-spacing-right-large:0%;--awb-margin-bottom-large:186.9922px;--awb-spacing-left-large:3.84%;--awb-width-medium:50%;--awb-order-medium:0;--awb-spacing-right-medium:0%;--awb-spacing-left-medium:3.84%;--awb-width-small:100%;--awb-order-small:0;--awb-spacing-right-small:1.92%;--awb-spacing-left-small:1.92%;\"><div class=\"fusion-column-wrapper fusion-column-has-shadow fusion-flex-justify-content-flex-start fusion-content-layout-column\"><div class=\"fusion-image-element awb-imageframe-style awb-imageframe-style-below awb-imageframe-style-8\" style=\"--awb-caption-title-font-family:var(--body_typography-font-family);--awb-caption-title-font-weight:var(--body_typography-font-weight);--awb-caption-title-font-style:var(--body_typography-font-style);--awb-caption-title-size:var(--body_typography-font-size);--awb-caption-title-transform:var(--body_typography-text-transform);--awb-caption-title-line-height:var(--body_typography-line-height);--awb-caption-title-letter-spacing:var(--body_typography-letter-spacing);\"><span class=\" fusion-imageframe imageframe-none imageframe-8 hover-type-none\"><img decoding=\"async\" width=\"1069\" height=\"706\" alt=\"Karteikarte, auf der handschriftlich die Lebensdaten von Gertrud Flersheim notiert sind.\" title=\"Sterbekarte von Gertrud Flersheim\" src=\"https:\/\/kunst-raub-rueckgabe.de\/wp-content\/uploads\/2023\/09\/Flersheim-Gertrud-Sterbekarte-Arolsen.jpg\" class=\"img-responsive wp-image-2531\" srcset=\"https:\/\/kunst-raub-rueckgabe.de\/wp-content\/uploads\/2023\/09\/Flersheim-Gertrud-Sterbekarte-Arolsen-200x132.jpg 200w, https:\/\/kunst-raub-rueckgabe.de\/wp-content\/uploads\/2023\/09\/Flersheim-Gertrud-Sterbekarte-Arolsen-400x264.jpg 400w, https:\/\/kunst-raub-rueckgabe.de\/wp-content\/uploads\/2023\/09\/Flersheim-Gertrud-Sterbekarte-Arolsen-600x396.jpg 600w, https:\/\/kunst-raub-rueckgabe.de\/wp-content\/uploads\/2023\/09\/Flersheim-Gertrud-Sterbekarte-Arolsen-800x528.jpg 800w, https:\/\/kunst-raub-rueckgabe.de\/wp-content\/uploads\/2023\/09\/Flersheim-Gertrud-Sterbekarte-Arolsen.jpg 1069w\" sizes=\"(max-width: 640px) 100vw, 800px\" \/><\/span><div class=\"awb-imageframe-caption-container\"><div class=\"awb-imageframe-caption\"><div class=\"awb-imageframe-caption-title\">Sterbekarten von Ernst und Gertrud Flersheim aus der Kartothek des Judenrats in Amsterdam.<\/div><p class=\"awb-imageframe-caption-text\">Joods Cultureel Kwartier Amsterdam<\/p><\/div><\/div><\/div><\/div><\/div><\/div><\/div><div class=\"fusion-fullwidth fullwidth-box fusion-builder-row-15 fusion-flex-container has-pattern-background has-mask-background nonhundred-percent-fullwidth non-hundred-percent-height-scrolling\" style=\"--awb-border-radius-top-left:0px;--awb-border-radius-top-right:0px;--awb-border-radius-bottom-right:0px;--awb-border-radius-bottom-left:0px;--awb-padding-top:50px;--awb-padding-bottom:50px;--awb-padding-top-small:25px;--awb-padding-bottom-small:25px;--awb-margin-top:0px;--awb-margin-bottom:0px;--awb-flex-wrap:wrap;\" ><div class=\"fusion-builder-row fusion-row fusion-flex-align-items-flex-start fusion-flex-content-wrap\" style=\"max-width:1497.6px;margin-left: calc(-4% \/ 2 );margin-right: calc(-4% \/ 2 );\"><div class=\"fusion-layout-column fusion_builder_column fusion-builder-column-22 fusion_builder_column_1_2 1_2 fusion-flex-column\" style=\"--awb-padding-top:10px;--awb-bg-size:cover;--awb-width-large:50%;--awb-margin-top-large:0px;--awb-spacing-right-large:3.84%;--awb-margin-bottom-large:20px;--awb-spacing-left-large:3.84%;--awb-width-medium:50%;--awb-order-medium:0;--awb-spacing-right-medium:3.84%;--awb-spacing-left-medium:3.84%;--awb-width-small:100%;--awb-order-small:0;--awb-spacing-right-small:1.92%;--awb-margin-bottom-small:50px;--awb-spacing-left-small:1.92%;\"><div class=\"fusion-column-wrapper fusion-column-has-shadow fusion-flex-justify-content-flex-start fusion-content-layout-column\"><div class=\"fusion-image-element awb-imageframe-style awb-imageframe-style-below awb-imageframe-style-9\" style=\"text-align:right;--awb-max-width:20000px;--awb-caption-title-font-family:var(--body_typography-font-family);--awb-caption-title-font-weight:var(--body_typography-font-weight);--awb-caption-title-font-style:var(--body_typography-font-style);--awb-caption-title-size:var(--body_typography-font-size);--awb-caption-title-transform:var(--body_typography-text-transform);--awb-caption-title-line-height:var(--body_typography-line-height);--awb-caption-title-letter-spacing:var(--body_typography-letter-spacing);\"><span class=\" fusion-imageframe imageframe-none imageframe-9 hover-type-none\"><img decoding=\"async\" width=\"312\" height=\"450\" alt=\"Historische Fotografie. Ein Brautpaar, Edita und Georg Eberstadt. Sie stehen vor einer Wand mit Gem\u00e4lden. Neben ihnen gro\u00dfe Blumenbouquets. \" title=\"Edith and Georg Eberstadt, heiraten 1920.\" src=\"https:\/\/kunst-raub-rueckgabe.de\/wp-content\/uploads\/2023\/09\/Edith-and-Georg-Eberstadt-Wedding-picture.jpg\" class=\"img-responsive wp-image-2529\" srcset=\"https:\/\/kunst-raub-rueckgabe.de\/wp-content\/uploads\/2023\/09\/Edith-and-Georg-Eberstadt-Wedding-picture-200x288.jpg 200w, https:\/\/kunst-raub-rueckgabe.de\/wp-content\/uploads\/2023\/09\/Edith-and-Georg-Eberstadt-Wedding-picture.jpg 312w\" sizes=\"(max-width: 640px) 100vw, 312px\" \/><\/span><div class=\"awb-imageframe-caption-container\"><div class=\"awb-imageframe-caption\"><div class=\"awb-imageframe-caption-title\">Die Hochzeit von Edita und Georg, 1920.<\/div><p class=\"awb-imageframe-caption-text\">Michael Eberstadt<\/p><\/div><\/div><\/div><\/div><\/div><div class=\"fusion-layout-column fusion_builder_column fusion-builder-column-23 fusion_builder_column_1_2 1_2 fusion-flex-column\" style=\"--awb-bg-size:cover;--awb-width-large:50%;--awb-margin-top-large:0px;--awb-spacing-right-large:3.84%;--awb-margin-bottom-large:20px;--awb-spacing-left-large:3.84%;--awb-width-medium:50%;--awb-order-medium:0;--awb-spacing-right-medium:3.84%;--awb-spacing-left-medium:3.84%;--awb-width-small:100%;--awb-order-small:0;--awb-spacing-right-small:1.92%;--awb-spacing-left-small:1.92%;\"><div class=\"fusion-column-wrapper fusion-column-has-shadow fusion-flex-justify-content-flex-start fusion-content-layout-column\"><div class=\"fusion-text fusion-text-11\"><h3 class=\"fusion-responsive-typography-calculated\" style=\"--fontsize: 32; line-height: 1.2;\" data-fontsize=\"32\" data-lineheight=\"38.4px\">Von England in die USA<\/h3>\n<p>Edita Flersheim, die Tochter von Gertrud und Ernst, heiratet 1920 den Bankier Georg Eberstadt. Sie emigrieren im Sommer 1936 mit ihren Kindern Brigitte und Walter nach England.<\/p>\n<\/div><\/div><\/div><\/div><\/div><div class=\"fusion-fullwidth fullwidth-box fusion-builder-row-16 fusion-flex-container has-pattern-background has-mask-background nonhundred-percent-fullwidth non-hundred-percent-height-scrolling\" style=\"--awb-border-radius-top-left:0px;--awb-border-radius-top-right:0px;--awb-border-radius-bottom-right:0px;--awb-border-radius-bottom-left:0px;--awb-padding-top:50px;--awb-padding-bottom:50px;--awb-padding-top-small:25px;--awb-padding-bottom-small:25px;--awb-margin-top:0px;--awb-margin-bottom:0px;--awb-flex-wrap:wrap;\" ><div class=\"fusion-builder-row fusion-row fusion-flex-align-items-flex-start fusion-flex-content-wrap\" style=\"max-width:1497.6px;margin-left: calc(-4% \/ 2 );margin-right: calc(-4% \/ 2 );\"><div class=\"fusion-layout-column fusion_builder_column fusion-builder-column-24 fusion_builder_column_1_2 1_2 fusion-flex-column\" style=\"--awb-padding-top:10px;--awb-bg-size:cover;--awb-width-large:50%;--awb-margin-top-large:0px;--awb-spacing-right-large:3.84%;--awb-margin-bottom-large:20px;--awb-spacing-left-large:3.84%;--awb-width-medium:50%;--awb-order-medium:0;--awb-spacing-right-medium:3.84%;--awb-spacing-left-medium:3.84%;--awb-width-small:100%;--awb-order-small:0;--awb-spacing-right-small:1.92%;--awb-margin-bottom-small:50px;--awb-spacing-left-small:1.92%;\"><div class=\"fusion-column-wrapper fusion-column-has-shadow fusion-flex-justify-content-flex-start fusion-content-layout-column\"><div class=\"fusion-image-element awb-imageframe-style awb-imageframe-style-below awb-imageframe-style-10\" style=\"text-align:right;--awb-caption-title-font-family:var(--body_typography-font-family);--awb-caption-title-font-weight:var(--body_typography-font-weight);--awb-caption-title-font-style:var(--body_typography-font-style);--awb-caption-title-size:var(--body_typography-font-size);--awb-caption-title-transform:var(--body_typography-text-transform);--awb-caption-title-line-height:var(--body_typography-line-height);--awb-caption-title-letter-spacing:var(--body_typography-letter-spacing);\"><span class=\" fusion-imageframe imageframe-none imageframe-10 hover-type-none\"><img decoding=\"async\" width=\"325\" height=\"472\" alt=\"Walter Eberstadt als junger Mann in Uniform. Er l\u00e4chelt und h\u00e4lt eine Tabakspfeife im Mundwinkel.\" title=\"Walter Eberstadt als Leutnant, 1943.\" src=\"https:\/\/kunst-raub-rueckgabe.de\/wp-content\/uploads\/2023\/09\/Walter-Eberstadt.jpg\" class=\"img-responsive wp-image-2542\" srcset=\"https:\/\/kunst-raub-rueckgabe.de\/wp-content\/uploads\/2023\/09\/Walter-Eberstadt-200x290.jpg 200w, https:\/\/kunst-raub-rueckgabe.de\/wp-content\/uploads\/2023\/09\/Walter-Eberstadt.jpg 325w\" sizes=\"(max-width: 640px) 100vw, 325px\" \/><\/span><div class=\"awb-imageframe-caption-container\"><div class=\"awb-imageframe-caption\"><div class=\"awb-imageframe-caption-title\">Walter Eberstadt als Leutnant, 1943.<\/div><p class=\"awb-imageframe-caption-text\">Michael Eberstadt<\/p><\/div><\/div><\/div><\/div><\/div><div class=\"fusion-layout-column fusion_builder_column fusion-builder-column-25 fusion_builder_column_1_2 1_2 fusion-flex-column\" style=\"--awb-bg-size:cover;--awb-width-large:50%;--awb-margin-top-large:0px;--awb-spacing-right-large:3.84%;--awb-margin-bottom-large:20px;--awb-spacing-left-large:3.84%;--awb-width-medium:50%;--awb-order-medium:0;--awb-spacing-right-medium:3.84%;--awb-spacing-left-medium:3.84%;--awb-width-small:100%;--awb-order-small:0;--awb-spacing-right-small:1.92%;--awb-spacing-left-small:1.92%;\"><div class=\"fusion-column-wrapper fusion-column-has-shadow fusion-flex-justify-content-flex-start fusion-content-layout-column\"><div class=\"fusion-text fusion-text-12\"><p><span class=\"fusion-dropcap dropcap\">W<\/span>alter studiert in Oxford, geht aber nach einem Jahr Studium zur britischen Armee und k\u00e4mpft in der Normandie. M<span style=\"color: var(--awb-text-color); font-family: var(--awb-text-font-family); font-size: var(--awb-font-size); font-style: var(--awb-text-font-style); font-weight: var(--awb-text-font-weight); letter-spacing: var(--awb-letter-spacing); text-align: var(--awb-content-alignment); text-transform: var(--awb-text-transform); background-color: var(--awb-bg-color);\">it der britischen Besatzungsarmee kehrt er nach Deutschland zur\u00fcck und baut im Auftrag der Alliierten die Rundfunkstation Radio Hamburg auf. Er kann ja Deutsch und kennt das Land. In den fr\u00fchen 1950er Jahren emigriert er in die USA.<\/span><\/p>\n<\/div><\/div><\/div><\/div><\/div><div class=\"fusion-fullwidth fullwidth-box fusion-builder-row-17 fusion-flex-container has-pattern-background has-mask-background nonhundred-percent-fullwidth non-hundred-percent-height-scrolling\" style=\"--awb-border-radius-top-left:0px;--awb-border-radius-top-right:0px;--awb-border-radius-bottom-right:0px;--awb-border-radius-bottom-left:0px;--awb-padding-top:60px;--awb-flex-wrap:wrap;\" ><div class=\"fusion-builder-row fusion-row fusion-flex-align-items-flex-start fusion-flex-content-wrap\" style=\"max-width:1497.6px;margin-left: calc(-4% \/ 2 );margin-right: calc(-4% \/ 2 );\"><div class=\"fusion-layout-column fusion_builder_column fusion-builder-column-26 fusion_builder_column_1_1 1_1 fusion-flex-column\" style=\"--awb-bg-size:cover;--awb-width-large:100%;--awb-margin-top-large:0px;--awb-spacing-right-large:1.92%;--awb-margin-bottom-large:20px;--awb-spacing-left-large:1.92%;--awb-width-medium:100%;--awb-order-medium:0;--awb-spacing-right-medium:1.92%;--awb-spacing-left-medium:1.92%;--awb-width-small:100%;--awb-order-small:0;--awb-spacing-right-small:1.92%;--awb-spacing-left-small:1.92%;\"><div class=\"fusion-column-wrapper fusion-column-has-shadow fusion-flex-justify-content-flex-start fusion-content-layout-column\"><div class=\"fusion-title title fusion-title-6 fusion-sep-none fusion-title-center fusion-title-text fusion-title-size-two\" style=\"--awb-margin-top-small:10px;--awb-margin-right-small:0px;--awb-margin-bottom-small:10px;--awb-margin-left-small:0px;\"><h2 class=\"fusion-title-heading title-heading-center fusion-responsive-typography-calculated\" style=\"margin:0;--fontSize:40;line-height:var(--awb-typography1-line-height);\">Bem\u00fchung um Restitution<\/h2><\/div><\/div><\/div><\/div><\/div><div class=\"fusion-fullwidth fullwidth-box fusion-builder-row-18 fusion-flex-container has-pattern-background has-mask-background nonhundred-percent-fullwidth non-hundred-percent-height-scrolling\" style=\"--awb-border-radius-top-left:0px;--awb-border-radius-top-right:0px;--awb-border-radius-bottom-right:0px;--awb-border-radius-bottom-left:0px;--awb-padding-top:50px;--awb-padding-bottom:50px;--awb-padding-top-small:25px;--awb-padding-bottom-small:25px;--awb-margin-top:0px;--awb-margin-bottom:0px;--awb-flex-wrap:wrap;\" ><div class=\"fusion-builder-row fusion-row fusion-flex-align-items-flex-start fusion-flex-justify-content-flex-end fusion-flex-content-wrap\" style=\"max-width:1497.6px;margin-left: calc(-4% \/ 2 );margin-right: calc(-4% \/ 2 );\"><div class=\"fusion-layout-column fusion_builder_column fusion-builder-column-27 fusion_builder_column_2_5 2_5 fusion-flex-column\" style=\"--awb-padding-top:10px;--awb-bg-size:cover;--awb-width-large:40%;--awb-margin-top-large:0px;--awb-spacing-right-large:4.8%;--awb-margin-bottom-large:20px;--awb-spacing-left-large:4.8%;--awb-width-medium:40%;--awb-order-medium:0;--awb-spacing-right-medium:4.8%;--awb-spacing-left-medium:4.8%;--awb-width-small:100%;--awb-order-small:0;--awb-spacing-right-small:1.92%;--awb-margin-bottom-small:50px;--awb-spacing-left-small:1.92%;\"><div class=\"fusion-column-wrapper fusion-column-has-shadow fusion-flex-justify-content-flex-start fusion-content-layout-column\"><div class=\"fusion-image-element awb-imageframe-style awb-imageframe-style-below awb-imageframe-style-11\" style=\"text-align:right;--awb-caption-title-font-family:var(--body_typography-font-family);--awb-caption-title-font-weight:var(--body_typography-font-weight);--awb-caption-title-font-style:var(--body_typography-font-style);--awb-caption-title-size:var(--body_typography-font-size);--awb-caption-title-transform:var(--body_typography-text-transform);--awb-caption-title-line-height:var(--body_typography-line-height);--awb-caption-title-letter-spacing:var(--body_typography-letter-spacing);\"><span class=\" fusion-imageframe imageframe-none imageframe-11 hover-type-none\"><img decoding=\"async\" width=\"505\" height=\"724\" alt=\"Foto. Buchcover, das ein historisches Foto eines herrschaftlichen Hauses zeigt.\" title=\"Whence we came, where we went\" src=\"https:\/\/kunst-raub-rueckgabe.de\/wp-content\/uploads\/2023\/09\/Whence-we-came.jpg\" class=\"img-responsive wp-image-2589\" srcset=\"https:\/\/kunst-raub-rueckgabe.de\/wp-content\/uploads\/2023\/09\/Whence-we-came-200x287.jpg 200w, https:\/\/kunst-raub-rueckgabe.de\/wp-content\/uploads\/2023\/09\/Whence-we-came-400x573.jpg 400w, https:\/\/kunst-raub-rueckgabe.de\/wp-content\/uploads\/2023\/09\/Whence-we-came.jpg 505w\" sizes=\"(max-width: 640px) 100vw, 505px\" \/><\/span><div class=\"awb-imageframe-caption-container\"><div class=\"awb-imageframe-caption\"><div class=\"awb-imageframe-caption-title\">Titelseite der Familienbiografie von Walter Eberstadt.<\/div><p class=\"awb-imageframe-caption-text\">Bayerische Staatsgem\u00e4ldesammlungen<\/p><\/div><\/div><\/div><\/div><\/div><div class=\"fusion-layout-column fusion_builder_column fusion-builder-column-28 fusion_builder_column_1_2 1_2 fusion-flex-column\" style=\"--awb-bg-size:cover;--awb-width-large:50%;--awb-margin-top-large:0px;--awb-spacing-right-large:3.84%;--awb-margin-bottom-large:20px;--awb-spacing-left-large:3.84%;--awb-width-medium:50%;--awb-order-medium:0;--awb-spacing-right-medium:3.84%;--awb-spacing-left-medium:3.84%;--awb-width-small:100%;--awb-order-small:0;--awb-spacing-right-small:1.92%;--awb-spacing-left-small:1.92%;\"><div class=\"fusion-column-wrapper fusion-column-has-shadow fusion-flex-justify-content-flex-start fusion-content-layout-column\"><div class=\"fusion-text fusion-text-13\"><p>Walter Eberstadt wird ein erfolgreicher Bankier. 2002 ver\u00f6ffentlicht er die Familienbiografie \u201eWhence we came, where we went\u201c. Darin beschreibt er auch seine Bem\u00fchungen, die Kunstwerke zur\u00fcckzuerhalten, die seinen ermordeten Gro\u00dfeltern Ernst und Gertrud Flersheim geh\u00f6rt haben.<\/p>\n<\/div><\/div><\/div><\/div><\/div><div class=\"fusion-fullwidth fullwidth-box fusion-builder-row-19 fusion-flex-container has-pattern-background has-mask-background nonhundred-percent-fullwidth non-hundred-percent-height-scrolling\" style=\"--awb-border-radius-top-left:0px;--awb-border-radius-top-right:0px;--awb-border-radius-bottom-right:0px;--awb-border-radius-bottom-left:0px;--awb-padding-top:50px;--awb-padding-bottom:50px;--awb-padding-top-small:25px;--awb-padding-bottom-small:25px;--awb-margin-top:0px;--awb-margin-bottom:0px;--awb-flex-wrap:wrap;\" ><div class=\"fusion-builder-row fusion-row fusion-flex-align-items-flex-start fusion-flex-content-wrap\" style=\"max-width:1497.6px;margin-left: calc(-4% \/ 2 );margin-right: calc(-4% \/ 2 );\"><div class=\"fusion-layout-column fusion_builder_column fusion-builder-column-29 fusion_builder_column_1_2 1_2 fusion-flex-column\" style=\"--awb-padding-top:10px;--awb-bg-size:cover;--awb-width-large:50%;--awb-margin-top-large:0px;--awb-spacing-right-large:3.84%;--awb-margin-bottom-large:20px;--awb-spacing-left-large:3.84%;--awb-width-medium:50%;--awb-order-medium:0;--awb-spacing-right-medium:3.84%;--awb-spacing-left-medium:3.84%;--awb-width-small:100%;--awb-order-small:0;--awb-spacing-right-small:1.92%;--awb-margin-bottom-small:50px;--awb-spacing-left-small:1.92%;\"><div class=\"fusion-column-wrapper fusion-column-has-shadow fusion-flex-justify-content-flex-start fusion-content-layout-column\"><div class=\"fusion-image-element awb-imageframe-style awb-imageframe-style-below awb-imageframe-style-12\" style=\"text-align:right;--awb-max-width:1000px;--awb-caption-title-font-family:var(--body_typography-font-family);--awb-caption-title-font-weight:var(--body_typography-font-weight);--awb-caption-title-font-style:var(--body_typography-font-style);--awb-caption-title-size:var(--body_typography-font-size);--awb-caption-title-transform:var(--body_typography-text-transform);--awb-caption-title-line-height:var(--body_typography-line-height);--awb-caption-title-letter-spacing:var(--body_typography-letter-spacing);\"><span class=\" fusion-imageframe imageframe-none imageframe-12 hover-type-none\"><img decoding=\"async\" width=\"2048\" height=\"1536\" alt=\"Foto. Wohnzimmer, an der Wand die Grafik &quot;Gottvertrauen&quot;.\" title=\"Links an der Wand: Das Bild &#8222;Gottvertrauen&#8220;\" src=\"https:\/\/kunst-raub-rueckgabe.de\/wp-content\/uploads\/2023\/09\/NewYorkCityMichaelEberstadtFotoZweifinal.jpeg\" class=\"img-responsive wp-image-2538\" srcset=\"https:\/\/kunst-raub-rueckgabe.de\/wp-content\/uploads\/2023\/09\/NewYorkCityMichaelEberstadtFotoZweifinal-200x150.jpeg 200w, https:\/\/kunst-raub-rueckgabe.de\/wp-content\/uploads\/2023\/09\/NewYorkCityMichaelEberstadtFotoZweifinal-400x300.jpeg 400w, https:\/\/kunst-raub-rueckgabe.de\/wp-content\/uploads\/2023\/09\/NewYorkCityMichaelEberstadtFotoZweifinal-600x450.jpeg 600w, https:\/\/kunst-raub-rueckgabe.de\/wp-content\/uploads\/2023\/09\/NewYorkCityMichaelEberstadtFotoZweifinal-800x600.jpeg 800w, https:\/\/kunst-raub-rueckgabe.de\/wp-content\/uploads\/2023\/09\/NewYorkCityMichaelEberstadtFotoZweifinal-1200x900.jpeg 1200w, https:\/\/kunst-raub-rueckgabe.de\/wp-content\/uploads\/2023\/09\/NewYorkCityMichaelEberstadtFotoZweifinal.jpeg 2048w\" sizes=\"(max-width: 640px) 100vw, 800px\" \/><\/span><div class=\"awb-imageframe-caption-container\"><div class=\"awb-imageframe-caption\"><div class=\"awb-imageframe-caption-title\">Dreharbeiten bei Michael Eberstadt. Links an der Wand die Grafik \u201eGottvertrauen\u201c.<\/div><p class=\"awb-imageframe-caption-text\">Bayerischer Rundfunk<\/p><\/div><\/div><\/div><\/div><\/div><div class=\"fusion-layout-column fusion_builder_column fusion-builder-column-30 fusion_builder_column_1_2 1_2 fusion-flex-column\" style=\"--awb-bg-size:cover;--awb-width-large:50%;--awb-margin-top-large:0px;--awb-spacing-right-large:3.84%;--awb-margin-bottom-large:20px;--awb-spacing-left-large:3.84%;--awb-width-medium:50%;--awb-order-medium:0;--awb-spacing-right-medium:3.84%;--awb-spacing-left-medium:3.84%;--awb-width-small:100%;--awb-order-small:0;--awb-spacing-right-small:1.92%;--awb-spacing-left-small:1.92%;\"><div class=\"fusion-column-wrapper fusion-column-has-shadow fusion-flex-justify-content-flex-start fusion-content-layout-column\"><div class=\"fusion-text fusion-text-14\"><p><span class=\"fusion-dropcap dropcap\">B<\/span>eispielsweise die Zeichnung Gottvertrauen von Jan Toorop. Sie befindet sich seit 1943 im Museum Boijmans Van Beuningen in Rotterdam. 2001 gibt das Museum das Kunstwerk an die Familie Eberstadt zur\u00fcck.<\/p>\n<p>Heute h\u00e4ngt es im Wohnzimmer von Ernst und Gertruds Urenkel Michael Eberstadt in Manhattan.<\/p>\n<p>&nbsp;<\/p>\n<p>&nbsp;<\/p>\n<p>&nbsp;<\/p>\n<\/div><\/div><\/div><\/div><\/div><div class=\"fusion-fullwidth fullwidth-box fusion-builder-row-20 fusion-flex-container has-pattern-background has-mask-background nonhundred-percent-fullwidth non-hundred-percent-height-scrolling Anthrazit fusion-custom-z-index\" style=\"--awb-border-radius-top-left:0px;--awb-border-radius-top-right:0px;--awb-border-radius-bottom-right:0px;--awb-border-radius-bottom-left:0px;--awb-z-index:1000;--awb-padding-top:50px;--awb-padding-bottom:50px;--awb-margin-top:0px;--awb-margin-bottom:0px;--awb-background-color:var(--awb-color1);--awb-flex-wrap:wrap;\" ><div class=\"fusion-builder-row fusion-row fusion-flex-align-items-flex-start fusion-flex-justify-content-center fusion-flex-content-wrap\" style=\"max-width:1497.6px;margin-left: calc(-4% \/ 2 );margin-right: calc(-4% \/ 2 );\"><div class=\"fusion-layout-column fusion_builder_column fusion-builder-column-31 fusion_builder_column_1_1 1_1 fusion-flex-column\" style=\"--awb-bg-size:cover;--awb-width-large:100%;--awb-margin-top-large:0px;--awb-spacing-right-large:1.92%;--awb-margin-bottom-large:100px;--awb-spacing-left-large:1.92%;--awb-width-medium:100%;--awb-order-medium:0;--awb-spacing-right-medium:1.92%;--awb-spacing-left-medium:1.92%;--awb-width-small:100%;--awb-order-small:0;--awb-spacing-right-small:1.92%;--awb-spacing-left-small:1.92%;\"><div class=\"fusion-column-wrapper fusion-column-has-shadow fusion-flex-justify-content-flex-start fusion-content-layout-column\"><div class=\"fusion-title title fusion-title-7 fusion-sep-none fusion-title-center fusion-title-text fusion-title-size-two\" style=\"--awb-margin-top-small:10px;--awb-margin-right-small:0px;--awb-margin-bottom-small:10px;--awb-margin-left-small:0px;\"><h2 class=\"fusion-title-heading title-heading-center sm-text-align-left fusion-responsive-typography-calculated\" style=\"margin:0;--fontSize:40;line-height:var(--awb-typography1-line-height);\">Film<\/h2><\/div><\/div><\/div><div class=\"fusion-layout-column fusion_builder_column fusion-builder-column-32 fusion_builder_column_1_1 1_1 fusion-flex-column\" style=\"--awb-bg-size:cover;--awb-width-large:100%;--awb-margin-top-large:0px;--awb-spacing-right-large:1.92%;--awb-margin-bottom-large:0px;--awb-spacing-left-large:1.92%;--awb-width-medium:100%;--awb-order-medium:0;--awb-spacing-right-medium:1.92%;--awb-spacing-left-medium:1.92%;--awb-width-small:100%;--awb-order-small:0;--awb-spacing-right-small:1.92%;--awb-spacing-left-small:1.92%;\"><div class=\"fusion-column-wrapper fusion-column-has-shadow fusion-flex-justify-content-flex-start fusion-content-layout-column\"><div class=\"fusion-video fusion-vimeo\" style=\"--awb-max-width:1280px;--awb-max-height:720px;--awb-align-self:center;--awb-width:100%;--awb-margin-top:0px;--awb-margin-bottom:0px;\"><div class=\"video-shortcode\"><div class=\"fluid-width-video-wrapper\" style=\"padding-top:56.25%;\" ><iframe data-privacy-type=\"vimeo\" src=\"\" class=\"fusion-hidden lazyload\" title=\"Vimeo video player 1\" data-privacy-src=\"https:\/\/player.vimeo.com\/video\/861690445?autoplay=0&amp;rel=0&amp;byline=0&amp;portrait=0&amp;autopause=0\" data-orig-src=\"https:\/\/player.vimeo.com\/video\/861690445?autoplay=0&amp;rel=0&amp;byline=0&amp;portrait=0&amp;autopause=0\" width=\"1280\" height=\"720\" allowfullscreen allow=\"autoplay; fullscreen\"><\/iframe><div class=\"fusion-privacy-placeholder\" style=\"width:1280px; height:720px;\" data-privacy-type=\"vimeo\"><div class=\"fusion-privacy-placeholder-content\"><div class=\"fusion-privacy-label\">For privacy reasons Vimeo needs your permission to be loaded.<\/div><button data-privacy-type=\"vimeo\" class=\"fusion-button button-default fusion-button-default-size button fusion-privacy-consent\">I Accept<\/button><\/div><\/div><\/div><\/div><\/div><\/div><\/div><\/div><\/div><div class=\"fusion-fullwidth fullwidth-box fusion-builder-row-21 fusion-flex-container has-pattern-background has-mask-background nonhundred-percent-fullwidth non-hundred-percent-height-scrolling\" style=\"--awb-border-radius-top-left:0px;--awb-border-radius-top-right:0px;--awb-border-radius-bottom-right:0px;--awb-border-radius-bottom-left:0px;--awb-flex-wrap:wrap;\" ><div class=\"fusion-builder-row fusion-row fusion-flex-align-items-flex-start fusion-flex-content-wrap\" style=\"max-width:1497.6px;margin-left: calc(-4% \/ 2 );margin-right: calc(-4% \/ 2 );\"><div class=\"fusion-layout-column fusion_builder_column fusion-builder-column-33 fusion_builder_column_1_1 1_1 fusion-flex-column\" style=\"--awb-bg-size:cover;--awb-width-large:100%;--awb-margin-top-large:0px;--awb-spacing-right-large:1.92%;--awb-margin-bottom-large:20px;--awb-spacing-left-large:1.92%;--awb-width-medium:100%;--awb-order-medium:0;--awb-spacing-right-medium:1.92%;--awb-spacing-left-medium:1.92%;--awb-width-small:100%;--awb-order-small:0;--awb-spacing-right-small:1.92%;--awb-spacing-left-small:1.92%;\"><div class=\"fusion-column-wrapper fusion-column-has-shadow fusion-flex-justify-content-flex-start fusion-content-layout-column\"><\/div><\/div><\/div><\/div><div class=\"fusion-fullwidth fullwidth-box fusion-builder-row-22 fusion-flex-container has-pattern-background has-mask-background nonhundred-percent-fullwidth non-hundred-percent-height-scrolling\" style=\"--awb-border-radius-top-left:0px;--awb-border-radius-top-right:0px;--awb-border-radius-bottom-right:0px;--awb-border-radius-bottom-left:0px;--awb-padding-top:60px;--awb-flex-wrap:wrap;\" ><div class=\"fusion-builder-row fusion-row fusion-flex-align-items-flex-start fusion-flex-content-wrap\" style=\"max-width:1497.6px;margin-left: calc(-4% \/ 2 );margin-right: calc(-4% \/ 2 );\"><div class=\"fusion-layout-column fusion_builder_column fusion-builder-column-34 fusion_builder_column_1_1 1_1 fusion-flex-column\" style=\"--awb-bg-size:cover;--awb-width-large:100%;--awb-margin-top-large:0px;--awb-spacing-right-large:1.92%;--awb-margin-bottom-large:20px;--awb-spacing-left-large:1.92%;--awb-width-medium:100%;--awb-order-medium:0;--awb-spacing-right-medium:1.92%;--awb-spacing-left-medium:1.92%;--awb-width-small:100%;--awb-order-small:0;--awb-spacing-right-small:1.92%;--awb-spacing-left-small:1.92%;\"><div class=\"fusion-column-wrapper fusion-column-has-shadow fusion-flex-justify-content-flex-start fusion-content-layout-column\"><div class=\"fusion-title title fusion-title-8 fusion-sep-none fusion-title-center fusion-title-text fusion-title-size-two\" style=\"--awb-margin-top-small:10px;--awb-margin-right-small:0px;--awb-margin-bottom-small:10px;--awb-margin-left-small:0px;\"><h2 class=\"fusion-title-heading title-heading-center fusion-responsive-typography-calculated\" style=\"margin:0;--fontSize:40;line-height:var(--awb-typography1-line-height);\">Florence Flersheims Flucht nach Amsterdam<\/h2><\/div><\/div><\/div><\/div><\/div><div class=\"fusion-fullwidth fullwidth-box fusion-builder-row-23 fusion-flex-container has-pattern-background has-mask-background nonhundred-percent-fullwidth non-hundred-percent-height-scrolling\" style=\"--awb-border-radius-top-left:0px;--awb-border-radius-top-right:0px;--awb-border-radius-bottom-right:0px;--awb-border-radius-bottom-left:0px;--awb-padding-top:50px;--awb-padding-bottom:50px;--awb-padding-top-small:25px;--awb-padding-bottom-small:25px;--awb-margin-top:0px;--awb-margin-bottom:0px;--awb-flex-wrap:wrap;\" ><div class=\"fusion-builder-row fusion-row fusion-flex-align-items-flex-start fusion-flex-justify-content-flex-end fusion-flex-content-wrap\" style=\"max-width:1497.6px;margin-left: calc(-4% \/ 2 );margin-right: calc(-4% \/ 2 );\"><div class=\"fusion-layout-column fusion_builder_column fusion-builder-column-35 fusion_builder_column_1_4 1_4 fusion-flex-column\" style=\"--awb-padding-top:10px;--awb-bg-size:cover;--awb-width-large:25%;--awb-margin-top-large:0px;--awb-spacing-right-large:7.68%;--awb-margin-bottom-large:20px;--awb-spacing-left-large:7.68%;--awb-width-medium:25%;--awb-order-medium:0;--awb-spacing-right-medium:7.68%;--awb-spacing-left-medium:7.68%;--awb-width-small:100%;--awb-order-small:0;--awb-spacing-right-small:1.92%;--awb-margin-bottom-small:50px;--awb-spacing-left-small:1.92%;\"><div class=\"fusion-column-wrapper fusion-column-has-shadow fusion-flex-justify-content-flex-start fusion-content-layout-column\"><div class=\"fusion-image-element awb-imageframe-style awb-imageframe-style-below awb-imageframe-style-13\" style=\"--awb-max-width:1000px;--awb-caption-title-font-family:var(--body_typography-font-family);--awb-caption-title-font-weight:var(--body_typography-font-weight);--awb-caption-title-font-style:var(--body_typography-font-style);--awb-caption-title-size:var(--body_typography-font-size);--awb-caption-title-transform:var(--body_typography-text-transform);--awb-caption-title-line-height:var(--body_typography-line-height);--awb-caption-title-letter-spacing:var(--body_typography-letter-spacing);\"><span class=\" fusion-imageframe imageframe-none imageframe-13 hover-type-none\"><img decoding=\"async\" width=\"690\" height=\"777\" alt=\"Historische Fotografie eines f\u00fcnfst\u00f6ckigen Hotelgeb\u00e4udes an einem Kanal.\" title=\"Doelen Hotel in Amsterdam, 1926.\" src=\"https:\/\/kunst-raub-rueckgabe.de\/wp-content\/uploads\/2023\/09\/Doelen-Hotel-Amsterdam-1926.jpg\" class=\"img-responsive wp-image-2528\" srcset=\"https:\/\/kunst-raub-rueckgabe.de\/wp-content\/uploads\/2023\/09\/Doelen-Hotel-Amsterdam-1926-200x225.jpg 200w, https:\/\/kunst-raub-rueckgabe.de\/wp-content\/uploads\/2023\/09\/Doelen-Hotel-Amsterdam-1926-400x450.jpg 400w, https:\/\/kunst-raub-rueckgabe.de\/wp-content\/uploads\/2023\/09\/Doelen-Hotel-Amsterdam-1926-600x676.jpg 600w, https:\/\/kunst-raub-rueckgabe.de\/wp-content\/uploads\/2023\/09\/Doelen-Hotel-Amsterdam-1926.jpg 690w\" sizes=\"(max-width: 640px) 100vw, 400px\" \/><\/span><div class=\"awb-imageframe-caption-container\"><div class=\"awb-imageframe-caption\"><div class=\"awb-imageframe-caption-title\">Doelen Hotel in Amsterdam, 1926.<\/div><p class=\"awb-imageframe-caption-text\">Sammlung Stadtarchiv Amsterdam<\/p><\/div><\/div><\/div><\/div><\/div><div class=\"fusion-layout-column fusion_builder_column fusion-builder-column-36 fusion_builder_column_1_2 1_2 fusion-flex-column\" style=\"--awb-bg-size:cover;--awb-width-large:50%;--awb-margin-top-large:0px;--awb-spacing-right-large:3.84%;--awb-margin-bottom-large:20px;--awb-spacing-left-large:3.84%;--awb-width-medium:50%;--awb-order-medium:0;--awb-spacing-right-medium:3.84%;--awb-spacing-left-medium:3.84%;--awb-width-small:100%;--awb-order-small:0;--awb-spacing-right-small:1.92%;--awb-spacing-left-small:1.92%;\"><div class=\"fusion-column-wrapper fusion-column-has-shadow fusion-flex-justify-content-flex-start fusion-content-layout-column\"><div class=\"fusion-text fusion-text-15\"><p>Ernst Flersheims Bruder Martin stirbt nach l\u00e4ngerer Krankheit im Jahr 1935. Seine Frau Florence flieht mit dem Sohn Fritz zun\u00e4chst nach Amsterdam, wo sie einige Monate im Doelen Hotel wohnt.<\/p>\n<\/div><\/div><\/div><\/div><\/div><div class=\"fusion-fullwidth fullwidth-box fusion-builder-row-24 fusion-flex-container has-pattern-background has-mask-background nonhundred-percent-fullwidth non-hundred-percent-height-scrolling\" style=\"--awb-border-radius-top-left:0px;--awb-border-radius-top-right:0px;--awb-border-radius-bottom-right:0px;--awb-border-radius-bottom-left:0px;--awb-padding-top:50px;--awb-padding-bottom:50px;--awb-padding-top-small:25px;--awb-padding-bottom-small:25px;--awb-margin-top:0px;--awb-margin-bottom:0px;--awb-flex-wrap:wrap;\" ><div class=\"fusion-builder-row fusion-row fusion-flex-align-items-flex-start fusion-flex-content-wrap\" style=\"max-width:1497.6px;margin-left: calc(-4% \/ 2 );margin-right: calc(-4% \/ 2 );\"><div class=\"fusion-layout-column fusion_builder_column fusion-builder-column-37 fusion_builder_column_1_2 1_2 fusion-flex-column\" style=\"--awb-padding-top:10px;--awb-bg-size:cover;--awb-width-large:50%;--awb-margin-top-large:0px;--awb-spacing-right-large:3.84%;--awb-margin-bottom-large:20px;--awb-spacing-left-large:3.84%;--awb-width-medium:50%;--awb-order-medium:0;--awb-spacing-right-medium:3.84%;--awb-spacing-left-medium:3.84%;--awb-width-small:100%;--awb-order-small:0;--awb-spacing-right-small:1.92%;--awb-margin-bottom-small:50px;--awb-spacing-left-small:1.92%;\"><div class=\"fusion-column-wrapper fusion-column-has-shadow fusion-flex-justify-content-flex-start fusion-content-layout-column\"><div class=\"fusion-image-element awb-imageframe-style awb-imageframe-style-below awb-imageframe-style-14\" style=\"--awb-caption-title-font-family:var(--body_typography-font-family);--awb-caption-title-font-weight:var(--body_typography-font-weight);--awb-caption-title-font-style:var(--body_typography-font-style);--awb-caption-title-size:var(--body_typography-font-size);--awb-caption-title-transform:var(--body_typography-text-transform);--awb-caption-title-line-height:var(--body_typography-line-height);--awb-caption-title-letter-spacing:var(--body_typography-letter-spacing);\"><span class=\" fusion-imageframe imageframe-none imageframe-14 hover-type-none\"><img decoding=\"async\" width=\"2560\" height=\"1592\" alt=\"Historische Fotografie. Zwei gro\u00dfe Container aus Holz auf einem Fahrgestell.\" title=\"Solche Liftvans wurden h\u00e4ufig f\u00fcr j\u00fcdisches Umzugsgut verwendet.\" src=\"https:\/\/kunst-raub-rueckgabe.de\/wp-content\/uploads\/2023\/09\/Lift-Umzug-Wolff-scaled.jpg\" class=\"img-responsive wp-image-2537\" srcset=\"https:\/\/kunst-raub-rueckgabe.de\/wp-content\/uploads\/2023\/09\/Lift-Umzug-Wolff-200x124.jpg 200w, https:\/\/kunst-raub-rueckgabe.de\/wp-content\/uploads\/2023\/09\/Lift-Umzug-Wolff-400x249.jpg 400w, https:\/\/kunst-raub-rueckgabe.de\/wp-content\/uploads\/2023\/09\/Lift-Umzug-Wolff-600x373.jpg 600w, https:\/\/kunst-raub-rueckgabe.de\/wp-content\/uploads\/2023\/09\/Lift-Umzug-Wolff-800x497.jpg 800w, https:\/\/kunst-raub-rueckgabe.de\/wp-content\/uploads\/2023\/09\/Lift-Umzug-Wolff-1200x746.jpg 1200w, https:\/\/kunst-raub-rueckgabe.de\/wp-content\/uploads\/2023\/09\/Lift-Umzug-Wolff-scaled.jpg 2560w\" sizes=\"(max-width: 640px) 100vw, 800px\" \/><\/span><div class=\"awb-imageframe-caption-container\"><div class=\"awb-imageframe-caption\"><div class=\"awb-imageframe-caption-title\">Solche Liftvans wurden h\u00e4ufig f\u00fcr j\u00fcdisches Umzugsgut verwendet.<\/div><p class=\"awb-imageframe-caption-text\">Stadtarchiv Dannenberg an der Elbe, Archiv-ID 18696<\/p><\/div><\/div><\/div><\/div><\/div><div class=\"fusion-layout-column fusion_builder_column fusion-builder-column-38 fusion_builder_column_1_2 1_2 fusion-flex-column\" style=\"--awb-bg-size:cover;--awb-width-large:50%;--awb-margin-top-large:0px;--awb-spacing-right-large:3.84%;--awb-margin-bottom-large:20px;--awb-spacing-left-large:3.84%;--awb-width-medium:50%;--awb-order-medium:0;--awb-spacing-right-medium:3.84%;--awb-spacing-left-medium:3.84%;--awb-width-small:100%;--awb-order-small:0;--awb-spacing-right-small:1.92%;--awb-spacing-left-small:1.92%;\"><div class=\"fusion-column-wrapper fusion-column-has-shadow fusion-flex-justify-content-flex-start fusion-content-layout-column\"><div class=\"fusion-text fusion-text-16\"><p>Aufgrund der diskriminierenden Auflagen <span style=\"color: var(--awb-text-color); font-family: var(--awb-text-font-family); font-size: var(--awb-font-size); font-style: var(--awb-text-font-style); font-weight: var(--awb-text-font-weight); letter-spacing: var(--awb-letter-spacing); text-align: var(--awb-content-alignment); text-transform: var(--awb-text-transform); background-color: var(--awb-bg-color);\">des NS-Staates muss Florence Flersheim gro\u00dfe Teile ihres Verm\u00f6gens und ihrer Wertgegenst\u00e4nde zwangsweise verkaufen oder zur\u00fccklassen.<\/span><\/p>\n<p>Es gelingt ihr jedoch, Teile ihres Hausrats und der Kunstsammlung mitzunehmen und in zwei Liftvans, gro\u00dfen Umzugscontainern aus Holz, im Freihafen Amsterdam zu lagern.<\/p>\n<\/div><\/div><\/div><\/div><\/div><div class=\"fusion-fullwidth fullwidth-box fusion-builder-row-25 fusion-flex-container has-pattern-background has-mask-background nonhundred-percent-fullwidth non-hundred-percent-height-scrolling\" style=\"--awb-border-radius-top-left:0px;--awb-border-radius-top-right:0px;--awb-border-radius-bottom-right:0px;--awb-border-radius-bottom-left:0px;--awb-padding-top:60px;--awb-flex-wrap:wrap;\" ><div class=\"fusion-builder-row fusion-row fusion-flex-align-items-flex-start fusion-flex-content-wrap\" style=\"max-width:1497.6px;margin-left: calc(-4% \/ 2 );margin-right: calc(-4% \/ 2 );\"><div class=\"fusion-layout-column fusion_builder_column fusion-builder-column-39 fusion_builder_column_1_1 1_1 fusion-flex-column\" style=\"--awb-bg-size:cover;--awb-width-large:100%;--awb-margin-top-large:0px;--awb-spacing-right-large:1.92%;--awb-margin-bottom-large:20px;--awb-spacing-left-large:1.92%;--awb-width-medium:100%;--awb-order-medium:0;--awb-spacing-right-medium:1.92%;--awb-spacing-left-medium:1.92%;--awb-width-small:100%;--awb-order-small:0;--awb-spacing-right-small:1.92%;--awb-spacing-left-small:1.92%;\"><div class=\"fusion-column-wrapper fusion-column-has-shadow fusion-flex-justify-content-flex-start fusion-content-layout-column\"><div class=\"fusion-title title fusion-title-9 fusion-sep-none fusion-title-center fusion-title-text fusion-title-size-two\" style=\"--awb-margin-top-small:10px;--awb-margin-right-small:0px;--awb-margin-bottom-small:10px;--awb-margin-left-small:0px;\"><h2 class=\"fusion-title-heading title-heading-center fusion-responsive-typography-calculated\" style=\"margin:0;--fontSize:40;line-height:var(--awb-typography1-line-height);\">Liebermanns Gem\u00e4lde &#8222;Badende Jungen&#8220;<\/h2><\/div><\/div><\/div><\/div><\/div><div class=\"fusion-fullwidth fullwidth-box fusion-builder-row-26 fusion-flex-container has-pattern-background has-mask-background nonhundred-percent-fullwidth non-hundred-percent-height-scrolling\" style=\"--awb-border-radius-top-left:0px;--awb-border-radius-top-right:0px;--awb-border-radius-bottom-right:0px;--awb-border-radius-bottom-left:0px;--awb-padding-top:50px;--awb-padding-bottom:50px;--awb-padding-top-small:25px;--awb-padding-bottom-small:25px;--awb-margin-top:0px;--awb-margin-bottom:0px;--awb-flex-wrap:wrap;\" ><div class=\"fusion-builder-row fusion-row fusion-flex-align-items-flex-start fusion-flex-content-wrap\" style=\"max-width:1497.6px;margin-left: calc(-4% \/ 2 );margin-right: calc(-4% \/ 2 );\"><div class=\"fusion-layout-column fusion_builder_column fusion-builder-column-40 fusion_builder_column_1_2 1_2 fusion-flex-column\" style=\"--awb-padding-top:10px;--awb-bg-size:cover;--awb-width-large:50%;--awb-margin-top-large:0px;--awb-spacing-right-large:3.84%;--awb-margin-bottom-large:20px;--awb-spacing-left-large:3.84%;--awb-width-medium:50%;--awb-order-medium:0;--awb-spacing-right-medium:3.84%;--awb-spacing-left-medium:3.84%;--awb-width-small:100%;--awb-order-small:0;--awb-spacing-right-small:1.92%;--awb-margin-bottom-small:50px;--awb-spacing-left-small:1.92%;\"><div class=\"fusion-column-wrapper fusion-column-has-shadow fusion-flex-justify-content-flex-start fusion-content-layout-column\"><div class=\"fusion-image-element awb-imageframe-style awb-imageframe-style-below awb-imageframe-style-15\" style=\"text-align:right;--awb-caption-title-font-family:var(--body_typography-font-family);--awb-caption-title-font-weight:var(--body_typography-font-weight);--awb-caption-title-font-style:var(--body_typography-font-style);--awb-caption-title-size:var(--body_typography-font-size);--awb-caption-title-transform:var(--body_typography-text-transform);--awb-caption-title-line-height:var(--body_typography-line-height);--awb-caption-title-letter-spacing:var(--body_typography-letter-spacing);\"><span class=\" fusion-imageframe imageframe-none imageframe-15 hover-type-none\"><img decoding=\"async\" width=\"580\" height=\"442\" alt=\"Fotografie eines Gem\u00e4ldes in Sepiat\u00f6nen wiedergegeben. Eine Gruppe von Jungen am Strand. Einige sind noch im Wasser, andere sind am Land und ziehen sich an. Der Himmel ist bew\u00f6lkt. \" title=\"Liebermanns \u201eBadende Knaben\u201c als zeitgen\u00f6ssische Reproduktion.\" src=\"https:\/\/kunst-raub-rueckgabe.de\/wp-content\/uploads\/2023\/09\/Badende-Knaben-Sepia.jpg\" class=\"img-responsive wp-image-2526\" srcset=\"https:\/\/kunst-raub-rueckgabe.de\/wp-content\/uploads\/2023\/09\/Badende-Knaben-Sepia-200x152.jpg 200w, https:\/\/kunst-raub-rueckgabe.de\/wp-content\/uploads\/2023\/09\/Badende-Knaben-Sepia-400x305.jpg 400w, https:\/\/kunst-raub-rueckgabe.de\/wp-content\/uploads\/2023\/09\/Badende-Knaben-Sepia.jpg 580w\" sizes=\"(max-width: 640px) 100vw, 580px\" \/><\/span><div class=\"awb-imageframe-caption-container\"><div class=\"awb-imageframe-caption\"><div class=\"awb-imageframe-caption-title\">Eine zeitgen\u00f6ssische Reproduktion des Gem\u00e4ldes. <\/div><p class=\"awb-imageframe-caption-text\">Bayerische Staatsgem\u00e4ldesammlungen<\/p><\/div><\/div><\/div><\/div><\/div><div class=\"fusion-layout-column fusion_builder_column fusion-builder-column-41 fusion_builder_column_1_2 1_2 fusion-flex-column\" style=\"--awb-bg-size:cover;--awb-width-large:50%;--awb-margin-top-large:0px;--awb-spacing-right-large:3.84%;--awb-margin-bottom-large:20px;--awb-spacing-left-large:3.84%;--awb-width-medium:50%;--awb-order-medium:0;--awb-spacing-right-medium:3.84%;--awb-spacing-left-medium:3.84%;--awb-width-small:100%;--awb-order-small:0;--awb-spacing-right-small:1.92%;--awb-spacing-left-small:1.92%;\"><div class=\"fusion-column-wrapper fusion-column-has-shadow fusion-flex-justify-content-flex-start fusion-content-layout-column\"><div class=\"fusion-text fusion-text-17\"><p>In einem dieser Liftvans befindet sich das Bild \u201eBadende Jungen\u201c von Max Liebermann. Das Ehepaar Flersheim hatte es direkt vom K\u00fcnstler erworben.<\/p>\n<\/div><\/div><\/div><\/div><\/div><div class=\"fusion-fullwidth fullwidth-box fusion-builder-row-27 fusion-flex-container has-pattern-background has-mask-background nonhundred-percent-fullwidth non-hundred-percent-height-scrolling\" style=\"--awb-border-radius-top-left:0px;--awb-border-radius-top-right:0px;--awb-border-radius-bottom-right:0px;--awb-border-radius-bottom-left:0px;--awb-padding-top:50px;--awb-padding-bottom:50px;--awb-padding-top-small:25px;--awb-padding-bottom-small:25px;--awb-margin-top:0px;--awb-margin-bottom:0px;--awb-flex-wrap:wrap;\" ><div class=\"fusion-builder-row fusion-row fusion-flex-align-items-flex-start fusion-flex-content-wrap\" style=\"max-width:1497.6px;margin-left: calc(-4% \/ 2 );margin-right: calc(-4% \/ 2 );\"><div class=\"fusion-layout-column fusion_builder_column fusion-builder-column-42 fusion_builder_column_1_2 1_2 fusion-flex-column\" style=\"--awb-padding-top:10px;--awb-bg-size:cover;--awb-width-large:50%;--awb-margin-top-large:0px;--awb-spacing-right-large:3.84%;--awb-margin-bottom-large:20px;--awb-spacing-left-large:3.84%;--awb-width-medium:50%;--awb-order-medium:0;--awb-spacing-right-medium:3.84%;--awb-spacing-left-medium:3.84%;--awb-width-small:100%;--awb-order-small:0;--awb-spacing-right-small:1.92%;--awb-margin-bottom-small:50px;--awb-spacing-left-small:1.92%;\"><div class=\"fusion-column-wrapper fusion-column-has-shadow fusion-flex-justify-content-flex-start fusion-content-layout-column\"><div class=\"fusion-image-element awb-imageframe-style awb-imageframe-style-below awb-imageframe-style-16\" style=\"text-align:right;--awb-caption-margin-top:10px;--awb-caption-margin-bottom:20px;--awb-caption-title-font-family:var(--body_typography-font-family);--awb-caption-title-font-weight:var(--body_typography-font-weight);--awb-caption-title-font-style:var(--body_typography-font-style);--awb-caption-title-size:var(--body_typography-font-size);--awb-caption-title-transform:var(--body_typography-text-transform);--awb-caption-title-line-height:var(--body_typography-line-height);--awb-caption-title-letter-spacing:var(--body_typography-letter-spacing);\"><span class=\" fusion-imageframe imageframe-none imageframe-16 hover-type-none\"><img decoding=\"async\" width=\"386\" height=\"182\" alt=\"Fotografie. Stempelaufdruck.\" src=\"https:\/\/kunst-raub-rueckgabe.de\/wp-content\/uploads\/2023\/09\/Stempel_einsatzstab_rr.png\" class=\"img-responsive wp-image-2600\" srcset=\"https:\/\/kunst-raub-rueckgabe.de\/wp-content\/uploads\/2023\/09\/Stempel_einsatzstab_rr-200x94.png 200w, https:\/\/kunst-raub-rueckgabe.de\/wp-content\/uploads\/2023\/09\/Stempel_einsatzstab_rr.png 386w\" sizes=\"(max-width: 640px) 100vw, 386px\" \/><\/span><div class=\"awb-imageframe-caption-container\"><div class=\"awb-imageframe-caption\"><div class=\"awb-imageframe-caption-title\">Mit diesem Stempel markierte der ERR geraubte Gegenst\u00e4nde.<\/div><p class=\"awb-imageframe-caption-text\">Wikimedia Commons, gemeinfrei<\/p><\/div><\/div><\/div><\/div><\/div><div class=\"fusion-layout-column fusion_builder_column fusion-builder-column-43 fusion_builder_column_1_2 1_2 fusion-flex-column\" style=\"--awb-bg-size:cover;--awb-width-large:50%;--awb-margin-top-large:0px;--awb-spacing-right-large:3.84%;--awb-margin-bottom-large:20px;--awb-spacing-left-large:3.84%;--awb-width-medium:50%;--awb-order-medium:0;--awb-spacing-right-medium:3.84%;--awb-spacing-left-medium:3.84%;--awb-width-small:100%;--awb-order-small:0;--awb-spacing-right-small:1.92%;--awb-spacing-left-small:1.92%;\"><div class=\"fusion-column-wrapper fusion-column-has-shadow fusion-flex-justify-content-flex-start fusion-content-layout-column\"><div class=\"fusion-text fusion-text-18\"><p>Im Sommer 1944 pl\u00fcndert der Einsatzstab Reichsleiter Rosenberg (ERR) den Amsterdamer Freihafen und beschlagnahmt dabei auch das Umzugsgut von Florence Flersheim. Lange wurde vermutet, dass darunter auch das Bild der \u201eBadenden Jungen\u201c war und es sich somit um Raubkunst handelt, die restituiert werden muss.<\/p>\n<\/div><div class=\"fusion-builder-row fusion-builder-row-inner fusion-row fusion-flex-align-items-flex-start fusion-flex-content-wrap\" style=\"--awb-flex-grow:0;--awb-flex-grow-medium:0;--awb-flex-grow-small:0;--awb-flex-shrink:0;--awb-flex-shrink-medium:0;--awb-flex-shrink-small:0;width:104% !important;max-width:104% !important;margin-left: calc(-4% \/ 2 );margin-right: calc(-4% \/ 2 );\"><div class=\"fusion-layout-column fusion_builder_column_inner fusion-builder-nested-column-0 fusion_builder_column_inner_1_1 1_1 fusion-flex-column\" style=\"--awb-bg-size:cover;--awb-width-large:100%;--awb-margin-top-large:0px;--awb-spacing-right-large:1.92%;--awb-margin-bottom-large:20px;--awb-spacing-left-large:1.92%;--awb-width-medium:100%;--awb-order-medium:0;--awb-spacing-right-medium:1.92%;--awb-spacing-left-medium:1.92%;--awb-width-small:100%;--awb-order-small:0;--awb-spacing-right-small:1.92%;--awb-spacing-left-small:1.92%;\"><div class=\"fusion-column-wrapper fusion-column-has-shadow fusion-flex-justify-content-flex-start fusion-content-layout-column\"><div class=\"fusion-text fusion-text-19 fusion-text-no-margin\" style=\"--awb-font-size:16px;--awb-margin-top:0px;--awb-margin-right:0px;--awb-margin-bottom:0px;--awb-margin-left:0px;--awb-text-font-family:&quot;Inter&quot;;--awb-text-font-style:normal;--awb-text-font-weight:600;\"><p>Hintergrund<\/p>\n<\/div><div class=\"fusion-separator\" style=\"align-self: flex-start;margin-right:auto;margin-bottom:20px;width:100%;max-width:250px;\"><div class=\"fusion-separator-border sep-single sep-solid\" style=\"--awb-height:20px;--awb-amount:20px;--awb-sep-color:var(--awb-color5);border-color:var(--awb-color5);border-top-width:1px;\"><\/div><\/div><div ><a class=\"fusion-button button-flat button-small button-default fusion-button-default button-1 fusion-button-default-span fusion-button-default-type\" style=\"--awb-margin-top:0px;--awb-margin-right:0px;--awb-margin-bottom:0px;--awb-margin-left:0px;--button-border-radius-top-left:0;--button-border-radius-top-right:0;--button-border-radius-bottom-right:0;--button-border-radius-bottom-left:0;\" target=\"lightbox\" rel=\"iLightbox\" href=\"https:\/\/kunst-raub-rueckgabe.de\/faq-items\/einsatzstab-reichsleiter-rosenberg-err\/\"><i class=\"icon-KRR1Pfeil awb-button__icon awb-button__icon--default button-icon-left\" aria-hidden=\"true\"><\/i><span class=\"fusion-button-text awb-button__text awb-button__text--default\">Einsatzstab Reichsleiter Rosenberg (ERR)<\/span><\/a><\/div><\/div><\/div><\/div><\/div><\/div><\/div><\/div><div class=\"fusion-fullwidth fullwidth-box fusion-builder-row-28 fusion-flex-container has-pattern-background has-mask-background nonhundred-percent-fullwidth non-hundred-percent-height-scrolling\" style=\"--awb-border-radius-top-left:0px;--awb-border-radius-top-right:0px;--awb-border-radius-bottom-right:0px;--awb-border-radius-bottom-left:0px;--awb-padding-top:50px;--awb-padding-bottom:50px;--awb-padding-top-small:25px;--awb-padding-bottom-small:25px;--awb-margin-top:0px;--awb-margin-bottom:0px;--awb-flex-wrap:wrap;\" ><div class=\"fusion-builder-row fusion-row fusion-flex-align-items-flex-start fusion-flex-content-wrap\" style=\"max-width:1497.6px;margin-left: calc(-4% \/ 2 );margin-right: calc(-4% \/ 2 );\"><div class=\"fusion-layout-column fusion_builder_column fusion-builder-column-44 fusion_builder_column_1_2 1_2 fusion-flex-column\" style=\"--awb-padding-top:10px;--awb-bg-size:cover;--awb-width-large:50%;--awb-margin-top-large:0px;--awb-spacing-right-large:3.84%;--awb-margin-bottom-large:20px;--awb-spacing-left-large:3.84%;--awb-width-medium:50%;--awb-order-medium:0;--awb-spacing-right-medium:3.84%;--awb-spacing-left-medium:3.84%;--awb-width-small:100%;--awb-order-small:0;--awb-spacing-right-small:1.92%;--awb-margin-bottom-small:50px;--awb-spacing-left-small:1.92%;\"><div class=\"fusion-column-wrapper fusion-column-has-shadow fusion-flex-justify-content-flex-start fusion-content-layout-column\"><div class=\"fusion-image-element awb-imageframe-style awb-imageframe-style-below awb-imageframe-style-17\" style=\"text-align:right;--awb-caption-title-font-family:var(--body_typography-font-family);--awb-caption-title-font-weight:var(--body_typography-font-weight);--awb-caption-title-font-style:var(--body_typography-font-style);--awb-caption-title-size:var(--body_typography-font-size);--awb-caption-title-transform:var(--body_typography-text-transform);--awb-caption-title-line-height:var(--body_typography-line-height);--awb-caption-title-letter-spacing:var(--body_typography-letter-spacing);\"><span class=\" fusion-imageframe imageframe-none imageframe-17 hover-type-none zoooom\"><img decoding=\"async\" width=\"1200\" height=\"888\" alt=\"\u00d6lgem\u00e4lde. Eine Gruppe von Jungen am Strand. Einige sind noch im Wasser, andere sind am Land und ziehen sich an. Der Himmel ist bew\u00f6lkt. Das Meer hat Schaumkronen. \" src=\"https:\/\/kunst-raub-rueckgabe.de\/wp-content\/uploads\/2023\/09\/Liebermann-Badende-Knaben.jpg\" class=\"img-responsive wp-image-2536\" srcset=\"https:\/\/kunst-raub-rueckgabe.de\/wp-content\/uploads\/2023\/09\/Liebermann-Badende-Knaben-200x148.jpg 200w, https:\/\/kunst-raub-rueckgabe.de\/wp-content\/uploads\/2023\/09\/Liebermann-Badende-Knaben-400x296.jpg 400w, https:\/\/kunst-raub-rueckgabe.de\/wp-content\/uploads\/2023\/09\/Liebermann-Badende-Knaben-600x444.jpg 600w, https:\/\/kunst-raub-rueckgabe.de\/wp-content\/uploads\/2023\/09\/Liebermann-Badende-Knaben-800x592.jpg 800w, https:\/\/kunst-raub-rueckgabe.de\/wp-content\/uploads\/2023\/09\/Liebermann-Badende-Knaben.jpg 1200w\" sizes=\"(max-width: 640px) 100vw, 800px\" \/><\/span><div class=\"awb-imageframe-caption-container\"><div class=\"awb-imageframe-caption\"><div class=\"awb-imageframe-caption-title\">Max Liebermann: Badende Jungen, 1898.<\/div><p class=\"awb-imageframe-caption-text\">Bayerische Staatsgem\u00e4ldesammlungen \ud83d\udd0d \u00dcber das Bild mit der Maus fahren, um zu vergr\u00f6\u00dfern <\/p><\/div><\/div><\/div><\/div><\/div><div class=\"fusion-layout-column fusion_builder_column fusion-builder-column-45 fusion_builder_column_1_2 1_2 fusion-flex-column\" style=\"--awb-bg-size:cover;--awb-width-large:50%;--awb-margin-top-large:0px;--awb-spacing-right-large:3.84%;--awb-margin-bottom-large:20px;--awb-spacing-left-large:3.84%;--awb-width-medium:50%;--awb-order-medium:0;--awb-spacing-right-medium:3.84%;--awb-spacing-left-medium:3.84%;--awb-width-small:100%;--awb-order-small:0;--awb-spacing-right-small:1.92%;--awb-spacing-left-small:1.92%;\"><div class=\"fusion-column-wrapper fusion-column-has-shadow fusion-flex-justify-content-flex-start fusion-content-layout-column\"><div class=\"fusion-text fusion-text-20\"><p>Doch das Liebermann-Gem\u00e4lde f\u00e4llt dem ERR nicht in die H\u00e4nde: <span style=\"color: var(--awb-text-color); font-family: var(--awb-text-font-family); font-size: var(--awb-font-size); font-style: var(--awb-text-font-style); font-weight: var(--awb-text-font-weight); letter-spacing: var(--awb-letter-spacing); text-align: var(--awb-content-alignment); text-transform: var(--awb-text-transform); background-color: var(--awb-bg-color-hover);\">Florence Flersheim gelingt es, das Bild der Amsterdamer Filiale der Kunsthandlung Cassirer in Kommission zu geben. Im Archiv von Cassirer wird 2022 der entscheidende Hinweis auf diese sichere Aufbewahrung gefunden. Im Auftrag des Sohnes Fritz Flersheim werden die \u201eBadenden Jungen\u201c 1954 versteigert. Der K\u00e4ufer schenkt das Gem\u00e4lde 1981 den Bayerischen Staatsgem\u00e4ldesammlungen.<\/span><\/p>\n<\/div><\/div><\/div><\/div><\/div><div class=\"fusion-fullwidth fullwidth-box fusion-builder-row-29 fusion-flex-container has-pattern-background has-mask-background nonhundred-percent-fullwidth non-hundred-percent-height-scrolling fusion-custom-z-index\" style=\"--link_hover_color: var(--awb-color5);--awb-border-radius-top-left:0px;--awb-border-radius-top-right:0px;--awb-border-radius-bottom-right:0px;--awb-border-radius-bottom-left:0px;--awb-z-index:100;--awb-padding-top:50px;--awb-padding-bottom:50px;--awb-margin-top:0px;--awb-margin-bottom:0px;--awb-background-color:var(--awb-color1);--awb-flex-wrap:wrap;\" ><div class=\"fusion-builder-row fusion-row fusion-flex-align-items-flex-start fusion-flex-content-wrap\" style=\"max-width:1497.6px;margin-left: calc(-4% \/ 2 );margin-right: calc(-4% \/ 2 );\"><div class=\"fusion-layout-column fusion_builder_column fusion-builder-column-46 awb-sticky awb-sticky-medium awb-sticky-large fusion_builder_column_1_2 1_2 fusion-flex-column\" style=\"--awb-bg-size:cover;--awb-width-large:50%;--awb-margin-top-large:0px;--awb-spacing-right-large:3.84%;--awb-margin-bottom-large:0px;--awb-spacing-left-large:3.84%;--awb-width-medium:50%;--awb-order-medium:0;--awb-spacing-right-medium:3.84%;--awb-spacing-left-medium:3.84%;--awb-width-small:100%;--awb-order-small:0;--awb-spacing-right-small:1.92%;--awb-spacing-left-small:1.92%;--awb-sticky-offset:20px;\"><div class=\"fusion-column-wrapper fusion-column-has-shadow fusion-flex-justify-content-flex-start fusion-content-layout-column\"><div class=\"fusion-title title fusion-title-10 fusion-sep-none fusion-title-text fusion-title-size-two kein-inhalt\" style=\"--awb-margin-top-small:10px;--awb-margin-right-small:0px;--awb-margin-bottom-small:10px;--awb-margin-left-small:0px;\"><h2 class=\"fusion-title-heading title-heading-left fusion-responsive-typography-calculated\" style=\"margin:0;--fontSize:40;line-height:var(--awb-typography1-line-height);\"><h2 class=\"fusion-responsive-typography-calculated\" data-fontsize=\"40\" data-lineheight=\"48px\">Weitere Links<\/h2><\/h2><\/div><div class=\"fusion-text fusion-text-21\"><p><a href=\"https:\/\/www.proveana.de\/de\/link\/col00000127\" target=\"_blank\" rel=\"noopener noreferrer\">Eintrag auf Proveana zu Martin und Florence Flersheim \u2192<\/a><\/p>\n<p><a href=\"https:\/\/www.proveana.de\/de\/link\/col00000126\" target=\"_blank\" rel=\"noopener noreferrer\">Eintrag auf Proveana zu Ernst und Gertrud Flersheim <span style=\"color: #121bee;\"> \u2192<\/span><\/a><\/p>\n<\/div><\/div><\/div><\/div><\/div><\/p>\n","protected":false},"excerpt":{"rendered":"","protected":false},"author":6,"featured_media":2626,"menu_order":0,"comment_status":"closed","ping_status":"closed","template":"","format":"standard","meta":{"_acf_changed":false,"inline_featured_image":false,"footnotes":""},"portfolio_category":[],"portfolio_skills":[],"portfolio_tags":[],"class_list":["post-2517","avada_portfolio","type-avada_portfolio","status-publish","format-standard","has-post-thumbnail","hentry"],"acf":[],"_links":{"self":[{"href":"https:\/\/kunst-raub-rueckgabe.de\/en\/wp-json\/wp\/v2\/avada_portfolio\/2517","targetHints":{"allow":["GET"]}}],"collection":[{"href":"https:\/\/kunst-raub-rueckgabe.de\/en\/wp-json\/wp\/v2\/avada_portfolio"}],"about":[{"href":"https:\/\/kunst-raub-rueckgabe.de\/en\/wp-json\/wp\/v2\/types\/avada_portfolio"}],"author":[{"embeddable":true,"href":"https:\/\/kunst-raub-rueckgabe.de\/en\/wp-json\/wp\/v2\/users\/6"}],"replies":[{"embeddable":true,"href":"https:\/\/kunst-raub-rueckgabe.de\/en\/wp-json\/wp\/v2\/comments?post=2517"}],"version-history":[{"count":159,"href":"https:\/\/kunst-raub-rueckgabe.de\/en\/wp-json\/wp\/v2\/avada_portfolio\/2517\/revisions"}],"predecessor-version":[{"id":6790,"href":"https:\/\/kunst-raub-rueckgabe.de\/en\/wp-json\/wp\/v2\/avada_portfolio\/2517\/revisions\/6790"}],"wp:featuredmedia":[{"embeddable":true,"href":"https:\/\/kunst-raub-rueckgabe.de\/en\/wp-json\/wp\/v2\/media\/2626"}],"wp:attachment":[{"href":"https:\/\/kunst-raub-rueckgabe.de\/en\/wp-json\/wp\/v2\/media?parent=2517"}],"wp:term":[{"taxonomy":"portfolio_category","embeddable":true,"href":"https:\/\/kunst-raub-rueckgabe.de\/en\/wp-json\/wp\/v2\/portfolio_category?post=2517"},{"taxonomy":"portfolio_skills","embeddable":true,"href":"https:\/\/kunst-raub-rueckgabe.de\/en\/wp-json\/wp\/v2\/portfolio_skills?post=2517"},{"taxonomy":"portfolio_tags","embeddable":true,"href":"https:\/\/kunst-raub-rueckgabe.de\/en\/wp-json\/wp\/v2\/portfolio_tags?post=2517"}],"curies":[{"name":"wp","href":"https:\/\/api.w.org\/{rel}","templated":true}]}}