{"id":4687,"date":"2024-10-30T14:46:14","date_gmt":"2024-10-30T13:46:14","guid":{"rendered":"https:\/\/kunst-raub-rueckgabe.de\/?post_type=avada_portfolio&#038;p=4687"},"modified":"2024-12-19T16:01:26","modified_gmt":"2024-12-19T15:01:26","slug":"buchthal","status":"publish","type":"avada_portfolio","link":"https:\/\/kunst-raub-rueckgabe.de\/en\/biografie\/buchthal\/","title":{"rendered":"Expressionism in Berlin's Westend"},"content":{"rendered":"<p><div class=\"fusion-fullwidth fullwidth-box fusion-builder-row-1 fusion-flex-container has-pattern-background has-mask-background nonhundred-percent-fullwidth non-hundred-percent-height-scrolling\" style=\"--awb-border-radius-top-left:0px;--awb-border-radius-top-right:0px;--awb-border-radius-bottom-right:0px;--awb-border-radius-bottom-left:0px;--awb-padding-top:50px;--awb-padding-bottom:50px;--awb-padding-top-small:25px;--awb-padding-bottom-small:25px;--awb-margin-top:0px;--awb-margin-bottom:0px;--awb-flex-wrap:wrap;\" ><div class=\"fusion-builder-row fusion-row fusion-flex-align-items-flex-start fusion-flex-content-wrap\" style=\"max-width:1497.6px;margin-left: calc(-4% \/ 2 );margin-right: calc(-4% \/ 2 );\"><div class=\"fusion-layout-column fusion_builder_column fusion-builder-column-0 fusion_builder_column_1_2 1_2 fusion-flex-column\" style=\"--awb-padding-top:10px;--awb-bg-size:cover;--awb-width-large:50%;--awb-margin-top-large:0px;--awb-spacing-right-large:3.84%;--awb-margin-bottom-large:20px;--awb-spacing-left-large:3.84%;--awb-width-medium:50%;--awb-order-medium:0;--awb-spacing-right-medium:3.84%;--awb-spacing-left-medium:3.84%;--awb-width-small:100%;--awb-order-small:0;--awb-spacing-right-small:1.92%;--awb-margin-bottom-small:50px;--awb-spacing-left-small:1.92%;\"><div class=\"fusion-column-wrapper fusion-column-has-shadow fusion-flex-justify-content-flex-start fusion-content-layout-column\"><div class=\"fusion-image-element awb-imageframe-style awb-imageframe-style-below awb-imageframe-style-1\" style=\"--awb-caption-margin-top:10px;--awb-caption-margin-bottom:20px;--awb-caption-title-font-family:var(--body_typography-font-family);--awb-caption-title-font-weight:var(--body_typography-font-weight);--awb-caption-title-font-style:var(--body_typography-font-style);--awb-caption-title-size:var(--body_typography-font-size);--awb-caption-title-transform:var(--body_typography-text-transform);--awb-caption-title-line-height:var(--body_typography-line-height);--awb-caption-title-letter-spacing:var(--body_typography-letter-spacing);\"><span class=\" fusion-imageframe imageframe-none imageframe-1 hover-type-none\"><img decoding=\"async\" width=\"1024\" height=\"666\" title=\"Haus-Buchthal-Stra\u00dfenseite-1922-Repro\" src=\"https:\/\/kunst-raub-rueckgabe.de\/wp-content\/uploads\/2024\/07\/Haus-Buchthal-Strassenseite-1922-Repro.jpg\" alt class=\"img-responsive wp-image-5006\" srcset=\"https:\/\/kunst-raub-rueckgabe.de\/wp-content\/uploads\/2024\/07\/Haus-Buchthal-Strassenseite-1922-Repro-200x130.jpg 200w, https:\/\/kunst-raub-rueckgabe.de\/wp-content\/uploads\/2024\/07\/Haus-Buchthal-Strassenseite-1922-Repro-400x260.jpg 400w, https:\/\/kunst-raub-rueckgabe.de\/wp-content\/uploads\/2024\/07\/Haus-Buchthal-Strassenseite-1922-Repro-600x390.jpg 600w, https:\/\/kunst-raub-rueckgabe.de\/wp-content\/uploads\/2024\/07\/Haus-Buchthal-Strassenseite-1922-Repro-800x520.jpg 800w, https:\/\/kunst-raub-rueckgabe.de\/wp-content\/uploads\/2024\/07\/Haus-Buchthal-Strassenseite-1922-Repro.jpg 1024w\" sizes=\"(max-width: 640px) 100vw, 800px\" \/><\/span><div class=\"awb-imageframe-caption-container\"><div class=\"awb-imageframe-caption\"><div class=\"awb-imageframe-caption-title\">Haus Buchthal in Berlin-Westend, 1922.<\/div><p class=\"awb-imageframe-caption-text\">Aus: Moderne Villen und Landh\u00e4user, hrsg. von H. de Fries, Berlin 1925<\/p><\/div><\/div><\/div><\/div><\/div><div class=\"fusion-layout-column fusion_builder_column fusion-builder-column-1 awb-sticky awb-sticky-large fusion_builder_column_1_2 1_2 fusion-flex-column\" style=\"--awb-bg-size:cover;--awb-width-large:50%;--awb-margin-top-large:0px;--awb-spacing-right-large:3.84%;--awb-margin-bottom-large:20px;--awb-spacing-left-large:3.84%;--awb-width-medium:50%;--awb-order-medium:0;--awb-spacing-right-medium:3.84%;--awb-spacing-left-medium:3.84%;--awb-width-small:100%;--awb-order-small:0;--awb-spacing-right-small:1.92%;--awb-spacing-left-small:1.92%;\" data-scroll-devices=\"small-visibility,medium-visibility,large-visibility\"><div class=\"fusion-column-wrapper fusion-column-has-shadow fusion-flex-justify-content-flex-start fusion-content-layout-column\"><div class=\"fusion-text fusion-text-1\"><h3>Vorreiter der Berliner Moderne<\/h3>\n<p>Die Buchthals sind mutig. Sie holen die Avantgarde ins Berliner Westend und lassen sich nichts weniger als ein \u201eManifest des Expressionismus\u201c als Familienwohnsitz und Haus f\u00fcr ihre moderne Kunst bauen. Es ist heute eines der wenigen \u00dcberbleibsel, die noch vom Leben des j\u00fcdischen Ehepaars in Berlin erz\u00e4hlen.<\/p>\n<\/div><\/div><\/div><\/div><\/div><div class=\"fusion-fullwidth fullwidth-box fusion-builder-row-2 fusion-flex-container has-pattern-background has-mask-background nonhundred-percent-fullwidth non-hundred-percent-height-scrolling\" style=\"--awb-border-radius-top-left:0px;--awb-border-radius-top-right:0px;--awb-border-radius-bottom-right:0px;--awb-border-radius-bottom-left:0px;--awb-padding-top:60px;--awb-flex-wrap:wrap;\" ><div class=\"fusion-builder-row fusion-row fusion-flex-align-items-flex-start fusion-flex-content-wrap\" style=\"max-width:1497.6px;margin-left: calc(-4% \/ 2 );margin-right: calc(-4% \/ 2 );\"><div class=\"fusion-layout-column fusion_builder_column fusion-builder-column-2 fusion_builder_column_1_1 1_1 fusion-flex-column\" style=\"--awb-bg-size:cover;--awb-width-large:100%;--awb-margin-top-large:0px;--awb-spacing-right-large:1.92%;--awb-margin-bottom-large:20px;--awb-spacing-left-large:1.92%;--awb-width-medium:100%;--awb-order-medium:0;--awb-spacing-right-medium:1.92%;--awb-spacing-left-medium:1.92%;--awb-width-small:100%;--awb-order-small:0;--awb-spacing-right-small:1.92%;--awb-spacing-left-small:1.92%;\"><div class=\"fusion-column-wrapper fusion-column-has-shadow fusion-flex-justify-content-flex-start fusion-content-layout-column\"><div class=\"fusion-title title fusion-title-1 fusion-sep-none fusion-title-center fusion-title-text fusion-title-size-two\" style=\"--awb-margin-top-small:10px;--awb-margin-right-small:0px;--awb-margin-bottom-small:10px;--awb-margin-left-small:0px;\"><h2 class=\"fusion-title-heading title-heading-center fusion-responsive-typography-calculated\" style=\"margin:0;--fontSize:40;line-height:var(--awb-typography1-line-height);\">Erfolgreich in der Modemetropole Berlin<\/h2><\/div><\/div><\/div><\/div><\/div><div class=\"fusion-fullwidth fullwidth-box fusion-builder-row-3 fusion-flex-container has-pattern-background has-mask-background nonhundred-percent-fullwidth non-hundred-percent-height-scrolling\" style=\"--awb-border-radius-top-left:0px;--awb-border-radius-top-right:0px;--awb-border-radius-bottom-right:0px;--awb-border-radius-bottom-left:0px;--awb-padding-top:50px;--awb-padding-bottom:50px;--awb-padding-top-small:25px;--awb-padding-bottom-small:25px;--awb-margin-top:0px;--awb-margin-bottom:0px;--awb-flex-wrap:wrap;\" ><div class=\"fusion-builder-row fusion-row fusion-flex-align-items-flex-start fusion-flex-content-wrap\" style=\"max-width:1497.6px;margin-left: calc(-4% \/ 2 );margin-right: calc(-4% \/ 2 );\"><div class=\"fusion-layout-column fusion_builder_column fusion-builder-column-3 fusion_builder_column_1_2 1_2 fusion-flex-column\" style=\"--awb-padding-top:10px;--awb-bg-size:cover;--awb-width-large:50%;--awb-margin-top-large:0px;--awb-spacing-right-large:3.84%;--awb-margin-bottom-large:20px;--awb-spacing-left-large:3.84%;--awb-width-medium:50%;--awb-order-medium:0;--awb-spacing-right-medium:3.84%;--awb-spacing-left-medium:3.84%;--awb-width-small:100%;--awb-order-small:0;--awb-spacing-right-small:1.92%;--awb-margin-bottom-small:50px;--awb-spacing-left-small:1.92%;\"><div class=\"fusion-column-wrapper fusion-column-has-shadow fusion-flex-justify-content-flex-start fusion-content-layout-column\"><\/div><\/div><div class=\"fusion-layout-column fusion_builder_column fusion-builder-column-4 fusion_builder_column_1_2 1_2 fusion-flex-column\" style=\"--awb-bg-size:cover;--awb-width-large:50%;--awb-margin-top-large:0px;--awb-spacing-right-large:3.84%;--awb-margin-bottom-large:20px;--awb-spacing-left-large:3.84%;--awb-width-medium:50%;--awb-order-medium:0;--awb-spacing-right-medium:3.84%;--awb-spacing-left-medium:3.84%;--awb-width-small:100%;--awb-order-small:0;--awb-spacing-right-small:1.92%;--awb-spacing-left-small:1.92%;\"><div class=\"fusion-column-wrapper fusion-column-has-shadow fusion-flex-justify-content-flex-start fusion-content-layout-column\"><div class=\"fusion-text fusion-text-2\"><p>Der 1878 in Berlin geborene Kaufmann Eugen Moritz Buchthal ist ab 1908 Partner und sp\u00e4ter Mitinhaber einer Damenkonfektionsfabrik. Seeler-Herrmann-Damenm\u00e4ntel- und Kleiderfabrik &amp; Co (sp\u00e4ter Seeler &amp; Cohn) am Gendarmenmarkt ist damals eines der f\u00fchrenden Gesch\u00e4fte in der Modemetropole Berlin.<\/p>\n<\/div><\/div><\/div><\/div><\/div><div class=\"fusion-fullwidth fullwidth-box fusion-builder-row-4 fusion-flex-container has-pattern-background has-mask-background nonhundred-percent-fullwidth non-hundred-percent-height-scrolling\" style=\"--awb-border-radius-top-left:0px;--awb-border-radius-top-right:0px;--awb-border-radius-bottom-right:0px;--awb-border-radius-bottom-left:0px;--awb-padding-top:100px;--awb-padding-bottom:100px;--awb-padding-top-small:55px;--awb-padding-bottom-small:25px;--awb-flex-wrap:wrap;\" ><div class=\"fusion-builder-row fusion-row fusion-flex-align-items-flex-start fusion-flex-justify-content-flex-end fusion-flex-content-wrap\" style=\"max-width:1497.6px;margin-left: calc(-4% \/ 2 );margin-right: calc(-4% \/ 2 );\"><div class=\"fusion-layout-column fusion_builder_column fusion-builder-column-5 fusion_builder_column_1_4 1_4 fusion-flex-column\" style=\"--awb-bg-size:cover;--awb-width-large:25%;--awb-margin-top-large:11px;--awb-spacing-right-large:7.68%;--awb-margin-bottom-large:20px;--awb-spacing-left-large:7.68%;--awb-width-medium:25%;--awb-order-medium:0;--awb-spacing-right-medium:7.68%;--awb-spacing-left-medium:7.68%;--awb-width-small:100%;--awb-order-small:1;--awb-spacing-right-small:1.92%;--awb-margin-bottom-small:50px;--awb-spacing-left-small:1.92%;\"><div class=\"fusion-column-wrapper fusion-column-has-shadow fusion-flex-justify-content-flex-start fusion-content-layout-column\"><div class=\"fusion-image-element awb-imageframe-style awb-imageframe-style-below awb-imageframe-style-3\" style=\"--awb-caption-title-font-family:var(--body_typography-font-family);--awb-caption-title-font-weight:var(--body_typography-font-weight);--awb-caption-title-font-style:var(--body_typography-font-style);--awb-caption-title-size:var(--body_typography-font-size);--awb-caption-title-transform:var(--body_typography-text-transform);--awb-caption-title-line-height:var(--body_typography-line-height);--awb-caption-title-letter-spacing:var(--body_typography-letter-spacing);\"><span class=\" fusion-imageframe imageframe-none imageframe-3 hover-type-none\"><img decoding=\"async\" width=\"1842\" height=\"2560\" title=\"Kinderfoto-Buchthal-Privatbesitz\" src=\"https:\/\/kunst-raub-rueckgabe.de\/wp-content\/uploads\/2024\/09\/Kinderfoto-Buchthal-Privatbesitz-scaled.jpg\" alt class=\"img-responsive wp-image-5791\" srcset=\"https:\/\/kunst-raub-rueckgabe.de\/wp-content\/uploads\/2024\/09\/Kinderfoto-Buchthal-Privatbesitz-200x278.jpg 200w, https:\/\/kunst-raub-rueckgabe.de\/wp-content\/uploads\/2024\/09\/Kinderfoto-Buchthal-Privatbesitz-400x556.jpg 400w, https:\/\/kunst-raub-rueckgabe.de\/wp-content\/uploads\/2024\/09\/Kinderfoto-Buchthal-Privatbesitz-600x834.jpg 600w, https:\/\/kunst-raub-rueckgabe.de\/wp-content\/uploads\/2024\/09\/Kinderfoto-Buchthal-Privatbesitz-800x1112.jpg 800w, https:\/\/kunst-raub-rueckgabe.de\/wp-content\/uploads\/2024\/09\/Kinderfoto-Buchthal-Privatbesitz-1200x1668.jpg 1200w, https:\/\/kunst-raub-rueckgabe.de\/wp-content\/uploads\/2024\/09\/Kinderfoto-Buchthal-Privatbesitz-scaled.jpg 1842w\" sizes=\"(max-width: 640px) 100vw, 400px\" \/><\/span><div class=\"awb-imageframe-caption-container\"><div class=\"awb-imageframe-caption\"><div class=\"awb-imageframe-caption-title\">Hugo und Anne Gerda Buchthal, um 1917\/18.<\/div><p class=\"awb-imageframe-caption-text\"> Privatbesitz<\/p><\/div><\/div><\/div><\/div><\/div><div class=\"fusion-layout-column fusion_builder_column fusion-builder-column-6 awb-sticky awb-sticky-large fusion_builder_column_1_2 1_2 fusion-flex-column\" style=\"--awb-bg-size:cover;--awb-width-large:50%;--awb-margin-top-large:0px;--awb-spacing-right-large:3.84%;--awb-margin-bottom-large:20px;--awb-spacing-left-large:3.84%;--awb-width-medium:50%;--awb-order-medium:0;--awb-spacing-right-medium:3.84%;--awb-spacing-left-medium:3.84%;--awb-width-small:100%;--awb-order-small:0;--awb-spacing-right-small:1.92%;--awb-spacing-left-small:1.92%;--awb-sticky-offset:100px;\" data-scroll-devices=\"small-visibility,medium-visibility,large-visibility\"><div class=\"fusion-column-wrapper fusion-column-has-shadow fusion-flex-justify-content-flex-start fusion-content-layout-column\"><div class=\"fusion-text fusion-text-3\"><p>1909 heiratet Eugen Buchthal Therese (Thea) Wolff. Sie bekommen drei Kinder: Hugo (geboren 1909), Anne Gerda (geboren 1913) und Wolfgang Heinrich (geboren 1922).<\/p>\n<\/div><\/div><\/div><\/div><\/div><div class=\"fusion-fullwidth fullwidth-box fusion-builder-row-5 fusion-flex-container has-pattern-background has-mask-background nonhundred-percent-fullwidth non-hundred-percent-height-scrolling\" style=\"--awb-border-radius-top-left:0px;--awb-border-radius-top-right:0px;--awb-border-radius-bottom-right:0px;--awb-border-radius-bottom-left:0px;--awb-padding-top:60px;--awb-flex-wrap:wrap;\" ><div class=\"fusion-builder-row fusion-row fusion-flex-align-items-flex-start fusion-flex-content-wrap\" style=\"max-width:1497.6px;margin-left: calc(-4% \/ 2 );margin-right: calc(-4% \/ 2 );\"><div class=\"fusion-layout-column fusion_builder_column fusion-builder-column-7 fusion_builder_column_1_1 1_1 fusion-flex-column\" style=\"--awb-bg-size:cover;--awb-width-large:100%;--awb-margin-top-large:0px;--awb-spacing-right-large:1.92%;--awb-margin-bottom-large:20px;--awb-spacing-left-large:1.92%;--awb-width-medium:100%;--awb-order-medium:0;--awb-spacing-right-medium:1.92%;--awb-spacing-left-medium:1.92%;--awb-width-small:100%;--awb-order-small:0;--awb-spacing-right-small:1.92%;--awb-spacing-left-small:1.92%;\"><div class=\"fusion-column-wrapper fusion-column-has-shadow fusion-flex-justify-content-flex-start fusion-content-layout-column\"><div class=\"fusion-title title fusion-title-2 fusion-sep-none fusion-title-center fusion-title-text fusion-title-size-two\" style=\"--awb-margin-top-small:10px;--awb-margin-right-small:0px;--awb-margin-bottom-small:10px;--awb-margin-left-small:0px;\"><h2 class=\"fusion-title-heading title-heading-center fusion-responsive-typography-calculated\" style=\"margin:0;--fontSize:40;line-height:var(--awb-typography1-line-height);\">Avantgardistische Bauherren<\/h2><\/div><\/div><\/div><\/div><\/div><div class=\"fusion-fullwidth fullwidth-box fusion-builder-row-6 fusion-flex-container has-pattern-background has-mask-background nonhundred-percent-fullwidth non-hundred-percent-height-scrolling\" style=\"--awb-border-radius-top-left:0px;--awb-border-radius-top-right:0px;--awb-border-radius-bottom-right:0px;--awb-border-radius-bottom-left:0px;--awb-padding-top:50px;--awb-padding-bottom:50px;--awb-padding-top-small:25px;--awb-padding-bottom-small:25px;--awb-margin-top:0px;--awb-margin-bottom:0px;--awb-flex-wrap:wrap;\" ><div class=\"fusion-builder-row fusion-row fusion-flex-align-items-flex-start fusion-flex-justify-content-flex-end fusion-flex-content-wrap\" style=\"max-width:1497.6px;margin-left: calc(-4% \/ 2 );margin-right: calc(-4% \/ 2 );\"><div class=\"fusion-layout-column fusion_builder_column fusion-builder-column-8 fusion_builder_column_1_2 1_2 fusion-flex-column\" style=\"--awb-bg-size:cover;--awb-width-large:50%;--awb-margin-top-large:0px;--awb-spacing-right-large:3.84%;--awb-margin-bottom-large:20px;--awb-spacing-left-large:3.84%;--awb-width-medium:50%;--awb-order-medium:0;--awb-spacing-right-medium:3.84%;--awb-spacing-left-medium:3.84%;--awb-width-small:100%;--awb-order-small:1;--awb-spacing-right-small:1.92%;--awb-spacing-left-small:1.92%;\"><div class=\"fusion-column-wrapper fusion-column-has-shadow fusion-flex-justify-content-flex-start fusion-content-layout-column\"><div class=\"fusion-image-carousel fusion-image-carousel-auto fusion-image-carousel-1 fusion-carousel-border awb-image-carousel-top-below-caption\"><div class=\"awb-carousel awb-swiper awb-swiper-carousel awb-carousel--carousel awb-swiper-dots-position-bottom awb-imageframe-style awb-imageframe-style-below awb-imageframe-style-1\" data-layout=\"carousel\" data-autoplay=\"no\" data-autoplayspeed=\"2500\" data-autoplaypause=\"no\" data-loop=\"yes\" data-columns=\"1\" data-columnsmedium=\"1\" data-columnssmall=\"1\" data-itemmargin=\"13\" data-itemwidth=\"180\" data-touchscroll=\"no\" data-freemode=\"no\" data-imagesize=\"auto\" data-scrollitems=\"0\" data-centeredslides=\"no\" data-rotationangle=\"50\" data-depth=\"100\" data-speed=\"500\" data-shadow=\"no\" data-pagination=\"bullets\" style=\"--awb-columns:1;--awb-caption-title-color:var(--awb-color5);--awb-caption-text-color:var(--awb-color5);--awb-border-width:1px;--awb-border-color:#e9eaee;\"><div class=\"swiper-wrapper awb-image-carousel-wrapper fusion-flex-align-items-center\"><div class=\"swiper-slide\"><div class=\"fusion-carousel-item-wrapper\"><div class=\"fusion-image-wrapper hover-type-none\"><img decoding=\"async\" width=\"1596\" height=\"1115\" src=\"https:\/\/kunst-raub-rueckgabe.de\/wp-content\/uploads\/2024\/07\/Haus-Buchthal-1922-Gartenseite-Repro.jpg\" class=\"attachment-full size-full\" alt=\"\" srcset=\"https:\/\/kunst-raub-rueckgabe.de\/wp-content\/uploads\/2024\/07\/Haus-Buchthal-1922-Gartenseite-Repro-18x12.jpg 18w, https:\/\/kunst-raub-rueckgabe.de\/wp-content\/uploads\/2024\/07\/Haus-Buchthal-1922-Gartenseite-Repro-66x46.jpg 66w, https:\/\/kunst-raub-rueckgabe.de\/wp-content\/uploads\/2024\/07\/Haus-Buchthal-1922-Gartenseite-Repro-177x124.jpg 177w, https:\/\/kunst-raub-rueckgabe.de\/wp-content\/uploads\/2024\/07\/Haus-Buchthal-1922-Gartenseite-Repro-200x140.jpg 200w, https:\/\/kunst-raub-rueckgabe.de\/wp-content\/uploads\/2024\/07\/Haus-Buchthal-1922-Gartenseite-Repro-300x210.jpg 300w, https:\/\/kunst-raub-rueckgabe.de\/wp-content\/uploads\/2024\/07\/Haus-Buchthal-1922-Gartenseite-Repro-320x224.jpg 320w, https:\/\/kunst-raub-rueckgabe.de\/wp-content\/uploads\/2024\/07\/Haus-Buchthal-1922-Gartenseite-Repro-400x279.jpg 400w, https:\/\/kunst-raub-rueckgabe.de\/wp-content\/uploads\/2024\/07\/Haus-Buchthal-1922-Gartenseite-Repro-460x321.jpg 460w, https:\/\/kunst-raub-rueckgabe.de\/wp-content\/uploads\/2024\/07\/Haus-Buchthal-1922-Gartenseite-Repro-540x377.jpg 540w, https:\/\/kunst-raub-rueckgabe.de\/wp-content\/uploads\/2024\/07\/Haus-Buchthal-1922-Gartenseite-Repro-600x419.jpg 600w, https:\/\/kunst-raub-rueckgabe.de\/wp-content\/uploads\/2024\/07\/Haus-Buchthal-1922-Gartenseite-Repro-669x467.jpg 669w, https:\/\/kunst-raub-rueckgabe.de\/wp-content\/uploads\/2024\/07\/Haus-Buchthal-1922-Gartenseite-Repro-700x489.jpg 700w, https:\/\/kunst-raub-rueckgabe.de\/wp-content\/uploads\/2024\/07\/Haus-Buchthal-1922-Gartenseite-Repro-768x537.jpg 768w, https:\/\/kunst-raub-rueckgabe.de\/wp-content\/uploads\/2024\/07\/Haus-Buchthal-1922-Gartenseite-Repro-800x559.jpg 800w, https:\/\/kunst-raub-rueckgabe.de\/wp-content\/uploads\/2024\/07\/Haus-Buchthal-1922-Gartenseite-Repro-940x657.jpg 940w, https:\/\/kunst-raub-rueckgabe.de\/wp-content\/uploads\/2024\/07\/Haus-Buchthal-1922-Gartenseite-Repro-1024x715.jpg 1024w, https:\/\/kunst-raub-rueckgabe.de\/wp-content\/uploads\/2024\/07\/Haus-Buchthal-1922-Gartenseite-Repro-1200x838.jpg 1200w, https:\/\/kunst-raub-rueckgabe.de\/wp-content\/uploads\/2024\/07\/Haus-Buchthal-1922-Gartenseite-Repro-1536x1073.jpg 1536w, https:\/\/kunst-raub-rueckgabe.de\/wp-content\/uploads\/2024\/07\/Haus-Buchthal-1922-Gartenseite-Repro.jpg 1596w\" sizes=\"(max-width: 1596px) 100vw, 1596px\" \/><\/div><div class=\"awb-imageframe-caption-container\" style=\"text-align:left;\"><div class=\"awb-imageframe-caption\"><div class=\"awb-imageframe-caption-title\">Gartenseite des Hauses Buchthal, erbaut von den Architekten Hans und Wassili Luckhardt sowie Franz Hoffmann, 1922.<\/div><p class=\"awb-imageframe-caption-text\">Aus: Moderne Villen und Landh\u00e4user, hrsg. von H. de Fries, Berlin 1925<\/p><\/div><\/div><\/div><\/div><div class=\"swiper-slide\"><div class=\"fusion-carousel-item-wrapper\"><div class=\"fusion-image-wrapper hover-type-none\"><img decoding=\"async\" width=\"1024\" height=\"666\" src=\"https:\/\/kunst-raub-rueckgabe.de\/wp-content\/uploads\/2024\/07\/Haus-Buchthal-Strassenseite-1922-Repro.jpg\" class=\"attachment-full size-full\" alt=\"\" srcset=\"https:\/\/kunst-raub-rueckgabe.de\/wp-content\/uploads\/2024\/07\/Haus-Buchthal-Strassenseite-1922-Repro-18x12.jpg 18w, https:\/\/kunst-raub-rueckgabe.de\/wp-content\/uploads\/2024\/07\/Haus-Buchthal-Strassenseite-1922-Repro-66x43.jpg 66w, https:\/\/kunst-raub-rueckgabe.de\/wp-content\/uploads\/2024\/07\/Haus-Buchthal-Strassenseite-1922-Repro-177x115.jpg 177w, https:\/\/kunst-raub-rueckgabe.de\/wp-content\/uploads\/2024\/07\/Haus-Buchthal-Strassenseite-1922-Repro-200x130.jpg 200w, https:\/\/kunst-raub-rueckgabe.de\/wp-content\/uploads\/2024\/07\/Haus-Buchthal-Strassenseite-1922-Repro-300x195.jpg 300w, https:\/\/kunst-raub-rueckgabe.de\/wp-content\/uploads\/2024\/07\/Haus-Buchthal-Strassenseite-1922-Repro-320x208.jpg 320w, https:\/\/kunst-raub-rueckgabe.de\/wp-content\/uploads\/2024\/07\/Haus-Buchthal-Strassenseite-1922-Repro-400x260.jpg 400w, https:\/\/kunst-raub-rueckgabe.de\/wp-content\/uploads\/2024\/07\/Haus-Buchthal-Strassenseite-1922-Repro-460x299.jpg 460w, https:\/\/kunst-raub-rueckgabe.de\/wp-content\/uploads\/2024\/07\/Haus-Buchthal-Strassenseite-1922-Repro-540x351.jpg 540w, https:\/\/kunst-raub-rueckgabe.de\/wp-content\/uploads\/2024\/07\/Haus-Buchthal-Strassenseite-1922-Repro-600x390.jpg 600w, https:\/\/kunst-raub-rueckgabe.de\/wp-content\/uploads\/2024\/07\/Haus-Buchthal-Strassenseite-1922-Repro-669x435.jpg 669w, https:\/\/kunst-raub-rueckgabe.de\/wp-content\/uploads\/2024\/07\/Haus-Buchthal-Strassenseite-1922-Repro-700x455.jpg 700w, https:\/\/kunst-raub-rueckgabe.de\/wp-content\/uploads\/2024\/07\/Haus-Buchthal-Strassenseite-1922-Repro-768x500.jpg 768w, https:\/\/kunst-raub-rueckgabe.de\/wp-content\/uploads\/2024\/07\/Haus-Buchthal-Strassenseite-1922-Repro-800x520.jpg 800w, https:\/\/kunst-raub-rueckgabe.de\/wp-content\/uploads\/2024\/07\/Haus-Buchthal-Strassenseite-1922-Repro-940x611.jpg 940w, https:\/\/kunst-raub-rueckgabe.de\/wp-content\/uploads\/2024\/07\/Haus-Buchthal-Strassenseite-1922-Repro.jpg 1024w\" sizes=\"(max-width: 1024px) 100vw, 1024px\" \/><\/div><div class=\"awb-imageframe-caption-container\" style=\"text-align:left;\"><div class=\"awb-imageframe-caption\"><div class=\"awb-imageframe-caption-title\">Stra\u00dfenseite des Hauses Buchthal.<\/div><p class=\"awb-imageframe-caption-text\">Aus: Moderne Villen und Landh\u00e4user, hrsg. von H. de Fries, Berlin 1925<\/p><\/div><\/div><\/div><\/div><\/div><div class=\"awb-swiper-button awb-swiper-button-prev\"><i class=\"awb-icon-angle-left\" aria-hidden=\"true\"><\/i><\/div><div class=\"awb-swiper-button awb-swiper-button-next\"><i class=\"awb-icon-angle-right\" aria-hidden=\"true\"><\/i><\/div><\/div><\/div><\/div><\/div><div class=\"fusion-layout-column fusion_builder_column fusion-builder-column-9 awb-sticky awb-sticky-large fusion_builder_column_1_2 1_2 fusion-flex-column\" style=\"--awb-bg-size:cover;--awb-width-large:50%;--awb-margin-top-large:0px;--awb-spacing-right-large:3.84%;--awb-margin-bottom-large:20px;--awb-spacing-left-large:3.84%;--awb-width-medium:50%;--awb-order-medium:0;--awb-spacing-right-medium:3.84%;--awb-spacing-left-medium:3.84%;--awb-width-small:100%;--awb-order-small:0;--awb-spacing-right-small:1.92%;--awb-spacing-left-small:1.92%;\" data-scroll-devices=\"small-visibility,medium-visibility,large-visibility\"><div class=\"fusion-column-wrapper fusion-column-has-shadow fusion-flex-justify-content-flex-start fusion-content-layout-column\"><div class=\"fusion-text fusion-text-4\"><p>Die Familie l\u00e4sst sich im vornehmen Berliner Westend nieder. Zun\u00e4chst wohnen sie in einem Mehrfamilienhaus in der Bayernallee. 1922 beauftragen die Buchthals ein junges, aufstrebendes Architekturb\u00fcro mit dem Bau einer zweigeschossigen Villa in der nahegelegenen Lindenallee.<\/p>\n<p>Die Architekten sind bis dahin durch au\u00dfergew\u00f6hnliche Entw\u00fcrfe aufgefallen, haben aber noch keine Bauten realisiert.<\/p>\n<\/div><\/div><\/div><\/div><\/div><div class=\"fusion-fullwidth fullwidth-box fusion-builder-row-7 fusion-flex-container has-pattern-background has-mask-background nonhundred-percent-fullwidth non-hundred-percent-height-scrolling\" style=\"--awb-border-radius-top-left:0px;--awb-border-radius-top-right:0px;--awb-border-radius-bottom-right:0px;--awb-border-radius-bottom-left:0px;--awb-padding-top:100px;--awb-padding-bottom:100px;--awb-padding-top-small:55px;--awb-padding-bottom-small:25px;--awb-flex-wrap:wrap;\" ><div class=\"fusion-builder-row fusion-row fusion-flex-align-items-flex-start fusion-flex-justify-content-flex-end fusion-flex-content-wrap\" style=\"max-width:1497.6px;margin-left: calc(-4% \/ 2 );margin-right: calc(-4% \/ 2 );\"><div class=\"fusion-layout-column fusion_builder_column fusion-builder-column-10 fusion_builder_column_1_4 1_4 fusion-flex-column\" style=\"--awb-bg-size:cover;--awb-width-large:25%;--awb-margin-top-large:11px;--awb-spacing-right-large:7.68%;--awb-margin-bottom-large:20px;--awb-spacing-left-large:7.68%;--awb-width-medium:25%;--awb-order-medium:0;--awb-spacing-right-medium:7.68%;--awb-spacing-left-medium:7.68%;--awb-width-small:100%;--awb-order-small:1;--awb-spacing-right-small:1.92%;--awb-margin-bottom-small:50px;--awb-spacing-left-small:1.92%;\"><div class=\"fusion-column-wrapper fusion-column-has-shadow fusion-flex-justify-content-flex-start fusion-content-layout-column\"><div class=\"fusion-image-element awb-imageframe-style awb-imageframe-style-below awb-imageframe-style-4\" style=\"--awb-caption-title-font-family:var(--body_typography-font-family);--awb-caption-title-font-weight:var(--body_typography-font-weight);--awb-caption-title-font-style:var(--body_typography-font-style);--awb-caption-title-size:var(--body_typography-font-size);--awb-caption-title-transform:var(--body_typography-text-transform);--awb-caption-title-line-height:var(--body_typography-line-height);--awb-caption-title-letter-spacing:var(--body_typography-letter-spacing);\"><span class=\" fusion-imageframe imageframe-none imageframe-4 hover-type-none\"><img decoding=\"async\" width=\"1612\" height=\"2218\" title=\"Haus-Buchthal-Musikzimmer-Repro\" src=\"https:\/\/kunst-raub-rueckgabe.de\/wp-content\/uploads\/2024\/07\/Haus-Buchthal-Musikzimmer-Repro.jpg\" alt class=\"img-responsive wp-image-5011\" srcset=\"https:\/\/kunst-raub-rueckgabe.de\/wp-content\/uploads\/2024\/07\/Haus-Buchthal-Musikzimmer-Repro-200x275.jpg 200w, https:\/\/kunst-raub-rueckgabe.de\/wp-content\/uploads\/2024\/07\/Haus-Buchthal-Musikzimmer-Repro-400x550.jpg 400w, https:\/\/kunst-raub-rueckgabe.de\/wp-content\/uploads\/2024\/07\/Haus-Buchthal-Musikzimmer-Repro-600x826.jpg 600w, https:\/\/kunst-raub-rueckgabe.de\/wp-content\/uploads\/2024\/07\/Haus-Buchthal-Musikzimmer-Repro-800x1101.jpg 800w, https:\/\/kunst-raub-rueckgabe.de\/wp-content\/uploads\/2024\/07\/Haus-Buchthal-Musikzimmer-Repro-1200x1651.jpg 1200w, https:\/\/kunst-raub-rueckgabe.de\/wp-content\/uploads\/2024\/07\/Haus-Buchthal-Musikzimmer-Repro.jpg 1612w\" sizes=\"(max-width: 640px) 100vw, 400px\" \/><\/span><div class=\"awb-imageframe-caption-container\"><div class=\"awb-imageframe-caption\"><div class=\"awb-imageframe-caption-title\"> <\/div><p class=\"awb-imageframe-caption-text\"> <\/p><\/div><\/div><\/div><div class=\"fusion-image-element awb-imageframe-style awb-imageframe-style-below awb-imageframe-style-5\" style=\"--awb-caption-margin-top:10px;--awb-caption-margin-bottom:20px;--awb-caption-title-font-family:var(--body_typography-font-family);--awb-caption-title-font-weight:var(--body_typography-font-weight);--awb-caption-title-font-style:var(--body_typography-font-style);--awb-caption-title-size:var(--body_typography-font-size);--awb-caption-title-transform:var(--body_typography-text-transform);--awb-caption-title-line-height:var(--body_typography-line-height);--awb-caption-title-letter-spacing:var(--body_typography-letter-spacing);\"><span class=\" fusion-imageframe imageframe-none imageframe-5 hover-type-none\"><img decoding=\"async\" width=\"1053\" height=\"1602\" title=\"Haus-Buchthal-M\u00f6bel-Musikzimmer-Repro\" src=\"https:\/\/kunst-raub-rueckgabe.de\/wp-content\/uploads\/2024\/07\/Haus-Buchthal-Moebel-Musikzimmer-Repro.jpg\" alt class=\"img-responsive wp-image-5014\" srcset=\"https:\/\/kunst-raub-rueckgabe.de\/wp-content\/uploads\/2024\/07\/Haus-Buchthal-Moebel-Musikzimmer-Repro-200x304.jpg 200w, https:\/\/kunst-raub-rueckgabe.de\/wp-content\/uploads\/2024\/07\/Haus-Buchthal-Moebel-Musikzimmer-Repro-400x609.jpg 400w, https:\/\/kunst-raub-rueckgabe.de\/wp-content\/uploads\/2024\/07\/Haus-Buchthal-Moebel-Musikzimmer-Repro-600x913.jpg 600w, https:\/\/kunst-raub-rueckgabe.de\/wp-content\/uploads\/2024\/07\/Haus-Buchthal-Moebel-Musikzimmer-Repro-800x1217.jpg 800w, https:\/\/kunst-raub-rueckgabe.de\/wp-content\/uploads\/2024\/07\/Haus-Buchthal-Moebel-Musikzimmer-Repro.jpg 1053w\" sizes=\"(max-width: 640px) 100vw, 400px\" \/><\/span><div class=\"awb-imageframe-caption-container\"><div class=\"awb-imageframe-caption\"><div class=\"awb-imageframe-caption-title\">Ein expressionistischer Vorzeigeraum: Die kantigen Pfeiler des Musikzimmers stammen von dem Bildhauer Oswald Herzog.<\/div><p class=\"awb-imageframe-caption-text\">Aus: Moderne Villen und Landh\u00e4user, hrsg. von H. de Fries, Berlin 1925<\/p><\/div><\/div><\/div><\/div><\/div><div class=\"fusion-layout-column fusion_builder_column fusion-builder-column-11 awb-sticky awb-sticky-medium awb-sticky-large fusion_builder_column_1_2 1_2 fusion-flex-column\" style=\"--awb-bg-size:cover;--awb-width-large:50%;--awb-margin-top-large:0px;--awb-spacing-right-large:3.84%;--awb-margin-bottom-large:20px;--awb-spacing-left-large:3.84%;--awb-width-medium:50%;--awb-order-medium:0;--awb-spacing-right-medium:3.84%;--awb-spacing-left-medium:3.84%;--awb-width-small:100%;--awb-order-small:0;--awb-spacing-right-small:1.92%;--awb-spacing-left-small:1.92%;--awb-sticky-offset:100px;\" data-scroll-devices=\"small-visibility,medium-visibility,large-visibility\"><div class=\"fusion-column-wrapper fusion-column-has-shadow fusion-flex-justify-content-flex-start fusion-content-layout-column\"><div class=\"fusion-text fusion-text-5\"><h3>Ein Ufo im Westend<\/h3>\n<p>Das fertige Haus Buchthal ist vom Grundriss \u00fcber die Fassade bis zu den M\u00f6beln ein Gesamtkunstwerk. In seiner radikal expressionistischen Gestalt wirkt es damals wie aus einer anderen Welt. Ein Architekturkritiker schreibt 1925, dass das Haus \u201eseinen modernen Charakter ein wenig eilfertig betont. [\u2026] \u00c4u\u00dfere Eckl\u00f6sung und Innenr\u00e4ume bleiben diskutabel.\u201c<\/p>\n<\/div><\/div><\/div><\/div><\/div><div class=\"fusion-fullwidth fullwidth-box fusion-builder-row-8 fusion-flex-container has-pattern-background has-mask-background nonhundred-percent-fullwidth non-hundred-percent-height-scrolling\" style=\"--awb-border-radius-top-left:0px;--awb-border-radius-top-right:0px;--awb-border-radius-bottom-right:0px;--awb-border-radius-bottom-left:0px;--awb-padding-top:50px;--awb-padding-bottom:50px;--awb-padding-top-small:25px;--awb-padding-bottom-small:25px;--awb-margin-top:0px;--awb-margin-bottom:0px;--awb-flex-wrap:wrap;\" ><div class=\"fusion-builder-row fusion-row fusion-flex-align-items-flex-start fusion-flex-content-wrap\" style=\"max-width:1497.6px;margin-left: calc(-4% \/ 2 );margin-right: calc(-4% \/ 2 );\"><div class=\"fusion-layout-column fusion_builder_column fusion-builder-column-12 fusion_builder_column_1_2 1_2 fusion-flex-column\" style=\"--awb-padding-top:10px;--awb-bg-size:cover;--awb-width-large:50%;--awb-margin-top-large:0px;--awb-spacing-right-large:3.84%;--awb-margin-bottom-large:20px;--awb-spacing-left-large:3.84%;--awb-width-medium:50%;--awb-order-medium:0;--awb-spacing-right-medium:3.84%;--awb-spacing-left-medium:3.84%;--awb-width-small:100%;--awb-order-small:0;--awb-spacing-right-small:1.92%;--awb-margin-bottom-small:50px;--awb-spacing-left-small:1.92%;\"><div class=\"fusion-column-wrapper fusion-column-has-shadow fusion-flex-justify-content-flex-start fusion-content-layout-column\"><div class=\"fusion-image-element awb-imageframe-style awb-imageframe-style-below awb-imageframe-style-6\" style=\"--awb-caption-title-font-family:var(--body_typography-font-family);--awb-caption-title-font-weight:var(--body_typography-font-weight);--awb-caption-title-font-style:var(--body_typography-font-style);--awb-caption-title-size:var(--body_typography-font-size);--awb-caption-title-transform:var(--body_typography-text-transform);--awb-caption-title-line-height:var(--body_typography-line-height);--awb-caption-title-letter-spacing:var(--body_typography-letter-spacing);\"><span class=\" fusion-imageframe imageframe-none imageframe-6 hover-type-none\"><img decoding=\"async\" width=\"2560\" height=\"1876\" title=\"RIBA41218\" src=\"https:\/\/kunst-raub-rueckgabe.de\/wp-content\/uploads\/2024\/07\/Haus-Buchthal-1929-RIBA41218-scaled.jpg\" alt class=\"img-responsive wp-image-5016\" srcset=\"https:\/\/kunst-raub-rueckgabe.de\/wp-content\/uploads\/2024\/07\/Haus-Buchthal-1929-RIBA41218-200x147.jpg 200w, https:\/\/kunst-raub-rueckgabe.de\/wp-content\/uploads\/2024\/07\/Haus-Buchthal-1929-RIBA41218-400x293.jpg 400w, https:\/\/kunst-raub-rueckgabe.de\/wp-content\/uploads\/2024\/07\/Haus-Buchthal-1929-RIBA41218-600x440.jpg 600w, https:\/\/kunst-raub-rueckgabe.de\/wp-content\/uploads\/2024\/07\/Haus-Buchthal-1929-RIBA41218-800x586.jpg 800w, https:\/\/kunst-raub-rueckgabe.de\/wp-content\/uploads\/2024\/07\/Haus-Buchthal-1929-RIBA41218-1200x879.jpg 1200w, https:\/\/kunst-raub-rueckgabe.de\/wp-content\/uploads\/2024\/07\/Haus-Buchthal-1929-RIBA41218-scaled.jpg 2560w\" sizes=\"(max-width: 640px) 100vw, 800px\" \/><\/span><div class=\"awb-imageframe-caption-container\"><div class=\"awb-imageframe-caption\"><div class=\"awb-imageframe-caption-title\"> <\/div><p class=\"awb-imageframe-caption-text\"> <\/p><\/div><\/div><\/div><div class=\"fusion-image-element awb-imageframe-style awb-imageframe-style-below awb-imageframe-style-7\" style=\"--awb-caption-margin-top:10px;--awb-caption-margin-bottom:20px;--awb-caption-title-font-family:var(--body_typography-font-family);--awb-caption-title-font-weight:var(--body_typography-font-weight);--awb-caption-title-font-style:var(--body_typography-font-style);--awb-caption-title-size:var(--body_typography-font-size);--awb-caption-title-transform:var(--body_typography-text-transform);--awb-caption-title-line-height:var(--body_typography-line-height);--awb-caption-title-letter-spacing:var(--body_typography-letter-spacing);\"><span class=\" fusion-imageframe imageframe-none imageframe-7 hover-type-none\"><img decoding=\"async\" width=\"2560\" height=\"1825\" title=\"RIBA41217\" src=\"https:\/\/kunst-raub-rueckgabe.de\/wp-content\/uploads\/2024\/07\/Haus-Buchthal-1929-RIBA41217-scaled.jpg\" alt class=\"img-responsive wp-image-5017\" srcset=\"https:\/\/kunst-raub-rueckgabe.de\/wp-content\/uploads\/2024\/07\/Haus-Buchthal-1929-RIBA41217-200x143.jpg 200w, https:\/\/kunst-raub-rueckgabe.de\/wp-content\/uploads\/2024\/07\/Haus-Buchthal-1929-RIBA41217-400x285.jpg 400w, https:\/\/kunst-raub-rueckgabe.de\/wp-content\/uploads\/2024\/07\/Haus-Buchthal-1929-RIBA41217-600x428.jpg 600w, https:\/\/kunst-raub-rueckgabe.de\/wp-content\/uploads\/2024\/07\/Haus-Buchthal-1929-RIBA41217-800x570.jpg 800w, https:\/\/kunst-raub-rueckgabe.de\/wp-content\/uploads\/2024\/07\/Haus-Buchthal-1929-RIBA41217-1200x856.jpg 1200w, https:\/\/kunst-raub-rueckgabe.de\/wp-content\/uploads\/2024\/07\/Haus-Buchthal-1929-RIBA41217-scaled.jpg 2560w\" sizes=\"(max-width: 640px) 100vw, 800px\" \/><\/span><div class=\"awb-imageframe-caption-container\"><div class=\"awb-imageframe-caption\"><div class=\"awb-imageframe-caption-title\">Das Haus Buchthal nach dem Umbau durch Ernst Ludwig Freud 1929. Schlichte Mauern und rechteckige Fenster pr\u00e4gen nun die Fassade. <\/div><p class=\"awb-imageframe-caption-text\">RIBA Collections<\/p><\/div><\/div><\/div><\/div><\/div><div class=\"fusion-layout-column fusion_builder_column fusion-builder-column-13 awb-sticky awb-sticky-medium awb-sticky-large fusion_builder_column_1_2 1_2 fusion-flex-column\" style=\"--awb-bg-size:cover;--awb-width-large:50%;--awb-margin-top-large:0px;--awb-spacing-right-large:3.84%;--awb-margin-bottom-large:20px;--awb-spacing-left-large:3.84%;--awb-width-medium:50%;--awb-order-medium:0;--awb-spacing-right-medium:3.84%;--awb-spacing-left-medium:3.84%;--awb-width-small:100%;--awb-order-small:0;--awb-spacing-right-small:1.92%;--awb-spacing-left-small:1.92%;\" data-scroll-devices=\"small-visibility,medium-visibility,large-visibility\"><div class=\"fusion-column-wrapper fusion-column-has-shadow fusion-flex-justify-content-flex-start fusion-content-layout-column\"><div class=\"fusion-text fusion-text-6\"><h3>Neue Sachlichkeit<\/h3>\n<p>Das Architekturjuwel ist aber f\u00fcr die f\u00fcnfk\u00f6pfige Familie Buchthal offenbar nicht wohnlich und gro\u00df genug. Nur wenige Jahre nach ihrem Einzug lassen sie das Haus 1929 im Stil der Neuen Sachlichkeit umbauen und beweisen damit erneut Gesp\u00fcr f\u00fcr die Kunststr\u00f6mungen der Zeit.<\/p>\n<\/div><\/div><\/div><\/div><\/div><div class=\"fusion-fullwidth fullwidth-box fusion-builder-row-9 fusion-flex-container has-pattern-background has-mask-background nonhundred-percent-fullwidth non-hundred-percent-height-scrolling\" style=\"--awb-border-radius-top-left:0px;--awb-border-radius-top-right:0px;--awb-border-radius-bottom-right:0px;--awb-border-radius-bottom-left:0px;--awb-padding-top:60px;--awb-flex-wrap:wrap;\" ><div class=\"fusion-builder-row fusion-row fusion-flex-align-items-flex-start fusion-flex-content-wrap\" style=\"max-width:1497.6px;margin-left: calc(-4% \/ 2 );margin-right: calc(-4% \/ 2 );\"><div class=\"fusion-layout-column fusion_builder_column fusion-builder-column-14 fusion_builder_column_1_1 1_1 fusion-flex-column\" style=\"--awb-bg-size:cover;--awb-width-large:100%;--awb-margin-top-large:0px;--awb-spacing-right-large:1.92%;--awb-margin-bottom-large:20px;--awb-spacing-left-large:1.92%;--awb-width-medium:100%;--awb-order-medium:0;--awb-spacing-right-medium:1.92%;--awb-spacing-left-medium:1.92%;--awb-width-small:100%;--awb-order-small:0;--awb-spacing-right-small:1.92%;--awb-spacing-left-small:1.92%;\"><div class=\"fusion-column-wrapper fusion-column-has-shadow fusion-flex-justify-content-flex-start fusion-content-layout-column\"><div class=\"fusion-title title fusion-title-3 fusion-sep-none fusion-title-center fusion-title-text fusion-title-size-two\" style=\"--awb-margin-top-small:10px;--awb-margin-right-small:0px;--awb-margin-bottom-small:10px;--awb-margin-left-small:0px;\"><h2 class=\"fusion-title-heading title-heading-center fusion-responsive-typography-calculated\" style=\"margin:0;--fontSize:40;line-height:var(--awb-typography1-line-height);\">Sammler der Moderne<\/h2><\/div><\/div><\/div><\/div><\/div><div class=\"fusion-fullwidth fullwidth-box fusion-builder-row-10 fusion-flex-container has-pattern-background has-mask-background nonhundred-percent-fullwidth non-hundred-percent-height-scrolling\" style=\"--awb-border-radius-top-left:0px;--awb-border-radius-top-right:0px;--awb-border-radius-bottom-right:0px;--awb-border-radius-bottom-left:0px;--awb-padding-top:100px;--awb-padding-bottom:100px;--awb-padding-top-small:55px;--awb-padding-bottom-small:25px;--awb-flex-wrap:wrap;\" ><div class=\"fusion-builder-row fusion-row fusion-flex-align-items-flex-start fusion-flex-justify-content-flex-end fusion-flex-content-wrap\" style=\"max-width:1497.6px;margin-left: calc(-4% \/ 2 );margin-right: calc(-4% \/ 2 );\"><div class=\"fusion-layout-column fusion_builder_column fusion-builder-column-15 fusion_builder_column_1_4 1_4 fusion-flex-column\" style=\"--awb-bg-size:cover;--awb-width-large:25%;--awb-margin-top-large:11px;--awb-spacing-right-large:7.68%;--awb-margin-bottom-large:20px;--awb-spacing-left-large:7.68%;--awb-width-medium:25%;--awb-order-medium:0;--awb-spacing-right-medium:7.68%;--awb-spacing-left-medium:7.68%;--awb-width-small:100%;--awb-order-small:1;--awb-spacing-right-small:1.92%;--awb-margin-bottom-small:50px;--awb-spacing-left-small:1.92%;\"><div class=\"fusion-column-wrapper fusion-column-has-shadow fusion-flex-justify-content-flex-start fusion-content-layout-column\"><div class=\"fusion-image-element awb-imageframe-style awb-imageframe-style-below awb-imageframe-style-8\" style=\"--awb-caption-title-font-family:var(--body_typography-font-family);--awb-caption-title-font-weight:var(--body_typography-font-weight);--awb-caption-title-font-style:var(--body_typography-font-style);--awb-caption-title-size:var(--body_typography-font-size);--awb-caption-title-transform:var(--body_typography-text-transform);--awb-caption-title-line-height:var(--body_typography-line-height);--awb-caption-title-letter-spacing:var(--body_typography-letter-spacing);\"><span class=\" fusion-imageframe imageframe-none imageframe-8 hover-type-none\"><img decoding=\"async\" width=\"1093\" height=\"1509\" title=\"Willi-Jaeckel-Selbstbildnis-1919-Repro\" src=\"https:\/\/kunst-raub-rueckgabe.de\/wp-content\/uploads\/2024\/09\/Willi-Jaeckel-Selbstbildnis-1919-Repro.jpg\" alt class=\"img-responsive wp-image-5775\" srcset=\"https:\/\/kunst-raub-rueckgabe.de\/wp-content\/uploads\/2024\/09\/Willi-Jaeckel-Selbstbildnis-1919-Repro-200x276.jpg 200w, https:\/\/kunst-raub-rueckgabe.de\/wp-content\/uploads\/2024\/09\/Willi-Jaeckel-Selbstbildnis-1919-Repro-400x552.jpg 400w, https:\/\/kunst-raub-rueckgabe.de\/wp-content\/uploads\/2024\/09\/Willi-Jaeckel-Selbstbildnis-1919-Repro-600x828.jpg 600w, https:\/\/kunst-raub-rueckgabe.de\/wp-content\/uploads\/2024\/09\/Willi-Jaeckel-Selbstbildnis-1919-Repro-800x1104.jpg 800w, https:\/\/kunst-raub-rueckgabe.de\/wp-content\/uploads\/2024\/09\/Willi-Jaeckel-Selbstbildnis-1919-Repro.jpg 1093w\" sizes=\"(max-width: 640px) 100vw, 400px\" \/><\/span><div class=\"awb-imageframe-caption-container\"><div class=\"awb-imageframe-caption\"><div class=\"awb-imageframe-caption-title\">Willy Jaeckel: Selbstbildnis, \u00d6l auf Leinwand, 1919, ehemals Sammlung Buchthal.<\/div><p class=\"awb-imageframe-caption-text\"> Repro aus: Ausst.-Kat. Zweite Ausstellung Deutscher Nach-Impressionistischer Kunst aus Berliner Privatbesitz, Nationalgalerie 1928<\/p><\/div><\/div><\/div><\/div><\/div><div class=\"fusion-layout-column fusion_builder_column fusion-builder-column-16 awb-sticky awb-sticky-medium awb-sticky-large fusion_builder_column_1_2 1_2 fusion-flex-column\" style=\"--awb-bg-size:cover;--awb-width-large:50%;--awb-margin-top-large:0px;--awb-spacing-right-large:3.84%;--awb-margin-bottom-large:20px;--awb-spacing-left-large:3.84%;--awb-width-medium:50%;--awb-order-medium:0;--awb-spacing-right-medium:3.84%;--awb-spacing-left-medium:3.84%;--awb-width-small:100%;--awb-order-small:0;--awb-spacing-right-small:1.92%;--awb-spacing-left-small:1.92%;--awb-sticky-offset:100px;\" data-scroll-devices=\"small-visibility,medium-visibility,large-visibility\"><div class=\"fusion-column-wrapper fusion-column-has-shadow fusion-flex-justify-content-flex-start fusion-content-layout-column\"><div class=\"fusion-text fusion-text-7\"><p>Die Buchthals sind nicht nur avantgardistische Bauherren, sondern auch leidenschaftliche Sammler zeitgen\u00f6ssischer Kunst. Sie besitzen Druckgrafiken und Gem\u00e4lde insbesondere von expressionistischen K\u00fcnstlerinnen und K\u00fcnstlern, darunter Ernst Ludwig Kirchner, Otto M\u00fcller, Max Pechstein, Paula Modersohn-Becker, Emil Nolde, K\u00e4the Kollwitz, Lyonel Feininger, Franz Marc, Edvard Munch und anderen.<\/p>\n<p>Die Sammlung Buchthal geh\u00f6rt zu den herausragendsten der 1930er Jahre in Berlin.<\/p>\n<\/div><\/div><\/div><\/div><\/div><div class=\"fusion-fullwidth fullwidth-box fusion-builder-row-11 fusion-flex-container has-pattern-background has-mask-background nonhundred-percent-fullwidth non-hundred-percent-height-scrolling\" style=\"--awb-border-radius-top-left:0px;--awb-border-radius-top-right:0px;--awb-border-radius-bottom-right:0px;--awb-border-radius-bottom-left:0px;--awb-padding-top:50px;--awb-padding-bottom:50px;--awb-padding-top-small:25px;--awb-padding-bottom-small:25px;--awb-margin-top:0px;--awb-margin-bottom:0px;--awb-flex-wrap:wrap;\" ><div class=\"fusion-builder-row fusion-row fusion-flex-align-items-flex-start fusion-flex-justify-content-flex-end fusion-flex-content-wrap\" style=\"max-width:1497.6px;margin-left: calc(-4% \/ 2 );margin-right: calc(-4% \/ 2 );\"><div class=\"fusion-layout-column fusion_builder_column fusion-builder-column-17 fusion_builder_column_1_2 1_2 fusion-flex-column\" style=\"--awb-bg-size:cover;--awb-width-large:50%;--awb-margin-top-large:0px;--awb-spacing-right-large:3.84%;--awb-margin-bottom-large:20px;--awb-spacing-left-large:3.84%;--awb-width-medium:50%;--awb-order-medium:0;--awb-spacing-right-medium:3.84%;--awb-spacing-left-medium:3.84%;--awb-width-small:100%;--awb-order-small:1;--awb-spacing-right-small:1.92%;--awb-spacing-left-small:1.92%;\"><div class=\"fusion-column-wrapper fusion-column-has-shadow fusion-flex-justify-content-flex-start fusion-content-layout-column\"><div class=\"fusion-image-carousel fusion-image-carousel-auto fusion-image-carousel-2 fusion-carousel-border awb-image-carousel-top-below-caption\"><div class=\"awb-carousel awb-swiper awb-swiper-carousel awb-carousel--carousel awb-swiper-dots-position-bottom awb-imageframe-style awb-imageframe-style-below awb-imageframe-style-2\" data-layout=\"carousel\" data-autoplay=\"no\" data-autoplayspeed=\"2500\" data-autoplaypause=\"no\" data-loop=\"yes\" data-columns=\"1\" data-columnsmedium=\"1\" data-columnssmall=\"1\" data-itemmargin=\"13\" data-itemwidth=\"180\" data-touchscroll=\"no\" data-freemode=\"no\" data-imagesize=\"auto\" data-scrollitems=\"0\" data-centeredslides=\"no\" data-rotationangle=\"50\" data-depth=\"100\" data-speed=\"500\" data-shadow=\"no\" data-pagination=\"bullets\" style=\"--awb-columns:1;--awb-caption-title-color:var(--awb-color5);--awb-caption-text-color:var(--awb-color5);--awb-border-width:1px;--awb-border-color:#e9eaee;\"><div class=\"swiper-wrapper awb-image-carousel-wrapper fusion-flex-align-items-center\"><div class=\"swiper-slide\"><div class=\"fusion-carousel-item-wrapper\"><div class=\"fusion-image-wrapper hover-type-none\"><img decoding=\"async\" width=\"2399\" height=\"2560\" src=\"https:\/\/kunst-raub-rueckgabe.de\/wp-content\/uploads\/2024\/09\/Wilczynski-Leporello-Titelblatt-scaled.jpg\" class=\"attachment-full size-full\" alt=\"\" srcset=\"https:\/\/kunst-raub-rueckgabe.de\/wp-content\/uploads\/2024\/09\/Wilczynski-Leporello-Titelblatt-11x12.jpg 11w, https:\/\/kunst-raub-rueckgabe.de\/wp-content\/uploads\/2024\/09\/Wilczynski-Leporello-Titelblatt-200x213.jpg 200w, https:\/\/kunst-raub-rueckgabe.de\/wp-content\/uploads\/2024\/09\/Wilczynski-Leporello-Titelblatt-281x300.jpg 281w, https:\/\/kunst-raub-rueckgabe.de\/wp-content\/uploads\/2024\/09\/Wilczynski-Leporello-Titelblatt-400x427.jpg 400w, https:\/\/kunst-raub-rueckgabe.de\/wp-content\/uploads\/2024\/09\/Wilczynski-Leporello-Titelblatt-600x640.jpg 600w, https:\/\/kunst-raub-rueckgabe.de\/wp-content\/uploads\/2024\/09\/Wilczynski-Leporello-Titelblatt-768x819.jpg 768w, https:\/\/kunst-raub-rueckgabe.de\/wp-content\/uploads\/2024\/09\/Wilczynski-Leporello-Titelblatt-800x854.jpg 800w, https:\/\/kunst-raub-rueckgabe.de\/wp-content\/uploads\/2024\/09\/Wilczynski-Leporello-Titelblatt-960x1024.jpg 960w, https:\/\/kunst-raub-rueckgabe.de\/wp-content\/uploads\/2024\/09\/Wilczynski-Leporello-Titelblatt-1200x1280.jpg 1200w, https:\/\/kunst-raub-rueckgabe.de\/wp-content\/uploads\/2024\/09\/Wilczynski-Leporello-Titelblatt-1440x1536.jpg 1440w, https:\/\/kunst-raub-rueckgabe.de\/wp-content\/uploads\/2024\/09\/Wilczynski-Leporello-Titelblatt-1920x2048.jpg 1920w, https:\/\/kunst-raub-rueckgabe.de\/wp-content\/uploads\/2024\/09\/Wilczynski-Leporello-Titelblatt-scaled.jpg 2399w\" sizes=\"(max-width: 2399px) 100vw, 2399px\" \/><\/div><div class=\"awb-imageframe-caption-container\" style=\"text-align:left;\"><div class=\"awb-imageframe-caption\"><div class=\"awb-imageframe-caption-title\">K\u00e4te Wilczynski: Skizzen aus dem Leporello \u201eEin turbulenter Gast zieht ein. Kleine R\u00fcckblicke und Weihnachtsgr\u00fcsse der lieben Familie Buchthal\u201c, 1931.<\/div><p class=\"awb-imageframe-caption-text\">Privatbesitz \u00a9 Nachlass Katerina Wilczynski<\/p><\/div><\/div><\/div><\/div><div class=\"swiper-slide\"><div class=\"fusion-carousel-item-wrapper\"><div class=\"fusion-image-wrapper hover-type-none\"><img decoding=\"async\" width=\"2399\" height=\"2560\" src=\"https:\/\/kunst-raub-rueckgabe.de\/wp-content\/uploads\/2024\/09\/Wilczynski-Leporello-Blatt-4-scaled.jpg\" class=\"attachment-full size-full\" alt=\"\" srcset=\"https:\/\/kunst-raub-rueckgabe.de\/wp-content\/uploads\/2024\/09\/Wilczynski-Leporello-Blatt-4-11x12.jpg 11w, https:\/\/kunst-raub-rueckgabe.de\/wp-content\/uploads\/2024\/09\/Wilczynski-Leporello-Blatt-4-200x213.jpg 200w, https:\/\/kunst-raub-rueckgabe.de\/wp-content\/uploads\/2024\/09\/Wilczynski-Leporello-Blatt-4-281x300.jpg 281w, https:\/\/kunst-raub-rueckgabe.de\/wp-content\/uploads\/2024\/09\/Wilczynski-Leporello-Blatt-4-400x427.jpg 400w, https:\/\/kunst-raub-rueckgabe.de\/wp-content\/uploads\/2024\/09\/Wilczynski-Leporello-Blatt-4-600x640.jpg 600w, https:\/\/kunst-raub-rueckgabe.de\/wp-content\/uploads\/2024\/09\/Wilczynski-Leporello-Blatt-4-768x819.jpg 768w, https:\/\/kunst-raub-rueckgabe.de\/wp-content\/uploads\/2024\/09\/Wilczynski-Leporello-Blatt-4-800x854.jpg 800w, https:\/\/kunst-raub-rueckgabe.de\/wp-content\/uploads\/2024\/09\/Wilczynski-Leporello-Blatt-4-960x1024.jpg 960w, https:\/\/kunst-raub-rueckgabe.de\/wp-content\/uploads\/2024\/09\/Wilczynski-Leporello-Blatt-4-1200x1280.jpg 1200w, https:\/\/kunst-raub-rueckgabe.de\/wp-content\/uploads\/2024\/09\/Wilczynski-Leporello-Blatt-4-1440x1536.jpg 1440w, https:\/\/kunst-raub-rueckgabe.de\/wp-content\/uploads\/2024\/09\/Wilczynski-Leporello-Blatt-4-1920x2048.jpg 1920w, https:\/\/kunst-raub-rueckgabe.de\/wp-content\/uploads\/2024\/09\/Wilczynski-Leporello-Blatt-4-scaled.jpg 2399w\" sizes=\"(max-width: 2399px) 100vw, 2399px\" \/><\/div><div class=\"awb-imageframe-caption-container\" style=\"text-align:left;\"><div class=\"awb-imageframe-caption\"><div class=\"awb-imageframe-caption-title\">K\u00e4te Wilczynski: Skizzen aus dem Leporello \u201eEin turbulenter Gast zieht ein. Kleine R\u00fcckblicke und Weihnachtsgr\u00fcsse der lieben Familie Buchthal\u201c, 1931.<\/div><p class=\"awb-imageframe-caption-text\">Privatbesitz \u00a9 Nachlass Katerina Wilczynski<\/p><\/div><\/div><\/div><\/div><div class=\"swiper-slide\"><div class=\"fusion-carousel-item-wrapper\"><div class=\"fusion-image-wrapper hover-type-none\"><img decoding=\"async\" width=\"2399\" height=\"2560\" src=\"https:\/\/kunst-raub-rueckgabe.de\/wp-content\/uploads\/2024\/09\/Wilczynski-Leporello-Blatt-6-scaled.jpg\" class=\"attachment-full size-full\" alt=\"\" srcset=\"https:\/\/kunst-raub-rueckgabe.de\/wp-content\/uploads\/2024\/09\/Wilczynski-Leporello-Blatt-6-11x12.jpg 11w, https:\/\/kunst-raub-rueckgabe.de\/wp-content\/uploads\/2024\/09\/Wilczynski-Leporello-Blatt-6-200x213.jpg 200w, https:\/\/kunst-raub-rueckgabe.de\/wp-content\/uploads\/2024\/09\/Wilczynski-Leporello-Blatt-6-281x300.jpg 281w, https:\/\/kunst-raub-rueckgabe.de\/wp-content\/uploads\/2024\/09\/Wilczynski-Leporello-Blatt-6-400x427.jpg 400w, https:\/\/kunst-raub-rueckgabe.de\/wp-content\/uploads\/2024\/09\/Wilczynski-Leporello-Blatt-6-600x640.jpg 600w, https:\/\/kunst-raub-rueckgabe.de\/wp-content\/uploads\/2024\/09\/Wilczynski-Leporello-Blatt-6-768x819.jpg 768w, https:\/\/kunst-raub-rueckgabe.de\/wp-content\/uploads\/2024\/09\/Wilczynski-Leporello-Blatt-6-800x854.jpg 800w, https:\/\/kunst-raub-rueckgabe.de\/wp-content\/uploads\/2024\/09\/Wilczynski-Leporello-Blatt-6-960x1024.jpg 960w, https:\/\/kunst-raub-rueckgabe.de\/wp-content\/uploads\/2024\/09\/Wilczynski-Leporello-Blatt-6-1200x1280.jpg 1200w, https:\/\/kunst-raub-rueckgabe.de\/wp-content\/uploads\/2024\/09\/Wilczynski-Leporello-Blatt-6-1440x1536.jpg 1440w, https:\/\/kunst-raub-rueckgabe.de\/wp-content\/uploads\/2024\/09\/Wilczynski-Leporello-Blatt-6-1920x2048.jpg 1920w, https:\/\/kunst-raub-rueckgabe.de\/wp-content\/uploads\/2024\/09\/Wilczynski-Leporello-Blatt-6-scaled.jpg 2399w\" sizes=\"(max-width: 2399px) 100vw, 2399px\" \/><\/div><div class=\"awb-imageframe-caption-container\" style=\"text-align:left;\"><div class=\"awb-imageframe-caption\"><div class=\"awb-imageframe-caption-title\">K\u00e4te Wilczynski: Skizzen aus dem Leporello \u201eEin turbulenter Gast zieht ein. Kleine R\u00fcckblicke und Weihnachtsgr\u00fcsse der lieben Familie Buchthal\u201c, 1931.<\/div><p class=\"awb-imageframe-caption-text\">Privatbesitz \u00a9 Nachlass Katerina Wilczynski<\/p><\/div><\/div><\/div><\/div><div class=\"swiper-slide\"><div class=\"fusion-carousel-item-wrapper\"><div class=\"fusion-image-wrapper hover-type-none\"><img decoding=\"async\" width=\"2399\" height=\"2560\" src=\"https:\/\/kunst-raub-rueckgabe.de\/wp-content\/uploads\/2024\/09\/Wilczynski-Leporello-Blatt-7-scaled.jpg\" class=\"attachment-full size-full\" alt=\"\" srcset=\"https:\/\/kunst-raub-rueckgabe.de\/wp-content\/uploads\/2024\/09\/Wilczynski-Leporello-Blatt-7-11x12.jpg 11w, https:\/\/kunst-raub-rueckgabe.de\/wp-content\/uploads\/2024\/09\/Wilczynski-Leporello-Blatt-7-200x213.jpg 200w, https:\/\/kunst-raub-rueckgabe.de\/wp-content\/uploads\/2024\/09\/Wilczynski-Leporello-Blatt-7-281x300.jpg 281w, https:\/\/kunst-raub-rueckgabe.de\/wp-content\/uploads\/2024\/09\/Wilczynski-Leporello-Blatt-7-400x427.jpg 400w, https:\/\/kunst-raub-rueckgabe.de\/wp-content\/uploads\/2024\/09\/Wilczynski-Leporello-Blatt-7-600x640.jpg 600w, https:\/\/kunst-raub-rueckgabe.de\/wp-content\/uploads\/2024\/09\/Wilczynski-Leporello-Blatt-7-768x819.jpg 768w, https:\/\/kunst-raub-rueckgabe.de\/wp-content\/uploads\/2024\/09\/Wilczynski-Leporello-Blatt-7-800x854.jpg 800w, https:\/\/kunst-raub-rueckgabe.de\/wp-content\/uploads\/2024\/09\/Wilczynski-Leporello-Blatt-7-960x1024.jpg 960w, https:\/\/kunst-raub-rueckgabe.de\/wp-content\/uploads\/2024\/09\/Wilczynski-Leporello-Blatt-7-1200x1280.jpg 1200w, https:\/\/kunst-raub-rueckgabe.de\/wp-content\/uploads\/2024\/09\/Wilczynski-Leporello-Blatt-7-1440x1536.jpg 1440w, https:\/\/kunst-raub-rueckgabe.de\/wp-content\/uploads\/2024\/09\/Wilczynski-Leporello-Blatt-7-1920x2048.jpg 1920w, https:\/\/kunst-raub-rueckgabe.de\/wp-content\/uploads\/2024\/09\/Wilczynski-Leporello-Blatt-7-scaled.jpg 2399w\" sizes=\"(max-width: 2399px) 100vw, 2399px\" \/><\/div><div class=\"awb-imageframe-caption-container\" style=\"text-align:left;\"><div class=\"awb-imageframe-caption\"><div class=\"awb-imageframe-caption-title\">K\u00e4te Wilczynski: Skizzen aus dem Leporello \u201eEin turbulenter Gast zieht ein. Kleine R\u00fcckblicke und Weihnachtsgr\u00fcsse der lieben Familie Buchthal\u201c, 1931.<\/div><p class=\"awb-imageframe-caption-text\">Privatbesitz \u00a9 Nachlass Katerina Wilczynski<\/p><\/div><\/div><\/div><\/div><\/div><div class=\"awb-swiper-button awb-swiper-button-prev\"><i class=\"awb-icon-angle-left\" aria-hidden=\"true\"><\/i><\/div><div class=\"awb-swiper-button awb-swiper-button-next\"><i class=\"awb-icon-angle-right\" aria-hidden=\"true\"><\/i><\/div><\/div><\/div><\/div><\/div><div class=\"fusion-layout-column fusion_builder_column fusion-builder-column-18 awb-sticky awb-sticky-medium awb-sticky-large fusion_builder_column_1_2 1_2 fusion-flex-column\" style=\"--awb-bg-size:cover;--awb-width-large:50%;--awb-margin-top-large:0px;--awb-spacing-right-large:3.84%;--awb-margin-bottom-large:20px;--awb-spacing-left-large:3.84%;--awb-width-medium:50%;--awb-order-medium:0;--awb-spacing-right-medium:3.84%;--awb-spacing-left-medium:3.84%;--awb-width-small:100%;--awb-order-small:0;--awb-spacing-right-small:1.92%;--awb-spacing-left-small:1.92%;\" data-scroll-devices=\"small-visibility,medium-visibility,large-visibility\"><div class=\"fusion-column-wrapper fusion-column-has-shadow fusion-flex-justify-content-flex-start fusion-content-layout-column\"><div class=\"fusion-text fusion-text-8\"><h3>Ein \u201eturbulenter Gast\u201c schafft Erinnerungen<\/h3>\n<p>Oft kaufen die Buchthals ihre Werke direkt bei den K\u00fcnstlerinnen und K\u00fcnstlern, mit denen sie auch engere Kontakte pflegen. In ihrem Haus empfangen sie Kulturschaffende wie Max Beckmann oder Arnold Sch\u00f6nberg.<\/p>\n<p>Die K\u00fcnstlerin Katerina (K\u00e4te) Wilczynski wird von den Buchthals unterst\u00fctzt und wohnt eine Zeitlang bei ihnen. Sie h\u00e4lt das Familienleben in humorvoll beschrifteten Skizzen fest \u2013 sie geh\u00f6ren heute zu den wenigen Bildern, die von der Familie geblieben sind.<\/p>\n<\/div><\/div><\/div><\/div><\/div><div class=\"fusion-fullwidth fullwidth-box fusion-builder-row-12 fusion-flex-container has-pattern-background has-mask-background nonhundred-percent-fullwidth non-hundred-percent-height-scrolling\" style=\"--awb-border-radius-top-left:0px;--awb-border-radius-top-right:0px;--awb-border-radius-bottom-right:0px;--awb-border-radius-bottom-left:0px;--awb-padding-top:50px;--awb-padding-bottom:50px;--awb-padding-top-small:25px;--awb-padding-bottom-small:25px;--awb-margin-top:0px;--awb-margin-bottom:0px;--awb-flex-wrap:wrap;\" ><div class=\"fusion-builder-row fusion-row fusion-flex-align-items-flex-start fusion-flex-content-wrap\" style=\"max-width:1497.6px;margin-left: calc(-4% \/ 2 );margin-right: calc(-4% \/ 2 );\"><div class=\"fusion-layout-column fusion_builder_column fusion-builder-column-19 fusion_builder_column_1_2 1_2 fusion-flex-column\" style=\"--awb-bg-size:cover;--awb-width-large:50%;--awb-margin-top-large:0px;--awb-spacing-right-large:3.84%;--awb-margin-bottom-large:0px;--awb-spacing-left-large:3.84%;--awb-width-medium:50%;--awb-order-medium:0;--awb-spacing-right-medium:3.84%;--awb-spacing-left-medium:3.84%;--awb-width-small:100%;--awb-order-small:1;--awb-spacing-right-small:1.92%;--awb-spacing-left-small:1.92%;\"><div class=\"fusion-column-wrapper fusion-column-has-shadow fusion-flex-justify-content-flex-start fusion-content-layout-column\"><div class=\"fusion-image-before-after-wrapper fusion-image-before-after-horizontal type-before-after hover-type-together fusion-image-before-after-wrapper-1\" style=\"--awb-handle-color:var(--awb-color2);--awb-font-size:14px;--awb-bordersize:0px;--awb-accent-color-bg:hsla(var(--awb-color1-h),var(--awb-color1-s),var(--awb-color1-l),calc(var(--awb-color1-a) - 85%));--awb-transition-time:0.5s;\"><div class=\"fusion-image-before-after-element fusion-image-before-after fusion-image-before-after-container fusion-image-before-after-1\" data-offset=\"0.5\" data-orientation=\"horizontal\" data-move-with-handle-only=\"true\" data-click-to-move=\"true\"><img decoding=\"async\" class=\"fusion-image-before-after-before\" src=\"https:\/\/kunst-raub-rueckgabe.de\/wp-content\/uploads\/2024\/09\/Erich-Heckel-Schleuse-1913-SMB-ZA-V.jpg\" width=\"2149\" height=\"1889\"><img decoding=\"async\" alt=\"1\" class=\"fusion-image-before-after-after\" src=\"https:\/\/kunst-raub-rueckgabe.de\/wp-content\/uploads\/2024\/09\/Rueckgabequittung-Eugen-Buchthal-1928-SMB-ZA-quer-e1727708711488.jpg\" width=\"982\" height=\"850\"><div class=\"fusion-image-before-after-handle fusion-image-before-after-handle-arrows\"><span class=\"fusion-image-before-after-left-arrow\"><\/span><span class=\"fusion-image-before-after-right-arrow\"><\/span><\/div><\/div><\/div><div class=\"fusion-text fusion-text-9 fusion-text-no-margin\" style=\"--awb-font-size:16px;--awb-margin-top:10px;--awb-margin-bottom:0px;\"><p>Eugen Buchthal best\u00e4tigt am 29. Juni 1928 mit seiner Unterschrift die R\u00fcckgabe von mehreren Bildern. Darunter war auch Erich Heckels Gem\u00e4lde \u201eSchleuse\u201c (oder \u201eBr\u00fccke\u201c) von 1913, hier als SW-Foto aus den Akten der Nationalgalerie.<\/p>\n<\/div><div class=\"fusion-text fusion-text-10 fusion-text-no-margin\" style=\"--awb-font-size:16px;--awb-margin-bottom:20px;\"><p>Staatliche Museen zu Berlin, Zentralarchiv\u00a0\u00a9 VG Bild-Kunst, Bonn 2024<\/p>\n<\/div><div class=\"fusion-image-before-after-wrapper fusion-image-before-after-horizontal type-before-after hover-type-together fusion-image-before-after-wrapper-2\" style=\"--awb-font-size:14px;--awb-bordersize:0px;--awb-accent-color-bg:hsla(var(--awb-color1-h),var(--awb-color1-s),var(--awb-color1-l),calc(var(--awb-color1-a) - 85%));--awb-transition-time:0.5s;--awb-margin-top:10px;\"><div class=\"fusion-image-before-after-element fusion-image-before-after fusion-image-before-after-container fusion-image-before-after-2\" data-offset=\"0.5\" data-orientation=\"horizontal\" data-move-with-handle-only=\"true\" data-click-to-move=\"true\"><img decoding=\"async\" class=\"fusion-image-before-after-before\" src=\"https:\/\/kunst-raub-rueckgabe.de\/wp-content\/uploads\/2024\/09\/Otto-Mueller-Gedenkausstellung-Innenraum-Nationalgalerie-ZA-2.17.4.-516.jpg\" width=\"798\" height=\"559\"><img decoding=\"async\" class=\"fusion-image-before-after-after\" src=\"https:\/\/kunst-raub-rueckgabe.de\/wp-content\/uploads\/2024\/09\/Rueckgabequittung-Thea-Buchthal-1931-SMB-ZA-quer-e1727708659341.jpg\" width=\"1096\" height=\"849\"><div class=\"fusion-image-before-after-handle fusion-image-before-after-handle-default\"><span class=\"fusion-image-before-after-left-arrow\"><\/span><span class=\"fusion-image-before-after-right-arrow\"><\/span><\/div><\/div><\/div><div class=\"fusion-text fusion-text-11 fusion-text-no-margin\" style=\"--awb-font-size:16px;--awb-margin-top:10px;--awb-margin-bottom:0px;\"><p>F\u00fcr die Otto M\u00fcller Gedenk-Ausstellung im Kronprinzenpalais der Nationalgalerie stellten die Buchthals zwei Bilder als Leihgaben zur Verf\u00fcgung, darunter ein Selbstportr\u00e4t des K\u00fcnstlers (zweites Bild von links). Thea Buchthal quittierte am 1. September 1931 die R\u00fcckgabe der Werke.<\/p>\n<\/div><div class=\"fusion-text fusion-text-12 fusion-text-no-margin\" style=\"--awb-font-size:16px;--awb-margin-bottom:20px;\"><p>Staatliche Museen zu Berlin, Zentralarchiv<\/p>\n<\/div><\/div><\/div><div class=\"fusion-layout-column fusion_builder_column fusion-builder-column-20 awb-sticky awb-sticky-medium awb-sticky-large fusion_builder_column_1_2 1_2 fusion-flex-column\" style=\"--awb-bg-size:cover;--awb-width-large:50%;--awb-margin-top-large:0px;--awb-spacing-right-large:3.84%;--awb-margin-bottom-large:20px;--awb-spacing-left-large:3.84%;--awb-width-medium:50%;--awb-order-medium:0;--awb-spacing-right-medium:3.84%;--awb-spacing-left-medium:3.84%;--awb-width-small:100%;--awb-order-small:0;--awb-spacing-right-small:1.92%;--awb-spacing-left-small:1.92%;\" data-scroll-devices=\"small-visibility,medium-visibility,large-visibility\"><div class=\"fusion-column-wrapper fusion-column-has-shadow fusion-flex-justify-content-flex-start fusion-content-layout-column\"><div class=\"fusion-text fusion-text-13\"><h3>Leihgaben an die Nationalgalerie<\/h3>\n<p>Zwischen 1928 bis 1932 zeigt die Berliner Nationalgalerie immer wieder hochkar\u00e4tige Werke aus der Sammlung Buchthal. Sie sind nicht nur in den Ausstellungskatalogen erw\u00e4hnt. Auch in den damals entstandenen Schriftst\u00fccken finden sich Spuren der Kunstwerke und ihrer Leihgeber.<\/p>\n<\/div><\/div><\/div><\/div><\/div><div class=\"fusion-fullwidth fullwidth-box fusion-builder-row-13 fusion-flex-container has-pattern-background has-mask-background nonhundred-percent-fullwidth non-hundred-percent-height-scrolling Anthrazit\" style=\"--awb-border-radius-top-left:0px;--awb-border-radius-top-right:0px;--awb-border-radius-bottom-right:0px;--awb-border-radius-bottom-left:0px;--awb-padding-top:60px;--awb-flex-wrap:wrap;\" ><div class=\"fusion-builder-row fusion-row fusion-flex-align-items-flex-start fusion-flex-content-wrap\" style=\"max-width:1497.6px;margin-left: calc(-4% \/ 2 );margin-right: calc(-4% \/ 2 );\"><div class=\"fusion-layout-column fusion_builder_column fusion-builder-column-21 fusion_builder_column_1_1 1_1 fusion-flex-column\" style=\"--awb-bg-size:cover;--awb-width-large:100%;--awb-margin-top-large:0px;--awb-spacing-right-large:1.92%;--awb-margin-bottom-large:20px;--awb-spacing-left-large:1.92%;--awb-width-medium:100%;--awb-order-medium:0;--awb-spacing-right-medium:1.92%;--awb-spacing-left-medium:1.92%;--awb-width-small:100%;--awb-order-small:0;--awb-spacing-right-small:1.92%;--awb-spacing-left-small:1.92%;\"><div class=\"fusion-column-wrapper fusion-column-has-shadow fusion-flex-justify-content-flex-start fusion-content-layout-column\"><div class=\"fusion-title title fusion-title-4 fusion-sep-none fusion-title-center fusion-title-text fusion-title-size-two\" style=\"--awb-margin-top-small:10px;--awb-margin-right-small:0px;--awb-margin-bottom-small:10px;--awb-margin-left-small:0px;\"><h2 class=\"fusion-title-heading title-heading-center fusion-responsive-typography-calculated\" style=\"margin:0;--fontSize:40;line-height:var(--awb-typography1-line-height);\">Verfolgt und vertrieben<\/h2><\/div><\/div><\/div><\/div><\/div><div class=\"fusion-fullwidth fullwidth-box fusion-builder-row-14 fusion-flex-container has-pattern-background has-mask-background nonhundred-percent-fullwidth non-hundred-percent-height-scrolling Anthrazit\" style=\"--awb-border-radius-top-left:0px;--awb-border-radius-top-right:0px;--awb-border-radius-bottom-right:0px;--awb-border-radius-bottom-left:0px;--awb-padding-top:50px;--awb-padding-bottom:50px;--awb-padding-top-small:25px;--awb-padding-bottom-small:25px;--awb-margin-top:0px;--awb-margin-bottom:0px;--awb-flex-wrap:wrap;\" ><div class=\"fusion-builder-row fusion-row fusion-flex-align-items-flex-start fusion-flex-justify-content-flex-end fusion-flex-content-wrap\" style=\"max-width:1497.6px;margin-left: calc(-4% \/ 2 );margin-right: calc(-4% \/ 2 );\"><div class=\"fusion-layout-column fusion_builder_column fusion-builder-column-22 fusion_builder_column_1_4 1_4 fusion-flex-column\" style=\"--awb-padding-top:10px;--awb-bg-size:cover;--awb-width-large:25%;--awb-margin-top-large:0px;--awb-spacing-right-large:7.68%;--awb-margin-bottom-large:20px;--awb-spacing-left-large:7.68%;--awb-width-medium:25%;--awb-order-medium:0;--awb-spacing-right-medium:7.68%;--awb-spacing-left-medium:7.68%;--awb-width-small:100%;--awb-order-small:1;--awb-spacing-right-small:1.92%;--awb-spacing-left-small:1.92%;\"><div class=\"fusion-column-wrapper fusion-column-has-shadow fusion-flex-justify-content-flex-start fusion-content-layout-column\"><div class=\"fusion-audio fusion-audio-1\" style=\"--awb-progress-color:var(--awb-color8);--awb-border-color:rgba(255,255,255,0.05);--awb-background-color:var(--awb-color2);--awb-max-width:1000px;--awb-border-size:0;--awb-border-top-left-radius:20px;--awb-border-top-right-radius:20px;--awb-border-bottom-right-radius:20px;--awb-border-bottom-left-radius:20px;\"><audio class=\"wp-audio-shortcode\" id=\"audio-4687-1\" preload=\"none\" style=\"width: 100%;\" controls=\"controls\"><source type=\"audio\/mpeg\" src=\"https:\/\/kunst-raub-rueckgabe.de\/wp-content\/uploads\/2024\/01\/Buchthal_1_edit.mp3?_=1\" \/><a href=\"https:\/\/kunst-raub-rueckgabe.de\/wp-content\/uploads\/2024\/01\/Buchthal_1_edit.mp3\">https:\/\/kunst-raub-rueckgabe.de\/wp-content\/uploads\/2024\/01\/Buchthal_1_edit.mp3<\/a><\/audio><\/div><div class=\"fusion-text fusion-text-14\" style=\"--awb-font-size:14px;--awb-margin-top:10px;\"><p>Thea Buchthal in ihrer Eidesstattlichen Erkl\u00e4rung vom 15. Oktober 1956 (Entsch\u00e4digungsakten, Landesamt f\u00fcr B\u00fcrger- und Ordnungsangelegenheiten, Abt. I Entsch\u00e4digungsbeh\u00f6rde)<\/p>\n<\/div><\/div><\/div><div class=\"fusion-layout-column fusion_builder_column fusion-builder-column-23 fusion_builder_column_1_2 1_2 fusion-flex-column\" style=\"--awb-bg-size:cover;--awb-width-large:50%;--awb-margin-top-large:0px;--awb-spacing-right-large:3.84%;--awb-margin-bottom-large:20px;--awb-spacing-left-large:3.84%;--awb-width-medium:50%;--awb-order-medium:0;--awb-spacing-right-medium:3.84%;--awb-spacing-left-medium:3.84%;--awb-width-small:100%;--awb-order-small:0;--awb-spacing-right-small:1.92%;--awb-spacing-left-small:1.92%;\"><div class=\"fusion-column-wrapper fusion-column-has-shadow fusion-flex-justify-content-flex-start fusion-content-layout-column\"><div class=\"fusion-text fusion-text-15\"><p>Als j\u00fcdische Familie werden die Buchthals ab 1933 von den Nationalsozialisten verfolgt. Eugens Gesundheit verschlechtert sich unter den anhaltenden Diskriminierungen, er erleidet 1937 einen Herzinfarkt.<\/p>\n<p>Der \u00e4lteste Sohn Hugo emigriert bereits 1934 nach London, wo er an der ber\u00fchmten Warburg Library t\u00e4tig ist. Anne Gerda verl\u00e4sst Deutschland 1936, ebenfalls Richtung London. Auch Thea und Eugen bereiten ihre Emigration mit dem j\u00fcngsten Sohn vor.<\/p>\n<\/div><\/div><\/div><\/div><\/div><div class=\"fusion-fullwidth fullwidth-box fusion-builder-row-15 fusion-flex-container has-pattern-background has-mask-background nonhundred-percent-fullwidth non-hundred-percent-height-scrolling Anthrazit\" style=\"--awb-border-radius-top-left:0px;--awb-border-radius-top-right:0px;--awb-border-radius-bottom-right:0px;--awb-border-radius-bottom-left:0px;--awb-padding-top:100px;--awb-padding-bottom:100px;--awb-padding-top-small:55px;--awb-padding-bottom-small:25px;--awb-flex-wrap:wrap;\" ><div class=\"fusion-builder-row fusion-row fusion-flex-align-items-flex-start fusion-flex-justify-content-flex-end fusion-flex-content-wrap\" style=\"max-width:1497.6px;margin-left: calc(-4% \/ 2 );margin-right: calc(-4% \/ 2 );\"><div class=\"fusion-layout-column fusion_builder_column fusion-builder-column-24 fusion_builder_column_1_4 1_4 fusion-flex-column\" style=\"--awb-bg-size:cover;--awb-width-large:25%;--awb-margin-top-large:11px;--awb-spacing-right-large:7.68%;--awb-margin-bottom-large:20px;--awb-spacing-left-large:7.68%;--awb-width-medium:25%;--awb-order-medium:0;--awb-spacing-right-medium:7.68%;--awb-spacing-left-medium:7.68%;--awb-width-small:100%;--awb-order-small:1;--awb-spacing-right-small:1.92%;--awb-margin-bottom-small:50px;--awb-spacing-left-small:1.92%;\"><div class=\"fusion-column-wrapper fusion-column-has-shadow fusion-flex-justify-content-flex-start fusion-content-layout-column\"><\/div><\/div><div class=\"fusion-layout-column fusion_builder_column fusion-builder-column-25 awb-sticky awb-sticky-medium awb-sticky-large fusion_builder_column_1_2 1_2 fusion-flex-column\" style=\"--awb-bg-size:cover;--awb-width-large:50%;--awb-margin-top-large:0px;--awb-spacing-right-large:3.84%;--awb-margin-bottom-large:20px;--awb-spacing-left-large:3.84%;--awb-width-medium:50%;--awb-order-medium:0;--awb-spacing-right-medium:3.84%;--awb-spacing-left-medium:3.84%;--awb-width-small:100%;--awb-order-small:0;--awb-spacing-right-small:1.92%;--awb-spacing-left-small:1.92%;--awb-sticky-offset:100px;\"><div class=\"fusion-column-wrapper fusion-column-has-shadow fusion-flex-justify-content-flex-start fusion-content-layout-column\"><div class=\"fusion-text fusion-text-16\"><h3>Verkauf von Hab und Gut<\/h3>\n<p>Im Januar 1936 \u00fcbergibt Eugen Buchthal eine gro\u00dfe Zahl grafischer Werke aus seiner Sammlung der Galerie Nierendorf in Berlin. Mit dem Verkauf der Bl\u00e4tter geht die Sammlung als Ganzes unwiederbringlich verloren.<\/p>\n<p>Im gleichen Jahr verkaufen die Buchthals auch ihre Villa im Westend. Der K\u00e4ufer ist Dr. Bruno Bruhn, der Generaldirektor der Krupp AG. Bis zu ihrer Emigration 1938 d\u00fcrfen die Buchthals noch im oberen Stockwerk wohnen.<\/p>\n<\/div><\/div><\/div><\/div><\/div><div class=\"fusion-fullwidth fullwidth-box fusion-builder-row-16 fusion-flex-container has-pattern-background has-mask-background nonhundred-percent-fullwidth non-hundred-percent-height-scrolling Anthrazit\" style=\"--awb-border-radius-top-left:0px;--awb-border-radius-top-right:0px;--awb-border-radius-bottom-right:0px;--awb-border-radius-bottom-left:0px;--awb-padding-top:100px;--awb-padding-bottom:100px;--awb-padding-top-small:55px;--awb-padding-bottom-small:25px;--awb-flex-wrap:wrap;\" ><div class=\"fusion-builder-row fusion-row fusion-flex-align-items-flex-start fusion-flex-justify-content-flex-end fusion-flex-content-wrap\" style=\"max-width:1497.6px;margin-left: calc(-4% \/ 2 );margin-right: calc(-4% \/ 2 );\"><div class=\"fusion-layout-column fusion_builder_column fusion-builder-column-26 fusion_builder_column_1_4 1_4 fusion-flex-column\" style=\"--awb-bg-size:cover;--awb-width-large:25%;--awb-margin-top-large:11px;--awb-spacing-right-large:7.68%;--awb-margin-bottom-large:20px;--awb-spacing-left-large:7.68%;--awb-width-medium:25%;--awb-order-medium:0;--awb-spacing-right-medium:7.68%;--awb-spacing-left-medium:7.68%;--awb-width-small:100%;--awb-order-small:1;--awb-spacing-right-small:1.92%;--awb-margin-bottom-small:50px;--awb-spacing-left-small:1.92%;\"><div class=\"fusion-column-wrapper fusion-column-has-shadow fusion-flex-justify-content-flex-start fusion-content-layout-column\"><\/div><\/div><div class=\"fusion-layout-column fusion_builder_column fusion-builder-column-27 awb-sticky awb-sticky-medium awb-sticky-large fusion_builder_column_1_2 1_2 fusion-flex-column\" style=\"--awb-bg-size:cover;--awb-width-large:50%;--awb-margin-top-large:0px;--awb-spacing-right-large:3.84%;--awb-margin-bottom-large:20px;--awb-spacing-left-large:3.84%;--awb-width-medium:50%;--awb-order-medium:0;--awb-spacing-right-medium:3.84%;--awb-spacing-left-medium:3.84%;--awb-width-small:100%;--awb-order-small:0;--awb-spacing-right-small:1.92%;--awb-spacing-left-small:1.92%;--awb-sticky-offset:100px;\"><div class=\"fusion-column-wrapper fusion-column-has-shadow fusion-flex-justify-content-flex-start fusion-content-layout-column\"><div class=\"fusion-text fusion-text-17\"><h3>Emigration<\/h3>\n<p>Am 11. M\u00e4rz 1938, Eugen Buchthals 60. Geburtstag, emigrieren er und seine Frau Thea nach London. Wenige Monate sp\u00e4ter fordern die deutschen Beh\u00f6rden von ihnen hohe Summen als \u201aReichsfluchtsteuer\u2018 und \u201aJudenverm\u00f6gensabgabe\u2018.<\/p>\n<p>Eugen Buchthal kann in London zun\u00e4chst bei dem dortigen Vertreter seiner Berliner Firma arbeiten, allerdings mit \u00e4u\u00dferst schlechter Bezahlung. Sp\u00e4ter erzwingt man am deutschen Firmensitz seine Entlassung.<\/p>\n<\/div><\/div><\/div><\/div><\/div><div class=\"fusion-fullwidth fullwidth-box fusion-builder-row-17 fusion-flex-container has-pattern-background has-mask-background nonhundred-percent-fullwidth non-hundred-percent-height-scrolling Anthrazit\" style=\"--awb-border-radius-top-left:0px;--awb-border-radius-top-right:0px;--awb-border-radius-bottom-right:0px;--awb-border-radius-bottom-left:0px;--awb-padding-top:50px;--awb-padding-bottom:50px;--awb-padding-top-small:25px;--awb-padding-bottom-small:25px;--awb-margin-top:0px;--awb-margin-bottom:0px;--awb-flex-wrap:wrap;\" ><div class=\"fusion-builder-row fusion-row fusion-flex-align-items-flex-start fusion-flex-content-wrap\" style=\"max-width:1497.6px;margin-left: calc(-4% \/ 2 );margin-right: calc(-4% \/ 2 );\"><div class=\"fusion-layout-column fusion_builder_column fusion-builder-column-28 fusion_builder_column_1_2 1_2 fusion-flex-column\" style=\"--awb-padding-top:10px;--awb-bg-size:cover;--awb-width-large:50%;--awb-margin-top-large:0px;--awb-spacing-right-large:3.84%;--awb-margin-bottom-large:20px;--awb-spacing-left-large:3.84%;--awb-width-medium:50%;--awb-order-medium:0;--awb-spacing-right-medium:3.84%;--awb-spacing-left-medium:3.84%;--awb-width-small:100%;--awb-order-small:0;--awb-spacing-right-small:1.92%;--awb-margin-bottom-small:50px;--awb-spacing-left-small:1.92%;\"><div class=\"fusion-column-wrapper fusion-column-has-shadow fusion-flex-justify-content-flex-start fusion-content-layout-column\"><\/div><\/div><div class=\"fusion-layout-column fusion_builder_column fusion-builder-column-29 fusion_builder_column_1_2 1_2 fusion-flex-column\" style=\"--awb-bg-size:cover;--awb-width-large:50%;--awb-margin-top-large:0px;--awb-spacing-right-large:3.84%;--awb-margin-bottom-large:20px;--awb-spacing-left-large:3.84%;--awb-width-medium:50%;--awb-order-medium:0;--awb-spacing-right-medium:3.84%;--awb-spacing-left-medium:3.84%;--awb-width-small:100%;--awb-order-small:0;--awb-spacing-right-small:1.92%;--awb-spacing-left-small:1.92%;\"><div class=\"fusion-column-wrapper fusion-column-has-shadow fusion-flex-justify-content-flex-start fusion-content-layout-column\"><div class=\"fusion-text fusion-text-18\"><p>Eugen und Thea Buchthal \u00fcberleben den Krieg in London. Eugen stirbt am 6. Oktober 1954, Thea folgt einige Jahre sp\u00e4ter.<\/p>\n<p>Von ihrem alten Leben in Berlin bleibt nur wenig \u00fcbrig. Der Verbleib der Kunstsammlung ist weitgehend unbekannt. Das Haus Buchthal ist heute ein Baudenkmal und erinnert an die Eheleute Buchthal, die mit ihrem fortschrittlichen Kunstsinn untrennbar mit der Berliner Moderne verbunden sind.<\/p>\n<\/div><\/div><\/div><\/div><\/div><div class=\"fusion-fullwidth fullwidth-box fusion-builder-row-18 fusion-flex-container has-pattern-background has-mask-background nonhundred-percent-fullwidth non-hundred-percent-height-scrolling Restitution\" style=\"--awb-border-radius-top-left:0px;--awb-border-radius-top-right:0px;--awb-border-radius-bottom-right:0px;--awb-border-radius-bottom-left:0px;--awb-padding-top:50px;--awb-padding-bottom:50px;--awb-padding-top-small:25px;--awb-padding-bottom-small:25px;--awb-margin-top:0px;--awb-margin-bottom:0px;--awb-background-color:var(--awb-color3);--awb-flex-wrap:wrap;\" ><div class=\"fusion-builder-row fusion-row fusion-flex-align-items-flex-start fusion-flex-content-wrap\" style=\"max-width:1497.6px;margin-left: calc(-4% \/ 2 );margin-right: calc(-4% \/ 2 );\"><div class=\"fusion-layout-column fusion_builder_column fusion-builder-column-30 fusion_builder_column_1_1 1_1 fusion-flex-column\" style=\"--awb-bg-size:cover;--awb-width-large:100%;--awb-margin-top-large:100px;--awb-spacing-right-large:1.92%;--awb-margin-bottom-large:140px;--awb-spacing-left-large:1.92%;--awb-width-medium:100%;--awb-order-medium:0;--awb-spacing-right-medium:1.92%;--awb-spacing-left-medium:1.92%;--awb-width-small:100%;--awb-order-small:0;--awb-spacing-right-small:1.92%;--awb-spacing-left-small:1.92%;\"><div class=\"fusion-column-wrapper fusion-column-has-shadow fusion-flex-justify-content-flex-start fusion-content-layout-column\"><div class=\"fusion-title title fusion-title-5 fusion-sep-none fusion-title-center fusion-title-text fusion-title-size-two\" style=\"--awb-margin-top:0px;--awb-margin-bottom:0px;--awb-margin-top-small:10px;--awb-margin-right-small:0px;--awb-margin-bottom-small:10px;--awb-margin-left-small:0px;\"><h2 class=\"fusion-title-heading title-heading-center sm-text-align-left fusion-responsive-typography-calculated\" style=\"margin:0;--fontSize:40;line-height:var(--awb-typography1-line-height);\">Restitution<\/h2><\/div><\/div><\/div><div class=\"fusion-layout-column fusion_builder_column fusion-builder-column-31 fusion_builder_column_1_2 1_2 fusion-flex-column\" style=\"--awb-bg-size:cover;--awb-width-large:50%;--awb-margin-top-large:0px;--awb-spacing-right-large:3.84%;--awb-margin-bottom-large:20px;--awb-spacing-left-large:3.84%;--awb-width-medium:50%;--awb-order-medium:0;--awb-spacing-right-medium:3.84%;--awb-spacing-left-medium:3.84%;--awb-width-small:100%;--awb-order-small:0;--awb-spacing-right-small:1.92%;--awb-spacing-left-small:1.92%;\"><div class=\"fusion-column-wrapper fusion-column-has-shadow fusion-flex-justify-content-center fusion-content-layout-row fusion-flex-align-items-center\"><div class=\"fusion-image-element awb-imageframe-style awb-imageframe-style-below awb-imageframe-style-12\" style=\"text-align:right;--awb-margin-top:10px;--awb-margin-bottom:10px;--awb-caption-text-size:14px;--awb-caption-margin-top:10px;--awb-caption-margin-bottom:20px;--awb-caption-title-font-family:var(--body_typography-font-family);--awb-caption-title-font-weight:var(--body_typography-font-weight);--awb-caption-title-font-style:var(--body_typography-font-style);--awb-caption-title-size:14px;--awb-caption-title-transform:var(--body_typography-text-transform);--awb-caption-title-line-height:var(--body_typography-line-height);--awb-caption-title-letter-spacing:var(--body_typography-letter-spacing);\"><span class=\" fusion-imageframe imageframe-none imageframe-12 hover-type-none zoooom\"><img decoding=\"async\" width=\"2560\" height=\"1810\" title=\"Verzeichnis-Werke-Entartete-Kunst-1941-Deckblatt-ZA\" src=\"https:\/\/kunst-raub-rueckgabe.de\/wp-content\/uploads\/2024\/09\/Verzeichnis-Werke-Entartete-Kunst-1941-Deckblatt-ZA-scaled.jpg\" alt class=\"img-responsive wp-image-5779\" srcset=\"https:\/\/kunst-raub-rueckgabe.de\/wp-content\/uploads\/2024\/09\/Verzeichnis-Werke-Entartete-Kunst-1941-Deckblatt-ZA-200x141.jpg 200w, https:\/\/kunst-raub-rueckgabe.de\/wp-content\/uploads\/2024\/09\/Verzeichnis-Werke-Entartete-Kunst-1941-Deckblatt-ZA-400x283.jpg 400w, https:\/\/kunst-raub-rueckgabe.de\/wp-content\/uploads\/2024\/09\/Verzeichnis-Werke-Entartete-Kunst-1941-Deckblatt-ZA-600x424.jpg 600w, https:\/\/kunst-raub-rueckgabe.de\/wp-content\/uploads\/2024\/09\/Verzeichnis-Werke-Entartete-Kunst-1941-Deckblatt-ZA-800x566.jpg 800w, https:\/\/kunst-raub-rueckgabe.de\/wp-content\/uploads\/2024\/09\/Verzeichnis-Werke-Entartete-Kunst-1941-Deckblatt-ZA-1200x849.jpg 1200w, https:\/\/kunst-raub-rueckgabe.de\/wp-content\/uploads\/2024\/09\/Verzeichnis-Werke-Entartete-Kunst-1941-Deckblatt-ZA-scaled.jpg 2560w\" sizes=\"(max-width: 640px) 100vw, 800px\" \/><\/span><div class=\"awb-imageframe-caption-container\" style=\"text-align:left;\"><div class=\"awb-imageframe-caption\"><div class=\"awb-imageframe-caption-title\">Verzeichnis von Werken \u201aentarteter Kunst\u2018, die 1937 in deutschen Museen beschlagnahmt wurden.<\/div><p class=\"awb-imageframe-caption-text\"> \ud83d\udd0d \u00dcber das Bild mit der Maus fahren, um zu vergr\u00f6\u00dfern <\/p><\/div><\/div><\/div><div class=\"fusion-image-element awb-imageframe-style awb-imageframe-style-below awb-imageframe-style-13\" style=\"--awb-margin-bottom:20px;--awb-caption-margin-top:10px;--awb-caption-margin-bottom:20px;--awb-caption-title-font-family:var(--body_typography-font-family);--awb-caption-title-font-weight:var(--body_typography-font-weight);--awb-caption-title-font-style:var(--body_typography-font-style);--awb-caption-title-size:var(--body_typography-font-size);--awb-caption-title-transform:var(--body_typography-text-transform);--awb-caption-title-line-height:var(--body_typography-line-height);--awb-caption-title-letter-spacing:var(--body_typography-letter-spacing);\"><span class=\" fusion-imageframe imageframe-none imageframe-13 hover-type-none zoooom\"><img decoding=\"async\" width=\"2560\" height=\"1810\" title=\"Verzeichnis-Werke-Entartete-Kunst-1941-Nationalgalerie-1-ZA\" src=\"https:\/\/kunst-raub-rueckgabe.de\/wp-content\/uploads\/2024\/09\/Verzeichnis-Werke-Entartete-Kunst-1941-Nationalgalerie-1-ZA-scaled.jpg\" alt class=\"img-responsive wp-image-5778\" srcset=\"https:\/\/kunst-raub-rueckgabe.de\/wp-content\/uploads\/2024\/09\/Verzeichnis-Werke-Entartete-Kunst-1941-Nationalgalerie-1-ZA-200x141.jpg 200w, https:\/\/kunst-raub-rueckgabe.de\/wp-content\/uploads\/2024\/09\/Verzeichnis-Werke-Entartete-Kunst-1941-Nationalgalerie-1-ZA-400x283.jpg 400w, https:\/\/kunst-raub-rueckgabe.de\/wp-content\/uploads\/2024\/09\/Verzeichnis-Werke-Entartete-Kunst-1941-Nationalgalerie-1-ZA-600x424.jpg 600w, https:\/\/kunst-raub-rueckgabe.de\/wp-content\/uploads\/2024\/09\/Verzeichnis-Werke-Entartete-Kunst-1941-Nationalgalerie-1-ZA-800x566.jpg 800w, https:\/\/kunst-raub-rueckgabe.de\/wp-content\/uploads\/2024\/09\/Verzeichnis-Werke-Entartete-Kunst-1941-Nationalgalerie-1-ZA-1200x849.jpg 1200w, https:\/\/kunst-raub-rueckgabe.de\/wp-content\/uploads\/2024\/09\/Verzeichnis-Werke-Entartete-Kunst-1941-Nationalgalerie-1-ZA-scaled.jpg 2560w\" sizes=\"(max-width: 640px) 100vw, 800px\" \/><\/span><div class=\"awb-imageframe-caption-container\"><div class=\"awb-imageframe-caption\"><div class=\"awb-imageframe-caption-title\">Hier finden sich auch Kunstwerke aus der Sammlung Buchthal.<\/div><p class=\"awb-imageframe-caption-text\">Staatliche Museen zu Berlin, Zentralarchiv \ud83d\udd0d \u00dcber das Bild mit der Maus fahren, um zu vergr\u00f6\u00dfern <\/p><\/div><\/div><\/div><\/div><\/div><div class=\"fusion-layout-column fusion_builder_column fusion-builder-column-32 awb-sticky awb-sticky-medium awb-sticky-large fusion_builder_column_1_2 1_2 fusion-flex-column\" style=\"--awb-bg-size:cover;--awb-width-large:50%;--awb-margin-top-large:0px;--awb-spacing-right-large:3.84%;--awb-margin-bottom-large:0px;--awb-spacing-left-large:3.84%;--awb-width-medium:50%;--awb-order-medium:0;--awb-spacing-right-medium:3.84%;--awb-spacing-left-medium:3.84%;--awb-width-small:100%;--awb-order-small:0;--awb-spacing-right-small:1.92%;--awb-spacing-left-small:1.92%;--awb-sticky-offset:20px;\" data-scroll-devices=\"small-visibility,medium-visibility,large-visibility\"><div class=\"fusion-column-wrapper fusion-column-has-shadow fusion-flex-justify-content-flex-start fusion-content-layout-column\"><div class=\"fusion-text fusion-text-19\"><h3>Kunst der Buchthals in den Staatlichen Museen zu Berlin<\/h3>\n<p>Die Staatlichen Museen zu Berlin erwerben 1936 bei der Galerie Nierendorf sechzehn Bl\u00e4tter aus der Sammlung Buchthal. Ein Teil davon wird 1937 als \u201aentartet\u2018 gebrandmarkt und von den nationalsozialistischen Beh\u00f6rden beschlagnahmt. Ihr weiterer Weg verliert sich damit.<\/p>\n<\/div><\/div><\/div><\/div><\/div><div class=\"fusion-fullwidth fullwidth-box fusion-builder-row-19 fusion-flex-container has-pattern-background has-mask-background nonhundred-percent-fullwidth non-hundred-percent-height-scrolling Restitution\" style=\"--awb-border-radius-top-left:0px;--awb-border-radius-top-right:0px;--awb-border-radius-bottom-right:0px;--awb-border-radius-bottom-left:0px;--awb-padding-top:50px;--awb-padding-bottom:50px;--awb-padding-top-small:25px;--awb-padding-bottom-small:25px;--awb-margin-top:0px;--awb-margin-bottom:0px;--awb-background-color:var(--awb-color3);--awb-flex-wrap:wrap;\" ><div class=\"fusion-builder-row fusion-row fusion-flex-align-items-flex-start fusion-flex-content-wrap\" style=\"max-width:1497.6px;margin-left: calc(-4% \/ 2 );margin-right: calc(-4% \/ 2 );\"><div class=\"fusion-layout-column fusion_builder_column fusion-builder-column-33 fusion_builder_column_1_1 1_1 fusion-flex-column\" style=\"--awb-bg-size:cover;--awb-width-large:100%;--awb-margin-top-large:100px;--awb-spacing-right-large:1.92%;--awb-margin-bottom-large:140px;--awb-spacing-left-large:1.92%;--awb-width-medium:100%;--awb-order-medium:0;--awb-spacing-right-medium:1.92%;--awb-spacing-left-medium:1.92%;--awb-width-small:100%;--awb-order-small:0;--awb-spacing-right-small:1.92%;--awb-spacing-left-small:1.92%;\"><div class=\"fusion-column-wrapper fusion-column-has-shadow fusion-flex-justify-content-flex-start fusion-content-layout-column\"><\/div><\/div><div class=\"fusion-layout-column fusion_builder_column fusion-builder-column-34 fusion_builder_column_1_2 1_2 fusion-flex-column\" style=\"--awb-bg-size:cover;--awb-width-large:50%;--awb-margin-top-large:0px;--awb-spacing-right-large:3.84%;--awb-margin-bottom-large:20px;--awb-spacing-left-large:3.84%;--awb-width-medium:50%;--awb-order-medium:0;--awb-spacing-right-medium:3.84%;--awb-spacing-left-medium:3.84%;--awb-width-small:100%;--awb-order-small:0;--awb-spacing-right-small:1.92%;--awb-spacing-left-small:1.92%;\"><div class=\"fusion-column-wrapper fusion-column-has-shadow fusion-flex-justify-content-center fusion-content-layout-row fusion-flex-align-items-center\"><div class=\"fusion-image-element awb-imageframe-style awb-imageframe-style-below awb-imageframe-style-14\" style=\"text-align:right;--awb-margin-bottom:50px;--awb-caption-text-size:14px;--awb-caption-title-font-family:var(--body_typography-font-family);--awb-caption-title-font-weight:var(--body_typography-font-weight);--awb-caption-title-font-style:var(--body_typography-font-style);--awb-caption-title-size:14px;--awb-caption-title-transform:var(--body_typography-text-transform);--awb-caption-title-line-height:var(--body_typography-line-height);--awb-caption-title-letter-spacing:var(--body_typography-letter-spacing);\"><span class=\" fusion-imageframe imageframe-none imageframe-14 hover-type-none zoooom\"><img decoding=\"async\" width=\"2560\" height=\"2057\" title=\"Ernst-Ludwig-Kirchner-Fehmarnh\u00e4user-1908-SMB\" src=\"https:\/\/kunst-raub-rueckgabe.de\/wp-content\/uploads\/2024\/05\/Ernst-Ludwig-Kirchner-Fehmarnhaeuser-1908-SMB-scaled.jpg\" alt class=\"img-responsive wp-image-4693\" srcset=\"https:\/\/kunst-raub-rueckgabe.de\/wp-content\/uploads\/2024\/05\/Ernst-Ludwig-Kirchner-Fehmarnhaeuser-1908-SMB-200x161.jpg 200w, https:\/\/kunst-raub-rueckgabe.de\/wp-content\/uploads\/2024\/05\/Ernst-Ludwig-Kirchner-Fehmarnhaeuser-1908-SMB-400x321.jpg 400w, https:\/\/kunst-raub-rueckgabe.de\/wp-content\/uploads\/2024\/05\/Ernst-Ludwig-Kirchner-Fehmarnhaeuser-1908-SMB-600x482.jpg 600w, https:\/\/kunst-raub-rueckgabe.de\/wp-content\/uploads\/2024\/05\/Ernst-Ludwig-Kirchner-Fehmarnhaeuser-1908-SMB-800x643.jpg 800w, https:\/\/kunst-raub-rueckgabe.de\/wp-content\/uploads\/2024\/05\/Ernst-Ludwig-Kirchner-Fehmarnhaeuser-1908-SMB-1200x964.jpg 1200w, https:\/\/kunst-raub-rueckgabe.de\/wp-content\/uploads\/2024\/05\/Ernst-Ludwig-Kirchner-Fehmarnhaeuser-1908-SMB-scaled.jpg 2560w\" sizes=\"(max-width: 640px) 100vw, 800px\" \/><\/span><div class=\"awb-imageframe-caption-container\" style=\"text-align:left;\"><div class=\"awb-imageframe-caption\"><div class=\"awb-imageframe-caption-title\">Ernst Ludwig Kirchner: Fehmarnh\u00e4user mit gro\u00dfem Baum, Druck, 1908. Restituiert 2017, zur Erinnerung an Eugen Buchthal erworben f\u00fcr das Kupferstichkabinett.<\/div><p class=\"awb-imageframe-caption-text\">Staatliche Museen zu Berlin, Kupferstichkabinett \/ J\u00f6rg P. Anders. Public Domain Mark 1.0 \ud83d\udd0d \u00dcber das Bild mit der Maus fahren, um zu vergr\u00f6\u00dfern <\/p><\/div><\/div><\/div><\/div><\/div><div class=\"fusion-layout-column fusion_builder_column fusion-builder-column-35 awb-sticky awb-sticky-small awb-sticky-medium awb-sticky-large fusion_builder_column_1_2 1_2 fusion-flex-column\" style=\"--awb-bg-size:cover;--awb-width-large:50%;--awb-margin-top-large:0px;--awb-spacing-right-large:3.84%;--awb-margin-bottom-large:0px;--awb-spacing-left-large:3.84%;--awb-width-medium:50%;--awb-order-medium:0;--awb-spacing-right-medium:3.84%;--awb-spacing-left-medium:3.84%;--awb-width-small:100%;--awb-order-small:0;--awb-spacing-right-small:1.92%;--awb-spacing-left-small:1.92%;--awb-sticky-offset:20px;\"><div class=\"fusion-column-wrapper fusion-column-has-shadow fusion-flex-justify-content-flex-start fusion-content-layout-column\"><div class=\"fusion-text fusion-text-20\"><h3>Restitution und R\u00fcckkauf<\/h3>\n<p>Neun Werke aus der Sammlung Buchthal verbleiben nach der Beschlagnahme im Berliner Kupferstichkabinett: Druckgrafiken von Erich Heckel, Wilhelm Lehmbruck, Paula Modersohn-Becker, Emil Nolde, Otto M\u00fcller und Ernst Ludwig Kirchner. 2017 restituiert die Stiftung Preu\u00dfischer Kulturbesitz, zu der das Kupferstichkabinett der Staatlichen Museen zu Berlin geh\u00f6rt, die neun Werke an die Erben.<\/p>\n<p>Eines der Bl\u00e4tter, die Radierung \u201eFehmarnh\u00e4user mit gro\u00dfem Baum\u201c von Ernst Ludwig Kirchner, kann die Stiftung Preu\u00dfischer Kulturbesitz f\u00fcr das Kupferstichkabinett kaufen.<\/p>\n<\/div><\/div><\/div><\/div><\/div><div class=\"fusion-fullwidth fullwidth-box fusion-builder-row-20 fusion-flex-container has-pattern-background has-mask-background nonhundred-percent-fullwidth non-hundred-percent-height-scrolling Restitution\" style=\"--awb-border-radius-top-left:0px;--awb-border-radius-top-right:0px;--awb-border-radius-bottom-right:0px;--awb-border-radius-bottom-left:0px;--awb-padding-top:50px;--awb-padding-bottom:50px;--awb-padding-top-small:25px;--awb-padding-bottom-small:25px;--awb-margin-top:0px;--awb-margin-bottom:0px;--awb-background-color:var(--awb-color3);--awb-flex-wrap:wrap;\" ><div class=\"fusion-builder-row fusion-row fusion-flex-align-items-flex-start fusion-flex-content-wrap\" style=\"max-width:1497.6px;margin-left: calc(-4% \/ 2 );margin-right: calc(-4% \/ 2 );\"><div class=\"fusion-layout-column fusion_builder_column fusion-builder-column-36 fusion_builder_column_1_1 1_1 fusion-flex-column\" style=\"--awb-bg-size:cover;--awb-width-large:100%;--awb-margin-top-large:100px;--awb-spacing-right-large:1.92%;--awb-margin-bottom-large:140px;--awb-spacing-left-large:1.92%;--awb-width-medium:100%;--awb-order-medium:0;--awb-spacing-right-medium:1.92%;--awb-spacing-left-medium:1.92%;--awb-width-small:100%;--awb-order-small:0;--awb-spacing-right-small:1.92%;--awb-spacing-left-small:1.92%;\"><div class=\"fusion-column-wrapper fusion-column-has-shadow fusion-flex-justify-content-flex-start fusion-content-layout-column\"><\/div><\/div><div class=\"fusion-layout-column fusion_builder_column fusion-builder-column-37 fusion_builder_column_1_2 1_2 fusion-flex-column\" style=\"--awb-bg-size:cover;--awb-width-large:50%;--awb-margin-top-large:0px;--awb-spacing-right-large:3.84%;--awb-margin-bottom-large:20px;--awb-spacing-left-large:3.84%;--awb-width-medium:50%;--awb-order-medium:0;--awb-spacing-right-medium:3.84%;--awb-spacing-left-medium:3.84%;--awb-width-small:100%;--awb-order-small:0;--awb-spacing-right-small:1.92%;--awb-spacing-left-small:1.92%;\"><div class=\"fusion-column-wrapper fusion-column-has-shadow fusion-flex-justify-content-center fusion-content-layout-row fusion-flex-align-items-center\"><div class=\"fusion-image-element awb-imageframe-style awb-imageframe-style-below awb-imageframe-style-15\" style=\"text-align:right;--awb-margin-bottom:50px;--awb-caption-text-size:14px;--awb-caption-margin-top:10px;--awb-caption-margin-bottom:20px;--awb-caption-title-font-family:var(--body_typography-font-family);--awb-caption-title-font-weight:var(--body_typography-font-weight);--awb-caption-title-font-style:var(--body_typography-font-style);--awb-caption-title-size:14px;--awb-caption-title-transform:var(--body_typography-text-transform);--awb-caption-title-line-height:var(--body_typography-line-height);--awb-caption-title-letter-spacing:var(--body_typography-letter-spacing);\"><span class=\" fusion-imageframe imageframe-none imageframe-15 hover-type-none\"><img decoding=\"async\" width=\"2560\" height=\"1533\" title=\"Fr\u00e4nzi liegend\" src=\"https:\/\/kunst-raub-rueckgabe.de\/wp-content\/uploads\/2024\/09\/Erich-Heckel-Fraenzi-Liegend-Staedel-bpk70713303-scaled.jpg\" alt class=\"img-responsive wp-image-5802\" srcset=\"https:\/\/kunst-raub-rueckgabe.de\/wp-content\/uploads\/2024\/09\/Erich-Heckel-Fraenzi-Liegend-Staedel-bpk70713303-200x120.jpg 200w, https:\/\/kunst-raub-rueckgabe.de\/wp-content\/uploads\/2024\/09\/Erich-Heckel-Fraenzi-Liegend-Staedel-bpk70713303-400x240.jpg 400w, https:\/\/kunst-raub-rueckgabe.de\/wp-content\/uploads\/2024\/09\/Erich-Heckel-Fraenzi-Liegend-Staedel-bpk70713303-600x359.jpg 600w, https:\/\/kunst-raub-rueckgabe.de\/wp-content\/uploads\/2024\/09\/Erich-Heckel-Fraenzi-Liegend-Staedel-bpk70713303-800x479.jpg 800w, https:\/\/kunst-raub-rueckgabe.de\/wp-content\/uploads\/2024\/09\/Erich-Heckel-Fraenzi-Liegend-Staedel-bpk70713303-1200x719.jpg 1200w, https:\/\/kunst-raub-rueckgabe.de\/wp-content\/uploads\/2024\/09\/Erich-Heckel-Fraenzi-Liegend-Staedel-bpk70713303-scaled.jpg 2560w\" sizes=\"(max-width: 640px) 100vw, 800px\" \/><\/span><div class=\"awb-imageframe-caption-container\" style=\"text-align:left;\"><div class=\"awb-imageframe-caption\"><div class=\"awb-imageframe-caption-title\">Erich Heckel: Fr\u00e4nzi liegend, 1910. 2017 an die Erben nach Eugen Buchthal restituiert und f\u00fcr das St\u00e4del Museum wiedererworben.<\/div><p class=\"awb-imageframe-caption-text\">bpk \/ St\u00e4del Museum \u00a9 VG Bild-Kunst, Bonn 2024 <\/p><\/div><\/div><\/div><\/div><\/div><div class=\"fusion-layout-column fusion_builder_column fusion-builder-column-38 awb-sticky awb-sticky-small awb-sticky-medium awb-sticky-large fusion_builder_column_1_2 1_2 fusion-flex-column\" style=\"--awb-bg-size:cover;--awb-width-large:50%;--awb-margin-top-large:0px;--awb-spacing-right-large:3.84%;--awb-margin-bottom-large:0px;--awb-spacing-left-large:3.84%;--awb-width-medium:50%;--awb-order-medium:0;--awb-spacing-right-medium:3.84%;--awb-spacing-left-medium:3.84%;--awb-width-small:100%;--awb-order-small:0;--awb-spacing-right-small:1.92%;--awb-spacing-left-small:1.92%;--awb-sticky-offset:20px;\"><div class=\"fusion-column-wrapper fusion-column-has-shadow fusion-flex-justify-content-flex-start fusion-content-layout-column\"><div class=\"fusion-text fusion-text-21\"><h3>Weitere Restitutionen<\/h3>\n<p>Auch das St\u00e4del Museum in Frankfurt am Main und die Stadt K\u00f6ln geben in den Jahren 2017 und 2019 Druckgrafiken aus der Sammlung Buchthal an die Erben zur\u00fcck. Der Farbholzschnitt \u201eFr\u00e4nzi liegend\u201c von Erich Heckel wird f\u00fcr das St\u00e4del wiedererworben.<\/p>\n<p>In der Lost Art-Datenbank des Deutschen Zentrums f\u00fcr Kulturgutverluste sind unter dem Stichwort Eugen und Therese Buchthal noch Suchmeldungen f\u00fcr 141 Kunstwerke verzeichnet.<\/p>\n<\/div><\/div><\/div><\/div><\/div><div class=\"fusion-fullwidth fullwidth-box fusion-builder-row-21 fusion-flex-container has-pattern-background has-mask-background nonhundred-percent-fullwidth non-hundred-percent-height-scrolling fusion-custom-z-index\" style=\"--awb-border-radius-top-left:0px;--awb-border-radius-top-right:0px;--awb-border-radius-bottom-right:0px;--awb-border-radius-bottom-left:0px;--awb-z-index:1000;--awb-padding-top:50px;--awb-padding-bottom:50px;--awb-margin-top:0px;--awb-margin-bottom:0px;--awb-background-color:var(--awb-color1);--awb-flex-wrap:wrap;\" ><div class=\"fusion-builder-row fusion-row fusion-flex-align-items-flex-start fusion-flex-justify-content-center fusion-flex-content-wrap\" style=\"max-width:1497.6px;margin-left: calc(-4% \/ 2 );margin-right: calc(-4% \/ 2 );\"><div class=\"fusion-layout-column fusion_builder_column fusion-builder-column-39 fusion_builder_column_1_1 1_1 fusion-flex-column\" style=\"--awb-bg-size:cover;--awb-width-large:100%;--awb-margin-top-large:0px;--awb-spacing-right-large:1.92%;--awb-margin-bottom-large:100px;--awb-spacing-left-large:1.92%;--awb-width-medium:100%;--awb-order-medium:0;--awb-spacing-right-medium:1.92%;--awb-spacing-left-medium:1.92%;--awb-width-small:100%;--awb-order-small:0;--awb-spacing-right-small:1.92%;--awb-spacing-left-small:1.92%;\"><div class=\"fusion-column-wrapper fusion-column-has-shadow fusion-flex-justify-content-flex-start fusion-content-layout-column\"><div class=\"fusion-title title fusion-title-6 fusion-sep-none fusion-title-center fusion-title-text fusion-title-size-two\" style=\"--awb-margin-top-small:10px;--awb-margin-right-small:0px;--awb-margin-bottom-small:10px;--awb-margin-left-small:0px;\"><h2 class=\"fusion-title-heading title-heading-center sm-text-align-left fusion-responsive-typography-calculated\" style=\"margin:0;--fontSize:40;line-height:var(--awb-typography1-line-height);\">Beitrag des rbb \u00fcber Thea und Eugen Buchthal<\/h2><\/div><\/div><\/div><div class=\"fusion-layout-column fusion_builder_column fusion-builder-column-40 fusion_builder_column_1_1 1_1 fusion-flex-column\" style=\"--awb-bg-size:cover;--awb-width-large:100%;--awb-margin-top-large:0px;--awb-spacing-right-large:1.92%;--awb-margin-bottom-large:0px;--awb-spacing-left-large:1.92%;--awb-width-medium:100%;--awb-order-medium:0;--awb-spacing-right-medium:1.92%;--awb-spacing-left-medium:1.92%;--awb-width-small:100%;--awb-order-small:0;--awb-spacing-right-small:1.92%;--awb-spacing-left-small:1.92%;\"><div class=\"fusion-column-wrapper fusion-column-has-shadow fusion-flex-justify-content-flex-start fusion-content-layout-column\"><div class=\"fusion-video fusion-vimeo\" style=\"--awb-max-width:1280px;--awb-max-height:720px;--awb-margin-top:0px;--awb-margin-bottom:0px;\"><div class=\"video-shortcode\"><div class=\"fluid-width-video-wrapper\" style=\"padding-top:56.25%;\" ><iframe data-privacy-type=\"vimeo\" src=\"\" class=\"fusion-hidden lazyload\" title=\"Vimeo video player 1\" data-privacy-src=\"https:\/\/player.vimeo.com\/video\/953080145?autoplay=0&amp;rel=0&amp;byline=0&amp;portrait=0&amp;autopause=0\" data-orig-src=\"https:\/\/player.vimeo.com\/video\/953080145?autoplay=0&amp;rel=0&amp;byline=0&amp;portrait=0&amp;autopause=0\" width=\"1280\" height=\"720\" allowfullscreen allow=\"autoplay; fullscreen\"><\/iframe><div class=\"fusion-privacy-placeholder\" style=\"width:1280px; height:720px;\" data-privacy-type=\"vimeo\"><div class=\"fusion-privacy-placeholder-content\"><div class=\"fusion-privacy-label\">For privacy reasons Vimeo needs your permission to be loaded.<\/div><button data-privacy-type=\"vimeo\" class=\"fusion-button button-default fusion-button-default-size button fusion-privacy-consent\">I Accept<\/button><\/div><\/div><\/div><\/div><\/div><\/div><\/div><\/div><\/div><div class=\"fusion-fullwidth fullwidth-box fusion-builder-row-22 fusion-flex-container has-pattern-background has-mask-background nonhundred-percent-fullwidth non-hundred-percent-height-scrolling fusion-custom-z-index\" style=\"--link_hover_color: var(--awb-color5);--awb-border-radius-top-left:0px;--awb-border-radius-top-right:0px;--awb-border-radius-bottom-right:0px;--awb-border-radius-bottom-left:0px;--awb-z-index:100;--awb-padding-top:50px;--awb-padding-bottom:50px;--awb-margin-top:0px;--awb-margin-bottom:0px;--awb-background-color:var(--awb-color1);--awb-flex-wrap:wrap;\" ><div class=\"fusion-builder-row fusion-row fusion-flex-align-items-flex-start fusion-flex-content-wrap\" style=\"max-width:1497.6px;margin-left: calc(-4% \/ 2 );margin-right: calc(-4% \/ 2 );\"><div class=\"fusion-layout-column fusion_builder_column fusion-builder-column-41 awb-sticky awb-sticky-medium awb-sticky-large fusion_builder_column_2_3 2_3 fusion-flex-column\" style=\"--awb-bg-size:cover;--awb-width-large:66.666666666667%;--awb-margin-top-large:0px;--awb-spacing-right-large:2.88%;--awb-margin-bottom-large:0px;--awb-spacing-left-large:2.88%;--awb-width-medium:66.666666666667%;--awb-order-medium:0;--awb-spacing-right-medium:2.88%;--awb-spacing-left-medium:2.88%;--awb-width-small:100%;--awb-order-small:0;--awb-spacing-right-small:1.92%;--awb-spacing-left-small:1.92%;--awb-sticky-offset:20px;\"><div class=\"fusion-column-wrapper fusion-column-has-shadow fusion-flex-justify-content-flex-start fusion-content-layout-column\"><div class=\"fusion-title title fusion-title-7 fusion-sep-none fusion-title-text fusion-title-size-two kein-inhalt\" style=\"--awb-margin-top-small:10px;--awb-margin-right-small:0px;--awb-margin-bottom-small:10px;--awb-margin-left-small:0px;\"><h2 class=\"fusion-title-heading title-heading-left fusion-responsive-typography-calculated\" style=\"margin:0;--fontSize:40;line-height:var(--awb-typography1-line-height);\"><h2 class=\"fusion-responsive-typography-calculated\" data-fontsize=\"40\" data-lineheight=\"48px\">Weitere Links<\/h2><\/h2><\/div><div class=\"fusion-text fusion-text-22\"><p><a href=\"https:\/\/www.proveana.de\/de\/link\/act00000871\" target=\"_blank\" rel=\"noopener\">Eintrag auf Proveana \u2192<\/a><\/p>\n<p><a href=\"https:\/\/www.preussischer-kulturbesitz.de\/pressemitteilung\/artikel\/2017\/08\/15\/stiftung-preussischer-kulturbesitz-restituiert-werke-aus-der-sammlung-buchthal-1.html\" target=\"_blank\" rel=\"noopener\">Pressemitteilung der Stiftung Preu\u00dfischer Kulturbesitz, 15. August 2017 \u2192<\/a><\/p>\n<p><a href=\"https:\/\/www.nachrichtenleicht.de\/kunst-zurueck-gegeben-100.html\" target=\"_blank\" rel=\"noopener\">Nachricht zur Restitution in leichter Sprache \u2192<\/a><\/p>\n<\/div><\/div><\/div><\/div><\/div><\/p>\n","protected":false},"excerpt":{"rendered":"","protected":false},"author":6,"featured_media":5805,"menu_order":0,"comment_status":"closed","ping_status":"closed","template":"","format":"standard","meta":{"_acf_changed":false,"inline_featured_image":false,"footnotes":""},"portfolio_category":[],"portfolio_skills":[],"portfolio_tags":[],"class_list":["post-4687","avada_portfolio","type-avada_portfolio","status-publish","format-standard","has-post-thumbnail","hentry"],"acf":[],"_links":{"self":[{"href":"https:\/\/kunst-raub-rueckgabe.de\/en\/wp-json\/wp\/v2\/avada_portfolio\/4687","targetHints":{"allow":["GET"]}}],"collection":[{"href":"https:\/\/kunst-raub-rueckgabe.de\/en\/wp-json\/wp\/v2\/avada_portfolio"}],"about":[{"href":"https:\/\/kunst-raub-rueckgabe.de\/en\/wp-json\/wp\/v2\/types\/avada_portfolio"}],"author":[{"embeddable":true,"href":"https:\/\/kunst-raub-rueckgabe.de\/en\/wp-json\/wp\/v2\/users\/6"}],"replies":[{"embeddable":true,"href":"https:\/\/kunst-raub-rueckgabe.de\/en\/wp-json\/wp\/v2\/comments?post=4687"}],"version-history":[{"count":56,"href":"https:\/\/kunst-raub-rueckgabe.de\/en\/wp-json\/wp\/v2\/avada_portfolio\/4687\/revisions"}],"predecessor-version":[{"id":6881,"href":"https:\/\/kunst-raub-rueckgabe.de\/en\/wp-json\/wp\/v2\/avada_portfolio\/4687\/revisions\/6881"}],"wp:featuredmedia":[{"embeddable":true,"href":"https:\/\/kunst-raub-rueckgabe.de\/en\/wp-json\/wp\/v2\/media\/5805"}],"wp:attachment":[{"href":"https:\/\/kunst-raub-rueckgabe.de\/en\/wp-json\/wp\/v2\/media?parent=4687"}],"wp:term":[{"taxonomy":"portfolio_category","embeddable":true,"href":"https:\/\/kunst-raub-rueckgabe.de\/en\/wp-json\/wp\/v2\/portfolio_category?post=4687"},{"taxonomy":"portfolio_skills","embeddable":true,"href":"https:\/\/kunst-raub-rueckgabe.de\/en\/wp-json\/wp\/v2\/portfolio_skills?post=4687"},{"taxonomy":"portfolio_tags","embeddable":true,"href":"https:\/\/kunst-raub-rueckgabe.de\/en\/wp-json\/wp\/v2\/portfolio_tags?post=4687"}],"curies":[{"name":"wp","href":"https:\/\/api.w.org\/{rel}","templated":true}]}}