{"id":5502,"date":"2024-08-30T14:57:30","date_gmt":"2024-08-30T12:57:30","guid":{"rendered":"https:\/\/kunst-raub-rueckgabe.de\/?post_type=avada_portfolio&#038;p=5502"},"modified":"2025-06-30T13:01:30","modified_gmt":"2025-06-30T11:01:30","slug":"bleichroeder","status":"publish","type":"avada_portfolio","link":"https:\/\/kunst-raub-rueckgabe.de\/en\/biografie\/bleichroeder\/","title":{"rendered":"An Eccentric from an Esteemed Family"},"content":{"rendered":"<p><div class=\"fusion-fullwidth fullwidth-box fusion-builder-row-1 fusion-flex-container has-pattern-background has-mask-background nonhundred-percent-fullwidth non-hundred-percent-height-scrolling\" style=\"--awb-border-radius-top-left:0px;--awb-border-radius-top-right:0px;--awb-border-radius-bottom-right:0px;--awb-border-radius-bottom-left:0px;--awb-padding-top:21px;--awb-flex-wrap:wrap;\" ><div class=\"fusion-builder-row fusion-row fusion-flex-align-items-flex-start fusion-flex-content-wrap\" style=\"max-width:1497.6px;margin-left: calc(-4% \/ 2 );margin-right: calc(-4% \/ 2 );\"><div class=\"fusion-layout-column fusion_builder_column fusion-builder-column-0 fusion_builder_column_1_1 1_1 fusion-flex-column\" style=\"--awb-bg-size:cover;--awb-width-large:100%;--awb-margin-top-large:0px;--awb-spacing-right-large:1.92%;--awb-margin-bottom-large:20px;--awb-spacing-left-large:1.92%;--awb-width-medium:100%;--awb-order-medium:0;--awb-spacing-right-medium:1.92%;--awb-spacing-left-medium:1.92%;--awb-width-small:100%;--awb-order-small:0;--awb-spacing-right-small:1.92%;--awb-spacing-left-small:1.92%;\"><div class=\"fusion-column-wrapper fusion-column-has-shadow fusion-flex-justify-content-flex-start fusion-content-layout-column\"><div class=\"fusion-title title fusion-title-1 fusion-sep-none fusion-title-center fusion-title-text fusion-title-size-two\" style=\"--awb-margin-top-small:10px;--awb-margin-right-small:0px;--awb-margin-bottom-small:10px;--awb-margin-left-small:0px;\"><h2 class=\"fusion-title-heading title-heading-center fusion-responsive-typography-calculated\" style=\"margin:0;--fontSize:40;line-height:var(--awb-typography1-line-height);\">Idylle in Bayern<\/h2><\/div><\/div><\/div><\/div><\/div><div class=\"fusion-fullwidth fullwidth-box fusion-builder-row-2 fusion-flex-container has-pattern-background has-mask-background nonhundred-percent-fullwidth non-hundred-percent-height-scrolling\" style=\"--awb-border-radius-top-left:0px;--awb-border-radius-top-right:0px;--awb-border-radius-bottom-right:0px;--awb-border-radius-bottom-left:0px;--awb-padding-top:50px;--awb-padding-bottom:50px;--awb-padding-top-small:25px;--awb-padding-bottom-small:25px;--awb-margin-top:0px;--awb-margin-bottom:0px;--awb-flex-wrap:wrap;\" ><div class=\"fusion-builder-row fusion-row fusion-flex-align-items-flex-start fusion-flex-content-wrap\" style=\"max-width:1497.6px;margin-left: calc(-4% \/ 2 );margin-right: calc(-4% \/ 2 );\"><div class=\"fusion-layout-column fusion_builder_column fusion-builder-column-1 fusion_builder_column_1_2 1_2 fusion-flex-column\" style=\"--awb-bg-size:cover;--awb-width-large:50%;--awb-margin-top-large:0px;--awb-spacing-right-large:3.84%;--awb-margin-bottom-large:0px;--awb-spacing-left-large:3.84%;--awb-width-medium:50%;--awb-order-medium:0;--awb-spacing-right-medium:3.84%;--awb-spacing-left-medium:3.84%;--awb-width-small:100%;--awb-order-small:1;--awb-spacing-right-small:1.92%;--awb-spacing-left-small:1.92%;\"><div class=\"fusion-column-wrapper fusion-column-has-shadow fusion-flex-justify-content-flex-start fusion-content-layout-column\"><div class=\"fusion-image-before-after-wrapper fusion-image-before-after-horizontal type-before-after hover-type-together fusion-image-before-after-wrapper-1\" style=\"--awb-handle-color:var(--awb-color2);--awb-font-size:14px;--awb-bordersize:0px;--awb-accent-color-bg:hsla(var(--awb-color1-h),var(--awb-color1-s),var(--awb-color1-l),calc(var(--awb-color1-a) - 85%));--awb-transition-time:0.5s;\"><div class=\"fusion-image-before-after-element fusion-image-before-after fusion-image-before-after-container fusion-image-before-after-1\" data-offset=\"0.5\" data-orientation=\"horizontal\" data-move-with-handle-only=\"true\" data-click-to-move=\"true\"><img decoding=\"async\" class=\"fusion-image-before-after-before\" src=\"https:\/\/kunst-raub-rueckgabe.de\/wp-content\/uploads\/2024\/08\/01-Hirschbergamhaarsee1912-1-e1725978437378.jpg\" width=\"1003\" height=\"757\"><img decoding=\"async\" alt=\"Farbfotografie. Ansicht Schloss Hirschberg\" class=\"fusion-image-before-after-after\" src=\"https:\/\/kunst-raub-rueckgabe.de\/wp-content\/uploads\/2024\/08\/02-Schloss_Hirschberg_am_Haarsee-heute.jpg\" width=\"2048\" height=\"1536\"><div class=\"fusion-image-before-after-handle fusion-image-before-after-handle-arrows\"><span class=\"fusion-image-before-after-left-arrow\"><\/span><span class=\"fusion-image-before-after-right-arrow\"><\/span><\/div><\/div><\/div><div class=\"fusion-text fusion-text-1\" style=\"--awb-font-size:var(--awb-typography5-font-size);--awb-line-height:var(--awb-typography5-line-height);--awb-letter-spacing:var(--awb-typography5-letter-spacing);--awb-text-transform:var(--awb-typography5-text-transform);--awb-text-font-family:var(--awb-typography5-font-family);--awb-text-font-weight:var(--awb-typography5-font-weight);--awb-text-font-style:var(--awb-typography5-font-style);\"><p>Schloss Hirschberg bei Weilheim 1912 und heute.<br \/>\n<span style=\"color: var(--awb-text-color); font-family: var(--awb-text-font-family); font-size: var(--awb-font-size); font-style: var(--awb-text-font-style); font-weight: var(--awb-text-font-weight); letter-spacing: var(--awb-letter-spacing); text-align: var(--awb-content-alignment); text-transform: var(--awb-text-transform); background-color: var(--awb-bg-color-medium-hover);\">Gemeinfrei via Wikimedia Commons \/ Gras-Ober Wikimedia Commons <\/span><a class=\"external text\" style=\"font-family: var(--awb-text-font-family); font-size: var(--awb-font-size); font-style: var(--awb-text-font-style); font-weight: var(--awb-text-font-weight); letter-spacing: var(--awb-letter-spacing); text-align: var(--awb-content-alignment); text-transform: var(--awb-text-transform); background-color: var(--awb-bg-color-medium-hover);\" href=\"https:\/\/creativecommons.org\/licenses\/by-sa\/3.0\/\" rel=\"nofollow noopener\" target=\"_blank\">cc-by-sa-3.0<\/a><\/p>\n<\/div><\/div><\/div><div class=\"fusion-layout-column fusion_builder_column fusion-builder-column-2 fusion_builder_column_1_2 1_2 fusion-flex-column\" style=\"--awb-bg-size:cover;--awb-width-large:50%;--awb-margin-top-large:0px;--awb-spacing-right-large:3.84%;--awb-margin-bottom-large:20px;--awb-spacing-left-large:3.84%;--awb-width-medium:50%;--awb-order-medium:0;--awb-spacing-right-medium:3.84%;--awb-spacing-left-medium:3.84%;--awb-width-small:100%;--awb-order-small:0;--awb-spacing-right-small:1.92%;--awb-spacing-left-small:1.92%;\"><div class=\"fusion-column-wrapper fusion-column-has-shadow fusion-flex-justify-content-flex-start fusion-content-layout-column\"><div class=\"fusion-title title fusion-title-2 fusion-sep-none fusion-title-text fusion-title-size-three\" style=\"--awb-margin-top-small:10px;--awb-margin-right-small:0px;--awb-margin-bottom-small:10px;--awb-margin-left-small:0px;\"><h3 class=\"fusion-title-heading title-heading-left fusion-responsive-typography-calculated\" style=\"margin:0;--fontSize:32;line-height:var(--awb-typography1-line-height);\"><\/h3><\/div><div class=\"fusion-text fusion-text-2\"><p>Eine knappe Stunde von M\u00fcnchen entfernt kann man noch heute das Schloss Hirschberg am Haarsee bestaunen. Malerisch sch\u00f6n thront es seit 1909 in der idyllischen Natur. \u201eDas Schlo\u00df ist ein Prachtbau und bildet eine Zierde der ganzen Gegend\u201c schw\u00e4rmt das Weilheimer Tageblatt kurz nach der Fertigstellung. In seiner turbulenten Geschichte war es so manchem Adeligen ein willkommener Wohn- und R\u00fcckzugsort fernab dem Trubel der Stadt. So auch dem Kunstsammler und M\u00e4zen James von Bleichr\u00f6der.<\/p>\n<\/div><\/div><\/div><\/div><\/div><div class=\"fusion-fullwidth fullwidth-box fusion-builder-row-3 fusion-flex-container has-pattern-background has-mask-background nonhundred-percent-fullwidth non-hundred-percent-height-scrolling\" style=\"--awb-border-radius-top-left:0px;--awb-border-radius-top-right:0px;--awb-border-radius-bottom-right:0px;--awb-border-radius-bottom-left:0px;--awb-padding-top:60px;--awb-flex-wrap:wrap;\" ><div class=\"fusion-builder-row fusion-row fusion-flex-align-items-flex-start fusion-flex-content-wrap\" style=\"max-width:1497.6px;margin-left: calc(-4% \/ 2 );margin-right: calc(-4% \/ 2 );\"><div class=\"fusion-layout-column fusion_builder_column fusion-builder-column-3 fusion_builder_column_1_1 1_1 fusion-flex-column\" style=\"--awb-bg-size:cover;--awb-width-large:100%;--awb-margin-top-large:0px;--awb-spacing-right-large:1.92%;--awb-margin-bottom-large:20px;--awb-spacing-left-large:1.92%;--awb-width-medium:100%;--awb-order-medium:0;--awb-spacing-right-medium:1.92%;--awb-spacing-left-medium:1.92%;--awb-width-small:100%;--awb-order-small:0;--awb-spacing-right-small:1.92%;--awb-spacing-left-small:1.92%;\"><div class=\"fusion-column-wrapper fusion-column-has-shadow fusion-flex-justify-content-flex-start fusion-content-layout-column\"><div class=\"fusion-title title fusion-title-3 fusion-sep-none fusion-title-center fusion-title-text fusion-title-size-two\" style=\"--awb-margin-top-small:10px;--awb-margin-right-small:0px;--awb-margin-bottom-small:10px;--awb-margin-left-small:0px;\"><h2 class=\"fusion-title-heading title-heading-center fusion-responsive-typography-calculated\" style=\"margin:0;--fontSize:40;line-height:var(--awb-typography1-line-height);\">Das Bankhaus Bleichr\u00f6der<\/h2><\/div><\/div><\/div><\/div><\/div><div class=\"fusion-fullwidth fullwidth-box fusion-builder-row-4 fusion-flex-container has-pattern-background has-mask-background nonhundred-percent-fullwidth non-hundred-percent-height-scrolling\" style=\"--awb-border-radius-top-left:0px;--awb-border-radius-top-right:0px;--awb-border-radius-bottom-right:0px;--awb-border-radius-bottom-left:0px;--awb-padding-top:50px;--awb-padding-bottom:50px;--awb-padding-top-small:25px;--awb-padding-bottom-small:25px;--awb-margin-top:0px;--awb-margin-bottom:0px;--awb-flex-wrap:wrap;\" ><div class=\"fusion-builder-row fusion-row fusion-flex-align-items-flex-start fusion-flex-content-wrap\" style=\"max-width:1497.6px;margin-left: calc(-4% \/ 2 );margin-right: calc(-4% \/ 2 );\"><div class=\"fusion-layout-column fusion_builder_column fusion-builder-column-4 fusion_builder_column_1_2 1_2 fusion-flex-column\" style=\"--awb-padding-top:10px;--awb-bg-size:cover;--awb-width-large:50%;--awb-margin-top-large:0px;--awb-spacing-right-large:3.84%;--awb-margin-bottom-large:20px;--awb-spacing-left-large:3.84%;--awb-width-medium:50%;--awb-order-medium:0;--awb-spacing-right-medium:3.84%;--awb-spacing-left-medium:3.84%;--awb-width-small:100%;--awb-order-small:0;--awb-spacing-right-small:1.92%;--awb-margin-bottom-small:50px;--awb-spacing-left-small:1.92%;\"><div class=\"fusion-column-wrapper fusion-column-has-shadow fusion-flex-justify-content-flex-start fusion-content-layout-column\"><div class=\"fusion-image-element awb-imageframe-style awb-imageframe-style-below awb-imageframe-style-1\" style=\"--awb-caption-title-font-family:var(--body_typography-font-family);--awb-caption-title-font-weight:var(--body_typography-font-weight);--awb-caption-title-font-style:var(--body_typography-font-style);--awb-caption-title-size:var(--body_typography-font-size);--awb-caption-title-transform:var(--body_typography-text-transform);--awb-caption-title-line-height:var(--body_typography-line-height);--awb-caption-title-letter-spacing:var(--body_typography-letter-spacing);\"><span class=\" fusion-imageframe imageframe-none imageframe-1 hover-type-none\"><img decoding=\"async\" width=\"1191\" height=\"1532\" alt=\"Schwarzwei\u00dffotografie. Portr\u00e4t Gerson von Bleichr\u00f6der, \u00e4lterer Herr mit Backenbart\" title=\"03 Gerson_von_Bleichr\u00f6der_by_Wauters\" src=\"https:\/\/kunst-raub-rueckgabe.de\/wp-content\/uploads\/2024\/08\/03-Gerson_von_Bleichroeder_by_Wauters.jpg\" class=\"img-responsive wp-image-5504\" srcset=\"https:\/\/kunst-raub-rueckgabe.de\/wp-content\/uploads\/2024\/08\/03-Gerson_von_Bleichroeder_by_Wauters-200x257.jpg 200w, https:\/\/kunst-raub-rueckgabe.de\/wp-content\/uploads\/2024\/08\/03-Gerson_von_Bleichroeder_by_Wauters-400x515.jpg 400w, https:\/\/kunst-raub-rueckgabe.de\/wp-content\/uploads\/2024\/08\/03-Gerson_von_Bleichroeder_by_Wauters-600x772.jpg 600w, https:\/\/kunst-raub-rueckgabe.de\/wp-content\/uploads\/2024\/08\/03-Gerson_von_Bleichroeder_by_Wauters-800x1029.jpg 800w, https:\/\/kunst-raub-rueckgabe.de\/wp-content\/uploads\/2024\/08\/03-Gerson_von_Bleichroeder_by_Wauters.jpg 1191w\" sizes=\"(max-width: 640px) 100vw, 800px\" \/><\/span><div class=\"awb-imageframe-caption-container\"><div class=\"awb-imageframe-caption\"><div class=\"awb-imageframe-caption-title\">Der Bankier Gerson von Bleichr\u00f6der, 1888. <\/div><p class=\"awb-imageframe-caption-text\">Emile Wauters (\u2020 1933), Public domain, via Wikimedia Commons<\/p><\/div><\/div><\/div><\/div><\/div><div class=\"fusion-layout-column fusion_builder_column fusion-builder-column-5 fusion_builder_column_1_2 1_2 fusion-flex-column\" style=\"--awb-bg-size:cover;--awb-width-large:50%;--awb-margin-top-large:0px;--awb-spacing-right-large:3.84%;--awb-margin-bottom-large:20px;--awb-spacing-left-large:3.84%;--awb-width-medium:50%;--awb-order-medium:0;--awb-spacing-right-medium:3.84%;--awb-spacing-left-medium:3.84%;--awb-width-small:100%;--awb-order-small:0;--awb-spacing-right-small:1.92%;--awb-spacing-left-small:1.92%;\"><div class=\"fusion-column-wrapper fusion-column-has-shadow fusion-flex-justify-content-flex-start fusion-content-layout-column\"><div class=\"fusion-text fusion-text-3\"><p><span class=\"fusion-dropcap dropcap\">J<\/span>ames von Bleichr\u00f6der stammt aus Berlin, wo er 1859 als drittes Kind des Bankiers Gerson Bleichr\u00f6der geboren wird. Sein Vater geh\u00f6rt zur Finanzelite Deutschlands.<\/p>\n<\/div><\/div><\/div><\/div><\/div><div class=\"fusion-fullwidth fullwidth-box fusion-builder-row-5 fusion-flex-container has-pattern-background has-mask-background nonhundred-percent-fullwidth non-hundred-percent-height-scrolling\" style=\"--awb-border-radius-top-left:0px;--awb-border-radius-top-right:0px;--awb-border-radius-bottom-right:0px;--awb-border-radius-bottom-left:0px;--awb-padding-top:50px;--awb-padding-bottom:50px;--awb-padding-top-small:25px;--awb-padding-bottom-small:25px;--awb-margin-top:0px;--awb-margin-bottom:0px;--awb-flex-wrap:wrap;\" ><div class=\"fusion-builder-row fusion-row fusion-flex-align-items-flex-start fusion-flex-content-wrap\" style=\"max-width:1497.6px;margin-left: calc(-4% \/ 2 );margin-right: calc(-4% \/ 2 );\"><div class=\"fusion-layout-column fusion_builder_column fusion-builder-column-6 fusion_builder_column_1_2 1_2 fusion-flex-column\" style=\"--awb-padding-top:10px;--awb-padding-bottom:7.9898000000000025px;--awb-bg-size:cover;--awb-width-large:50%;--awb-margin-top-large:0px;--awb-spacing-right-large:2.688%;--awb-margin-bottom-large:1.984099999999998px;--awb-spacing-left-large:3.84%;--awb-width-medium:50%;--awb-order-medium:0;--awb-spacing-right-medium:2.688%;--awb-spacing-left-medium:3.84%;--awb-width-small:100%;--awb-order-small:0;--awb-spacing-right-small:1.92%;--awb-margin-bottom-small:50px;--awb-spacing-left-small:1.92%;\"><div class=\"fusion-column-wrapper fusion-column-has-shadow fusion-flex-justify-content-flex-start fusion-content-layout-column\"><div class=\"fusion-image-element awb-imageframe-style awb-imageframe-style-below awb-imageframe-style-2\" style=\"--awb-caption-title-font-family:var(--body_typography-font-family);--awb-caption-title-font-weight:var(--body_typography-font-weight);--awb-caption-title-font-style:var(--body_typography-font-style);--awb-caption-title-size:var(--body_typography-font-size);--awb-caption-title-transform:var(--body_typography-text-transform);--awb-caption-title-line-height:var(--body_typography-line-height);--awb-caption-title-letter-spacing:var(--body_typography-letter-spacing);\"><span class=\" fusion-imageframe imageframe-none imageframe-2 hover-type-none\"><img decoding=\"async\" width=\"562\" height=\"773\" alt=\"Zeichnung, Spritztechnik, die ein Fabelwesen - kollidierende V\u00f6gel - darstellt.\" title=\"Bleichr\u00f6derhaus, Unter den Linden\" src=\"https:\/\/kunst-raub-rueckgabe.de\/wp-content\/uploads\/2024\/08\/Bankhaus-Bleichroeder-.jpg\" class=\"img-responsive wp-image-5523\" srcset=\"https:\/\/kunst-raub-rueckgabe.de\/wp-content\/uploads\/2024\/08\/Bankhaus-Bleichroeder--200x275.jpg 200w, https:\/\/kunst-raub-rueckgabe.de\/wp-content\/uploads\/2024\/08\/Bankhaus-Bleichroeder--400x550.jpg 400w, https:\/\/kunst-raub-rueckgabe.de\/wp-content\/uploads\/2024\/08\/Bankhaus-Bleichroeder-.jpg 562w\" sizes=\"(max-width: 640px) 100vw, 562px\" \/><\/span><div class=\"awb-imageframe-caption-container\"><div class=\"awb-imageframe-caption\"><div class=\"awb-imageframe-caption-title\">Das Bankhaus Bleichr\u00f6der, Unter den Linden, Berlin.<\/div><p class=\"awb-imageframe-caption-text\">Bundesarchiv, Bild 183-2007-0307-501 \/ CC-BY-SA 3.0 <\/p><\/div><\/div><\/div><div class=\"fusion-image-element awb-imageframe-style awb-imageframe-style-below awb-imageframe-style-3 fusion-no-medium-visibility\" style=\"--awb-caption-title-font-family:var(--body_typography-font-family);--awb-caption-title-font-weight:var(--body_typography-font-weight);--awb-caption-title-font-style:var(--body_typography-font-style);--awb-caption-title-size:var(--body_typography-font-size);--awb-caption-title-transform:var(--body_typography-text-transform);--awb-caption-title-line-height:var(--body_typography-line-height);--awb-caption-title-letter-spacing:var(--body_typography-letter-spacing);\"><span class=\" fusion-imageframe imageframe-none imageframe-3 hover-type-none\"><img decoding=\"async\" width=\"1544\" height=\"1200\" alt=\"Schwarzwei\u00dffotografie. Innenraum eines Bankgeb\u00e4udes mit Schaltern.\" title=\"[Bildindex der Kunst und Architektur]\" src=\"https:\/\/kunst-raub-rueckgabe.de\/wp-content\/uploads\/2024\/08\/05-Bankhaus-Bleichroeder-Depositenkasse-Unter-den-Linden-Berlin.jpg\" class=\"img-responsive wp-image-5506\" srcset=\"https:\/\/kunst-raub-rueckgabe.de\/wp-content\/uploads\/2024\/08\/05-Bankhaus-Bleichroeder-Depositenkasse-Unter-den-Linden-Berlin-200x155.jpg 200w, https:\/\/kunst-raub-rueckgabe.de\/wp-content\/uploads\/2024\/08\/05-Bankhaus-Bleichroeder-Depositenkasse-Unter-den-Linden-Berlin-400x311.jpg 400w, https:\/\/kunst-raub-rueckgabe.de\/wp-content\/uploads\/2024\/08\/05-Bankhaus-Bleichroeder-Depositenkasse-Unter-den-Linden-Berlin-600x466.jpg 600w, https:\/\/kunst-raub-rueckgabe.de\/wp-content\/uploads\/2024\/08\/05-Bankhaus-Bleichroeder-Depositenkasse-Unter-den-Linden-Berlin-800x622.jpg 800w, https:\/\/kunst-raub-rueckgabe.de\/wp-content\/uploads\/2024\/08\/05-Bankhaus-Bleichroeder-Depositenkasse-Unter-den-Linden-Berlin-1200x933.jpg 1200w, https:\/\/kunst-raub-rueckgabe.de\/wp-content\/uploads\/2024\/08\/05-Bankhaus-Bleichroeder-Depositenkasse-Unter-den-Linden-Berlin.jpg 1544w\" sizes=\"(max-width: 640px) 100vw, 800px\" \/><\/span><div class=\"awb-imageframe-caption-container\" style=\"text-align:left;\"><div class=\"awb-imageframe-caption\"><div class=\"awb-imageframe-caption-title\">Schalterhalle des Bankhauses Bleichr\u00f6der.<\/div><p class=\"awb-imageframe-caption-text\">Bildarchiv Foto Marburg, Aufnahme-Nr.: fmkbb7910<\/p><\/div><\/div><\/div><\/div><\/div><div class=\"fusion-layout-column fusion_builder_column fusion-builder-column-7 fusion_builder_column_1_2 1_2 fusion-flex-column\" style=\"--awb-bg-size:cover;--awb-width-large:50%;--awb-margin-top-large:0px;--awb-spacing-right-large:3.84%;--awb-margin-bottom-large:20px;--awb-spacing-left-large:3.84%;--awb-width-medium:50%;--awb-order-medium:0;--awb-spacing-right-medium:3.84%;--awb-spacing-left-medium:3.84%;--awb-width-small:100%;--awb-order-small:0;--awb-spacing-right-small:1.92%;--awb-spacing-left-small:1.92%;\"><div class=\"fusion-column-wrapper fusion-column-has-shadow fusion-flex-justify-content-flex-start fusion-content-layout-column\"><div class=\"fusion-text fusion-text-4\"><p>Die Familie genie\u00dft ein hohes Ansehen, denn Gerson Bleichr\u00f6der ist nicht nur extrem erfolgreicher Gesch\u00e4ftsmann, sondern auch der Bankier Otto von Bismarcks und Kaiser Wilhelms I. F\u00fcr seine Verdienste wird Gerson Bleichr\u00f6der 1872 als erster Jude in Preu\u00dfen geadelt und darf sich fortan Gerson von Bleichr\u00f6der nennen.<\/p>\n<\/div><\/div><\/div><\/div><\/div><div class=\"fusion-fullwidth fullwidth-box fusion-builder-row-6 fusion-flex-container has-pattern-background has-mask-background nonhundred-percent-fullwidth non-hundred-percent-height-scrolling\" style=\"--awb-border-radius-top-left:0px;--awb-border-radius-top-right:0px;--awb-border-radius-bottom-right:0px;--awb-border-radius-bottom-left:0px;--awb-padding-top:50px;--awb-padding-bottom:50px;--awb-padding-top-small:25px;--awb-padding-bottom-small:25px;--awb-margin-top:0px;--awb-margin-bottom:0px;--awb-flex-wrap:wrap;\" ><div class=\"fusion-builder-row fusion-row fusion-flex-align-items-flex-start fusion-flex-content-wrap\" style=\"max-width:1497.6px;margin-left: calc(-4% \/ 2 );margin-right: calc(-4% \/ 2 );\"><div class=\"fusion-layout-column fusion_builder_column fusion-builder-column-8 fusion_builder_column_1_2 1_2 fusion-flex-column\" style=\"--awb-padding-left:279px;--awb-bg-size:cover;--awb-width-large:50%;--awb-margin-top-large:0px;--awb-spacing-right-large:3.84%;--awb-margin-bottom-large:0px;--awb-spacing-left-large:3.84%;--awb-width-medium:50%;--awb-order-medium:0;--awb-spacing-right-medium:3.84%;--awb-spacing-left-medium:3.84%;--awb-width-small:100%;--awb-order-small:0;--awb-spacing-right-small:1.92%;--awb-margin-bottom-small:50px;--awb-spacing-left-small:1.92%;\"><div class=\"fusion-column-wrapper fusion-column-has-shadow fusion-flex-justify-content-flex-start fusion-content-layout-column\"><div class=\"fusion-image-element awb-imageframe-style awb-imageframe-style-below awb-imageframe-style-4\" style=\"--awb-caption-title-font-family:var(--body_typography-font-family);--awb-caption-title-font-weight:var(--body_typography-font-weight);--awb-caption-title-font-style:var(--body_typography-font-style);--awb-caption-title-size:var(--body_typography-font-size);--awb-caption-title-transform:var(--body_typography-text-transform);--awb-caption-title-line-height:var(--body_typography-line-height);--awb-caption-title-letter-spacing:var(--body_typography-letter-spacing);\"><span class=\" fusion-imageframe imageframe-none imageframe-4 hover-type-none\"><img decoding=\"async\" width=\"1131\" height=\"1595\" alt=\"Schwarzwei\u00dffotografie. Bildnis James von Bleichr\u00f6der in Uniform.\" title=\"06_James_von_Bleichr\u00f6der ca. 1886\" src=\"https:\/\/kunst-raub-rueckgabe.de\/wp-content\/uploads\/2024\/08\/06_James_von_Bleichroeder-ca.-1886-e1725963907933.jpeg\" class=\"img-responsive wp-image-5507\" srcset=\"https:\/\/kunst-raub-rueckgabe.de\/wp-content\/uploads\/2024\/08\/06_James_von_Bleichroeder-ca.-1886-e1725963907933-200x282.jpeg 200w, https:\/\/kunst-raub-rueckgabe.de\/wp-content\/uploads\/2024\/08\/06_James_von_Bleichroeder-ca.-1886-e1725963907933-400x564.jpeg 400w, https:\/\/kunst-raub-rueckgabe.de\/wp-content\/uploads\/2024\/08\/06_James_von_Bleichroeder-ca.-1886-e1725963907933-600x846.jpeg 600w, https:\/\/kunst-raub-rueckgabe.de\/wp-content\/uploads\/2024\/08\/06_James_von_Bleichroeder-ca.-1886-e1725963907933-800x1128.jpeg 800w, https:\/\/kunst-raub-rueckgabe.de\/wp-content\/uploads\/2024\/08\/06_James_von_Bleichroeder-ca.-1886-e1725963907933.jpeg 1131w\" sizes=\"(max-width: 640px) 100vw, 400px\" \/><\/span><div class=\"awb-imageframe-caption-container\"><div class=\"awb-imageframe-caption\"><div class=\"awb-imageframe-caption-title\">James von Bleichr\u00f6der als junger Mann, ca. 1893.<\/div><p class=\"awb-imageframe-caption-text\">Landesarchiv Berlin, E Rep 200-33 Nr. 20<\/p><\/div><\/div><\/div><\/div><\/div><div class=\"fusion-layout-column fusion_builder_column fusion-builder-column-9 fusion_builder_column_1_2 1_2 fusion-flex-column\" style=\"--awb-bg-size:cover;--awb-width-large:50%;--awb-margin-top-large:0px;--awb-spacing-right-large:3.84%;--awb-margin-bottom-large:20px;--awb-spacing-left-large:3.84%;--awb-width-medium:50%;--awb-order-medium:0;--awb-spacing-right-medium:3.84%;--awb-spacing-left-medium:3.84%;--awb-width-small:100%;--awb-order-small:0;--awb-spacing-right-small:1.92%;--awb-spacing-left-small:1.92%;\"><div class=\"fusion-column-wrapper fusion-column-has-shadow fusion-flex-justify-content-flex-start fusion-content-layout-column\"><div class=\"fusion-text fusion-text-5\"><p>James von Bleichr\u00f6der w\u00e4chst in der elterlichen Residenz in Charlottenburg auf. Die von Bleichr\u00f6ders gelten als \u201aassimilierte Juden\u2018, was hei\u00dft, dass sie sich bestm\u00f6glich an die Kultur der herrschenden preu\u00dfischen Gesellschaft anpassen. Unter anderem bedeutet das f\u00fcr James den Beitritt in eines der Berliner Studentencorps. Von 1880-1886 studiert er Jura, was er mit der Promotion abschlie\u00dft. <span style=\"color: var(--awb-text-color); font-family: var(--awb-text-font-family); font-size: var(--awb-font-size); font-style: var(--awb-text-font-style); font-weight: var(--awb-text-font-weight); letter-spacing: var(--awb-letter-spacing); text-align: var(--awb-content-alignment); text-transform: var(--awb-text-transform); background-color: var(--awb-bg-color-hover);\">Von seinem Vater wird er an die preu\u00dfische High Society und bedeutende K\u00fcnstler herangef\u00fchrt. Als Gerson von Bleichr\u00f6der 1893 stirbt, k\u00f6nnen die drei S\u00f6hne Georg, Hans und James von ihren ererbten Anteilen ein luxuri\u00f6ses Leben f\u00fchren. Die eigentlichen Bankgesch\u00e4fte leitet ein Gro\u00dfcousin weiter. <\/span><\/p>\n<p>James heiratet 1888 Harriet Alexander. Mit ihr hat er f\u00fcnf Kinder, Curt, Edgar, Ellie, Harriet und Victor. Das Verh\u00e4ltnis der Eheleute ist jedoch angespannt. 1902 l\u00e4sst das Paar sich scheiden.<span style=\"color: var(--awb-text-color); font-family: var(--awb-text-font-family); font-size: var(--awb-font-size); font-style: var(--awb-text-font-style); font-weight: var(--awb-text-font-weight); letter-spacing: var(--awb-letter-spacing); text-align: var(--awb-content-alignment); text-transform: var(--awb-text-transform); background-color: var(--awb-bg-color-hover);\"><br \/>\n<\/span><\/p>\n<\/div><\/div><\/div><\/div><\/div><div class=\"fusion-fullwidth fullwidth-box fusion-builder-row-7 fusion-flex-container has-pattern-background has-mask-background nonhundred-percent-fullwidth non-hundred-percent-height-scrolling\" style=\"--awb-border-radius-top-left:0px;--awb-border-radius-top-right:0px;--awb-border-radius-bottom-right:0px;--awb-border-radius-bottom-left:0px;--awb-padding-top:60px;--awb-flex-wrap:wrap;\" ><div class=\"fusion-builder-row fusion-row fusion-flex-align-items-flex-start fusion-flex-content-wrap\" style=\"max-width:1497.6px;margin-left: calc(-4% \/ 2 );margin-right: calc(-4% \/ 2 );\"><div class=\"fusion-layout-column fusion_builder_column fusion-builder-column-10 fusion_builder_column_1_1 1_1 fusion-flex-column\" style=\"--awb-bg-size:cover;--awb-width-large:100%;--awb-margin-top-large:0px;--awb-spacing-right-large:1.92%;--awb-margin-bottom-large:20px;--awb-spacing-left-large:1.92%;--awb-width-medium:100%;--awb-order-medium:0;--awb-spacing-right-medium:1.92%;--awb-spacing-left-medium:1.92%;--awb-width-small:100%;--awb-order-small:0;--awb-spacing-right-small:1.92%;--awb-spacing-left-small:1.92%;\"><div class=\"fusion-column-wrapper fusion-column-has-shadow fusion-flex-justify-content-flex-start fusion-content-layout-column\"><div class=\"fusion-title title fusion-title-4 fusion-sep-none fusion-title-center fusion-title-text fusion-title-size-two\" style=\"--awb-margin-top-small:10px;--awb-margin-right-small:0px;--awb-margin-bottom-small:10px;--awb-margin-left-small:0px;\"><h2 class=\"fusion-title-heading title-heading-center fusion-responsive-typography-calculated\" style=\"margin:0;--fontSize:40;line-height:var(--awb-typography1-line-height);\">Kunst, Kultur und schnelle Autos<\/h2><\/div><\/div><\/div><\/div><\/div><div class=\"fusion-fullwidth fullwidth-box fusion-builder-row-8 fusion-flex-container has-pattern-background has-mask-background nonhundred-percent-fullwidth non-hundred-percent-height-scrolling\" style=\"--awb-border-radius-top-left:0px;--awb-border-radius-top-right:0px;--awb-border-radius-bottom-right:0px;--awb-border-radius-bottom-left:0px;--awb-padding-top:50px;--awb-padding-bottom:50px;--awb-padding-top-small:25px;--awb-padding-bottom-small:25px;--awb-margin-top:0px;--awb-margin-bottom:0px;--awb-flex-wrap:wrap;\" ><div class=\"fusion-builder-row fusion-row fusion-flex-align-items-flex-start fusion-flex-content-wrap\" style=\"max-width:1497.6px;margin-left: calc(-4% \/ 2 );margin-right: calc(-4% \/ 2 );\"><div class=\"fusion-layout-column fusion_builder_column fusion-builder-column-11 fusion_builder_column_1_2 1_2 fusion-flex-column\" style=\"--awb-padding-top:10px;--awb-bg-size:cover;--awb-width-large:50%;--awb-margin-top-large:0px;--awb-spacing-right-large:3.84%;--awb-margin-bottom-large:20px;--awb-spacing-left-large:3.84%;--awb-width-medium:50%;--awb-order-medium:0;--awb-spacing-right-medium:3.84%;--awb-spacing-left-medium:3.84%;--awb-width-small:100%;--awb-order-small:0;--awb-spacing-right-small:1.92%;--awb-margin-bottom-small:50px;--awb-spacing-left-small:1.92%;\"><div class=\"fusion-column-wrapper fusion-column-has-shadow fusion-flex-justify-content-flex-start fusion-content-layout-column\"><div class=\"fusion-image-element awb-imageframe-style awb-imageframe-style-below awb-imageframe-style-5\" style=\"--awb-caption-title-font-family:var(--body_typography-font-family);--awb-caption-title-font-weight:var(--body_typography-font-weight);--awb-caption-title-font-style:var(--body_typography-font-style);--awb-caption-title-size:var(--body_typography-font-size);--awb-caption-title-transform:var(--body_typography-text-transform);--awb-caption-title-line-height:var(--body_typography-line-height);--awb-caption-title-letter-spacing:var(--body_typography-letter-spacing);\"><span class=\" fusion-imageframe imageframe-none imageframe-5 hover-type-none\"><img decoding=\"async\" width=\"1999\" height=\"2560\" alt=\"Schwarzwei\u00dffotografie. James von Bleichr\u00f6der in weiblicher Begleitung in einem gro\u00dfen Auto.\" src=\"https:\/\/kunst-raub-rueckgabe.de\/wp-content\/uploads\/2024\/09\/Urlaub2-scaled.jpeg\" class=\"img-responsive wp-image-5817\" srcset=\"https:\/\/kunst-raub-rueckgabe.de\/wp-content\/uploads\/2024\/09\/Urlaub2-200x256.jpeg 200w, https:\/\/kunst-raub-rueckgabe.de\/wp-content\/uploads\/2024\/09\/Urlaub2-400x512.jpeg 400w, https:\/\/kunst-raub-rueckgabe.de\/wp-content\/uploads\/2024\/09\/Urlaub2-600x768.jpeg 600w, https:\/\/kunst-raub-rueckgabe.de\/wp-content\/uploads\/2024\/09\/Urlaub2-800x1025.jpeg 800w, https:\/\/kunst-raub-rueckgabe.de\/wp-content\/uploads\/2024\/09\/Urlaub2-1200x1537.jpeg 1200w, https:\/\/kunst-raub-rueckgabe.de\/wp-content\/uploads\/2024\/09\/Urlaub2-scaled.jpeg 1999w\" sizes=\"(max-width: 640px) 100vw, 800px\" \/><\/span><div class=\"awb-imageframe-caption-container\"><div class=\"awb-imageframe-caption\"><div class=\"awb-imageframe-caption-title\">James von Bleichr\u00f6der auf gro\u00dfer Fahrt. <\/div><p class=\"awb-imageframe-caption-text\">Landesarchiv Berlin, E Rep 200-33 Nr. 20<\/p><\/div><\/div><\/div><\/div><\/div><div class=\"fusion-layout-column fusion_builder_column fusion-builder-column-12 fusion_builder_column_1_2 1_2 fusion-flex-column\" style=\"--awb-bg-size:cover;--awb-width-large:50%;--awb-margin-top-large:0px;--awb-spacing-right-large:3.84%;--awb-margin-bottom-large:20px;--awb-spacing-left-large:3.84%;--awb-width-medium:50%;--awb-order-medium:0;--awb-spacing-right-medium:3.84%;--awb-spacing-left-medium:3.84%;--awb-width-small:100%;--awb-order-small:0;--awb-spacing-right-small:1.92%;--awb-spacing-left-small:1.92%;\"><div class=\"fusion-column-wrapper fusion-column-has-shadow fusion-flex-justify-content-flex-start fusion-content-layout-column\"><div class=\"fusion-text fusion-text-6\"><p>Ohne wirtschaftliche Sorgen pflegt James eine Vielzahl an Freizeitbesch\u00e4ftigungen. Seine gro\u00dfe Leidenschaft ist das Autofahren. Sogar an Wagenrennen nimmt er teil. Dem Kaiserlichen Automobilclub (KAC) stiftet er 1902 das Palais Bleichr\u00f6der als Clubhaus.<\/p>\n<\/div><\/div><\/div><\/div><\/div><div class=\"fusion-fullwidth fullwidth-box fusion-builder-row-9 fusion-flex-container has-pattern-background has-mask-background nonhundred-percent-fullwidth non-hundred-percent-height-scrolling\" style=\"--awb-border-radius-top-left:0px;--awb-border-radius-top-right:0px;--awb-border-radius-bottom-right:0px;--awb-border-radius-bottom-left:0px;--awb-padding-top:50px;--awb-padding-bottom:50px;--awb-padding-top-small:25px;--awb-padding-bottom-small:25px;--awb-margin-top:0px;--awb-margin-bottom:0px;--awb-flex-wrap:wrap;\" ><div class=\"fusion-builder-row fusion-row fusion-flex-align-items-flex-start fusion-flex-content-wrap\" style=\"max-width:1497.6px;margin-left: calc(-4% \/ 2 );margin-right: calc(-4% \/ 2 );\"><div class=\"fusion-layout-column fusion_builder_column fusion-builder-column-13 fusion_builder_column_1_2 1_2 fusion-flex-column\" style=\"--awb-padding-top:10px;--awb-bg-size:cover;--awb-width-large:50%;--awb-margin-top-large:0px;--awb-spacing-right-large:3.84%;--awb-margin-bottom-large:20px;--awb-spacing-left-large:3.84%;--awb-width-medium:50%;--awb-order-medium:0;--awb-spacing-right-medium:3.84%;--awb-spacing-left-medium:3.84%;--awb-width-small:100%;--awb-order-small:0;--awb-spacing-right-small:1.92%;--awb-margin-bottom-small:50px;--awb-spacing-left-small:1.92%;\"><div class=\"fusion-column-wrapper fusion-column-has-shadow fusion-flex-justify-content-flex-start fusion-content-layout-column\"><div class=\"fusion-image-element \" style=\"--awb-caption-title-font-family:var(--body_typography-font-family);--awb-caption-title-font-weight:var(--body_typography-font-weight);--awb-caption-title-font-style:var(--body_typography-font-style);--awb-caption-title-size:var(--body_typography-font-size);--awb-caption-title-transform:var(--body_typography-text-transform);--awb-caption-title-line-height:var(--body_typography-line-height);--awb-caption-title-letter-spacing:var(--body_typography-letter-spacing);\"><span class=\" fusion-imageframe imageframe-none imageframe-6 hover-type-none\"><img decoding=\"async\" width=\"1843\" height=\"1358\" alt=\"Schwarzwei\u00dffotografie. Nilpferd im Zoo.\" title=\"Das Nilpferd, das James von Bleichr\u00f6der dem Berliner Zoo geschenkt hat.\" src=\"https:\/\/kunst-raub-rueckgabe.de\/wp-content\/uploads\/2024\/09\/Nilpferd.jpg\" class=\"img-responsive wp-image-5590\" srcset=\"https:\/\/kunst-raub-rueckgabe.de\/wp-content\/uploads\/2024\/09\/Nilpferd-200x147.jpg 200w, https:\/\/kunst-raub-rueckgabe.de\/wp-content\/uploads\/2024\/09\/Nilpferd-400x295.jpg 400w, https:\/\/kunst-raub-rueckgabe.de\/wp-content\/uploads\/2024\/09\/Nilpferd-600x442.jpg 600w, https:\/\/kunst-raub-rueckgabe.de\/wp-content\/uploads\/2024\/09\/Nilpferd-800x589.jpg 800w, https:\/\/kunst-raub-rueckgabe.de\/wp-content\/uploads\/2024\/09\/Nilpferd-1200x884.jpg 1200w, https:\/\/kunst-raub-rueckgabe.de\/wp-content\/uploads\/2024\/09\/Nilpferd.jpg 1843w\" sizes=\"(max-width: 640px) 100vw, 800px\" \/><\/span><\/div><div class=\"fusion-image-element awb-imageframe-style awb-imageframe-style-below awb-imageframe-style-7\" style=\"--awb-caption-title-font-family:var(--body_typography-font-family);--awb-caption-title-font-weight:var(--body_typography-font-weight);--awb-caption-title-font-style:var(--body_typography-font-style);--awb-caption-title-size:var(--body_typography-font-size);--awb-caption-title-transform:var(--body_typography-text-transform);--awb-caption-title-line-height:var(--body_typography-line-height);--awb-caption-title-letter-spacing:var(--body_typography-letter-spacing);\"><span class=\" fusion-imageframe imageframe-none imageframe-7 hover-type-none\"><img decoding=\"async\" width=\"1628\" height=\"950\" alt=\"Ausschnitt aus Buch, aus dem F\u00fchrer durch den Berliner Zoologischen Garten 1914, \u00fcber das Bleichr\u00f6der&#039;sche Nilpferd\" src=\"https:\/\/kunst-raub-rueckgabe.de\/wp-content\/uploads\/2024\/09\/Nilpferd2.jpg\" class=\"img-responsive wp-image-5591\" srcset=\"https:\/\/kunst-raub-rueckgabe.de\/wp-content\/uploads\/2024\/09\/Nilpferd2-200x117.jpg 200w, https:\/\/kunst-raub-rueckgabe.de\/wp-content\/uploads\/2024\/09\/Nilpferd2-400x233.jpg 400w, https:\/\/kunst-raub-rueckgabe.de\/wp-content\/uploads\/2024\/09\/Nilpferd2-600x350.jpg 600w, https:\/\/kunst-raub-rueckgabe.de\/wp-content\/uploads\/2024\/09\/Nilpferd2-800x467.jpg 800w, https:\/\/kunst-raub-rueckgabe.de\/wp-content\/uploads\/2024\/09\/Nilpferd2-1200x700.jpg 1200w, https:\/\/kunst-raub-rueckgabe.de\/wp-content\/uploads\/2024\/09\/Nilpferd2.jpg 1628w\" sizes=\"(max-width: 640px) 100vw, 800px\" \/><\/span><div class=\"awb-imageframe-caption-container\"><div class=\"awb-imageframe-caption\"><div class=\"awb-imageframe-caption-title\">Das Bleichr\u00f6dersche Nilpferd im Berliner Zoo.<\/div><p class=\"awb-imageframe-caption-text\">Aus dem F\u00fchrer durch den Berliner Zoologischen Garten 1914<\/p><\/div><\/div><\/div><\/div><\/div><div class=\"fusion-layout-column fusion_builder_column fusion-builder-column-14 fusion_builder_column_1_2 1_2 fusion-flex-column\" style=\"--awb-bg-size:cover;--awb-width-large:50%;--awb-margin-top-large:0px;--awb-spacing-right-large:3.84%;--awb-margin-bottom-large:20px;--awb-spacing-left-large:3.84%;--awb-width-medium:50%;--awb-order-medium:0;--awb-spacing-right-medium:3.84%;--awb-spacing-left-medium:3.84%;--awb-width-small:100%;--awb-order-small:0;--awb-spacing-right-small:1.92%;--awb-spacing-left-small:1.92%;\"><div class=\"fusion-column-wrapper fusion-column-has-shadow fusion-flex-justify-content-flex-start fusion-content-layout-column\"><div class=\"fusion-text fusion-text-7\"><p><span style=\"color: var(--awb-text-color); font-family: var(--awb-text-font-family); font-size: var(--awb-font-size); font-style: var(--awb-text-font-style); font-weight: var(--awb-text-font-weight); letter-spacing: var(--awb-letter-spacing); text-align: var(--awb-content-alignment); text-transform: var(--awb-text-transform); background-color: var(--awb-bg-color-medium);\">Wie auch Gerson von Bleichr\u00f6der spendet er regelm\u00e4\u00dfig f\u00fcr medizinische Forschung und Krankenh\u00e4user. Er setzt die Tradition seines Vaters fort, sich f\u00fcr den Berliner Zoologischen Garten einzusetzen. So schenkt er 1910 dem Zoo ein Nilpferd.<\/span><\/p>\n<\/div><\/div><\/div><\/div><\/div><div class=\"fusion-fullwidth fullwidth-box fusion-builder-row-10 fusion-flex-container has-pattern-background has-mask-background nonhundred-percent-fullwidth non-hundred-percent-height-scrolling\" style=\"--awb-border-radius-top-left:0px;--awb-border-radius-top-right:0px;--awb-border-radius-bottom-right:0px;--awb-border-radius-bottom-left:0px;--awb-padding-top:50px;--awb-padding-bottom:50px;--awb-padding-top-small:25px;--awb-padding-bottom-small:25px;--awb-margin-top:0px;--awb-margin-bottom:0px;--awb-flex-wrap:wrap;\" ><div class=\"fusion-builder-row fusion-row fusion-flex-align-items-flex-start fusion-flex-justify-content-flex-end fusion-flex-content-wrap\" style=\"max-width:1497.6px;margin-left: calc(-4% \/ 2 );margin-right: calc(-4% \/ 2 );\"><div class=\"fusion-layout-column fusion_builder_column fusion-builder-column-15 fusion_builder_column_1_2 1_2 fusion-flex-column\" style=\"--awb-padding-bottom:1.9940000000000282px;--awb-bg-size:cover;--awb-width-large:50%;--awb-margin-top-large:0px;--awb-spacing-right-large:3.84%;--awb-margin-bottom-large:0px;--awb-spacing-left-large:3.84%;--awb-width-medium:50%;--awb-order-medium:0;--awb-spacing-right-medium:3.84%;--awb-spacing-left-medium:3.84%;--awb-width-small:100%;--awb-order-small:1;--awb-spacing-right-small:1.92%;--awb-spacing-left-small:1.92%;\"><div class=\"fusion-column-wrapper fusion-column-has-shadow fusion-flex-justify-content-flex-start fusion-content-layout-column\"><div class=\"fusion-image-carousel fusion-image-carousel-auto fusion-image-carousel-1 fusion-carousel-border awb-image-carousel-top-below-caption\"><div class=\"awb-carousel awb-swiper awb-swiper-carousel awb-carousel--carousel awb-swiper-dots-position-bottom awb-imageframe-style awb-imageframe-style-below awb-imageframe-style-1\" data-layout=\"carousel\" data-autoplay=\"no\" data-autoplayspeed=\"2500\" data-autoplaypause=\"no\" data-loop=\"yes\" data-columns=\"1\" data-columnsmedium=\"1\" data-columnssmall=\"1\" data-itemmargin=\"13\" data-itemwidth=\"180\" data-touchscroll=\"no\" data-freemode=\"no\" data-imagesize=\"auto\" data-scrollitems=\"0\" data-centeredslides=\"no\" data-rotationangle=\"50\" data-depth=\"100\" data-speed=\"500\" data-shadow=\"no\" data-pagination=\"bullets\" style=\"--awb-columns:1;--awb-caption-title-color:var(--awb-color5);--awb-caption-text-color:var(--awb-color5);--awb-border-width:1px;--awb-border-color:#e9eaee;\"><div class=\"swiper-wrapper awb-image-carousel-wrapper fusion-flex-align-items-center\"><div class=\"swiper-slide\"><div class=\"fusion-carousel-item-wrapper\"><div class=\"fusion-image-wrapper hover-type-none\"><img decoding=\"async\" width=\"1624\" height=\"1163\" src=\"https:\/\/kunst-raub-rueckgabe.de\/wp-content\/uploads\/2024\/09\/Lepke-scan-3-Prunkmoebel-e1725967467115.jpg\" class=\"attachment-full size-full\" alt=\"Schwarzwei\u00dffotografie. Zwei prunkvolle Lehnsessel.\" srcset=\"https:\/\/kunst-raub-rueckgabe.de\/wp-content\/uploads\/2024\/09\/Lepke-scan-3-Prunkmoebel-e1725967467115-18x12.jpg 18w, https:\/\/kunst-raub-rueckgabe.de\/wp-content\/uploads\/2024\/09\/Lepke-scan-3-Prunkmoebel-e1725967467115-200x143.jpg 200w, https:\/\/kunst-raub-rueckgabe.de\/wp-content\/uploads\/2024\/09\/Lepke-scan-3-Prunkmoebel-e1725967467115-300x214.jpg 300w, https:\/\/kunst-raub-rueckgabe.de\/wp-content\/uploads\/2024\/09\/Lepke-scan-3-Prunkmoebel-e1725967467115-400x286.jpg 400w, https:\/\/kunst-raub-rueckgabe.de\/wp-content\/uploads\/2024\/09\/Lepke-scan-3-Prunkmoebel-e1725967467115-600x430.jpg 600w, https:\/\/kunst-raub-rueckgabe.de\/wp-content\/uploads\/2024\/09\/Lepke-scan-3-Prunkmoebel-e1725967467115-768x550.jpg 768w, https:\/\/kunst-raub-rueckgabe.de\/wp-content\/uploads\/2024\/09\/Lepke-scan-3-Prunkmoebel-e1725967467115-800x573.jpg 800w, https:\/\/kunst-raub-rueckgabe.de\/wp-content\/uploads\/2024\/09\/Lepke-scan-3-Prunkmoebel-e1725967467115-1024x733.jpg 1024w, https:\/\/kunst-raub-rueckgabe.de\/wp-content\/uploads\/2024\/09\/Lepke-scan-3-Prunkmoebel-e1725967467115-1200x859.jpg 1200w, https:\/\/kunst-raub-rueckgabe.de\/wp-content\/uploads\/2024\/09\/Lepke-scan-3-Prunkmoebel-e1725967467115-1536x1100.jpg 1536w, https:\/\/kunst-raub-rueckgabe.de\/wp-content\/uploads\/2024\/09\/Lepke-scan-3-Prunkmoebel-e1725967467115.jpg 1624w\" sizes=\"(max-width: 1624px) 100vw, 1624px\" \/><\/div><div class=\"awb-imageframe-caption-container\" style=\"text-align:left;\"><div class=\"awb-imageframe-caption\"><div class=\"awb-imageframe-caption-title\">Zwei prunkvolle Lehnsessel aus dem Besitz James von Bleichr\u00f6ders.<\/div><p class=\"awb-imageframe-caption-text\">Aus dem Auktionskatalog Lepke<\/p><\/div><\/div><\/div><\/div><div class=\"swiper-slide\"><div class=\"fusion-carousel-item-wrapper\"><div class=\"fusion-image-wrapper hover-type-none\"><img decoding=\"async\" width=\"2151\" height=\"2560\" src=\"https:\/\/kunst-raub-rueckgabe.de\/wp-content\/uploads\/2024\/09\/DreiHerrenBibliothek-scaled.jpg\" class=\"attachment-full size-full\" alt=\"Gem\u00e4lde, das drei Herren in Gespr\u00e4ch vertieft vor einem gro\u00dfen B\u00fccherschrank darstellt.\" srcset=\"https:\/\/kunst-raub-rueckgabe.de\/wp-content\/uploads\/2024\/09\/DreiHerrenBibliothek-10x12.jpg 10w, https:\/\/kunst-raub-rueckgabe.de\/wp-content\/uploads\/2024\/09\/DreiHerrenBibliothek-200x238.jpg 200w, https:\/\/kunst-raub-rueckgabe.de\/wp-content\/uploads\/2024\/09\/DreiHerrenBibliothek-252x300.jpg 252w, https:\/\/kunst-raub-rueckgabe.de\/wp-content\/uploads\/2024\/09\/DreiHerrenBibliothek-400x476.jpg 400w, https:\/\/kunst-raub-rueckgabe.de\/wp-content\/uploads\/2024\/09\/DreiHerrenBibliothek-600x714.jpg 600w, https:\/\/kunst-raub-rueckgabe.de\/wp-content\/uploads\/2024\/09\/DreiHerrenBibliothek-768x914.jpg 768w, https:\/\/kunst-raub-rueckgabe.de\/wp-content\/uploads\/2024\/09\/DreiHerrenBibliothek-800x952.jpg 800w, https:\/\/kunst-raub-rueckgabe.de\/wp-content\/uploads\/2024\/09\/DreiHerrenBibliothek-861x1024.jpg 861w, https:\/\/kunst-raub-rueckgabe.de\/wp-content\/uploads\/2024\/09\/DreiHerrenBibliothek-1200x1428.jpg 1200w, https:\/\/kunst-raub-rueckgabe.de\/wp-content\/uploads\/2024\/09\/DreiHerrenBibliothek-1291x1536.jpg 1291w, https:\/\/kunst-raub-rueckgabe.de\/wp-content\/uploads\/2024\/09\/DreiHerrenBibliothek-1721x2048.jpg 1721w, https:\/\/kunst-raub-rueckgabe.de\/wp-content\/uploads\/2024\/09\/DreiHerrenBibliothek-scaled.jpg 2151w\" sizes=\"(max-width: 2151px) 100vw, 2151px\" \/><\/div><div class=\"awb-imageframe-caption-container\" style=\"text-align:left;\"><div class=\"awb-imageframe-caption\"><div class=\"awb-imageframe-caption-title\">Carl Wilhelm Anton Seiler, Drei Herren in der Bibliothek (1896).<\/div><p class=\"awb-imageframe-caption-text\">Christian Mitko \/ NEUMEISTER M\u00fcnchener Kunstauktionshaus GmbH &amp; Co. KG<\/p><\/div><\/div><\/div><\/div><\/div><div class=\"awb-swiper-button awb-swiper-button-prev\"><i class=\"awb-icon-angle-left\" aria-hidden=\"true\"><\/i><\/div><div class=\"awb-swiper-button awb-swiper-button-next\"><i class=\"awb-icon-angle-right\" aria-hidden=\"true\"><\/i><\/div><\/div><\/div><\/div><\/div><div class=\"fusion-layout-column fusion_builder_column fusion-builder-column-16 fusion_builder_column_1_2 1_2 fusion-flex-column\" style=\"--awb-bg-size:cover;--awb-width-large:50%;--awb-margin-top-large:0px;--awb-spacing-right-large:3.84%;--awb-margin-bottom-large:20px;--awb-spacing-left-large:3.84%;--awb-width-medium:50%;--awb-order-medium:0;--awb-spacing-right-medium:3.84%;--awb-spacing-left-medium:3.84%;--awb-width-small:100%;--awb-order-small:0;--awb-spacing-right-small:1.92%;--awb-spacing-left-small:1.92%;\"><div class=\"fusion-column-wrapper fusion-column-has-shadow fusion-flex-justify-content-flex-start fusion-content-layout-column\"><div class=\"fusion-text fusion-text-8\"><p>Und er setzt die Tradition des Kunstsammelns fort. Seine Sammlung umfasst Gem\u00e4lde und Skizzen ber\u00fchmter K\u00fcnstler wie Adolph von Menzel, umfasst Wandteppiche, edle M\u00f6bel und, Mei\u00dfener Porzellan. Auch ethnographische St\u00fccke wie \u00c4gyptische Skulpturen z\u00e4hlen dazu. Die Kunstbegeisterung gibt er an seinen Sohn Edgar weiter: dieser wird Maler von Beruf.<\/p>\n<\/div><\/div><\/div><\/div><\/div><div class=\"fusion-fullwidth fullwidth-box fusion-builder-row-11 fusion-flex-container has-pattern-background has-mask-background nonhundred-percent-fullwidth non-hundred-percent-height-scrolling\" style=\"--awb-border-radius-top-left:0px;--awb-border-radius-top-right:0px;--awb-border-radius-bottom-right:0px;--awb-border-radius-bottom-left:0px;--awb-padding-top:50px;--awb-padding-bottom:50px;--awb-padding-top-small:25px;--awb-padding-bottom-small:25px;--awb-margin-top:0px;--awb-margin-bottom:0px;--awb-flex-wrap:wrap;\" ><div class=\"fusion-builder-row fusion-row fusion-flex-align-items-flex-start fusion-flex-content-wrap\" style=\"max-width:1497.6px;margin-left: calc(-4% \/ 2 );margin-right: calc(-4% \/ 2 );\"><div class=\"fusion-layout-column fusion_builder_column fusion-builder-column-17 fusion_builder_column_1_2 1_2 fusion-flex-column\" style=\"--awb-padding-top:10px;--awb-bg-size:cover;--awb-width-large:50%;--awb-margin-top-large:0px;--awb-spacing-right-large:3.84%;--awb-margin-bottom-large:20px;--awb-spacing-left-large:3.84%;--awb-width-medium:50%;--awb-order-medium:0;--awb-spacing-right-medium:3.84%;--awb-spacing-left-medium:3.84%;--awb-width-small:100%;--awb-order-small:0;--awb-spacing-right-small:1.92%;--awb-margin-bottom-small:50px;--awb-spacing-left-small:1.92%;\"><div class=\"fusion-column-wrapper fusion-column-has-shadow fusion-flex-justify-content-flex-start fusion-content-layout-column\"><div class=\"fusion-image-element awb-imageframe-style awb-imageframe-style-below awb-imageframe-style-8\" style=\"--awb-caption-title-font-family:var(--body_typography-font-family);--awb-caption-title-font-weight:var(--body_typography-font-weight);--awb-caption-title-font-style:var(--body_typography-font-style);--awb-caption-title-size:var(--body_typography-font-size);--awb-caption-title-transform:var(--body_typography-text-transform);--awb-caption-title-line-height:var(--body_typography-line-height);--awb-caption-title-letter-spacing:var(--body_typography-letter-spacing);\"><span class=\" fusion-imageframe imageframe-none imageframe-8 hover-type-none\"><img decoding=\"async\" width=\"1023\" height=\"285\" alt=\"Zeitungsausschnitt, der den Tod von Victor von Bleichr\u00f6der bekanntgibt.\" title=\"Todesanzeige Victor von Bleichr\u00f6der\" src=\"https:\/\/kunst-raub-rueckgabe.de\/wp-content\/uploads\/2024\/09\/IMG-20240910-WA0000-e1725976802188.jpg\" class=\"img-responsive wp-image-5618\" srcset=\"https:\/\/kunst-raub-rueckgabe.de\/wp-content\/uploads\/2024\/09\/IMG-20240910-WA0000-e1725976802188-200x56.jpg 200w, https:\/\/kunst-raub-rueckgabe.de\/wp-content\/uploads\/2024\/09\/IMG-20240910-WA0000-e1725976802188-400x111.jpg 400w, https:\/\/kunst-raub-rueckgabe.de\/wp-content\/uploads\/2024\/09\/IMG-20240910-WA0000-e1725976802188-600x167.jpg 600w, https:\/\/kunst-raub-rueckgabe.de\/wp-content\/uploads\/2024\/09\/IMG-20240910-WA0000-e1725976802188-800x223.jpg 800w, https:\/\/kunst-raub-rueckgabe.de\/wp-content\/uploads\/2024\/09\/IMG-20240910-WA0000-e1725976802188.jpg 1023w\" sizes=\"(max-width: 640px) 100vw, 800px\" \/><\/span><div class=\"awb-imageframe-caption-container\"><div class=\"awb-imageframe-caption\"><div class=\"awb-imageframe-caption-title\">Ausschnitt aus der Vossischen Zeitung vom 11. August 1915<\/div><p class=\"awb-imageframe-caption-text\">Landesarchiv Berlin, A Pr.Br. Rep. 030, Nr. 9128<\/p><\/div><\/div><\/div><\/div><\/div><div class=\"fusion-layout-column fusion_builder_column fusion-builder-column-18 fusion_builder_column_1_2 1_2 fusion-flex-column\" style=\"--awb-bg-size:cover;--awb-width-large:50%;--awb-margin-top-large:0px;--awb-spacing-right-large:3.84%;--awb-margin-bottom-large:20px;--awb-spacing-left-large:3.84%;--awb-width-medium:50%;--awb-order-medium:0;--awb-spacing-right-medium:3.84%;--awb-spacing-left-medium:3.84%;--awb-width-small:100%;--awb-order-small:0;--awb-spacing-right-small:1.92%;--awb-spacing-left-small:1.92%;\"><div class=\"fusion-column-wrapper fusion-column-has-shadow fusion-flex-justify-content-flex-start fusion-content-layout-column\"><div class=\"fusion-text fusion-text-9\"><p>Die Assimilierung bringt auch die konservativ-nationalistische Einstellung der von Bleichr\u00f6ders mit sich. James geht zum preu\u00dfischen Milit\u00e4r. Als der Erste Weltkrieg ausbricht, meldet er sich als aktiver Teilnehmer. Auch seine S\u00f6hne Curt, Edgar und Victor ziehen in den Krieg. Victor f\u00e4llt 1915 an der Front.<\/p>\n<\/div><\/div><\/div><\/div><\/div><div class=\"fusion-fullwidth fullwidth-box fusion-builder-row-12 fusion-flex-container has-pattern-background has-mask-background nonhundred-percent-fullwidth non-hundred-percent-height-scrolling\" style=\"--awb-border-radius-top-left:0px;--awb-border-radius-top-right:0px;--awb-border-radius-bottom-right:0px;--awb-border-radius-bottom-left:0px;--awb-padding-top:50px;--awb-padding-bottom:50px;--awb-padding-top-small:25px;--awb-padding-bottom-small:25px;--awb-margin-top:0px;--awb-margin-bottom:0px;--awb-flex-wrap:wrap;\" ><div class=\"fusion-builder-row fusion-row fusion-flex-align-items-flex-start fusion-flex-content-wrap\" style=\"max-width:1497.6px;margin-left: calc(-4% \/ 2 );margin-right: calc(-4% \/ 2 );\"><div class=\"fusion-layout-column fusion_builder_column fusion-builder-column-19 fusion_builder_column_1_2 1_2 fusion-flex-column\" style=\"--awb-padding-left:294px;--awb-bg-size:cover;--awb-width-large:50%;--awb-margin-top-large:0px;--awb-spacing-right-large:3.84%;--awb-margin-bottom-large:0px;--awb-spacing-left-large:3.84%;--awb-width-medium:50%;--awb-order-medium:0;--awb-spacing-right-medium:3.84%;--awb-spacing-left-medium:3.84%;--awb-width-small:100%;--awb-order-small:0;--awb-spacing-right-small:1.92%;--awb-margin-bottom-small:50px;--awb-spacing-left-small:1.92%;\"><div class=\"fusion-column-wrapper fusion-column-has-shadow fusion-flex-justify-content-flex-start fusion-content-layout-column\"><div class=\"fusion-image-element awb-imageframe-style awb-imageframe-style-below awb-imageframe-style-9\" style=\"--awb-caption-title-font-family:var(--body_typography-font-family);--awb-caption-title-font-weight:var(--body_typography-font-weight);--awb-caption-title-font-style:var(--body_typography-font-style);--awb-caption-title-size:var(--body_typography-font-size);--awb-caption-title-transform:var(--body_typography-text-transform);--awb-caption-title-line-height:var(--body_typography-line-height);--awb-caption-title-letter-spacing:var(--body_typography-letter-spacing);\"><span class=\" fusion-imageframe imageframe-none imageframe-9 hover-type-none\"><img decoding=\"async\" width=\"1833\" height=\"2560\" alt=\"Schwarzwei\u00dffotografie. Wolfgang und James von Bleichr\u00f6der, ein kleiner Junge und ein \u00e4lterer Herr.\" title=\"James von Bleichr\u00f6der mit seinem Sohn Wolfgang.\" src=\"https:\/\/kunst-raub-rueckgabe.de\/wp-content\/uploads\/2024\/09\/James-von-Bleichroeder-mit-Sohn-Wolfgang-scaled.jpg\" class=\"img-responsive wp-image-5773\" srcset=\"https:\/\/kunst-raub-rueckgabe.de\/wp-content\/uploads\/2024\/09\/James-von-Bleichroeder-mit-Sohn-Wolfgang-200x279.jpg 200w, https:\/\/kunst-raub-rueckgabe.de\/wp-content\/uploads\/2024\/09\/James-von-Bleichroeder-mit-Sohn-Wolfgang-400x559.jpg 400w, https:\/\/kunst-raub-rueckgabe.de\/wp-content\/uploads\/2024\/09\/James-von-Bleichroeder-mit-Sohn-Wolfgang-600x838.jpg 600w, https:\/\/kunst-raub-rueckgabe.de\/wp-content\/uploads\/2024\/09\/James-von-Bleichroeder-mit-Sohn-Wolfgang-800x1117.jpg 800w, https:\/\/kunst-raub-rueckgabe.de\/wp-content\/uploads\/2024\/09\/James-von-Bleichroeder-mit-Sohn-Wolfgang-1200x1676.jpg 1200w, https:\/\/kunst-raub-rueckgabe.de\/wp-content\/uploads\/2024\/09\/James-von-Bleichroeder-mit-Sohn-Wolfgang-scaled.jpg 1833w\" sizes=\"(max-width: 640px) 100vw, 400px\" \/><\/span><div class=\"awb-imageframe-caption-container\"><div class=\"awb-imageframe-caption\"><div class=\"awb-imageframe-caption-title\">James von Bleichr\u00f6der mit seinem Sohn Wolfgang.<\/div><p class=\"awb-imageframe-caption-text\">Leo Baeck Institute, Gerson von Bleichroeder Family Collection.<\/p><\/div><\/div><\/div><\/div><\/div><div class=\"fusion-layout-column fusion_builder_column fusion-builder-column-20 fusion_builder_column_1_2 1_2 fusion-flex-column\" style=\"--awb-bg-size:cover;--awb-width-large:50%;--awb-margin-top-large:0px;--awb-spacing-right-large:3.84%;--awb-margin-bottom-large:20px;--awb-spacing-left-large:3.84%;--awb-width-medium:50%;--awb-order-medium:0;--awb-spacing-right-medium:3.84%;--awb-spacing-left-medium:3.84%;--awb-width-small:100%;--awb-order-small:0;--awb-spacing-right-small:1.92%;--awb-spacing-left-small:1.92%;\"><div class=\"fusion-column-wrapper fusion-column-has-shadow fusion-flex-justify-content-flex-start fusion-content-layout-column\"><div class=\"fusion-text fusion-text-10\"><p>1918 wird James noch einmal Vater. Mit seiner dritten Frau Maria hat er den Sohn Wolfgang. Zusammen ziehen sie 1923 auf das Schloss Hirschberg, unweit von M\u00fcnchen. Dorthin nimmt James auch einen Gro\u00dfteil seiner Kunstsammlung mit.<\/p>\n<\/div><\/div><\/div><\/div><\/div><div class=\"fusion-fullwidth fullwidth-box fusion-builder-row-13 fusion-flex-container has-pattern-background has-mask-background nonhundred-percent-fullwidth non-hundred-percent-height-scrolling\" style=\"--awb-border-radius-top-left:0px;--awb-border-radius-top-right:0px;--awb-border-radius-bottom-right:0px;--awb-border-radius-bottom-left:0px;--awb-padding-top:100px;--awb-padding-bottom:100px;--awb-padding-top-small:25px;--awb-padding-bottom-small:25px;--awb-flex-wrap:wrap;\" ><div class=\"fusion-builder-row fusion-row fusion-flex-align-items-flex-start fusion-flex-content-wrap\" style=\"max-width:1497.6px;margin-left: calc(-4% \/ 2 );margin-right: calc(-4% \/ 2 );\"><div class=\"fusion-layout-column fusion_builder_column fusion-builder-column-21 fusion_builder_column_1_2 1_2 fusion-flex-column\" style=\"--awb-bg-size:cover;--awb-width-large:50%;--awb-margin-top-large:0px;--awb-spacing-right-large:3.84%;--awb-margin-bottom-large:20px;--awb-spacing-left-large:3.84%;--awb-width-medium:50%;--awb-order-medium:0;--awb-spacing-right-medium:3.84%;--awb-spacing-left-medium:3.84%;--awb-width-small:100%;--awb-order-small:1;--awb-spacing-right-small:1.92%;--awb-spacing-left-small:1.92%;\"><div class=\"fusion-column-wrapper fusion-column-has-shadow fusion-flex-justify-content-flex-start fusion-content-layout-column\"><div class=\"fusion-image-element awb-imageframe-style awb-imageframe-style-below awb-imageframe-style-10\" style=\"--awb-caption-text-size:var(--awb-typography5-font-size);--awb-caption-text-transform:var(--awb-typography5-text-transform);--awb-caption-text-line-height:var(--awb-typography5-line-height);--awb-caption-text-letter-spacing:var(--awb-typography5-letter-spacing);--awb-caption-margin-top:10px;--awb-caption-title-font-family:var(--awb-typography5-font-family);--awb-caption-title-font-weight:var(--awb-typography5-font-weight);--awb-caption-title-font-style:var(--awb-typography5-font-style);--awb-caption-title-size:var(--awb-typography5-font-size);--awb-caption-title-transform:var(--awb-typography5-text-transform);--awb-caption-title-line-height:var(--awb-typography5-line-height);--awb-caption-title-letter-spacing:var(--awb-typography5-letter-spacing);--awb-caption-text-font-family:var(--awb-typography5-font-family);--awb-caption-text-font-weight:var(--awb-typography5-font-weight);--awb-caption-text-font-style:var(--awb-typography5-font-style);\"><span class=\" fusion-imageframe imageframe-none imageframe-10 hover-type-none zoooom\"><img decoding=\"async\" width=\"2560\" height=\"1688\" alt=\"Gem\u00e4lde. Zahlreiche Figuren in einer bergigen Landschaft, im Hintergrund Gebirge.\" title=\"Schw\u00e4bisch, Lazarus\" src=\"https:\/\/kunst-raub-rueckgabe.de\/wp-content\/uploads\/2024\/08\/Schwaebisch-Lazarus-scaled.jpg\" class=\"img-responsive wp-image-5508\" srcset=\"https:\/\/kunst-raub-rueckgabe.de\/wp-content\/uploads\/2024\/08\/Schwaebisch-Lazarus-200x132.jpg 200w, https:\/\/kunst-raub-rueckgabe.de\/wp-content\/uploads\/2024\/08\/Schwaebisch-Lazarus-400x264.jpg 400w, https:\/\/kunst-raub-rueckgabe.de\/wp-content\/uploads\/2024\/08\/Schwaebisch-Lazarus-600x396.jpg 600w, https:\/\/kunst-raub-rueckgabe.de\/wp-content\/uploads\/2024\/08\/Schwaebisch-Lazarus-800x527.jpg 800w, https:\/\/kunst-raub-rueckgabe.de\/wp-content\/uploads\/2024\/08\/Schwaebisch-Lazarus-1200x791.jpg 1200w, https:\/\/kunst-raub-rueckgabe.de\/wp-content\/uploads\/2024\/08\/Schwaebisch-Lazarus-scaled.jpg 2560w\" sizes=\"(max-width: 640px) 100vw, 800px\" \/><\/span><div class=\"awb-imageframe-caption-container\"><div class=\"awb-imageframe-caption\"><div class=\"awb-imageframe-caption-title\">Schw\u00e4bischer Meister, Auferweckung des Lazarus ( 1530-1540).<\/div><p class=\"awb-imageframe-caption-text\">Bayerische Staatsgem\u00e4ldesammlungen, Inv. Nr. 16469\ud83d\udd0d \u00dcber das Bild mit der Maus fahren, um zu vergr\u00f6\u00dfern <\/p><\/div><\/div><\/div><\/div><\/div><div class=\"fusion-layout-column fusion_builder_column fusion-builder-column-22 awb-sticky awb-sticky-medium awb-sticky-large fusion_builder_column_1_2 1_2 fusion-flex-column\" style=\"--awb-bg-size:cover;--awb-width-large:50%;--awb-margin-top-large:0px;--awb-spacing-right-large:3.84%;--awb-margin-bottom-large:20px;--awb-spacing-left-large:3.84%;--awb-width-medium:50%;--awb-order-medium:0;--awb-spacing-right-medium:3.84%;--awb-spacing-left-medium:3.84%;--awb-width-small:100%;--awb-order-small:0;--awb-spacing-right-small:1.92%;--awb-spacing-left-small:1.92%;--awb-sticky-offset:20px;\"><div class=\"fusion-column-wrapper fusion-column-has-shadow fusion-flex-justify-content-flex-start fusion-content-layout-column\"><div class=\"fusion-text fusion-text-11\"><span class=\"fusion-dropcap dropcap\">1931<\/span>\n<p><span style=\"color: var(--awb-text-color); font-family: var(--awb-text-font-family); font-size: var(--awb-font-size); font-style: var(--awb-text-font-style); font-weight: var(--awb-text-font-weight); letter-spacing: var(--awb-letter-spacing); text-align: var(--awb-content-alignment); text-transform: var(--awb-text-transform); background-color: var(--awb-bg-color-hover);\"> erwirbt er das Gem\u00e4lde \u201eAuferweckung des Lazarus&#8220;.<\/span><\/p>\n<\/div><\/div><\/div><\/div><\/div><div class=\"fusion-fullwidth fullwidth-box fusion-builder-row-14 fusion-flex-container has-pattern-background has-mask-background nonhundred-percent-fullwidth non-hundred-percent-height-scrolling\" style=\"--awb-border-radius-top-left:0px;--awb-border-radius-top-right:0px;--awb-border-radius-bottom-right:0px;--awb-border-radius-bottom-left:0px;--awb-padding-top:50px;--awb-padding-bottom:50px;--awb-padding-top-small:25px;--awb-padding-bottom-small:25px;--awb-margin-top:0px;--awb-margin-bottom:0px;--awb-flex-wrap:wrap;\" ><div class=\"fusion-builder-row fusion-row fusion-flex-align-items-flex-start fusion-flex-content-wrap\" style=\"max-width:1497.6px;margin-left: calc(-4% \/ 2 );margin-right: calc(-4% \/ 2 );\"><div class=\"fusion-layout-column fusion_builder_column fusion-builder-column-23 fusion_builder_column_1_2 1_2 fusion-flex-column\" style=\"--awb-padding-bottom:59.9994px;--awb-bg-size:cover;--awb-width-large:50%;--awb-margin-top-large:0px;--awb-spacing-right-large:3.84%;--awb-margin-bottom-large:41.9923px;--awb-spacing-left-large:3.84%;--awb-width-medium:50%;--awb-order-medium:0;--awb-spacing-right-medium:3.84%;--awb-spacing-left-medium:3.84%;--awb-width-small:100%;--awb-order-small:1;--awb-spacing-right-small:1.92%;--awb-spacing-left-small:1.92%;\"><div class=\"fusion-column-wrapper fusion-column-has-shadow fusion-flex-justify-content-flex-start fusion-content-layout-column\"><div class=\"fusion-image-before-after-wrapper fusion-image-before-after-horizontal type-before-after hover-type-together fusion-image-before-after-wrapper-2\" style=\"--awb-handle-color:var(--awb-color2);--awb-font-size:14px;--awb-bordersize:0px;--awb-accent-color-bg:hsla(var(--awb-color1-h),var(--awb-color1-s),var(--awb-color1-l),calc(var(--awb-color1-a) - 85%));--awb-transition-time:0.5s;\"><div class=\"fusion-image-before-after-element fusion-image-before-after fusion-image-before-after-container fusion-image-before-after-2\" data-offset=\"0.5\" data-orientation=\"horizontal\" data-move-with-handle-only=\"true\" data-click-to-move=\"true\"><img decoding=\"async\" alt=\"Schwarzwei\u00dffotografie. Zwei Herren und eine Dame flanieren auf einer Strandpromenade.\" class=\"fusion-image-before-after-before\" src=\"https:\/\/kunst-raub-rueckgabe.de\/wp-content\/uploads\/2024\/09\/Urlaub3-scaled.jpeg\" width=\"2560\" height=\"1605\"><img decoding=\"async\" class=\"fusion-image-before-after-after\" src=\"https:\/\/kunst-raub-rueckgabe.de\/wp-content\/uploads\/2024\/09\/image00005-scaled.jpeg\" width=\"2560\" height=\"1632\"><div class=\"fusion-image-before-after-handle fusion-image-before-after-handle-arrows\"><span class=\"fusion-image-before-after-left-arrow\"><\/span><span class=\"fusion-image-before-after-right-arrow\"><\/span><\/div><\/div><\/div><\/div><\/div><div class=\"fusion-layout-column fusion_builder_column fusion-builder-column-24 fusion_builder_column_1_2 1_2 fusion-flex-column\" style=\"--awb-bg-size:cover;--awb-width-large:50%;--awb-margin-top-large:0px;--awb-spacing-right-large:3.84%;--awb-margin-bottom-large:20px;--awb-spacing-left-large:3.84%;--awb-width-medium:50%;--awb-order-medium:0;--awb-spacing-right-medium:3.84%;--awb-spacing-left-medium:3.84%;--awb-width-small:100%;--awb-order-small:0;--awb-spacing-right-small:1.92%;--awb-spacing-left-small:1.92%;\"><div class=\"fusion-column-wrapper fusion-column-has-shadow fusion-flex-justify-content-flex-start fusion-content-layout-column\"><div class=\"fusion-title title fusion-title-5 fusion-sep-none fusion-title-text fusion-title-size-three\" style=\"--awb-margin-top-small:10px;--awb-margin-right-small:0px;--awb-margin-bottom-small:10px;--awb-margin-left-small:0px;\"><h3 class=\"fusion-title-heading title-heading-left fusion-responsive-typography-calculated\" style=\"margin:0;--fontSize:32;line-height:var(--awb-typography1-line-height);\">Reisen ist sch\u00f6n<\/h3><\/div><div class=\"fusion-text fusion-text-12\"><p>James und Maria von Bleichr\u00f6der reisen gerne. Davon zeugen die zahlreichen Postkarten und Fotografien, die sie ihrem Sohn schicken. So auch die Karte aus Nizza, die das Ehepaar mit einem Bekannten an der Strandpromenade flanierend zeigt.<\/p>\n<\/div><\/div><\/div><\/div><\/div><div class=\"fusion-fullwidth fullwidth-box fusion-builder-row-15 fusion-flex-container has-pattern-background has-mask-background nonhundred-percent-fullwidth non-hundred-percent-height-scrolling Anthrazit\" style=\"--awb-border-radius-top-left:0px;--awb-border-radius-top-right:0px;--awb-border-radius-bottom-right:0px;--awb-border-radius-bottom-left:0px;--awb-padding-top:60px;--awb-flex-wrap:wrap;\" ><div class=\"fusion-builder-row fusion-row fusion-flex-align-items-flex-start fusion-flex-content-wrap\" style=\"max-width:1497.6px;margin-left: calc(-4% \/ 2 );margin-right: calc(-4% \/ 2 );\"><div class=\"fusion-layout-column fusion_builder_column fusion-builder-column-25 fusion_builder_column_1_1 1_1 fusion-flex-column\" style=\"--awb-bg-size:cover;--awb-width-large:100%;--awb-margin-top-large:0px;--awb-spacing-right-large:1.92%;--awb-margin-bottom-large:20px;--awb-spacing-left-large:1.92%;--awb-width-medium:100%;--awb-order-medium:0;--awb-spacing-right-medium:1.92%;--awb-spacing-left-medium:1.92%;--awb-width-small:100%;--awb-order-small:0;--awb-spacing-right-small:1.92%;--awb-spacing-left-small:1.92%;\"><div class=\"fusion-column-wrapper fusion-column-has-shadow fusion-flex-justify-content-flex-start fusion-content-layout-column\"><div class=\"fusion-title title fusion-title-6 fusion-sep-none fusion-title-center fusion-title-text fusion-title-size-two\" style=\"--awb-margin-top-small:10px;--awb-margin-right-small:0px;--awb-margin-bottom-small:10px;--awb-margin-left-small:0px;\"><h2 class=\"fusion-title-heading title-heading-center fusion-responsive-typography-calculated\" style=\"margin:0;--fontSize:40;line-height:var(--awb-typography1-line-height);\">Halb- und Volljuden: Der Rassenwahn der Nationalsozialisten<\/h2><\/div><\/div><\/div><\/div><\/div><div class=\"fusion-fullwidth fullwidth-box fusion-builder-row-16 fusion-flex-container has-pattern-background has-mask-background nonhundred-percent-fullwidth non-hundred-percent-height-scrolling Anthrazit fusion-custom-z-index\" style=\"--link_hover_color: var(--awb-color1);--link_color: var(--awb-color4);--awb-border-radius-top-left:0px;--awb-border-radius-top-right:0px;--awb-border-radius-bottom-right:0px;--awb-border-radius-bottom-left:0px;--awb-z-index:100;--awb-padding-top:50px;--awb-padding-bottom:50px;--awb-padding-top-small:25px;--awb-padding-bottom-small:25px;--awb-margin-top:0px;--awb-margin-bottom:0px;--awb-background-color:var(--awb-color5);--awb-flex-wrap:wrap;\" ><div class=\"fusion-builder-row fusion-row fusion-flex-align-items-flex-start fusion-flex-justify-content-flex-end fusion-flex-content-wrap\" style=\"max-width:1497.6px;margin-left: calc(-4% \/ 2 );margin-right: calc(-4% \/ 2 );\"><div class=\"fusion-layout-column fusion_builder_column fusion-builder-column-26 fusion_builder_column_1_2 1_2 fusion-flex-column\" style=\"--awb-bg-size:cover;--awb-width-large:50%;--awb-margin-top-large:0px;--awb-spacing-right-large:3.84%;--awb-margin-bottom-large:20px;--awb-spacing-left-large:3.84%;--awb-width-medium:50%;--awb-order-medium:0;--awb-spacing-right-medium:3.84%;--awb-spacing-left-medium:3.84%;--awb-width-small:100%;--awb-order-small:1;--awb-spacing-right-small:1.92%;--awb-spacing-left-small:1.92%;\"><div class=\"fusion-column-wrapper fusion-column-has-shadow fusion-flex-justify-content-flex-start fusion-content-layout-column\"><div class=\"fusion-image-element awb-imageframe-style awb-imageframe-style-below awb-imageframe-style-11\" style=\"--awb-caption-title-font-family:var(--body_typography-font-family);--awb-caption-title-font-weight:var(--body_typography-font-weight);--awb-caption-title-font-style:var(--body_typography-font-style);--awb-caption-title-size:14px;--awb-caption-title-transform:var(--body_typography-text-transform);--awb-caption-title-line-height:var(--body_typography-line-height);--awb-caption-title-letter-spacing:var(--body_typography-letter-spacing);\"><span class=\" fusion-imageframe imageframe-none imageframe-11 hover-type-none\"><img decoding=\"async\" width=\"1169\" height=\"806\" alt=\"Amtliches Formular.\" title=\"Erg\u00e4nzungskarte2\" src=\"https:\/\/kunst-raub-rueckgabe.de\/wp-content\/uploads\/2024\/09\/Ergaenzungskarte2.png\" class=\"img-responsive wp-image-5645\" srcset=\"https:\/\/kunst-raub-rueckgabe.de\/wp-content\/uploads\/2024\/09\/Ergaenzungskarte2-200x138.png 200w, https:\/\/kunst-raub-rueckgabe.de\/wp-content\/uploads\/2024\/09\/Ergaenzungskarte2-400x276.png 400w, https:\/\/kunst-raub-rueckgabe.de\/wp-content\/uploads\/2024\/09\/Ergaenzungskarte2-600x414.png 600w, https:\/\/kunst-raub-rueckgabe.de\/wp-content\/uploads\/2024\/09\/Ergaenzungskarte2-800x552.png 800w, https:\/\/kunst-raub-rueckgabe.de\/wp-content\/uploads\/2024\/09\/Ergaenzungskarte2.png 1169w\" sizes=\"(max-width: 640px) 100vw, 800px\" \/><\/span><div class=\"awb-imageframe-caption-container\"><div class=\"awb-imageframe-caption\"><div class=\"awb-imageframe-caption-title\">Erg\u00e4nzungskarte Edgar von Bleichr\u00f6ders. <\/div><p class=\"awb-imageframe-caption-text\">Leo Baeck Institute, Gerson von Bleichroeder Family Collection.<\/p><\/div><\/div><\/div><\/div><\/div><div class=\"fusion-layout-column fusion_builder_column fusion-builder-column-27 awb-sticky awb-sticky-medium awb-sticky-large fusion_builder_column_1_2 1_2 fusion-flex-column\" style=\"--awb-bg-size:cover;--awb-width-large:50%;--awb-margin-top-large:0px;--awb-spacing-right-large:3.84%;--awb-margin-bottom-large:0px;--awb-spacing-left-large:3.84%;--awb-width-medium:50%;--awb-order-medium:0;--awb-spacing-right-medium:3.84%;--awb-spacing-left-medium:3.84%;--awb-width-small:100%;--awb-order-small:0;--awb-spacing-right-small:1.92%;--awb-spacing-left-small:1.92%;--awb-sticky-offset:20px;\"><div class=\"fusion-column-wrapper fusion-column-has-shadow fusion-flex-justify-content-flex-start fusion-content-layout-column\"><div class=\"fusion-text fusion-text-13\"><h3><\/h3>\n<p>Das Jahr 1933 ist auch f\u00fcr die Familie Bleichr\u00f6der eine Z\u00e4sur. Obwohl sich James bereits als junger Mann christlich taufen lie\u00df, gelten er und seine Kinder aus erster Ehe den Nationalsozialisten als j\u00fcdisch, Wolfgang gilt als \u201aHalbjude\u2018. Edgar wird deshalb aus der Reichskammer der bildenden K\u00fcnste ausgeschlossen und kann seinem Beruf als Kunstmaler nicht mehr nachgehen. Als Folge der N\u00fcrnberger Gesetze wird das Bankhaus Bleichr\u00f6der 1937 arisiert und schlie\u00dflich liquidiert.<\/p>\n<\/div><div class=\"fusion-builder-row fusion-builder-row-inner fusion-row fusion-flex-align-items-flex-start fusion-flex-justify-content-flex-end fusion-flex-content-wrap\" style=\"--awb-flex-grow:0;--awb-flex-grow-medium:0;--awb-flex-grow-small:0;--awb-flex-shrink:0;--awb-flex-shrink-medium:0;--awb-flex-shrink-small:0;width:104% !important;max-width:104% !important;margin-left: calc(-4% \/ 2 );margin-right: calc(-4% \/ 2 );\"><div class=\"fusion-layout-column fusion_builder_column_inner fusion-builder-nested-column-0 fusion_builder_column_inner_1_1 1_1 fusion-flex-column\" style=\"--awb-bg-size:cover;--awb-width-large:100%;--awb-margin-top-large:0px;--awb-spacing-right-large:1.92%;--awb-margin-bottom-large:20px;--awb-spacing-left-large:1.92%;--awb-width-medium:100%;--awb-order-medium:0;--awb-spacing-right-medium:1.92%;--awb-spacing-left-medium:1.92%;--awb-width-small:100%;--awb-order-small:0;--awb-spacing-right-small:1.92%;--awb-spacing-left-small:1.92%;\"><div class=\"fusion-column-wrapper fusion-column-has-shadow fusion-flex-justify-content-flex-start fusion-content-layout-column\"><div class=\"fusion-text fusion-text-14 fusion-text-no-margin\" style=\"--awb-font-size:16px;--awb-margin-top:0px;--awb-margin-right:0px;--awb-margin-bottom:0px;--awb-margin-left:0px;--awb-text-font-family:&quot;Inter&quot;;--awb-text-font-style:normal;--awb-text-font-weight:600;\"><p>Hintergrund<\/p>\n<\/div><div class=\"fusion-separator\" style=\"align-self: flex-start;margin-right:auto;margin-bottom:20px;width:100%;max-width:250px;\"><div class=\"fusion-separator-border sep-single sep-solid\" style=\"--awb-height:20px;--awb-amount:20px;--awb-sep-color:var(--awb-color1);border-color:var(--awb-color1);border-top-width:1px;\"><\/div><\/div><div ><a class=\"fusion-button button-flat button-small button-custom fusion-button-default button-1 fusion-button-default-span fusion-button-default-type\" style=\"--awb-margin-top:0px;--awb-margin-right:0px;--awb-margin-bottom:0px;--awb-margin-left:0px;--button_accent_color:var(--awb-color4);--button_border_color:var(--awb-color7);--button_accent_hover_color:var(--awb-color1);--button_border_hover_color:var(--awb-color1);--button_border_width-top:0;--button_border_width-right:0;--button_border_width-bottom:0;--button_border_width-left:0;--button-border-radius-top-left:0;--button-border-radius-top-right:0;--button-border-radius-bottom-right:0;--button-border-radius-bottom-left:0;--button_gradient_top_color:rgba(255,255,255,0);--button_gradient_bottom_color:rgba(255,255,255,0);--button_gradient_top_color_hover:rgba(255,255,255,0);--button_gradient_bottom_color_hover:rgba(255,255,255,0);\" target=\"lightbox\" rel=\"iLightbox\" href=\"https:\/\/kunst-raub-rueckgabe.de\/glossar\/ariernachweis\/\"><i class=\"icon-KRR1Pfeil awb-button__icon awb-button__icon--default button-icon-left\" aria-hidden=\"true\"><\/i><span class=\"fusion-button-text awb-button__text awb-button__text--default\">Ariernachweis<\/span><\/a><\/div><div ><a class=\"fusion-button button-flat button-small button-custom fusion-button-default button-2 fusion-button-default-span fusion-button-default-type\" style=\"--awb-margin-top:0px;--awb-margin-right:0px;--awb-margin-bottom:0px;--awb-margin-left:0px;--button_accent_color:var(--awb-color4);--button_border_color:var(--awb-color7);--button_accent_hover_color:var(--awb-color1);--button_border_hover_color:var(--awb-color1);--button_border_width-top:2px;--button_border_width-right:2px;--button_border_width-bottom:2px;--button_border_width-left:2px;--button-border-radius-top-left:50px;--button-border-radius-top-right:50px;--button-border-radius-bottom-right:50px;--button-border-radius-bottom-left:50px;--button_gradient_top_color:rgba(255,255,255,0);--button_gradient_bottom_color:rgba(255,255,255,0);--button_gradient_top_color_hover:rgba(255,255,255,0);--button_gradient_bottom_color_hover:rgba(255,255,255,0);\" target=\"lightbox\" rel=\"iLightbox\" href=\"https:\/\/kunst-raub-rueckgabe.de\/glossar\/arisierung\/\"><i class=\"icon-KRR1Pfeil awb-button__icon awb-button__icon--default button-icon-left\" aria-hidden=\"true\"><\/i><span class=\"fusion-button-text awb-button__text awb-button__text--default\">Arisierung<\/span><\/a><\/div><div ><a class=\"fusion-button button-flat button-small button-custom fusion-button-default button-3 fusion-button-default-span fusion-button-default-type\" style=\"--awb-margin-top:0px;--awb-margin-right:0px;--awb-margin-bottom:0px;--awb-margin-left:0px;--button_accent_color:var(--awb-color4);--button_border_color:var(--awb-color7);--button_accent_hover_color:var(--awb-color1);--button_border_hover_color:var(--awb-color1);--button_border_width-top:2px;--button_border_width-right:2px;--button_border_width-bottom:2px;--button_border_width-left:2px;--button-border-radius-top-left:50px;--button-border-radius-top-right:50px;--button-border-radius-bottom-right:50px;--button-border-radius-bottom-left:50px;--button_gradient_top_color:rgba(255,255,255,0);--button_gradient_bottom_color:rgba(255,255,255,0);--button_gradient_top_color_hover:rgba(255,255,255,0);--button_gradient_bottom_color_hover:rgba(255,255,255,0);\" target=\"lightbox\" rel=\"iLightbox\" href=\"https:\/\/kunst-raub-rueckgabe.de\/glossar\/ns-gesetze-berufsbeamtentum\/\"><i class=\"icon-KRR1Pfeil awb-button__icon awb-button__icon--default button-icon-left\" aria-hidden=\"true\"><\/i><span class=\"fusion-button-text awb-button__text awb-button__text--default\">NS-Gesetze zur Wiederherstellung des Berufsbeamtentums<\/span><\/a><\/div><div ><a class=\"fusion-button button-flat button-small button-custom fusion-button-default button-4 fusion-button-default-span fusion-button-default-type\" style=\"--awb-margin-top:0px;--awb-margin-right:0px;--awb-margin-bottom:0px;--awb-margin-left:0px;--button_accent_color:var(--awb-color4);--button_border_color:var(--awb-color7);--button_accent_hover_color:var(--awb-color1);--button_border_hover_color:var(--awb-color1);--button_border_width-top:2px;--button_border_width-right:2px;--button_border_width-bottom:2px;--button_border_width-left:2px;--button-border-radius-top-left:50px;--button-border-radius-top-right:50px;--button-border-radius-bottom-right:50px;--button-border-radius-bottom-left:50px;--button_gradient_top_color:rgba(255,255,255,0);--button_gradient_bottom_color:rgba(255,255,255,0);--button_gradient_top_color_hover:rgba(255,255,255,0);--button_gradient_bottom_color_hover:rgba(255,255,255,0);\" target=\"lightbox\" rel=\"iLightbox\" href=\"https:\/\/kunst-raub-rueckgabe.de\/glossar\/nuernberger-gesetze\/\"><i class=\"icon-KRR1Pfeil awb-button__icon awb-button__icon--default button-icon-left\" aria-hidden=\"true\"><\/i><span class=\"fusion-button-text awb-button__text awb-button__text--default\">N\u00fcrnberger Gesetze<\/span><\/a><\/div><\/div><\/div><\/div><\/div><\/div><\/div><\/div><div class=\"fusion-fullwidth fullwidth-box fusion-builder-row-17 fusion-flex-container has-pattern-background has-mask-background nonhundred-percent-fullwidth non-hundred-percent-height-scrolling Anthrazit fusion-custom-z-index\" style=\"--link_hover_color: var(--awb-color1);--link_color: var(--awb-color4);--awb-border-radius-top-left:0px;--awb-border-radius-top-right:0px;--awb-border-radius-bottom-right:0px;--awb-border-radius-bottom-left:0px;--awb-z-index:100;--awb-padding-top:50px;--awb-padding-bottom:50px;--awb-padding-top-small:25px;--awb-padding-bottom-small:25px;--awb-margin-top:0px;--awb-margin-bottom:0px;--awb-background-color:var(--awb-color5);--awb-flex-wrap:wrap;\" ><div class=\"fusion-builder-row fusion-row fusion-flex-align-items-flex-start fusion-flex-justify-content-flex-end fusion-flex-content-wrap\" style=\"max-width:1497.6px;margin-left: calc(-4% \/ 2 );margin-right: calc(-4% \/ 2 );\"><div class=\"fusion-layout-column fusion_builder_column fusion-builder-column-28 fusion_builder_column_1_2 1_2 fusion-flex-column\" style=\"--awb-bg-size:cover;--awb-width-large:50%;--awb-margin-top-large:0px;--awb-spacing-right-large:3.84%;--awb-margin-bottom-large:20px;--awb-spacing-left-large:3.84%;--awb-width-medium:50%;--awb-order-medium:0;--awb-spacing-right-medium:3.84%;--awb-spacing-left-medium:3.84%;--awb-width-small:100%;--awb-order-small:1;--awb-spacing-right-small:1.92%;--awb-spacing-left-small:1.92%;\"><div class=\"fusion-column-wrapper fusion-column-has-shadow fusion-flex-justify-content-flex-start fusion-content-layout-column\"><div class=\"fusion-image-element awb-imageframe-style awb-imageframe-style-below awb-imageframe-style-12\" style=\"--awb-caption-title-font-family:var(--body_typography-font-family);--awb-caption-title-font-weight:var(--body_typography-font-weight);--awb-caption-title-font-style:var(--body_typography-font-style);--awb-caption-title-size:var(--body_typography-font-size);--awb-caption-title-transform:var(--body_typography-text-transform);--awb-caption-title-line-height:var(--body_typography-line-height);--awb-caption-title-letter-spacing:var(--body_typography-letter-spacing);\"><span class=\" fusion-imageframe imageframe-none imageframe-12 hover-type-none\"><img decoding=\"async\" width=\"1923\" height=\"761\" title=\"Lepke scan 2\" src=\"https:\/\/kunst-raub-rueckgabe.de\/wp-content\/uploads\/2024\/09\/Lepke-scan-2.jpg\" alt class=\"img-responsive wp-image-5653\" srcset=\"https:\/\/kunst-raub-rueckgabe.de\/wp-content\/uploads\/2024\/09\/Lepke-scan-2-200x79.jpg 200w, https:\/\/kunst-raub-rueckgabe.de\/wp-content\/uploads\/2024\/09\/Lepke-scan-2-400x158.jpg 400w, https:\/\/kunst-raub-rueckgabe.de\/wp-content\/uploads\/2024\/09\/Lepke-scan-2-600x237.jpg 600w, https:\/\/kunst-raub-rueckgabe.de\/wp-content\/uploads\/2024\/09\/Lepke-scan-2-800x317.jpg 800w, https:\/\/kunst-raub-rueckgabe.de\/wp-content\/uploads\/2024\/09\/Lepke-scan-2-1200x475.jpg 1200w, https:\/\/kunst-raub-rueckgabe.de\/wp-content\/uploads\/2024\/09\/Lepke-scan-2.jpg 1923w\" sizes=\"(max-width: 640px) 100vw, 800px\" \/><\/span><div class=\"awb-imageframe-caption-container\"><div class=\"awb-imageframe-caption\"><div class=\"awb-imageframe-caption-title\">Beschreibung des Gem\u00e4ldes im Auktionskatalog.<\/div><\/div><\/div><\/div><\/div><\/div><div class=\"fusion-layout-column fusion_builder_column fusion-builder-column-29 awb-sticky awb-sticky-medium awb-sticky-large fusion_builder_column_1_2 1_2 fusion-flex-column\" style=\"--awb-bg-size:cover;--awb-width-large:50%;--awb-margin-top-large:0px;--awb-spacing-right-large:3.84%;--awb-margin-bottom-large:0px;--awb-spacing-left-large:3.84%;--awb-width-medium:50%;--awb-order-medium:0;--awb-spacing-right-medium:3.84%;--awb-spacing-left-medium:3.84%;--awb-width-small:100%;--awb-order-small:0;--awb-spacing-right-small:1.92%;--awb-spacing-left-small:1.92%;--awb-sticky-offset:20px;\"><div class=\"fusion-column-wrapper fusion-column-has-shadow fusion-flex-justify-content-flex-start fusion-content-layout-column\"><div class=\"fusion-text fusion-text-15\"><h3 class=\"fusion-responsive-typography-calculated\" style=\"--fontsize: 32; line-height: 1.2;\" data-fontsize=\"32\" data-lineheight=\"38.4px\"><\/h3>\n<p>James stirbt 1937 im Alter von 77 Jahren. Nach seinem Tod wird seine Kunstsammlung in Berlin versteigert. Der M\u00fcnchner Kunsth\u00e4ndler Julius B\u00f6hler erwirbt hier die \u201aAuferweckung des Lazarus\u2018.<\/p>\n<p>Ein sehr prominenter Kunde kauft das Gem\u00e4lde bei B\u00f6hler f\u00fcr seine Privatsammlung: Generalfeldmarschall Hermann G\u00f6ring. Er zahlt daf\u00fcr die stattliche Summe von 8000 Reichsmark.<\/p>\n<\/div><div class=\"fusion-builder-row fusion-builder-row-inner fusion-row fusion-flex-align-items-flex-start fusion-flex-justify-content-flex-end fusion-flex-content-wrap\" style=\"--awb-flex-grow:0;--awb-flex-grow-medium:0;--awb-flex-grow-small:0;--awb-flex-shrink:0;--awb-flex-shrink-medium:0;--awb-flex-shrink-small:0;width:104% !important;max-width:104% !important;margin-left: calc(-4% \/ 2 );margin-right: calc(-4% \/ 2 );\"><div class=\"fusion-layout-column fusion_builder_column_inner fusion-builder-nested-column-1 fusion_builder_column_inner_1_1 1_1 fusion-flex-column\" style=\"--awb-bg-size:cover;--awb-width-large:100%;--awb-margin-top-large:0px;--awb-spacing-right-large:1.92%;--awb-margin-bottom-large:20px;--awb-spacing-left-large:1.92%;--awb-width-medium:100%;--awb-order-medium:0;--awb-spacing-right-medium:1.92%;--awb-spacing-left-medium:1.92%;--awb-width-small:100%;--awb-order-small:0;--awb-spacing-right-small:1.92%;--awb-spacing-left-small:1.92%;\"><div class=\"fusion-column-wrapper fusion-column-has-shadow fusion-flex-justify-content-flex-start fusion-content-layout-column\"><div class=\"fusion-text fusion-text-16 fusion-text-no-margin\" style=\"--awb-font-size:16px;--awb-margin-top:0px;--awb-margin-right:0px;--awb-margin-bottom:0px;--awb-margin-left:0px;--awb-text-font-family:&quot;Inter&quot;;--awb-text-font-style:normal;--awb-text-font-weight:600;\"><p>Hintergrund<\/p>\n<\/div><div class=\"fusion-separator\" style=\"align-self: flex-start;margin-right:auto;margin-bottom:20px;width:100%;max-width:250px;\"><div class=\"fusion-separator-border sep-single sep-solid\" style=\"--awb-height:20px;--awb-amount:20px;--awb-sep-color:var(--awb-color1);border-color:var(--awb-color1);border-top-width:1px;\"><\/div><\/div><div ><a class=\"fusion-button button-flat button-small button-custom fusion-button-default button-5 fusion-button-default-span fusion-button-default-type\" style=\"--awb-margin-top:0px;--awb-margin-right:0px;--awb-margin-bottom:0px;--awb-margin-left:0px;--button_accent_color:var(--awb-color4);--button_border_color:var(--awb-color7);--button_accent_hover_color:var(--awb-color1);--button_border_hover_color:var(--awb-color1);--button_border_width-top:2px;--button_border_width-right:2px;--button_border_width-bottom:2px;--button_border_width-left:2px;--button-border-radius-top-left:50px;--button-border-radius-top-right:50px;--button-border-radius-bottom-right:50px;--button-border-radius-bottom-left:50px;--button_gradient_top_color:rgba(255,255,255,0);--button_gradient_bottom_color:rgba(255,255,255,0);--button_gradient_top_color_hover:rgba(255,255,255,0);--button_gradient_bottom_color_hover:rgba(255,255,255,0);\" target=\"lightbox\" rel=\"iLightbox\" href=\"https:\/\/kunst-raub-rueckgabe.de\/glossar\/goering\/\"><i class=\"icon-KRR1Pfeil awb-button__icon awb-button__icon--default button-icon-left\" aria-hidden=\"true\"><\/i><span class=\"fusion-button-text awb-button__text awb-button__text--default\">Hermann G\u00f6ring<\/span><\/a><\/div><\/div><\/div><\/div><\/div><\/div><\/div><\/div><div class=\"fusion-fullwidth fullwidth-box fusion-builder-row-18 fusion-flex-container has-pattern-background has-mask-background nonhundred-percent-fullwidth non-hundred-percent-height-scrolling nicht-inhalt\" style=\"--link_hover_color: var(--awb-color4);--link_color: var(--awb-color4);--awb-border-radius-top-left:0px;--awb-border-radius-top-right:0px;--awb-border-radius-bottom-right:0px;--awb-border-radius-bottom-left:0px;--awb-padding-top:50px;--awb-padding-bottom:50px;--awb-margin-top:0px;--awb-margin-bottom:0px;--awb-flex-wrap:wrap;\" ><div class=\"fusion-builder-row fusion-row fusion-flex-align-items-flex-start fusion-flex-justify-content-flex-end fusion-flex-content-wrap\" style=\"max-width:1497.6px;margin-left: calc(-4% \/ 2 );margin-right: calc(-4% \/ 2 );\"><div class=\"fusion-layout-column fusion_builder_column fusion-builder-column-30 fusion_builder_column_1_1 1_1 fusion-flex-column blaue-box\" style=\"--awb-padding-top:42px;--awb-padding-right:45px;--awb-padding-bottom:45px;--awb-padding-left:45px;--awb-padding-top-small:20px;--awb-padding-right-small:20px;--awb-padding-bottom-small:20px;--awb-padding-left-small:20px;--awb-bg-color:var(--awb-color2);--awb-bg-color-hover:var(--awb-color2);--awb-bg-size:cover;--awb-width-large:100%;--awb-margin-top-large:0px;--awb-spacing-right-large:1.92%;--awb-margin-bottom-large:0px;--awb-spacing-left-large:1.92%;--awb-width-medium:100%;--awb-order-medium:0;--awb-spacing-right-medium:1.92%;--awb-spacing-left-medium:1.92%;--awb-width-small:100%;--awb-order-small:0;--awb-margin-top-small:25px;--awb-spacing-right-small:1.92%;--awb-margin-bottom-small:25px;--awb-spacing-left-small:1.92%;\" data-scroll-devices=\"small-visibility,medium-visibility,large-visibility\"><div class=\"fusion-column-wrapper fusion-column-has-shadow fusion-flex-justify-content-flex-start fusion-content-layout-column\"><div class=\"fusion-builder-row fusion-builder-row-inner fusion-row fusion-flex-align-items-flex-start fusion-flex-justify-content-flex-end fusion-flex-content-wrap\" style=\"--awb-flex-grow:0;--awb-flex-grow-medium:0;--awb-flex-grow-small:0;--awb-flex-shrink:0;--awb-flex-shrink-medium:0;--awb-flex-shrink-small:0;width:104% !important;max-width:104% !important;margin-left: calc(-4% \/ 2 );margin-right: calc(-4% \/ 2 );\"><div class=\"fusion-layout-column fusion_builder_column_inner fusion-builder-nested-column-2 fusion_builder_column_inner_1_2 1_2 fusion-flex-column\" style=\"--awb-bg-size:cover;--awb-width-large:50%;--awb-margin-top-large:9px;--awb-spacing-right-large:3.84%;--awb-margin-bottom-large:20px;--awb-spacing-left-large:3.84%;--awb-width-medium:50%;--awb-order-medium:0;--awb-spacing-right-medium:3.84%;--awb-spacing-left-medium:3.84%;--awb-width-small:100%;--awb-order-small:1;--awb-spacing-right-small:1.92%;--awb-spacing-left-small:1.92%;\"><div class=\"fusion-column-wrapper fusion-column-has-shadow fusion-flex-justify-content-flex-start fusion-content-layout-column\"><div class=\"fusion-image-element awb-imageframe-style awb-imageframe-style-below awb-imageframe-style-13\" style=\"--awb-caption-title-color:var(--awb-color1);--awb-caption-text-color:var(--awb-color1);--awb-caption-title-font-family:var(--body_typography-font-family);--awb-caption-title-font-weight:var(--body_typography-font-weight);--awb-caption-title-font-style:var(--body_typography-font-style);--awb-caption-title-size:var(--body_typography-font-size);--awb-caption-title-transform:var(--body_typography-text-transform);--awb-caption-title-line-height:var(--body_typography-line-height);--awb-caption-title-letter-spacing:var(--body_typography-letter-spacing);\"><span class=\" fusion-imageframe imageframe-none imageframe-13 hover-type-none\"><img decoding=\"async\" width=\"800\" height=\"560\" alt=\"Schwarzwei\u00dffotografie. Hitler und G\u00f6ring im Haus der Deutschen Kunstgalerie.\" title=\"Hitler und G\u00f6ring im Haus der Deutschen Kunst\" src=\"https:\/\/kunst-raub-rueckgabe.de\/wp-content\/uploads\/2024\/09\/Hitler_und_Goering_im_Haus_der_Deutschen_Kunst.jpg\" class=\"img-responsive wp-image-5658\" srcset=\"https:\/\/kunst-raub-rueckgabe.de\/wp-content\/uploads\/2024\/09\/Hitler_und_Goering_im_Haus_der_Deutschen_Kunst-200x140.jpg 200w, https:\/\/kunst-raub-rueckgabe.de\/wp-content\/uploads\/2024\/09\/Hitler_und_Goering_im_Haus_der_Deutschen_Kunst-400x280.jpg 400w, https:\/\/kunst-raub-rueckgabe.de\/wp-content\/uploads\/2024\/09\/Hitler_und_Goering_im_Haus_der_Deutschen_Kunst-600x420.jpg 600w, https:\/\/kunst-raub-rueckgabe.de\/wp-content\/uploads\/2024\/09\/Hitler_und_Goering_im_Haus_der_Deutschen_Kunst.jpg 800w\" sizes=\"(max-width: 640px) 100vw, 800px\" \/><\/span><div class=\"awb-imageframe-caption-container\"><div class=\"awb-imageframe-caption\"><div class=\"awb-imageframe-caption-title\">Hitler und G\u00f6ring im Haus der Deuschen Kunst<\/div><p class=\"awb-imageframe-caption-text\">Bundesarchiv Bild 183-C10110<\/p><\/div><\/div><\/div><\/div><\/div><div class=\"fusion-layout-column fusion_builder_column_inner fusion-builder-nested-column-3 fusion_builder_column_inner_1_2 1_2 fusion-flex-column\" style=\"--awb-bg-size:cover;--awb-width-large:50%;--awb-margin-top-large:0px;--awb-spacing-right-large:3.84%;--awb-margin-bottom-large:20px;--awb-spacing-left-large:3.84%;--awb-width-medium:50%;--awb-order-medium:0;--awb-spacing-right-medium:3.84%;--awb-spacing-left-medium:3.84%;--awb-width-small:100%;--awb-order-small:0;--awb-spacing-right-small:1.92%;--awb-spacing-left-small:1.92%;\"><div class=\"fusion-column-wrapper fusion-column-has-shadow fusion-flex-justify-content-flex-start fusion-content-layout-column\"><div class=\"fusion-title title fusion-title-7 fusion-sep-none fusion-title-text fusion-title-size-div\" style=\"--awb-text-color:var(--awb-color1);--awb-margin-top-small:10px;--awb-margin-right-small:0px;--awb-margin-bottom-small:10px;--awb-margin-left-small:0px;--awb-font-size:40px;\"><div class=\"fusion-title-heading title-heading-left title-heading-tag fusion-responsive-typography-calculated\" style=\"font-family:var(--awb-typography1-font-family);font-weight:var(--awb-typography1-font-weight);font-style:var(--awb-typography1-font-style);margin:0;letter-spacing:var(--awb-typography1-letter-spacing);text-transform:var(--awb-typography1-text-transform);font-size:1em;--fontSize:40;line-height:var(--awb-typography1-line-height);\"><strong>Hermann G\u00f6ring als Kunstsammler<\/strong><\/div><\/div><div class=\"fusion-text fusion-text-17\" style=\"--awb-font-size:18px;--awb-text-color:var(--awb-color1);\"><p><a href=\"https:\/\/kunst-raub-rueckgabe.de\/glossar\/goering\/\">Hermann G\u00f6ring<\/a> ist neben Adolf Hitler wohl der gr\u00f6\u00dfte Kunstsammler der nationalsozialistischen F\u00fchrungselite. Dabei nutzt er die Kunstwerke, um sich als besonders kultiviert darzustellen. Ebenso nutzt er umgekehrt seine Stellung als Ministerpr\u00e4sident und Generalfeldmarschall, um zu zeigen, welche Kunst als besonders wertvoll und &#8222;deutsch&#8220; galt. H\u00e4ufig kauft er Kunstgegenst\u00e4nde, die durch Enteignung, Verfolgung oder Ermordung ihrer rechtm\u00e4\u00dfigen Eigent\u00fcmer:innen auf den Markt kommen.<\/p>\n<\/div><\/div><\/div><\/div><\/div><\/div><\/div><\/div><div class=\"fusion-fullwidth fullwidth-box fusion-builder-row-19 fusion-flex-container has-pattern-background has-mask-background nonhundred-percent-fullwidth non-hundred-percent-height-scrolling Anthrazit fusion-custom-z-index\" style=\"--link_hover_color: var(--awb-color1);--link_color: var(--awb-color4);--awb-border-radius-top-left:0px;--awb-border-radius-top-right:0px;--awb-border-radius-bottom-right:0px;--awb-border-radius-bottom-left:0px;--awb-z-index:100;--awb-padding-top:50px;--awb-padding-bottom:50px;--awb-padding-top-small:25px;--awb-padding-bottom-small:25px;--awb-margin-top:0px;--awb-margin-bottom:0px;--awb-background-color:var(--awb-color5);--awb-flex-wrap:wrap;\" ><div class=\"fusion-builder-row fusion-row fusion-flex-align-items-flex-start fusion-flex-justify-content-flex-end fusion-flex-content-wrap\" style=\"max-width:1497.6px;margin-left: calc(-4% \/ 2 );margin-right: calc(-4% \/ 2 );\"><div class=\"fusion-layout-column fusion_builder_column fusion-builder-column-31 fusion_builder_column_1_2 1_2 fusion-flex-column\" style=\"--awb-padding-bottom:0.9939999999999998px;--awb-bg-size:cover;--awb-width-large:50%;--awb-margin-top-large:0px;--awb-spacing-right-large:3.84%;--awb-margin-bottom-large:0px;--awb-spacing-left-large:25.92%;--awb-width-medium:50%;--awb-order-medium:0;--awb-spacing-right-medium:3.84%;--awb-spacing-left-medium:25.92%;--awb-width-small:100%;--awb-order-small:1;--awb-spacing-right-small:1.92%;--awb-spacing-left-small:1.92%;\"><div class=\"fusion-column-wrapper fusion-column-has-shadow fusion-flex-justify-content-flex-start fusion-content-layout-column\"><div class=\"fusion-image-element awb-imageframe-style awb-imageframe-style-below awb-imageframe-style-14\" style=\"--awb-caption-title-font-family:var(--body_typography-font-family);--awb-caption-title-font-weight:var(--body_typography-font-weight);--awb-caption-title-font-style:var(--body_typography-font-style);--awb-caption-title-size:14px;--awb-caption-title-transform:var(--body_typography-text-transform);--awb-caption-title-line-height:var(--body_typography-line-height);--awb-caption-title-letter-spacing:var(--body_typography-letter-spacing);\"><span class=\" fusion-imageframe imageframe-none imageframe-14 hover-type-none\"><img decoding=\"async\" width=\"922\" height=\"648\" alt=\"Schwarzwei\u00dffotografie. Ellie von Bleichr\u00f6der lauscht einem Vortrag.\" title=\"Ellie von Bleichr\u00f6der im Publikum w\u00e4hrend eines Vortrags in Theresienstadt.\" src=\"https:\/\/kunst-raub-rueckgabe.de\/wp-content\/uploads\/2024\/09\/Theresienstadt.jpg\" class=\"img-responsive wp-image-5664\" srcset=\"https:\/\/kunst-raub-rueckgabe.de\/wp-content\/uploads\/2024\/09\/Theresienstadt-200x141.jpg 200w, https:\/\/kunst-raub-rueckgabe.de\/wp-content\/uploads\/2024\/09\/Theresienstadt-400x281.jpg 400w, https:\/\/kunst-raub-rueckgabe.de\/wp-content\/uploads\/2024\/09\/Theresienstadt-600x422.jpg 600w, https:\/\/kunst-raub-rueckgabe.de\/wp-content\/uploads\/2024\/09\/Theresienstadt-800x562.jpg 800w, https:\/\/kunst-raub-rueckgabe.de\/wp-content\/uploads\/2024\/09\/Theresienstadt.jpg 922w\" sizes=\"(max-width: 640px) 100vw, 600px\" \/><\/span><div class=\"awb-imageframe-caption-container\"><div class=\"awb-imageframe-caption\"><div class=\"awb-imageframe-caption-title\">Ellie von Bleichr\u00f6der im Publikum w\u00e4hrend eines Vortrags in Theresienstadt.<\/div><\/div><\/div><\/div><\/div><\/div><div class=\"fusion-layout-column fusion_builder_column fusion-builder-column-32 awb-sticky awb-sticky-medium awb-sticky-large fusion_builder_column_1_2 1_2 fusion-flex-column\" style=\"--awb-bg-size:cover;--awb-width-large:50%;--awb-margin-top-large:0px;--awb-spacing-right-large:3.84%;--awb-margin-bottom-large:0px;--awb-spacing-left-large:3.84%;--awb-width-medium:50%;--awb-order-medium:0;--awb-spacing-right-medium:3.84%;--awb-spacing-left-medium:3.84%;--awb-width-small:100%;--awb-order-small:0;--awb-spacing-right-small:1.92%;--awb-spacing-left-small:1.92%;--awb-sticky-offset:20px;\"><div class=\"fusion-column-wrapper fusion-column-has-shadow fusion-flex-justify-content-flex-start fusion-content-layout-column\"><div class=\"fusion-text fusion-text-18\"><p>Zu Beginn der 40er Jahre wird die Verfolgung der Familie immer h\u00e4rter. Curt und Edgar, den S\u00f6hnen aus erster Ehe gelingt es 1942 in die Schweiz zu emigrieren. Ihre Schwestern Ellie und Harriet werden im selben Jahr gefangen genommen. Ellie wird in Theresienstadt interniert. In dem Propagandafilm \u201eTheresienstadt\u201c ist sie in einer kurzen Sequenz zu sehen, wie sie einem wissenschaftlichen Vortrag lauscht. Dort wird sie im Mai 1945 von der Roten Armee befreit. Harriet wird nach Riga deportiert und dort ermordet. Wolfgang von Bleichr\u00f6der soll als \u201eMischling\u201c zur Zwangsarbeit eingezogen werden, entzieht sich aber durch eine selbstzugef\u00fchrte Gelbsucht und emigriert sp\u00e4ter in die USA.<\/p>\n<\/div><div class=\"fusion-builder-row fusion-builder-row-inner fusion-row fusion-flex-align-items-flex-start fusion-flex-justify-content-flex-end fusion-flex-content-wrap\" style=\"--awb-flex-grow:0;--awb-flex-grow-medium:0;--awb-flex-grow-small:0;--awb-flex-shrink:0;--awb-flex-shrink-medium:0;--awb-flex-shrink-small:0;width:104% !important;max-width:104% !important;margin-left: calc(-4% \/ 2 );margin-right: calc(-4% \/ 2 );\"><div class=\"fusion-layout-column fusion_builder_column_inner fusion-builder-nested-column-4 fusion_builder_column_inner_1_1 1_1 fusion-flex-column\" style=\"--awb-bg-size:cover;--awb-width-large:100%;--awb-margin-top-large:0px;--awb-spacing-right-large:1.92%;--awb-margin-bottom-large:20px;--awb-spacing-left-large:1.92%;--awb-width-medium:100%;--awb-order-medium:0;--awb-spacing-right-medium:1.92%;--awb-spacing-left-medium:1.92%;--awb-width-small:100%;--awb-order-small:0;--awb-spacing-right-small:1.92%;--awb-spacing-left-small:1.92%;\"><div class=\"fusion-column-wrapper fusion-column-has-shadow fusion-flex-justify-content-flex-start fusion-content-layout-column\"><div class=\"fusion-text fusion-text-19 fusion-text-no-margin\" style=\"--awb-font-size:16px;--awb-margin-top:0px;--awb-margin-right:0px;--awb-margin-bottom:0px;--awb-margin-left:0px;--awb-text-font-family:&quot;Inter&quot;;--awb-text-font-style:normal;--awb-text-font-weight:600;\"><p>Hintergrund<\/p>\n<\/div><div class=\"fusion-separator\" style=\"align-self: flex-start;margin-right:auto;margin-bottom:20px;width:100%;max-width:250px;\"><div class=\"fusion-separator-border sep-single sep-solid\" style=\"--awb-height:20px;--awb-amount:20px;--awb-sep-color:var(--awb-color1);border-color:var(--awb-color1);border-top-width:1px;\"><\/div><\/div><div ><a class=\"fusion-button button-flat button-small button-custom fusion-button-default button-6 fusion-button-default-span fusion-button-default-type\" style=\"--awb-margin-top:0px;--awb-margin-right:0px;--awb-margin-bottom:0px;--awb-margin-left:0px;--button_accent_color:var(--awb-color4);--button_border_color:var(--awb-color7);--button_accent_hover_color:var(--awb-color1);--button_border_hover_color:var(--awb-color1);--button_border_width-top:0;--button_border_width-right:0;--button_border_width-bottom:0;--button_border_width-left:0;--button-border-radius-top-left:0;--button-border-radius-top-right:0;--button-border-radius-bottom-right:0;--button-border-radius-bottom-left:0;--button_gradient_top_color:rgba(255,255,255,0);--button_gradient_bottom_color:rgba(255,255,255,0);--button_gradient_top_color_hover:rgba(255,255,255,0);--button_gradient_bottom_color_hover:rgba(255,255,255,0);\" target=\"lightbox\" rel=\"iLightbox\" href=\"https:\/\/kunst-raub-rueckgabe.de\/glossar\/mischling\/\"><i class=\"icon-KRR1Pfeil awb-button__icon awb-button__icon--default button-icon-left\" aria-hidden=\"true\"><\/i><span class=\"fusion-button-text awb-button__text awb-button__text--default\">Mischling<\/span><\/a><\/div><\/div><\/div><\/div><\/div><\/div><\/div><\/div><div class=\"fusion-fullwidth fullwidth-box fusion-builder-row-20 fusion-flex-container has-pattern-background has-mask-background nonhundred-percent-fullwidth non-hundred-percent-height-scrolling Anthrazit\" style=\"--awb-border-radius-top-left:0px;--awb-border-radius-top-right:0px;--awb-border-radius-bottom-right:0px;--awb-border-radius-bottom-left:0px;--awb-padding-top:50px;--awb-padding-bottom:50px;--awb-padding-top-small:25px;--awb-padding-bottom-small:25px;--awb-margin-top:0px;--awb-margin-bottom:0px;--awb-flex-wrap:wrap;\" ><div class=\"fusion-builder-row fusion-row fusion-flex-align-items-flex-start fusion-flex-content-wrap\" style=\"max-width:1497.6px;margin-left: calc(-4% \/ 2 );margin-right: calc(-4% \/ 2 );\"><div class=\"fusion-layout-column fusion_builder_column fusion-builder-column-33 fusion_builder_column_1_2 1_2 fusion-flex-column\" style=\"--awb-padding-top:10px;--awb-bg-size:cover;--awb-width-large:50%;--awb-margin-top-large:0px;--awb-spacing-right-large:3.84%;--awb-margin-bottom-large:20px;--awb-spacing-left-large:3.84%;--awb-width-medium:50%;--awb-order-medium:0;--awb-spacing-right-medium:3.84%;--awb-spacing-left-medium:3.84%;--awb-width-small:100%;--awb-order-small:0;--awb-spacing-right-small:1.92%;--awb-margin-bottom-small:50px;--awb-spacing-left-small:1.92%;\"><div class=\"fusion-column-wrapper fusion-column-has-shadow fusion-flex-justify-content-flex-start fusion-content-layout-column\"><div class=\"fusion-image-element awb-imageframe-style awb-imageframe-style-below awb-imageframe-style-15\" style=\"--awb-caption-title-font-family:var(--body_typography-font-family);--awb-caption-title-font-weight:var(--body_typography-font-weight);--awb-caption-title-font-style:var(--body_typography-font-style);--awb-caption-title-size:var(--body_typography-font-size);--awb-caption-title-transform:var(--body_typography-text-transform);--awb-caption-title-line-height:var(--body_typography-line-height);--awb-caption-title-letter-spacing:var(--body_typography-letter-spacing);\"><span class=\" fusion-imageframe imageframe-none imageframe-15 hover-type-none\"><img decoding=\"async\" width=\"848\" height=\"554\" alt=\"Schwarzwei\u00dffotografie. M\u00e4nner in Milit\u00e4runiform laden Gem\u00e4lde in Goldrahmen von der Ladefl\u00e4che eines LKWs.\" title=\"Anlieferung CCP\" src=\"https:\/\/kunst-raub-rueckgabe.de\/wp-content\/uploads\/2024\/09\/Anlieferung-CCP-e1726049816606.png\" class=\"img-responsive wp-image-5671\" srcset=\"https:\/\/kunst-raub-rueckgabe.de\/wp-content\/uploads\/2024\/09\/Anlieferung-CCP-e1726049816606-200x131.png 200w, https:\/\/kunst-raub-rueckgabe.de\/wp-content\/uploads\/2024\/09\/Anlieferung-CCP-e1726049816606-400x261.png 400w, https:\/\/kunst-raub-rueckgabe.de\/wp-content\/uploads\/2024\/09\/Anlieferung-CCP-e1726049816606-600x392.png 600w, https:\/\/kunst-raub-rueckgabe.de\/wp-content\/uploads\/2024\/09\/Anlieferung-CCP-e1726049816606-800x523.png 800w, https:\/\/kunst-raub-rueckgabe.de\/wp-content\/uploads\/2024\/09\/Anlieferung-CCP-e1726049816606.png 848w\" sizes=\"(max-width: 640px) 100vw, 800px\" \/><\/span><div class=\"awb-imageframe-caption-container\"><div class=\"awb-imageframe-caption\"><div class=\"awb-imageframe-caption-title\">Anlieferung von Kunstwerken in den Central Collecting Point M\u00fcnchen 1945\/46.<\/div><p class=\"awb-imageframe-caption-text\">Photothek Zentralinstitut f\u00fcr Kunstgeschichte M\u00fcnchen<\/p><\/div><\/div><\/div><\/div><\/div><div class=\"fusion-layout-column fusion_builder_column fusion-builder-column-34 fusion_builder_column_1_2 1_2 fusion-flex-column\" style=\"--awb-bg-size:cover;--awb-width-large:50%;--awb-margin-top-large:0px;--awb-spacing-right-large:3.84%;--awb-margin-bottom-large:20px;--awb-spacing-left-large:3.84%;--awb-width-medium:50%;--awb-order-medium:0;--awb-spacing-right-medium:3.84%;--awb-spacing-left-medium:3.84%;--awb-width-small:100%;--awb-order-small:0;--awb-spacing-right-small:1.92%;--awb-spacing-left-small:1.92%;\"><div class=\"fusion-column-wrapper fusion-column-has-shadow fusion-flex-justify-content-flex-start fusion-content-layout-column\"><div class=\"fusion-text fusion-text-20\"><p>1945 l\u00e4sst Hermann G\u00f6ring aus Angst vor der n\u00e4her r\u00fcckenden Roten Armee Teile seiner Kunstsammlung aus seiner Residenz Carinhall nach Berchtesgaden bringen. Dort werden sie im Fr\u00fchjahr 1945 von den amerikanischen Streitkr\u00e4ften entdeckt und in den Central Collecting Point nach M\u00fcnchen gebracht.<\/p>\n<\/div><\/div><\/div><\/div><\/div><div class=\"fusion-fullwidth fullwidth-box fusion-builder-row-21 fusion-flex-container has-pattern-background has-mask-background nonhundred-percent-fullwidth non-hundred-percent-height-scrolling\" style=\"--awb-border-radius-top-left:0px;--awb-border-radius-top-right:0px;--awb-border-radius-bottom-right:0px;--awb-border-radius-bottom-left:0px;--awb-padding-top:60px;--awb-flex-wrap:wrap;\" ><div class=\"fusion-builder-row fusion-row fusion-flex-align-items-flex-start fusion-flex-content-wrap\" style=\"max-width:1497.6px;margin-left: calc(-4% \/ 2 );margin-right: calc(-4% \/ 2 );\"><div class=\"fusion-layout-column fusion_builder_column fusion-builder-column-35 fusion_builder_column_1_1 1_1 fusion-flex-column\" style=\"--awb-bg-size:cover;--awb-width-large:100%;--awb-margin-top-large:0px;--awb-spacing-right-large:1.92%;--awb-margin-bottom-large:20px;--awb-spacing-left-large:1.92%;--awb-width-medium:100%;--awb-order-medium:0;--awb-spacing-right-medium:1.92%;--awb-spacing-left-medium:1.92%;--awb-width-small:100%;--awb-order-small:0;--awb-spacing-right-small:1.92%;--awb-spacing-left-small:1.92%;\"><div class=\"fusion-column-wrapper fusion-column-has-shadow fusion-flex-justify-content-flex-start fusion-content-layout-column\"><div class=\"fusion-title title fusion-title-8 fusion-sep-none fusion-title-center fusion-title-text fusion-title-size-two\" style=\"--awb-margin-top-small:10px;--awb-margin-right-small:0px;--awb-margin-bottom-small:10px;--awb-margin-left-small:0px;\"><h2 class=\"fusion-title-heading title-heading-center fusion-responsive-typography-calculated\" style=\"margin:0;--fontSize:40;line-height:var(--awb-typography1-line-height);\">Weitere Wege des Gem\u00e4ldes<\/h2><\/div><\/div><\/div><\/div><\/div><div class=\"fusion-fullwidth fullwidth-box fusion-builder-row-22 fusion-flex-container has-pattern-background has-mask-background nonhundred-percent-fullwidth non-hundred-percent-height-scrolling\" style=\"--awb-border-radius-top-left:0px;--awb-border-radius-top-right:0px;--awb-border-radius-bottom-right:0px;--awb-border-radius-bottom-left:0px;--awb-padding-top:50px;--awb-padding-bottom:50px;--awb-padding-top-small:25px;--awb-padding-bottom-small:25px;--awb-margin-top:0px;--awb-margin-bottom:0px;--awb-flex-wrap:wrap;\" ><div class=\"fusion-builder-row fusion-row fusion-flex-align-items-flex-start fusion-flex-content-wrap\" style=\"max-width:1497.6px;margin-left: calc(-4% \/ 2 );margin-right: calc(-4% \/ 2 );\"><div class=\"fusion-layout-column fusion_builder_column fusion-builder-column-36 fusion_builder_column_1_2 1_2 fusion-flex-column\" style=\"--awb-padding-top:10px;--awb-bg-size:cover;--awb-width-large:50%;--awb-margin-top-large:0px;--awb-spacing-right-large:3.84%;--awb-margin-bottom-large:20px;--awb-spacing-left-large:3.84%;--awb-width-medium:50%;--awb-order-medium:0;--awb-spacing-right-medium:3.84%;--awb-spacing-left-medium:3.84%;--awb-width-small:100%;--awb-order-small:0;--awb-spacing-right-small:1.92%;--awb-margin-bottom-small:50px;--awb-spacing-left-small:1.92%;\"><div class=\"fusion-column-wrapper fusion-column-has-shadow fusion-flex-justify-content-flex-start fusion-content-layout-column\"><div class=\"fusion-image-element awb-imageframe-style awb-imageframe-style-below awb-imageframe-style-16\" style=\"--awb-caption-title-font-family:var(--body_typography-font-family);--awb-caption-title-font-weight:var(--body_typography-font-weight);--awb-caption-title-font-style:var(--body_typography-font-style);--awb-caption-title-size:var(--body_typography-font-size);--awb-caption-title-transform:var(--body_typography-text-transform);--awb-caption-title-line-height:var(--body_typography-line-height);--awb-caption-title-letter-spacing:var(--body_typography-letter-spacing);\"><span class=\" fusion-imageframe imageframe-none imageframe-16 hover-type-none\"><img decoding=\"async\" width=\"951\" height=\"606\" alt=\"Schwarzwei\u00dffotografie. Gro\u00dfer Lichthof, in der Mitte ein Tisch, auf dem Gem\u00e4lde liegen.\" title=\"RegistrierungCCP\" src=\"https:\/\/kunst-raub-rueckgabe.de\/wp-content\/uploads\/2024\/09\/RegistrierungCCP.png\" class=\"img-responsive wp-image-5673\" srcset=\"https:\/\/kunst-raub-rueckgabe.de\/wp-content\/uploads\/2024\/09\/RegistrierungCCP-200x127.png 200w, https:\/\/kunst-raub-rueckgabe.de\/wp-content\/uploads\/2024\/09\/RegistrierungCCP-400x255.png 400w, https:\/\/kunst-raub-rueckgabe.de\/wp-content\/uploads\/2024\/09\/RegistrierungCCP-600x382.png 600w, https:\/\/kunst-raub-rueckgabe.de\/wp-content\/uploads\/2024\/09\/RegistrierungCCP-800x510.png 800w, https:\/\/kunst-raub-rueckgabe.de\/wp-content\/uploads\/2024\/09\/RegistrierungCCP.png 951w\" sizes=\"(max-width: 640px) 100vw, 800px\" \/><\/span><div class=\"awb-imageframe-caption-container\"><div class=\"awb-imageframe-caption\"><div class=\"awb-imageframe-caption-title\">Registrierung von Kunstwerken im Central Collecting Point, 1945\/46.<\/div><p class=\"awb-imageframe-caption-text\">Photothek Zentralinstitut f\u00fcr Kunstgeschichte M\u00fcnchen<\/p><\/div><\/div><\/div><\/div><\/div><div class=\"fusion-layout-column fusion_builder_column fusion-builder-column-37 fusion_builder_column_1_2 1_2 fusion-flex-column\" style=\"--awb-bg-size:cover;--awb-width-large:50%;--awb-margin-top-large:0px;--awb-spacing-right-large:3.84%;--awb-margin-bottom-large:20px;--awb-spacing-left-large:3.84%;--awb-width-medium:50%;--awb-order-medium:0;--awb-spacing-right-medium:3.84%;--awb-spacing-left-medium:3.84%;--awb-width-small:100%;--awb-order-small:0;--awb-spacing-right-small:1.92%;--awb-spacing-left-small:1.92%;\"><div class=\"fusion-column-wrapper fusion-column-has-shadow fusion-flex-justify-content-flex-start fusion-content-layout-column\"><div class=\"fusion-text fusion-text-21\"><p>Dabei ist auch das Gem\u00e4lde \u201eAuferweckung des Lazarus\u201c. Es geht als \u201e\u00dcberweisung aus Staatsbesitz\u201c 1961 in den Besitz der Bayerischen Staatsgem\u00e4ldesammlung \u00fcber.<\/p>\n<\/div><\/div><\/div><\/div><\/div><div class=\"fusion-fullwidth fullwidth-box fusion-builder-row-23 fusion-flex-container has-pattern-background has-mask-background nonhundred-percent-fullwidth non-hundred-percent-height-scrolling fusion-custom-z-index\" style=\"--awb-border-radius-top-left:0px;--awb-border-radius-top-right:0px;--awb-border-radius-bottom-right:0px;--awb-border-radius-bottom-left:0px;--awb-z-index:100;--awb-padding-top:50px;--awb-padding-bottom:50px;--awb-padding-top-small:25px;--awb-padding-bottom-small:25px;--awb-margin-top:0px;--awb-margin-bottom:0px;--awb-flex-wrap:wrap;\" ><div class=\"fusion-builder-row fusion-row fusion-flex-align-items-flex-start fusion-flex-justify-content-flex-end fusion-flex-content-wrap\" style=\"max-width:1497.6px;margin-left: calc(-4% \/ 2 );margin-right: calc(-4% \/ 2 );\"><div class=\"fusion-layout-column fusion_builder_column fusion-builder-column-38 fusion_builder_column_1_2 1_2 fusion-flex-column\" style=\"--awb-bg-size:cover;--awb-width-large:50%;--awb-margin-top-large:0px;--awb-spacing-right-large:3.84%;--awb-margin-bottom-large:20px;--awb-spacing-left-large:3.84%;--awb-width-medium:50%;--awb-order-medium:0;--awb-spacing-right-medium:3.84%;--awb-spacing-left-medium:3.84%;--awb-width-small:100%;--awb-order-small:1;--awb-spacing-right-small:1.92%;--awb-spacing-left-small:1.92%;\"><div class=\"fusion-column-wrapper fusion-column-has-shadow fusion-flex-justify-content-flex-start fusion-content-layout-column\"><div class=\"fusion-image-element awb-imageframe-style awb-imageframe-style-below awb-imageframe-style-17\" style=\"--awb-caption-title-font-family:var(--body_typography-font-family);--awb-caption-title-font-weight:var(--body_typography-font-weight);--awb-caption-title-font-style:var(--body_typography-font-style);--awb-caption-title-size:14px;--awb-caption-title-transform:var(--body_typography-text-transform);--awb-caption-title-line-height:var(--body_typography-line-height);--awb-caption-title-letter-spacing:var(--body_typography-letter-spacing);\"><span class=\" fusion-imageframe imageframe-none imageframe-17 hover-type-none\"><img decoding=\"async\" src=\"https:\/\/kunst-raub-rueckgabe.de\/wp-content\/uploads\/2023\/03\/B-323-Bild-0311-022_layout-ERR-Warenlager_vergroessert-scaled.jpg\" alt class=\"img-responsive\"\/><\/span><div class=\"awb-imageframe-caption-container\"><div class=\"awb-imageframe-caption\"><\/div><\/div><\/div><\/div><\/div><div class=\"fusion-layout-column fusion_builder_column fusion-builder-column-39 awb-sticky awb-sticky-medium awb-sticky-large fusion_builder_column_1_2 1_2 fusion-flex-column\" style=\"--awb-bg-size:cover;--awb-width-large:50%;--awb-margin-top-large:0px;--awb-spacing-right-large:3.84%;--awb-margin-bottom-large:0px;--awb-spacing-left-large:3.84%;--awb-width-medium:50%;--awb-order-medium:0;--awb-spacing-right-medium:3.84%;--awb-spacing-left-medium:3.84%;--awb-width-small:100%;--awb-order-small:0;--awb-spacing-right-small:1.92%;--awb-spacing-left-small:1.92%;--awb-sticky-offset:20px;\"><div class=\"fusion-column-wrapper fusion-column-has-shadow fusion-flex-justify-content-flex-start fusion-content-layout-column\"><div class=\"fusion-text fusion-text-22\"><p>Ein Hinweis auf die Sammlung G\u00f6ring ist f\u00fcr Provenienzforscher:innen ein Indiz, dass es sich bei dem vorliegenden Gegenstand um Raubgut handeln k\u00f6nnte &#8211; zumal man zu dem Zeitpunkt nicht wei\u00df, ob die Witwe Maria von Bleichr\u00f6der den Erl\u00f6s aus der Versteigerung erhalten hatte oder nicht. Daher stellen die <span style=\"color: var(--awb-text-color); font-family: var(--awb-text-font-family); font-size: var(--awb-font-size); font-style: var(--awb-text-font-style); font-weight: var(--awb-text-font-weight); letter-spacing: var(--awb-letter-spacing); text-align: var(--awb-content-alignment); text-transform: var(--awb-text-transform); background-color: var(--awb-bg-color);\">Bayerischen Staatsgem\u00e4ldesammlungen 2004 das Gem\u00e4lde auf der Datenbank Lost Art ein. Daraufhin melden sich die Erbberechtigten.<\/span><\/p>\n<\/div><div class=\"fusion-text fusion-text-23\"><\/div><div class=\"fusion-builder-row fusion-builder-row-inner fusion-row fusion-flex-align-items-flex-start fusion-flex-justify-content-flex-end fusion-flex-content-wrap\" style=\"--awb-flex-grow:0;--awb-flex-grow-medium:0;--awb-flex-grow-small:0;--awb-flex-shrink:0;--awb-flex-shrink-medium:0;--awb-flex-shrink-small:0;width:104% !important;max-width:104% !important;margin-left: calc(-4% \/ 2 );margin-right: calc(-4% \/ 2 );\"><div class=\"fusion-layout-column fusion_builder_column_inner fusion-builder-nested-column-5 fusion_builder_column_inner_1_1 1_1 fusion-flex-column\" style=\"--awb-bg-size:cover;--awb-width-large:100%;--awb-margin-top-large:0px;--awb-spacing-right-large:1.92%;--awb-margin-bottom-large:20px;--awb-spacing-left-large:1.92%;--awb-width-medium:100%;--awb-order-medium:0;--awb-spacing-right-medium:1.92%;--awb-spacing-left-medium:1.92%;--awb-width-small:100%;--awb-order-small:0;--awb-spacing-right-small:1.92%;--awb-spacing-left-small:1.92%;\"><div class=\"fusion-column-wrapper fusion-column-has-shadow fusion-flex-justify-content-flex-start fusion-content-layout-column\"><div class=\"fusion-text fusion-text-24 fusion-text-no-margin\" style=\"--awb-font-size:16px;--awb-margin-top:0px;--awb-margin-right:0px;--awb-margin-bottom:0px;--awb-margin-left:0px;--awb-text-font-family:&quot;Inter&quot;;--awb-text-font-style:normal;--awb-text-font-weight:600;\"><p>Hintergrund<\/p>\n<\/div><div class=\"fusion-separator\" style=\"align-self: flex-start;margin-right:auto;margin-bottom:20px;width:100%;max-width:250px;\"><div class=\"fusion-separator-border sep-single sep-solid\" style=\"--awb-height:20px;--awb-amount:20px;--awb-sep-color:var(--awb-color5);border-color:var(--awb-color5);border-top-width:1px;\"><\/div><\/div><div ><a class=\"fusion-button button-flat button-small button-default fusion-button-default button-7 fusion-button-default-span fusion-button-default-type\" style=\"--awb-margin-top:0px;--awb-margin-right:0px;--awb-margin-bottom:0px;--awb-margin-left:0px;--button-border-radius-top-left:50px;--button-border-radius-top-right:50px;--button-border-radius-bottom-right:50px;--button-border-radius-bottom-left:50px;\" target=\"lightbox\" rel=\"iLightbox\" href=\"https:\/\/kunst-raub-rueckgabe.de\/glossar\/lost-art-datenbank\/\"><i class=\"icon-KRR1Pfeil awb-button__icon awb-button__icon--default button-icon-left\" aria-hidden=\"true\"><\/i><span class=\"fusion-button-text awb-button__text awb-button__text--default\">Lost Art Datenbank<\/span><\/a><\/div><\/div><\/div><\/div><\/div><\/div><\/div><\/div><div class=\"fusion-fullwidth fullwidth-box fusion-builder-row-24 fusion-flex-container has-pattern-background has-mask-background nonhundred-percent-fullwidth non-hundred-percent-height-scrolling\" style=\"--awb-border-radius-top-left:0px;--awb-border-radius-top-right:0px;--awb-border-radius-bottom-right:0px;--awb-border-radius-bottom-left:0px;--awb-padding-top:50px;--awb-padding-bottom:50px;--awb-padding-top-small:25px;--awb-padding-bottom-small:25px;--awb-margin-top:0px;--awb-margin-bottom:0px;--awb-flex-wrap:wrap;\" ><div class=\"fusion-builder-row fusion-row fusion-flex-align-items-flex-start fusion-flex-content-wrap\" style=\"max-width:1497.6px;margin-left: calc(-4% \/ 2 );margin-right: calc(-4% \/ 2 );\"><div class=\"fusion-layout-column fusion_builder_column fusion-builder-column-40 fusion_builder_column_1_2 1_2 fusion-flex-column\" style=\"--awb-padding-top:10px;--awb-bg-size:cover;--awb-width-large:50%;--awb-margin-top-large:0px;--awb-spacing-right-large:3.84%;--awb-margin-bottom-large:20px;--awb-spacing-left-large:3.84%;--awb-width-medium:50%;--awb-order-medium:0;--awb-spacing-right-medium:3.84%;--awb-spacing-left-medium:3.84%;--awb-width-small:100%;--awb-order-small:0;--awb-spacing-right-small:1.92%;--awb-margin-bottom-small:50px;--awb-spacing-left-small:1.92%;\"><div class=\"fusion-column-wrapper fusion-column-has-shadow fusion-flex-justify-content-flex-start fusion-content-layout-column\"><div class=\"fusion-image-element awb-imageframe-style awb-imageframe-style-below awb-imageframe-style-18\" style=\"--awb-caption-title-font-family:var(--body_typography-font-family);--awb-caption-title-font-weight:var(--body_typography-font-weight);--awb-caption-title-font-style:var(--body_typography-font-style);--awb-caption-title-size:var(--body_typography-font-size);--awb-caption-title-transform:var(--body_typography-text-transform);--awb-caption-title-line-height:var(--body_typography-line-height);--awb-caption-title-letter-spacing:var(--body_typography-letter-spacing);\"><span class=\" fusion-imageframe imageframe-none imageframe-18 hover-type-none\"><img decoding=\"async\" width=\"1925\" height=\"1129\" alt=\"Farbfotografie. Zwei Herren im Anzug vor einem Gem\u00e4lde in Goldrahmen.\" title=\"Restitution2\" src=\"https:\/\/kunst-raub-rueckgabe.de\/wp-content\/uploads\/2024\/09\/Restitution2.jpg\" class=\"img-responsive wp-image-5695\" srcset=\"https:\/\/kunst-raub-rueckgabe.de\/wp-content\/uploads\/2024\/09\/Restitution2-200x117.jpg 200w, https:\/\/kunst-raub-rueckgabe.de\/wp-content\/uploads\/2024\/09\/Restitution2-400x235.jpg 400w, https:\/\/kunst-raub-rueckgabe.de\/wp-content\/uploads\/2024\/09\/Restitution2-600x352.jpg 600w, https:\/\/kunst-raub-rueckgabe.de\/wp-content\/uploads\/2024\/09\/Restitution2-800x469.jpg 800w, https:\/\/kunst-raub-rueckgabe.de\/wp-content\/uploads\/2024\/09\/Restitution2-1200x704.jpg 1200w, https:\/\/kunst-raub-rueckgabe.de\/wp-content\/uploads\/2024\/09\/Restitution2.jpg 1925w\" sizes=\"(max-width: 640px) 100vw, 800px\" \/><\/span><div class=\"awb-imageframe-caption-container\"><div class=\"awb-imageframe-caption\"><div class=\"awb-imageframe-caption-title\">\u201eWir k\u00f6nnen die Verbrechen der Nazi-Zeit nicht ungeschehen machen, aber Rechtsfrieden wieder herstellen. Dies ist gelungen\u201c sagte Dr. Frank Winkel, einer der Erbberechtigten, anl\u00e4sslich der Restitution. Das Foto zeigt ihn rechts im Bild mit dem Generaldirektor der Bayerischen Staatsgem\u00e4ldesammlungen.<\/div><p class=\"awb-imageframe-caption-text\">Bayerische Staatsgem\u00e4ldesammlungen<\/p><\/div><\/div><\/div><\/div><\/div><div class=\"fusion-layout-column fusion_builder_column fusion-builder-column-41 fusion_builder_column_1_2 1_2 fusion-flex-column\" style=\"--awb-bg-size:cover;--awb-width-large:50%;--awb-margin-top-large:0px;--awb-spacing-right-large:3.84%;--awb-margin-bottom-large:20px;--awb-spacing-left-large:3.84%;--awb-width-medium:50%;--awb-order-medium:0;--awb-spacing-right-medium:3.84%;--awb-spacing-left-medium:3.84%;--awb-width-small:100%;--awb-order-small:0;--awb-spacing-right-small:1.92%;--awb-spacing-left-small:1.92%;\"><div class=\"fusion-column-wrapper fusion-column-has-shadow fusion-flex-justify-content-flex-start fusion-content-layout-column\"><div class=\"fusion-text fusion-text-25\"><p>Die Bayerischen Staatsgem\u00e4ldesammlungen kommen 2017 mit den Erb:innen James von Bleichr\u00f6ders in M\u00fcnchen und San Diego \u00fcberein, dass das Gem\u00e4lde restituiert wird, aber von den Bayrischen Staatsgem\u00e4ldesammlungen zur\u00fcckkauft werden kann.<\/p>\n<\/div><\/div><\/div><\/div><\/div><div class=\"fusion-fullwidth fullwidth-box fusion-builder-row-25 fusion-flex-container has-pattern-background has-mask-background nonhundred-percent-fullwidth non-hundred-percent-height-scrolling\" style=\"--awb-border-radius-top-left:0px;--awb-border-radius-top-right:0px;--awb-border-radius-bottom-right:0px;--awb-border-radius-bottom-left:0px;--awb-padding-top:50px;--awb-padding-bottom:50px;--awb-padding-top-small:25px;--awb-padding-bottom-small:25px;--awb-margin-top:0px;--awb-margin-bottom:0px;--awb-flex-wrap:wrap;\" ><div class=\"fusion-builder-row fusion-row fusion-flex-align-items-flex-start fusion-flex-content-wrap\" style=\"max-width:1497.6px;margin-left: calc(-4% \/ 2 );margin-right: calc(-4% \/ 2 );\"><div class=\"fusion-layout-column fusion_builder_column fusion-builder-column-42 fusion_builder_column_1_2 1_2 fusion-flex-column\" style=\"--awb-padding-top:10px;--awb-bg-size:cover;--awb-width-large:50%;--awb-margin-top-large:0px;--awb-spacing-right-large:3.84%;--awb-margin-bottom-large:20px;--awb-spacing-left-large:27.648%;--awb-width-medium:50%;--awb-order-medium:0;--awb-spacing-right-medium:3.84%;--awb-spacing-left-medium:27.648%;--awb-width-small:100%;--awb-order-small:0;--awb-spacing-right-small:1.92%;--awb-margin-bottom-small:50px;--awb-spacing-left-small:1.92%;\"><div class=\"fusion-column-wrapper fusion-column-has-shadow fusion-flex-justify-content-flex-start fusion-content-layout-column\"><div class=\"fusion-image-element awb-imageframe-style awb-imageframe-style-below awb-imageframe-style-19\" style=\"--awb-caption-margin-top:10px;--awb-caption-margin-bottom:20px;--awb-caption-title-font-family:var(--body_typography-font-family);--awb-caption-title-font-weight:var(--body_typography-font-weight);--awb-caption-title-font-style:var(--body_typography-font-style);--awb-caption-title-size:var(--body_typography-font-size);--awb-caption-title-transform:var(--body_typography-text-transform);--awb-caption-title-line-height:var(--body_typography-line-height);--awb-caption-title-letter-spacing:var(--body_typography-letter-spacing);\"><span class=\" fusion-imageframe imageframe-none imageframe-19 hover-type-none\"><img decoding=\"async\" width=\"1846\" height=\"1150\" alt=\"Farbfotografie. Gro\u00dfes Schloss aus rotem Sandstein.\" title=\"Schloss Johannisburg Aschaffenburg\" src=\"https:\/\/kunst-raub-rueckgabe.de\/wp-content\/uploads\/2024\/09\/Schloss-Johannisburg-Aschaffenburg.jpeg\" class=\"img-responsive wp-image-5698\"\/><\/span><div class=\"awb-imageframe-caption-container\"><div class=\"awb-imageframe-caption\"><div class=\"awb-imageframe-caption-title\">Schloss Johannisburg in Aschaffenburg.<\/div><p class=\"awb-imageframe-caption-text\">Bayerische Staatsgem\u00e4ldesammlungen<\/p><\/div><\/div><\/div><div class=\"fusion-image-element awb-imageframe-style awb-imageframe-style-below awb-imageframe-style-20\" style=\"--awb-caption-title-font-family:var(--body_typography-font-family);--awb-caption-title-font-weight:var(--body_typography-font-weight);--awb-caption-title-font-style:var(--body_typography-font-style);--awb-caption-title-size:var(--body_typography-font-size);--awb-caption-title-transform:var(--body_typography-text-transform);--awb-caption-title-line-height:var(--body_typography-line-height);--awb-caption-title-letter-spacing:var(--body_typography-letter-spacing);\"><span class=\" fusion-imageframe imageframe-none imageframe-20 hover-type-none\"><img decoding=\"async\" width=\"1047\" height=\"1163\" alt=\"Farbfotografie. Kleine Schrifttafel.\" title=\"image\" src=\"https:\/\/kunst-raub-rueckgabe.de\/wp-content\/uploads\/2024\/09\/image-e1726062250975.jpeg\" class=\"img-responsive wp-image-5697\" srcset=\"https:\/\/kunst-raub-rueckgabe.de\/wp-content\/uploads\/2024\/09\/image-e1726062250975-200x222.jpeg 200w, https:\/\/kunst-raub-rueckgabe.de\/wp-content\/uploads\/2024\/09\/image-e1726062250975-400x444.jpeg 400w, https:\/\/kunst-raub-rueckgabe.de\/wp-content\/uploads\/2024\/09\/image-e1726062250975-600x666.jpeg 600w, https:\/\/kunst-raub-rueckgabe.de\/wp-content\/uploads\/2024\/09\/image-e1726062250975-800x889.jpeg 800w, https:\/\/kunst-raub-rueckgabe.de\/wp-content\/uploads\/2024\/09\/image-e1726062250975.jpeg 1047w\" sizes=\"(max-width: 640px) 100vw, 600px\" \/><\/span><div class=\"awb-imageframe-caption-container\"><div class=\"awb-imageframe-caption\"><div class=\"awb-imageframe-caption-title\">Schrifttafel mit Hinweisen auf die Provenienz des Gem\u00e4ldes. <\/div><\/div><\/div><\/div><\/div><\/div><div class=\"fusion-layout-column fusion_builder_column fusion-builder-column-43 fusion_builder_column_1_2 1_2 fusion-flex-column\" style=\"--awb-bg-size:cover;--awb-width-large:50%;--awb-margin-top-large:0px;--awb-spacing-right-large:3.84%;--awb-margin-bottom-large:20px;--awb-spacing-left-large:3.84%;--awb-width-medium:50%;--awb-order-medium:0;--awb-spacing-right-medium:3.84%;--awb-spacing-left-medium:3.84%;--awb-width-small:100%;--awb-order-small:0;--awb-spacing-right-small:1.92%;--awb-spacing-left-small:1.92%;\"><div class=\"fusion-column-wrapper fusion-column-has-shadow fusion-flex-justify-content-flex-start fusion-content-layout-column\"><div class=\"fusion-text fusion-text-26\"><p>Die \u201eAuferweckung des Lazarus&#8220; ist noch immer im Schloss Johannisburg in Aschaffenburg zu sehen. Auf die Herkunft des Bildes und die erfolgte Restitution wird heute mit einer Schrifttafel hingewiesen.<\/p>\n<\/div><\/div><\/div><\/div><\/div><div class=\"fusion-fullwidth fullwidth-box fusion-builder-row-26 fusion-flex-container has-pattern-background has-mask-background nonhundred-percent-fullwidth non-hundred-percent-height-scrolling fusion-custom-z-index\" style=\"--awb-border-radius-top-left:0px;--awb-border-radius-top-right:0px;--awb-border-radius-bottom-right:0px;--awb-border-radius-bottom-left:0px;--awb-z-index:1000;--awb-padding-top:50px;--awb-padding-bottom:50px;--awb-margin-top:0px;--awb-margin-bottom:0px;--awb-background-color:var(--awb-color1);--awb-flex-wrap:wrap;\" ><div class=\"fusion-builder-row fusion-row fusion-flex-align-items-flex-start fusion-flex-justify-content-center fusion-flex-content-wrap\" style=\"max-width:1497.6px;margin-left: calc(-4% \/ 2 );margin-right: calc(-4% \/ 2 );\"><div class=\"fusion-layout-column fusion_builder_column fusion-builder-column-44 fusion_builder_column_1_1 1_1 fusion-flex-column\" style=\"--awb-bg-size:cover;--awb-width-large:100%;--awb-margin-top-large:0px;--awb-spacing-right-large:1.92%;--awb-margin-bottom-large:100px;--awb-spacing-left-large:1.92%;--awb-width-medium:100%;--awb-order-medium:0;--awb-spacing-right-medium:1.92%;--awb-spacing-left-medium:1.92%;--awb-width-small:100%;--awb-order-small:0;--awb-spacing-right-small:1.92%;--awb-spacing-left-small:1.92%;\"><div class=\"fusion-column-wrapper fusion-column-has-shadow fusion-flex-justify-content-flex-start fusion-content-layout-column\"><div class=\"fusion-title title fusion-title-9 fusion-sep-none fusion-title-center fusion-title-text fusion-title-size-two\" style=\"--awb-margin-top-small:10px;--awb-margin-right-small:0px;--awb-margin-bottom-small:10px;--awb-margin-left-small:0px;\"><h2 class=\"fusion-title-heading title-heading-center sm-text-align-left fusion-responsive-typography-calculated\" style=\"margin:0;--fontSize:40;line-height:var(--awb-typography1-line-height);\">Beitrag des BR \u00fcber James von Bleichr\u00f6der<\/h2><\/div><\/div><\/div><div class=\"fusion-layout-column fusion_builder_column fusion-builder-column-45 fusion_builder_column_1_1 1_1 fusion-flex-column\" style=\"--awb-bg-size:cover;--awb-width-large:100%;--awb-margin-top-large:0px;--awb-spacing-right-large:1.92%;--awb-margin-bottom-large:0px;--awb-spacing-left-large:1.92%;--awb-width-medium:100%;--awb-order-medium:0;--awb-spacing-right-medium:1.92%;--awb-spacing-left-medium:1.92%;--awb-width-small:100%;--awb-order-small:0;--awb-spacing-right-small:1.92%;--awb-spacing-left-small:1.92%;\"><div class=\"fusion-column-wrapper fusion-column-has-shadow fusion-flex-justify-content-flex-start fusion-content-layout-column\"><div class=\"fusion-video fusion-vimeo\" style=\"--awb-max-width:1920px;--awb-max-height:1080px;--awb-margin-top:0px;--awb-margin-bottom:0px;\"><div class=\"video-shortcode\"><div class=\"fluid-width-video-wrapper\" style=\"padding-top:56.25%;\" ><iframe data-privacy-type=\"vimeo\" src=\"\" class=\"fusion-hidden lazyload\" title=\"Vimeo video player 1\" data-privacy-src=\"https:\/\/player.vimeo.com\/video\/1083532701?autoplay=0&amp;autopause=0\" data-orig-src=\"https:\/\/player.vimeo.com\/video\/1083532701?autoplay=0&amp;autopause=0\" width=\"1920\" height=\"1080\" allowfullscreen allow=\"autoplay; fullscreen\"><\/iframe><div class=\"fusion-privacy-placeholder\" style=\"width:1920px; height:1080px;\" data-privacy-type=\"vimeo\"><div class=\"fusion-privacy-placeholder-content\"><div class=\"fusion-privacy-label\">For privacy reasons Vimeo needs your permission to be loaded.<\/div><button data-privacy-type=\"vimeo\" class=\"fusion-button button-default fusion-button-default-size button fusion-privacy-consent\">I Accept<\/button><\/div><\/div><\/div><\/div><\/div><\/div><\/div><\/div><\/div><div class=\"fusion-fullwidth fullwidth-box fusion-builder-row-27 fusion-flex-container has-pattern-background has-mask-background nonhundred-percent-fullwidth non-hundred-percent-height-scrolling fusion-custom-z-index\" style=\"--link_hover_color: var(--awb-color5);--awb-border-radius-top-left:0px;--awb-border-radius-top-right:0px;--awb-border-radius-bottom-right:0px;--awb-border-radius-bottom-left:0px;--awb-z-index:100;--awb-padding-top:50px;--awb-padding-bottom:50px;--awb-margin-top:0px;--awb-margin-bottom:0px;--awb-flex-wrap:wrap;\" ><div class=\"fusion-builder-row fusion-row fusion-flex-align-items-flex-start fusion-flex-content-wrap\" style=\"max-width:1497.6px;margin-left: calc(-4% \/ 2 );margin-right: calc(-4% \/ 2 );\"><div class=\"fusion-layout-column fusion_builder_column fusion-builder-column-46 awb-sticky awb-sticky-medium awb-sticky-large fusion_builder_column_1_2 1_2 fusion-flex-column\" style=\"--awb-bg-size:cover;--awb-width-large:50%;--awb-margin-top-large:0px;--awb-spacing-right-large:3.84%;--awb-margin-bottom-large:0px;--awb-spacing-left-large:3.84%;--awb-width-medium:50%;--awb-order-medium:0;--awb-spacing-right-medium:3.84%;--awb-spacing-left-medium:3.84%;--awb-width-small:100%;--awb-order-small:0;--awb-spacing-right-small:1.92%;--awb-spacing-left-small:1.92%;--awb-sticky-offset:20px;\"><div class=\"fusion-column-wrapper fusion-column-has-shadow fusion-flex-justify-content-flex-start fusion-content-layout-column\"><div class=\"fusion-title title fusion-title-10 fusion-sep-none fusion-title-text fusion-title-size-two kein-inhalt\" style=\"--awb-margin-top-small:10px;--awb-margin-right-small:0px;--awb-margin-bottom-small:10px;--awb-margin-left-small:0px;\"><h2 class=\"fusion-title-heading title-heading-left fusion-responsive-typography-calculated\" style=\"margin:0;--fontSize:40;line-height:var(--awb-typography1-line-height);\"><h2 class=\"fusion-responsive-typography-calculated\" data-fontsize=\"40\" data-lineheight=\"48px\">Weitere Links<\/h2><\/h2><\/div><div class=\"fusion-text fusion-text-27\"><p>Lost Art-Datenbank <a href=\"https:\/\/www.lostart.de\/de\/start\" target=\"_blank\" rel=\"noopener noreferrer\">\u2192<\/a><\/p>\n<p>Der Central Collecting Point: <span style=\"color: var(--awb-text-color); font-family: var(--awb-text-font-family); font-size: var(--awb-font-size); font-style: var(--awb-text-font-style); font-weight: var(--awb-text-font-weight); letter-spacing: var(--awb-letter-spacing); text-align: var(--awb-content-alignment); text-transform: var(--awb-text-transform); background-color: var(--awb-bg-color-hover);\">Restitution und Wissenschaft nach 1945<\/span><span style=\"color: var(--awb-text-color); font-family: var(--awb-text-font-family); font-size: var(--awb-font-size); font-style: var(--awb-text-font-style); font-weight: var(--awb-text-font-weight); letter-spacing: var(--awb-letter-spacing); text-align: var(--awb-content-alignment); text-transform: var(--awb-text-transform); background-color: var(--awb-bg-color-hover);\"><span style=\"font-style: var(--awb-text-font-style); font-weight: var(--awb-text-font-weight); letter-spacing: var(--awb-letter-spacing); text-align: var(--awb-content-alignment); text-transform: var(--awb-text-transform);\"> <a href=\"https:\/\/municharttogo.zikg.eu\/items\/show\/27\" target=\"_blank\" rel=\"noopener noreferrer\">\u2192<\/a><\/span><\/span><\/p>\n<\/div><\/div><\/div><\/div><\/div><\/p>\n","protected":false},"excerpt":{"rendered":"","protected":false},"author":6,"featured_media":5935,"menu_order":0,"comment_status":"closed","ping_status":"closed","template":"","format":"standard","meta":{"_acf_changed":false,"inline_featured_image":false,"footnotes":""},"portfolio_category":[],"portfolio_skills":[],"portfolio_tags":[],"class_list":["post-5502","avada_portfolio","type-avada_portfolio","status-publish","format-standard","has-post-thumbnail","hentry"],"acf":[],"_links":{"self":[{"href":"https:\/\/kunst-raub-rueckgabe.de\/en\/wp-json\/wp\/v2\/avada_portfolio\/5502","targetHints":{"allow":["GET"]}}],"collection":[{"href":"https:\/\/kunst-raub-rueckgabe.de\/en\/wp-json\/wp\/v2\/avada_portfolio"}],"about":[{"href":"https:\/\/kunst-raub-rueckgabe.de\/en\/wp-json\/wp\/v2\/types\/avada_portfolio"}],"author":[{"embeddable":true,"href":"https:\/\/kunst-raub-rueckgabe.de\/en\/wp-json\/wp\/v2\/users\/6"}],"replies":[{"embeddable":true,"href":"https:\/\/kunst-raub-rueckgabe.de\/en\/wp-json\/wp\/v2\/comments?post=5502"}],"version-history":[{"count":135,"href":"https:\/\/kunst-raub-rueckgabe.de\/en\/wp-json\/wp\/v2\/avada_portfolio\/5502\/revisions"}],"predecessor-version":[{"id":7147,"href":"https:\/\/kunst-raub-rueckgabe.de\/en\/wp-json\/wp\/v2\/avada_portfolio\/5502\/revisions\/7147"}],"wp:featuredmedia":[{"embeddable":true,"href":"https:\/\/kunst-raub-rueckgabe.de\/en\/wp-json\/wp\/v2\/media\/5935"}],"wp:attachment":[{"href":"https:\/\/kunst-raub-rueckgabe.de\/en\/wp-json\/wp\/v2\/media?parent=5502"}],"wp:term":[{"taxonomy":"portfolio_category","embeddable":true,"href":"https:\/\/kunst-raub-rueckgabe.de\/en\/wp-json\/wp\/v2\/portfolio_category?post=5502"},{"taxonomy":"portfolio_skills","embeddable":true,"href":"https:\/\/kunst-raub-rueckgabe.de\/en\/wp-json\/wp\/v2\/portfolio_skills?post=5502"},{"taxonomy":"portfolio_tags","embeddable":true,"href":"https:\/\/kunst-raub-rueckgabe.de\/en\/wp-json\/wp\/v2\/portfolio_tags?post=5502"}],"curies":[{"name":"wp","href":"https:\/\/api.w.org\/{rel}","templated":true}]}}