{"id":6951,"date":"2025-01-24T07:18:49","date_gmt":"2025-01-24T06:18:49","guid":{"rendered":"https:\/\/kunst-raub-rueckgabe.de\/?post_type=avada_portfolio&#038;p=6951"},"modified":"2026-03-26T09:44:04","modified_gmt":"2026-03-26T08:44:04","slug":"dorville","status":"publish","type":"avada_portfolio","link":"https:\/\/kunst-raub-rueckgabe.de\/en\/biografie\/dorville\/","title":{"rendered":"Impressionist Art in a Paris Town House."},"content":{"rendered":"<p><div class=\"fusion-fullwidth fullwidth-box fusion-builder-row-1 fusion-flex-container has-pattern-background has-mask-background nonhundred-percent-fullwidth non-hundred-percent-height-scrolling\" style=\"--awb-border-radius-top-left:0px;--awb-border-radius-top-right:0px;--awb-border-radius-bottom-right:0px;--awb-border-radius-bottom-left:0px;--awb-padding-top:50px;--awb-padding-bottom:50px;--awb-padding-top-small:25px;--awb-padding-bottom-small:25px;--awb-margin-top:0px;--awb-margin-bottom:0px;--awb-flex-wrap:wrap;\" ><div class=\"fusion-builder-row fusion-row fusion-flex-align-items-flex-start fusion-flex-content-wrap\" style=\"max-width:1497.6px;margin-left: calc(-4% \/ 2 );margin-right: calc(-4% \/ 2 );\"><div class=\"fusion-layout-column fusion_builder_column fusion-builder-column-0 fusion_builder_column_1_2 1_2 fusion-flex-column\" style=\"--awb-padding-top:10px;--awb-bg-size:cover;--awb-width-large:50%;--awb-margin-top-large:0px;--awb-spacing-right-large:3.84%;--awb-margin-bottom-large:20px;--awb-spacing-left-large:3.84%;--awb-width-medium:50%;--awb-order-medium:0;--awb-spacing-right-medium:3.84%;--awb-spacing-left-medium:3.84%;--awb-width-small:100%;--awb-order-small:0;--awb-spacing-right-small:1.92%;--awb-margin-bottom-small:50px;--awb-spacing-left-small:1.92%;\"><div class=\"fusion-column-wrapper fusion-column-has-shadow fusion-flex-justify-content-flex-start fusion-content-layout-column\"><div class=\"fusion-image-element awb-imageframe-style awb-imageframe-style-below awb-imageframe-style-1\" style=\"--awb-caption-title-font-family:var(--body_typography-font-family);--awb-caption-title-font-weight:var(--body_typography-font-weight);--awb-caption-title-font-style:var(--body_typography-font-style);--awb-caption-title-size:var(--body_typography-font-size);--awb-caption-title-transform:var(--body_typography-text-transform);--awb-caption-title-line-height:var(--body_typography-line-height);--awb-caption-title-letter-spacing:var(--body_typography-letter-spacing);\"><span class=\"fusion-imageframe imageframe-none imageframe-1 hover-type-none zoooom\"><img decoding=\"async\" width=\"1913\" height=\"1586\" alt=\"Painting. Houses on a street corner\" title=\"Pissarro-Place-La-Roche-Guyon-SMB\" src=\"https:\/\/kunst-raub-rueckgabe.de\/wp-content\/uploads\/2025\/01\/Pissarro-Place-La-Roche-Guyon-SMB.jpg\" class=\"img-responsive wp-image-6944\" srcset=\"https:\/\/kunst-raub-rueckgabe.de\/wp-content\/uploads\/2025\/01\/Pissarro-Place-La-Roche-Guyon-SMB-200x166.jpg 200w, https:\/\/kunst-raub-rueckgabe.de\/wp-content\/uploads\/2025\/01\/Pissarro-Place-La-Roche-Guyon-SMB-400x332.jpg 400w, https:\/\/kunst-raub-rueckgabe.de\/wp-content\/uploads\/2025\/01\/Pissarro-Place-La-Roche-Guyon-SMB-600x497.jpg 600w, https:\/\/kunst-raub-rueckgabe.de\/wp-content\/uploads\/2025\/01\/Pissarro-Place-La-Roche-Guyon-SMB-800x663.jpg 800w, https:\/\/kunst-raub-rueckgabe.de\/wp-content\/uploads\/2025\/01\/Pissarro-Place-La-Roche-Guyon-SMB-1200x995.jpg 1200w, https:\/\/kunst-raub-rueckgabe.de\/wp-content\/uploads\/2025\/01\/Pissarro-Place-La-Roche-Guyon-SMB.jpg 1913w\" sizes=\"(max-width: 640px) 100vw, 800px\" \/><\/span><div class=\"awb-imageframe-caption-container\" style=\"text-align:right;\"><div class=\"awb-imageframe-caption\"><div class=\"awb-imageframe-caption-title\">Camille Pissarro: Une Place \u00e0 la Roche-Guyon (A Square in Roche-Guyon), oil on canvas, 1867.<\/div><p class=\"awb-imageframe-caption-text\">Staatliche Museen zu Berlin, Nationalgalerie \/ J\u00f6rg P. Anders. Public Domain Mark 1.0 \ud83d\udd0d Hover over image to enlarge <\/p><\/div><\/div><\/div><\/div><\/div><div class=\"fusion-layout-column fusion_builder_column fusion-builder-column-1 awb-sticky awb-sticky-medium awb-sticky-large fusion_builder_column_1_2 1_2 fusion-flex-column\" style=\"--awb-bg-size:cover;--awb-width-large:50%;--awb-margin-top-large:0px;--awb-spacing-right-large:3.84%;--awb-margin-bottom-large:20px;--awb-spacing-left-large:3.84%;--awb-width-medium:50%;--awb-order-medium:0;--awb-spacing-right-medium:3.84%;--awb-spacing-left-medium:3.84%;--awb-width-small:100%;--awb-order-small:0;--awb-spacing-right-small:1.92%;--awb-spacing-left-small:1.92%;\" data-scroll-devices=\"small-visibility,medium-visibility,large-visibility\"><div class=\"fusion-column-wrapper fusion-column-has-shadow fusion-flex-justify-content-flex-start fusion-content-layout-column\"><div class=\"fusion-text fusion-text-1\"><p>The corner of a village square, painted in bold, broad, brush strokes in muted brown and beige tones. The small number of people are barely distinguishable from the picturesque buildings.<\/p>\n<p>When Camille Pissarro painted this picture in 1867 in a village north of Paris, he was barely able to scrape a living from his art. In 1930, after his death, an exhibition was held in his honor at the Mus\u00e9e de l\u2019Orangerie in Paris on what would have been his 100th birthday. By this point he was considered one of the most significant French painters of his time.<\/p>\n<p>The painting of the village square was among the works on display in this exhibition. It was loaned by Armand Dorville, who had amassed a collection of works by the French Impressionists.<\/p>\n<\/div><\/div><\/div><\/div><\/div><div class=\"fusion-fullwidth fullwidth-box fusion-builder-row-2 fusion-flex-container has-pattern-background has-mask-background nonhundred-percent-fullwidth non-hundred-percent-height-scrolling\" style=\"--awb-border-radius-top-left:0px;--awb-border-radius-top-right:0px;--awb-border-radius-bottom-right:0px;--awb-border-radius-bottom-left:0px;--awb-padding-top:50px;--awb-padding-bottom:50px;--awb-padding-top-small:25px;--awb-padding-bottom-small:25px;--awb-margin-top:0px;--awb-margin-bottom:0px;--awb-flex-wrap:wrap;\" ><div class=\"fusion-builder-row fusion-row fusion-flex-align-items-flex-start fusion-flex-justify-content-flex-end fusion-flex-content-wrap\" style=\"max-width:1497.6px;margin-left: calc(-4% \/ 2 );margin-right: calc(-4% \/ 2 );\"><div class=\"fusion-layout-column fusion_builder_column fusion-builder-column-2 fusion_builder_column_1_4 1_4 fusion-flex-column\" style=\"--awb-bg-size:cover;--awb-width-large:25%;--awb-margin-top-large:0px;--awb-spacing-right-large:7.68%;--awb-margin-bottom-large:20px;--awb-spacing-left-large:7.68%;--awb-width-medium:25%;--awb-order-medium:0;--awb-spacing-right-medium:7.68%;--awb-spacing-left-medium:7.68%;--awb-width-small:100%;--awb-order-small:1;--awb-spacing-right-small:1.92%;--awb-spacing-left-small:1.92%;\"><div class=\"fusion-column-wrapper fusion-column-has-shadow fusion-flex-justify-content-flex-start fusion-content-layout-column\"><div class=\"fusion-audio fusion-audio-1\" style=\"--awb-progress-color:var(--awb-color8);--awb-border-color:rgba(255,255,255,0.05);--awb-background-color:var(--awb-color2);--awb-max-width:1000px;--awb-border-size:0;--awb-border-top-left-radius:20px;--awb-border-top-right-radius:20px;--awb-border-bottom-right-radius:20px;--awb-border-bottom-left-radius:20px;\"><audio class=\"wp-audio-shortcode\" id=\"audio-6951-1\" preload=\"auto\" style=\"width: 100%;\" controls=\"controls\"><source type=\"audio\/mpeg\" src=\"https:\/\/kunst-raub-rueckgabe.de\/wp-content\/uploads\/2025\/01\/Unter-Zwangsverwaltung.mp3?_=1\" \/><a href=\"https:\/\/kunst-raub-rueckgabe.de\/wp-content\/uploads\/2025\/01\/Unter-Zwangsverwaltung.mp3\">https:\/\/kunst-raub-rueckgabe.de\/wp-content\/uploads\/2025\/01\/Unter-Zwangsverwaltung.mp3<\/a><\/audio><\/div><div class=\"fusion-text fusion-text-2\" style=\"--awb-font-size:14px;--awb-margin-top:10px;\"><p>\"Under Forced Administration\". From the \u201cProvenance Trace\u201d guide in the app of the Alte Nationalgalerie, Berlin. \u00a9 Staatliche Museen zu Berlin \u2013 Preu\u00dfischer Kulturbesitz<\/p>\n<\/div><\/div><\/div><div class=\"fusion-layout-column fusion_builder_column fusion-builder-column-3 fusion_builder_column_1_2 1_2 fusion-flex-column\" style=\"--awb-bg-size:cover;--awb-width-large:50%;--awb-margin-top-large:0px;--awb-spacing-right-large:3.84%;--awb-margin-bottom-large:20px;--awb-spacing-left-large:3.84%;--awb-width-medium:50%;--awb-order-medium:0;--awb-spacing-right-medium:3.84%;--awb-spacing-left-medium:3.84%;--awb-width-small:100%;--awb-order-small:0;--awb-spacing-right-small:1.92%;--awb-spacing-left-small:1.92%;\"><div class=\"fusion-column-wrapper fusion-column-has-shadow fusion-flex-justify-content-flex-start fusion-content-layout-column\"><div class=\"fusion-title title fusion-title-1 fusion-sep-none fusion-title-text fusion-title-size-three\" style=\"--awb-margin-top-small:10px;--awb-margin-right-small:0px;--awb-margin-bottom-small:10px;--awb-margin-left-small:0px;\"><h3 class=\"fusion-title-heading title-heading-left fusion-responsive-typography-calculated\" style=\"margin:0;--fontSize:32;line-height:var(--awb-typography1-line-height);\">Audio<\/h3><\/div><div class=\"fusion-text fusion-text-3\"><p>Listen to the story of the painting<\/p>\n<\/div><\/div><\/div><\/div><\/div><div class=\"fusion-fullwidth fullwidth-box fusion-builder-row-3 fusion-flex-container has-pattern-background has-mask-background nonhundred-percent-fullwidth non-hundred-percent-height-scrolling\" style=\"--awb-border-radius-top-left:0px;--awb-border-radius-top-right:0px;--awb-border-radius-bottom-right:0px;--awb-border-radius-bottom-left:0px;--awb-padding-top:60px;--awb-flex-wrap:wrap;\" ><div class=\"fusion-builder-row fusion-row fusion-flex-align-items-flex-start fusion-flex-content-wrap\" style=\"max-width:1497.6px;margin-left: calc(-4% \/ 2 );margin-right: calc(-4% \/ 2 );\"><div class=\"fusion-layout-column fusion_builder_column fusion-builder-column-4 fusion_builder_column_1_1 1_1 fusion-flex-column\" style=\"--awb-bg-size:cover;--awb-width-large:100%;--awb-margin-top-large:0px;--awb-spacing-right-large:1.92%;--awb-margin-bottom-large:20px;--awb-spacing-left-large:1.92%;--awb-width-medium:100%;--awb-order-medium:0;--awb-spacing-right-medium:1.92%;--awb-spacing-left-medium:1.92%;--awb-width-small:100%;--awb-order-small:0;--awb-spacing-right-small:1.92%;--awb-spacing-left-small:1.92%;\"><div class=\"fusion-column-wrapper fusion-column-has-shadow fusion-flex-justify-content-flex-start fusion-content-layout-column\"><div class=\"fusion-title title fusion-title-2 fusion-sep-none fusion-title-center fusion-title-text fusion-title-size-two\" style=\"--awb-margin-top-small:10px;--awb-margin-right-small:0px;--awb-margin-bottom-small:10px;--awb-margin-left-small:0px;\"><h2 class=\"fusion-title-heading title-heading-center fusion-responsive-typography-calculated\" style=\"margin:0;--fontSize:40;line-height:var(--awb-typography1-line-height);\">The Paris Bourgeoisie<\/h2><\/div><\/div><\/div><\/div><\/div><div class=\"fusion-fullwidth fullwidth-box fusion-builder-row-4 fusion-flex-container has-pattern-background has-mask-background nonhundred-percent-fullwidth non-hundred-percent-height-scrolling\" style=\"--awb-border-radius-top-left:0px;--awb-border-radius-top-right:0px;--awb-border-radius-bottom-right:0px;--awb-border-radius-bottom-left:0px;--awb-padding-top:100px;--awb-padding-bottom:100px;--awb-padding-top-small:55px;--awb-padding-bottom-small:25px;--awb-flex-wrap:wrap;\" ><div class=\"fusion-builder-row fusion-row fusion-flex-align-items-flex-start fusion-flex-justify-content-flex-end fusion-flex-content-wrap\" style=\"max-width:1497.6px;margin-left: calc(-4% \/ 2 );margin-right: calc(-4% \/ 2 );\"><div class=\"fusion-layout-column fusion_builder_column fusion-builder-column-5 fusion_builder_column_1_3 1_3 fusion-flex-column\" style=\"--awb-bg-size:cover;--awb-width-large:33.333333333333%;--awb-margin-top-large:11px;--awb-spacing-right-large:5.76%;--awb-margin-bottom-large:20px;--awb-spacing-left-large:5.76%;--awb-width-medium:33.333333333333%;--awb-order-medium:0;--awb-spacing-right-medium:5.76%;--awb-spacing-left-medium:5.76%;--awb-width-small:100%;--awb-order-small:1;--awb-spacing-right-small:1.92%;--awb-margin-bottom-small:50px;--awb-spacing-left-small:1.92%;\"><div class=\"fusion-column-wrapper fusion-column-has-shadow fusion-flex-justify-content-flex-start fusion-content-layout-column\"><div class=\"fusion-image-element awb-imageframe-style awb-imageframe-style-below awb-imageframe-style-2\" style=\"--awb-caption-title-font-family:var(--body_typography-font-family);--awb-caption-title-font-weight:var(--body_typography-font-weight);--awb-caption-title-font-style:var(--body_typography-font-style);--awb-caption-title-size:var(--body_typography-font-size);--awb-caption-title-transform:var(--body_typography-text-transform);--awb-caption-title-line-height:var(--body_typography-line-height);--awb-caption-title-letter-spacing:var(--body_typography-letter-spacing);\"><span class=\"fusion-imageframe imageframe-none imageframe-2 hover-type-none\"><img decoding=\"async\" width=\"752\" height=\"992\" alt=\"Drawing. Portrait of Armand Dorville, bearded elderly gentleman in lawyer&#039;s robes\" title=\"Armand Dorville portrait\" src=\"https:\/\/kunst-raub-rueckgabe.de\/wp-content\/uploads\/2025\/01\/Armand-Dorville-Portrait.png\" class=\"img-responsive wp-image-6932\" srcset=\"https:\/\/kunst-raub-rueckgabe.de\/wp-content\/uploads\/2025\/01\/Armand-Dorville-Portrait-200x264.png 200w, https:\/\/kunst-raub-rueckgabe.de\/wp-content\/uploads\/2025\/01\/Armand-Dorville-Portrait-400x528.png 400w, https:\/\/kunst-raub-rueckgabe.de\/wp-content\/uploads\/2025\/01\/Armand-Dorville-Portrait-600x791.png 600w, https:\/\/kunst-raub-rueckgabe.de\/wp-content\/uploads\/2025\/01\/Armand-Dorville-Portrait.png 752w\" sizes=\"(max-width: 640px) 100vw, 600px\" \/><\/span><div class=\"awb-imageframe-caption-container\" style=\"text-align:right;\"><div class=\"awb-imageframe-caption\"><div class=\"awb-imageframe-caption-title\">Portrait of Armand Dorville by an unidentified artist. <\/div><p class=\"awb-imageframe-caption-text\">Ordre des avocats de Paris, Public domain, via Wikimedia Commons<\/p><\/div><\/div><\/div><\/div><\/div><div class=\"fusion-layout-column fusion_builder_column fusion-builder-column-6 awb-sticky awb-sticky-medium awb-sticky-large fusion_builder_column_1_2 1_2 fusion-flex-column\" style=\"--awb-bg-size:cover;--awb-width-large:50%;--awb-margin-top-large:0px;--awb-spacing-right-large:3.84%;--awb-margin-bottom-large:20px;--awb-spacing-left-large:3.84%;--awb-width-medium:50%;--awb-order-medium:0;--awb-spacing-right-medium:3.84%;--awb-spacing-left-medium:3.84%;--awb-width-small:100%;--awb-order-small:0;--awb-spacing-right-small:1.92%;--awb-spacing-left-small:1.92%;--awb-sticky-offset:100px;\"><div class=\"fusion-column-wrapper fusion-column-has-shadow fusion-flex-justify-content-flex-start fusion-content-layout-column\"><div class=\"fusion-text fusion-text-4\"><p>At the time, Dorville was well known in Paris. The newspapers often reported on his successes as an attorney as he regularly represented clients in high-profile court cases. He had the reputation of being particularly eloquent and quick-witted.<\/p>\n<\/div><\/div><\/div><\/div><\/div><div class=\"fusion-fullwidth fullwidth-box fusion-builder-row-5 fusion-flex-container has-pattern-background has-mask-background nonhundred-percent-fullwidth non-hundred-percent-height-scrolling\" style=\"--awb-border-radius-top-left:0px;--awb-border-radius-top-right:0px;--awb-border-radius-bottom-right:0px;--awb-border-radius-bottom-left:0px;--awb-padding-top:50px;--awb-padding-bottom:50px;--awb-padding-top-small:25px;--awb-padding-bottom-small:25px;--awb-margin-top:0px;--awb-margin-bottom:0px;--awb-flex-wrap:wrap;\" ><div class=\"fusion-builder-row fusion-row fusion-flex-align-items-flex-start fusion-flex-content-wrap\" style=\"max-width:1497.6px;margin-left: calc(-4% \/ 2 );margin-right: calc(-4% \/ 2 );\"><div class=\"fusion-layout-column fusion_builder_column fusion-builder-column-7 fusion_builder_column_1_2 1_2 fusion-flex-column\" style=\"--awb-padding-top:10px;--awb-bg-size:cover;--awb-width-large:50%;--awb-margin-top-large:0px;--awb-spacing-right-large:3.84%;--awb-margin-bottom-large:20px;--awb-spacing-left-large:3.84%;--awb-width-medium:50%;--awb-order-medium:0;--awb-spacing-right-medium:3.84%;--awb-spacing-left-medium:3.84%;--awb-width-small:100%;--awb-order-small:0;--awb-spacing-right-small:1.92%;--awb-margin-bottom-small:50px;--awb-spacing-left-small:1.92%;\"><div class=\"fusion-column-wrapper fusion-column-has-shadow fusion-flex-justify-content-flex-start fusion-content-layout-column\"><div class=\"fusion-image-element awb-imageframe-style awb-imageframe-style-below awb-imageframe-style-3\" style=\"--awb-caption-title-font-family:var(--body_typography-font-family);--awb-caption-title-font-weight:var(--body_typography-font-weight);--awb-caption-title-font-style:var(--body_typography-font-style);--awb-caption-title-size:var(--body_typography-font-size);--awb-caption-title-transform:var(--body_typography-text-transform);--awb-caption-title-line-height:var(--body_typography-line-height);--awb-caption-title-letter-spacing:var(--body_typography-letter-spacing);\"><span class=\"fusion-imageframe imageframe-none imageframe-3 hover-type-none\"><img decoding=\"async\" width=\"2560\" height=\"1753\" alt=\"Coloured illustration. Street scene with carriage and several people in old-fashioned fine clothing and hats\" title=\"On the Champs-Elys\u00e9es in Paris (France). Illustration published in Paris Illustr\u00e9 of February 1, 1886.\" src=\"https:\/\/kunst-raub-rueckgabe.de\/wp-content\/uploads\/2025\/01\/Paris-Champs-Elysees-1885-bpk2.00070083-scaled.jpg\" class=\"img-responsive wp-image-6943\" srcset=\"https:\/\/kunst-raub-rueckgabe.de\/wp-content\/uploads\/2025\/01\/Paris-Champs-Elysees-1885-bpk2.00070083-200x137.jpg 200w, https:\/\/kunst-raub-rueckgabe.de\/wp-content\/uploads\/2025\/01\/Paris-Champs-Elysees-1885-bpk2.00070083-400x274.jpg 400w, https:\/\/kunst-raub-rueckgabe.de\/wp-content\/uploads\/2025\/01\/Paris-Champs-Elysees-1885-bpk2.00070083-600x411.jpg 600w, https:\/\/kunst-raub-rueckgabe.de\/wp-content\/uploads\/2025\/01\/Paris-Champs-Elysees-1885-bpk2.00070083-800x548.jpg 800w, https:\/\/kunst-raub-rueckgabe.de\/wp-content\/uploads\/2025\/01\/Paris-Champs-Elysees-1885-bpk2.00070083-1200x822.jpg 1200w, https:\/\/kunst-raub-rueckgabe.de\/wp-content\/uploads\/2025\/01\/Paris-Champs-Elysees-1885-bpk2.00070083-scaled.jpg 2560w\" sizes=\"(max-width: 640px) 100vw, 800px\" \/><\/span><div class=\"awb-imageframe-caption-container\" style=\"text-align:right;\"><div class=\"awb-imageframe-caption\"><div class=\"awb-imageframe-caption-title\">Sur les Champs-Elys\u00e9es \u00e0 Paris (On the Champs-Elys\u00e9es in Paris), around 1885.<\/div><p class=\"awb-imageframe-caption-text\">bpk \/ adoc-photos<\/p><\/div><\/div><\/div><\/div><\/div><div class=\"fusion-layout-column fusion_builder_column fusion-builder-column-8 awb-sticky awb-sticky-medium awb-sticky-large fusion_builder_column_1_2 1_2 fusion-flex-column\" style=\"--awb-bg-size:cover;--awb-width-large:50%;--awb-margin-top-large:0px;--awb-spacing-right-large:3.84%;--awb-margin-bottom-large:20px;--awb-spacing-left-large:3.84%;--awb-width-medium:50%;--awb-order-medium:0;--awb-spacing-right-medium:3.84%;--awb-spacing-left-medium:3.84%;--awb-width-small:100%;--awb-order-small:0;--awb-spacing-right-small:1.92%;--awb-spacing-left-small:1.92%;\" data-scroll-devices=\"small-visibility,medium-visibility,large-visibility\"><div class=\"fusion-column-wrapper fusion-column-has-shadow fusion-flex-justify-content-flex-start fusion-content-layout-column\"><div class=\"fusion-text fusion-text-5\"><h3>The Dorville family<\/h3>\n<p>Armand Isaac Dorville was born on July 18, 1887 in Paris. He came from a distinguished and influential family.<\/p>\n<p>His father, L\u00e9on Albert Dorville, was a banker and ran a Jewish relief organization founded by his own father, Armand\u2019s grandfather. Armand\u2018s mother, L\u00e9onie Monteaux, was from a banking family from Avignon. Armand Dorville had two sisters, Jeanne and Valentine, and a brother, Charles.<\/p>\n<\/div><\/div><\/div><\/div><\/div><div class=\"fusion-fullwidth fullwidth-box fusion-builder-row-6 fusion-flex-container has-pattern-background has-mask-background nonhundred-percent-fullwidth non-hundred-percent-height-scrolling\" style=\"--awb-border-radius-top-left:0px;--awb-border-radius-top-right:0px;--awb-border-radius-bottom-right:0px;--awb-border-radius-bottom-left:0px;--awb-padding-top:60px;--awb-flex-wrap:wrap;\" ><div class=\"fusion-builder-row fusion-row fusion-flex-align-items-flex-start fusion-flex-content-wrap\" style=\"max-width:1497.6px;margin-left: calc(-4% \/ 2 );margin-right: calc(-4% \/ 2 );\"><div class=\"fusion-layout-column fusion_builder_column fusion-builder-column-9 fusion_builder_column_1_1 1_1 fusion-flex-column\" style=\"--awb-bg-size:cover;--awb-width-large:100%;--awb-margin-top-large:0px;--awb-spacing-right-large:1.92%;--awb-margin-bottom-large:20px;--awb-spacing-left-large:1.92%;--awb-width-medium:100%;--awb-order-medium:0;--awb-spacing-right-medium:1.92%;--awb-spacing-left-medium:1.92%;--awb-width-small:100%;--awb-order-small:0;--awb-spacing-right-small:1.92%;--awb-spacing-left-small:1.92%;\"><div class=\"fusion-column-wrapper fusion-column-has-shadow fusion-flex-justify-content-flex-start fusion-content-layout-column\"><div class=\"fusion-title title fusion-title-3 fusion-sep-none fusion-title-center fusion-title-text fusion-title-size-two\" style=\"--awb-margin-top-small:10px;--awb-margin-right-small:0px;--awb-margin-bottom-small:10px;--awb-margin-left-small:0px;\"><h2 class=\"fusion-title-heading title-heading-center fusion-responsive-typography-calculated\" style=\"margin:0;--fontSize:40;line-height:var(--awb-typography1-line-height);\">War and Peace<\/h2><\/div><\/div><\/div><\/div><\/div><div class=\"fusion-fullwidth fullwidth-box fusion-builder-row-7 fusion-flex-container has-pattern-background has-mask-background nonhundred-percent-fullwidth non-hundred-percent-height-scrolling\" style=\"--awb-border-radius-top-left:0px;--awb-border-radius-top-right:0px;--awb-border-radius-bottom-right:0px;--awb-border-radius-bottom-left:0px;--awb-padding-top:50px;--awb-padding-bottom:50px;--awb-padding-top-small:25px;--awb-padding-bottom-small:25px;--awb-margin-top:0px;--awb-margin-bottom:0px;--awb-flex-wrap:wrap;\" ><div class=\"fusion-builder-row fusion-row fusion-flex-align-items-flex-start fusion-flex-content-wrap\" style=\"max-width:1497.6px;margin-left: calc(-4% \/ 2 );margin-right: calc(-4% \/ 2 );\"><div class=\"fusion-layout-column fusion_builder_column fusion-builder-column-10 fusion_builder_column_1_2 1_2 fusion-flex-column\" style=\"--awb-padding-top:10px;--awb-bg-size:cover;--awb-width-large:50%;--awb-margin-top-large:0px;--awb-spacing-right-large:3.84%;--awb-margin-bottom-large:20px;--awb-spacing-left-large:3.84%;--awb-width-medium:50%;--awb-order-medium:0;--awb-spacing-right-medium:3.84%;--awb-spacing-left-medium:3.84%;--awb-width-small:100%;--awb-order-small:0;--awb-spacing-right-small:1.92%;--awb-margin-bottom-small:50px;--awb-spacing-left-small:1.92%;\"><div class=\"fusion-column-wrapper fusion-column-has-shadow fusion-flex-justify-content-flex-start fusion-content-layout-column\"><div class=\"fusion-image-element awb-imageframe-style awb-imageframe-style-below awb-imageframe-style-4\" style=\"--awb-caption-title-font-family:var(--body_typography-font-family);--awb-caption-title-font-weight:var(--body_typography-font-weight);--awb-caption-title-font-style:var(--body_typography-font-style);--awb-caption-title-size:var(--body_typography-font-size);--awb-caption-title-transform:var(--body_typography-text-transform);--awb-caption-title-line-height:var(--body_typography-line-height);--awb-caption-title-letter-spacing:var(--body_typography-letter-spacing);\"><span class=\"fusion-imageframe imageframe-none imageframe-4 hover-type-none\"><img decoding=\"async\" width=\"2560\" height=\"1582\" alt=\"Black and white photograph, historical shot. Interior with work tables and bookshelves on the walls, men in suits\" title=\"Facult\u00e9-de-droit-de-l&#039;Universit\u00e9-de-Paris-biblioth\u00e8que\" src=\"https:\/\/kunst-raub-rueckgabe.de\/wp-content\/uploads\/2025\/01\/Faculte-de-droit-de-lUniversite-de-Paris-bibliotheque-scaled.jpg\" class=\"img-responsive wp-image-6940\" srcset=\"https:\/\/kunst-raub-rueckgabe.de\/wp-content\/uploads\/2025\/01\/Faculte-de-droit-de-lUniversite-de-Paris-bibliotheque-200x124.jpg 200w, https:\/\/kunst-raub-rueckgabe.de\/wp-content\/uploads\/2025\/01\/Faculte-de-droit-de-lUniversite-de-Paris-bibliotheque-400x247.jpg 400w, https:\/\/kunst-raub-rueckgabe.de\/wp-content\/uploads\/2025\/01\/Faculte-de-droit-de-lUniversite-de-Paris-bibliotheque-600x371.jpg 600w, https:\/\/kunst-raub-rueckgabe.de\/wp-content\/uploads\/2025\/01\/Faculte-de-droit-de-lUniversite-de-Paris-bibliotheque-800x494.jpg 800w, https:\/\/kunst-raub-rueckgabe.de\/wp-content\/uploads\/2025\/01\/Faculte-de-droit-de-lUniversite-de-Paris-bibliotheque-1200x742.jpg 1200w, https:\/\/kunst-raub-rueckgabe.de\/wp-content\/uploads\/2025\/01\/Faculte-de-droit-de-lUniversite-de-Paris-bibliotheque-scaled.jpg 2560w\" sizes=\"(max-width: 640px) 100vw, 800px\" \/><\/span><div class=\"awb-imageframe-caption-container\" style=\"text-align:right;\"><div class=\"awb-imageframe-caption\"><div class=\"awb-imageframe-caption-title\">Library of the Faculty of Law, Universit\u00e9 de Paris-Sorbonne.<\/div><p class=\"awb-imageframe-caption-text\">Biblioth\u00e8que num\u00e9rique de la Sorbonne, https:\/\/nubis.bis-sorbonne.fr\/ark:\/15733\/mjs<\/p><\/div><\/div><\/div><\/div><\/div><div class=\"fusion-layout-column fusion_builder_column fusion-builder-column-11 awb-sticky awb-sticky-medium awb-sticky-large fusion_builder_column_1_2 1_2 fusion-flex-column\" style=\"--awb-bg-size:cover;--awb-width-large:50%;--awb-margin-top-large:0px;--awb-spacing-right-large:3.84%;--awb-margin-bottom-large:20px;--awb-spacing-left-large:3.84%;--awb-width-medium:50%;--awb-order-medium:0;--awb-spacing-right-medium:3.84%;--awb-spacing-left-medium:3.84%;--awb-width-small:100%;--awb-order-small:0;--awb-spacing-right-small:1.92%;--awb-spacing-left-small:1.92%;\" data-scroll-devices=\"small-visibility,medium-visibility,large-visibility\"><div class=\"fusion-column-wrapper fusion-column-has-shadow fusion-flex-justify-content-flex-start fusion-content-layout-column\"><div class=\"fusion-text fusion-text-6\"><h3>Studies and career<\/h3>\n<p>After gaining his high school diploma Armand Dorville matriculated at the Faculty of Law in Paris and specialized in trade law. In 1901 he wrote his doctoral thesis, which won a prize. Dorville was subsequently secretary of the Bar Council and established a career in a private law firm.<\/p>\n<\/div><\/div><\/div><\/div><\/div><div class=\"fusion-fullwidth fullwidth-box fusion-builder-row-8 fusion-flex-container has-pattern-background has-mask-background nonhundred-percent-fullwidth non-hundred-percent-height-scrolling\" style=\"--awb-border-radius-top-left:0px;--awb-border-radius-top-right:0px;--awb-border-radius-bottom-right:0px;--awb-border-radius-bottom-left:0px;--awb-padding-top:50px;--awb-padding-bottom:50px;--awb-padding-top-small:25px;--awb-padding-bottom-small:25px;--awb-margin-top:0px;--awb-margin-bottom:0px;--awb-flex-wrap:wrap;\" ><div class=\"fusion-builder-row fusion-row fusion-flex-align-items-flex-start fusion-flex-content-wrap\" style=\"max-width:1497.6px;margin-left: calc(-4% \/ 2 );margin-right: calc(-4% \/ 2 );\"><div class=\"fusion-layout-column fusion_builder_column fusion-builder-column-12 fusion_builder_column_1_2 1_2 fusion-flex-column\" style=\"--awb-padding-top:10px;--awb-bg-size:cover;--awb-width-large:50%;--awb-margin-top-large:0px;--awb-spacing-right-large:3.84%;--awb-margin-bottom-large:20px;--awb-spacing-left-large:3.84%;--awb-width-medium:50%;--awb-order-medium:0;--awb-spacing-right-medium:3.84%;--awb-spacing-left-medium:3.84%;--awb-width-small:100%;--awb-order-small:0;--awb-spacing-right-small:1.92%;--awb-margin-bottom-small:50px;--awb-spacing-left-small:1.92%;\"><div class=\"fusion-column-wrapper fusion-column-has-shadow fusion-flex-justify-content-flex-start fusion-content-layout-column\"><div class=\"fusion-image-element awb-imageframe-style awb-imageframe-style-below awb-imageframe-style-5\" style=\"--awb-caption-title-font-family:var(--body_typography-font-family);--awb-caption-title-font-weight:var(--body_typography-font-weight);--awb-caption-title-font-style:var(--body_typography-font-style);--awb-caption-title-size:var(--body_typography-font-size);--awb-caption-title-transform:var(--body_typography-text-transform);--awb-caption-title-line-height:var(--body_typography-line-height);--awb-caption-title-letter-spacing:var(--body_typography-letter-spacing);\"><span class=\"fusion-imageframe imageframe-none imageframe-5 hover-type-none\"><img decoding=\"async\" width=\"800\" height=\"572\" alt=\"Black and white photograph, historical shot. Men in soldiers&#039; clothing and with shouldered rifles marching through a village\" title=\"Western front, marching French soldiers\" src=\"https:\/\/kunst-raub-rueckgabe.de\/wp-content\/uploads\/2025\/01\/Franzoesisches-Militaer-1916-BA-Bild-183-S27820-e1736341730911.jpg\" class=\"img-responsive wp-image-6941\" srcset=\"https:\/\/kunst-raub-rueckgabe.de\/wp-content\/uploads\/2025\/01\/Franzoesisches-Militaer-1916-BA-Bild-183-S27820-e1736341730911-200x143.jpg 200w, https:\/\/kunst-raub-rueckgabe.de\/wp-content\/uploads\/2025\/01\/Franzoesisches-Militaer-1916-BA-Bild-183-S27820-e1736341730911-400x286.jpg 400w, https:\/\/kunst-raub-rueckgabe.de\/wp-content\/uploads\/2025\/01\/Franzoesisches-Militaer-1916-BA-Bild-183-S27820-e1736341730911-600x429.jpg 600w, https:\/\/kunst-raub-rueckgabe.de\/wp-content\/uploads\/2025\/01\/Franzoesisches-Militaer-1916-BA-Bild-183-S27820-e1736341730911.jpg 800w\" sizes=\"(max-width: 640px) 100vw, 800px\" \/><\/span><div class=\"awb-imageframe-caption-container\" style=\"text-align:right;\"><div class=\"awb-imageframe-caption\"><div class=\"awb-imageframe-caption-title\">French soldiers proceed to the front during World War One, 1916.<\/div><p class=\"awb-imageframe-caption-text\">Federal Archives, picture 183-S27820<\/p><\/div><\/div><\/div><\/div><\/div><div class=\"fusion-layout-column fusion_builder_column fusion-builder-column-13 awb-sticky awb-sticky-medium awb-sticky-large fusion_builder_column_1_2 1_2 fusion-flex-column\" style=\"--awb-bg-size:cover;--awb-width-large:50%;--awb-margin-top-large:0px;--awb-spacing-right-large:3.84%;--awb-margin-bottom-large:20px;--awb-spacing-left-large:3.84%;--awb-width-medium:50%;--awb-order-medium:0;--awb-spacing-right-medium:3.84%;--awb-spacing-left-medium:3.84%;--awb-width-small:100%;--awb-order-small:0;--awb-spacing-right-small:1.92%;--awb-spacing-left-small:1.92%;\" data-scroll-devices=\"small-visibility,medium-visibility,large-visibility\"><div class=\"fusion-column-wrapper fusion-column-has-shadow fusion-flex-justify-content-flex-start fusion-content-layout-column\"><div class=\"fusion-text fusion-text-7\"><h3>Military service<\/h3>\n<p>In 1914 Dorville was conscripted for military service. He was wounded at the front near Tournai and taken captive. However, he managed to escape and returned to his regiment. He was promoted several times before the end of World War One and had been made an officer by 1918.<\/p>\n<\/div><\/div><\/div><\/div><\/div><div class=\"fusion-fullwidth fullwidth-box fusion-builder-row-9 fusion-flex-container has-pattern-background has-mask-background nonhundred-percent-fullwidth non-hundred-percent-height-scrolling\" style=\"--awb-border-radius-top-left:0px;--awb-border-radius-top-right:0px;--awb-border-radius-bottom-right:0px;--awb-border-radius-bottom-left:0px;--awb-padding-top:100px;--awb-padding-bottom:100px;--awb-padding-top-small:55px;--awb-padding-bottom-small:25px;--awb-flex-wrap:wrap;\" ><div class=\"fusion-builder-row fusion-row fusion-flex-align-items-flex-start fusion-flex-justify-content-flex-end fusion-flex-content-wrap\" style=\"max-width:1497.6px;margin-left: calc(-4% \/ 2 );margin-right: calc(-4% \/ 2 );\"><div class=\"fusion-layout-column fusion_builder_column fusion-builder-column-14 fusion_builder_column_1_3 1_3 fusion-flex-column\" style=\"--awb-bg-size:cover;--awb-width-large:33.333333333333%;--awb-margin-top-large:11px;--awb-spacing-right-large:5.76%;--awb-margin-bottom-large:20px;--awb-spacing-left-large:5.76%;--awb-width-medium:33.333333333333%;--awb-order-medium:0;--awb-spacing-right-medium:5.76%;--awb-spacing-left-medium:5.76%;--awb-width-small:100%;--awb-order-small:1;--awb-spacing-right-small:1.92%;--awb-margin-bottom-small:50px;--awb-spacing-left-small:1.92%;\"><div class=\"fusion-column-wrapper fusion-column-has-shadow fusion-flex-justify-content-flex-start fusion-content-layout-column\"><div class=\"fusion-image-element awb-imageframe-style awb-imageframe-style-below awb-imageframe-style-6\" style=\"--awb-caption-title-font-family:var(--body_typography-font-family);--awb-caption-title-font-weight:var(--body_typography-font-weight);--awb-caption-title-font-style:var(--body_typography-font-style);--awb-caption-title-size:var(--body_typography-font-size);--awb-caption-title-transform:var(--body_typography-text-transform);--awb-caption-title-line-height:var(--body_typography-line-height);--awb-caption-title-letter-spacing:var(--body_typography-letter-spacing);\"><span class=\"fusion-imageframe imageframe-none imageframe-6 hover-type-none\"><img decoding=\"async\" width=\"1920\" height=\"2560\" alt=\"Black and white photograph. Friendly smiling gentleman with a beard carrying a child. Armand Dorville with one of his nieces.\" title=\"Armand-Dorville-with-niece\" src=\"https:\/\/kunst-raub-rueckgabe.de\/wp-content\/uploads\/2025\/01\/Armand-Dorville-mit-Nichte-scaled.jpg\" class=\"img-responsive wp-image-6966\" srcset=\"https:\/\/kunst-raub-rueckgabe.de\/wp-content\/uploads\/2025\/01\/Armand-Dorville-mit-Nichte-200x267.jpg 200w, https:\/\/kunst-raub-rueckgabe.de\/wp-content\/uploads\/2025\/01\/Armand-Dorville-mit-Nichte-400x533.jpg 400w, https:\/\/kunst-raub-rueckgabe.de\/wp-content\/uploads\/2025\/01\/Armand-Dorville-mit-Nichte-600x800.jpg 600w, https:\/\/kunst-raub-rueckgabe.de\/wp-content\/uploads\/2025\/01\/Armand-Dorville-mit-Nichte-800x1067.jpg 800w, https:\/\/kunst-raub-rueckgabe.de\/wp-content\/uploads\/2025\/01\/Armand-Dorville-mit-Nichte-1200x1600.jpg 1200w, https:\/\/kunst-raub-rueckgabe.de\/wp-content\/uploads\/2025\/01\/Armand-Dorville-mit-Nichte-scaled.jpg 1920w\" sizes=\"(max-width: 640px) 100vw, 600px\" \/><\/span><div class=\"awb-imageframe-caption-container\" style=\"text-align:right;\"><div class=\"awb-imageframe-caption\"><div class=\"awb-imageframe-caption-title\">\u201cUncle Armand\u201d. Dorville had no children of his own, but he had several nieces.<\/div><p class=\"awb-imageframe-caption-text\"> Family collection<\/p><\/div><\/div><\/div><\/div><\/div><div class=\"fusion-layout-column fusion_builder_column fusion-builder-column-15 awb-sticky awb-sticky-medium awb-sticky-large fusion_builder_column_1_2 1_2 fusion-flex-column\" style=\"--awb-bg-size:cover;--awb-width-large:50%;--awb-margin-top-large:0px;--awb-spacing-right-large:3.84%;--awb-margin-bottom-large:20px;--awb-spacing-left-large:3.84%;--awb-width-medium:50%;--awb-order-medium:0;--awb-spacing-right-medium:3.84%;--awb-spacing-left-medium:3.84%;--awb-width-small:100%;--awb-order-small:0;--awb-spacing-right-small:1.92%;--awb-spacing-left-small:1.92%;--awb-sticky-offset:100px;\"><div class=\"fusion-column-wrapper fusion-column-has-shadow fusion-flex-justify-content-flex-start fusion-content-layout-column\"><div class=\"fusion-text fusion-text-8\"><h3>A good life<\/h3>\n<p>After the war, Dorville returned to his life in Paris. He was successful, committed to social causes, and interested in art and culture. He traveled extensively, for example to Damascus in 1925 and the Soviet Union in 1926. He wrote about his travels in the satirical magazine Le Figaro and in the daily newspaper Le Temps.<\/p>\n<\/div><\/div><\/div><\/div><\/div><div class=\"fusion-fullwidth fullwidth-box fusion-builder-row-10 fusion-flex-container has-pattern-background has-mask-background nonhundred-percent-fullwidth non-hundred-percent-height-scrolling\" style=\"--awb-border-radius-top-left:0px;--awb-border-radius-top-right:0px;--awb-border-radius-bottom-right:0px;--awb-border-radius-bottom-left:0px;--awb-padding-top:60px;--awb-flex-wrap:wrap;\" ><div class=\"fusion-builder-row fusion-row fusion-flex-align-items-flex-start fusion-flex-content-wrap\" style=\"max-width:1497.6px;margin-left: calc(-4% \/ 2 );margin-right: calc(-4% \/ 2 );\"><div class=\"fusion-layout-column fusion_builder_column fusion-builder-column-16 fusion_builder_column_1_1 1_1 fusion-flex-column\" style=\"--awb-bg-size:cover;--awb-width-large:100%;--awb-margin-top-large:0px;--awb-spacing-right-large:1.92%;--awb-margin-bottom-large:20px;--awb-spacing-left-large:1.92%;--awb-width-medium:100%;--awb-order-medium:0;--awb-spacing-right-medium:1.92%;--awb-spacing-left-medium:1.92%;--awb-width-small:100%;--awb-order-small:0;--awb-spacing-right-small:1.92%;--awb-spacing-left-small:1.92%;\"><div class=\"fusion-column-wrapper fusion-column-has-shadow fusion-flex-justify-content-flex-start fusion-content-layout-column\"><div class=\"fusion-title title fusion-title-4 fusion-sep-none fusion-title-center fusion-title-text fusion-title-size-two\" style=\"--awb-margin-top-small:10px;--awb-margin-right-small:0px;--awb-margin-bottom-small:10px;--awb-margin-left-small:0px;\"><h2 class=\"fusion-title-heading title-heading-center fusion-responsive-typography-calculated\" style=\"margin:0;--fontSize:40;line-height:var(--awb-typography1-line-height);\">Art and Culture<\/h2><\/div><\/div><\/div><\/div><\/div><div class=\"fusion-fullwidth fullwidth-box fusion-builder-row-11 fusion-flex-container has-pattern-background has-mask-background nonhundred-percent-fullwidth non-hundred-percent-height-scrolling\" style=\"--awb-border-radius-top-left:0px;--awb-border-radius-top-right:0px;--awb-border-radius-bottom-right:0px;--awb-border-radius-bottom-left:0px;--awb-padding-top:100px;--awb-padding-bottom:100px;--awb-padding-top-small:55px;--awb-padding-bottom-small:25px;--awb-flex-wrap:wrap;\" ><div class=\"fusion-builder-row fusion-row fusion-flex-align-items-flex-start fusion-flex-justify-content-flex-end fusion-flex-content-wrap\" style=\"max-width:1497.6px;margin-left: calc(-4% \/ 2 );margin-right: calc(-4% \/ 2 );\"><div class=\"fusion-layout-column fusion_builder_column fusion-builder-column-17 fusion_builder_column_1_3 1_3 fusion-flex-column\" style=\"--awb-bg-size:cover;--awb-width-large:33.333333333333%;--awb-margin-top-large:11px;--awb-spacing-right-large:5.76%;--awb-margin-bottom-large:20px;--awb-spacing-left-large:5.76%;--awb-width-medium:33.333333333333%;--awb-order-medium:0;--awb-spacing-right-medium:5.76%;--awb-spacing-left-medium:5.76%;--awb-width-small:100%;--awb-order-small:1;--awb-spacing-right-small:1.92%;--awb-margin-bottom-small:50px;--awb-spacing-left-small:1.92%;\"><div class=\"fusion-column-wrapper fusion-column-has-shadow fusion-flex-justify-content-flex-start fusion-content-layout-column\"><div class=\"fusion-image-element awb-imageframe-style awb-imageframe-style-below awb-imageframe-style-7\" style=\"--awb-caption-margin-top:10px;--awb-caption-margin-bottom:20px;--awb-caption-title-font-family:var(--body_typography-font-family);--awb-caption-title-font-weight:var(--body_typography-font-weight);--awb-caption-title-font-style:var(--body_typography-font-style);--awb-caption-title-size:var(--body_typography-font-size);--awb-caption-title-transform:var(--body_typography-text-transform);--awb-caption-title-line-height:var(--body_typography-line-height);--awb-caption-title-letter-spacing:var(--body_typography-letter-spacing);\"><span class=\"fusion-imageframe imageframe-none imageframe-7 hover-type-none\"><img decoding=\"async\" width=\"2560\" height=\"1920\" alt=\"Colour photograph. Street with multi-storey houses on the left and right.\" title=\"Rue-Edouard-Detaille-Paris\" src=\"https:\/\/kunst-raub-rueckgabe.de\/wp-content\/uploads\/2025\/01\/Rue-Edouard-Detaille-Paris-scaled.jpg\" class=\"img-responsive wp-image-6933\" srcset=\"https:\/\/kunst-raub-rueckgabe.de\/wp-content\/uploads\/2025\/01\/Rue-Edouard-Detaille-Paris-200x150.jpg 200w, https:\/\/kunst-raub-rueckgabe.de\/wp-content\/uploads\/2025\/01\/Rue-Edouard-Detaille-Paris-400x300.jpg 400w, https:\/\/kunst-raub-rueckgabe.de\/wp-content\/uploads\/2025\/01\/Rue-Edouard-Detaille-Paris-600x450.jpg 600w, https:\/\/kunst-raub-rueckgabe.de\/wp-content\/uploads\/2025\/01\/Rue-Edouard-Detaille-Paris-800x600.jpg 800w, https:\/\/kunst-raub-rueckgabe.de\/wp-content\/uploads\/2025\/01\/Rue-Edouard-Detaille-Paris-1200x900.jpg 1200w, https:\/\/kunst-raub-rueckgabe.de\/wp-content\/uploads\/2025\/01\/Rue-Edouard-Detaille-Paris-scaled.jpg 2560w\" sizes=\"(max-width: 640px) 100vw, 600px\" \/><\/span><div class=\"awb-imageframe-caption-container\" style=\"text-align:right;\"><div class=\"awb-imageframe-caption\"><div class=\"awb-imageframe-caption-title\">Rue \u00c9duard-Detaille, Paris (photo from 2019). Dorville used to live at number 4, in the left-hand house at the back.<\/div><p class=\"awb-imageframe-caption-text\"> CC BY-SA 4.0, via Wikipedia<\/p><\/div><\/div><\/div><div class=\"fusion-image-element awb-imageframe-style awb-imageframe-style-below awb-imageframe-style-8\" style=\"--awb-caption-margin-top:10px;--awb-caption-margin-bottom:20px;--awb-caption-title-font-family:var(--body_typography-font-family);--awb-caption-title-font-weight:var(--body_typography-font-weight);--awb-caption-title-font-style:var(--body_typography-font-style);--awb-caption-title-size:var(--body_typography-font-size);--awb-caption-title-transform:var(--body_typography-text-transform);--awb-caption-title-line-height:var(--body_typography-line-height);--awb-caption-title-letter-spacing:var(--body_typography-letter-spacing);\"><span class=\"fusion-imageframe imageframe-none imageframe-8 hover-type-none zoooom\"><img decoding=\"async\" width=\"620\" height=\"819\" alt=\"Oil painting. Young woman with hat in profile\" title=\"Forain-Portrait-de-femme\" src=\"https:\/\/kunst-raub-rueckgabe.de\/wp-content\/uploads\/2025\/01\/Forain-Portrait-de-femme.jpg\" class=\"img-responsive wp-image-7012\" srcset=\"https:\/\/kunst-raub-rueckgabe.de\/wp-content\/uploads\/2025\/01\/Forain-Portrait-de-femme-200x264.jpg 200w, https:\/\/kunst-raub-rueckgabe.de\/wp-content\/uploads\/2025\/01\/Forain-Portrait-de-femme-400x528.jpg 400w, https:\/\/kunst-raub-rueckgabe.de\/wp-content\/uploads\/2025\/01\/Forain-Portrait-de-femme-600x793.jpg 600w, https:\/\/kunst-raub-rueckgabe.de\/wp-content\/uploads\/2025\/01\/Forain-Portrait-de-femme.jpg 620w\" sizes=\"(max-width: 640px) 100vw, 600px\" \/><\/span><div class=\"awb-imageframe-caption-container\" style=\"text-align:right;\"><div class=\"awb-imageframe-caption\"><div class=\"awb-imageframe-caption-title\">From the Dorville Collection: Portrait of a Lady by Jean-Louis Forain, 1886, restituted 2020.<\/div><p class=\"awb-imageframe-caption-text\">Kunstmuseum Bern und Kunst- und Ausstellungshalle der Bundesrepublik Deutschland GmbH \/ Mick Vincenz \ud83d\udd0d Hover over image to enlarge <\/p><\/div><\/div><\/div><div class=\"fusion-image-element awb-imageframe-style awb-imageframe-style-below awb-imageframe-style-9\" style=\"--awb-caption-margin-top:10px;--awb-caption-margin-bottom:20px;--awb-caption-title-font-family:var(--body_typography-font-family);--awb-caption-title-font-weight:var(--body_typography-font-weight);--awb-caption-title-font-style:var(--body_typography-font-style);--awb-caption-title-size:var(--body_typography-font-size);--awb-caption-title-transform:var(--body_typography-text-transform);--awb-caption-title-line-height:var(--body_typography-line-height);--awb-caption-title-letter-spacing:var(--body_typography-letter-spacing);\"><span class=\"fusion-imageframe imageframe-none imageframe-9 hover-type-none zoooom\"><img decoding=\"async\" width=\"1144\" height=\"2560\" alt=\"Oil painting. Woman with child in a park\" title=\"Vuillard-Promenade-1962Ma056-Tiles\" src=\"https:\/\/kunst-raub-rueckgabe.de\/wp-content\/uploads\/2025\/01\/Vuillard-Promenade-1962Ma056-Gliese-scaled.jpg\" class=\"img-responsive wp-image-7028\" srcset=\"https:\/\/kunst-raub-rueckgabe.de\/wp-content\/uploads\/2025\/01\/Vuillard-Promenade-1962Ma056-Gliese-200x448.jpg 200w, https:\/\/kunst-raub-rueckgabe.de\/wp-content\/uploads\/2025\/01\/Vuillard-Promenade-1962Ma056-Gliese-400x895.jpg 400w, https:\/\/kunst-raub-rueckgabe.de\/wp-content\/uploads\/2025\/01\/Vuillard-Promenade-1962Ma056-Gliese-600x1343.jpg 600w, https:\/\/kunst-raub-rueckgabe.de\/wp-content\/uploads\/2025\/01\/Vuillard-Promenade-1962Ma056-Gliese-800x1790.jpg 800w, https:\/\/kunst-raub-rueckgabe.de\/wp-content\/uploads\/2025\/01\/Vuillard-Promenade-1962Ma056-Gliese-scaled.jpg 1144w, https:\/\/kunst-raub-rueckgabe.de\/wp-content\/uploads\/2025\/01\/Vuillard-Promenade-1962Ma056-Gliese-1200x2685.jpg 1200w\" sizes=\"(max-width: 640px) 100vw, 600px\" \/><\/span><div class=\"awb-imageframe-caption-container\" style=\"text-align:right;\"><div class=\"awb-imageframe-caption\"><div class=\"awb-imageframe-caption-title\">\u00c9douard Vuillard: La Promenade. Le Square des Batignolles, c. 1898\/1899. Acquired after restitution in 2023 with the support of the state of North Rhine-Westphalia and the Kulturstiftung der L\u00e4nder. Clemens Sels Museum Neuss.<\/div><p class=\"awb-imageframe-caption-text\">Photo: Carsten Gliese, Cologne \ud83d\udd0d Hover over image to enlarge<\/p><\/div><\/div><\/div><\/div><\/div><div class=\"fusion-layout-column fusion_builder_column fusion-builder-column-18 awb-sticky awb-sticky-medium awb-sticky-large fusion_builder_column_1_2 1_2 fusion-flex-column\" style=\"--awb-bg-size:cover;--awb-width-large:50%;--awb-margin-top-large:0px;--awb-spacing-right-large:3.84%;--awb-margin-bottom-large:20px;--awb-spacing-left-large:3.84%;--awb-width-medium:50%;--awb-order-medium:0;--awb-spacing-right-medium:3.84%;--awb-spacing-left-medium:3.84%;--awb-width-small:100%;--awb-order-small:0;--awb-spacing-right-small:1.92%;--awb-spacing-left-small:1.92%;--awb-sticky-offset:100px;\"><div class=\"fusion-column-wrapper fusion-column-has-shadow fusion-flex-justify-content-flex-start fusion-content-layout-column\"><div class=\"fusion-text fusion-text-9\"><h3>The Impressionist collection<\/h3>\n<p>Armand Dorville lived in a town house in rue \u00c9douard-Detaille in Paris. This is where he kept his precious art collection. It included around 450 paintings by famous artists such as Renoir, Manet, Signac, Daumier, Degas, Rodin, and many others.<\/p>\n<p>The collection was known to museums and Dorville was active as a patron and donor. He had particularly close links with the Mus\u00e9e des Arts D\u00e9coratifs (Museum of Decorative Arts) in Paris; the museum received a generous bequest after his death.<\/p>\n<\/div><\/div><\/div><\/div><\/div><div class=\"fusion-fullwidth fullwidth-box fusion-builder-row-12 fusion-flex-container has-pattern-background has-mask-background nonhundred-percent-fullwidth non-hundred-percent-height-scrolling\" style=\"--awb-border-radius-top-left:0px;--awb-border-radius-top-right:0px;--awb-border-radius-bottom-right:0px;--awb-border-radius-bottom-left:0px;--awb-padding-top:100px;--awb-padding-bottom:100px;--awb-padding-top-small:55px;--awb-padding-bottom-small:25px;--awb-flex-wrap:wrap;\" ><div class=\"fusion-builder-row fusion-row fusion-flex-align-items-flex-start fusion-flex-justify-content-flex-end fusion-flex-content-wrap\" style=\"max-width:1497.6px;margin-left: calc(-4% \/ 2 );margin-right: calc(-4% \/ 2 );\"><div class=\"fusion-layout-column fusion_builder_column fusion-builder-column-19 fusion_builder_column_1_3 1_3 fusion-flex-column\" style=\"--awb-bg-size:cover;--awb-width-large:33.333333333333%;--awb-margin-top-large:11px;--awb-spacing-right-large:5.76%;--awb-margin-bottom-large:20px;--awb-spacing-left-large:5.76%;--awb-width-medium:33.333333333333%;--awb-order-medium:0;--awb-spacing-right-medium:5.76%;--awb-spacing-left-medium:5.76%;--awb-width-small:100%;--awb-order-small:1;--awb-spacing-right-small:1.92%;--awb-margin-bottom-small:50px;--awb-spacing-left-small:1.92%;\"><div class=\"fusion-column-wrapper fusion-column-has-shadow fusion-flex-justify-content-flex-start fusion-content-layout-column\"><div class=\"fusion-image-element awb-imageframe-style awb-imageframe-style-below awb-imageframe-style-10\" style=\"--awb-caption-margin-top:10px;--awb-caption-margin-bottom:20px;--awb-caption-title-font-family:var(--body_typography-font-family);--awb-caption-title-font-weight:var(--body_typography-font-weight);--awb-caption-title-font-style:var(--body_typography-font-style);--awb-caption-title-size:var(--body_typography-font-size);--awb-caption-title-transform:var(--body_typography-text-transform);--awb-caption-title-line-height:var(--body_typography-line-height);--awb-caption-title-letter-spacing:var(--body_typography-letter-spacing);\"><span class=\"fusion-imageframe imageframe-none imageframe-10 hover-type-none\"><img decoding=\"async\" width=\"2560\" height=\"1798\" alt=\"Colour photograph. Magnificent multi-storey building with round arches on the ground floor\" title=\"Barreau-de-Paris\" src=\"https:\/\/kunst-raub-rueckgabe.de\/wp-content\/uploads\/2025\/01\/Barreau-de-Paris-scaled.jpg\" class=\"img-responsive wp-image-6934\" srcset=\"https:\/\/kunst-raub-rueckgabe.de\/wp-content\/uploads\/2025\/01\/Barreau-de-Paris-200x140.jpg 200w, https:\/\/kunst-raub-rueckgabe.de\/wp-content\/uploads\/2025\/01\/Barreau-de-Paris-400x281.jpg 400w, https:\/\/kunst-raub-rueckgabe.de\/wp-content\/uploads\/2025\/01\/Barreau-de-Paris-600x421.jpg 600w, https:\/\/kunst-raub-rueckgabe.de\/wp-content\/uploads\/2025\/01\/Barreau-de-Paris-800x562.jpg 800w, https:\/\/kunst-raub-rueckgabe.de\/wp-content\/uploads\/2025\/01\/Barreau-de-Paris-1200x843.jpg 1200w, https:\/\/kunst-raub-rueckgabe.de\/wp-content\/uploads\/2025\/01\/Barreau-de-Paris-scaled.jpg 2560w\" sizes=\"(max-width: 640px) 100vw, 600px\" \/><\/span><div class=\"awb-imageframe-caption-container\" style=\"text-align:right;\"><div class=\"awb-imageframe-caption\"><div class=\"awb-imageframe-caption-title\">Headquarters of the Paris Bar Association (photo from 2013).<\/div><p class=\"awb-imageframe-caption-text\"> Miguel Hermoso Cuesta. CC BY-SA 3.0<\/p><\/div><\/div><\/div><\/div><\/div><div class=\"fusion-layout-column fusion_builder_column fusion-builder-column-20 awb-sticky awb-sticky-medium awb-sticky-large fusion_builder_column_1_2 1_2 fusion-flex-column\" style=\"--awb-bg-size:cover;--awb-width-large:50%;--awb-margin-top-large:0px;--awb-spacing-right-large:3.84%;--awb-margin-bottom-large:20px;--awb-spacing-left-large:3.84%;--awb-width-medium:50%;--awb-order-medium:0;--awb-spacing-right-medium:3.84%;--awb-spacing-left-medium:3.84%;--awb-width-small:100%;--awb-order-small:0;--awb-spacing-right-small:1.92%;--awb-spacing-left-small:1.92%;--awb-sticky-offset:100px;\"><div class=\"fusion-column-wrapper fusion-column-has-shadow fusion-flex-justify-content-flex-start fusion-content-layout-column\"><div class=\"fusion-text fusion-text-10\"><p>In addition to painting and the fine arts, Dorville was also interested in books and legal history. He was a member of the \u201cAssociation des Bibliophiles du Palais\u201d (Bibliophiles Association at the Law Courts) founded in 1923, which devoted itself to particularly rare and valuable books by lawyers and politicians. In 1928 he joined the \u201cCommission des recherches historiques du Barreau de Paris\u201d, a historical research organization within the Paris Bar Association.<\/p>\n<\/div><\/div><\/div><\/div><\/div><div class=\"fusion-fullwidth fullwidth-box fusion-builder-row-13 fusion-flex-container has-pattern-background has-mask-background nonhundred-percent-fullwidth non-hundred-percent-height-scrolling\" style=\"--awb-border-radius-top-left:0px;--awb-border-radius-top-right:0px;--awb-border-radius-bottom-right:0px;--awb-border-radius-bottom-left:0px;--awb-padding-top:50px;--awb-padding-bottom:50px;--awb-padding-top-small:25px;--awb-padding-bottom-small:25px;--awb-margin-top:0px;--awb-margin-bottom:0px;--awb-flex-wrap:wrap;\" ><div class=\"fusion-builder-row fusion-row fusion-flex-align-items-flex-start fusion-flex-justify-content-flex-end fusion-flex-content-wrap\" style=\"max-width:1497.6px;margin-left: calc(-4% \/ 2 );margin-right: calc(-4% \/ 2 );\"><div class=\"fusion-layout-column fusion_builder_column fusion-builder-column-21 fusion_builder_column_1_2 1_2 fusion-flex-column\" style=\"--awb-bg-size:cover;--awb-width-large:50%;--awb-margin-top-large:0px;--awb-spacing-right-large:3.84%;--awb-margin-bottom-large:20px;--awb-spacing-left-large:3.84%;--awb-width-medium:50%;--awb-order-medium:0;--awb-spacing-right-medium:3.84%;--awb-spacing-left-medium:3.84%;--awb-width-small:100%;--awb-order-small:1;--awb-spacing-right-small:1.92%;--awb-spacing-left-small:1.92%;\"><div class=\"fusion-column-wrapper fusion-column-has-shadow fusion-flex-justify-content-flex-start fusion-content-layout-column\"><div class=\"fusion-image-carousel fusion-image-carousel-auto fusion-image-carousel-1 fusion-carousel-border awb-image-carousel-top-below-caption\"><div class=\"awb-carousel awb-swiper awb-swiper-carousel awb-carousel--carousel awb-swiper-dots-position-bottom awb-imageframe-style awb-imageframe-style-below awb-imageframe-style-1\" data-layout=\"carousel\" data-autoplay=\"no\" data-autoplayspeed=\"2500\" data-autoplaypause=\"no\" data-loop=\"yes\" data-columns=\"1\" data-columnsmedium=\"1\" data-columnssmall=\"1\" data-itemmargin=\"13\" data-itemwidth=\"180\" data-touchscroll=\"no\" data-freemode=\"no\" data-imagesize=\"auto\" data-scrollitems=\"0\" data-centeredslides=\"no\" data-rotationangle=\"50\" data-depth=\"100\" data-speed=\"500\" data-shadow=\"no\" data-pagination=\"bullets\" style=\"--awb-columns:1;--awb-caption-title-color:var(--awb-color5);--awb-caption-text-color:var(--awb-color5);--awb-border-width:1px;--awb-border-color:#e9eaee;\"><div class=\"swiper-wrapper awb-image-carousel-wrapper fusion-flex-align-items-center\"><div class=\"swiper-slide\"><div class=\"fusion-carousel-item-wrapper\"><div class=\"fusion-image-wrapper hover-type-none\"><img decoding=\"async\" width=\"1200\" height=\"900\" src=\"https:\/\/kunst-raub-rueckgabe.de\/wp-content\/uploads\/2025\/01\/Cubjac-chateau-Sudrie-Pere-Igor.jpg\" class=\"attachment-full size-full\" alt=\"Colour photograph. Old castle-like building with round tower and pointed roof\" srcset=\"https:\/\/kunst-raub-rueckgabe.de\/wp-content\/uploads\/2025\/01\/Cubjac-chateau-Sudrie-Pere-Igor-16x12.jpg 16w, https:\/\/kunst-raub-rueckgabe.de\/wp-content\/uploads\/2025\/01\/Cubjac-chateau-Sudrie-Pere-Igor-200x150.jpg 200w, https:\/\/kunst-raub-rueckgabe.de\/wp-content\/uploads\/2025\/01\/Cubjac-chateau-Sudrie-Pere-Igor-300x225.jpg 300w, https:\/\/kunst-raub-rueckgabe.de\/wp-content\/uploads\/2025\/01\/Cubjac-chateau-Sudrie-Pere-Igor-400x300.jpg 400w, https:\/\/kunst-raub-rueckgabe.de\/wp-content\/uploads\/2025\/01\/Cubjac-chateau-Sudrie-Pere-Igor-600x450.jpg 600w, https:\/\/kunst-raub-rueckgabe.de\/wp-content\/uploads\/2025\/01\/Cubjac-chateau-Sudrie-Pere-Igor-768x576.jpg 768w, https:\/\/kunst-raub-rueckgabe.de\/wp-content\/uploads\/2025\/01\/Cubjac-chateau-Sudrie-Pere-Igor-800x600.jpg 800w, https:\/\/kunst-raub-rueckgabe.de\/wp-content\/uploads\/2025\/01\/Cubjac-chateau-Sudrie-Pere-Igor-1024x768.jpg 1024w, https:\/\/kunst-raub-rueckgabe.de\/wp-content\/uploads\/2025\/01\/Cubjac-chateau-Sudrie-Pere-Igor.jpg 1200w\" sizes=\"(max-width: 1200px) 100vw, 1200px\" \/><\/div><div class=\"awb-imageframe-caption-container\" style=\"text-align:left;\"><div class=\"awb-imageframe-caption\"><div class=\"awb-imageframe-caption-title\">Ch\u00e2teau de la Sudrie, Cubjac, Dordogne (photo from 2014).<\/div><p class=\"awb-imageframe-caption-text\">P\u00e8re Igor. CC BY-SA 4.0, via Wikimedia commons<\/p><\/div><\/div><\/div><\/div><div class=\"swiper-slide\"><div class=\"fusion-carousel-item-wrapper\"><div class=\"fusion-image-wrapper hover-type-none\"><img decoding=\"async\" width=\"2560\" height=\"1920\" src=\"https:\/\/kunst-raub-rueckgabe.de\/wp-content\/uploads\/2025\/01\/Cubjac-chateau-de-la-Sudrie-2014-scaled.jpg\" class=\"attachment-full size-full\" alt=\"Colour photograph. Old castle-like building with round tower and pointed roof\" srcset=\"https:\/\/kunst-raub-rueckgabe.de\/wp-content\/uploads\/2025\/01\/Cubjac-chateau-de-la-Sudrie-2014-16x12.jpg 16w, https:\/\/kunst-raub-rueckgabe.de\/wp-content\/uploads\/2025\/01\/Cubjac-chateau-de-la-Sudrie-2014-200x150.jpg 200w, https:\/\/kunst-raub-rueckgabe.de\/wp-content\/uploads\/2025\/01\/Cubjac-chateau-de-la-Sudrie-2014-300x225.jpg 300w, https:\/\/kunst-raub-rueckgabe.de\/wp-content\/uploads\/2025\/01\/Cubjac-chateau-de-la-Sudrie-2014-400x300.jpg 400w, https:\/\/kunst-raub-rueckgabe.de\/wp-content\/uploads\/2025\/01\/Cubjac-chateau-de-la-Sudrie-2014-600x450.jpg 600w, https:\/\/kunst-raub-rueckgabe.de\/wp-content\/uploads\/2025\/01\/Cubjac-chateau-de-la-Sudrie-2014-768x576.jpg 768w, https:\/\/kunst-raub-rueckgabe.de\/wp-content\/uploads\/2025\/01\/Cubjac-chateau-de-la-Sudrie-2014-800x600.jpg 800w, https:\/\/kunst-raub-rueckgabe.de\/wp-content\/uploads\/2025\/01\/Cubjac-chateau-de-la-Sudrie-2014-1024x768.jpg 1024w, https:\/\/kunst-raub-rueckgabe.de\/wp-content\/uploads\/2025\/01\/Cubjac-chateau-de-la-Sudrie-2014-1200x900.jpg 1200w, https:\/\/kunst-raub-rueckgabe.de\/wp-content\/uploads\/2025\/01\/Cubjac-chateau-de-la-Sudrie-2014-1536x1152.jpg 1536w, https:\/\/kunst-raub-rueckgabe.de\/wp-content\/uploads\/2025\/01\/Cubjac-chateau-de-la-Sudrie-2014-scaled.jpg 2560w\" sizes=\"(max-width: 2560px) 100vw, 2560px\" \/><\/div><div class=\"awb-imageframe-caption-container\" style=\"text-align:left;\"><div class=\"awb-imageframe-caption\"><div class=\"awb-imageframe-caption-title\">Ch\u00e2teau de la Sudrie, Cubjac, Dordogne (photo from 2014).<\/div><p class=\"awb-imageframe-caption-text\">P\u00e8re Igor. CC BY-SA 4.0, via Wikimedia commons<\/p><\/div><\/div><\/div><\/div><\/div><div class=\"awb-swiper-button awb-swiper-button-prev\"><i class=\"awb-icon-angle-left\" aria-hidden=\"true\"><\/i><\/div><div class=\"awb-swiper-button awb-swiper-button-next\"><i class=\"awb-icon-angle-right\" aria-hidden=\"true\"><\/i><\/div><\/div><\/div><\/div><\/div><div class=\"fusion-layout-column fusion_builder_column fusion-builder-column-22 fusion_builder_column_1_2 1_2 fusion-flex-column\" style=\"--awb-bg-size:cover;--awb-width-large:50%;--awb-margin-top-large:0px;--awb-spacing-right-large:3.84%;--awb-margin-bottom-large:20px;--awb-spacing-left-large:3.84%;--awb-width-medium:50%;--awb-order-medium:0;--awb-spacing-right-medium:3.84%;--awb-spacing-left-medium:3.84%;--awb-width-small:100%;--awb-order-small:0;--awb-spacing-right-small:1.92%;--awb-spacing-left-small:1.92%;\"><div class=\"fusion-column-wrapper fusion-column-has-shadow fusion-flex-justify-content-flex-start fusion-content-layout-column\"><div class=\"fusion-text fusion-text-11\"><h3>A country residence steeped in history<\/h3>\n<p>Dorville purchased a small chateau in Cubjac, a village in the south of France. The historical property with four round towers dates back to the 13th century.<\/p>\n<\/div><\/div><\/div><\/div><\/div><div class=\"fusion-fullwidth fullwidth-box fusion-builder-row-14 fusion-flex-container has-pattern-background has-mask-background nonhundred-percent-fullwidth non-hundred-percent-height-scrolling Anthrazit\" style=\"--awb-border-radius-top-left:0px;--awb-border-radius-top-right:0px;--awb-border-radius-bottom-right:0px;--awb-border-radius-bottom-left:0px;--awb-padding-top:60px;--awb-flex-wrap:wrap;\" ><div class=\"fusion-builder-row fusion-row fusion-flex-align-items-flex-start fusion-flex-content-wrap\" style=\"max-width:1497.6px;margin-left: calc(-4% \/ 2 );margin-right: calc(-4% \/ 2 );\"><div class=\"fusion-layout-column fusion_builder_column fusion-builder-column-23 fusion_builder_column_1_1 1_1 fusion-flex-column\" style=\"--awb-bg-size:cover;--awb-width-large:100%;--awb-margin-top-large:0px;--awb-spacing-right-large:1.92%;--awb-margin-bottom-large:20px;--awb-spacing-left-large:1.92%;--awb-width-medium:100%;--awb-order-medium:0;--awb-spacing-right-medium:1.92%;--awb-spacing-left-medium:1.92%;--awb-width-small:100%;--awb-order-small:0;--awb-spacing-right-small:1.92%;--awb-spacing-left-small:1.92%;\"><div class=\"fusion-column-wrapper fusion-column-has-shadow fusion-flex-justify-content-flex-start fusion-content-layout-column\"><div class=\"fusion-title title fusion-title-5 fusion-sep-none fusion-title-center fusion-title-text fusion-title-size-two\" style=\"--awb-margin-top-small:10px;--awb-margin-right-small:0px;--awb-margin-bottom-small:10px;--awb-margin-left-small:0px;\"><h2 class=\"fusion-title-heading title-heading-center fusion-responsive-typography-calculated\" style=\"margin:0;--fontSize:40;line-height:var(--awb-typography1-line-height);\">Escape to the south of France<\/h2><\/div><\/div><\/div><\/div><\/div><div class=\"fusion-fullwidth fullwidth-box fusion-builder-row-15 fusion-flex-container has-pattern-background has-mask-background nonhundred-percent-fullwidth non-hundred-percent-height-scrolling Anthrazit\" style=\"--awb-border-radius-top-left:0px;--awb-border-radius-top-right:0px;--awb-border-radius-bottom-right:0px;--awb-border-radius-bottom-left:0px;--awb-padding-top:100px;--awb-padding-bottom:100px;--awb-padding-top-small:55px;--awb-padding-bottom-small:25px;--awb-flex-wrap:wrap;\" ><div class=\"fusion-builder-row fusion-row fusion-flex-align-items-flex-start fusion-flex-justify-content-flex-end fusion-flex-content-wrap\" style=\"max-width:1497.6px;margin-left: calc(-4% \/ 2 );margin-right: calc(-4% \/ 2 );\"><div class=\"fusion-layout-column fusion_builder_column fusion-builder-column-24 fusion_builder_column_1_3 1_3 fusion-flex-column\" style=\"--awb-bg-size:cover;--awb-width-large:33.333333333333%;--awb-margin-top-large:11px;--awb-spacing-right-large:5.76%;--awb-margin-bottom-large:20px;--awb-spacing-left-large:5.76%;--awb-width-medium:33.333333333333%;--awb-order-medium:0;--awb-spacing-right-medium:5.76%;--awb-spacing-left-medium:5.76%;--awb-width-small:100%;--awb-order-small:1;--awb-spacing-right-small:1.92%;--awb-margin-bottom-small:50px;--awb-spacing-left-small:1.92%;\"><div class=\"fusion-column-wrapper fusion-column-has-shadow fusion-flex-justify-content-flex-start fusion-content-layout-column\"><div class=\"fusion-image-element awb-imageframe-style awb-imageframe-style-below awb-imageframe-style-11\" style=\"--awb-caption-title-font-family:var(--body_typography-font-family);--awb-caption-title-font-weight:var(--body_typography-font-weight);--awb-caption-title-font-style:var(--body_typography-font-style);--awb-caption-title-size:var(--body_typography-font-size);--awb-caption-title-transform:var(--body_typography-text-transform);--awb-caption-title-line-height:var(--body_typography-line-height);--awb-caption-title-letter-spacing:var(--body_typography-letter-spacing);\"><span class=\"fusion-imageframe imageframe-none imageframe-11 hover-type-none\"><img decoding=\"async\" width=\"800\" height=\"569\" alt=\"Black and white photograph, historical shot. Several uniformed men on horses riding on a wide road\" title=\"Image 101I-126-0350-26A\" src=\"https:\/\/kunst-raub-rueckgabe.de\/wp-content\/uploads\/2025\/01\/Einmarsch-Paris-1940-BA-Bild-101I-126-0350-26A-e1736341759703.jpg\" class=\"img-responsive wp-image-6939\" srcset=\"https:\/\/kunst-raub-rueckgabe.de\/wp-content\/uploads\/2025\/01\/Einmarsch-Paris-1940-BA-Bild-101I-126-0350-26A-e1736341759703-200x142.jpg 200w, https:\/\/kunst-raub-rueckgabe.de\/wp-content\/uploads\/2025\/01\/Einmarsch-Paris-1940-BA-Bild-101I-126-0350-26A-e1736341759703-400x285.jpg 400w, https:\/\/kunst-raub-rueckgabe.de\/wp-content\/uploads\/2025\/01\/Einmarsch-Paris-1940-BA-Bild-101I-126-0350-26A-e1736341759703-600x427.jpg 600w, https:\/\/kunst-raub-rueckgabe.de\/wp-content\/uploads\/2025\/01\/Einmarsch-Paris-1940-BA-Bild-101I-126-0350-26A-e1736341759703.jpg 800w\" sizes=\"(max-width: 640px) 100vw, 600px\" \/><\/span><div class=\"awb-imageframe-caption-container\" style=\"text-align:right;\"><div class=\"awb-imageframe-caption\"><div class=\"awb-imageframe-caption-title\">A parade of German troops during the invasion of Paris, June 1940.<\/div><p class=\"awb-imageframe-caption-text\"> Federal Archives, Image 101I-126-0350-26A \/ Heinz Fremke<\/p><\/div><\/div><\/div><\/div><\/div><div class=\"fusion-layout-column fusion_builder_column fusion-builder-column-25 awb-sticky awb-sticky-medium awb-sticky-large fusion_builder_column_1_2 1_2 fusion-flex-column\" style=\"--awb-bg-size:cover;--awb-width-large:50%;--awb-margin-top-large:0px;--awb-spacing-right-large:3.84%;--awb-margin-bottom-large:20px;--awb-spacing-left-large:3.84%;--awb-width-medium:50%;--awb-order-medium:0;--awb-spacing-right-medium:3.84%;--awb-spacing-left-medium:3.84%;--awb-width-small:100%;--awb-order-small:0;--awb-spacing-right-small:1.92%;--awb-spacing-left-small:1.92%;--awb-sticky-offset:100px;\"><div class=\"fusion-column-wrapper fusion-column-has-shadow fusion-flex-justify-content-flex-start fusion-content-layout-column\"><div class=\"fusion-text fusion-text-12\"><h3>The German invasion<\/h3>\n<p>In 1939 Germany invaded Poland, triggering the start of World War Two. In May 1940 the German army began its western offensive and invaded the Netherlands, Belgium, and France. Within a few weeks these nations had been defeated. In June 1940 German troops entered Paris.<\/p>\n<p>Dorville fled the occupation, taking refuge in his country residence in the south of France.<\/p>\n<\/div><\/div><\/div><\/div><\/div><div class=\"fusion-fullwidth fullwidth-box fusion-builder-row-16 fusion-flex-container has-pattern-background has-mask-background nonhundred-percent-fullwidth non-hundred-percent-height-scrolling Anthrazit\" style=\"--awb-border-radius-top-left:0px;--awb-border-radius-top-right:0px;--awb-border-radius-bottom-right:0px;--awb-border-radius-bottom-left:0px;--awb-padding-top:100px;--awb-padding-bottom:100px;--awb-padding-top-small:55px;--awb-padding-bottom-small:25px;--awb-flex-wrap:wrap;\" ><div class=\"fusion-builder-row fusion-row fusion-flex-align-items-flex-start fusion-flex-justify-content-flex-end fusion-flex-content-wrap\" style=\"max-width:1497.6px;margin-left: calc(-4% \/ 2 );margin-right: calc(-4% \/ 2 );\"><div class=\"fusion-layout-column fusion_builder_column fusion-builder-column-26 fusion_builder_column_1_4 1_4 fusion-flex-column\" style=\"--awb-bg-size:cover;--awb-width-large:25%;--awb-margin-top-large:11px;--awb-spacing-right-large:7.68%;--awb-margin-bottom-large:20px;--awb-spacing-left-large:7.68%;--awb-width-medium:25%;--awb-order-medium:0;--awb-spacing-right-medium:7.68%;--awb-spacing-left-medium:7.68%;--awb-width-small:100%;--awb-order-small:1;--awb-spacing-right-small:1.92%;--awb-margin-bottom-small:50px;--awb-spacing-left-small:1.92%;\"><div class=\"fusion-column-wrapper fusion-column-has-shadow fusion-flex-justify-content-flex-start fusion-content-layout-column\"><div class=\"fusion-image-element awb-imageframe-style awb-imageframe-style-below awb-imageframe-style-12\" style=\"--awb-caption-title-font-family:var(--body_typography-font-family);--awb-caption-title-font-weight:var(--body_typography-font-weight);--awb-caption-title-font-style:var(--body_typography-font-style);--awb-caption-title-size:var(--body_typography-font-size);--awb-caption-title-transform:var(--body_typography-text-transform);--awb-caption-title-line-height:var(--body_typography-line-height);--awb-caption-title-letter-spacing:var(--body_typography-letter-spacing);\"><span class=\"fusion-imageframe imageframe-none imageframe-12 hover-type-none zoooom\"><img decoding=\"async\" width=\"1024\" height=\"972\" alt=\"Coloured map. France, divided into two different areas\" title=\"Besetzung-Frankreich-1940-1944\" src=\"https:\/\/kunst-raub-rueckgabe.de\/wp-content\/uploads\/2025\/01\/Besetzung-Frankreich-1940-1944.png\" class=\"img-responsive wp-image-6935\" srcset=\"https:\/\/kunst-raub-rueckgabe.de\/wp-content\/uploads\/2025\/01\/Besetzung-Frankreich-1940-1944-200x190.png 200w, https:\/\/kunst-raub-rueckgabe.de\/wp-content\/uploads\/2025\/01\/Besetzung-Frankreich-1940-1944-400x380.png 400w, https:\/\/kunst-raub-rueckgabe.de\/wp-content\/uploads\/2025\/01\/Besetzung-Frankreich-1940-1944-600x570.png 600w, https:\/\/kunst-raub-rueckgabe.de\/wp-content\/uploads\/2025\/01\/Besetzung-Frankreich-1940-1944-800x759.png 800w, https:\/\/kunst-raub-rueckgabe.de\/wp-content\/uploads\/2025\/01\/Besetzung-Frankreich-1940-1944.png 1024w\" sizes=\"(max-width: 640px) 100vw, 400px\" \/><\/span><div class=\"awb-imageframe-caption-container\" style=\"text-align:right;\"><div class=\"awb-imageframe-caption\"><div class=\"awb-imageframe-caption-title\">France under German occupation, 1940\u20131944.<\/div><p class=\"awb-imageframe-caption-text\">Eric Gaba \/ Rama. CC BY-SA 4.0, via Wikimedia commons \ud83d\udd0d Hover over image to enlarge <\/p><\/div><\/div><\/div><\/div><\/div><div class=\"fusion-layout-column fusion_builder_column fusion-builder-column-27 awb-sticky awb-sticky-medium awb-sticky-large fusion_builder_column_1_2 1_2 fusion-flex-column\" style=\"--awb-bg-size:cover;--awb-width-large:50%;--awb-margin-top-large:0px;--awb-spacing-right-large:3.84%;--awb-margin-bottom-large:20px;--awb-spacing-left-large:3.84%;--awb-width-medium:50%;--awb-order-medium:0;--awb-spacing-right-medium:3.84%;--awb-spacing-left-medium:3.84%;--awb-width-small:100%;--awb-order-small:0;--awb-spacing-right-small:1.92%;--awb-spacing-left-small:1.92%;--awb-sticky-offset:100px;\"><div class=\"fusion-column-wrapper fusion-column-has-shadow fusion-flex-justify-content-flex-start fusion-content-layout-column\"><div class=\"fusion-text fusion-text-13\"><h3>The division of France<\/h3>\n<p>France was now divided into two zones. The north with the capital Paris was German-occupied. In the south, the town of Vichy became the seat of a new French government. The French initially supported the Vichy government, but  it became increasingly authoritarian and aligned itself with the radical far right. It ultimately collaborated with the Hitler regime and introduced measures to persecute foreigners and Jews.<\/p>\n<\/div><\/div><\/div><\/div><\/div><div class=\"fusion-fullwidth fullwidth-box fusion-builder-row-17 fusion-flex-container has-pattern-background has-mask-background nonhundred-percent-fullwidth non-hundred-percent-height-scrolling Anthrazit\" style=\"--awb-border-radius-top-left:0px;--awb-border-radius-top-right:0px;--awb-border-radius-bottom-right:0px;--awb-border-radius-bottom-left:0px;--awb-padding-top:100px;--awb-padding-bottom:100px;--awb-padding-top-small:55px;--awb-padding-bottom-small:25px;--awb-flex-wrap:wrap;\" ><div class=\"fusion-builder-row fusion-row fusion-flex-align-items-flex-start fusion-flex-justify-content-flex-end fusion-flex-content-wrap\" style=\"max-width:1497.6px;margin-left: calc(-4% \/ 2 );margin-right: calc(-4% \/ 2 );\"><div class=\"fusion-layout-column fusion_builder_column fusion-builder-column-28 fusion_builder_column_1_3 1_3 fusion-flex-column\" style=\"--awb-bg-size:cover;--awb-width-large:33.333333333333%;--awb-margin-top-large:11px;--awb-spacing-right-large:5.76%;--awb-margin-bottom-large:20px;--awb-spacing-left-large:5.76%;--awb-width-medium:33.333333333333%;--awb-order-medium:0;--awb-spacing-right-medium:5.76%;--awb-spacing-left-medium:5.76%;--awb-width-small:100%;--awb-order-small:1;--awb-spacing-right-small:1.92%;--awb-margin-bottom-small:50px;--awb-spacing-left-small:1.92%;\"><div class=\"fusion-column-wrapper fusion-column-has-shadow fusion-flex-justify-content-flex-start fusion-content-layout-column\"><div class=\"fusion-image-element awb-imageframe-style awb-imageframe-style-below awb-imageframe-style-13\" style=\"--awb-caption-title-font-family:var(--body_typography-font-family);--awb-caption-title-font-weight:var(--body_typography-font-weight);--awb-caption-title-font-style:var(--body_typography-font-style);--awb-caption-title-size:var(--body_typography-font-size);--awb-caption-title-transform:var(--body_typography-text-transform);--awb-caption-title-line-height:var(--body_typography-line-height);--awb-caption-title-letter-spacing:var(--body_typography-letter-spacing);\"><span class=\"fusion-imageframe imageframe-none imageframe-13 hover-type-none\"><img decoding=\"async\" width=\"1567\" height=\"2560\" alt=\"Black and white photograph. Armand Dorville, elderly gentleman with beard and large black dog\" title=\"Photo-Armand-Dorville-with-dog\" src=\"https:\/\/kunst-raub-rueckgabe.de\/wp-content\/uploads\/2025\/01\/Photo-Armand-Dorville-mit-Hund-scaled.jpg\" class=\"img-responsive wp-image-6930\" srcset=\"https:\/\/kunst-raub-rueckgabe.de\/wp-content\/uploads\/2025\/01\/Photo-Armand-Dorville-mit-Hund-200x327.jpg 200w, https:\/\/kunst-raub-rueckgabe.de\/wp-content\/uploads\/2025\/01\/Photo-Armand-Dorville-mit-Hund-400x654.jpg 400w, https:\/\/kunst-raub-rueckgabe.de\/wp-content\/uploads\/2025\/01\/Photo-Armand-Dorville-mit-Hund-600x980.jpg 600w, https:\/\/kunst-raub-rueckgabe.de\/wp-content\/uploads\/2025\/01\/Photo-Armand-Dorville-mit-Hund-800x1307.jpg 800w, https:\/\/kunst-raub-rueckgabe.de\/wp-content\/uploads\/2025\/01\/Photo-Armand-Dorville-mit-Hund-1200x1961.jpg 1200w, https:\/\/kunst-raub-rueckgabe.de\/wp-content\/uploads\/2025\/01\/Photo-Armand-Dorville-mit-Hund-scaled.jpg 1567w\" sizes=\"(max-width: 640px) 100vw, 600px\" \/><\/span><div class=\"awb-imageframe-caption-container\" style=\"text-align:right;\"><div class=\"awb-imageframe-caption\"><div class=\"awb-imageframe-caption-title\">Armand Dorville in Cubjac.<\/div><p class=\"awb-imageframe-caption-text\"> Family collection<\/p><\/div><\/div><\/div><\/div><\/div><div class=\"fusion-layout-column fusion_builder_column fusion-builder-column-29 awb-sticky awb-sticky-medium awb-sticky-large fusion_builder_column_1_2 1_2 fusion-flex-column\" style=\"--awb-bg-size:cover;--awb-width-large:50%;--awb-margin-top-large:0px;--awb-spacing-right-large:3.84%;--awb-margin-bottom-large:20px;--awb-spacing-left-large:3.84%;--awb-width-medium:50%;--awb-order-medium:0;--awb-spacing-right-medium:3.84%;--awb-spacing-left-medium:3.84%;--awb-width-small:100%;--awb-order-small:0;--awb-spacing-right-small:1.92%;--awb-spacing-left-small:1.92%;--awb-sticky-offset:100px;\"><div class=\"fusion-column-wrapper fusion-column-has-shadow fusion-flex-justify-content-flex-start fusion-content-layout-column\"><div class=\"fusion-text fusion-text-14\"><p>Armand Dorville was again in danger, however he died on 28, 1941, at his chateau in Cubjac, before the Vichy regime was able to subject him to persecution.<\/p>\n<p>As he was unmarried and had no children, his three sisters and four nieces were his heirs according to his will.<\/p>\n<\/div><\/div><\/div><\/div><\/div><div class=\"fusion-fullwidth fullwidth-box fusion-builder-row-18 fusion-flex-container has-pattern-background has-mask-background nonhundred-percent-fullwidth non-hundred-percent-height-scrolling Anthrazit\" style=\"--awb-border-radius-top-left:0px;--awb-border-radius-top-right:0px;--awb-border-radius-bottom-right:0px;--awb-border-radius-bottom-left:0px;--awb-padding-top:60px;--awb-flex-wrap:wrap;\" ><div class=\"fusion-builder-row fusion-row fusion-flex-align-items-flex-start fusion-flex-content-wrap\" style=\"max-width:1497.6px;margin-left: calc(-4% \/ 2 );margin-right: calc(-4% \/ 2 );\"><div class=\"fusion-layout-column fusion_builder_column fusion-builder-column-30 fusion_builder_column_1_1 1_1 fusion-flex-column\" style=\"--awb-bg-size:cover;--awb-width-large:100%;--awb-margin-top-large:0px;--awb-spacing-right-large:1.92%;--awb-margin-bottom-large:20px;--awb-spacing-left-large:1.92%;--awb-width-medium:100%;--awb-order-medium:0;--awb-spacing-right-medium:1.92%;--awb-spacing-left-medium:1.92%;--awb-width-small:100%;--awb-order-small:0;--awb-spacing-right-small:1.92%;--awb-spacing-left-small:1.92%;\"><div class=\"fusion-column-wrapper fusion-column-has-shadow fusion-flex-justify-content-flex-start fusion-content-layout-column\"><div class=\"fusion-title title fusion-title-6 fusion-sep-none fusion-title-center fusion-title-text fusion-title-size-two\" style=\"--awb-margin-top-small:10px;--awb-margin-right-small:0px;--awb-margin-bottom-small:10px;--awb-margin-left-small:0px;\"><h2 class=\"fusion-title-heading title-heading-center fusion-responsive-typography-calculated\" style=\"margin:0;--fontSize:40;line-height:var(--awb-typography1-line-height);\">Under administration<\/h2><\/div><\/div><\/div><\/div><\/div><div class=\"fusion-fullwidth fullwidth-box fusion-builder-row-19 fusion-flex-container has-pattern-background has-mask-background nonhundred-percent-fullwidth non-hundred-percent-height-scrolling Anthrazit\" style=\"--awb-border-radius-top-left:0px;--awb-border-radius-top-right:0px;--awb-border-radius-bottom-right:0px;--awb-border-radius-bottom-left:0px;--awb-padding-top:100px;--awb-padding-bottom:100px;--awb-padding-top-small:55px;--awb-padding-bottom-small:25px;--awb-flex-wrap:wrap;\" ><div class=\"fusion-builder-row fusion-row fusion-flex-align-items-flex-start fusion-flex-justify-content-flex-end fusion-flex-content-wrap\" style=\"max-width:1497.6px;margin-left: calc(-4% \/ 2 );margin-right: calc(-4% \/ 2 );\"><div class=\"fusion-layout-column fusion_builder_column fusion-builder-column-31 fusion_builder_column_1_4 1_4 fusion-flex-column\" style=\"--awb-bg-size:cover;--awb-width-large:25%;--awb-margin-top-large:11px;--awb-spacing-right-large:7.68%;--awb-margin-bottom-large:20px;--awb-spacing-left-large:7.68%;--awb-width-medium:25%;--awb-order-medium:0;--awb-spacing-right-medium:7.68%;--awb-spacing-left-medium:7.68%;--awb-width-small:100%;--awb-order-small:1;--awb-spacing-right-small:1.92%;--awb-margin-bottom-small:50px;--awb-spacing-left-small:1.92%;\"><div class=\"fusion-column-wrapper fusion-column-has-shadow fusion-flex-justify-content-flex-start fusion-content-layout-column\"><div class=\"fusion-image-element awb-imageframe-style awb-imageframe-style-below awb-imageframe-style-14\" style=\"--awb-caption-title-font-family:var(--body_typography-font-family);--awb-caption-title-font-weight:var(--body_typography-font-weight);--awb-caption-title-font-style:var(--body_typography-font-style);--awb-caption-title-size:var(--body_typography-font-size);--awb-caption-title-transform:var(--body_typography-text-transform);--awb-caption-title-line-height:var(--body_typography-line-height);--awb-caption-title-letter-spacing:var(--body_typography-letter-spacing);\"><span class=\"fusion-imageframe imageframe-none imageframe-14 hover-type-none\"><img decoding=\"async\" width=\"545\" height=\"800\" alt=\"Black and white photograph, historical shot. Tall, multi-storey building\" title=\"Picture 183-2008-0626-500\" src=\"https:\/\/kunst-raub-rueckgabe.de\/wp-content\/uploads\/2025\/01\/Commissariat-questions-juives-BA-Bild-183-2008-0626-500-e1736341807506.jpg\" class=\"img-responsive wp-image-6936\" srcset=\"https:\/\/kunst-raub-rueckgabe.de\/wp-content\/uploads\/2025\/01\/Commissariat-questions-juives-BA-Bild-183-2008-0626-500-e1736341807506-200x294.jpg 200w, https:\/\/kunst-raub-rueckgabe.de\/wp-content\/uploads\/2025\/01\/Commissariat-questions-juives-BA-Bild-183-2008-0626-500-e1736341807506-400x587.jpg 400w, https:\/\/kunst-raub-rueckgabe.de\/wp-content\/uploads\/2025\/01\/Commissariat-questions-juives-BA-Bild-183-2008-0626-500-e1736341807506.jpg 545w\" sizes=\"(max-width: 640px) 100vw, 400px\" \/><\/span><div class=\"awb-imageframe-caption-container\" style=\"text-align:right;\"><div class=\"awb-imageframe-caption\"><div class=\"awb-imageframe-caption-title\">Headquarters of the Commissariat g\u00e9n\u00e9ral aux question juives (Commissariat General for Jewish Questions) in Paris, April 1941.<\/div><p class=\"awb-imageframe-caption-text\"> Federal Archives, picture 183-2008-0626-500<\/p><\/div><\/div><\/div><\/div><\/div><div class=\"fusion-layout-column fusion_builder_column fusion-builder-column-32 awb-sticky awb-sticky-medium awb-sticky-large fusion_builder_column_1_2 1_2 fusion-flex-column\" style=\"--awb-bg-size:cover;--awb-width-large:50%;--awb-margin-top-large:0px;--awb-spacing-right-large:3.84%;--awb-margin-bottom-large:20px;--awb-spacing-left-large:3.84%;--awb-width-medium:50%;--awb-order-medium:0;--awb-spacing-right-medium:3.84%;--awb-spacing-left-medium:3.84%;--awb-width-small:100%;--awb-order-small:0;--awb-spacing-right-small:1.92%;--awb-spacing-left-small:1.92%;--awb-sticky-offset:100px;\"><div class=\"fusion-column-wrapper fusion-column-has-shadow fusion-flex-justify-content-flex-start fusion-content-layout-column\"><div class=\"fusion-text fusion-text-15\"><h3>Confiscation<\/h3>\n<p>In 1942 Dorville\u2019s heirs decided to auction his artworks in Nice. They hoped that this would save them from impending confiscation. The plan did not work. At the last minute the Vichy government placed Dorville\u2019s chateau and his art collection under the control of the \u201cCommissariat g\u00e9n\u00e9ral aux question juives\u201d (Commissariat General for Jewish Questions) and installed an administrator.<\/p>\n<\/div><\/div><\/div><\/div><\/div><div class=\"fusion-fullwidth fullwidth-box fusion-builder-row-20 fusion-flex-container has-pattern-background has-mask-background nonhundred-percent-fullwidth non-hundred-percent-height-scrolling Anthrazit\" style=\"--awb-border-radius-top-left:0px;--awb-border-radius-top-right:0px;--awb-border-radius-bottom-right:0px;--awb-border-radius-bottom-left:0px;--awb-padding-top:100px;--awb-padding-bottom:100px;--awb-padding-top-small:55px;--awb-padding-bottom-small:25px;--awb-flex-wrap:wrap;\" ><div class=\"fusion-builder-row fusion-row fusion-flex-align-items-flex-start fusion-flex-justify-content-flex-end fusion-flex-content-wrap\" style=\"max-width:1497.6px;margin-left: calc(-4% \/ 2 );margin-right: calc(-4% \/ 2 );\"><div class=\"fusion-layout-column fusion_builder_column fusion-builder-column-33 fusion_builder_column_1_4 1_4 fusion-flex-column\" style=\"--awb-bg-size:cover;--awb-width-large:25%;--awb-margin-top-large:11px;--awb-spacing-right-large:7.68%;--awb-margin-bottom-large:20px;--awb-spacing-left-large:7.68%;--awb-width-medium:25%;--awb-order-medium:0;--awb-spacing-right-medium:7.68%;--awb-spacing-left-medium:7.68%;--awb-width-small:100%;--awb-order-small:1;--awb-spacing-right-small:1.92%;--awb-margin-bottom-small:50px;--awb-spacing-left-small:1.92%;\"><div class=\"fusion-column-wrapper fusion-column-has-shadow fusion-flex-justify-content-flex-start fusion-content-layout-column\"><div class=\"fusion-image-element awb-imageframe-style awb-imageframe-style-below awb-imageframe-style-15\" style=\"--awb-caption-title-font-family:var(--body_typography-font-family);--awb-caption-title-font-weight:var(--body_typography-font-weight);--awb-caption-title-font-style:var(--body_typography-font-style);--awb-caption-title-size:var(--body_typography-font-size);--awb-caption-title-transform:var(--body_typography-text-transform);--awb-caption-title-line-height:var(--body_typography-line-height);--awb-caption-title-letter-spacing:var(--body_typography-letter-spacing);\"><span class=\"fusion-imageframe imageframe-none imageframe-15 hover-type-none zoooom\"><img decoding=\"async\" width=\"1984\" height=\"2560\" alt=\"Title of an auction catalogue\" title=\"Auction catalogue-Nice-June-1942\" src=\"https:\/\/kunst-raub-rueckgabe.de\/wp-content\/uploads\/2025\/01\/Auktionskatalog-Nizza-Juni-1942-scaled.jpg\" class=\"img-responsive wp-image-6931\" srcset=\"https:\/\/kunst-raub-rueckgabe.de\/wp-content\/uploads\/2025\/01\/Auktionskatalog-Nizza-Juni-1942-200x258.jpg 200w, https:\/\/kunst-raub-rueckgabe.de\/wp-content\/uploads\/2025\/01\/Auktionskatalog-Nizza-Juni-1942-400x516.jpg 400w, https:\/\/kunst-raub-rueckgabe.de\/wp-content\/uploads\/2025\/01\/Auktionskatalog-Nizza-Juni-1942-600x774.jpg 600w, https:\/\/kunst-raub-rueckgabe.de\/wp-content\/uploads\/2025\/01\/Auktionskatalog-Nizza-Juni-1942-800x1032.jpg 800w, https:\/\/kunst-raub-rueckgabe.de\/wp-content\/uploads\/2025\/01\/Auktionskatalog-Nizza-Juni-1942-1200x1548.jpg 1200w, https:\/\/kunst-raub-rueckgabe.de\/wp-content\/uploads\/2025\/01\/Auktionskatalog-Nizza-Juni-1942-scaled.jpg 1984w\" sizes=\"(max-width: 640px) 100vw, 400px\" \/><\/span><div class=\"awb-imageframe-caption-container\" style=\"text-align:right;\"><div class=\"awb-imageframe-caption\"><div class=\"awb-imageframe-caption-title\">Catalog for the auction at the Hall du Savoy, Nice, June 24\u201327, 1942. <\/div><p class=\"awb-imageframe-caption-text\"> Biblioth\u00e8que de l'Institut national d'histoire de l'art, collections Jacques Doucet, GV\/724 \ud83d\udd0d Hover over image to enlarge <\/p><\/div><\/div><\/div><\/div><\/div><div class=\"fusion-layout-column fusion_builder_column fusion-builder-column-34 awb-sticky awb-sticky-medium awb-sticky-large fusion_builder_column_1_2 1_2 fusion-flex-column\" style=\"--awb-bg-size:cover;--awb-width-large:50%;--awb-margin-top-large:0px;--awb-spacing-right-large:3.84%;--awb-margin-bottom-large:20px;--awb-spacing-left-large:3.84%;--awb-width-medium:50%;--awb-order-medium:0;--awb-spacing-right-medium:3.84%;--awb-spacing-left-medium:3.84%;--awb-width-small:100%;--awb-order-small:0;--awb-spacing-right-small:1.92%;--awb-spacing-left-small:1.92%;--awb-sticky-offset:100px;\"><div class=\"fusion-column-wrapper fusion-column-has-shadow fusion-flex-justify-content-flex-start fusion-content-layout-column\"><div class=\"fusion-text fusion-text-16\"><h3>Auction in Nice<\/h3>\n<p>The administrator arranged for the art collection, the library, and the furniture from the chateau to be auctioned as planned in June 1942 in the \u201cHall du Savoy\u201d in Nice. The proceeds of the auction were not distributed among the heirs but rather paid into a  bank account which the family could not access. Only after the war was the balance paid to the family members who had survived the National Socialist period.<\/p>\n<\/div><\/div><\/div><\/div><\/div><div class=\"fusion-fullwidth fullwidth-box fusion-builder-row-21 fusion-flex-container has-pattern-background has-mask-background nonhundred-percent-fullwidth non-hundred-percent-height-scrolling Anthrazit\" style=\"--awb-border-radius-top-left:0px;--awb-border-radius-top-right:0px;--awb-border-radius-bottom-right:0px;--awb-border-radius-bottom-left:0px;--awb-padding-top:60px;--awb-flex-wrap:wrap;\" ><div class=\"fusion-builder-row fusion-row fusion-flex-align-items-flex-start fusion-flex-content-wrap\" style=\"max-width:1497.6px;margin-left: calc(-4% \/ 2 );margin-right: calc(-4% \/ 2 );\"><div class=\"fusion-layout-column fusion_builder_column fusion-builder-column-35 fusion_builder_column_1_1 1_1 fusion-flex-column\" style=\"--awb-bg-size:cover;--awb-width-large:100%;--awb-margin-top-large:0px;--awb-spacing-right-large:1.92%;--awb-margin-bottom-large:20px;--awb-spacing-left-large:1.92%;--awb-width-medium:100%;--awb-order-medium:0;--awb-spacing-right-medium:1.92%;--awb-spacing-left-medium:1.92%;--awb-width-small:100%;--awb-order-small:0;--awb-spacing-right-small:1.92%;--awb-spacing-left-small:1.92%;\"><div class=\"fusion-column-wrapper fusion-column-has-shadow fusion-flex-justify-content-flex-start fusion-content-layout-column\"><div class=\"fusion-title title fusion-title-7 fusion-sep-none fusion-title-center fusion-title-text fusion-title-size-two\" style=\"--awb-margin-top-small:10px;--awb-margin-right-small:0px;--awb-margin-bottom-small:10px;--awb-margin-left-small:0px;\"><h2 class=\"fusion-title-heading title-heading-center fusion-responsive-typography-calculated\" style=\"margin:0;--fontSize:40;line-height:var(--awb-typography1-line-height);\">Persecution of the Family<\/h2><\/div><\/div><\/div><\/div><\/div><div class=\"fusion-fullwidth fullwidth-box fusion-builder-row-22 fusion-flex-container has-pattern-background has-mask-background nonhundred-percent-fullwidth non-hundred-percent-height-scrolling Anthrazit\" style=\"--awb-border-radius-top-left:0px;--awb-border-radius-top-right:0px;--awb-border-radius-bottom-right:0px;--awb-border-radius-bottom-left:0px;--awb-padding-top:100px;--awb-padding-bottom:100px;--awb-padding-top-small:55px;--awb-padding-bottom-small:25px;--awb-flex-wrap:wrap;\" ><div class=\"fusion-builder-row fusion-row fusion-flex-align-items-flex-start fusion-flex-justify-content-flex-end fusion-flex-content-wrap\" style=\"max-width:1497.6px;margin-left: calc(-4% \/ 2 );margin-right: calc(-4% \/ 2 );\"><div class=\"fusion-layout-column fusion_builder_column fusion-builder-column-36 fusion_builder_column_1_4 1_4 fusion-flex-column\" style=\"--awb-bg-size:cover;--awb-width-large:25%;--awb-margin-top-large:11px;--awb-spacing-right-large:7.68%;--awb-margin-bottom-large:20px;--awb-spacing-left-large:7.68%;--awb-width-medium:25%;--awb-order-medium:0;--awb-spacing-right-medium:7.68%;--awb-spacing-left-medium:7.68%;--awb-width-small:100%;--awb-order-small:1;--awb-spacing-right-small:1.92%;--awb-margin-bottom-small:50px;--awb-spacing-left-small:1.92%;\"><div class=\"fusion-column-wrapper fusion-column-has-shadow fusion-flex-justify-content-flex-start fusion-content-layout-column\"><div class=\"fusion-image-element awb-imageframe-style awb-imageframe-style-below awb-imageframe-style-16\" style=\"--awb-caption-title-font-family:var(--body_typography-font-family);--awb-caption-title-font-weight:var(--body_typography-font-weight);--awb-caption-title-font-style:var(--body_typography-font-style);--awb-caption-title-size:var(--body_typography-font-size);--awb-caption-title-transform:var(--body_typography-text-transform);--awb-caption-title-line-height:var(--body_typography-line-height);--awb-caption-title-letter-spacing:var(--body_typography-letter-spacing);\"><span class=\"fusion-imageframe imageframe-none imageframe-16 hover-type-none\"><img decoding=\"async\" width=\"536\" height=\"800\" alt=\"Black and white photograph, historical shot. In the foreground armed men in uniforms, in the background several men in coats and hats standing close together in a transport train\" title=\"Image 101I-027-1477-07\" src=\"https:\/\/kunst-raub-rueckgabe.de\/wp-content\/uploads\/2025\/01\/Deportation-Bahnhof-Marseille-BA-Bild-101I-027-1477-07-e1736341787518.jpg\" class=\"img-responsive wp-image-6938\" srcset=\"https:\/\/kunst-raub-rueckgabe.de\/wp-content\/uploads\/2025\/01\/Deportation-Bahnhof-Marseille-BA-Bild-101I-027-1477-07-e1736341787518-200x299.jpg 200w, https:\/\/kunst-raub-rueckgabe.de\/wp-content\/uploads\/2025\/01\/Deportation-Bahnhof-Marseille-BA-Bild-101I-027-1477-07-e1736341787518-400x597.jpg 400w, https:\/\/kunst-raub-rueckgabe.de\/wp-content\/uploads\/2025\/01\/Deportation-Bahnhof-Marseille-BA-Bild-101I-027-1477-07-e1736341787518.jpg 536w\" sizes=\"(max-width: 640px) 100vw, 400px\" \/><\/span><div class=\"awb-imageframe-caption-container\" style=\"text-align:right;\"><div class=\"awb-imageframe-caption\"><div class=\"awb-imageframe-caption-title\">Deportation of Jews from the Gare d'Arenc freight depot in Marseilles, January 24, 1943.<\/div><p class=\"awb-imageframe-caption-text\"> Federal Archives, Image 101I-027-1477-07 \/ Wolfgang Vennemann<\/p><\/div><\/div><\/div><\/div><\/div><div class=\"fusion-layout-column fusion_builder_column fusion-builder-column-37 awb-sticky awb-sticky-medium awb-sticky-large fusion_builder_column_1_2 1_2 fusion-flex-column\" style=\"--awb-bg-size:cover;--awb-width-large:50%;--awb-margin-top-large:0px;--awb-spacing-right-large:3.84%;--awb-margin-bottom-large:20px;--awb-spacing-left-large:3.84%;--awb-width-medium:50%;--awb-order-medium:0;--awb-spacing-right-medium:3.84%;--awb-spacing-left-medium:3.84%;--awb-width-small:100%;--awb-order-small:0;--awb-spacing-right-small:1.92%;--awb-spacing-left-small:1.92%;--awb-sticky-offset:100px;\"><div class=\"fusion-column-wrapper fusion-column-has-shadow fusion-flex-justify-content-flex-start fusion-content-layout-column\"><div class=\"fusion-text fusion-text-17\"><p>In 1942 the French police began to deport Jews living in the south of France.<\/p>\n<p>Dorville\u2019s relatives lived in great fear. Armand\u2019s sister Valentine Lion, n\u00e9e Dorville, always carried her valuables with her.<\/p>\n<\/div><\/div><\/div><\/div><\/div><div class=\"fusion-fullwidth fullwidth-box fusion-builder-row-23 fusion-flex-container has-pattern-background has-mask-background nonhundred-percent-fullwidth non-hundred-percent-height-scrolling Anthrazit\" style=\"--awb-border-radius-top-left:0px;--awb-border-radius-top-right:0px;--awb-border-radius-bottom-right:0px;--awb-border-radius-bottom-left:0px;--awb-padding-top:150px;--awb-padding-bottom:150px;--awb-padding-top-small:50px;--awb-padding-bottom-small:50px;--awb-margin-top:0px;--awb-margin-bottom:0px;--awb-flex-wrap:wrap;\" ><div class=\"fusion-builder-row fusion-row fusion-flex-align-items-flex-start fusion-flex-justify-content-center fusion-flex-content-wrap\" style=\"max-width:1497.6px;margin-left: calc(-4% \/ 2 );margin-right: calc(-4% \/ 2 );\"><div class=\"fusion-layout-column fusion_builder_column fusion-builder-column-38 fusion_builder_column_3_4 3_4 fusion-flex-column\" style=\"--awb-bg-size:cover;--awb-width-large:75%;--awb-margin-top-large:0px;--awb-spacing-right-large:2.56%;--awb-margin-bottom-large:0px;--awb-spacing-left-large:2.56%;--awb-width-medium:75%;--awb-order-medium:0;--awb-spacing-right-medium:2.56%;--awb-spacing-left-medium:2.56%;--awb-width-small:100%;--awb-order-small:0;--awb-spacing-right-small:1.92%;--awb-spacing-left-small:1.92%;\"><div class=\"fusion-column-wrapper fusion-column-has-shadow fusion-flex-justify-content-flex-start fusion-content-layout-column\"><div class=\"fusion-title title fusion-title-8 fusion-sep-none fusion-title-center fusion-title-text fusion-title-size-div zitat\" style=\"--awb-margin-top-small:10px;--awb-margin-right-small:0px;--awb-margin-bottom-small:10px;--awb-margin-left-small:0px;--awb-font-size:var(--awb-custom_typography_1-font-size);\"><div class=\"fusion-title-heading title-heading-center title-heading-tag sm-text-align-left fusion-responsive-typography-calculated\" style=\"font-family:var(--awb-custom_typography_1-font-family);font-weight:var(--awb-custom_typography_1-font-weight);font-style:var(--awb-custom_typography_1-font-style);margin:0;letter-spacing:var(--awb-custom_typography_1-letter-spacing);text-transform:var(--awb-custom_typography_1-text-transform);font-size:1em;--fontSize:40;line-height:var(--awb-custom_typography_1-line-height);\"><blockquote><p>\u201cAlready while in Grasse, Frau Lion, who was consumed with fear that she and her relatives would be deported, had become accustomed to carrying her jewelry and valuables around with her in a small suitcase, which never left her side.\u201d<\/p><\/blockquote><\/div><\/div><div class=\"fusion-text fusion-text-18\"><p style=\"text-align: center;\">Statutory declaration by Juliette Risso, December 12, 1963.<\/p>\n<\/div><\/div><\/div><\/div><\/div><div class=\"fusion-fullwidth fullwidth-box fusion-builder-row-24 fusion-flex-container has-pattern-background has-mask-background nonhundred-percent-fullwidth non-hundred-percent-height-scrolling Anthrazit\" style=\"--awb-border-radius-top-left:0px;--awb-border-radius-top-right:0px;--awb-border-radius-bottom-right:0px;--awb-border-radius-bottom-left:0px;--awb-padding-top:100px;--awb-padding-bottom:100px;--awb-padding-top-small:55px;--awb-padding-bottom-small:25px;--awb-flex-wrap:wrap;\" ><div class=\"fusion-builder-row fusion-row fusion-flex-align-items-flex-start fusion-flex-justify-content-flex-end fusion-flex-content-wrap\" style=\"max-width:1497.6px;margin-left: calc(-4% \/ 2 );margin-right: calc(-4% \/ 2 );\"><div class=\"fusion-layout-column fusion_builder_column fusion-builder-column-39 fusion_builder_column_1_4 1_4 fusion-flex-column\" style=\"--awb-bg-size:cover;--awb-width-large:25%;--awb-margin-top-large:11px;--awb-spacing-right-large:7.68%;--awb-margin-bottom-large:20px;--awb-spacing-left-large:7.68%;--awb-width-medium:25%;--awb-order-medium:0;--awb-spacing-right-medium:7.68%;--awb-spacing-left-medium:7.68%;--awb-width-small:100%;--awb-order-small:1;--awb-spacing-right-small:1.92%;--awb-margin-bottom-small:50px;--awb-spacing-left-small:1.92%;\"><div class=\"fusion-column-wrapper fusion-column-has-shadow fusion-flex-justify-content-flex-start fusion-content-layout-column\"><div class=\"fusion-image-element awb-imageframe-style awb-imageframe-style-below awb-imageframe-style-17\" style=\"--awb-caption-margin-top:10px;--awb-caption-margin-bottom:20px;--awb-caption-title-font-family:var(--body_typography-font-family);--awb-caption-title-font-weight:var(--body_typography-font-weight);--awb-caption-title-font-style:var(--body_typography-font-style);--awb-caption-title-size:var(--body_typography-font-size);--awb-caption-title-transform:var(--body_typography-text-transform);--awb-caption-title-line-height:var(--body_typography-line-height);--awb-caption-title-letter-spacing:var(--body_typography-letter-spacing);\"><span class=\"fusion-imageframe imageframe-none imageframe-17 hover-type-none\"><img decoding=\"async\" width=\"567\" height=\"889\" alt=\"Black and white photograph. Portrait of a young woman with a child on her lap\" title=\"Monique-Tabet-et-Marie-France-Tabet\" src=\"https:\/\/kunst-raub-rueckgabe.de\/wp-content\/uploads\/2025\/01\/Monique-Tabet-et-Marie-France-Tabet-e1737032637183.png\" class=\"img-responsive wp-image-6970\" srcset=\"https:\/\/kunst-raub-rueckgabe.de\/wp-content\/uploads\/2025\/01\/Monique-Tabet-et-Marie-France-Tabet-e1737032637183-200x314.png 200w, https:\/\/kunst-raub-rueckgabe.de\/wp-content\/uploads\/2025\/01\/Monique-Tabet-et-Marie-France-Tabet-e1737032637183-400x627.png 400w, https:\/\/kunst-raub-rueckgabe.de\/wp-content\/uploads\/2025\/01\/Monique-Tabet-et-Marie-France-Tabet-e1737032637183.png 567w\" sizes=\"(max-width: 640px) 100vw, 400px\" \/><\/span><div class=\"awb-imageframe-caption-container\" style=\"text-align:right;\"><div class=\"awb-imageframe-caption\"><div class=\"awb-imageframe-caption-title\">Valentine\u2018s daughter Monique (born in 1921) and her granddaughter Marie-France (born in 1940).<\/div><p class=\"awb-imageframe-caption-text\"> <\/p><\/div><\/div><\/div><div class=\"fusion-image-element awb-imageframe-style awb-imageframe-style-below awb-imageframe-style-18\" style=\"--awb-caption-margin-top:10px;--awb-caption-margin-bottom:20px;--awb-caption-title-font-family:var(--body_typography-font-family);--awb-caption-title-font-weight:var(--body_typography-font-weight);--awb-caption-title-font-style:var(--body_typography-font-style);--awb-caption-title-size:var(--body_typography-font-size);--awb-caption-title-transform:var(--body_typography-text-transform);--awb-caption-title-line-height:var(--body_typography-line-height);--awb-caption-title-letter-spacing:var(--body_typography-letter-spacing);\"><span class=\"fusion-imageframe imageframe-none imageframe-18 hover-type-none\"><img decoding=\"async\" width=\"538\" height=\"588\" alt=\"Black and white photograph. Portrait of a young woman with a child on her lap\" src=\"https:\/\/kunst-raub-rueckgabe.de\/wp-content\/uploads\/2025\/01\/Denyse-Falk-et-Dominique-Falk-janvier-1943.jpg\" class=\"img-responsive wp-image-6968\" srcset=\"https:\/\/kunst-raub-rueckgabe.de\/wp-content\/uploads\/2025\/01\/Denyse-Falk-et-Dominique-Falk-janvier-1943-200x219.jpg 200w, https:\/\/kunst-raub-rueckgabe.de\/wp-content\/uploads\/2025\/01\/Denyse-Falk-et-Dominique-Falk-janvier-1943-400x437.jpg 400w, https:\/\/kunst-raub-rueckgabe.de\/wp-content\/uploads\/2025\/01\/Denyse-Falk-et-Dominique-Falk-janvier-1943.jpg 538w\" sizes=\"(max-width: 640px) 100vw, 400px\" \/><\/span><div class=\"awb-imageframe-caption-container\" style=\"text-align:right;\"><div class=\"awb-imageframe-caption\"><div class=\"awb-imageframe-caption-title\">Valentine\u2019s daughter Denyse (born in 1919) and her granddaughter Dominique (born in 1942), January 1943.<\/div><p class=\"awb-imageframe-caption-text\"> <\/p><\/div><\/div><\/div><div class=\"fusion-image-element awb-imageframe-style awb-imageframe-style-below awb-imageframe-style-19\" style=\"--awb-caption-margin-top:10px;--awb-caption-margin-bottom:20px;--awb-caption-title-font-family:var(--body_typography-font-family);--awb-caption-title-font-weight:var(--body_typography-font-weight);--awb-caption-title-font-style:var(--body_typography-font-style);--awb-caption-title-size:var(--body_typography-font-size);--awb-caption-title-transform:var(--body_typography-text-transform);--awb-caption-title-line-height:var(--body_typography-line-height);--awb-caption-title-letter-spacing:var(--body_typography-letter-spacing);\"><span class=\"fusion-imageframe imageframe-none imageframe-19 hover-type-none\"><img decoding=\"async\" width=\"653\" height=\"994\" alt=\"Black and white photography. Two small children in front of a snowy landscape\" title=\"Dominique-Falk-et-Marie-France-Tabet-Meg\u00e8ve-1944\" src=\"https:\/\/kunst-raub-rueckgabe.de\/wp-content\/uploads\/2025\/01\/Dominique-Falk-et-Marie-France-Tabet-Megeve-1944.png\" class=\"img-responsive wp-image-6969\" srcset=\"https:\/\/kunst-raub-rueckgabe.de\/wp-content\/uploads\/2025\/01\/Dominique-Falk-et-Marie-France-Tabet-Megeve-1944-200x304.png 200w, https:\/\/kunst-raub-rueckgabe.de\/wp-content\/uploads\/2025\/01\/Dominique-Falk-et-Marie-France-Tabet-Megeve-1944-400x609.png 400w, https:\/\/kunst-raub-rueckgabe.de\/wp-content\/uploads\/2025\/01\/Dominique-Falk-et-Marie-France-Tabet-Megeve-1944-600x913.png 600w, https:\/\/kunst-raub-rueckgabe.de\/wp-content\/uploads\/2025\/01\/Dominique-Falk-et-Marie-France-Tabet-Megeve-1944.png 653w\" sizes=\"(max-width: 640px) 100vw, 400px\" \/><\/span><div class=\"awb-imageframe-caption-container\" style=\"text-align:right;\"><div class=\"awb-imageframe-caption\"><div class=\"awb-imageframe-caption-title\">Dominique and Marie-France, great-nieces of Armand Dorville, in Meg\u00e8ve in 1944. Shortly afterwards they were deported and murdered in Auschwitz along with their mothers and their grandmother.<\/div><p class=\"awb-imageframe-caption-text\">All photos: family collection<\/p><\/div><\/div><\/div><\/div><\/div><div class=\"fusion-layout-column fusion_builder_column fusion-builder-column-40 awb-sticky awb-sticky-medium awb-sticky-large fusion_builder_column_1_2 1_2 fusion-flex-column\" style=\"--awb-bg-size:cover;--awb-width-large:50%;--awb-margin-top-large:0px;--awb-spacing-right-large:3.84%;--awb-margin-bottom-large:20px;--awb-spacing-left-large:3.84%;--awb-width-medium:50%;--awb-order-medium:0;--awb-spacing-right-medium:3.84%;--awb-spacing-left-medium:3.84%;--awb-width-small:100%;--awb-order-small:0;--awb-spacing-right-small:1.92%;--awb-spacing-left-small:1.92%;--awb-sticky-offset:100px;\"><div class=\"fusion-column-wrapper fusion-column-has-shadow fusion-flex-justify-content-flex-start fusion-content-layout-column\"><div class=\"fusion-text fusion-text-19\"><h3>Murdered in Auschwitz<\/h3>\n<p>From 1940 Valentine and her family changed their place of residence several times in search of safety; they moved from Paris to Cubjac, Lyon, Grasse, and Meg\u00e8ve. However, they were ultimately arrested and deported to Auschwitz.<\/p>\n<p>Valentine, two of her daughters and her two granddaughters were murdered in the concentration camp. Her oldest daughter, Marie-Th\u00e9r\u00e8se, one of Armand Dorville\u2019s nieces, was the only one of the family to survive.<\/p>\n<\/div><\/div><\/div><\/div><\/div><div class=\"fusion-fullwidth fullwidth-box fusion-builder-row-25 fusion-flex-container has-pattern-background has-mask-background nonhundred-percent-fullwidth non-hundred-percent-height-scrolling Anthrazit\" style=\"--awb-border-radius-top-left:0px;--awb-border-radius-top-right:0px;--awb-border-radius-bottom-right:0px;--awb-border-radius-bottom-left:0px;--awb-padding-top:50px;--awb-padding-bottom:50px;--awb-padding-top-small:25px;--awb-padding-bottom-small:25px;--awb-margin-top:0px;--awb-margin-bottom:0px;--awb-flex-wrap:wrap;\" ><div class=\"fusion-builder-row fusion-row fusion-flex-align-items-flex-start fusion-flex-justify-content-flex-end fusion-flex-content-wrap\" style=\"max-width:1497.6px;margin-left: calc(-4% \/ 2 );margin-right: calc(-4% \/ 2 );\"><div class=\"fusion-layout-column fusion_builder_column fusion-builder-column-41 fusion_builder_column_1_2 1_2 fusion-flex-column\" style=\"--awb-bg-size:cover;--awb-width-large:50%;--awb-margin-top-large:0px;--awb-spacing-right-large:3.84%;--awb-margin-bottom-large:20px;--awb-spacing-left-large:3.84%;--awb-width-medium:50%;--awb-order-medium:0;--awb-spacing-right-medium:3.84%;--awb-spacing-left-medium:3.84%;--awb-width-small:100%;--awb-order-small:1;--awb-spacing-right-small:1.92%;--awb-spacing-left-small:1.92%;\"><div class=\"fusion-column-wrapper fusion-column-has-shadow fusion-flex-justify-content-flex-start fusion-content-layout-column\"><div class=\"fusion-image-carousel fusion-image-carousel-auto fusion-image-carousel-2 fusion-carousel-border awb-image-carousel-top-below-caption\"><div class=\"awb-carousel awb-swiper awb-swiper-carousel awb-carousel--carousel awb-swiper-dots-position-bottom awb-imageframe-style awb-imageframe-style-below awb-imageframe-style-2\" data-layout=\"carousel\" data-autoplay=\"no\" data-autoplayspeed=\"2500\" data-autoplaypause=\"no\" data-loop=\"yes\" data-columns=\"1\" data-columnsmedium=\"1\" data-columnssmall=\"1\" data-itemmargin=\"13\" data-itemwidth=\"180\" data-touchscroll=\"no\" data-freemode=\"no\" data-imagesize=\"auto\" data-scrollitems=\"0\" data-centeredslides=\"no\" data-rotationangle=\"50\" data-depth=\"100\" data-speed=\"500\" data-shadow=\"no\" data-pagination=\"bullets\" style=\"--awb-columns:1;--awb-caption-title-color:var(--awb-color5);--awb-caption-text-color:var(--awb-color5);--awb-border-width:1px;--awb-border-color:#e9eaee;\"><div class=\"swiper-wrapper awb-image-carousel-wrapper fusion-flex-align-items-center\"><div class=\"swiper-slide\"><div class=\"fusion-carousel-item-wrapper\"><div class=\"fusion-image-wrapper hover-type-none\"><img decoding=\"async\" width=\"1734\" height=\"2560\" src=\"https:\/\/kunst-raub-rueckgabe.de\/wp-content\/uploads\/2025\/01\/Eidesstattliche-Erklaerung-LAB_Rep_025_09_25_Nr_312_59_Bl_12-scaled.jpg\" class=\"attachment-full size-full\" alt=\"Typewritten document with a drawn piece of jewellery glued onto it \" srcset=\"https:\/\/kunst-raub-rueckgabe.de\/wp-content\/uploads\/2025\/01\/Eidesstattliche-Erklaerung-LAB_Rep_025_09_25_Nr_312_59_Bl_12-8x12.jpg 8w, https:\/\/kunst-raub-rueckgabe.de\/wp-content\/uploads\/2025\/01\/Eidesstattliche-Erklaerung-LAB_Rep_025_09_25_Nr_312_59_Bl_12-200x295.jpg 200w, https:\/\/kunst-raub-rueckgabe.de\/wp-content\/uploads\/2025\/01\/Eidesstattliche-Erklaerung-LAB_Rep_025_09_25_Nr_312_59_Bl_12-203x300.jpg 203w, https:\/\/kunst-raub-rueckgabe.de\/wp-content\/uploads\/2025\/01\/Eidesstattliche-Erklaerung-LAB_Rep_025_09_25_Nr_312_59_Bl_12-400x591.jpg 400w, https:\/\/kunst-raub-rueckgabe.de\/wp-content\/uploads\/2025\/01\/Eidesstattliche-Erklaerung-LAB_Rep_025_09_25_Nr_312_59_Bl_12-600x886.jpg 600w, https:\/\/kunst-raub-rueckgabe.de\/wp-content\/uploads\/2025\/01\/Eidesstattliche-Erklaerung-LAB_Rep_025_09_25_Nr_312_59_Bl_12-694x1024.jpg 694w, https:\/\/kunst-raub-rueckgabe.de\/wp-content\/uploads\/2025\/01\/Eidesstattliche-Erklaerung-LAB_Rep_025_09_25_Nr_312_59_Bl_12-768x1134.jpg 768w, https:\/\/kunst-raub-rueckgabe.de\/wp-content\/uploads\/2025\/01\/Eidesstattliche-Erklaerung-LAB_Rep_025_09_25_Nr_312_59_Bl_12-800x1181.jpg 800w, https:\/\/kunst-raub-rueckgabe.de\/wp-content\/uploads\/2025\/01\/Eidesstattliche-Erklaerung-LAB_Rep_025_09_25_Nr_312_59_Bl_12-1040x1536.jpg 1040w, https:\/\/kunst-raub-rueckgabe.de\/wp-content\/uploads\/2025\/01\/Eidesstattliche-Erklaerung-LAB_Rep_025_09_25_Nr_312_59_Bl_12-1200x1772.jpg 1200w, https:\/\/kunst-raub-rueckgabe.de\/wp-content\/uploads\/2025\/01\/Eidesstattliche-Erklaerung-LAB_Rep_025_09_25_Nr_312_59_Bl_12-1387x2048.jpg 1387w, https:\/\/kunst-raub-rueckgabe.de\/wp-content\/uploads\/2025\/01\/Eidesstattliche-Erklaerung-LAB_Rep_025_09_25_Nr_312_59_Bl_12-scaled.jpg 1734w\" sizes=\"(max-width: 1734px) 100vw, 1734px\" \/><\/div><div class=\"awb-imageframe-caption-container\" style=\"text-align:right;\"><div class=\"awb-imageframe-caption\"><div class=\"awb-imageframe-caption-title\">Statutory declaration by Marie-Th\u00e9r\u00e8se Gradwohl in 1961 concerning items taken from her mother in Auschwitz.<\/div><p class=\"awb-imageframe-caption-text\">Landesarchiv Berlin, B Rep. 25-09-25, No. 312\/59, p. 11 f.<\/p><\/div><\/div><\/div><\/div><div class=\"swiper-slide\"><div class=\"fusion-carousel-item-wrapper\"><div class=\"fusion-image-wrapper hover-type-none\"><img decoding=\"async\" width=\"1719\" height=\"2560\" src=\"https:\/\/kunst-raub-rueckgabe.de\/wp-content\/uploads\/2025\/01\/Eidesstattliche-Erklaerung-LAB_Rep_025_09_25_Nr_312_59_Bl_11-scaled.jpg\" class=\"attachment-full size-full\" alt=\"Typed document\" srcset=\"https:\/\/kunst-raub-rueckgabe.de\/wp-content\/uploads\/2025\/01\/Eidesstattliche-Erklaerung-LAB_Rep_025_09_25_Nr_312_59_Bl_11-8x12.jpg 8w, https:\/\/kunst-raub-rueckgabe.de\/wp-content\/uploads\/2025\/01\/Eidesstattliche-Erklaerung-LAB_Rep_025_09_25_Nr_312_59_Bl_11-200x298.jpg 200w, https:\/\/kunst-raub-rueckgabe.de\/wp-content\/uploads\/2025\/01\/Eidesstattliche-Erklaerung-LAB_Rep_025_09_25_Nr_312_59_Bl_11-201x300.jpg 201w, https:\/\/kunst-raub-rueckgabe.de\/wp-content\/uploads\/2025\/01\/Eidesstattliche-Erklaerung-LAB_Rep_025_09_25_Nr_312_59_Bl_11-400x596.jpg 400w, https:\/\/kunst-raub-rueckgabe.de\/wp-content\/uploads\/2025\/01\/Eidesstattliche-Erklaerung-LAB_Rep_025_09_25_Nr_312_59_Bl_11-600x894.jpg 600w, https:\/\/kunst-raub-rueckgabe.de\/wp-content\/uploads\/2025\/01\/Eidesstattliche-Erklaerung-LAB_Rep_025_09_25_Nr_312_59_Bl_11-687x1024.jpg 687w, https:\/\/kunst-raub-rueckgabe.de\/wp-content\/uploads\/2025\/01\/Eidesstattliche-Erklaerung-LAB_Rep_025_09_25_Nr_312_59_Bl_11-768x1144.jpg 768w, https:\/\/kunst-raub-rueckgabe.de\/wp-content\/uploads\/2025\/01\/Eidesstattliche-Erklaerung-LAB_Rep_025_09_25_Nr_312_59_Bl_11-800x1192.jpg 800w, https:\/\/kunst-raub-rueckgabe.de\/wp-content\/uploads\/2025\/01\/Eidesstattliche-Erklaerung-LAB_Rep_025_09_25_Nr_312_59_Bl_11-1031x1536.jpg 1031w, https:\/\/kunst-raub-rueckgabe.de\/wp-content\/uploads\/2025\/01\/Eidesstattliche-Erklaerung-LAB_Rep_025_09_25_Nr_312_59_Bl_11-1200x1788.jpg 1200w, https:\/\/kunst-raub-rueckgabe.de\/wp-content\/uploads\/2025\/01\/Eidesstattliche-Erklaerung-LAB_Rep_025_09_25_Nr_312_59_Bl_11-1375x2048.jpg 1375w, https:\/\/kunst-raub-rueckgabe.de\/wp-content\/uploads\/2025\/01\/Eidesstattliche-Erklaerung-LAB_Rep_025_09_25_Nr_312_59_Bl_11-scaled.jpg 1719w\" sizes=\"(max-width: 1719px) 100vw, 1719px\" \/><\/div><div class=\"awb-imageframe-caption-container\" style=\"text-align:right;\"><div class=\"awb-imageframe-caption\"><div class=\"awb-imageframe-caption-title\">Statutory declaration by Marie-Th\u00e9r\u00e8se Gradwohl in 1961 concerning items taken from her mother in Auschwitz.<\/div><p class=\"awb-imageframe-caption-text\">Landesarchiv Berlin, B Rep. 25-09-25, No. 312\/59, p. 11 f.<\/p><\/div><\/div><\/div><\/div><\/div><div class=\"awb-swiper-button awb-swiper-button-prev\"><i class=\"awb-icon-angle-left\" aria-hidden=\"true\"><\/i><\/div><div class=\"awb-swiper-button awb-swiper-button-next\"><i class=\"awb-icon-angle-right\" aria-hidden=\"true\"><\/i><\/div><\/div><\/div><\/div><\/div><div class=\"fusion-layout-column fusion_builder_column fusion-builder-column-42 fusion_builder_column_1_2 1_2 fusion-flex-column\" style=\"--awb-bg-size:cover;--awb-width-large:50%;--awb-margin-top-large:0px;--awb-spacing-right-large:3.84%;--awb-margin-bottom-large:20px;--awb-spacing-left-large:3.84%;--awb-width-medium:50%;--awb-order-medium:0;--awb-spacing-right-medium:3.84%;--awb-spacing-left-medium:3.84%;--awb-width-small:100%;--awb-order-small:0;--awb-spacing-right-small:1.92%;--awb-spacing-left-small:1.92%;\"><div class=\"fusion-column-wrapper fusion-column-has-shadow fusion-flex-justify-content-flex-start fusion-content-layout-column\"><div class=\"fusion-text fusion-text-20\"><h3>The stolen suitcase<\/h3>\n<p>After the war, Marie-Th\u00e9r\u00e8se submitted a compensation claim for the clothing and valuable jewelry that were taken from her mother in Auschwitz as her last remaining possessions. The jewelry was in her mother\u2019s little suitcase that she had never let out of her sight. Marie-Th\u00e9r\u00e8se included a drawing of one of the lost items of jewelry with the application.<\/p>\n<\/div><\/div><\/div><\/div><\/div><div class=\"fusion-fullwidth fullwidth-box fusion-builder-row-26 fusion-flex-container has-pattern-background has-mask-background nonhundred-percent-fullwidth non-hundred-percent-height-scrolling Restitution\" style=\"--awb-border-radius-top-left:0px;--awb-border-radius-top-right:0px;--awb-border-radius-bottom-right:0px;--awb-border-radius-bottom-left:0px;--awb-padding-top:50px;--awb-padding-bottom:50px;--awb-padding-top-small:25px;--awb-padding-bottom-small:25px;--awb-margin-top:0px;--awb-margin-bottom:0px;--awb-background-color:var(--awb-color3);--awb-flex-wrap:wrap;\" ><div class=\"fusion-builder-row fusion-row fusion-flex-align-items-flex-start fusion-flex-content-wrap\" style=\"max-width:1497.6px;margin-left: calc(-4% \/ 2 );margin-right: calc(-4% \/ 2 );\"><div class=\"fusion-layout-column fusion_builder_column fusion-builder-column-43 fusion_builder_column_1_1 1_1 fusion-flex-column\" style=\"--awb-bg-size:cover;--awb-width-large:100%;--awb-margin-top-large:100px;--awb-spacing-right-large:1.92%;--awb-margin-bottom-large:140px;--awb-spacing-left-large:1.92%;--awb-width-medium:100%;--awb-order-medium:0;--awb-spacing-right-medium:1.92%;--awb-spacing-left-medium:1.92%;--awb-width-small:100%;--awb-order-small:0;--awb-spacing-right-small:1.92%;--awb-spacing-left-small:1.92%;\"><div class=\"fusion-column-wrapper fusion-column-has-shadow fusion-flex-justify-content-flex-start fusion-content-layout-column\"><div class=\"fusion-title title fusion-title-9 fusion-sep-none fusion-title-center fusion-title-text fusion-title-size-two\" style=\"--awb-margin-top:0px;--awb-margin-bottom:0px;--awb-margin-top-small:10px;--awb-margin-right-small:0px;--awb-margin-bottom-small:10px;--awb-margin-left-small:0px;\"><h2 class=\"fusion-title-heading title-heading-center sm-text-align-left fusion-responsive-typography-calculated\" style=\"margin:0;--fontSize:40;line-height:var(--awb-typography1-line-height);\">Restitution and Purchase<\/h2><\/div><\/div><\/div><div class=\"fusion-layout-column fusion_builder_column fusion-builder-column-44 fusion_builder_column_1_2 1_2 fusion-flex-column\" style=\"--awb-bg-size:cover;--awb-width-large:50%;--awb-margin-top-large:0px;--awb-spacing-right-large:3.84%;--awb-margin-bottom-large:20px;--awb-spacing-left-large:3.84%;--awb-width-medium:50%;--awb-order-medium:0;--awb-spacing-right-medium:3.84%;--awb-spacing-left-medium:3.84%;--awb-width-small:100%;--awb-order-small:0;--awb-spacing-right-small:1.92%;--awb-spacing-left-small:1.92%;\" data-scroll-devices=\"small-visibility,medium-visibility,large-visibility\"><div class=\"fusion-column-wrapper fusion-column-has-shadow fusion-flex-justify-content-flex-end fusion-content-layout-row fusion-flex-align-items-center\"><div class=\"fusion-image-element awb-imageframe-style awb-imageframe-style-below awb-imageframe-style-20\" style=\"text-align:right;--awb-margin-bottom:50px;--awb-caption-text-size:14px;--awb-caption-title-font-family:var(--body_typography-font-family);--awb-caption-title-font-weight:var(--body_typography-font-weight);--awb-caption-title-font-style:var(--body_typography-font-style);--awb-caption-title-size:14px;--awb-caption-title-transform:var(--body_typography-text-transform);--awb-caption-title-line-height:var(--body_typography-line-height);--awb-caption-title-letter-spacing:var(--body_typography-letter-spacing);\"><span class=\"fusion-imageframe imageframe-none imageframe-20 hover-type-none zoooom\"><img decoding=\"async\" width=\"2560\" height=\"2239\" alt=\"Wooden frame with glued-on labels. Back of a painting\" title=\"Pissarro-La-Roche-Guyon-back-total\" src=\"https:\/\/kunst-raub-rueckgabe.de\/wp-content\/uploads\/2025\/01\/Pissarro-La-Roche-Guyon-Rueckseite-gesamt-scaled.jpg\" class=\"img-responsive wp-image-6959\" srcset=\"https:\/\/kunst-raub-rueckgabe.de\/wp-content\/uploads\/2025\/01\/Pissarro-La-Roche-Guyon-Rueckseite-gesamt-200x175.jpg 200w, https:\/\/kunst-raub-rueckgabe.de\/wp-content\/uploads\/2025\/01\/Pissarro-La-Roche-Guyon-Rueckseite-gesamt-400x350.jpg 400w, https:\/\/kunst-raub-rueckgabe.de\/wp-content\/uploads\/2025\/01\/Pissarro-La-Roche-Guyon-Rueckseite-gesamt-600x525.jpg 600w, https:\/\/kunst-raub-rueckgabe.de\/wp-content\/uploads\/2025\/01\/Pissarro-La-Roche-Guyon-Rueckseite-gesamt-800x700.jpg 800w, https:\/\/kunst-raub-rueckgabe.de\/wp-content\/uploads\/2025\/01\/Pissarro-La-Roche-Guyon-Rueckseite-gesamt-1200x1050.jpg 1200w, https:\/\/kunst-raub-rueckgabe.de\/wp-content\/uploads\/2025\/01\/Pissarro-La-Roche-Guyon-Rueckseite-gesamt-scaled.jpg 2560w\" sizes=\"(max-width: 640px) 100vw, 800px\" \/><\/span><div class=\"awb-imageframe-caption-container\" style=\"text-align:left;\"><div class=\"awb-imageframe-caption\"><div class=\"awb-imageframe-caption-title\"> <\/div><p class=\"awb-imageframe-caption-text\"> <\/p><\/div><\/div><\/div><div class=\"fusion-image-element awb-imageframe-style awb-imageframe-style-below awb-imageframe-style-21\" style=\"--awb-caption-margin-top:10px;--awb-caption-margin-bottom:20px;--awb-caption-title-font-family:var(--body_typography-font-family);--awb-caption-title-font-weight:var(--body_typography-font-weight);--awb-caption-title-font-style:var(--body_typography-font-style);--awb-caption-title-size:var(--body_typography-font-size);--awb-caption-title-transform:var(--body_typography-text-transform);--awb-caption-title-line-height:var(--body_typography-line-height);--awb-caption-title-letter-spacing:var(--body_typography-letter-spacing);\"><span class=\"fusion-imageframe imageframe-none imageframe-21 hover-type-none zoooom\"><img decoding=\"async\" width=\"605\" height=\"409\" alt=\"Wooden frame with label affixed. Back of a painting\" title=\"Pissarro-La Roche Guyon back label\" src=\"https:\/\/kunst-raub-rueckgabe.de\/wp-content\/uploads\/2025\/01\/Pissarro-La-Roche-Guyon-Rueckseite-Etikett.jpg\" class=\"img-responsive wp-image-6961\" srcset=\"https:\/\/kunst-raub-rueckgabe.de\/wp-content\/uploads\/2025\/01\/Pissarro-La-Roche-Guyon-Rueckseite-Etikett-200x135.jpg 200w, https:\/\/kunst-raub-rueckgabe.de\/wp-content\/uploads\/2025\/01\/Pissarro-La-Roche-Guyon-Rueckseite-Etikett-400x270.jpg 400w, https:\/\/kunst-raub-rueckgabe.de\/wp-content\/uploads\/2025\/01\/Pissarro-La-Roche-Guyon-Rueckseite-Etikett-600x406.jpg 600w, https:\/\/kunst-raub-rueckgabe.de\/wp-content\/uploads\/2025\/01\/Pissarro-La-Roche-Guyon-Rueckseite-Etikett.jpg 605w\" sizes=\"(max-width: 640px) 100vw, 605px\" \/><\/span><div class=\"awb-imageframe-caption-container\" style=\"text-align:right;\"><div class=\"awb-imageframe-caption\"><div class=\"awb-imageframe-caption-title\">Back of the painting by Camille Pissarro: Une Place \u00e0 la Roche-Guyon, 1867. The painting was restituted in 2021 and purchased for the Alte Nationalgalerie  (Old National Gallery) in Berlin.<\/div><p class=\"awb-imageframe-caption-text\">Nationalgalerie, Staatliche Museen zu Berlin \/ Andres Kilger \ud83d\udd0d Hover over image to enlarge <\/p><\/div><\/div><\/div><\/div><\/div><div class=\"fusion-layout-column fusion_builder_column fusion-builder-column-45 awb-sticky awb-sticky-medium awb-sticky-large fusion_builder_column_1_2 1_2 fusion-flex-column\" style=\"--awb-bg-size:cover;--awb-width-large:50%;--awb-margin-top-large:0px;--awb-spacing-right-large:3.84%;--awb-margin-bottom-large:0px;--awb-spacing-left-large:3.84%;--awb-width-medium:50%;--awb-order-medium:0;--awb-spacing-right-medium:3.84%;--awb-spacing-left-medium:3.84%;--awb-width-small:100%;--awb-order-small:0;--awb-spacing-right-small:1.92%;--awb-spacing-left-small:1.92%;--awb-sticky-offset:20px;\" data-scroll-devices=\"small-visibility,medium-visibility,large-visibility\"><div class=\"fusion-column-wrapper fusion-column-has-shadow fusion-flex-justify-content-flex-start fusion-content-layout-column\"><div class=\"fusion-text fusion-text-21\"><p>The painting of the village square, loaned by Armand Dorville to the Pissarro exhibition in Paris in 1930, was auctioned in 1942 in Nice and purchased on the art market in 1961 by the Nationalgalerie (National Gallery) in Berlin. At the time, the provenance of the picture was not an issue, even though there was a label on the back of the painting with the name and address of the former owner: \u201cDorville, 4 Rue \u00c9duard Detaille\u201d.<\/p>\n<\/div><\/div><\/div><\/div><\/div><div class=\"fusion-fullwidth fullwidth-box fusion-builder-row-27 fusion-flex-container has-pattern-background has-mask-background nonhundred-percent-fullwidth non-hundred-percent-height-scrolling Restitution\" style=\"--awb-border-radius-top-left:0px;--awb-border-radius-top-right:0px;--awb-border-radius-bottom-right:0px;--awb-border-radius-bottom-left:0px;--awb-padding-top:50px;--awb-padding-bottom:50px;--awb-padding-top-small:25px;--awb-padding-bottom-small:25px;--awb-margin-top:0px;--awb-margin-bottom:0px;--awb-background-color:var(--awb-color3);--awb-flex-wrap:wrap;\" ><div class=\"fusion-builder-row fusion-row fusion-flex-align-items-flex-start fusion-flex-content-wrap\" style=\"max-width:1497.6px;margin-left: calc(-4% \/ 2 );margin-right: calc(-4% \/ 2 );\"><div class=\"fusion-layout-column fusion_builder_column fusion-builder-column-46 fusion_builder_column_1_2 1_2 fusion-flex-column\" style=\"--awb-bg-size:cover;--awb-width-large:50%;--awb-margin-top-large:0px;--awb-spacing-right-large:3.84%;--awb-margin-bottom-large:20px;--awb-spacing-left-large:3.84%;--awb-width-medium:50%;--awb-order-medium:0;--awb-spacing-right-medium:3.84%;--awb-spacing-left-medium:3.84%;--awb-width-small:100%;--awb-order-small:0;--awb-spacing-right-small:1.92%;--awb-spacing-left-small:1.92%;\"><div class=\"fusion-column-wrapper fusion-column-has-shadow fusion-flex-justify-content-center fusion-content-layout-row fusion-flex-align-items-center\"><div class=\"fusion-image-element awb-imageframe-style awb-imageframe-style-below awb-imageframe-style-22\" style=\"--awb-caption-title-font-family:var(--body_typography-font-family);--awb-caption-title-font-weight:var(--body_typography-font-weight);--awb-caption-title-font-style:var(--body_typography-font-style);--awb-caption-title-size:var(--body_typography-font-size);--awb-caption-title-transform:var(--body_typography-text-transform);--awb-caption-title-line-height:var(--body_typography-line-height);--awb-caption-title-letter-spacing:var(--body_typography-letter-spacing);\"><span class=\"fusion-imageframe imageframe-none imageframe-22 hover-type-none\"><img decoding=\"async\" width=\"2560\" height=\"1706\" alt=\"Oil painting in a gilded frame, standing in a museum room. A woman and four men are standing next to it, looking into the camera.\" title=\"Signing of contract for restitution and repurchase of a work\" src=\"https:\/\/kunst-raub-rueckgabe.de\/wp-content\/uploads\/2025\/01\/Restitution-Dorville-Alte-Nationalgalerie-2021-Photothek-scaled.jpg\" class=\"img-responsive wp-image-6956\" srcset=\"https:\/\/kunst-raub-rueckgabe.de\/wp-content\/uploads\/2025\/01\/Restitution-Dorville-Alte-Nationalgalerie-2021-Photothek-200x133.jpg 200w, https:\/\/kunst-raub-rueckgabe.de\/wp-content\/uploads\/2025\/01\/Restitution-Dorville-Alte-Nationalgalerie-2021-Photothek-400x267.jpg 400w, https:\/\/kunst-raub-rueckgabe.de\/wp-content\/uploads\/2025\/01\/Restitution-Dorville-Alte-Nationalgalerie-2021-Photothek-600x400.jpg 600w, https:\/\/kunst-raub-rueckgabe.de\/wp-content\/uploads\/2025\/01\/Restitution-Dorville-Alte-Nationalgalerie-2021-Photothek-800x533.jpg 800w, https:\/\/kunst-raub-rueckgabe.de\/wp-content\/uploads\/2025\/01\/Restitution-Dorville-Alte-Nationalgalerie-2021-Photothek-1200x800.jpg 1200w, https:\/\/kunst-raub-rueckgabe.de\/wp-content\/uploads\/2025\/01\/Restitution-Dorville-Alte-Nationalgalerie-2021-Photothek-scaled.jpg 2560w\" sizes=\"(max-width: 640px) 100vw, 800px\" \/><\/span><div class=\"awb-imageframe-caption-container\"><div class=\"awb-imageframe-caption\"><div class=\"awb-imageframe-caption-title\"> <\/div><p class=\"awb-imageframe-caption-text\"> <\/p><\/div><\/div><\/div><div class=\"fusion-image-element awb-imageframe-style awb-imageframe-style-below awb-imageframe-style-23\" style=\"--awb-caption-margin-top:10px;--awb-caption-margin-bottom:20px;--awb-caption-title-font-family:var(--body_typography-font-family);--awb-caption-title-font-weight:var(--body_typography-font-weight);--awb-caption-title-font-style:var(--body_typography-font-style);--awb-caption-title-size:var(--body_typography-font-size);--awb-caption-title-transform:var(--body_typography-text-transform);--awb-caption-title-line-height:var(--body_typography-line-height);--awb-caption-title-letter-spacing:var(--body_typography-letter-spacing);\"><span class=\"fusion-imageframe imageframe-none imageframe-23 hover-type-none\"><img decoding=\"async\" width=\"2560\" height=\"1706\" alt=\"Oil painting in a gilded frame, standing in a museum room. Three men are standing next to it, looking at the painting.\" title=\"Signing of contract for restitution and repurchase of a work\" src=\"https:\/\/kunst-raub-rueckgabe.de\/wp-content\/uploads\/2025\/01\/Restitution-Dorville-Alte-Nationalgalerie-2021-Photothek--scaled.jpg\" class=\"img-responsive wp-image-6957\" srcset=\"https:\/\/kunst-raub-rueckgabe.de\/wp-content\/uploads\/2025\/01\/Restitution-Dorville-Alte-Nationalgalerie-2021-Photothek--200x133.jpg 200w, https:\/\/kunst-raub-rueckgabe.de\/wp-content\/uploads\/2025\/01\/Restitution-Dorville-Alte-Nationalgalerie-2021-Photothek--400x267.jpg 400w, https:\/\/kunst-raub-rueckgabe.de\/wp-content\/uploads\/2025\/01\/Restitution-Dorville-Alte-Nationalgalerie-2021-Photothek--600x400.jpg 600w, https:\/\/kunst-raub-rueckgabe.de\/wp-content\/uploads\/2025\/01\/Restitution-Dorville-Alte-Nationalgalerie-2021-Photothek--800x533.jpg 800w, https:\/\/kunst-raub-rueckgabe.de\/wp-content\/uploads\/2025\/01\/Restitution-Dorville-Alte-Nationalgalerie-2021-Photothek--1200x800.jpg 1200w, https:\/\/kunst-raub-rueckgabe.de\/wp-content\/uploads\/2025\/01\/Restitution-Dorville-Alte-Nationalgalerie-2021-Photothek--scaled.jpg 2560w\" sizes=\"(max-width: 640px) 100vw, 800px\" \/><\/span><div class=\"awb-imageframe-caption-container\" style=\"text-align:right;\"><div class=\"awb-imageframe-caption\"><div class=\"awb-imageframe-caption-title\">Contract signing with Armand Dorville\u2019s heirs in the Alte Nationalgalerie, October 18, 2021.<\/div><p class=\"awb-imageframe-caption-text\">SPK \/ Janine Schmitz\/photothek.de<\/p><\/div><\/div><\/div><\/div><\/div><div class=\"fusion-layout-column fusion_builder_column fusion-builder-column-47 awb-sticky awb-sticky-small awb-sticky-medium awb-sticky-large fusion_builder_column_1_2 1_2 fusion-flex-column\" style=\"--awb-bg-size:cover;--awb-width-large:50%;--awb-margin-top-large:0px;--awb-spacing-right-large:3.84%;--awb-margin-bottom-large:0px;--awb-spacing-left-large:3.84%;--awb-width-medium:50%;--awb-order-medium:0;--awb-spacing-right-medium:3.84%;--awb-spacing-left-medium:3.84%;--awb-width-small:100%;--awb-order-small:0;--awb-spacing-right-small:1.92%;--awb-spacing-left-small:1.92%;--awb-sticky-offset:20px;\"><div class=\"fusion-column-wrapper fusion-column-has-shadow fusion-flex-justify-content-flex-start fusion-content-layout-column\"><div class=\"fusion-text fusion-text-22\"><p>It was not until several decades later that the Nationalgalerie learned that Armand Dorville was from a Jewish family that had been persecuted by the National Socialists and their French collaborators.<\/p>\n<p>The Stiftung Preu\u00dfischer Kulturbesitz (Prussian Cultural Heritage Foundation) restituted the painting Une Place \u00e0 la Roche-Guyon to Dorville\u2019s heirs in 2021 and subsequently purchased it by legal means. Today the painting is on display in the Alte Nationalgalerie (Old National Gallery).<\/p>\n<\/div><\/div><\/div><\/div><\/div><div class=\"fusion-fullwidth fullwidth-box fusion-builder-row-28 fusion-flex-container has-pattern-background has-mask-background nonhundred-percent-fullwidth non-hundred-percent-height-scrolling fusion-custom-z-index\" style=\"--awb-border-radius-top-left:0px;--awb-border-radius-top-right:0px;--awb-border-radius-bottom-right:0px;--awb-border-radius-bottom-left:0px;--awb-z-index:1000;--awb-padding-top:50px;--awb-padding-bottom:50px;--awb-margin-top:0px;--awb-margin-bottom:0px;--awb-background-color:var(--awb-color1);--awb-flex-wrap:wrap;\" ><div class=\"fusion-builder-row fusion-row fusion-flex-align-items-flex-start fusion-flex-justify-content-center fusion-flex-content-wrap\" style=\"max-width:1497.6px;margin-left: calc(-4% \/ 2 );margin-right: calc(-4% \/ 2 );\"><div class=\"fusion-layout-column fusion_builder_column fusion-builder-column-48 fusion_builder_column_1_2 1_2 fusion-flex-column\" style=\"--awb-bg-size:cover;--awb-width-large:50%;--awb-margin-top-large:0px;--awb-spacing-right-large:3.84%;--awb-margin-bottom-large:100px;--awb-spacing-left-large:3.84%;--awb-width-medium:50%;--awb-order-medium:0;--awb-spacing-right-medium:3.84%;--awb-spacing-left-medium:3.84%;--awb-width-small:100%;--awb-order-small:0;--awb-spacing-right-small:1.92%;--awb-spacing-left-small:1.92%;\"><div class=\"fusion-column-wrapper fusion-column-has-shadow fusion-flex-justify-content-flex-start fusion-content-layout-column\"><div class=\"fusion-title title fusion-title-10 fusion-sep-none fusion-title-center fusion-title-text fusion-title-size-two\" style=\"--awb-margin-top-small:10px;--awb-margin-right-small:0px;--awb-margin-bottom-small:10px;--awb-margin-left-small:0px;\"><h2 class=\"fusion-title-heading title-heading-center sm-text-align-left fusion-responsive-typography-calculated\" style=\"margin:0;--fontSize:40;line-height:var(--awb-typography1-line-height);\">Report by rbb about Armand Dorville<\/h2><\/div><\/div><\/div><div class=\"fusion-layout-column fusion_builder_column fusion-builder-column-49 fusion_builder_column_1_2 1_2 fusion-flex-column\" style=\"--awb-bg-size:cover;--awb-width-large:50%;--awb-margin-top-large:0px;--awb-spacing-right-large:3.84%;--awb-margin-bottom-large:0px;--awb-spacing-left-large:3.84%;--awb-width-medium:50%;--awb-order-medium:0;--awb-spacing-right-medium:3.84%;--awb-spacing-left-medium:3.84%;--awb-width-small:100%;--awb-order-small:0;--awb-spacing-right-small:1.92%;--awb-spacing-left-small:1.92%;\"><div class=\"fusion-column-wrapper fusion-column-has-shadow fusion-flex-justify-content-flex-start fusion-content-layout-column\"><div class=\"fusion-text fusion-text-23\"><p><iframe class=\"lazyload\" src=\"data:image\/svg+xml,%3Csvg%20xmlns%3D%27http%3A%2F%2Fwww.w3.org%2F2000%2Fsvg%27%20width%3D%27100%27%20height%3D%27340%27%20viewBox%3D%270%200%20100%20340%27%3E%3Crect%20width%3D%27100%27%20height%3D%27340%27%20fill-opacity%3D%220%22%2F%3E%3C%2Fsvg%3E\" data-orig-src=\"https:\/\/www.ardmediathek.de\/video\/kunst-raub-und-rueckgabe-vergessene-lebensgeschichten\/armand-dorville-1875-1941\/rbb\/Y3JpZDovL3JiYl83MTFjZTc0Zi0yZTUxLTQ4YmEtYjgzMS1hYjJiMjAxYzg4NzVfcHVibGljYXRpb24\" width=\"100%\" height=\"340\" allowfullscreen frameborder=\"0\" scrolling=\"no\"><\/iframe><\/p>\n<\/div><\/div><\/div><\/div><\/div><div class=\"fusion-fullwidth fullwidth-box fusion-builder-row-29 fusion-flex-container has-pattern-background has-mask-background nonhundred-percent-fullwidth non-hundred-percent-height-scrolling fusion-custom-z-index\" style=\"--link_hover_color: var(--awb-color5);--awb-border-radius-top-left:0px;--awb-border-radius-top-right:0px;--awb-border-radius-bottom-right:0px;--awb-border-radius-bottom-left:0px;--awb-z-index:100;--awb-padding-top:50px;--awb-padding-bottom:50px;--awb-margin-top:0px;--awb-margin-bottom:0px;--awb-background-color:var(--awb-color1);--awb-flex-wrap:wrap;\" ><div class=\"fusion-builder-row fusion-row fusion-flex-align-items-flex-start fusion-flex-content-wrap\" style=\"max-width:1497.6px;margin-left: calc(-4% \/ 2 );margin-right: calc(-4% \/ 2 );\"><div class=\"fusion-layout-column fusion_builder_column fusion-builder-column-50 awb-sticky awb-sticky-medium awb-sticky-large fusion_builder_column_1_2 1_2 fusion-flex-column\" style=\"--awb-bg-size:cover;--awb-width-large:50%;--awb-margin-top-large:0px;--awb-spacing-right-large:3.84%;--awb-margin-bottom-large:0px;--awb-spacing-left-large:3.84%;--awb-width-medium:50%;--awb-order-medium:0;--awb-spacing-right-medium:3.84%;--awb-spacing-left-medium:3.84%;--awb-width-small:100%;--awb-order-small:0;--awb-spacing-right-small:1.92%;--awb-spacing-left-small:1.92%;--awb-sticky-offset:20px;\"><div class=\"fusion-column-wrapper fusion-column-has-shadow fusion-flex-justify-content-flex-start fusion-content-layout-column\"><div class=\"fusion-title title fusion-title-11 fusion-sep-none fusion-title-text fusion-title-size-two kein-inhalt\" style=\"--awb-margin-top-small:10px;--awb-margin-right-small:0px;--awb-margin-bottom-small:10px;--awb-margin-left-small:0px;\"><h2 class=\"fusion-title-heading title-heading-left fusion-responsive-typography-calculated\" style=\"margin:0;--fontSize:40;line-height:var(--awb-typography1-line-height);\"><h2 class=\"fusion-responsive-typography-calculated\" data-fontsize=\"40\" data-lineheight=\"48px\">Related links<\/h2><\/h2><\/div><div class=\"fusion-text fusion-text-24\"><p><a href=\"https:\/\/www.preussischer-kulturbesitz.de\/pressemitteilung\/artikel\/2021\/10\/18\/ns-raubkunst-werk-von-camille-pissarro-restituiert-und-fuer-die-alte-nationalgalerie-angekauft.html\" target=\"_blank\" rel=\"noopener\">Press release by the Stiftung Preu\u00dfischer Kulturbesitz, October 18, 2021 (in German)<\/a><\/p>\n<p><a href=\"https:\/\/www1.wdr.de\/kultur\/kulturnachrichten\/vuillard-gemaelde-museum-neuss-100.html\" target=\"_blank\" rel=\"noopener\">WDR report on the restitution and whereabouts of the Vuillard painting in Neuss (in German)<\/a><\/p>\n<\/div><\/div><\/div><\/div><\/div><\/p>","protected":false},"excerpt":{"rendered":"","protected":false},"author":6,"featured_media":6965,"menu_order":0,"comment_status":"closed","ping_status":"closed","template":"","format":"standard","meta":{"_acf_changed":false,"inline_featured_image":false,"footnotes":""},"portfolio_category":[],"portfolio_skills":[],"portfolio_tags":[],"class_list":["post-6951","avada_portfolio","type-avada_portfolio","status-publish","format-standard","has-post-thumbnail","hentry"],"acf":[],"_links":{"self":[{"href":"https:\/\/kunst-raub-rueckgabe.de\/en\/wp-json\/wp\/v2\/avada_portfolio\/6951","targetHints":{"allow":["GET"]}}],"collection":[{"href":"https:\/\/kunst-raub-rueckgabe.de\/en\/wp-json\/wp\/v2\/avada_portfolio"}],"about":[{"href":"https:\/\/kunst-raub-rueckgabe.de\/en\/wp-json\/wp\/v2\/types\/avada_portfolio"}],"author":[{"embeddable":true,"href":"https:\/\/kunst-raub-rueckgabe.de\/en\/wp-json\/wp\/v2\/users\/6"}],"replies":[{"embeddable":true,"href":"https:\/\/kunst-raub-rueckgabe.de\/en\/wp-json\/wp\/v2\/comments?post=6951"}],"version-history":[{"count":65,"href":"https:\/\/kunst-raub-rueckgabe.de\/en\/wp-json\/wp\/v2\/avada_portfolio\/6951\/revisions"}],"predecessor-version":[{"id":7319,"href":"https:\/\/kunst-raub-rueckgabe.de\/en\/wp-json\/wp\/v2\/avada_portfolio\/6951\/revisions\/7319"}],"wp:featuredmedia":[{"embeddable":true,"href":"https:\/\/kunst-raub-rueckgabe.de\/en\/wp-json\/wp\/v2\/media\/6965"}],"wp:attachment":[{"href":"https:\/\/kunst-raub-rueckgabe.de\/en\/wp-json\/wp\/v2\/media?parent=6951"}],"wp:term":[{"taxonomy":"portfolio_category","embeddable":true,"href":"https:\/\/kunst-raub-rueckgabe.de\/en\/wp-json\/wp\/v2\/portfolio_category?post=6951"},{"taxonomy":"portfolio_skills","embeddable":true,"href":"https:\/\/kunst-raub-rueckgabe.de\/en\/wp-json\/wp\/v2\/portfolio_skills?post=6951"},{"taxonomy":"portfolio_tags","embeddable":true,"href":"https:\/\/kunst-raub-rueckgabe.de\/en\/wp-json\/wp\/v2\/portfolio_tags?post=6951"}],"curies":[{"name":"wp","href":"https:\/\/api.w.org\/{rel}","templated":true}]}}